{"id":630486,"date":"2026-04-21T03:07:51","date_gmt":"2026-04-21T01:07:51","guid":{"rendered":"https:\/\/kohenavocats.com\/jurisprudences\/tribunal-darrondissement-14-decembre-2023-7\/"},"modified":"2026-04-21T03:07:56","modified_gmt":"2026-04-21T01:07:56","slug":"tribunal-darrondissement-14-decembre-2023-7","status":"publish","type":"kji_decision","link":"https:\/\/kohenavocats.com\/zh-hans\/jurisprudences\/tribunal-darrondissement-14-decembre-2023-7\/","title":{"rendered":"Tribunal d&#8217;arrondissement, 14 d\u00e9cembre 2023"},"content":{"rendered":"<div class=\"kji-decision\">\n<div class=\"kji-full-text\">\n<p>Jugt no2527\/2023 not.9822\/23\/CD irrecevable AUDIENCE PUBLIQUE DU 14 DECEMBRE 2023 Le Tribunal d&#039;arrondissement de et \u00e0 Luxembourg,neuvi\u00e8me chambre, si\u00e9geant enmati\u00e8re correctionnelle, a rendu le jugement qui suit: Dans la cause entre : la soci\u00e9t\u00e9 anonymeSOCIETE1.)S.A., \u00e9tablie et ayant son si\u00e8ge social\u00e0 L-ADRESSE1.), inscrite au Registre de Commerce et des Soci\u00e9t\u00e9s de Luxembourg sous le num\u00e9roNUMERO1.),repr\u00e9sent\u00e9e par son conseil d\u2019administration actuellement en fonctions, comparantpar Ma\u00eetreIbrahima DIASSY, avocat \u00e0 la Cour, demeurant \u00e0 Luxembourg, -citantedirecteet demanderesseau civil- -d\u00e9fenderesse au civil par reconvention- et PERSONNE1.), n\u00e9 leDATE1.)\u00e0ADRESSE2.)(France), demeuranten Malaysie\u00e0ADRESSE3.), comparantparMa\u00eetre Cl\u00e9ment SCUVEE, avocat \u00e0 la Cour, demeurant \u00e0Luxembourg, en l\u2019\u00e9tude duquel domicile est \u00e9lu, -cit\u00e9 direct et d\u00e9fendeurau civil- -demandeurau civil par reconvention- en pr\u00e9sence du Minist\u00e8re Public, partie jointe. FAITS :<\/p>\n<p>2 Par acte du13 f\u00e9vrier2023de l\u2019huissierde justiceCarlos CALVO, demeurant \u00e0 Luxembourg, la soci\u00e9t\u00e9 anonymeSOCIETE1.)S.A. a fait donner citation \u00e0PERSONNE1.)de compara\u00eetre en date du24 mars 2023devant le Tribunal correctionnel deet \u00e0Luxembourg afin qu\u2019il soit condamn\u00e9 selon les peines \u00e0 requ\u00e9rir par le Minist\u00e8re Public du chef desinfractions mentionn\u00e9esdans la citation directe. L\u2019affairepar\u00fbtutilement\u00e0 l\u2019audience publique du 10novembre2023. A cette audience,Ma\u00eetreCl\u00e9ment SCUVEE, avocat \u00e0 la Cour, demeurant \u00e0 Luxembourg,se pr\u00e9senta et d\u00e9clara repr\u00e9senterPERSONNE1.),conform\u00e9ment \u00e0 l\u2019article 185 du Code de proc\u00e9dure p\u00e9nale. Ma\u00eetre Ibrahima DIASSY, avocat \u00e0 la Cour, demeurant \u00e0 Luxembourg,se pr\u00e9senta et d\u00e9clara repr\u00e9senterla citante directe et demanderesse au civil,conform\u00e9ment \u00e0 l\u2019article 185 du Code de proc\u00e9dure p\u00e9nale. Ildonna lecture de la citation directe et exposa les moyens de la soci\u00e9t\u00e9 anonymeSOCIETE1.)S.A., citante directeet demanderesse au civil. Ma\u00eetreCl\u00e9ment SCUVEE futentendu en ses conclusions quant \u00e0 la recevabilit\u00e9 de la citation directe dirig\u00e9e \u00e0l\u2019encontre dePERSONNE1.). Ma\u00eetre Ibrahima DIASSYr\u00e9pliqua. Larepr\u00e9sentantedu Minist\u00e8re Public,Madame Martyna MICHALSKA,substitut du Procureur d\u2019Etat, fut entendu en ses conclusions. Le Tribunalprit l\u2019affaire en d\u00e9lib\u00e9r\u00e9 et rendit \u00e0 l\u2019audience publiquede ce jour, date \u00e0 laquelle le prononc\u00e9 avait \u00e9t\u00e9 fix\u00e9, le JUGEMENT QUI SUIT : Par actedu13 f\u00e9vrier 2023de l&#039;huissier de justiceCarlos CALVO,demeurant \u00e0 Luxembourg, la soci\u00e9t\u00e9anonymeSOCIETE1.)S.A. (ci-apr\u00e8s la soci\u00e9t\u00e9SOCIETE1.))a fait donner citation \u00e0 PERSONNE1.)(ci-apr\u00e8s Florian GINESTE)de compara\u00eetre devant le Tribunal correctionnel afin de levoir condamner du chefd\u2019infractionaux dispositions de la loi du 1 er ao\u00fbt 2018 relative \u00e0 la protection des personnes physiques \u00e0 l\u2019\u00e9gard du traitement des donn\u00e9es \u00e0 caract\u00e8re personnel en mati\u00e8re p\u00e9nale ainsi qu\u2019en mati\u00e8re de s\u00e9curit\u00e9 nationale, d\u2019infraction \u00e0 l\u2019article 464 du Code p\u00e9nal et d\u2019infraction aux articles 443 et suivants du Code p\u00e9nal. Lasoci\u00e9t\u00e9SOCIETE1.)r\u00e9clameau cit\u00e9 directdes dommages et int\u00e9r\u00eats d\u2019un montantde 3.385.319euros\u00e0 titre de pr\u00e9judice mat\u00e9riel et d\u2019un montant de 50.000 euros \u00e0 titre de pr\u00e9judice moralainsi qu\u2019une indemnit\u00e9 de proc\u00e9dure de5.000 euros sur base de l\u2019article194duCode de proc\u00e9durep\u00e9nale. A l\u2019audience du10 novembre2023,le mandatairedu cit\u00e9 directa soulev\u00e9 avant toute d\u00e9fense au fond l\u2019exception du libell\u00e9 obscur. Les d\u00e9batsont\u00e9t\u00e9 limit\u00e9s\u00e0 la question dela recevabilit\u00e9 de la citation directe. Ma\u00eetreCl\u00e9ment SCUVEE, mandatairede Florian GINESTE,a relev\u00e9que la citation directe n\u2019indique pas les infractions p\u00e9nales reproch\u00e9es au cit\u00e9 direct.La citation directe se limiterait \u00e0 indiquer les bases l\u00e9gales sans pr\u00e9ciser les faits reproch\u00e9s \u00e0 Florian GINESTE. Ma\u00eetre Cl\u00e9mentSCUVEE rel\u00e8ve qu\u2019ila\u00e9t\u00e9impossibleau cit\u00e9 directde pr\u00e9parer valablement et<\/p>\n<p>3 utilement sad\u00e9fense alorsqu\u2019il a \u00e9t\u00e9 laiss\u00e9dans l\u2019ignoranceabsoluedes infractions p\u00e9nales que la citante directecompte invoquer \u00e0sacharge. Ma\u00eetreCl\u00e9mentSCUVEEa encore, \u00e0 titre reconventionnelet oralement, sollicit\u00e9 la condamnation de la citante directe \u00e0 payerau cit\u00e9 directune indemnit\u00e9 de proc\u00e9dure de 2.500 euros. Ma\u00eetreIbrahima DIASSY, mandataire de la citante directe,a estim\u00e9que les infractions p\u00e9nales r\u00e9sultent\u00e0 suffisance des faits relat\u00e9s dans la citation directe. La citation directe \u00e9manant de la victime est soumise aux r\u00e8gles de forme applicables \u00e0 la citation d\u00e9livr\u00e9e par le Minist\u00e8re Public (MERLE et VITU, Trait\u00e9 de droit criminel, proc\u00e9dure p\u00e9nale,n\u00b01095, p.312). S&#039;il est substantiel que le pr\u00e9venu, pour pr\u00e9parer sa d\u00e9fense, doit conna\u00eetre le motif de la poursuite, l&#039;\u00e9nonciation des faits dans la citation n&#039;est cependant pas soumise \u00e0 aucune forme et la loi ne d\u00e9termine pas le caract\u00e8re de pr\u00e9cision qu&#039;elle doit pr\u00e9senter. Il suffit que par la citation le pr\u00e9venu ait des faits une connaissance suffisante pour lui permettre de pr\u00e9parer sa d\u00e9fense (Nouvelles Proc\u00e9dure P\u00e9nale T I, vol 2,n\u00b0105). La citation doit \u00e9noncer le fait poursuivi et le texte qui le r\u00e9prime; le visa des textes compl\u00e9mentaires encourus n\u2019est cependant pas n\u00e9cessaire (Cass. crim., 30.11.1988, Bull. crim. n\u00b0408) mais encore faut-il que la citation indique pr\u00e9cis\u00e9ment la nature de l\u2019infraction poursuivie, et vise des textes de r\u00e9pression non erron\u00e9e (Cass. crim, 6 mars 1990, Bull. crim. n\u00b0106 cit\u00e9 par Juris-classeur, Instruction criminelle,T3,n\u00b0 27). Le juge appr\u00e9cie en fait si les mentions de la citation permettent au pr\u00e9venu de conna\u00eetre l&#039;objet des poursuites et d&#039;assurer sa d\u00e9fense (Cass belge 2 \u00e8me chambre,9 juin 1993,J.T. 1994,p. 18). La citantedirecte,dans sa partieen droit,reproche aux cit\u00e9s directs d\u2019avoir enfreint \u2022des dispositions de la loi du 1 er ao\u00fbt 2018 relative \u00e0 la protection des personnes physiques \u00e0 l\u2019\u00e9gard du traitement des donn\u00e9es \u00e0 caract\u00e8re personnel en mati\u00e8re p\u00e9nale ainsi qu\u2019en mati\u00e8re de s\u00e9curit\u00e9nationale, sanctionn\u00e9espar l\u2019article 47 de cette m\u00eame loi, \u2022l\u2019article 464 du Code p\u00e9nal et \u2022lesarticles 443 et suivants du Code p\u00e9nal. Force est de constaterque la citante directe n\u2019indique pour le premier chef d\u2019accusation pas quelles dispositions de la loi du 1 er ao\u00fbt 2018 auraient \u00e9t\u00e9 enfreintesni dans quelles circonstances de temps et de lieu cette ou ces infractions auraient \u00e9t\u00e9 commises.Concernant le vol domestique, la citation directe ne renseigne pas ce qui aurait \u00e9t\u00e9 vol\u00e9et dans quelles circonstances. La m\u00eame remarque s\u2019impose pour l\u2019infraction de diffamation ou de calomnie. La citante directe se limite \u00e0 indiquer les bases l\u00e9gales \u00e0 l\u2019appui de ses revendications,sans cependant d\u00e9velopper, m\u00eame sommairement,en quoi et comment les textes de loi vis\u00e9s auraient \u00e9t\u00e9enfreints par le cit\u00e9 direct. A cela s\u2019ajoute que les d\u00e9veloppements \u00aben fait\u00bb de la citantedirectene permettent pas non plus de cerner avec plus de pr\u00e9cision les infractions p\u00e9nales qu\u2019elle entend mettre \u00e0 charge du cit\u00e9 direct. Il est un fait qu\u2019en l\u2019esp\u00e8ce,la citation directene pr\u00e9cisepaslesinfractionsp\u00e9nalesreproch\u00e9es \u00e0 Florian GINESTE.<\/p>\n<p>4 Le Tribunal retient partant quele cit\u00e9 direct n\u2019a pas \u00e9t\u00e9 valablement inform\u00e9dufaitp\u00e9nal poursuivi\u00e0 sonencontreet qu\u2019il \u00e9tait dans l\u2019impossibilit\u00e9de pr\u00e9parerutilement eten toute connaissance de causesa d\u00e9fense. Il y a partantlieu de faire droit au moyen dulibell\u00e9 obscur et d\u2019annuler la citation directe lanc\u00e9e parla soci\u00e9t\u00e9SOCIETE1.)\u00e0 l\u2019encontreFlorian GINESTE. Demande civile de lasoci\u00e9t\u00e9SOCIETE1.)dirig\u00e9econtreFlorian GINESTE La soci\u00e9t\u00e9SOCIETE1.)r\u00e9clame au cit\u00e9 direct des dommages et int\u00e9r\u00eats d\u2019un montant de 3.385.319 euros \u00e0 titre de pr\u00e9judice mat\u00e9riel et d\u2019un montant de50.000 euros \u00e0 titre de pr\u00e9judice moral ainsi qu\u2019une indemnit\u00e9 de proc\u00e9dure de 5.000 euros sur base de l\u2019article 194 du Code de proc\u00e9dure p\u00e9nale. Il y a lieu de donner acte \u00e0 lapartiedemanderesse au civil de sa constitution de partie civile. Eu \u00e9gard \u00e0 l\u2019annulation de la citation directe, la demande civile dela soci\u00e9t\u00e9SOCIETE1.)est \u00e0 d\u00e9clarer irrecevable. Demande reconventionnelle deFlorian GINESTEdirig\u00e9e contrela soci\u00e9t\u00e9SOCIETE1.) Florian GINESTEdemande \u00e0 se voir allouer une indemnit\u00e9 de proc\u00e9dure de2.500 euros. Alors qu\u2019il serait in\u00e9quitable de laisser \u00e0 charge deFlorian GINESTEl\u2019int\u00e9gralit\u00e9 des frais expos\u00e9sparlui, le Tribunal d\u00e9cide de faire droit \u00e0sademande \u00e0 hauteur de750 euros. La soci\u00e9t\u00e9SOCIETE1.)est partant condamn\u00e9e \u00e0 payer \u00e0Florian GINESTEle montant de750 euros. PAR CES MOTIFS leTribunal d&#039;arrondissement de et \u00e0 Luxembourg,neuvi\u00e8mechambre, si\u00e9geant enmati\u00e8re correctionnelle, statuantcontradictoirement, le mandatairede lacitantedirecte, demanderesse au civil et d\u00e9fenderesse au civil par reconvention,etlemandataireducit\u00e9direct, d\u00e9fendeur au civil et demandeurau civil par reconvention,entendusenleursexplications et moyens,etlarepr\u00e9sentantedu Minist\u00e8re Public entendueen son r\u00e9quisitoire, Aup\u00e9nal d i tle moyen tir\u00e9 du libell\u00e9 obscur fond\u00e9, a n n u l ela citation directe du13 f\u00e9vrier 2023dirig\u00e9e parla soci\u00e9t\u00e9anonymeSOCIETE1.) S.A.contrePERSONNE1.), l a i s s eles frais de la citation directe\u00e0charge dela citante directela soci\u00e9t\u00e9anonyme SOCIETE1.)S.A.. Aucivil Demande dela soci\u00e9t\u00e9 anonymeSOCIETE1.)S.A.dirig\u00e9e contrePERSONNE1.)<\/p>\n<p>5 d o n n e a c t e\u00e0la soci\u00e9t\u00e9 anonymeSOCIETE1.)S.A.,demanderesse au civil, de sa constitution de partie civile, d \u00e9 c l a r ela demande irrecevable, l a i s s eles frais de la demande civile \u00e0 charge de la citante directe et demanderesse au civil, Demande reconventionnelle dePERSONNE1.)dirig\u00e9e contrelala soci\u00e9t\u00e9 anonyme SOCIETE1.)S.A. d o n n e a c t e\u00e0PERSONNE1.), demandeurau civilsur reconvention, desa demande en obtention d\u2019une indemnit\u00e9 de proc\u00e9dure, di tla demande dePERSONNE1.)en obtention d\u2019une indemnit\u00e9 de proc\u00e9durefond\u00e9epour le montant deSEPT CENT CINQUANTE (750) euros, c o n d a m n ela soci\u00e9t\u00e9anonymeSOCIETE1.)S.A.\u00e0 payer \u00e0PERSONNE1.)la somme de SEPT CENT CINQUANTE (750) euros\u00e0 titre d\u2019indemnit\u00e9 de proc\u00e9dure. Le tout en application des articles1, 3, 179, 182, 183, 184,185,189, 190, 190-1, 194 et 195 du Code de proc\u00e9dure p\u00e9nalequi furent d\u00e9sign\u00e9s \u00e0 l\u2019audience par Madame le vice-pr\u00e9sident. Ainsi fait et jug\u00e9 par Elisabeth EWERT, vice-pr\u00e9sident, Sonia MARQUES, premier juge, et Antoine d\u2019HUART juge, et prononc\u00e9 en l\u2019audience publique au Tribunal d\u2019arrondissement de et \u00e0 Luxembourg, Cit\u00e9 judiciaire, Plateau du Saint Esprit, par Madame le vice-pr\u00e9sident, en pr\u00e9sence de Julie SIMON, substitut du Procureur d\u2019Etat, et de Elisabeth BACK, greffi\u00e8re, qui \u00e0 l\u2019exception de la repr\u00e9sentante du Minist\u00e8re Public, ont sign\u00e9 le pr\u00e9sent jugement.<\/p>\n<\/div>\n<hr class=\"kji-sep\" \/>\n<p class=\"kji-source-links\"><strong>Sources officielles :<\/strong> <a class=\"kji-source-link\" href=\"https:\/\/data.public.lu\/fr\/datasets\/tribunal-darrondissement-luxembourg-penal\/\" target=\"_blank\" rel=\"noopener noreferrer\">consulter la page source<\/a> &middot; <a class=\"kji-pdf-link\" href=\"https:\/\/download.data.public.lu\/resources\/tribunal-darrondissement-luxembourg-penal\/20240828-020633\/20231214-tal09-2527-pseudonymise-accessible.pdf\" target=\"_blank\" rel=\"noopener noreferrer\">PDF officiel<\/a><\/p>\n<p class=\"kji-license-note\"><em>Licence CC BY-ND 4.0 (Administration judiciaire, data.public.lu). Republication autorisee avec attribution, sans modification editoriale du texte integral.<\/em><\/p>\n<\/div>\n","protected":false},"excerpt":{"rendered":"<p>Jugt no2527\/2023 not.9822\/23\/CD irrecevable AUDIENCE PUBLIQUE DU 14 DECEMBRE 2023 Le Tribunal d&#8217;arrondissement de et \u00e0 Luxembourg,neuvi\u00e8me chambre, si\u00e9geant enmati\u00e8re correctionnelle, a rendu le jugement qui suit: Dans la cause entre : la soci\u00e9t\u00e9 anonymeSOCIETE1.)S.A., \u00e9tablie et ayant son si\u00e8ge social\u00e0 L-ADRESSE1.), inscrite au Registre\u2026<\/p>\n","protected":false},"featured_media":0,"template":"","meta":{"_crdt_document":""},"kji_country":[8418],"kji_court":[23583],"kji_chamber":[25729],"kji_year":[24566],"kji_subject":[7632],"kji_keyword":[23584,8464,7636],"kji_language":[7733],"class_list":["post-630486","kji_decision","type-kji_decision","status-publish","hentry","kji_country-luxembourg","kji_court-tribunal-darrondissement","kji_chamber-penal","kji_year-24566","kji_subject-penal","kji_keyword-arrondissement","kji_keyword-decembre","kji_keyword-tribunal","kji_language-francais"],"yoast_head":"<!-- This site is optimized with the Yoast SEO Premium plugin v27.4 (Yoast SEO v27.4) - https:\/\/yoast.com\/product\/yoast-seo-premium-wordpress\/ -->\n<title>Tribunal d&#039;arrondissement, 14 d\u00e9cembre 2023 - Ma\u00eetre Hassan Kohen, avocat en droit p\u00e9nal \u00e0 Paris<\/title>\n<meta name=\"robots\" content=\"index, follow, max-snippet:-1, max-image-preview:large, max-video-preview:-1\" \/>\n<link rel=\"canonical\" href=\"https:\/\/kohenavocats.com\/zh-hans\/jurisprudences\/tribunal-darrondissement-14-decembre-2023-7\/\" \/>\n<meta property=\"og:locale\" content=\"zh_CN\" \/>\n<meta property=\"og:type\" content=\"article\" \/>\n<meta property=\"og:title\" content=\"Tribunal d&#039;arrondissement, 14 d\u00e9cembre 2023\" \/>\n<meta property=\"og:description\" content=\"Jugt no2527\/2023 not.9822\/23\/CD irrecevable AUDIENCE PUBLIQUE DU 14 DECEMBRE 2023 Le Tribunal d&#039;arrondissement de et \u00e0 Luxembourg,neuvi\u00e8me chambre, si\u00e9geant enmati\u00e8re correctionnelle, a rendu le jugement qui suit: Dans la cause entre : la soci\u00e9t\u00e9 anonymeSOCIETE1.)S.A., \u00e9tablie et ayant son si\u00e8ge social\u00e0 L-ADRESSE1.), inscrite au Registre\u2026\" \/>\n<meta property=\"og:url\" content=\"https:\/\/kohenavocats.com\/zh-hans\/jurisprudences\/tribunal-darrondissement-14-decembre-2023-7\/\" \/>\n<meta property=\"og:site_name\" content=\"Ma\u00eetre Hassan Kohen, avocat en droit p\u00e9nal \u00e0 Paris\" \/>\n<meta property=\"article:modified_time\" content=\"2026-04-21T01:07:56+00:00\" \/>\n<meta name=\"twitter:card\" content=\"summary_large_image\" \/>\n<meta name=\"twitter:label1\" content=\"\u9884\u8ba1\u9605\u8bfb\u65f6\u95f4\" \/>\n\t<meta name=\"twitter:data1\" content=\"9 \u5206\" \/>\n<script type=\"application\/ld+json\" class=\"yoast-schema-graph\">{\"@context\":\"https:\\\/\\\/schema.org\",\"@graph\":[{\"@type\":\"WebPage\",\"@id\":\"https:\\\/\\\/kohenavocats.com\\\/zh-hans\\\/jurisprudences\\\/tribunal-darrondissement-14-decembre-2023-7\\\/\",\"url\":\"https:\\\/\\\/kohenavocats.com\\\/zh-hans\\\/jurisprudences\\\/tribunal-darrondissement-14-decembre-2023-7\\\/\",\"name\":\"Tribunal d'arrondissement, 14 d\u00e9cembre 2023 - Ma\u00eetre Hassan Kohen, avocat en droit p\u00e9nal \u00e0 Paris\",\"isPartOf\":{\"@id\":\"https:\\\/\\\/kohenavocats.com\\\/zh-hans\\\/#website\"},\"datePublished\":\"2026-04-21T01:07:51+00:00\",\"dateModified\":\"2026-04-21T01:07:56+00:00\",\"breadcrumb\":{\"@id\":\"https:\\\/\\\/kohenavocats.com\\\/zh-hans\\\/jurisprudences\\\/tribunal-darrondissement-14-decembre-2023-7\\\/#breadcrumb\"},\"inLanguage\":\"zh-Hans\",\"potentialAction\":[{\"@type\":\"ReadAction\",\"target\":[\"https:\\\/\\\/kohenavocats.com\\\/zh-hans\\\/jurisprudences\\\/tribunal-darrondissement-14-decembre-2023-7\\\/\"]}]},{\"@type\":\"BreadcrumbList\",\"@id\":\"https:\\\/\\\/kohenavocats.com\\\/zh-hans\\\/jurisprudences\\\/tribunal-darrondissement-14-decembre-2023-7\\\/#breadcrumb\",\"itemListElement\":[{\"@type\":\"ListItem\",\"position\":1,\"name\":\"Home\",\"item\":\"https:\\\/\\\/kohenavocats.com\\\/zh-hans\\\/\"},{\"@type\":\"ListItem\",\"position\":2,\"name\":\"Jurisprudences\",\"item\":\"https:\\\/\\\/kohenavocats.com\\\/zh-hans\\\/jurisprudences\\\/\"},{\"@type\":\"ListItem\",\"position\":3,\"name\":\"Tribunal d&rsquo;arrondissement, 14 d\u00e9cembre 2023\"}]},{\"@type\":\"WebSite\",\"@id\":\"https:\\\/\\\/kohenavocats.com\\\/zh-hans\\\/#website\",\"url\":\"https:\\\/\\\/kohenavocats.com\\\/zh-hans\\\/\",\"name\":\"Kohen Avocats\",\"description\":\"Ma\u00eetre Hassan Kohen, avocat p\u00e9naliste \u00e0 Paris, intervient exclusivement en droit p\u00e9nal pour la d\u00e9fense des particuliers, notamment en mati\u00e8re d\u2019accusations de viol. Il assure un accompagnement rigoureux d\u00e8s la garde \u00e0 vue jusqu\u2019\u00e0 la Cour d\u2019assises, veillant au strict respect des garanties proc\u00e9durales.\",\"publisher\":{\"@id\":\"https:\\\/\\\/kohenavocats.com\\\/zh-hans\\\/#organization\"},\"potentialAction\":[{\"@type\":\"SearchAction\",\"target\":{\"@type\":\"EntryPoint\",\"urlTemplate\":\"https:\\\/\\\/kohenavocats.com\\\/zh-hans\\\/?s={search_term_string}\"},\"query-input\":{\"@type\":\"PropertyValueSpecification\",\"valueRequired\":true,\"valueName\":\"search_term_string\"}}],\"inLanguage\":\"zh-Hans\"},{\"@type\":\"Organization\",\"@id\":\"https:\\\/\\\/kohenavocats.com\\\/zh-hans\\\/#organization\",\"name\":\"Kohen Avocats\",\"url\":\"https:\\\/\\\/kohenavocats.com\\\/zh-hans\\\/\",\"logo\":{\"@type\":\"ImageObject\",\"inLanguage\":\"zh-Hans\",\"@id\":\"https:\\\/\\\/kohenavocats.com\\\/zh-hans\\\/#\\\/schema\\\/logo\\\/image\\\/\",\"url\":\"https:\\\/\\\/kohenavocats.com\\\/wp-content\\\/uploads\\\/2026\\\/01\\\/Logo-2-1.webp\",\"contentUrl\":\"https:\\\/\\\/kohenavocats.com\\\/wp-content\\\/uploads\\\/2026\\\/01\\\/Logo-2-1.webp\",\"width\":2114,\"height\":1253,\"caption\":\"Kohen Avocats\"},\"image\":{\"@id\":\"https:\\\/\\\/kohenavocats.com\\\/zh-hans\\\/#\\\/schema\\\/logo\\\/image\\\/\"}}]}<\/script>\n<!-- \/ Yoast SEO Premium plugin. -->","yoast_head_json":{"title":"Tribunal d'arrondissement, 14 d\u00e9cembre 2023 - Ma\u00eetre Hassan Kohen, avocat en droit p\u00e9nal \u00e0 Paris","robots":{"index":"index","follow":"follow","max-snippet":"max-snippet:-1","max-image-preview":"max-image-preview:large","max-video-preview":"max-video-preview:-1"},"canonical":"https:\/\/kohenavocats.com\/zh-hans\/jurisprudences\/tribunal-darrondissement-14-decembre-2023-7\/","og_locale":"zh_CN","og_type":"article","og_title":"Tribunal d'arrondissement, 14 d\u00e9cembre 2023","og_description":"Jugt no2527\/2023 not.9822\/23\/CD irrecevable AUDIENCE PUBLIQUE DU 14 DECEMBRE 2023 Le Tribunal d'arrondissement de et \u00e0 Luxembourg,neuvi\u00e8me chambre, si\u00e9geant enmati\u00e8re correctionnelle, a rendu le jugement qui suit: Dans la cause entre : la soci\u00e9t\u00e9 anonymeSOCIETE1.)S.A., \u00e9tablie et ayant son si\u00e8ge social\u00e0 L-ADRESSE1.), inscrite au Registre\u2026","og_url":"https:\/\/kohenavocats.com\/zh-hans\/jurisprudences\/tribunal-darrondissement-14-decembre-2023-7\/","og_site_name":"Ma\u00eetre Hassan Kohen, avocat en droit p\u00e9nal \u00e0 Paris","article_modified_time":"2026-04-21T01:07:56+00:00","twitter_card":"summary_large_image","twitter_misc":{"\u9884\u8ba1\u9605\u8bfb\u65f6\u95f4":"9 \u5206"},"schema":{"@context":"https:\/\/schema.org","@graph":[{"@type":"WebPage","@id":"https:\/\/kohenavocats.com\/zh-hans\/jurisprudences\/tribunal-darrondissement-14-decembre-2023-7\/","url":"https:\/\/kohenavocats.com\/zh-hans\/jurisprudences\/tribunal-darrondissement-14-decembre-2023-7\/","name":"Tribunal d'arrondissement, 14 d\u00e9cembre 2023 - Ma\u00eetre Hassan Kohen, avocat en droit p\u00e9nal \u00e0 Paris","isPartOf":{"@id":"https:\/\/kohenavocats.com\/zh-hans\/#website"},"datePublished":"2026-04-21T01:07:51+00:00","dateModified":"2026-04-21T01:07:56+00:00","breadcrumb":{"@id":"https:\/\/kohenavocats.com\/zh-hans\/jurisprudences\/tribunal-darrondissement-14-decembre-2023-7\/#breadcrumb"},"inLanguage":"zh-Hans","potentialAction":[{"@type":"ReadAction","target":["https:\/\/kohenavocats.com\/zh-hans\/jurisprudences\/tribunal-darrondissement-14-decembre-2023-7\/"]}]},{"@type":"BreadcrumbList","@id":"https:\/\/kohenavocats.com\/zh-hans\/jurisprudences\/tribunal-darrondissement-14-decembre-2023-7\/#breadcrumb","itemListElement":[{"@type":"ListItem","position":1,"name":"Home","item":"https:\/\/kohenavocats.com\/zh-hans\/"},{"@type":"ListItem","position":2,"name":"Jurisprudences","item":"https:\/\/kohenavocats.com\/zh-hans\/jurisprudences\/"},{"@type":"ListItem","position":3,"name":"Tribunal d&rsquo;arrondissement, 14 d\u00e9cembre 2023"}]},{"@type":"WebSite","@id":"https:\/\/kohenavocats.com\/zh-hans\/#website","url":"https:\/\/kohenavocats.com\/zh-hans\/","name":"Kohen Avocats","description":"Ma\u00eetre Hassan Kohen, avocat p\u00e9naliste \u00e0 Paris, intervient exclusivement en droit p\u00e9nal pour la d\u00e9fense des particuliers, notamment en mati\u00e8re d\u2019accusations de viol. Il assure un accompagnement rigoureux d\u00e8s la garde \u00e0 vue jusqu\u2019\u00e0 la Cour d\u2019assises, veillant au strict respect des garanties proc\u00e9durales.","publisher":{"@id":"https:\/\/kohenavocats.com\/zh-hans\/#organization"},"potentialAction":[{"@type":"SearchAction","target":{"@type":"EntryPoint","urlTemplate":"https:\/\/kohenavocats.com\/zh-hans\/?s={search_term_string}"},"query-input":{"@type":"PropertyValueSpecification","valueRequired":true,"valueName":"search_term_string"}}],"inLanguage":"zh-Hans"},{"@type":"Organization","@id":"https:\/\/kohenavocats.com\/zh-hans\/#organization","name":"Kohen Avocats","url":"https:\/\/kohenavocats.com\/zh-hans\/","logo":{"@type":"ImageObject","inLanguage":"zh-Hans","@id":"https:\/\/kohenavocats.com\/zh-hans\/#\/schema\/logo\/image\/","url":"https:\/\/kohenavocats.com\/wp-content\/uploads\/2026\/01\/Logo-2-1.webp","contentUrl":"https:\/\/kohenavocats.com\/wp-content\/uploads\/2026\/01\/Logo-2-1.webp","width":2114,"height":1253,"caption":"Kohen Avocats"},"image":{"@id":"https:\/\/kohenavocats.com\/zh-hans\/#\/schema\/logo\/image\/"}}]}},"jetpack_likes_enabled":false,"jetpack_sharing_enabled":true,"_links":{"self":[{"href":"https:\/\/kohenavocats.com\/zh-hans\/wp-json\/wp\/v2\/kji_decision\/630486","targetHints":{"allow":["GET"]}}],"collection":[{"href":"https:\/\/kohenavocats.com\/zh-hans\/wp-json\/wp\/v2\/kji_decision"}],"about":[{"href":"https:\/\/kohenavocats.com\/zh-hans\/wp-json\/wp\/v2\/types\/kji_decision"}],"wp:attachment":[{"href":"https:\/\/kohenavocats.com\/zh-hans\/wp-json\/wp\/v2\/media?parent=630486"}],"wp:term":[{"taxonomy":"kji_country","embeddable":true,"href":"https:\/\/kohenavocats.com\/zh-hans\/wp-json\/wp\/v2\/kji_country?post=630486"},{"taxonomy":"kji_court","embeddable":true,"href":"https:\/\/kohenavocats.com\/zh-hans\/wp-json\/wp\/v2\/kji_court?post=630486"},{"taxonomy":"kji_chamber","embeddable":true,"href":"https:\/\/kohenavocats.com\/zh-hans\/wp-json\/wp\/v2\/kji_chamber?post=630486"},{"taxonomy":"kji_year","embeddable":true,"href":"https:\/\/kohenavocats.com\/zh-hans\/wp-json\/wp\/v2\/kji_year?post=630486"},{"taxonomy":"kji_subject","embeddable":true,"href":"https:\/\/kohenavocats.com\/zh-hans\/wp-json\/wp\/v2\/kji_subject?post=630486"},{"taxonomy":"kji_keyword","embeddable":true,"href":"https:\/\/kohenavocats.com\/zh-hans\/wp-json\/wp\/v2\/kji_keyword?post=630486"},{"taxonomy":"kji_language","embeddable":true,"href":"https:\/\/kohenavocats.com\/zh-hans\/wp-json\/wp\/v2\/kji_language?post=630486"}],"curies":[{"name":"wp","href":"https:\/\/api.w.org\/{rel}","templated":true}]}}