{"id":631350,"date":"2026-04-21T04:39:53","date_gmt":"2026-04-21T02:39:53","guid":{"rendered":"https:\/\/kohenavocats.com\/jurisprudences\/tribunal-darrondissement-13-juillet-2023-28\/"},"modified":"2026-04-21T04:39:56","modified_gmt":"2026-04-21T02:39:56","slug":"tribunal-darrondissement-13-juillet-2023-28","status":"publish","type":"kji_decision","link":"https:\/\/kohenavocats.com\/zh-hans\/jurisprudences\/tribunal-darrondissement-13-juillet-2023-28\/","title":{"rendered":"Tribunal d&#8217;arrondissement, 13 juillet 2023"},"content":{"rendered":"<div class=\"kji-decision\">\n<div class=\"kji-full-text\">\n<p>1 Jugt no1672\/2023 not.28987\/21\/CD (acquittement) (rest.\/conf) AUDIENCE PUBLIQUE DU13JUILLET2023 Le tribunal d&#039;arrondissement de et \u00e0 Luxembourg, seizi\u00e8me chambre, si\u00e9geant en mati\u00e8re correctionnelle, a rendu le jugement qui suit: Dans la cause du minist\u00e8re public contre PERSONNE1.),n\u00e9 leDATE1.)\u00e0ADRESSE1.)(Nig\u00e9ria), ayant \u00e9lu domicile aupr\u00e8s deMa\u00eetre Eric SAYS, -p r \u00e9 v e n u- _________________________________________________________ F A I T S : Par citation du 26juillet2022, Monsieur le procureur d&#039;Etat pr\u00e8s le tribunal d&#039;arrondissement de et \u00e0 Luxembourga cit\u00e9 le pr\u00e9venu \u00e0 compara\u00eetre \u00e0l&#039;audiencepublique du12octobre2022devant le tribunal correctionnel de ce si\u00e8ge pour y entendre statuer sur les pr\u00e9ventions suivantes: infractions aux articles 8.1.et 8-1 de la loi modifi\u00e9e du 19 f\u00e9vrier 1973concernant la vente de substances m\u00e9dicamenteuses et la lutte contre la toxicomanie. L\u2019affaire subitdeuxremises contradictoires et reparut utilement \u00e0 l\u2019audience publique du4 juillet 2023. A cette audience, Ma\u00eetreEric SAYS, avocat\u00e0 la cour et demeurant \u00e0 Luxembourg, se pr\u00e9senta et d\u00e9clara repr\u00e9senter lepr\u00e9venuPERSONNE1.).<\/p>\n<p>2 En application de l\u2019article 185 (1) alin\u00e9a 3 du Code de proc\u00e9dure p\u00e9nale, un avocat peut pr\u00e9senter les moyens de d\u00e9fense du pr\u00e9venu lorsque ce dernier ne compara\u00eet pas enpersonne, et il sera jug\u00e9 par jugement contradictoire \u00e0 l\u2019\u00e9gard du pr\u00e9venu. Le t\u00e9moinPERSONNE2.)fut entendu ensesd\u00e9clarations orales apr\u00e8s avoir pr\u00eat\u00e9 le serment pr\u00e9vu \u00e0 l\u2019article 155 du Code de proc\u00e9dure p\u00e9nale. Lerepr\u00e9sentant du minist\u00e8republic, MonsieurPascal COLAS,premiersubstitut du procureur d\u2019Etat, r\u00e9suma l\u2019affaire et fut entendu en son r\u00e9quisitoire. Ma\u00eetreEric SAYS, avocat \u00e0 la Cour, demeurant \u00e0 Luxembourg, d\u00e9veloppa plus amplement les moyens de d\u00e9fense du pr\u00e9venuPERSONNE1.). Letribunal prit l\u2019affaire en d\u00e9lib\u00e9r\u00e9 et rendit \u00e0 l\u2019audience publique de ce jour, date \u00e0 laquelle le prononc\u00e9 avait \u00e9t\u00e9 fix\u00e9, L E J U G E M E N T Q U I S U I T: Vu la citationdu26juillet2022r\u00e9guli\u00e8rement notifi\u00e9eau pr\u00e9venu. Vu l\u2019ensemble du dossier r\u00e9pressif constitu\u00e9 par le Parquet sous la notice num\u00e9roNUMERO1.)\/21\/CD\u00e0 charge du pr\u00e9venu. Vu l\u2019information men\u00e9e par le juge d\u2019instruction. Vu l\u2019ordonnance de renvoi num\u00e9roNUMERO2.)\/21du15d\u00e9cembre 2021rendue par la chambre du conseil du tribunal d\u2019arrondissement de et \u00e0 Luxembourg, renvoyantPERSONNE1.)devant une chambre correctionnelle du m\u00eame tribunal du chefd\u2019infractions aux articles8.1.a),8.1.b),et 8-1 de la loi modifi\u00e9e du 19 f\u00e9vrier 1973concernant la vente de substances m\u00e9dicamenteuses et la lutte contre la toxicomanie. Aux termes de la citation, ensemble l\u2019ordonnance de renvoi, le minist\u00e8re public reproche \u00e0 PERSONNE1.), comme auteur,co-auteur ou complice, le 6 octobre 2021, dans l\u2019arrondissement judiciaire de Luxembourg, \u00e0ADRESSE2.), 1)d\u2019avoir vendu une boule de 0,3 grammes (brut) de coca\u00efne pour une contre-valeur de 30.-\u20ac\u00e0 PERSONNE3.), 2) d\u2019avoir, en vue d\u2019un usage par autrui, notamment acquis, d\u00e9tenu et transport\u00e9 la boule de coca\u00efne libell\u00e9 au point 1. ci-dessus,<\/p>\n<p>3 3) d\u2019avoir acquis et d\u00e9tenu les produits stup\u00e9fiants vis\u00e9s aux points 1. et 2. ci-dessus, partant l\u2019objet et le produit direct et indirect des infractions libell\u00e9es aux points 1. et 2. ci-dessus, sachant au moment o\u00f9 il recevait ces produits stup\u00e9fiants et le produit de leur vente, qu\u2019ils provenaient de l\u2019une des infractions libell\u00e9es aux points 1.et 2.ci-dessus ou de la participation \u00e0 l\u2019une de ces m\u00eames infractions. Le tribunal constatequ\u2019il est reproch\u00e9 au pr\u00e9venu lavented\u2019une seule boule de coca\u00efne.Le pr\u00e9venu a vigoureusement contest\u00e9, d\u00e8s le d\u00e9but de la proc\u00e9dure, d\u2019avoir vendu une boule de coca\u00efne, contestations maintenues \u00e0 l\u2019audience du tribunal. Le tribunal constate, \u00e0 l\u2019analyse du proc\u00e8s-verbal n\u00b0 JDA-98953-1 du 6 octobre 2021du Service de Police Judiciaire\u2013section stup\u00e9fiants que les enqu\u00eateurs ont observ\u00e9, en date du 6 octobre 2021 vers 01.00 heures (soitau milieu de lanuit, le tribunal souligne) ce qui suit: \u00abPERSONNE3.)f\u00fchrte eineUnterhaltung mit einer schwarzen Mannsperson w\u00e4hrend sie in Richtung der B\u00e4ckerei Fischer gingen.Bei der schwarzenMannsperson handelte es sich um den BeschuldigtenPERSONNE1.).Auf H\u00f6he der eben erw\u00e4hnten B\u00e4ckerei strecktePERSONNE3.) in dem Moment seine rechte Hand aus.PERSONNE1.)\u00fcbergab demselben etwas.Wir konnten nicht genau sehen was derPERSONNE1.)demPERSONNE3.)\u00fcbergab.Anschliessend trennten sich die beiden. (\u2026) gingPERSONNE1.)weiter in Richtung der rue de Commercewo wir ihn aus den Augen verloren.\u00bb Les policiers ont ensuite contr\u00f4l\u00e9PERSONNE3.), ce dernier leur ayant remis une boule de coca\u00efne en d\u00e9clarant qu\u2019il venait de l\u2019acheter pour un montant de 30.-\u20ac.Une fouille corporelle ult\u00e9rieuresur le pr\u00e9venu n\u2019a toutefois pas permis de trouver ce montant, les policiers ayant simplementsp\u00e9cul\u00e9que le pr\u00e9venu aurait remis l\u2019argent \u00e0 une tierce personne pendant le temps o\u00f9 ils l\u2019avaient perdu de vue. Ces constatations(voire le d\u00e9faut de constatations certaines)ont \u00e9t\u00e9 r\u00e9it\u00e9r\u00e9es par le 1 er commissairePERSONNE4.)\u00e0 l\u2019audiencedu 4 juillet 2023sous la foi du serment, ce dernier confirmant n\u2019avoir vu ni une remise de stup\u00e9fiants entrePERSONNE3.)et le pr\u00e9venu, niune remise d\u2019argent par le pr\u00e9venu \u00e0 un tiers.Concernant les d\u00e9clarations de PERSONNE3.)aux termes desquelles son dealer aurait port\u00e9 un chapeau,le tribunal rappelle qu\u2019il est de jurisprudence constante qu\u2019une condamnation ne saurait se baser sur les seules d\u00e9clarations d\u2019un ou de plusieurs consommateurs de stup\u00e9fiants faites aupr\u00e8s de la police et qu\u2019il faut d\u2019autres \u00e9l\u00e9ments probants, les d\u00e9clarations des consommateurs n\u2019ayant pas une valeur probante sup\u00e9rieure aux contestations du pr\u00e9venu (CSJ corr. 4novembre 2015, 459\/15 X).Or, aucun \u00e9l\u00e9ment du dossier ne vient corroborer les d\u00e9clarations dePERSONNE3.), les policiers n\u2019ayant manifestement pas pu constater des infractions avec certitude. Au vu des \u00e9l\u00e9ments qui pr\u00e9c\u00e8dent, le tribunal retient qu\u2019il subsiste un doute sur le point de savoir s\u2019il y a euvente d\u2019une boule de coca\u00efne parPERSONNE1.)\u00e0PERSONNE3.), tel que libell\u00e9 par le minist\u00e8re public, et partant \u00e9galement un doute sur la d\u00e9tention, le transport et l\u2019acquisition de cette boule de coca\u00efne, ainsi que sur le blanchiment-d\u00e9tention dans le chef du pr\u00e9venu.Le doute le plus l\u00e9ger devant profiter au pr\u00e9venu, il convient de l\u2019acquitter del&#039;int\u00e9gralit\u00e9 des infractions libell\u00e9es \u00e0 sa charge.<\/p>\n<p>4 PERSONNE1.)est partant\u00e0acquitter: \u00abcommeauteur, co-auteur ou complice, le 6 octobre 2021, dans l\u2019arrondissement judiciaire de Luxembourg, \u00e0ADRESSE2.),sans pr\u00e9judice quant aux indications de temps et de lieux plus exactes, 1)en infraction \u00e0 l\u2019article 8.1.a. de la loi modifi\u00e9e du 19 f\u00e9vrier1973 concernant la vente de substances m\u00e9dicamenteuses et la lutte contre la toxicomanie, d\u2019avoir, de mani\u00e8re illicite, cultiv\u00e9, produit, fabriqu\u00e9, extrait, pr\u00e9par\u00e9, import\u00e9, export\u00e9, vendu ou offert en vente ou de quelque autre fa\u00e7on offert ou mis en circulation l\u2019une ou l\u2019autre des substances vis\u00e9es \u00e0 l\u2019article 7 de la pr\u00e9dite loi, en l\u2019esp\u00e8ce, d\u2019avoir vendu une boule de 0,3 grammes (brut) de coca\u00efne pour une contre-valeur de 30 euros \u00e0PERSONNE3.), 2)en infraction \u00e0 l\u2019article 8.1.b. de la loimodifi\u00e9e du 19 f\u00e9vrier 1973 concernant la vente de substances m\u00e9dicamenteuses et la lutte contre la toxicomanie, d\u2019avoir, en vue de l\u2019usage par autrui, de mani\u00e8re illicite, transport\u00e9, exp\u00e9di\u00e9, d\u00e9tenu ou acquis \u00e0 titre on\u00e9reux ou \u00e0 titre gratuit l\u2019une ouplusieurs des substances vis\u00e9es \u00e0 l\u2019article 7 de la pr\u00e9dite loi, ou qui auront agi, ne f\u00fbt-ce que \u00e0 titre occasionnel, comme courtier ou comme interm\u00e9diaire en vue de l\u2019acquisition de ces substances, en l\u2019esp\u00e8ce,d\u2019avoir, en vue d\u2019un usage par autrui, notamment acquis, d\u00e9tenu et transport\u00e9 la boule de coca\u00efne libell\u00e9 au point 1. ci-dessus, 3)en infraction \u00e0 l\u2019article 8-1.de la loi modifi\u00e9e du 19 f\u00e9vrier 1973 concernant la vente de substances m\u00e9dicamenteuses et la lutte contre la toxicomanie, d\u2019avoir acquis, d\u00e9tenu ou utilis\u00e9 l\u2019objet ou le produit direct ou indirect de l\u2019une des infractions mentionn\u00e9es \u00e0 l\u2019article 8 paragraphe 1.a) et b), sachant au moment o\u00f9 il le recevait, qu\u2019il provenait de l\u2019une de ces infractions ou de la participation\u00e0 l\u2019une de ces infractions, en l\u2019esp\u00e8ce,d\u2019avoir acquis et d\u00e9tenu les produits stup\u00e9fiants vis\u00e9s aux points 1. et 2. ci-dessus, partant l\u2019objet et le produit direct et indirect des infractions libell\u00e9es aux points 1. et 2. ci-dessus, sachant au moment o\u00f9 il recevaitces produits stup\u00e9fiants et le produit de leur vente, qu\u2019ils provenaient de l\u2019une des infractions libell\u00e9es aux points 1. et 2. Ci-dessus ou de la participation \u00e0 l\u2019une de ces m\u00eames infractions.\u00bb Il y a lieu d\u2019ordonner laconfiscation,\u00e0 titre de mesurede s\u00fbret\u00e9,d\u2019une boule en plastique jaune contenant 0,3 gr brut de coca\u00efne,saisiesuivant proc\u00e8s-verbal n\u00b098953-2du 6 octobre 2021, dress\u00e9 par le service de police judiciaire, section stup\u00e9fiants.<\/p>\n<p>5 Il y a lieu d\u2019ordonner larestitution\u00e0PERSONNE1.)du t\u00e9l\u00e9phone portableiPhone, bleu, num\u00e9ro IMEI inconnu, et num\u00e9ro PINinconnu, saisi suivant proc\u00e8s-verbal n\u00b098953-3 du 6 octobre 2021, dress\u00e9 par le service de police judiciaire, section stup\u00e9fiants. P A R C E S M O T I F S : le tribunald&#039;arrondissement de et \u00e0 Luxembourg, seizi\u00e8me chambre, si\u00e9geant en mati\u00e8re correctionnelle, statuantcontradictoirement\u00e0 l\u2019\u00e9garddePERSONNE1.),mais en son absence, lerepr\u00e9sentant du minist\u00e8re public entendu en son r\u00e9quisitoire et lemandataire du pr\u00e9venu entendu en ses explications et moyens de d\u00e9fense, a c q u i t t ePERSONNE1.)du chef detoutes les pr\u00e9ventions mises\u00e0 sa charge; l a i s s eles frais de sa poursuite p\u00e9nale \u00e0 charge de l\u2019Etat; o r d o n n elarestitution\u00e0PERSONNE1.)du t\u00e9l\u00e9phone portable Iphone, bleu, num\u00e9ro IMEI inconnu, et num\u00e9ro PIN inconnu, saisi suivant proc\u00e8s-verbal n\u00b098953-3 du 6 octobre 2021, dress\u00e9 par le service de police judiciaire, section stup\u00e9fiants; o r d o n n elaconfiscationd\u2019une boule en plastique jaune contenant 0,3 gr brut de coca\u00efne, saisiesuivant proc\u00e8s-verbal n\u00b098953-2du 6 octobre 2021, dress\u00e9 par le service de police judiciaire, section stup\u00e9fiants. Par application des articles31 et 32 du Code p\u00e9nal, des articles1,155, 179, 182, 184, 185, 189, 190,190-1,191, 194-1,195et196duCode de proc\u00e9dure p\u00e9nale,dont mention a \u00e9t\u00e9 faite. Ainsi fait et jug\u00e9 par Gilles HERRMANN, vice-pr\u00e9sident, Lisa WAGNER, juge-d\u00e9l\u00e9gu\u00e9e et Laura LUDWIG, juge-d\u00e9l\u00e9gu\u00e9e, et prononc\u00e9 par le vice-pr\u00e9sident en audience publique au tribunal d\u2019arrondissement \u00e0 Luxembourg, en pr\u00e9sence deSam RIES, substitut du procureur d\u2019Etat, et de Philippe FR\u00d6HLICH, greffier, qui, \u00e0 l&#039;exception du repr\u00e9sentant du minist\u00e8re public, ont sign\u00e9 le pr\u00e9sent jugement.<\/p>\n<\/div>\n<hr class=\"kji-sep\" \/>\n<p class=\"kji-source-links\"><strong>Sources officielles :<\/strong> <a class=\"kji-source-link\" href=\"https:\/\/data.public.lu\/fr\/datasets\/tribunal-darrondissement-luxembourg-penal\/\" target=\"_blank\" rel=\"noopener noreferrer\">consulter la page source<\/a> &middot; <a class=\"kji-pdf-link\" href=\"https:\/\/download.data.public.lu\/resources\/tribunal-darrondissement-luxembourg-penal\/20240828-015510\/20230713-tal16-1672-pseudonymise-accessible.pdf\" target=\"_blank\" rel=\"noopener noreferrer\">PDF officiel<\/a><\/p>\n<p class=\"kji-license-note\"><em>Licence CC BY-ND 4.0 (Administration judiciaire, data.public.lu). Republication autorisee avec attribution, sans modification editoriale du texte integral.<\/em><\/p>\n<\/div>\n","protected":false},"excerpt":{"rendered":"<p>1 Jugt no1672\/2023 not.28987\/21\/CD (acquittement) (rest.\/conf) AUDIENCE PUBLIQUE DU13JUILLET2023 Le tribunal d&#8217;arrondissement de et \u00e0 Luxembourg, seizi\u00e8me chambre, si\u00e9geant en mati\u00e8re correctionnelle, a rendu le jugement qui suit: Dans la cause du minist\u00e8re public contre PERSONNE1.),n\u00e9 leDATE1.)\u00e0ADRESSE1.)(Nig\u00e9ria), ayant \u00e9lu domicile aupr\u00e8s deMa\u00eetre Eric SAYS, -p\u2026<\/p>\n","protected":false},"featured_media":0,"template":"","meta":{"_crdt_document":""},"kji_country":[8418],"kji_court":[23583],"kji_chamber":[25729],"kji_year":[24566],"kji_subject":[7632],"kji_keyword":[23584,8600,7636],"kji_language":[7733],"class_list":["post-631350","kji_decision","type-kji_decision","status-publish","hentry","kji_country-luxembourg","kji_court-tribunal-darrondissement","kji_chamber-penal","kji_year-24566","kji_subject-penal","kji_keyword-arrondissement","kji_keyword-juillet","kji_keyword-tribunal","kji_language-francais"],"yoast_head":"<!-- This site is optimized with the Yoast SEO Premium plugin v27.4 (Yoast SEO v27.4) - https:\/\/yoast.com\/product\/yoast-seo-premium-wordpress\/ -->\n<title>Tribunal d&#039;arrondissement, 13 juillet 2023 - Ma\u00eetre Hassan Kohen, avocat en droit p\u00e9nal \u00e0 Paris<\/title>\n<meta name=\"robots\" content=\"index, follow, max-snippet:-1, max-image-preview:large, max-video-preview:-1\" \/>\n<link rel=\"canonical\" href=\"https:\/\/kohenavocats.com\/zh-hans\/jurisprudences\/tribunal-darrondissement-13-juillet-2023-28\/\" \/>\n<meta property=\"og:locale\" content=\"zh_CN\" \/>\n<meta property=\"og:type\" content=\"article\" \/>\n<meta property=\"og:title\" content=\"Tribunal d&#039;arrondissement, 13 juillet 2023\" \/>\n<meta property=\"og:description\" content=\"1 Jugt no1672\/2023 not.28987\/21\/CD (acquittement) (rest.\/conf) AUDIENCE PUBLIQUE DU13JUILLET2023 Le tribunal d&#039;arrondissement de et \u00e0 Luxembourg, seizi\u00e8me chambre, si\u00e9geant en mati\u00e8re correctionnelle, a rendu le jugement qui suit: Dans la cause du minist\u00e8re public contre PERSONNE1.),n\u00e9 leDATE1.)\u00e0ADRESSE1.)(Nig\u00e9ria), ayant \u00e9lu domicile aupr\u00e8s deMa\u00eetre Eric SAYS, -p\u2026\" \/>\n<meta property=\"og:url\" content=\"https:\/\/kohenavocats.com\/zh-hans\/jurisprudences\/tribunal-darrondissement-13-juillet-2023-28\/\" \/>\n<meta property=\"og:site_name\" content=\"Ma\u00eetre Hassan Kohen, avocat en droit p\u00e9nal \u00e0 Paris\" \/>\n<meta property=\"article:modified_time\" content=\"2026-04-21T02:39:56+00:00\" \/>\n<meta name=\"twitter:card\" content=\"summary_large_image\" \/>\n<meta name=\"twitter:label1\" content=\"\u9884\u8ba1\u9605\u8bfb\u65f6\u95f4\" \/>\n\t<meta name=\"twitter:data1\" content=\"9 \u5206\" \/>\n<script type=\"application\/ld+json\" class=\"yoast-schema-graph\">{\"@context\":\"https:\\\/\\\/schema.org\",\"@graph\":[{\"@type\":\"WebPage\",\"@id\":\"https:\\\/\\\/kohenavocats.com\\\/zh-hans\\\/jurisprudences\\\/tribunal-darrondissement-13-juillet-2023-28\\\/\",\"url\":\"https:\\\/\\\/kohenavocats.com\\\/zh-hans\\\/jurisprudences\\\/tribunal-darrondissement-13-juillet-2023-28\\\/\",\"name\":\"Tribunal d'arrondissement, 13 juillet 2023 - Ma\u00eetre Hassan Kohen, avocat en droit p\u00e9nal \u00e0 Paris\",\"isPartOf\":{\"@id\":\"https:\\\/\\\/kohenavocats.com\\\/zh-hans\\\/#website\"},\"datePublished\":\"2026-04-21T02:39:53+00:00\",\"dateModified\":\"2026-04-21T02:39:56+00:00\",\"breadcrumb\":{\"@id\":\"https:\\\/\\\/kohenavocats.com\\\/zh-hans\\\/jurisprudences\\\/tribunal-darrondissement-13-juillet-2023-28\\\/#breadcrumb\"},\"inLanguage\":\"zh-Hans\",\"potentialAction\":[{\"@type\":\"ReadAction\",\"target\":[\"https:\\\/\\\/kohenavocats.com\\\/zh-hans\\\/jurisprudences\\\/tribunal-darrondissement-13-juillet-2023-28\\\/\"]}]},{\"@type\":\"BreadcrumbList\",\"@id\":\"https:\\\/\\\/kohenavocats.com\\\/zh-hans\\\/jurisprudences\\\/tribunal-darrondissement-13-juillet-2023-28\\\/#breadcrumb\",\"itemListElement\":[{\"@type\":\"ListItem\",\"position\":1,\"name\":\"Home\",\"item\":\"https:\\\/\\\/kohenavocats.com\\\/zh-hans\\\/\"},{\"@type\":\"ListItem\",\"position\":2,\"name\":\"Jurisprudences\",\"item\":\"https:\\\/\\\/kohenavocats.com\\\/zh-hans\\\/jurisprudences\\\/\"},{\"@type\":\"ListItem\",\"position\":3,\"name\":\"Tribunal d&rsquo;arrondissement, 13 juillet 2023\"}]},{\"@type\":\"WebSite\",\"@id\":\"https:\\\/\\\/kohenavocats.com\\\/zh-hans\\\/#website\",\"url\":\"https:\\\/\\\/kohenavocats.com\\\/zh-hans\\\/\",\"name\":\"Kohen Avocats\",\"description\":\"Ma\u00eetre Hassan Kohen, avocat p\u00e9naliste \u00e0 Paris, intervient exclusivement en droit p\u00e9nal pour la d\u00e9fense des particuliers, notamment en mati\u00e8re d\u2019accusations de viol. Il assure un accompagnement rigoureux d\u00e8s la garde \u00e0 vue jusqu\u2019\u00e0 la Cour d\u2019assises, veillant au strict respect des garanties proc\u00e9durales.\",\"publisher\":{\"@id\":\"https:\\\/\\\/kohenavocats.com\\\/zh-hans\\\/#organization\"},\"potentialAction\":[{\"@type\":\"SearchAction\",\"target\":{\"@type\":\"EntryPoint\",\"urlTemplate\":\"https:\\\/\\\/kohenavocats.com\\\/zh-hans\\\/?s={search_term_string}\"},\"query-input\":{\"@type\":\"PropertyValueSpecification\",\"valueRequired\":true,\"valueName\":\"search_term_string\"}}],\"inLanguage\":\"zh-Hans\"},{\"@type\":\"Organization\",\"@id\":\"https:\\\/\\\/kohenavocats.com\\\/zh-hans\\\/#organization\",\"name\":\"Kohen Avocats\",\"url\":\"https:\\\/\\\/kohenavocats.com\\\/zh-hans\\\/\",\"logo\":{\"@type\":\"ImageObject\",\"inLanguage\":\"zh-Hans\",\"@id\":\"https:\\\/\\\/kohenavocats.com\\\/zh-hans\\\/#\\\/schema\\\/logo\\\/image\\\/\",\"url\":\"https:\\\/\\\/kohenavocats.com\\\/wp-content\\\/uploads\\\/2026\\\/01\\\/Logo-2-1.webp\",\"contentUrl\":\"https:\\\/\\\/kohenavocats.com\\\/wp-content\\\/uploads\\\/2026\\\/01\\\/Logo-2-1.webp\",\"width\":2114,\"height\":1253,\"caption\":\"Kohen Avocats\"},\"image\":{\"@id\":\"https:\\\/\\\/kohenavocats.com\\\/zh-hans\\\/#\\\/schema\\\/logo\\\/image\\\/\"}}]}<\/script>\n<!-- \/ Yoast SEO Premium plugin. -->","yoast_head_json":{"title":"Tribunal d'arrondissement, 13 juillet 2023 - Ma\u00eetre Hassan Kohen, avocat en droit p\u00e9nal \u00e0 Paris","robots":{"index":"index","follow":"follow","max-snippet":"max-snippet:-1","max-image-preview":"max-image-preview:large","max-video-preview":"max-video-preview:-1"},"canonical":"https:\/\/kohenavocats.com\/zh-hans\/jurisprudences\/tribunal-darrondissement-13-juillet-2023-28\/","og_locale":"zh_CN","og_type":"article","og_title":"Tribunal d'arrondissement, 13 juillet 2023","og_description":"1 Jugt no1672\/2023 not.28987\/21\/CD (acquittement) (rest.\/conf) AUDIENCE PUBLIQUE DU13JUILLET2023 Le tribunal d'arrondissement de et \u00e0 Luxembourg, seizi\u00e8me chambre, si\u00e9geant en mati\u00e8re correctionnelle, a rendu le jugement qui suit: Dans la cause du minist\u00e8re public contre PERSONNE1.),n\u00e9 leDATE1.)\u00e0ADRESSE1.)(Nig\u00e9ria), ayant \u00e9lu domicile aupr\u00e8s deMa\u00eetre Eric SAYS, -p\u2026","og_url":"https:\/\/kohenavocats.com\/zh-hans\/jurisprudences\/tribunal-darrondissement-13-juillet-2023-28\/","og_site_name":"Ma\u00eetre Hassan Kohen, avocat en droit p\u00e9nal \u00e0 Paris","article_modified_time":"2026-04-21T02:39:56+00:00","twitter_card":"summary_large_image","twitter_misc":{"\u9884\u8ba1\u9605\u8bfb\u65f6\u95f4":"9 \u5206"},"schema":{"@context":"https:\/\/schema.org","@graph":[{"@type":"WebPage","@id":"https:\/\/kohenavocats.com\/zh-hans\/jurisprudences\/tribunal-darrondissement-13-juillet-2023-28\/","url":"https:\/\/kohenavocats.com\/zh-hans\/jurisprudences\/tribunal-darrondissement-13-juillet-2023-28\/","name":"Tribunal d'arrondissement, 13 juillet 2023 - Ma\u00eetre Hassan Kohen, avocat en droit p\u00e9nal \u00e0 Paris","isPartOf":{"@id":"https:\/\/kohenavocats.com\/zh-hans\/#website"},"datePublished":"2026-04-21T02:39:53+00:00","dateModified":"2026-04-21T02:39:56+00:00","breadcrumb":{"@id":"https:\/\/kohenavocats.com\/zh-hans\/jurisprudences\/tribunal-darrondissement-13-juillet-2023-28\/#breadcrumb"},"inLanguage":"zh-Hans","potentialAction":[{"@type":"ReadAction","target":["https:\/\/kohenavocats.com\/zh-hans\/jurisprudences\/tribunal-darrondissement-13-juillet-2023-28\/"]}]},{"@type":"BreadcrumbList","@id":"https:\/\/kohenavocats.com\/zh-hans\/jurisprudences\/tribunal-darrondissement-13-juillet-2023-28\/#breadcrumb","itemListElement":[{"@type":"ListItem","position":1,"name":"Home","item":"https:\/\/kohenavocats.com\/zh-hans\/"},{"@type":"ListItem","position":2,"name":"Jurisprudences","item":"https:\/\/kohenavocats.com\/zh-hans\/jurisprudences\/"},{"@type":"ListItem","position":3,"name":"Tribunal d&rsquo;arrondissement, 13 juillet 2023"}]},{"@type":"WebSite","@id":"https:\/\/kohenavocats.com\/zh-hans\/#website","url":"https:\/\/kohenavocats.com\/zh-hans\/","name":"Kohen Avocats","description":"Ma\u00eetre Hassan Kohen, avocat p\u00e9naliste \u00e0 Paris, intervient exclusivement en droit p\u00e9nal pour la d\u00e9fense des particuliers, notamment en mati\u00e8re d\u2019accusations de viol. Il assure un accompagnement rigoureux d\u00e8s la garde \u00e0 vue jusqu\u2019\u00e0 la Cour d\u2019assises, veillant au strict respect des garanties proc\u00e9durales.","publisher":{"@id":"https:\/\/kohenavocats.com\/zh-hans\/#organization"},"potentialAction":[{"@type":"SearchAction","target":{"@type":"EntryPoint","urlTemplate":"https:\/\/kohenavocats.com\/zh-hans\/?s={search_term_string}"},"query-input":{"@type":"PropertyValueSpecification","valueRequired":true,"valueName":"search_term_string"}}],"inLanguage":"zh-Hans"},{"@type":"Organization","@id":"https:\/\/kohenavocats.com\/zh-hans\/#organization","name":"Kohen Avocats","url":"https:\/\/kohenavocats.com\/zh-hans\/","logo":{"@type":"ImageObject","inLanguage":"zh-Hans","@id":"https:\/\/kohenavocats.com\/zh-hans\/#\/schema\/logo\/image\/","url":"https:\/\/kohenavocats.com\/wp-content\/uploads\/2026\/01\/Logo-2-1.webp","contentUrl":"https:\/\/kohenavocats.com\/wp-content\/uploads\/2026\/01\/Logo-2-1.webp","width":2114,"height":1253,"caption":"Kohen Avocats"},"image":{"@id":"https:\/\/kohenavocats.com\/zh-hans\/#\/schema\/logo\/image\/"}}]}},"jetpack_likes_enabled":false,"jetpack_sharing_enabled":true,"_links":{"self":[{"href":"https:\/\/kohenavocats.com\/zh-hans\/wp-json\/wp\/v2\/kji_decision\/631350","targetHints":{"allow":["GET"]}}],"collection":[{"href":"https:\/\/kohenavocats.com\/zh-hans\/wp-json\/wp\/v2\/kji_decision"}],"about":[{"href":"https:\/\/kohenavocats.com\/zh-hans\/wp-json\/wp\/v2\/types\/kji_decision"}],"wp:attachment":[{"href":"https:\/\/kohenavocats.com\/zh-hans\/wp-json\/wp\/v2\/media?parent=631350"}],"wp:term":[{"taxonomy":"kji_country","embeddable":true,"href":"https:\/\/kohenavocats.com\/zh-hans\/wp-json\/wp\/v2\/kji_country?post=631350"},{"taxonomy":"kji_court","embeddable":true,"href":"https:\/\/kohenavocats.com\/zh-hans\/wp-json\/wp\/v2\/kji_court?post=631350"},{"taxonomy":"kji_chamber","embeddable":true,"href":"https:\/\/kohenavocats.com\/zh-hans\/wp-json\/wp\/v2\/kji_chamber?post=631350"},{"taxonomy":"kji_year","embeddable":true,"href":"https:\/\/kohenavocats.com\/zh-hans\/wp-json\/wp\/v2\/kji_year?post=631350"},{"taxonomy":"kji_subject","embeddable":true,"href":"https:\/\/kohenavocats.com\/zh-hans\/wp-json\/wp\/v2\/kji_subject?post=631350"},{"taxonomy":"kji_keyword","embeddable":true,"href":"https:\/\/kohenavocats.com\/zh-hans\/wp-json\/wp\/v2\/kji_keyword?post=631350"},{"taxonomy":"kji_language","embeddable":true,"href":"https:\/\/kohenavocats.com\/zh-hans\/wp-json\/wp\/v2\/kji_language?post=631350"}],"curies":[{"name":"wp","href":"https:\/\/api.w.org\/{rel}","templated":true}]}}