{"id":631362,"date":"2026-04-21T04:40:18","date_gmt":"2026-04-21T02:40:18","guid":{"rendered":"https:\/\/kohenavocats.com\/jurisprudences\/tribunal-darrondissement-13-juillet-2023-33\/"},"modified":"2026-04-21T04:40:21","modified_gmt":"2026-04-21T02:40:21","slug":"tribunal-darrondissement-13-juillet-2023-33","status":"publish","type":"kji_decision","link":"https:\/\/kohenavocats.com\/zh-hans\/jurisprudences\/tribunal-darrondissement-13-juillet-2023-33\/","title":{"rendered":"Tribunal d&#8217;arrondissement, 13 juillet 2023"},"content":{"rendered":"<div class=\"kji-decision\">\n<div class=\"kji-full-text\">\n<p>Jugt n\u00b01678\/2023 not.28746\/22\/CC I.C. 2x(s) D\u00e9faut AUDIENCE PUBLIQUE DU 13JUILLET 2023 Le Tribunal d&#039;arrondissement de et \u00e0 Luxembourg,neuvi\u00e8mechambre, si\u00e9geant enmati\u00e8re correctionnelle,statuant en composition dejuge unique, a rendu le jugement qui suit: dans la cause du Minist\u00e8re Public contre PERSONNE1.). n\u00e9e leDATE1.)\u00e0ADRESSE1.), demeurant \u00e0L-ADRESSE2.), -p r \u00e9 v e n u- FA I T S: Par citation du5 juin 2023,Monsieur le Procureur d\u2019Etat pr\u00e8s le Tribunal d\u2019arrondissement de et \u00e0 Luxembourg a requislepr\u00e9venu\u00e0 compara\u00eetre \u00e0 l\u2019audience publique du11 juillet 2023 devant le Tribunal correctionnel de ce si\u00e8gepour y entendrestatuer sur lespr\u00e9ventions suivantes: circulation:d\u00e9faut de contrat d\u2019assurancevalable. \u00c0cette audience,le pr\u00e9venuPERSONNE1.)ne comparut pas. La repr\u00e9sentante du Minist\u00e8re Public, MadameSydney SCHREINER, substitut du Procureur d\u2019Etat, r\u00e9sumal\u2019affaire et fut entendue en son r\u00e9quisitoire. Le Tribunal prit l\u2019affaire en d\u00e9lib\u00e9r\u00e9 et rendit \u00e0 l\u2019audience publique de ce jour, date \u00e0 laquelle le prononc\u00e9 avait \u00e9t\u00e9 fix\u00e9,le J U G E M E N T qui suit : Vu la citation du5 juin 2023r\u00e9guli\u00e8rement notifi\u00e9eau pr\u00e9venu.<\/p>\n<p>2 PERSONNE1.)quoique r\u00e9guli\u00e8rement cit\u00e9, ne comparut pas \u00e0 l\u2019audience du11 juillet 2023, de sorte qu\u2019il y a lieu de statuer par d\u00e9faut \u00e0 son \u00e9gard. Vule dossier r\u00e9pressif constitu\u00e9 par le Minist\u00e8re Publicsous le num\u00e9ro28746\/22\/CCet notammentleproc\u00e8s-verbalnum\u00e9ro838\/2022du29ao\u00fbt2022dress\u00e9parla Police Grand- Ducale,R\u00e9gion Sud-Ouest, CommissariatEsch Centre(C3R). Le Minist\u00e8re Public reproche\u00e0PERSONNE1.), \u00e9tantpropri\u00e9taired\u2019un v\u00e9hicule automoteur,le 29 ao\u00fbt 2022,vers 16.20 heures \u00e0ADRESSE3.),d\u2019avoir tol\u00e9r\u00e9 qu\u2019il fut misen circulation sur la voie publique sans \u00eatrecouvert par un contrat d\u2019assurance valable. Il ressort du dossier r\u00e9pressif quePERSONNE1.)est le propri\u00e9taire du v\u00e9hicule de la marque AUDI A4, immatricul\u00e9 sous le num\u00e9roNUMERO1.), et que le 29 ao\u00fbt 2022 il a laiss\u00e9 conduire son fr\u00e8rePERSONNE2.)avec ledit v\u00e9hicule sur la voie publique tout en sachant qu\u2019il n\u2019\u00e9tait pas valablement assur\u00e9. Lepr\u00e9venuPERSONNE1.)estpartantconvaincupar les\u00e9l\u00e9ments du dossier r\u00e9pressif, ensemble les d\u00e9bats men\u00e9s \u00e0 l\u2019audience: \u00ab\u00e9tantpropri\u00e9taired&#039;un v\u00e9hicule automoteur, le 29 ao\u00fbt 2022, vers 16.20 heures \u00e0ADRESSE3.), avoir tol\u00e9t\u00e9 qu\u2019il fautmis encirculationsur la voie publique sans \u00eatre couvert par un contrat d&#039;assurancevalable.\u00bb L\u2019article 28 de la loi du 16 avril 2003 relative \u00e0 l\u2019assurance obligatoire en mati\u00e8re de v\u00e9hicules automoteurs dispose que le propri\u00e9taire d\u2019un v\u00e9hicule, qui tol\u00e8re qu\u2019il soit mis en circulation dans l\u2019un des endroits pr\u00e9vus \u00e0 l\u2019article 2 point 1 sans que la responsabilit\u00e9 civile \u00e0 laquelle il peut donner lieu soit couverte conform\u00e9ment \u00e0 ladite loi,est punid\u2019une peine d\u2019emprisonnement de huit jours \u00e0 trois ans et d\u2019une amendede 500 \u00e0 10.000 eurosou une de ces peines seulement. Suivant l\u2019article 29 de la loi du 16 avril 2003 relative \u00e0 l\u2019assurance obligatoire en mati\u00e8re de v\u00e9hicules automoteurs, les articles 13, 14 et 16 de la loi modifi\u00e9e du 14 f\u00e9vrier 1955 sont applicables aux infractions \u00e0 l\u2019article 28 pr\u00e9mentionn\u00e9. L\u2019article 13.1 de la loi du 14 f\u00e9vrier 1955 concernant la r\u00e9glementation de la circulation sur toutes les voies publiques permet au juge saisi d\u2019une ou de plusieurs infractions \u00e0 la r\u00e9glementation de la circulation sur les voies publiques (ou de d\u00e9lits oude crimes qui se sont joints \u00e0 ces infractions), de prononcer une interdiction de conduire de 3 mois \u00e0 15 ans en mati\u00e8re de d\u00e9lits ou de crimes. Au vu de la gravit\u00e9 de l\u2019infraction retenue \u00e0 l\u2019encontredu pr\u00e9venu, le Tribunal d\u00e9cide de condamnerPERSONNE1.)\u00e0 uneamende correctionnellede1.500euroset\u00e0uneinterdiction de conduirede18mois. PERSONNE1.)n\u2019ayant pas comparu \u00e0 l\u2019audience publique du11 juillet2023, tout am\u00e9nagement de la peine \u00e0 prononcer est exclu. P A R C E SM O T I F S:<\/p>\n<p>3 leTribunal d\u2019arrondissement de et \u00e0 Luxembourg,neuvi\u00e8me chambre,si\u00e9geant en mati\u00e8re correctionnelle,compos\u00e9ede sonvice-pr\u00e9sident, statuantpar d\u00e9faut\u00e0 l\u2019\u00e9gard de PERSONNE1.),larepr\u00e9sentantedu Minist\u00e8re Public entendueen son r\u00e9quisitoire, c o n d a m n ePERSONNE1.)du chef de l\u2019infractionretenue\u00e0 sa charge \u00e0 une amende de MILLECINQ CENTS(1.500) euros, ainsi qu\u2019aux frais de sa poursuitep\u00e9nale, ces frais liquid\u00e9s \u00e026,52euros, f i x ela dur\u00e9e de la contrainte par corps en cas de non-paiement de l\u2019amende \u00e0QUINZE(15) jours, p r o n o n c econtrePERSONNE1.)du chef de l\u2019infraction retenue\u00e0 sa charge pour la dur\u00e9e deDIX-HUIT(18)moisl&#039;interdiction de conduire un v\u00e9hiculeautomoteur des cat\u00e9gories A- F sur la voie publique, Le tout en application des articles14, 16,28, 29et30du Code p\u00e9nal,des articles179,182, 184, 185,189, 190, 190-1, 194,195et196du Codede proc\u00e9dure p\u00e9nale,desarticles 13et 14bisde laloi modifi\u00e9e du 14 f\u00e9vrier 1955concernant la r\u00e9glementation de la circulation sur toutes les voies publiquesainsi que des articles 28 et 29 de la loi du 16 avril 2003 relative \u00e0 l\u2019assurance obligatoire en mati\u00e8re de v\u00e9hicules automoteursqui furent d\u00e9sign\u00e9s \u00e0 l&#039;audience par Madame levice-pr\u00e9sident. Ainsi fait, jug\u00e9 et prononc\u00e9 par Elisabeth EWERT, vice-pr\u00e9sident, en audience publique au Tribunal d\u2019arrondissement de et \u00e0 Luxembourg, Cit\u00e9 judiciaire, Plateau du Saint-Esprit, en pr\u00e9sence deSydneySCHREINER, substitutdu Procureur d\u2019Etat, et deKim VOLKMANN, greffi\u00e8re, qui \u00e0 l\u2019exception du repr\u00e9sentant du Minist\u00e8re Public, ont sign\u00e9 le pr\u00e9sent jugement.<\/p>\n<\/div>\n<hr class=\"kji-sep\" \/>\n<p class=\"kji-source-links\"><strong>Sources officielles :<\/strong> <a class=\"kji-source-link\" href=\"https:\/\/data.public.lu\/fr\/datasets\/tribunal-darrondissement-luxembourg-penal\/\" target=\"_blank\" rel=\"noopener noreferrer\">consulter la page source<\/a> &middot; <a class=\"kji-pdf-link\" href=\"https:\/\/download.data.public.lu\/resources\/tribunal-darrondissement-luxembourg-penal\/20240828-015742\/20230713-tal9-1678-pseudonymise-accessible.pdf\" target=\"_blank\" rel=\"noopener noreferrer\">PDF officiel<\/a><\/p>\n<p class=\"kji-license-note\"><em>Licence CC BY-ND 4.0 (Administration judiciaire, data.public.lu). Republication autorisee avec attribution, sans modification editoriale du texte integral.<\/em><\/p>\n<\/div>\n","protected":false},"excerpt":{"rendered":"<p>Jugt n\u00b01678\/2023 not.28746\/22\/CC I.C. 2x(s) D\u00e9faut AUDIENCE PUBLIQUE DU 13JUILLET 2023 Le Tribunal d&#8217;arrondissement de et \u00e0 Luxembourg,neuvi\u00e8mechambre, si\u00e9geant enmati\u00e8re correctionnelle,statuant en composition dejuge unique, a rendu le jugement qui suit: dans la cause du Minist\u00e8re Public contre PERSONNE1.). n\u00e9e leDATE1.)\u00e0ADRESSE1.), demeurant \u00e0L-ADRESSE2.), -p r\u2026<\/p>\n","protected":false},"featured_media":0,"template":"","meta":{"_crdt_document":""},"kji_country":[8418],"kji_court":[23583],"kji_chamber":[25729],"kji_year":[24566],"kji_subject":[7632],"kji_keyword":[23584,8600,7636],"kji_language":[7733],"class_list":["post-631362","kji_decision","type-kji_decision","status-publish","hentry","kji_country-luxembourg","kji_court-tribunal-darrondissement","kji_chamber-penal","kji_year-24566","kji_subject-penal","kji_keyword-arrondissement","kji_keyword-juillet","kji_keyword-tribunal","kji_language-francais"],"yoast_head":"<!-- This site is optimized with the Yoast SEO Premium plugin v27.5 (Yoast SEO v27.5) - https:\/\/yoast.com\/product\/yoast-seo-premium-wordpress\/ -->\n<title>Tribunal d&#039;arrondissement, 13 juillet 2023 - Ma\u00eetre Hassan Kohen, avocat en droit p\u00e9nal \u00e0 Paris<\/title>\n<meta name=\"robots\" content=\"index, follow, max-snippet:-1, max-image-preview:large, max-video-preview:-1\" \/>\n<link rel=\"canonical\" href=\"https:\/\/kohenavocats.com\/zh-hans\/jurisprudences\/tribunal-darrondissement-13-juillet-2023-33\/\" \/>\n<meta property=\"og:locale\" content=\"zh_CN\" \/>\n<meta property=\"og:type\" content=\"article\" \/>\n<meta property=\"og:title\" content=\"Tribunal d&#039;arrondissement, 13 juillet 2023\" \/>\n<meta property=\"og:description\" content=\"Jugt n\u00b01678\/2023 not.28746\/22\/CC I.C. 2x(s) D\u00e9faut AUDIENCE PUBLIQUE DU 13JUILLET 2023 Le Tribunal d&#039;arrondissement de et \u00e0 Luxembourg,neuvi\u00e8mechambre, si\u00e9geant enmati\u00e8re correctionnelle,statuant en composition dejuge unique, a rendu le jugement qui suit: dans la cause du Minist\u00e8re Public contre PERSONNE1.). n\u00e9e leDATE1.)\u00e0ADRESSE1.), demeurant \u00e0L-ADRESSE2.), -p r\u2026\" \/>\n<meta property=\"og:url\" content=\"https:\/\/kohenavocats.com\/zh-hans\/jurisprudences\/tribunal-darrondissement-13-juillet-2023-33\/\" \/>\n<meta property=\"og:site_name\" content=\"Ma\u00eetre Hassan Kohen, avocat en droit p\u00e9nal \u00e0 Paris\" \/>\n<meta property=\"article:modified_time\" content=\"2026-04-21T02:40:21+00:00\" \/>\n<meta name=\"twitter:card\" content=\"summary_large_image\" \/>\n<meta name=\"twitter:label1\" content=\"\u9884\u8ba1\u9605\u8bfb\u65f6\u95f4\" \/>\n\t<meta name=\"twitter:data1\" content=\"5 \u5206\" \/>\n<script type=\"application\/ld+json\" class=\"yoast-schema-graph\">{\"@context\":\"https:\\\/\\\/schema.org\",\"@graph\":[{\"@type\":\"WebPage\",\"@id\":\"https:\\\/\\\/kohenavocats.com\\\/zh-hans\\\/jurisprudences\\\/tribunal-darrondissement-13-juillet-2023-33\\\/\",\"url\":\"https:\\\/\\\/kohenavocats.com\\\/zh-hans\\\/jurisprudences\\\/tribunal-darrondissement-13-juillet-2023-33\\\/\",\"name\":\"Tribunal d'arrondissement, 13 juillet 2023 - Ma\u00eetre Hassan Kohen, avocat en droit p\u00e9nal \u00e0 Paris\",\"isPartOf\":{\"@id\":\"https:\\\/\\\/kohenavocats.com\\\/zh-hans\\\/#website\"},\"datePublished\":\"2026-04-21T02:40:18+00:00\",\"dateModified\":\"2026-04-21T02:40:21+00:00\",\"breadcrumb\":{\"@id\":\"https:\\\/\\\/kohenavocats.com\\\/zh-hans\\\/jurisprudences\\\/tribunal-darrondissement-13-juillet-2023-33\\\/#breadcrumb\"},\"inLanguage\":\"zh-Hans\",\"potentialAction\":[{\"@type\":\"ReadAction\",\"target\":[\"https:\\\/\\\/kohenavocats.com\\\/zh-hans\\\/jurisprudences\\\/tribunal-darrondissement-13-juillet-2023-33\\\/\"]}]},{\"@type\":\"BreadcrumbList\",\"@id\":\"https:\\\/\\\/kohenavocats.com\\\/zh-hans\\\/jurisprudences\\\/tribunal-darrondissement-13-juillet-2023-33\\\/#breadcrumb\",\"itemListElement\":[{\"@type\":\"ListItem\",\"position\":1,\"name\":\"Home\",\"item\":\"https:\\\/\\\/kohenavocats.com\\\/zh-hans\\\/\"},{\"@type\":\"ListItem\",\"position\":2,\"name\":\"Jurisprudences\",\"item\":\"https:\\\/\\\/kohenavocats.com\\\/zh-hans\\\/jurisprudences\\\/\"},{\"@type\":\"ListItem\",\"position\":3,\"name\":\"Tribunal d&rsquo;arrondissement, 13 juillet 2023\"}]},{\"@type\":\"WebSite\",\"@id\":\"https:\\\/\\\/kohenavocats.com\\\/zh-hans\\\/#website\",\"url\":\"https:\\\/\\\/kohenavocats.com\\\/zh-hans\\\/\",\"name\":\"Kohen Avocats\",\"description\":\"Ma\u00eetre Hassan Kohen, avocat p\u00e9naliste \u00e0 Paris, intervient exclusivement en droit p\u00e9nal pour la d\u00e9fense des particuliers, notamment en mati\u00e8re d\u2019accusations de viol. Il assure un accompagnement rigoureux d\u00e8s la garde \u00e0 vue jusqu\u2019\u00e0 la Cour d\u2019assises, veillant au strict respect des garanties proc\u00e9durales.\",\"publisher\":{\"@id\":\"https:\\\/\\\/kohenavocats.com\\\/zh-hans\\\/#organization\"},\"potentialAction\":[{\"@type\":\"SearchAction\",\"target\":{\"@type\":\"EntryPoint\",\"urlTemplate\":\"https:\\\/\\\/kohenavocats.com\\\/zh-hans\\\/?s={search_term_string}\"},\"query-input\":{\"@type\":\"PropertyValueSpecification\",\"valueRequired\":true,\"valueName\":\"search_term_string\"}}],\"inLanguage\":\"zh-Hans\"},{\"@type\":\"Organization\",\"@id\":\"https:\\\/\\\/kohenavocats.com\\\/zh-hans\\\/#organization\",\"name\":\"Kohen Avocats\",\"url\":\"https:\\\/\\\/kohenavocats.com\\\/zh-hans\\\/\",\"logo\":{\"@type\":\"ImageObject\",\"inLanguage\":\"zh-Hans\",\"@id\":\"https:\\\/\\\/kohenavocats.com\\\/zh-hans\\\/#\\\/schema\\\/logo\\\/image\\\/\",\"url\":\"https:\\\/\\\/kohenavocats.com\\\/wp-content\\\/uploads\\\/2026\\\/01\\\/Logo-2-1.webp\",\"contentUrl\":\"https:\\\/\\\/kohenavocats.com\\\/wp-content\\\/uploads\\\/2026\\\/01\\\/Logo-2-1.webp\",\"width\":2114,\"height\":1253,\"caption\":\"Kohen Avocats\"},\"image\":{\"@id\":\"https:\\\/\\\/kohenavocats.com\\\/zh-hans\\\/#\\\/schema\\\/logo\\\/image\\\/\"}}]}<\/script>\n<!-- \/ Yoast SEO Premium plugin. -->","yoast_head_json":{"title":"Tribunal d'arrondissement, 13 juillet 2023 - Ma\u00eetre Hassan Kohen, avocat en droit p\u00e9nal \u00e0 Paris","robots":{"index":"index","follow":"follow","max-snippet":"max-snippet:-1","max-image-preview":"max-image-preview:large","max-video-preview":"max-video-preview:-1"},"canonical":"https:\/\/kohenavocats.com\/zh-hans\/jurisprudences\/tribunal-darrondissement-13-juillet-2023-33\/","og_locale":"zh_CN","og_type":"article","og_title":"Tribunal d'arrondissement, 13 juillet 2023","og_description":"Jugt n\u00b01678\/2023 not.28746\/22\/CC I.C. 2x(s) D\u00e9faut AUDIENCE PUBLIQUE DU 13JUILLET 2023 Le Tribunal d'arrondissement de et \u00e0 Luxembourg,neuvi\u00e8mechambre, si\u00e9geant enmati\u00e8re correctionnelle,statuant en composition dejuge unique, a rendu le jugement qui suit: dans la cause du Minist\u00e8re Public contre PERSONNE1.). n\u00e9e leDATE1.)\u00e0ADRESSE1.), demeurant \u00e0L-ADRESSE2.), -p r\u2026","og_url":"https:\/\/kohenavocats.com\/zh-hans\/jurisprudences\/tribunal-darrondissement-13-juillet-2023-33\/","og_site_name":"Ma\u00eetre Hassan Kohen, avocat en droit p\u00e9nal \u00e0 Paris","article_modified_time":"2026-04-21T02:40:21+00:00","twitter_card":"summary_large_image","twitter_misc":{"\u9884\u8ba1\u9605\u8bfb\u65f6\u95f4":"5 \u5206"},"schema":{"@context":"https:\/\/schema.org","@graph":[{"@type":"WebPage","@id":"https:\/\/kohenavocats.com\/zh-hans\/jurisprudences\/tribunal-darrondissement-13-juillet-2023-33\/","url":"https:\/\/kohenavocats.com\/zh-hans\/jurisprudences\/tribunal-darrondissement-13-juillet-2023-33\/","name":"Tribunal d'arrondissement, 13 juillet 2023 - Ma\u00eetre Hassan Kohen, avocat en droit p\u00e9nal \u00e0 Paris","isPartOf":{"@id":"https:\/\/kohenavocats.com\/zh-hans\/#website"},"datePublished":"2026-04-21T02:40:18+00:00","dateModified":"2026-04-21T02:40:21+00:00","breadcrumb":{"@id":"https:\/\/kohenavocats.com\/zh-hans\/jurisprudences\/tribunal-darrondissement-13-juillet-2023-33\/#breadcrumb"},"inLanguage":"zh-Hans","potentialAction":[{"@type":"ReadAction","target":["https:\/\/kohenavocats.com\/zh-hans\/jurisprudences\/tribunal-darrondissement-13-juillet-2023-33\/"]}]},{"@type":"BreadcrumbList","@id":"https:\/\/kohenavocats.com\/zh-hans\/jurisprudences\/tribunal-darrondissement-13-juillet-2023-33\/#breadcrumb","itemListElement":[{"@type":"ListItem","position":1,"name":"Home","item":"https:\/\/kohenavocats.com\/zh-hans\/"},{"@type":"ListItem","position":2,"name":"Jurisprudences","item":"https:\/\/kohenavocats.com\/zh-hans\/jurisprudences\/"},{"@type":"ListItem","position":3,"name":"Tribunal d&rsquo;arrondissement, 13 juillet 2023"}]},{"@type":"WebSite","@id":"https:\/\/kohenavocats.com\/zh-hans\/#website","url":"https:\/\/kohenavocats.com\/zh-hans\/","name":"Kohen Avocats","description":"Ma\u00eetre Hassan Kohen, avocat p\u00e9naliste \u00e0 Paris, intervient exclusivement en droit p\u00e9nal pour la d\u00e9fense des particuliers, notamment en mati\u00e8re d\u2019accusations de viol. Il assure un accompagnement rigoureux d\u00e8s la garde \u00e0 vue jusqu\u2019\u00e0 la Cour d\u2019assises, veillant au strict respect des garanties proc\u00e9durales.","publisher":{"@id":"https:\/\/kohenavocats.com\/zh-hans\/#organization"},"potentialAction":[{"@type":"SearchAction","target":{"@type":"EntryPoint","urlTemplate":"https:\/\/kohenavocats.com\/zh-hans\/?s={search_term_string}"},"query-input":{"@type":"PropertyValueSpecification","valueRequired":true,"valueName":"search_term_string"}}],"inLanguage":"zh-Hans"},{"@type":"Organization","@id":"https:\/\/kohenavocats.com\/zh-hans\/#organization","name":"Kohen Avocats","url":"https:\/\/kohenavocats.com\/zh-hans\/","logo":{"@type":"ImageObject","inLanguage":"zh-Hans","@id":"https:\/\/kohenavocats.com\/zh-hans\/#\/schema\/logo\/image\/","url":"https:\/\/kohenavocats.com\/wp-content\/uploads\/2026\/01\/Logo-2-1.webp","contentUrl":"https:\/\/kohenavocats.com\/wp-content\/uploads\/2026\/01\/Logo-2-1.webp","width":2114,"height":1253,"caption":"Kohen Avocats"},"image":{"@id":"https:\/\/kohenavocats.com\/zh-hans\/#\/schema\/logo\/image\/"}}]}},"jetpack_likes_enabled":false,"jetpack_sharing_enabled":true,"_links":{"self":[{"href":"https:\/\/kohenavocats.com\/zh-hans\/wp-json\/wp\/v2\/kji_decision\/631362","targetHints":{"allow":["GET"]}}],"collection":[{"href":"https:\/\/kohenavocats.com\/zh-hans\/wp-json\/wp\/v2\/kji_decision"}],"about":[{"href":"https:\/\/kohenavocats.com\/zh-hans\/wp-json\/wp\/v2\/types\/kji_decision"}],"wp:attachment":[{"href":"https:\/\/kohenavocats.com\/zh-hans\/wp-json\/wp\/v2\/media?parent=631362"}],"wp:term":[{"taxonomy":"kji_country","embeddable":true,"href":"https:\/\/kohenavocats.com\/zh-hans\/wp-json\/wp\/v2\/kji_country?post=631362"},{"taxonomy":"kji_court","embeddable":true,"href":"https:\/\/kohenavocats.com\/zh-hans\/wp-json\/wp\/v2\/kji_court?post=631362"},{"taxonomy":"kji_chamber","embeddable":true,"href":"https:\/\/kohenavocats.com\/zh-hans\/wp-json\/wp\/v2\/kji_chamber?post=631362"},{"taxonomy":"kji_year","embeddable":true,"href":"https:\/\/kohenavocats.com\/zh-hans\/wp-json\/wp\/v2\/kji_year?post=631362"},{"taxonomy":"kji_subject","embeddable":true,"href":"https:\/\/kohenavocats.com\/zh-hans\/wp-json\/wp\/v2\/kji_subject?post=631362"},{"taxonomy":"kji_keyword","embeddable":true,"href":"https:\/\/kohenavocats.com\/zh-hans\/wp-json\/wp\/v2\/kji_keyword?post=631362"},{"taxonomy":"kji_language","embeddable":true,"href":"https:\/\/kohenavocats.com\/zh-hans\/wp-json\/wp\/v2\/kji_language?post=631362"}],"curies":[{"name":"wp","href":"https:\/\/api.w.org\/{rel}","templated":true}]}}