{"id":631636,"date":"2026-04-21T05:10:15","date_gmt":"2026-04-21T03:10:15","guid":{"rendered":"https:\/\/kohenavocats.com\/jurisprudences\/tribunal-darrondissement-6-juillet-2023-17\/"},"modified":"2026-04-21T05:10:19","modified_gmt":"2026-04-21T03:10:19","slug":"tribunal-darrondissement-6-juillet-2023-17","status":"publish","type":"kji_decision","link":"https:\/\/kohenavocats.com\/zh-hans\/jurisprudences\/tribunal-darrondissement-6-juillet-2023-17\/","title":{"rendered":"Tribunal d&#8217;arrondissement, 6 juillet 2023"},"content":{"rendered":"<div class=\"kji-decision\">\n<div class=\"kji-full-text\">\n<p>1 Jugt1538\/2023 Notice no24339\/21\/cd jugement sur accord (amende) J U G E M E N T S U R A C C O R D AUDIENCE PUBLIQUE DU 6JUILLET2023 Le Tribunal d\u2019arrondissement de et \u00e0 Luxembourg, septi\u00e8me chambre correctionnelle, a rendu le jugement qui suit : Dans la cause du Minist\u00e8re Public contre PERSONNE1.), n\u00e9eleDATE1.)\u00e0ADRESSE1.), demeurantADRESSE2.), ayant \u00e9lu son domiciledansde l\u2019\u00e9tude de Ma\u00eetreMedeni KURT, avocat au barreau deSaarbr\u00fccken,demeurant professionnellement Viktorialstrasse 19, D-66111 Saarbr\u00fccken, comparant parMa\u00eetreMedeni KURT, avocat au barreau deSaarbr\u00fccken, -p r \u00e9 v e n ue- F A I T S : Par citation du12 mai 2023le Procureur d\u2019Etat pr\u00e8s le Tribunal d\u2019arrondissement de et \u00e0 Luxembourg a requisla pr\u00e9venuePERSONNE1.)de compara\u00eetre \u00e0 l\u2019audience<\/p>\n<p>2 publique du6 juin 2023devant le Tribunal correctionnel de ce si\u00e8ge pour y entendre statuer sur: l\u2019accord par application des articles 563 et suivants duCodede proc\u00e9dure p\u00e9nale. A l\u2019audience publique du6 juin 2023,le Tribunal autorisa, avec l&#039;accord du Minist\u00e8re Public,Ma\u00eetreMedeni KURT, avocat au barreau deSaarbr\u00fccken, de repr\u00e9senterla pr\u00e9venuePERSONNE1.). Ma\u00eetreMedeni KURT, avocat au barreau deSaarbr\u00fccken,ainsi quelarepr\u00e9sentante du Minist\u00e8re Public,Jennifer NOWAK,substitut du Procureur d\u2019Etat, furent entendus en leurs conclusions. Le Tribunal prit l\u2019affaire en d\u00e9lib\u00e9r\u00e9 et rendit \u00e0 l\u2019audience publique de ce jour, date \u00e0 laquelle le prononc\u00e9 avait \u00e9t\u00e9 fix\u00e9, le JUGEMENT QUI SUIT : Vu la citation \u00e0 pr\u00e9venuedu12 mai 2023, r\u00e9guli\u00e8rement notifi\u00e9e \u00e0PERSONNE1.). Vu l\u2019accorddu6mars 2023conclu enapplicationdes articles 563 \u00e0 578 duCodede proc\u00e9dure p\u00e9nale. L\u2019accord dont le Tribunal se trouve saisi estcon\u00e7u comme suit:<\/p>\n<p>3 Grand-Duch\u00e9 de Luxembourg PARQUET DU TRIBUNAL D\u2019ARRONDISSEMENT DE LUXEMBOURG &#8212;&#8212;&#8212;&#8212;&#8212;&#8212;&#8211; Not. 24339\/21\/CD Vereinbarung In Anwendung der Artikel 563 bis 578der Strafprozessordnung Zwischen: 1.Herrn Leitender Oberstaatsanwalt beim Bezirksgericht Luxemburg und 2.PERSONNE1.), geb. amDATE1.)inADRESSE1.), wohnhaft in ADRESSE2.) vertreten durch Herrn Rechtsanwalt, KURT Medeni, Rechstanwalt in Saarbr\u00fccken erw\u00e4hlte Zustellungsanschriftzwecks vorliegendemVerfahren in der Kanzlei \u201eKURT &amp; Kollegen\u201c von Herrn Rechtsanwalt KURT Medeni, mit Sitz in D-66111 Saarbr\u00fccken, 19, Viktorialstra\u00dfe,<\/p>\n<p>4 I.Zusammenfassung des Verfahrens Auf Grund der durchgef\u00fchrten Rechtsakte w\u00e4hrend der Voruntersuchung: Kodierung Rechtsakte A01 Protokoll 002\/21\/lADPS\/CASH der Zoll-und Akzisenverwaltung vom 23.08.2021 A02 Protokoll 002\/21\/lADPS\/CASH der Zoll-und Akzisenverwaltung vom 17.09.2021 A03 Schreiben der Staatsanwaltschaft Luxemburg an die Kriminalpolizei, Abteilung f\u00fcr Geldw\u00e4schebek\u00e4mpfung vom 15.09.2021 B01 Bericht CRF n\u00b01535\/2021 vom 18.08.2021 B02 Bericht n\u00b0SPJ\/AB\/2022\/07945.3\/GJES derKriminalpolizei, Abteilung f\u00fcr Geldw\u00e4schebek\u00e4mpfung vom 14.04.2022 C01 Schreiben der Staatsanwaltschaft Luxemburg an Herrn Rechtsanwalt KURT vom 02.03.2023 C02 Email von Rechtsanwalt KURT vom 03.03.2023 Auszug des Strafregisters I.Sachverhalt der Vereinbarung Am 11. August 2021 gegen 10:15 Uhrhat die luxemburgische Zoll-und Akzisenverwaltung eine Kontrolle am Flughafen Luxemburg auf Grundlage desGesetzes vom 1. Juli 2021 \u00fcber die Organisation der Kontrolle des grenz\u00fcberschreitenden Transportes von Bargeld, durchgef\u00fchrt. Im Zuge dieser Kontrolle haben die zust\u00e4ndigen Zollbeamten die Passagiere des Fluges NUMERO1.)nachADRESSE3.)kontrolliert mittels eines Geld-und Drogensp\u00fcrhundes, welcher bei den PassagierenPERSONNE2.),PERSONNE1.)undPERSONNE3.) angeschlagen hat. Angesprochen auf die Frage, ob die Passagiere eine Bargeldsumme von mehr als 10.000 EUR mit sich f\u00fchren w\u00fcrden, antwortete HerrPERSONNE2.), dass er und seine Ehefrau PERSONNE1.)jeweils 10.000 Bargeld bei sich tr\u00fcgen und auch HerrPERSONNE3.)gab an 10.000 Bargeld bei sich zu haben. Auf Grund der Aussagen der Passagiere, unterzogen die Zollbeamten dieser einer Personen- und Gep\u00e4ckkontrolle. Hierbei konnten folgende Bargeldbetr\u00e4ge bei den jeweiligen Personen aufgefunden und sichergestellt werden: -HerrnPERSONNE2.)eine Bargeldsumme in H\u00f6he von 16.645 EUR -HerrnPERSONNE3.)eine Bargeldsumme in H\u00f6he von 11.125 EUR -FrauPERSONNE1.)eine Bargeldsumme in H\u00f6he von 11.800 EUR Die Zollbeamten forderten die Passagiere daraufhin dazu auf, eine Anmelderkl\u00e4rung des mitgef\u00fchrten Bargeldes nach Artikel 3 der Verordnung 2018\/1672 des Europ\u00e4ischen Parlaments und des Rates vom 23. Oktober 2018 \u00fcberdie \u00dcberwachung von Barmitteln, die in<\/p>\n<p>5 die Union oder aus der Union verbracht werden, und zur Aufhebung der Verordnung(EG) Nr.1889\/2005, auszuh\u00e4ndigen. PERSONNE2.)gab an, nicht im Besitz einer solchen Anmeldeerkl\u00e4rung zu sein. Die drei vorgenannten Personen wurden dar\u00fcber in Kenntnis gesetzt, dass Ihnen Protokoll angesagt w\u00fcrde und sie wurden \u00fcber die Ihnen zustehenden Rechte informiert. PERSONNE2.)gab in seinem Verh\u00f6r an, dass er gemeinsam mit seiner Ehefrau, PERSONNE1.)und seinem Sohn,PERSONNE3.)geplant hatte in die T\u00fcrkei einzureisen um dort Urlaub zu machen und dass das mitgef\u00fchrte Bargeld f\u00fcr die Durchf\u00fchrung einer Zahnoperation bestimmt gewesen sei. Die jeweiligen Aussagen der betroffenen Personen liegen dem Protokoll der Zoll-und Akzisenverwaltung vom 11. August 2021 bei. Die zentrale Meldestelle f\u00fcr Wirtschaftskriminalit\u00e4t \u201eCellule de renseignement financier\u201c (\u201eCRF\u201c) wurde \u00fcber vorstehendes informiert, welche den entsprechenden Bericht N\u00b01535\/2021 der Staatsanwaltschaft Luxemburg am 20. August 2021 \u00fcbermacht hat. Die CRF konnte zu diesem Zeitpunkt nicht ausschlie\u00dfen, dass die sichergestellten Bargeldbetr\u00e4ge aus einer kriminellen Aktivit\u00e4t stammen. Daher beauftragte die Staatsanwaltschaft Luxemburg die hiesige Kriminalpolizei, Abteilung f\u00fcr Geldw\u00e4schebek\u00e4mpfung mit den weiteren Ermittlungen, welche jedoch keine weiteren Anhaltspunkte f\u00fcr die genaue Herkunft der Gelder erbringen konnte. Aus den vorstehenden Erw\u00e4gungen ergibt sich, dass die drei betroffenen Personen PERSONNE2.),PERSONNE1.)undPERSONNE3.), indem sie am 11. August 2021 eine nicht zuvor angemeldete Bargeldsumme in H\u00f6he von mehr als 10.000 EUR mit sich f\u00fchrten gegen die Bestimmungen desGesetzes vom 1. Juli 2021 \u00fcber die Organisation der Kontrolle des grenz\u00fcberschreitenden Transportes von Bargeldversto\u00dfen haben. II.Rechtliche W\u00fcrdigungdes Sachverhaltes und Anerkennung durchPERSONNE1.) PERSONNE1.), geb.amDATE1.)inADRESSE1.), Seit einer nicht verj\u00e4hrten Zeit, insbesondere am11. August 2021 um 10:15 Uhr im Gerichtsbezirks von Luxemburg, in Luxemburg-Findel, Flughafen, beim Abflug in die T\u00fcrkei, unbeschadet genaueren Angaben von Zeit und Ort, Als T\u00e4ter der Zuwiderhandlung, In Versto\u00dfgegen Artikel 3, Punkt 1 zusammen mit Artikel 13 des Gesetzes vom 16. Juli 2021 \u00fcber die Organisation der Kontrollen des grenz\u00fcberschreitenden Transports von Bargeld, als Tr\u00e4ger von Bargeld von einem Wert von 10.000 Euro oder einem h\u00f6heren Wert in oder ausdem Gro\u00dfherzogtum Luxemburg oder in oder aus der Europ\u00e4ischen Union \u00fcber das Gro\u00dfherzogtum Luxemburg,<\/p>\n<p>6 Dieses Bargeld nicht bei dem Zollamt verzollt zu haben, oder falsche oder unvollst\u00e4ndige Angaben gemacht zu haben, oder das Bargeld nicht zum Zweck der Kontrolle zur Verf\u00fcgung gestellt zu haben, In diesem Fall, als Tr\u00e4ger, der den Betrag von 11.800 Euro transportierte, beim Verlassen der Europ\u00e4ischen Union \u00fcber das Gro\u00dfherzogtum Luxemburg in die T\u00fcrkei, den Betrag von 11.800 Euro nicht beim Zollamt verzollt zu haben. A)Gesetzliches Strafma\u00df Nach Artikel 13 des Gesetzes vom 16. Juli 2021 \u00fcber die Organisation der Kontrollen des grenz\u00fcberschreitenden Transports von Bargeldsind Zuwiderhandlungen gegen die Bestimmungen der Artikel 3 und 4, sowie der Verordnung (EU) 2018\/1672 mit einer Geldstrafe in H\u00f6he von 251 bis zu 25.000 Euro bestraft. B)Personenbezogenes Strafma\u00df Auf Grunddes Tatbestandes und in Anwendungmildernder Umst\u00e4nde, insbesondereda keine Vorstrafenvorliegen,istFrauPERSONNE1.)zu einer Geldstrafe von1.000 EUR zu verurteilen. III.Prozesskosten In dem vorliegenden Fallist FrauPERSONNE1.)zu den anfallenden Prozesskosten zu verurteilen, dieseKosten sind durch das zust\u00e4ndige Bezirksgericht in Luxemburg zu bestimmen. In Anwendung der Artikel 27, 28, 29, 30 65, 66, 78 des Strafgesetzbuches,der Artikel3, Punkt 1 zusammen mit Artikel 13 des Gesetzes vom 16. Juli 2021 \u00fcber die Organisation derKontrollen des grenz\u00fcberschreitenden Transports von Bargeld,der Artikel563 bis578 der Strafprozessordnung, Luxemburg, den Leitender Oberstaatsanwalt Georges OSWALD RA KURT Medeni PERSONNE1.) La mat\u00e9rialit\u00e9 des faits reconnus parPERSONNE1.)r\u00e9sulte \u00e0 suffisance de l\u2019accord pr\u00e9cit\u00e9 et est confirm\u00e9e par les \u00e9l\u00e9ments du dossier r\u00e9pressif. A l\u2019audience publique du6 juin 2023, les parties ont d\u00e9clar\u00e9 maintenir les termes de l\u2019accord.<\/p>\n<p>7 Au vu de ce qui pr\u00e9c\u00e8de il y a lieu de retenirPERSONNE1.)dans les liens dela pr\u00e9vention suivante: \u00abseit einer nicht verj\u00e4hrten Zeit, insbesondere am 11. August 2021 um 10:15 Uhr im Gerichtsbezirks von Luxemburg, in Luxemburg -Findel, Flughafen, beim Abflug in die T\u00fcrkei, als T\u00e4ter der Zuwiderhandlung, in Versto\u00df gegen Artikel 3, Punkt 1 zusammen mit Artikel 13 des Gesetzes vom 16. Juli 2021 \u00fcber die Organisation der Kontrollen des grenz\u00fcberschreitenden Transports von Bargeld, alsTr\u00e4ger von Bargeld von einem Wert von 10.000 Euro oder einem h\u00f6heren Wert in oder aus dem Gro\u00dfherzogtum Luxemburg oder in oder aus der Europ\u00e4ischen Union \u00fcber das Gro\u00dfherzogtum Luxemburg, dieses Bargeld nicht bei dem Zollamt verzollt zu haben, oder falsche oder unvollst\u00e4ndige Angaben gemacht zu haben, oder das Bargeld nicht zum Zweck der Kontrolle zur Verf\u00fcgung gestellt zu haben, in diesem Fall, als Tr\u00e4ger, der den Betrag von 11.800 Euro transportierte, beim Verlassen der Europ\u00e4ischen Union \u00fcber das Gro\u00dfherzogtum Luxemburg in die T\u00fcrkei, den Betrag von 11.800 Euro nicht beim Zollamt verzollt zu haben.\u00bb La peine retenue dans l\u2019accord est l\u00e9gale et ad\u00e9quate. Il y a d\u00e8s lors lieu de condamnerPERSONNE1.)conform\u00e9ment \u00e0 l\u2019accord. Concernant les frais de justice, il y a lieu de condamnerPERSONNE1.)au paiement et le Tribunal proc\u00e9dera \u00e0 la liquidation des frais de justice conform\u00e9ment \u00e0 l\u2019accord. PAR CES MOTIFS : le Tribunald\u2019arrondissement de et \u00e0 Luxembourg,septi\u00e8me chambre, si\u00e9geant en mati\u00e8re correctionnelle,statuantcontradictoirement,lemandatairede la pr\u00e9venue PERSONNE1.)ainsi quelarepr\u00e9sentantedu Minist\u00e8re Public entendus en leurs conclusions, c o n d a m n ela pr\u00e9venuePERSONNE1.)du chef del\u2019infraction retenue \u00e0 sa charge \u00e0 une amende demille(1.000)euros, ainsi qu&#039;aux frais de sa mise en jugementliquid\u00e9s \u00e022,60euros; f i x ela dur\u00e9e de la contrainte par corps en cas de non-paiement de l&#039;amende \u00e0dix (10)jours.<\/p>\n<p>8 Par application des articles 14,16,27,28, 29, 30,65, 66et 78 duCodep\u00e9nal, des articles 3 point 1 et 13 de la loi du 16 juillet 2021portant organisation des contr\u00f4les du transport transfrontalier de l\u2019argent liquide,ainsi que des articles 1, 179, 184, 185, 189, 190, 194, 195, 196et563 \u00e0 578 duCodede proc\u00e9dure p\u00e9nale,qui furent d\u00e9sign\u00e9s \u00e0 l&#039;audience. Ainsi fait et jug\u00e9 parSt\u00e9phane MAAS, vice-pr\u00e9sident,Yashar AZARMGIN, premier juge, etMa\u00eft\u00e9 BASSANI, juge, et prononc\u00e9, en pr\u00e9sence deMarianna LEAL ALVES, attach\u00e9e de Justice, en l&#039;audience publique du Tribunal d&#039;arrondissement de Luxembourg, date qu&#039;ent\u00eate, par le vice-pr\u00e9sident, assist\u00e9 du greffierMarion FUSENIG, qui, \u00e0 l&#039;exception du repr\u00e9sentant du Minist\u00e8re Public, ont sign\u00e9 le pr\u00e9sent jugement.<\/p>\n<\/div>\n<hr class=\"kji-sep\" \/>\n<p class=\"kji-source-links\"><strong>Sources officielles :<\/strong> <a class=\"kji-source-link\" href=\"https:\/\/data.public.lu\/fr\/datasets\/tribunal-darrondissement-luxembourg-penal\/\" target=\"_blank\" rel=\"noopener noreferrer\">consulter la page source<\/a> &middot; <a class=\"kji-pdf-link\" href=\"https:\/\/download.data.public.lu\/resources\/tribunal-darrondissement-luxembourg-penal\/20240828-023531\/20230706-tal7-1538-pseudonymise-accessible.pdf\" target=\"_blank\" rel=\"noopener noreferrer\">PDF officiel<\/a><\/p>\n<p class=\"kji-license-note\"><em>Licence CC BY-ND 4.0 (Administration judiciaire, data.public.lu). Republication autorisee avec attribution, sans modification editoriale du texte integral.<\/em><\/p>\n<\/div>\n","protected":false},"excerpt":{"rendered":"<p>1 Jugt1538\/2023 Notice no24339\/21\/cd jugement sur accord (amende) J U G E M E N T S U R A C C O R D AUDIENCE PUBLIQUE DU 6JUILLET2023 Le Tribunal d\u2019arrondissement de et \u00e0 Luxembourg, septi\u00e8me chambre correctionnelle, a rendu le jugement qui suit\u2026<\/p>\n","protected":false},"featured_media":0,"template":"","meta":{"_crdt_document":""},"kji_country":[8418],"kji_court":[23583],"kji_chamber":[25729],"kji_year":[24566],"kji_subject":[7632],"kji_keyword":[23584,8600,7636],"kji_language":[7733],"class_list":["post-631636","kji_decision","type-kji_decision","status-publish","hentry","kji_country-luxembourg","kji_court-tribunal-darrondissement","kji_chamber-penal","kji_year-24566","kji_subject-penal","kji_keyword-arrondissement","kji_keyword-juillet","kji_keyword-tribunal","kji_language-francais"],"yoast_head":"<!-- This site is optimized with the Yoast SEO Premium plugin v27.5 (Yoast SEO v27.5) - https:\/\/yoast.com\/product\/yoast-seo-premium-wordpress\/ -->\n<title>Tribunal d&#039;arrondissement, 6 juillet 2023 - Ma\u00eetre Hassan Kohen, avocat en droit p\u00e9nal \u00e0 Paris<\/title>\n<meta name=\"robots\" content=\"index, follow, max-snippet:-1, max-image-preview:large, max-video-preview:-1\" \/>\n<link rel=\"canonical\" href=\"https:\/\/kohenavocats.com\/zh-hans\/jurisprudences\/tribunal-darrondissement-6-juillet-2023-17\/\" \/>\n<meta property=\"og:locale\" content=\"zh_CN\" \/>\n<meta property=\"og:type\" content=\"article\" \/>\n<meta property=\"og:title\" content=\"Tribunal d&#039;arrondissement, 6 juillet 2023\" \/>\n<meta property=\"og:description\" content=\"1 Jugt1538\/2023 Notice no24339\/21\/cd jugement sur accord (amende) J U G E M E N T S U R A C C O R D AUDIENCE PUBLIQUE DU 6JUILLET2023 Le Tribunal d\u2019arrondissement de et \u00e0 Luxembourg, septi\u00e8me chambre correctionnelle, a rendu le jugement qui suit\u2026\" \/>\n<meta property=\"og:url\" content=\"https:\/\/kohenavocats.com\/zh-hans\/jurisprudences\/tribunal-darrondissement-6-juillet-2023-17\/\" \/>\n<meta property=\"og:site_name\" content=\"Ma\u00eetre Hassan Kohen, avocat en droit p\u00e9nal \u00e0 Paris\" \/>\n<meta property=\"article:modified_time\" content=\"2026-04-21T03:10:19+00:00\" \/>\n<meta name=\"twitter:card\" content=\"summary_large_image\" \/>\n<meta name=\"twitter:label1\" content=\"\u9884\u8ba1\u9605\u8bfb\u65f6\u95f4\" \/>\n\t<meta name=\"twitter:data1\" content=\"8 \u5206\" \/>\n<script type=\"application\/ld+json\" class=\"yoast-schema-graph\">{\"@context\":\"https:\\\/\\\/schema.org\",\"@graph\":[{\"@type\":\"WebPage\",\"@id\":\"https:\\\/\\\/kohenavocats.com\\\/zh-hans\\\/jurisprudences\\\/tribunal-darrondissement-6-juillet-2023-17\\\/\",\"url\":\"https:\\\/\\\/kohenavocats.com\\\/zh-hans\\\/jurisprudences\\\/tribunal-darrondissement-6-juillet-2023-17\\\/\",\"name\":\"Tribunal d'arrondissement, 6 juillet 2023 - Ma\u00eetre Hassan Kohen, avocat en droit p\u00e9nal \u00e0 Paris\",\"isPartOf\":{\"@id\":\"https:\\\/\\\/kohenavocats.com\\\/zh-hans\\\/#website\"},\"datePublished\":\"2026-04-21T03:10:15+00:00\",\"dateModified\":\"2026-04-21T03:10:19+00:00\",\"breadcrumb\":{\"@id\":\"https:\\\/\\\/kohenavocats.com\\\/zh-hans\\\/jurisprudences\\\/tribunal-darrondissement-6-juillet-2023-17\\\/#breadcrumb\"},\"inLanguage\":\"zh-Hans\",\"potentialAction\":[{\"@type\":\"ReadAction\",\"target\":[\"https:\\\/\\\/kohenavocats.com\\\/zh-hans\\\/jurisprudences\\\/tribunal-darrondissement-6-juillet-2023-17\\\/\"]}]},{\"@type\":\"BreadcrumbList\",\"@id\":\"https:\\\/\\\/kohenavocats.com\\\/zh-hans\\\/jurisprudences\\\/tribunal-darrondissement-6-juillet-2023-17\\\/#breadcrumb\",\"itemListElement\":[{\"@type\":\"ListItem\",\"position\":1,\"name\":\"Home\",\"item\":\"https:\\\/\\\/kohenavocats.com\\\/zh-hans\\\/\"},{\"@type\":\"ListItem\",\"position\":2,\"name\":\"Jurisprudences\",\"item\":\"https:\\\/\\\/kohenavocats.com\\\/zh-hans\\\/jurisprudences\\\/\"},{\"@type\":\"ListItem\",\"position\":3,\"name\":\"Tribunal d&rsquo;arrondissement, 6 juillet 2023\"}]},{\"@type\":\"WebSite\",\"@id\":\"https:\\\/\\\/kohenavocats.com\\\/zh-hans\\\/#website\",\"url\":\"https:\\\/\\\/kohenavocats.com\\\/zh-hans\\\/\",\"name\":\"Kohen Avocats\",\"description\":\"Ma\u00eetre Hassan Kohen, avocat p\u00e9naliste \u00e0 Paris, intervient exclusivement en droit p\u00e9nal pour la d\u00e9fense des particuliers, notamment en mati\u00e8re d\u2019accusations de viol. Il assure un accompagnement rigoureux d\u00e8s la garde \u00e0 vue jusqu\u2019\u00e0 la Cour d\u2019assises, veillant au strict respect des garanties proc\u00e9durales.\",\"publisher\":{\"@id\":\"https:\\\/\\\/kohenavocats.com\\\/zh-hans\\\/#organization\"},\"potentialAction\":[{\"@type\":\"SearchAction\",\"target\":{\"@type\":\"EntryPoint\",\"urlTemplate\":\"https:\\\/\\\/kohenavocats.com\\\/zh-hans\\\/?s={search_term_string}\"},\"query-input\":{\"@type\":\"PropertyValueSpecification\",\"valueRequired\":true,\"valueName\":\"search_term_string\"}}],\"inLanguage\":\"zh-Hans\"},{\"@type\":\"Organization\",\"@id\":\"https:\\\/\\\/kohenavocats.com\\\/zh-hans\\\/#organization\",\"name\":\"Kohen Avocats\",\"url\":\"https:\\\/\\\/kohenavocats.com\\\/zh-hans\\\/\",\"logo\":{\"@type\":\"ImageObject\",\"inLanguage\":\"zh-Hans\",\"@id\":\"https:\\\/\\\/kohenavocats.com\\\/zh-hans\\\/#\\\/schema\\\/logo\\\/image\\\/\",\"url\":\"https:\\\/\\\/kohenavocats.com\\\/wp-content\\\/uploads\\\/2026\\\/01\\\/Logo-2-1.webp\",\"contentUrl\":\"https:\\\/\\\/kohenavocats.com\\\/wp-content\\\/uploads\\\/2026\\\/01\\\/Logo-2-1.webp\",\"width\":2114,\"height\":1253,\"caption\":\"Kohen Avocats\"},\"image\":{\"@id\":\"https:\\\/\\\/kohenavocats.com\\\/zh-hans\\\/#\\\/schema\\\/logo\\\/image\\\/\"}}]}<\/script>\n<!-- \/ Yoast SEO Premium plugin. -->","yoast_head_json":{"title":"Tribunal d'arrondissement, 6 juillet 2023 - Ma\u00eetre Hassan Kohen, avocat en droit p\u00e9nal \u00e0 Paris","robots":{"index":"index","follow":"follow","max-snippet":"max-snippet:-1","max-image-preview":"max-image-preview:large","max-video-preview":"max-video-preview:-1"},"canonical":"https:\/\/kohenavocats.com\/zh-hans\/jurisprudences\/tribunal-darrondissement-6-juillet-2023-17\/","og_locale":"zh_CN","og_type":"article","og_title":"Tribunal d'arrondissement, 6 juillet 2023","og_description":"1 Jugt1538\/2023 Notice no24339\/21\/cd jugement sur accord (amende) J U G E M E N T S U R A C C O R D AUDIENCE PUBLIQUE DU 6JUILLET2023 Le Tribunal d\u2019arrondissement de et \u00e0 Luxembourg, septi\u00e8me chambre correctionnelle, a rendu le jugement qui suit\u2026","og_url":"https:\/\/kohenavocats.com\/zh-hans\/jurisprudences\/tribunal-darrondissement-6-juillet-2023-17\/","og_site_name":"Ma\u00eetre Hassan Kohen, avocat en droit p\u00e9nal \u00e0 Paris","article_modified_time":"2026-04-21T03:10:19+00:00","twitter_card":"summary_large_image","twitter_misc":{"\u9884\u8ba1\u9605\u8bfb\u65f6\u95f4":"8 \u5206"},"schema":{"@context":"https:\/\/schema.org","@graph":[{"@type":"WebPage","@id":"https:\/\/kohenavocats.com\/zh-hans\/jurisprudences\/tribunal-darrondissement-6-juillet-2023-17\/","url":"https:\/\/kohenavocats.com\/zh-hans\/jurisprudences\/tribunal-darrondissement-6-juillet-2023-17\/","name":"Tribunal d'arrondissement, 6 juillet 2023 - Ma\u00eetre Hassan Kohen, avocat en droit p\u00e9nal \u00e0 Paris","isPartOf":{"@id":"https:\/\/kohenavocats.com\/zh-hans\/#website"},"datePublished":"2026-04-21T03:10:15+00:00","dateModified":"2026-04-21T03:10:19+00:00","breadcrumb":{"@id":"https:\/\/kohenavocats.com\/zh-hans\/jurisprudences\/tribunal-darrondissement-6-juillet-2023-17\/#breadcrumb"},"inLanguage":"zh-Hans","potentialAction":[{"@type":"ReadAction","target":["https:\/\/kohenavocats.com\/zh-hans\/jurisprudences\/tribunal-darrondissement-6-juillet-2023-17\/"]}]},{"@type":"BreadcrumbList","@id":"https:\/\/kohenavocats.com\/zh-hans\/jurisprudences\/tribunal-darrondissement-6-juillet-2023-17\/#breadcrumb","itemListElement":[{"@type":"ListItem","position":1,"name":"Home","item":"https:\/\/kohenavocats.com\/zh-hans\/"},{"@type":"ListItem","position":2,"name":"Jurisprudences","item":"https:\/\/kohenavocats.com\/zh-hans\/jurisprudences\/"},{"@type":"ListItem","position":3,"name":"Tribunal d&rsquo;arrondissement, 6 juillet 2023"}]},{"@type":"WebSite","@id":"https:\/\/kohenavocats.com\/zh-hans\/#website","url":"https:\/\/kohenavocats.com\/zh-hans\/","name":"Kohen Avocats","description":"Ma\u00eetre Hassan Kohen, avocat p\u00e9naliste \u00e0 Paris, intervient exclusivement en droit p\u00e9nal pour la d\u00e9fense des particuliers, notamment en mati\u00e8re d\u2019accusations de viol. Il assure un accompagnement rigoureux d\u00e8s la garde \u00e0 vue jusqu\u2019\u00e0 la Cour d\u2019assises, veillant au strict respect des garanties proc\u00e9durales.","publisher":{"@id":"https:\/\/kohenavocats.com\/zh-hans\/#organization"},"potentialAction":[{"@type":"SearchAction","target":{"@type":"EntryPoint","urlTemplate":"https:\/\/kohenavocats.com\/zh-hans\/?s={search_term_string}"},"query-input":{"@type":"PropertyValueSpecification","valueRequired":true,"valueName":"search_term_string"}}],"inLanguage":"zh-Hans"},{"@type":"Organization","@id":"https:\/\/kohenavocats.com\/zh-hans\/#organization","name":"Kohen Avocats","url":"https:\/\/kohenavocats.com\/zh-hans\/","logo":{"@type":"ImageObject","inLanguage":"zh-Hans","@id":"https:\/\/kohenavocats.com\/zh-hans\/#\/schema\/logo\/image\/","url":"https:\/\/kohenavocats.com\/wp-content\/uploads\/2026\/01\/Logo-2-1.webp","contentUrl":"https:\/\/kohenavocats.com\/wp-content\/uploads\/2026\/01\/Logo-2-1.webp","width":2114,"height":1253,"caption":"Kohen Avocats"},"image":{"@id":"https:\/\/kohenavocats.com\/zh-hans\/#\/schema\/logo\/image\/"}}]}},"jetpack_likes_enabled":false,"jetpack_sharing_enabled":true,"_links":{"self":[{"href":"https:\/\/kohenavocats.com\/zh-hans\/wp-json\/wp\/v2\/kji_decision\/631636","targetHints":{"allow":["GET"]}}],"collection":[{"href":"https:\/\/kohenavocats.com\/zh-hans\/wp-json\/wp\/v2\/kji_decision"}],"about":[{"href":"https:\/\/kohenavocats.com\/zh-hans\/wp-json\/wp\/v2\/types\/kji_decision"}],"wp:attachment":[{"href":"https:\/\/kohenavocats.com\/zh-hans\/wp-json\/wp\/v2\/media?parent=631636"}],"wp:term":[{"taxonomy":"kji_country","embeddable":true,"href":"https:\/\/kohenavocats.com\/zh-hans\/wp-json\/wp\/v2\/kji_country?post=631636"},{"taxonomy":"kji_court","embeddable":true,"href":"https:\/\/kohenavocats.com\/zh-hans\/wp-json\/wp\/v2\/kji_court?post=631636"},{"taxonomy":"kji_chamber","embeddable":true,"href":"https:\/\/kohenavocats.com\/zh-hans\/wp-json\/wp\/v2\/kji_chamber?post=631636"},{"taxonomy":"kji_year","embeddable":true,"href":"https:\/\/kohenavocats.com\/zh-hans\/wp-json\/wp\/v2\/kji_year?post=631636"},{"taxonomy":"kji_subject","embeddable":true,"href":"https:\/\/kohenavocats.com\/zh-hans\/wp-json\/wp\/v2\/kji_subject?post=631636"},{"taxonomy":"kji_keyword","embeddable":true,"href":"https:\/\/kohenavocats.com\/zh-hans\/wp-json\/wp\/v2\/kji_keyword?post=631636"},{"taxonomy":"kji_language","embeddable":true,"href":"https:\/\/kohenavocats.com\/zh-hans\/wp-json\/wp\/v2\/kji_language?post=631636"}],"curies":[{"name":"wp","href":"https:\/\/api.w.org\/{rel}","templated":true}]}}