{"id":631638,"date":"2026-04-21T05:10:19","date_gmt":"2026-04-21T03:10:19","guid":{"rendered":"https:\/\/kohenavocats.com\/jurisprudences\/tribunal-darrondissement-6-juillet-2023-18\/"},"modified":"2026-04-21T05:10:22","modified_gmt":"2026-04-21T03:10:22","slug":"tribunal-darrondissement-6-juillet-2023-18","status":"publish","type":"kji_decision","link":"https:\/\/kohenavocats.com\/zh-hans\/jurisprudences\/tribunal-darrondissement-6-juillet-2023-18\/","title":{"rendered":"Tribunal d&#8217;arrondissement, 6 juillet 2023"},"content":{"rendered":"<div class=\"kji-decision\">\n<div class=\"kji-full-text\">\n<p>Jugt no1535\/2023 Notice no32017\/20\/cd D\u00e9faut (opp. non avenue ex.p.1 x D E F A U T J u g e m e n t s u r O P P O S I T I O N AUDIENCE PUBLIQUE DU6 JUILLET2023 Le Tribunal d&#039;arrondissement de et \u00e0 Luxembourg,septi\u00e8me chambre correctionnelle, a rendu le jugement qui suit: dans la cause du Minist\u00e8re Public contre PERSONNE1.), n\u00e9 leDATE1.)\u00e0ADRESSE1.), actuellement sans adresse ni domicile connus, -pr \u00e9 v e n u\u2013 ================================================= F A I T S : Les faits et r\u00e9troactes de l&#039;affaire r\u00e9sultent \u00e0 suffisance de droit des qualit\u00e9s et consid\u00e9rants du jugement rendu par d\u00e9faut \u00e0 l&#039;\u00e9gard du pr\u00e9venu PERSONNE1.)par le Tribunal correctionnel de Luxembourg en date du24 f\u00e9vrier 2022sous le num\u00e9ro621\/2022et dont le dispositif est con\u00e7u comme suit:<\/p>\n<p>2 \u00abP A R C E S M O T I F S le tribunal d&#039;arrondissement de et \u00e0 Luxembourg, seizi\u00e8me chambre, si\u00e9geant en mati\u00e8re correctionnelle, statuantpar d\u00e9faut\u00e0 l\u2019\u00e9gard du pr\u00e9venu PERSONNE1.), le repr\u00e9sentant du minist\u00e8re public entendu en son r\u00e9quisitoire, c o n d a m n ePERSONNE1.)duchef des infractions retenues \u00e0 sa charge \u00e0 une peine d\u2019emprisonnement dedouze (12) mois, \u00e0 une amende demille (1.000) \u20acainsi qu&#039;aux frais de sa mise en jugement, liquid\u00e9s \u00e0 8,97 \u20ac ; f i x ela dur\u00e9e de la contrainte par corps en cas de non-paiement del&#039;amende \u00e0 dix (10) jours.\u00bb ___________________________________________________________ Par lettredu 18 ao\u00fbt 2022,entr\u00e9e au Parquet de Luxembourg le22 ao\u00fbt 2022, Ma\u00eetre St\u00e9phanie STAROWICZ, avocat \u00e0 la Cour, demeurant \u00e0 Luxembourg, au nom et pour compte dePERSONNE1.)d\u00e9clara relever opposition contre le pr\u00e9dit jugement no621\/2022rendu par d\u00e9faut en datedu24 f\u00e9vrier 2022,lui notifi\u00e9 en date du12 ao\u00fbt 2022. Par citation du24 mars2023(notice32017\/20\/cd)r\u00e9guli\u00e8rement notifi\u00e9e \u00e0 PERSONNE1.)via publication d\u2019un avis sur le site internet des autorit\u00e9s judiciaires (www.justice.public.lu) en date du27mars 2023, conform\u00e9ment \u00e0 l\u2019article 389 duCodede proc\u00e9dure p\u00e9nale, le Procureur d&#039;Etat pr\u00e8s le Tribunal d&#039;arrondissement de Luxembourg a requis le pr\u00e9venude compara\u00eetre \u00e0 l&#039;audience publique du13 juin2023devant le Tribunal correctionnel de ce si\u00e8ge,pour y entendre statuer sur le m\u00e9rite de l&#039;opposition ainsi relev\u00e9e. Acetteaudience,le pr\u00e9venuPERSONNE1.)ne comparut pas. Lerepr\u00e9sentant du Minist\u00e8re Public,Laurent SECK, substitutprincipaldu Procureur d\u2019Etat, fut entendu en son r\u00e9quisitoire. Le Tribunal prit l&#039;affaire en d\u00e9lib\u00e9r\u00e9 et rendit \u00e0 l&#039;audience publique de ce jour, date \u00e0 laquelle le prononc\u00e9 avait \u00e9t\u00e9 fix\u00e9, le J U G E M E N T qui suit: Par lettre entr\u00e9e en date du22 ao\u00fbt 2022au Parquet de Luxembourg, PERSONNE1.)releva opposition contre le jugement num\u00e9ro621\/2022rendu par d\u00e9faut le24 f\u00e9vrier 2022, lui notifi\u00e9 le12 ao\u00fbt 2022. Vu la citation du24 mars2023(notice32017\/20\/cd)r\u00e9guli\u00e8rement notifi\u00e9e PERSONNE1.)via publication d\u2019un avis sur le site internet des autorit\u00e9s judiciaires (www.justice.public.lu) en datedu27mars2023,conform\u00e9ment \u00e0 l\u2019article duCodede proc\u00e9dure p\u00e9nale.<\/p>\n<p>3 Le pr\u00e9venuPERSONNE1.), quoique r\u00e9guli\u00e8rement cit\u00e9, ne comparut pas \u00e0 l&#039;audience. Il convient donc de statuer par d\u00e9faut \u00e0 son \u00e9gard. Le pr\u00e9venun&#039;ayant pas comparu \u00e0 cette audience, il y a lieu,en application de l\u2019article 188 duCode de proc\u00e9dure p\u00e9nale,de d\u00e9clarernon avenue l&#039;opposition par lui form\u00e9e contre le jugement num\u00e9ro621\/2022rendu le 24f\u00e9vrier 2022par le Tribunal correctionnel de Luxembourg. P A R C E S M O T I F S : le Tribunal d&#039;arrondissement de et \u00e0 Luxembourg,septi\u00e8me chambre, si\u00e9geant en mati\u00e8re correctionnelle, statuantpar d\u00e9faut\u00e0 l&#039;\u00e9garddu pr\u00e9venu, lerepr\u00e9sentant du Minist\u00e8re Public entendu en ses r\u00e9quisitions, d \u00e9 c l a r el&#039;opposition relev\u00e9e parlepr\u00e9venuPERSONNE1.)contre le jugement rendu par d\u00e9faut \u00e0 son \u00e9gardsous lenum\u00e9ro621\/2022en datedu 24 f\u00e9vrier 2022par leTribunalcorrectionnel de Luxembourgnona v e n u e; c o n d a m n ele pr\u00e9venuPERSONNE1.)aux frais de l&#039;instance d&#039;opposition, ces frais liquid\u00e9s \u00e017,94euros. Le tout en application des articles 179, 182, 184, 185, 188, 190, 190-1, 194, 195, 196 et389duCode de proc\u00e9dure p\u00e9naledont mention a \u00e9t\u00e9 faite. Ainsi fait et jug\u00e9 parSt\u00e9phane MAAS, vice-pr\u00e9sident,Ma\u00eft\u00e9 BASSANI, juge, et Rapha\u00ebl SCHWEITZER,juge, et prononc\u00e9, en pr\u00e9sence deMarianna LEAL ALVES, attach\u00e9e de Justice, en l&#039;audience publique du Tribunal d&#039;arrondissement de Luxembourg, date qu&#039;en t\u00eate, par le vice-pr\u00e9sident, assist\u00e9 du greffierMarion FUSENIG, qui, \u00e0 l&#039;exception du repr\u00e9sentant du Minist\u00e8re Public, ont sign\u00e9 le pr\u00e9sent jugement.<\/p>\n<\/div>\n<hr class=\"kji-sep\" \/>\n<p class=\"kji-source-links\"><strong>Sources officielles :<\/strong> <a class=\"kji-source-link\" href=\"https:\/\/data.public.lu\/fr\/datasets\/tribunal-darrondissement-luxembourg-penal\/\" target=\"_blank\" rel=\"noopener noreferrer\">consulter la page source<\/a> &middot; <a class=\"kji-pdf-link\" href=\"https:\/\/download.data.public.lu\/resources\/tribunal-darrondissement-luxembourg-penal\/20240828-023935\/20230706-tal7-1535-pseudonymise-accessible.pdf\" target=\"_blank\" rel=\"noopener noreferrer\">PDF officiel<\/a><\/p>\n<p class=\"kji-license-note\"><em>Licence CC BY-ND 4.0 (Administration judiciaire, data.public.lu). Republication autorisee avec attribution, sans modification editoriale du texte integral.<\/em><\/p>\n<\/div>\n","protected":false},"excerpt":{"rendered":"<p>Jugt no1535\/2023 Notice no32017\/20\/cd D\u00e9faut (opp. non avenue ex.p.1 x D E F A U T J u g e m e n t s u r O P P O S I T I O N AUDIENCE PUBLIQUE DU6 JUILLET2023 Le Tribunal d&#8217;arrondissement de\u2026<\/p>\n","protected":false},"featured_media":0,"template":"","meta":{"_crdt_document":""},"kji_country":[8418],"kji_court":[23583],"kji_chamber":[25729],"kji_year":[24566],"kji_subject":[7632],"kji_keyword":[23584,8600,7636],"kji_language":[7733],"class_list":["post-631638","kji_decision","type-kji_decision","status-publish","hentry","kji_country-luxembourg","kji_court-tribunal-darrondissement","kji_chamber-penal","kji_year-24566","kji_subject-penal","kji_keyword-arrondissement","kji_keyword-juillet","kji_keyword-tribunal","kji_language-francais"],"yoast_head":"<!-- This site is optimized with the Yoast SEO Premium plugin v27.5 (Yoast SEO v27.5) - https:\/\/yoast.com\/product\/yoast-seo-premium-wordpress\/ -->\n<title>Tribunal d&#039;arrondissement, 6 juillet 2023 - Ma\u00eetre Hassan Kohen, avocat en droit p\u00e9nal \u00e0 Paris<\/title>\n<meta name=\"robots\" content=\"index, follow, max-snippet:-1, max-image-preview:large, max-video-preview:-1\" \/>\n<link rel=\"canonical\" href=\"https:\/\/kohenavocats.com\/zh-hans\/jurisprudences\/tribunal-darrondissement-6-juillet-2023-18\/\" \/>\n<meta property=\"og:locale\" content=\"zh_CN\" \/>\n<meta property=\"og:type\" content=\"article\" \/>\n<meta property=\"og:title\" content=\"Tribunal d&#039;arrondissement, 6 juillet 2023\" \/>\n<meta property=\"og:description\" content=\"Jugt no1535\/2023 Notice no32017\/20\/cd D\u00e9faut (opp. non avenue ex.p.1 x D E F A U T J u g e m e n t s u r O P P O S I T I O N AUDIENCE PUBLIQUE DU6 JUILLET2023 Le Tribunal d&#039;arrondissement de\u2026\" \/>\n<meta property=\"og:url\" content=\"https:\/\/kohenavocats.com\/zh-hans\/jurisprudences\/tribunal-darrondissement-6-juillet-2023-18\/\" \/>\n<meta property=\"og:site_name\" content=\"Ma\u00eetre Hassan Kohen, avocat en droit p\u00e9nal \u00e0 Paris\" \/>\n<meta property=\"article:modified_time\" content=\"2026-04-21T03:10:22+00:00\" \/>\n<meta name=\"twitter:card\" content=\"summary_large_image\" \/>\n<meta name=\"twitter:label1\" content=\"\u9884\u8ba1\u9605\u8bfb\u65f6\u95f4\" \/>\n\t<meta name=\"twitter:data1\" content=\"4 \u5206\" \/>\n<script type=\"application\/ld+json\" class=\"yoast-schema-graph\">{\"@context\":\"https:\\\/\\\/schema.org\",\"@graph\":[{\"@type\":\"WebPage\",\"@id\":\"https:\\\/\\\/kohenavocats.com\\\/zh-hans\\\/jurisprudences\\\/tribunal-darrondissement-6-juillet-2023-18\\\/\",\"url\":\"https:\\\/\\\/kohenavocats.com\\\/zh-hans\\\/jurisprudences\\\/tribunal-darrondissement-6-juillet-2023-18\\\/\",\"name\":\"Tribunal d'arrondissement, 6 juillet 2023 - Ma\u00eetre Hassan Kohen, avocat en droit p\u00e9nal \u00e0 Paris\",\"isPartOf\":{\"@id\":\"https:\\\/\\\/kohenavocats.com\\\/zh-hans\\\/#website\"},\"datePublished\":\"2026-04-21T03:10:19+00:00\",\"dateModified\":\"2026-04-21T03:10:22+00:00\",\"breadcrumb\":{\"@id\":\"https:\\\/\\\/kohenavocats.com\\\/zh-hans\\\/jurisprudences\\\/tribunal-darrondissement-6-juillet-2023-18\\\/#breadcrumb\"},\"inLanguage\":\"zh-Hans\",\"potentialAction\":[{\"@type\":\"ReadAction\",\"target\":[\"https:\\\/\\\/kohenavocats.com\\\/zh-hans\\\/jurisprudences\\\/tribunal-darrondissement-6-juillet-2023-18\\\/\"]}]},{\"@type\":\"BreadcrumbList\",\"@id\":\"https:\\\/\\\/kohenavocats.com\\\/zh-hans\\\/jurisprudences\\\/tribunal-darrondissement-6-juillet-2023-18\\\/#breadcrumb\",\"itemListElement\":[{\"@type\":\"ListItem\",\"position\":1,\"name\":\"Home\",\"item\":\"https:\\\/\\\/kohenavocats.com\\\/zh-hans\\\/\"},{\"@type\":\"ListItem\",\"position\":2,\"name\":\"Jurisprudences\",\"item\":\"https:\\\/\\\/kohenavocats.com\\\/zh-hans\\\/jurisprudences\\\/\"},{\"@type\":\"ListItem\",\"position\":3,\"name\":\"Tribunal d&rsquo;arrondissement, 6 juillet 2023\"}]},{\"@type\":\"WebSite\",\"@id\":\"https:\\\/\\\/kohenavocats.com\\\/zh-hans\\\/#website\",\"url\":\"https:\\\/\\\/kohenavocats.com\\\/zh-hans\\\/\",\"name\":\"Kohen Avocats\",\"description\":\"Ma\u00eetre Hassan Kohen, avocat p\u00e9naliste \u00e0 Paris, intervient exclusivement en droit p\u00e9nal pour la d\u00e9fense des particuliers, notamment en mati\u00e8re d\u2019accusations de viol. Il assure un accompagnement rigoureux d\u00e8s la garde \u00e0 vue jusqu\u2019\u00e0 la Cour d\u2019assises, veillant au strict respect des garanties proc\u00e9durales.\",\"publisher\":{\"@id\":\"https:\\\/\\\/kohenavocats.com\\\/zh-hans\\\/#organization\"},\"potentialAction\":[{\"@type\":\"SearchAction\",\"target\":{\"@type\":\"EntryPoint\",\"urlTemplate\":\"https:\\\/\\\/kohenavocats.com\\\/zh-hans\\\/?s={search_term_string}\"},\"query-input\":{\"@type\":\"PropertyValueSpecification\",\"valueRequired\":true,\"valueName\":\"search_term_string\"}}],\"inLanguage\":\"zh-Hans\"},{\"@type\":\"Organization\",\"@id\":\"https:\\\/\\\/kohenavocats.com\\\/zh-hans\\\/#organization\",\"name\":\"Kohen Avocats\",\"url\":\"https:\\\/\\\/kohenavocats.com\\\/zh-hans\\\/\",\"logo\":{\"@type\":\"ImageObject\",\"inLanguage\":\"zh-Hans\",\"@id\":\"https:\\\/\\\/kohenavocats.com\\\/zh-hans\\\/#\\\/schema\\\/logo\\\/image\\\/\",\"url\":\"https:\\\/\\\/kohenavocats.com\\\/wp-content\\\/uploads\\\/2026\\\/01\\\/Logo-2-1.webp\",\"contentUrl\":\"https:\\\/\\\/kohenavocats.com\\\/wp-content\\\/uploads\\\/2026\\\/01\\\/Logo-2-1.webp\",\"width\":2114,\"height\":1253,\"caption\":\"Kohen Avocats\"},\"image\":{\"@id\":\"https:\\\/\\\/kohenavocats.com\\\/zh-hans\\\/#\\\/schema\\\/logo\\\/image\\\/\"}}]}<\/script>\n<!-- \/ Yoast SEO Premium plugin. -->","yoast_head_json":{"title":"Tribunal d'arrondissement, 6 juillet 2023 - Ma\u00eetre Hassan Kohen, avocat en droit p\u00e9nal \u00e0 Paris","robots":{"index":"index","follow":"follow","max-snippet":"max-snippet:-1","max-image-preview":"max-image-preview:large","max-video-preview":"max-video-preview:-1"},"canonical":"https:\/\/kohenavocats.com\/zh-hans\/jurisprudences\/tribunal-darrondissement-6-juillet-2023-18\/","og_locale":"zh_CN","og_type":"article","og_title":"Tribunal d'arrondissement, 6 juillet 2023","og_description":"Jugt no1535\/2023 Notice no32017\/20\/cd D\u00e9faut (opp. non avenue ex.p.1 x D E F A U T J u g e m e n t s u r O P P O S I T I O N AUDIENCE PUBLIQUE DU6 JUILLET2023 Le Tribunal d'arrondissement de\u2026","og_url":"https:\/\/kohenavocats.com\/zh-hans\/jurisprudences\/tribunal-darrondissement-6-juillet-2023-18\/","og_site_name":"Ma\u00eetre Hassan Kohen, avocat en droit p\u00e9nal \u00e0 Paris","article_modified_time":"2026-04-21T03:10:22+00:00","twitter_card":"summary_large_image","twitter_misc":{"\u9884\u8ba1\u9605\u8bfb\u65f6\u95f4":"4 \u5206"},"schema":{"@context":"https:\/\/schema.org","@graph":[{"@type":"WebPage","@id":"https:\/\/kohenavocats.com\/zh-hans\/jurisprudences\/tribunal-darrondissement-6-juillet-2023-18\/","url":"https:\/\/kohenavocats.com\/zh-hans\/jurisprudences\/tribunal-darrondissement-6-juillet-2023-18\/","name":"Tribunal d'arrondissement, 6 juillet 2023 - Ma\u00eetre Hassan Kohen, avocat en droit p\u00e9nal \u00e0 Paris","isPartOf":{"@id":"https:\/\/kohenavocats.com\/zh-hans\/#website"},"datePublished":"2026-04-21T03:10:19+00:00","dateModified":"2026-04-21T03:10:22+00:00","breadcrumb":{"@id":"https:\/\/kohenavocats.com\/zh-hans\/jurisprudences\/tribunal-darrondissement-6-juillet-2023-18\/#breadcrumb"},"inLanguage":"zh-Hans","potentialAction":[{"@type":"ReadAction","target":["https:\/\/kohenavocats.com\/zh-hans\/jurisprudences\/tribunal-darrondissement-6-juillet-2023-18\/"]}]},{"@type":"BreadcrumbList","@id":"https:\/\/kohenavocats.com\/zh-hans\/jurisprudences\/tribunal-darrondissement-6-juillet-2023-18\/#breadcrumb","itemListElement":[{"@type":"ListItem","position":1,"name":"Home","item":"https:\/\/kohenavocats.com\/zh-hans\/"},{"@type":"ListItem","position":2,"name":"Jurisprudences","item":"https:\/\/kohenavocats.com\/zh-hans\/jurisprudences\/"},{"@type":"ListItem","position":3,"name":"Tribunal d&rsquo;arrondissement, 6 juillet 2023"}]},{"@type":"WebSite","@id":"https:\/\/kohenavocats.com\/zh-hans\/#website","url":"https:\/\/kohenavocats.com\/zh-hans\/","name":"Kohen Avocats","description":"Ma\u00eetre Hassan Kohen, avocat p\u00e9naliste \u00e0 Paris, intervient exclusivement en droit p\u00e9nal pour la d\u00e9fense des particuliers, notamment en mati\u00e8re d\u2019accusations de viol. Il assure un accompagnement rigoureux d\u00e8s la garde \u00e0 vue jusqu\u2019\u00e0 la Cour d\u2019assises, veillant au strict respect des garanties proc\u00e9durales.","publisher":{"@id":"https:\/\/kohenavocats.com\/zh-hans\/#organization"},"potentialAction":[{"@type":"SearchAction","target":{"@type":"EntryPoint","urlTemplate":"https:\/\/kohenavocats.com\/zh-hans\/?s={search_term_string}"},"query-input":{"@type":"PropertyValueSpecification","valueRequired":true,"valueName":"search_term_string"}}],"inLanguage":"zh-Hans"},{"@type":"Organization","@id":"https:\/\/kohenavocats.com\/zh-hans\/#organization","name":"Kohen Avocats","url":"https:\/\/kohenavocats.com\/zh-hans\/","logo":{"@type":"ImageObject","inLanguage":"zh-Hans","@id":"https:\/\/kohenavocats.com\/zh-hans\/#\/schema\/logo\/image\/","url":"https:\/\/kohenavocats.com\/wp-content\/uploads\/2026\/01\/Logo-2-1.webp","contentUrl":"https:\/\/kohenavocats.com\/wp-content\/uploads\/2026\/01\/Logo-2-1.webp","width":2114,"height":1253,"caption":"Kohen Avocats"},"image":{"@id":"https:\/\/kohenavocats.com\/zh-hans\/#\/schema\/logo\/image\/"}}]}},"jetpack_likes_enabled":false,"jetpack_sharing_enabled":true,"_links":{"self":[{"href":"https:\/\/kohenavocats.com\/zh-hans\/wp-json\/wp\/v2\/kji_decision\/631638","targetHints":{"allow":["GET"]}}],"collection":[{"href":"https:\/\/kohenavocats.com\/zh-hans\/wp-json\/wp\/v2\/kji_decision"}],"about":[{"href":"https:\/\/kohenavocats.com\/zh-hans\/wp-json\/wp\/v2\/types\/kji_decision"}],"wp:attachment":[{"href":"https:\/\/kohenavocats.com\/zh-hans\/wp-json\/wp\/v2\/media?parent=631638"}],"wp:term":[{"taxonomy":"kji_country","embeddable":true,"href":"https:\/\/kohenavocats.com\/zh-hans\/wp-json\/wp\/v2\/kji_country?post=631638"},{"taxonomy":"kji_court","embeddable":true,"href":"https:\/\/kohenavocats.com\/zh-hans\/wp-json\/wp\/v2\/kji_court?post=631638"},{"taxonomy":"kji_chamber","embeddable":true,"href":"https:\/\/kohenavocats.com\/zh-hans\/wp-json\/wp\/v2\/kji_chamber?post=631638"},{"taxonomy":"kji_year","embeddable":true,"href":"https:\/\/kohenavocats.com\/zh-hans\/wp-json\/wp\/v2\/kji_year?post=631638"},{"taxonomy":"kji_subject","embeddable":true,"href":"https:\/\/kohenavocats.com\/zh-hans\/wp-json\/wp\/v2\/kji_subject?post=631638"},{"taxonomy":"kji_keyword","embeddable":true,"href":"https:\/\/kohenavocats.com\/zh-hans\/wp-json\/wp\/v2\/kji_keyword?post=631638"},{"taxonomy":"kji_language","embeddable":true,"href":"https:\/\/kohenavocats.com\/zh-hans\/wp-json\/wp\/v2\/kji_language?post=631638"}],"curies":[{"name":"wp","href":"https:\/\/api.w.org\/{rel}","templated":true}]}}