{"id":633863,"date":"2026-04-21T09:34:50","date_gmt":"2026-04-21T07:34:50","guid":{"rendered":"https:\/\/kohenavocats.com\/jurisprudences\/tribunal-federal-suisse-16-juin-2023-n-6b-935-2022\/"},"modified":"2026-04-21T09:34:50","modified_gmt":"2026-04-21T07:34:50","slug":"tribunal-federal-suisse-16-juin-2023-n-6b-935-2022","status":"publish","type":"kji_decision","link":"https:\/\/kohenavocats.com\/zh-hans\/jurisprudences\/tribunal-federal-suisse-16-juin-2023-n-6b-935-2022\/","title":{"rendered":"Tribunal f\u00e9d\u00e9ral suisse, 16 juin 2023, n\u00b0 6B 935-2022"},"content":{"rendered":"<div class=\"kji-decision\">\n<div class=\"kji-full-text\">\n<p>Bundesgericht<\/p>\n<p>Tribunal f\u00e9d\u00e9ral<\/p>\n<p>Tribunale federale<\/p>\n<p>Tribunal federal<\/p>\n<p>6B_935\/2022<\/p>\n<p>Arr\u00eat du 16 juin 2023<\/p>\n<p>Cour de droit p\u00e9nal<\/p>\n<p>Composition<\/p>\n<p>Mme et MM. les Juges f\u00e9d\u00e9raux Jacquemoud-Rossari, Pr\u00e9sidente, Muschietti et Hurni.<\/p>\n<p>Greffi\u00e8re : Mme Musy.<\/p>\n<p>Participants \u00e0 la proc\u00e9dure<\/p>\n<p>A.________,<\/p>\n<p>repr\u00e9sent\u00e9 par Me Patricia Michellod, avocate,<\/p>\n<p>recourant,<\/p>\n<p>contre<\/p>\n<p>Minist\u00e8re public central du canton de Vaud, avenue de Longemalle 1, 1020 Renens VD,<\/p>\n<p>intim\u00e9.<\/p>\n<p>Objet<\/p>\n<p>Conduite d&#039;un v\u00e9hicule d\u00e9fectueux; sursis,<\/p>\n<p>recours contre le jugement de la Cour d&#039;appel<\/p>\n<p>p\u00e9nale du Tribunal cantonal du canton de Vaud<\/p>\n<p>du 25 mai 2022 (n\u00b0 222 PE20.014979-AUI).<\/p>\n<p>Faits :<\/p>\n<p>A.<\/p>\n<p>Par jugement du 2 f\u00e9vrier 2022, le Tribunal de police de l&#039;arrondissement de La C\u00f4te a constat\u00e9 que A.________ s&#039;\u00e9tait rendu coupable d&#039;injure, de menaces, de conduite d&#039;un v\u00e9hicule d\u00e9fectueux et de conduite sans autorisation, l&#039;a condamn\u00e9 \u00e0 une peine privative de libert\u00e9 de 60 jours, \u00e0 une peine p\u00e9cuniaire de 10 jours-amende \u00e0 10 fr. le jour, et \u00e0 une amende de 300 fr., convertible en 3 jours de peine privative de libert\u00e9 de substitution en cas de non-paiement fautif dans le d\u00e9lai imparti.<\/p>\n<p>B.<\/p>\n<p>Par jugement du 25 mai 2022, la Cour d&#039;appel p\u00e9nale du Tribunal cantonal vaudois a rejet\u00e9 l&#039;appel form\u00e9 par A.________ \u00e0 l&#039;encontre du jugement de premi\u00e8re instance, qu&#039;elle a int\u00e9gralement confirm\u00e9. En substance, elle a retenu les faits suivants.<\/p>\n<p>B.a. A U.________, au Garage B.________, le 15 juin 2020, en raison d&#039;une forte animosit\u00e9 pr\u00e9existante, A.________ s&#039;est dirig\u00e9 vers son cousin C.________, sans invitation ni provocation pr\u00e9alable, l&#039;a injuri\u00e9, le traitant \u00e0 plusieurs reprises de &quot;trou du cul&quot; et l&#039;a menac\u00e9 en ses termes: &quot;je vais te casser la gueule, on va te retrouver en Normandie pour te casser les deux jambes, t&#039;inqui\u00e8te pas, on va s&#039;occuper de toi&quot;.<\/p>\n<p>B.b. A V.________, le 16 juillet 2020 vers 20h50, alors qu&#039;il faisait l&#039;objet d&#039;une mesure administrative de retrait de son permis de conduire valable du 3 juillet au 2 ao\u00fbt 2020, A.________ a circul\u00e9 au volant d&#039;un v\u00e9hicule D.________, dont la courroie principale \u00e9tait cass\u00e9e.<\/p>\n<p>B.c. A.________ a \u00e9t\u00e9 condamn\u00e9, le 18 f\u00e9vrier 2014, par le Tribunal correctionnel de Lons-le-Saunier (France), pour d\u00e9lit contre la Loi sur la protection de l&#039;environnement, soustraction de l&#039;imp\u00f4t selon la LTVA, circuler sans assurance responsabilit\u00e9 civile et usage abusif de permis et\/ou de plaques de contr\u00f4le, \u00e0 une peine privative de libert\u00e9 de 8 mois, avec sursis pendant 5 ans, et \u00e0 une amende de 23&#039;000 euros. Le 25 octobre 2016, il a \u00e9t\u00e9 condamn\u00e9, pour vol, \u00e0 une peine privative de libert\u00e9 de 4 mois par le Minist\u00e8re public du canton de Gen\u00e8ve. Enfin, le 4 novembre 2016, il a fait l&#039;objet d&#039;une condamnation \u00e0 une peine privative de libert\u00e9 de 7 mois et une amende de 900 fr., prononc\u00e9e par la Cour d&#039;appel p\u00e9nale du Tribunal cantonal vaudois, pour violence ou menace contre les autorit\u00e9s et les fonctionnaires, d\u00e9lit contre la Loi f\u00e9d\u00e9rale sur la protection de l&#039;environnement, d\u00e9lit contre la Loi f\u00e9d\u00e9rale sur la protection des eaux, circuler sans permis de circulation ou plaques de contr\u00f4le au sens de la Loi f\u00e9d\u00e9rale sur la circulation routi\u00e8re, circuler sans assurance-responsabilit\u00e9 civile au sens de la Loi f\u00e9d\u00e9rale sur la circulation routi\u00e8re, laisser conduire sans assurance-responsabilit\u00e9 civile au sens de la Loi f\u00e9d\u00e9rale sur la circulation routi\u00e8re, usage abusif de permis ou de plaques de contr\u00f4le, omission de porter les permis ou les autorisations au sens de la Loi f\u00e9d\u00e9rale sur la circulation routi\u00e8re, contravention \u00e0 l&#039;Ordonnance sur les r\u00e8gles de la circulation routi\u00e8re et emploi d&#039;\u00e9trangers sans autorisation.<\/p>\n<p>C.<\/p>\n<p>Contre le jugement cantonal du 25 mai 2022, A.________ forme un recours en mati\u00e8re p\u00e9nale devant le Tribunal f\u00e9d\u00e9ral. Il conclut, principalement, avec suite de frais et d\u00e9pens, \u00e0 la r\u00e9forme du jugement attaqu\u00e9 en ce sens qu&#039;il est lib\u00e9r\u00e9 du chef d&#039;accusation de conduite d&#039;un v\u00e9hicule d\u00e9fectueux, que la peine privative de libert\u00e9 de 60 jours est assortie du sursis et qu&#039;il est lib\u00e9r\u00e9 de l&#039;obligation de payer une amende de 300 francs. A titre subsidiaire, il requiert l&#039;annulation du jugement attaqu\u00e9 et le renvoi de la cause \u00e0 la cour cantonale pour nouvelle d\u00e9cision. Il sollicite par ailleurs le b\u00e9n\u00e9fice de l&#039;assistance judiciaire.<\/p>\n<p>Consid\u00e9rant en droit :<\/p>\n<p>1.<\/p>\n<p>En l&#039;esp\u00e8ce, l&#039;\u00e9criture du recourant s&#039;ouvre sur une section intitul\u00e9e &quot;bref expos\u00e9 des faits&quot;, dans laquelle le pr\u00e9nomm\u00e9 pr\u00e9sente sa propre version des \u00e9v\u00e9nements. Il ne cherche pas \u00e0 d\u00e9montrer, dans cette premi\u00e8re partie, en quoi ceux-ci auraient \u00e9t\u00e9 \u00e9tablis de mani\u00e8re arbitraire par la cour cantonale. On n&#039;examinera ces d\u00e9veloppements que dans la mesure o\u00f9, dans la suite de son m\u00e9moire, le recourant pr\u00e9sente, sur les m\u00eames points, une argumentation r\u00e9pondant aux exigences des art. 97 al. 1 et 105 al. 2 LTF.<\/p>\n<p>2.<\/p>\n<p>Le recourant se plaint d&#039;une violation de l&#039;art. 93 al. 2 let. a LCR et sollicite d&#039;\u00eatre lib\u00e9r\u00e9 de ce chef d&#039;infraction.<\/p>\n<p>2.1. En vertu de l&#039;art. 399 CPP, la d\u00e9claration d&#039;appel doit indiquer si le jugement est attaqu\u00e9 dans son ensemble ou seulement sur certaines parties. Dans ce dernier cas, l&#039;appelant est tenu de mentionner, dans sa d\u00e9claration d&#039;appel, de mani\u00e8re d\u00e9finitive, sur quelles parties porte l&#039;appel. L&#039;art. 399 al. 4 CPP \u00e9num\u00e8re, \u00e0 ses lettres a \u00e0 g, les parties du jugement qui peuvent \u00eatre attaqu\u00e9es s\u00e9par\u00e9ment. L&#039;appel peut ainsi notamment porter sur la question de la culpabilit\u00e9, le cas \u00e9ch\u00e9ant en rapport avec chacun des actes (let. a), sur la quotit\u00e9 de la peine (let. b) ou sur les mesures qui ont \u00e9t\u00e9 ordonn\u00e9es (let. c).<\/p>\n<p>Selon l&#039;art. 404 al. 1 CPP, la juridiction d&#039;appel n&#039;examine que les points attaqu\u00e9s du jugement de premi\u00e8re instance.<\/p>\n<p>2.2. A teneur du jugement entrepris, le recourant n&#039;a pas remis en cause sa condamnation pour injure, menaces, conduite d&#039;un v\u00e9hicule d\u00e9fectueux et conduite sans autorisation. Son appel, qui a \u00e9t\u00e9 rejet\u00e9, \u00e9tait en effet limit\u00e9 \u00e0 la partie du jugement concernant la fixation de la peine (cf. art. 399 al. 3 et 4 let. b CPP). Partant, la cour cantonale n&#039;\u00e9tait, en particulier, pas saisie de la question relative \u00e0 la culpabilit\u00e9 du recourant en lien avec l&#039;infraction de l&#039;art. 93 al. 2 let. a LCR. Le jugement de premi\u00e8re instance est entr\u00e9 en force de chose jug\u00e9e sur cet aspect et il ne saurait \u00eatre question d&#039;y revenir par le biais d&#039;un recours en mati\u00e8re p\u00e9nale au Tribunal f\u00e9d\u00e9ral. Partant, le grief soulev\u00e9 par le recourant \u00e0 l&#039;encontre de sa condamnation du chef de conduite d&#039;un v\u00e9hicule ne r\u00e9pondant pas aux prescriptions l\u00e9gales (art. 93 al. 2 let. a LCR) est irrecevable.<\/p>\n<p>3.<\/p>\n<p>Invoquant une violation de l&#039;art. 42 al. 1 CP, le recourant reproche \u00e0 la cour cantonale de ne pas avoir assorti la peine privative de libert\u00e9 du sursis.<\/p>\n<p>3.1. Aux termes de l&#039;art. 42 al. 1 CP, le juge suspend en r\u00e8gle g\u00e9n\u00e9rale l&#039;ex\u00e9cution d&#039;une peine p\u00e9cuniaire ou d&#039;une peine privative de libert\u00e9 de deux ans au plus lorsqu&#039;une peine ferme ne para\u00eet pas n\u00e9cessaire pour d\u00e9tourner l&#039;auteur d&#039;autres crimes ou d\u00e9lits. Pour l&#039;octroi du sursis, le juge doit poser un pronostic quant au comportement futur de l&#039;auteur. En l&#039;absence de pronostic d\u00e9favorable, il doit prononcer le sursis. Celui-ci est ainsi la r\u00e8gle dont le juge ne peut s&#039;\u00e9carter qu&#039;en pr\u00e9sence d&#039;un pronostic d\u00e9favorable ou hautement incertain (ATF 135 IV 180 consid. 2.1 p. 186; 134 IV 1 consid. 4.2.2 p. 6; arr\u00eat 6B_820\/2022 du 15 mai 2023 consid. 2.1). Pour formuler un pronostic sur l&#039;amendement de l&#039;auteur, le juge doit se livrer \u00e0 une appr\u00e9ciation d&#039;ensemble, tenant compte des circonstances de l&#039;infraction, des ant\u00e9c\u00e9dents de l&#039;auteur, de sa r\u00e9putation et de sa situation personnelle au moment du jugement, notamment de l&#039;\u00e9tat d&#039;esprit qu&#039;il manifeste. Il doit tenir compte de tous les \u00e9l\u00e9ments propres \u00e0 \u00e9clairer l&#039;ensemble du caract\u00e8re du pr\u00e9venu et ses chances d&#039;amendement. Il ne peut accorder un poids particulier \u00e0 certains crit\u00e8res et en n\u00e9gliger d&#039;autres qui sont pertinents (ATF 135 IV 180 consid. 2.1 p. 185 s.; 134 IV 1 consid. 4.2.1 p. 5). Le d\u00e9faut de prise de conscience de la faute peut justifier un pronostic d\u00e9favorable, car seul celui qui se repent de son acte m\u00e9rite la confiance que l&#039;on doit pouvoir accorder au condamn\u00e9 b\u00e9n\u00e9ficiant du sursis (arr\u00eats 6B_820\/2022 pr\u00e9cit\u00e9 consid. 2.1; 6B_566\/2022 du 18 janvier 2023 consid. 2.3). Les ant\u00e9c\u00e9dents pertinents doivent \u00eatre pris en compte de mani\u00e8re significative dans l&#039;\u00e9tablissement du pronostic; ils n&#039;excluent toutefois pas n\u00e9cessairement le sursis (arr\u00eats 6B_820\/2022 pr\u00e9cit\u00e9 consid. 2.1; 6B_696\/2021 du 1er novembre 2021 consid. 5.2; 6B_617\/2021 du 8 octobre 2021 consid. 1.3.1 et les r\u00e9f\u00e9rences cit\u00e9es). Dans l&#039;\u00e9mission du pronostic, le juge dispose d&#039;un large pouvoir d&#039;appr\u00e9ciation, de sorte que le Tribunal f\u00e9d\u00e9ral n&#039;intervient qu&#039;en cas d&#039;abus ou d&#039;exc\u00e8s de ce pouvoir (ATF 145 IV 137 consid. 2.2).<\/p>\n<p>3.2. La cour cantonale a jug\u00e9 que le pronostic \u00e9tait clairement d\u00e9favorable, de sorte que le sursis ne saurait \u00eatre accord\u00e9. Certes, l&#039;int\u00e9ress\u00e9 reconnaissait les infractions retenues \u00e0 son encontre. Il n&#039;en demeurait pas moins qu&#039;il avait d\u00e9j\u00e0 plusieurs ant\u00e9c\u00e9dents, dont plusieurs condamnations \u00e0 des peines privatives de libert\u00e9, qui n&#039;avaient \u00e0 l&#039;\u00e9vidence pas eu l&#039;effet escompt\u00e9. De plus, il rejetait la responsabilit\u00e9 de son comportement sur le plaignant et avait refus\u00e9 d&#039;entrer en mati\u00e8re sur une \u00e9ventuelle conciliation. Enfin, le minist\u00e8re public avait indiqu\u00e9, dans son courrier du 6 avril 2022, que le recourant faisait actuellement l&#039;objet d&#039;une nouvelle proc\u00e9dure p\u00e9nale, notamment ouverte pour infraction \u00e0 la LCR, ce qui tendait \u00e0 prouver &#8211; si besoin \u00e9tait encore &#8211; que les sanctions p\u00e9nales et les proc\u00e9dures en cours n&#039;\u00e9taient pas susceptibles de le d\u00e9tourner de la d\u00e9linquance.<\/p>\n<p>3.3. Le recourant fait grief \u00e0 la cour cantonale de ne pas avoir tenu compte des circonstances ayant entour\u00e9 la commission des infractions retenues, de son comportement depuis le d\u00e9but de l&#039;enqu\u00eate et, enfin, de l&#039;\u00e9volution de sa situation personnelle. En ce qui concerne la conduite sans permis d&#039;un v\u00e9hicule d\u00e9fectueux, il affirme n&#039;avoir pas cherch\u00e9 \u00e0 cacher qu&#039;il roulait sans permis, que son geste, consistant \u00e0 d\u00e9placer la voiture d\u00e9fectueuse, \u00e9tait anim\u00e9 par la volont\u00e9 d&#039;aider un ami et qu&#039;il avait roul\u00e9 avec cette voiture uniquement parce qu&#039;il savait qu&#039;apr\u00e8s avoir remplac\u00e9 la batterie, il pouvait conduire sans risque. En rapport avec les infractions de menaces et d&#039;injure, le recourant fait grief \u00e0 la cour cantonale d&#039;avoir omis le fait qu&#039;il \u00e9tait persuad\u00e9 que son cousin avait vol\u00e9 sa voiture, qu&#039;il avait initialement abord\u00e9 C.________ calmement et que ce dernier l&#039;avait \u00e9galement insult\u00e9. La cour cantonale aurait \u00e9galement d\u00fb tenir compte du fait que le conflit trouvait son origine dans un contexte familial et \u00e9motionnel particulier. Elle \u00e9tait ainsi tomb\u00e9e dans l&#039;arbitraire en le qualifiant de personne impulsive, incapable de garder son sang-froid et de se conformer aux r\u00e8gles.<\/p>\n<p>3.4. Le recourant ne remet pas valablement en cause l&#039;appr\u00e9ciation de la cour cantonale, se contentant d&#039;y opposer, de mani\u00e8re largement appellatoire, des constatations qui ne figurent pas dans l&#039;\u00e9tat de fait cantonal, sans pour autant exposer que les faits retenus l&#039;ont \u00e9t\u00e9 d&#039;une mani\u00e8re absolument inadmissible. Son argumentation est ainsi irrecevable (art. 106 al. 2 LTF). Au demeurant, les \u00e9l\u00e9ments invoqu\u00e9s ne sont pas significatifs au regard des crit\u00e8res permettant de poser le pronostic, que l&#039;autorit\u00e9 pr\u00e9c\u00e9dente n&#039;a pas m\u00e9connu. Ainsi, la cour cantonale s&#039;est fond\u00e9e, \u00e0 juste titre, sur les ant\u00e9c\u00e9dents du recourant, dont elle a relev\u00e9 qu&#039;ils lui avaient d\u00e9j\u00e0 valu pr\u00e8s d&#039;une ann\u00e9e de prison ferme, notamment pour des infractions \u00e0 la LCR. A cet \u00e9gard, le recourant n&#039;expose pas en quoi les circonstances qui avaient entour\u00e9 ses pr\u00e9c\u00e9dentes condamnations \u00e9taient diff\u00e9rentes de celles d&#039;aujourd&#039;hui comme il le pr\u00e9tend, ni, du reste, en quoi une telle distinction devrait conduire \u00e0 exclure un pronostic d\u00e9favorable. Par ailleurs, l&#039;autorit\u00e9 pr\u00e9c\u00e9dente a \u00e9galement tenu compte du fait que le recourant persistait \u00e0 rejeter la faute sur autrui. Dans ces conditions, elle pouvait consid\u00e9rer que le simple fait d&#039;avoir admis les actes reproch\u00e9s ne constituait pas un \u00e9l\u00e9ment d&#039;un poids suffisant en faveur d&#039;une prise de conscience. Pour le reste, le recourant ne fait valoir aucun d\u00e9veloppement positif dans sa situation personnelle qui ont pu avoir lieu depuis la commission des actes et dont la cour cantonale aurait omis de tenir compte.<\/p>\n<p>En d\u00e9finitive, il appara\u00eet que la cour cantonale a appr\u00e9ci\u00e9 de mani\u00e8re globale l&#039;ensemble des circonstances pertinentes. Compte tenu de ce qui pr\u00e9c\u00e8de, elle n&#039;a pas abus\u00e9 du large pouvoir d&#039;appr\u00e9ciation qui lui est accord\u00e9 en la mati\u00e8re. Le grief tir\u00e9 de la violation de l&#039;art. 42 al. 1 CP est donc infond\u00e9.<\/p>\n<p>4.<\/p>\n<p>Vu ce qui pr\u00e9c\u00e8de, le recours doit \u00eatre rejet\u00e9 dans la mesure o\u00f9 il est recevable. \u00c9tant donn\u00e9 qu&#039;il \u00e9tait d&#039;embl\u00e9e d\u00e9nu\u00e9 de chance de succ\u00e8s, l&#039;assistance judiciaire doit \u00eatre refus\u00e9e (art. 64 al. 1 LTF). Le recourant supporte les frais de la cause, qui seront fix\u00e9s en tenant compte de sa situation \u00e9conomique, qui n&#039;appara\u00eet pas favorable (art. 65 al. 2 et 66 al. 1 LTF).<\/p>\n<p>Par ces motifs, le Tribunal f\u00e9d\u00e9ral prononce :<\/p>\n<p>1.<\/p>\n<p>Le recours est rejet\u00e9 dans la mesure o\u00f9 il est recevable.<\/p>\n<p>2.<\/p>\n<p>La demande d&#039;assistance judiciaire est rejet\u00e9e.<\/p>\n<p>3.<\/p>\n<p>Les frais, arr\u00eat\u00e9s \u00e0 1&#039;200 fr., sont mis \u00e0 la charge du recourant.<\/p>\n<p>4.<\/p>\n<p>Le pr\u00e9sent arr\u00eat est communiqu\u00e9 aux parties et \u00e0 la Cour d&#039;appel p\u00e9nale du Tribunal cantonal du canton de Vaud.<\/p>\n<p>Lausanne, le 16 juin 2023<\/p>\n<p>Au nom de la Cour de droit p\u00e9nal<\/p>\n<p>du Tribunal f\u00e9d\u00e9ral suisse<\/p>\n<p>La Pr\u00e9sidente : Jacquemoud-Rossari<\/p>\n<p>La Greffi\u00e8re : Musy<\/p>\n<\/div>\n<hr class=\"kji-sep\" \/>\n<p class=\"kji-source-links\"><strong>Sources officielles :<\/strong> <a class=\"kji-source-link\" href=\"https:\/\/search.bger.ch\/ext\/eurospider\/live\/fr\/php\/aza\/http\/index.php?lang=fr&#038;type=highlight_simple_query&#038;page=7&#038;from_date=&#038;to_date=&#038;sort=relevance&#038;insertion_date=&#038;top_subcollection_aza=all&#038;query_words=droit+penal&#038;rank=64&#038;azaclir=aza&#038;highlight_docid=aza%3A%2F%2F16-06-2023-6B_935-2022&#038;number_of_ranks=14459\" target=\"_blank\" rel=\"noopener noreferrer\">consulter la page source<\/a><\/p>\n<p class=\"kji-license-note\"><em>Source officielle Tribunal federal suisse. Contenu HTML public, PDF non garanti en version gratuite.<\/em><\/p>\n<\/div>\n","protected":false},"excerpt":{"rendered":"<p>Bundesgericht Tribunal f\u00e9d\u00e9ral Tribunale federale Tribunal federal 6B_935\/2022 Arr\u00eat du 16 juin 2023 Cour de droit p\u00e9nal Composition Mme et MM. les Juges f\u00e9d\u00e9raux Jacquemoud-Rossari, Pr\u00e9sidente, Muschietti et Hurni. Greffi\u00e8re : Mme Musy. Participants \u00e0 la proc\u00e9dure A.________, repr\u00e9sent\u00e9 par Me Patricia Michellod, avocate, recourant, contre Minist\u00e8re public central du canton de Vaud, avenue de&#8230;<\/p>\n","protected":false},"featured_media":0,"template":"","meta":{"_crdt_document":""},"kji_country":[9676],"kji_court":[9677],"kji_chamber":[10143],"kji_year":[24566],"kji_subject":[7632],"kji_keyword":[9799,9679,9680,7636],"kji_language":[7733],"class_list":["post-633863","kji_decision","type-kji_decision","status-publish","hentry","kji_country-suisse","kji_court-tribunal-federal-suisse","kji_chamber-cour-de-droit-penal","kji_year-24566","kji_subject-penal","kji_keyword-bundesgericht","kji_keyword-federal","kji_keyword-suisse","kji_keyword-tribunal","kji_language-francais"],"yoast_head":"<!-- This site is optimized with the Yoast SEO Premium plugin v27.5 (Yoast SEO v27.5) - https:\/\/yoast.com\/product\/yoast-seo-premium-wordpress\/ -->\n<title>Tribunal f\u00e9d\u00e9ral suisse, 16 juin 2023, n\u00b0 6B 935-2022 - Ma\u00eetre Hassan Kohen, avocat en droit p\u00e9nal \u00e0 Paris<\/title>\n<meta name=\"robots\" content=\"index, follow, max-snippet:-1, max-image-preview:large, max-video-preview:-1\" \/>\n<link rel=\"canonical\" href=\"https:\/\/kohenavocats.com\/zh-hans\/jurisprudences\/tribunal-federal-suisse-16-juin-2023-n-6b-935-2022\/\" \/>\n<meta property=\"og:locale\" content=\"zh_CN\" \/>\n<meta property=\"og:type\" content=\"article\" \/>\n<meta property=\"og:title\" content=\"Tribunal f\u00e9d\u00e9ral suisse, 16 juin 2023, n\u00b0 6B 935-2022\" \/>\n<meta property=\"og:description\" content=\"Bundesgericht Tribunal f\u00e9d\u00e9ral Tribunale federale Tribunal federal 6B_935\/2022 Arr\u00eat du 16 juin 2023 Cour de droit p\u00e9nal Composition Mme et MM. les Juges f\u00e9d\u00e9raux Jacquemoud-Rossari, Pr\u00e9sidente, Muschietti et Hurni. Greffi\u00e8re : Mme Musy. Participants \u00e0 la proc\u00e9dure A.________, repr\u00e9sent\u00e9 par Me Patricia Michellod, avocate, recourant, contre Minist\u00e8re public central du canton de Vaud, avenue de...\" \/>\n<meta property=\"og:url\" content=\"https:\/\/kohenavocats.com\/zh-hans\/jurisprudences\/tribunal-federal-suisse-16-juin-2023-n-6b-935-2022\/\" \/>\n<meta property=\"og:site_name\" content=\"Ma\u00eetre Hassan Kohen, avocat en droit p\u00e9nal \u00e0 Paris\" \/>\n<meta name=\"twitter:card\" content=\"summary_large_image\" \/>\n<meta name=\"twitter:label1\" content=\"\u9884\u8ba1\u9605\u8bfb\u65f6\u95f4\" \/>\n\t<meta name=\"twitter:data1\" content=\"12 \u5206\" \/>\n<script type=\"application\/ld+json\" class=\"yoast-schema-graph\">{\"@context\":\"https:\\\/\\\/schema.org\",\"@graph\":[{\"@type\":\"WebPage\",\"@id\":\"https:\\\/\\\/kohenavocats.com\\\/zh-hans\\\/jurisprudences\\\/tribunal-federal-suisse-16-juin-2023-n-6b-935-2022\\\/\",\"url\":\"https:\\\/\\\/kohenavocats.com\\\/zh-hans\\\/jurisprudences\\\/tribunal-federal-suisse-16-juin-2023-n-6b-935-2022\\\/\",\"name\":\"Tribunal f\u00e9d\u00e9ral suisse, 16 juin 2023, n\u00b0 6B 935-2022 - Ma\u00eetre Hassan Kohen, avocat en droit p\u00e9nal \u00e0 Paris\",\"isPartOf\":{\"@id\":\"https:\\\/\\\/kohenavocats.com\\\/zh-hans\\\/#website\"},\"datePublished\":\"2026-04-21T07:34:50+00:00\",\"breadcrumb\":{\"@id\":\"https:\\\/\\\/kohenavocats.com\\\/zh-hans\\\/jurisprudences\\\/tribunal-federal-suisse-16-juin-2023-n-6b-935-2022\\\/#breadcrumb\"},\"inLanguage\":\"zh-Hans\",\"potentialAction\":[{\"@type\":\"ReadAction\",\"target\":[\"https:\\\/\\\/kohenavocats.com\\\/zh-hans\\\/jurisprudences\\\/tribunal-federal-suisse-16-juin-2023-n-6b-935-2022\\\/\"]}]},{\"@type\":\"BreadcrumbList\",\"@id\":\"https:\\\/\\\/kohenavocats.com\\\/zh-hans\\\/jurisprudences\\\/tribunal-federal-suisse-16-juin-2023-n-6b-935-2022\\\/#breadcrumb\",\"itemListElement\":[{\"@type\":\"ListItem\",\"position\":1,\"name\":\"Home\",\"item\":\"https:\\\/\\\/kohenavocats.com\\\/zh-hans\\\/\"},{\"@type\":\"ListItem\",\"position\":2,\"name\":\"Jurisprudences\",\"item\":\"https:\\\/\\\/kohenavocats.com\\\/zh-hans\\\/jurisprudences\\\/\"},{\"@type\":\"ListItem\",\"position\":3,\"name\":\"Tribunal f\u00e9d\u00e9ral suisse, 16 juin 2023, n\u00b0 6B 935-2022\"}]},{\"@type\":\"WebSite\",\"@id\":\"https:\\\/\\\/kohenavocats.com\\\/zh-hans\\\/#website\",\"url\":\"https:\\\/\\\/kohenavocats.com\\\/zh-hans\\\/\",\"name\":\"Kohen Avocats\",\"description\":\"Ma\u00eetre Hassan Kohen, avocat p\u00e9naliste \u00e0 Paris, intervient exclusivement en droit p\u00e9nal pour la d\u00e9fense des particuliers, notamment en mati\u00e8re d\u2019accusations de viol. Il assure un accompagnement rigoureux d\u00e8s la garde \u00e0 vue jusqu\u2019\u00e0 la Cour d\u2019assises, veillant au strict respect des garanties proc\u00e9durales.\",\"publisher\":{\"@id\":\"https:\\\/\\\/kohenavocats.com\\\/zh-hans\\\/#organization\"},\"potentialAction\":[{\"@type\":\"SearchAction\",\"target\":{\"@type\":\"EntryPoint\",\"urlTemplate\":\"https:\\\/\\\/kohenavocats.com\\\/zh-hans\\\/?s={search_term_string}\"},\"query-input\":{\"@type\":\"PropertyValueSpecification\",\"valueRequired\":true,\"valueName\":\"search_term_string\"}}],\"inLanguage\":\"zh-Hans\"},{\"@type\":\"Organization\",\"@id\":\"https:\\\/\\\/kohenavocats.com\\\/zh-hans\\\/#organization\",\"name\":\"Kohen Avocats\",\"url\":\"https:\\\/\\\/kohenavocats.com\\\/zh-hans\\\/\",\"logo\":{\"@type\":\"ImageObject\",\"inLanguage\":\"zh-Hans\",\"@id\":\"https:\\\/\\\/kohenavocats.com\\\/zh-hans\\\/#\\\/schema\\\/logo\\\/image\\\/\",\"url\":\"https:\\\/\\\/kohenavocats.com\\\/wp-content\\\/uploads\\\/2026\\\/01\\\/Logo-2-1.webp\",\"contentUrl\":\"https:\\\/\\\/kohenavocats.com\\\/wp-content\\\/uploads\\\/2026\\\/01\\\/Logo-2-1.webp\",\"width\":2114,\"height\":1253,\"caption\":\"Kohen Avocats\"},\"image\":{\"@id\":\"https:\\\/\\\/kohenavocats.com\\\/zh-hans\\\/#\\\/schema\\\/logo\\\/image\\\/\"}}]}<\/script>\n<!-- \/ Yoast SEO Premium plugin. -->","yoast_head_json":{"title":"Tribunal f\u00e9d\u00e9ral suisse, 16 juin 2023, n\u00b0 6B 935-2022 - Ma\u00eetre Hassan Kohen, avocat en droit p\u00e9nal \u00e0 Paris","robots":{"index":"index","follow":"follow","max-snippet":"max-snippet:-1","max-image-preview":"max-image-preview:large","max-video-preview":"max-video-preview:-1"},"canonical":"https:\/\/kohenavocats.com\/zh-hans\/jurisprudences\/tribunal-federal-suisse-16-juin-2023-n-6b-935-2022\/","og_locale":"zh_CN","og_type":"article","og_title":"Tribunal f\u00e9d\u00e9ral suisse, 16 juin 2023, n\u00b0 6B 935-2022","og_description":"Bundesgericht Tribunal f\u00e9d\u00e9ral Tribunale federale Tribunal federal 6B_935\/2022 Arr\u00eat du 16 juin 2023 Cour de droit p\u00e9nal Composition Mme et MM. les Juges f\u00e9d\u00e9raux Jacquemoud-Rossari, Pr\u00e9sidente, Muschietti et Hurni. Greffi\u00e8re : Mme Musy. Participants \u00e0 la proc\u00e9dure A.________, repr\u00e9sent\u00e9 par Me Patricia Michellod, avocate, recourant, contre Minist\u00e8re public central du canton de Vaud, avenue de...","og_url":"https:\/\/kohenavocats.com\/zh-hans\/jurisprudences\/tribunal-federal-suisse-16-juin-2023-n-6b-935-2022\/","og_site_name":"Ma\u00eetre Hassan Kohen, avocat en droit p\u00e9nal \u00e0 Paris","twitter_card":"summary_large_image","twitter_misc":{"\u9884\u8ba1\u9605\u8bfb\u65f6\u95f4":"12 \u5206"},"schema":{"@context":"https:\/\/schema.org","@graph":[{"@type":"WebPage","@id":"https:\/\/kohenavocats.com\/zh-hans\/jurisprudences\/tribunal-federal-suisse-16-juin-2023-n-6b-935-2022\/","url":"https:\/\/kohenavocats.com\/zh-hans\/jurisprudences\/tribunal-federal-suisse-16-juin-2023-n-6b-935-2022\/","name":"Tribunal f\u00e9d\u00e9ral suisse, 16 juin 2023, n\u00b0 6B 935-2022 - Ma\u00eetre Hassan Kohen, avocat en droit p\u00e9nal \u00e0 Paris","isPartOf":{"@id":"https:\/\/kohenavocats.com\/zh-hans\/#website"},"datePublished":"2026-04-21T07:34:50+00:00","breadcrumb":{"@id":"https:\/\/kohenavocats.com\/zh-hans\/jurisprudences\/tribunal-federal-suisse-16-juin-2023-n-6b-935-2022\/#breadcrumb"},"inLanguage":"zh-Hans","potentialAction":[{"@type":"ReadAction","target":["https:\/\/kohenavocats.com\/zh-hans\/jurisprudences\/tribunal-federal-suisse-16-juin-2023-n-6b-935-2022\/"]}]},{"@type":"BreadcrumbList","@id":"https:\/\/kohenavocats.com\/zh-hans\/jurisprudences\/tribunal-federal-suisse-16-juin-2023-n-6b-935-2022\/#breadcrumb","itemListElement":[{"@type":"ListItem","position":1,"name":"Home","item":"https:\/\/kohenavocats.com\/zh-hans\/"},{"@type":"ListItem","position":2,"name":"Jurisprudences","item":"https:\/\/kohenavocats.com\/zh-hans\/jurisprudences\/"},{"@type":"ListItem","position":3,"name":"Tribunal f\u00e9d\u00e9ral suisse, 16 juin 2023, n\u00b0 6B 935-2022"}]},{"@type":"WebSite","@id":"https:\/\/kohenavocats.com\/zh-hans\/#website","url":"https:\/\/kohenavocats.com\/zh-hans\/","name":"Kohen Avocats","description":"Ma\u00eetre Hassan Kohen, avocat p\u00e9naliste \u00e0 Paris, intervient exclusivement en droit p\u00e9nal pour la d\u00e9fense des particuliers, notamment en mati\u00e8re d\u2019accusations de viol. Il assure un accompagnement rigoureux d\u00e8s la garde \u00e0 vue jusqu\u2019\u00e0 la Cour d\u2019assises, veillant au strict respect des garanties proc\u00e9durales.","publisher":{"@id":"https:\/\/kohenavocats.com\/zh-hans\/#organization"},"potentialAction":[{"@type":"SearchAction","target":{"@type":"EntryPoint","urlTemplate":"https:\/\/kohenavocats.com\/zh-hans\/?s={search_term_string}"},"query-input":{"@type":"PropertyValueSpecification","valueRequired":true,"valueName":"search_term_string"}}],"inLanguage":"zh-Hans"},{"@type":"Organization","@id":"https:\/\/kohenavocats.com\/zh-hans\/#organization","name":"Kohen Avocats","url":"https:\/\/kohenavocats.com\/zh-hans\/","logo":{"@type":"ImageObject","inLanguage":"zh-Hans","@id":"https:\/\/kohenavocats.com\/zh-hans\/#\/schema\/logo\/image\/","url":"https:\/\/kohenavocats.com\/wp-content\/uploads\/2026\/01\/Logo-2-1.webp","contentUrl":"https:\/\/kohenavocats.com\/wp-content\/uploads\/2026\/01\/Logo-2-1.webp","width":2114,"height":1253,"caption":"Kohen Avocats"},"image":{"@id":"https:\/\/kohenavocats.com\/zh-hans\/#\/schema\/logo\/image\/"}}]}},"jetpack_likes_enabled":false,"jetpack_sharing_enabled":true,"_links":{"self":[{"href":"https:\/\/kohenavocats.com\/zh-hans\/wp-json\/wp\/v2\/kji_decision\/633863","targetHints":{"allow":["GET"]}}],"collection":[{"href":"https:\/\/kohenavocats.com\/zh-hans\/wp-json\/wp\/v2\/kji_decision"}],"about":[{"href":"https:\/\/kohenavocats.com\/zh-hans\/wp-json\/wp\/v2\/types\/kji_decision"}],"wp:attachment":[{"href":"https:\/\/kohenavocats.com\/zh-hans\/wp-json\/wp\/v2\/media?parent=633863"}],"wp:term":[{"taxonomy":"kji_country","embeddable":true,"href":"https:\/\/kohenavocats.com\/zh-hans\/wp-json\/wp\/v2\/kji_country?post=633863"},{"taxonomy":"kji_court","embeddable":true,"href":"https:\/\/kohenavocats.com\/zh-hans\/wp-json\/wp\/v2\/kji_court?post=633863"},{"taxonomy":"kji_chamber","embeddable":true,"href":"https:\/\/kohenavocats.com\/zh-hans\/wp-json\/wp\/v2\/kji_chamber?post=633863"},{"taxonomy":"kji_year","embeddable":true,"href":"https:\/\/kohenavocats.com\/zh-hans\/wp-json\/wp\/v2\/kji_year?post=633863"},{"taxonomy":"kji_subject","embeddable":true,"href":"https:\/\/kohenavocats.com\/zh-hans\/wp-json\/wp\/v2\/kji_subject?post=633863"},{"taxonomy":"kji_keyword","embeddable":true,"href":"https:\/\/kohenavocats.com\/zh-hans\/wp-json\/wp\/v2\/kji_keyword?post=633863"},{"taxonomy":"kji_language","embeddable":true,"href":"https:\/\/kohenavocats.com\/zh-hans\/wp-json\/wp\/v2\/kji_language?post=633863"}],"curies":[{"name":"wp","href":"https:\/\/api.w.org\/{rel}","templated":true}]}}