{"id":633884,"date":"2026-04-21T09:35:34","date_gmt":"2026-04-21T07:35:34","guid":{"rendered":"https:\/\/kohenavocats.com\/jurisprudences\/tribunal-darrondissement-15-juin-2023-10\/"},"modified":"2026-04-21T09:35:37","modified_gmt":"2026-04-21T07:35:37","slug":"tribunal-darrondissement-15-juin-2023-10","status":"publish","type":"kji_decision","link":"https:\/\/kohenavocats.com\/zh-hans\/jurisprudences\/tribunal-darrondissement-15-juin-2023-10\/","title":{"rendered":"Tribunal d&#8217;arrondissement, 15 juin 2023"},"content":{"rendered":"<div class=\"kji-decision\">\n<div class=\"kji-full-text\">\n<p>No.283\/2023 Audience publique dujeudi,15 juin2023 (Not.4630\/19\/XD)-SK Le tribunal d\u2019arrondissement de et \u00e0 Diekirch, si\u00e9geant en mati\u00e8re correctionnelle et en composition de juge unique, a rendu en son audience publique dujeudi,quinzejuindeux mille vingt-trois, le jugement qui suit dans la cause E N T R E Monsieur le Procureur d\u2019Etat, partie poursuivante suivant citation du15 f\u00e9vrier 2023, E T 1)PERSONNE1.), n\u00e9 leDATE1.)\u00e0ADRESSE1.), demeurant \u00e0 D-ADRESSE2.), ADRESSE2.) 2)PERSONNE2.), n\u00e9 leDATE2.)\u00e0ADRESSE1.), demeurant \u00e0ADRESSE3.), ADRESSE3.), pr\u00e9venus. ================================================= === F A I T S Apr\u00e8s l\u2019appel de la cause \u00e0 l\u2019audience publique dulundi20 mars2023, l\u2019affaire fut remise contradictoirement \u00e0 l\u2019audience du8 mai2023.<\/p>\n<p>2 Apr\u00e8s l\u2019appel de la cause \u00e0 l\u2019audience publique dulundi 8 mai2023, le pr\u00e9sident constata lesidentit\u00e9sdespr\u00e9venusPERSONNE1.)et PERSONNE2.), qui avaient comparu en personne, etilleurdonna connaissance de l\u2019acte ayant saisi le tribunal. Apr\u00e8s avoir \u00e9t\u00e9 avertisdeleurdroit de se taire et de ne pas s\u2019incriminer eux-m\u00eames,lespr\u00e9venusPERSONNE1.)etPERSONNE2.)furent interrog\u00e9set entendusenleursexplications et moyens de d\u00e9fense. Le Minist\u00e8re Public, repr\u00e9sent\u00e9 parGeorges SINNER,substitut principal du Procureur d\u2019Etat, fut entendu en son r\u00e9quisitoire. Les moyens du pr\u00e9venuPERSONNE1.)furent alors plus amplement d\u00e9velopp\u00e9s par Ma\u00eetre Michel BRAUSCH, avocat \u00e0 la Cour demeurant \u00e0 Diekirch. Les moyens du pr\u00e9venuPERSONNE2.)furent finalement plus amplement d\u00e9velopp\u00e9s par Ma\u00eetre Daniel BAULISCH, avocat \u00e0 la Cour demeurant \u00e0 Diekirch. Le tribunal prit l\u2019affaire en d\u00e9lib\u00e9r\u00e9 et fixa le prononc\u00e9 dujugement \u00e0 l\u2019audience publique dujeudi15 juin2023. A cette audience publique, le tribunal rendit le JUGEMENT qui suit: Vu lesproc\u00e8s-verbauxnum\u00e9ros40639 et 40640du 29 juillet 2019ainsi que le rapport num\u00e9ro 37792\/997 du 19 d\u00e9cembre 2019dress\u00e9s par le commissariat de police d\u2019Atert. Vu la citation \u00e0 pr\u00e9venudu15 f\u00e9vrier 2023(not.4630\/19\/XD). Le Parquet reproche \u00e0PERSONNE1.)etPERSONNE2.): \u00able 29 juillet 2019, vers 02.39 heures, dans l\u2019arrondissement judiciaire de Diekirch, \u00e0 L-ADRESSE4.), dans l\u2019enceinte de la piscine \u00abSOCIETE1.)\u00bb, sans pr\u00e9judice quant aux indications de temps et de lieu plus exactes, en infraction \u00e0 l\u2019article 528 du Code p\u00e9nal, avoir volontairement endommag\u00e9, d\u00e9truit ou d\u00e9t\u00e9rior\u00e9 les biens mobiliers d\u2019autrui, en l\u2019esp\u00e8ce, d\u2019avoir volontairement endommag\u00e9respectivement d\u00e9t\u00e9rior\u00e9 un parasol, une table ainsi que le mirador du ma\u00eetre-nageur, en les d\u00e9montant et en les jetant sur la couverture du bassin.\u00bb<\/p>\n<p>3 Les faits \u00e0 la base de la pr\u00e9sente affaire r\u00e9sultent \u00e0 suffisance des \u00e9l\u00e9ments du dossier soumis\u00e0 l\u2019appr\u00e9ciation de la chambre correctionnelleet de l\u2019instruction men\u00e9e \u00e0 l\u2019audience,etnotammentdes constatations polici\u00e8res et desd\u00e9clarationset aveux completsdespr\u00e9venus. Auvu de ce qui pr\u00e9c\u00e8de,PERSONNE1.)etPERSONNE2.)se trouvent convaincus: comme auteursquiont eux-m\u00eamescommis les faits, le29 juillet 2019 \u00e0 2.39 heures, \u00e0ADRESSE4.), dans l\u2019enceinte de la piscine\u00abSOCIETE1.)\u00bb, eninfraction \u00e0 l\u2019article 528 du Code p\u00e9nal, d\u2019avoir volontairement endommag\u00e9 et d\u00e9truit les biens mobiliers d\u2019autrui, en l\u2019esp\u00e8ce, d\u2019avoir volontairementendommag\u00e9 et d\u00e9t\u00e9rior\u00e9 un parasol, une table ainsi que le mirador du ma\u00eetre-nageur, en les d\u00e9montant et en les jetant sur la couverture du bassin. Aux termes de l\u2019article 528 du Code p\u00e9nal, l\u2019endommagementet la d\u00e9t\u00e9riorationvolontaire des biens mobiliers d\u2019autrui est puni d\u2019un emprisonnementdeunmois \u00e0 trois ans et d\u2019une amende de 251 euros \u00e0 10.000 euros ou d\u2019une de ces peines seulement. Dans l\u2019appr\u00e9ciation du quantum de la peine \u00e0 prononcer \u00e0 l\u2019\u00e9garddes pr\u00e9venus, la chambre correctionnelle tient compte d\u2019une part de la gravit\u00e9 objective des faitsretenus\u00e0leurcharge et d\u2019autre part deleurssituations personnelles. Au vu des circonstances de l\u2019affaireetnotammentdel\u2019absence d\u2019ant\u00e9c\u00e9dents judiciairesdans le chef dePERSONNE1.)etde PERSONNE2.), la chambre correctionnelle d\u00e9cide de condamnerles pr\u00e9venusdu chef del\u2019infraction retenue \u00e0leurcharge,\u00e0une amende d\u2019un montant de 500 euros. Parcesmotifs, le tribunal d\u2019arrondissement de et \u00e0 Diekirch, si\u00e9geant en mati\u00e8re correctionnelleet encompositiondejuge unique, statuant contradictoirement et en premi\u00e8re instance,lespr\u00e9venusPERSONNE1.) etPERSONNE2.)ainsi que leursmandataires,entendusenleurs<\/p>\n<p>4 explications et moyens de d\u00e9fense,le repr\u00e9sentant du Minist\u00e8re Public entendu en son r\u00e9quisitoire, condamnePERSONNE1.)du chef del\u2019infraction retenue \u00e0 sa charge \u00e0 uneamended\u2019un montantdeCINQ CENTS(500)EUROS, f i x ela dur\u00e9e de la contrainte par corps en cas de non-paiement de cette amende parPERSONNE1.)\u00e0CINQ (5) JOURS, c o n d a m n ePERSONNE2.)du chef de l\u2019infraction retenue \u00e0 sa charge \u00e0 une amende d\u2019un montant deCINQ CENTS (500) EUROS, f i x ela dur\u00e9e de la contrainte par corps en cas de non-paiementde cette amende parPERSONNE2.)\u00e0CINQ(5) JOURS, c o n d a m n ePERSONNE1.)etPERSONNE2.)solidairement aux frais de la poursuite p\u00e9nale, ces frais \u00e9tant liquid\u00e9s \u00e0 la somme de32,00euros. Par application des articles27, 28, 29, 30,66 et 528 du Code p\u00e9nal, et des articles 179, 182, 184, 185,187, 189, 190, 190-1, 194, 195 et 196du Code de proc\u00e9dure p\u00e9nale. Ainsi fait, jug\u00e9 et prononc\u00e9 en audience publique lejeudi15 juin2023au Palais de Justice \u00e0 Diekirch parRobert WELTER,premier vice-pr\u00e9sident, assist\u00e9 du greffierassum\u00e9 Danielle HASTERT, en pr\u00e9sence de Georges SINNER,substitut principal du Procureur d\u2019Etat, qui \u00e0 l\u2019exception du repr\u00e9sentant du Minist\u00e8re Public ont sign\u00e9 le pr\u00e9sent jugement. Ce jugement est susceptible d\u2019appel. L\u2019appel doit \u00eatre interjet\u00e9 dans les formes et d\u00e9lais pr\u00e9vus aux articles 202 et suivants du Code de proc\u00e9dure p\u00e9nale et il doit \u00eatre form\u00e9 par le pr\u00e9venu ou son avocat, la partie civile ainsi que la partie civilement responsable ou leurs avocats respectifs dans les40joursde la date du prononc\u00e9 du pr\u00e9sent jugement, aupr\u00e8s du greffe du Tribunal d\u2019arrondissement de Diekirch, en se pr\u00e9sentant personnellementpour signer l\u2019acte d\u2019appel.<\/p>\n<p>5 Si le pr\u00e9venu estd\u00e9tenu,il peut d\u00e9clarer son appel au greffe du Centrep\u00e9nitentiaire.<\/p>\n<\/div>\n<hr class=\"kji-sep\" \/>\n<p class=\"kji-source-links\"><strong>Sources officielles :<\/strong> <a class=\"kji-source-link\" href=\"https:\/\/data.public.lu\/fr\/datasets\/tribunal-darrondissement-diekirch\/\" target=\"_blank\" rel=\"noopener noreferrer\">consulter la page source<\/a> &middot; <a class=\"kji-pdf-link\" href=\"https:\/\/download.data.public.lu\/resources\/tribunal-darrondissement-diekirch\/20240808-143258\/20230615-tadpenal-283-pseudonymise-accessible.pdf\" target=\"_blank\" rel=\"noopener noreferrer\">PDF officiel<\/a><\/p>\n<p class=\"kji-license-note\"><em>Licence CC BY-ND 4.0 (Administration judiciaire, data.public.lu). Republication autorisee avec attribution, sans modification editoriale du texte integral.<\/em><\/p>\n<\/div>\n","protected":false},"excerpt":{"rendered":"<p>No.283\/2023 Audience publique dujeudi,15 juin2023 (Not.4630\/19\/XD)-SK Le tribunal d\u2019arrondissement de et \u00e0 Diekirch, si\u00e9geant en mati\u00e8re correctionnelle et en composition de juge unique, a rendu en son audience publique dujeudi,quinzejuindeux mille vingt-trois, le jugement qui suit dans la cause E N T R E Monsieur\u2026<\/p>\n","protected":false},"featured_media":0,"template":"","meta":{"_crdt_document":""},"kji_country":[8418],"kji_court":[23583],"kji_chamber":[],"kji_year":[24566],"kji_subject":[7724],"kji_keyword":[23584,23621,24185,23622,7636],"kji_language":[7733],"class_list":["post-633884","kji_decision","type-kji_decision","status-publish","hentry","kji_country-luxembourg","kji_court-tribunal-darrondissement","kji_year-24566","kji_subject-civil","kji_keyword-arrondissement","kji_keyword-audience","kji_keyword-dujeudi","kji_keyword-publique","kji_keyword-tribunal","kji_language-francais"],"yoast_head":"<!-- This site is optimized with the Yoast SEO Premium plugin v27.5 (Yoast SEO v27.5) - https:\/\/yoast.com\/product\/yoast-seo-premium-wordpress\/ -->\n<title>Tribunal d&#039;arrondissement, 15 juin 2023 - Ma\u00eetre Hassan Kohen, avocat en droit p\u00e9nal \u00e0 Paris<\/title>\n<meta name=\"robots\" content=\"index, follow, max-snippet:-1, max-image-preview:large, max-video-preview:-1\" \/>\n<link rel=\"canonical\" href=\"https:\/\/kohenavocats.com\/zh-hans\/jurisprudences\/tribunal-darrondissement-15-juin-2023-10\/\" \/>\n<meta property=\"og:locale\" content=\"zh_CN\" \/>\n<meta property=\"og:type\" content=\"article\" \/>\n<meta property=\"og:title\" content=\"Tribunal d&#039;arrondissement, 15 juin 2023\" \/>\n<meta property=\"og:description\" content=\"No.283\/2023 Audience publique dujeudi,15 juin2023 (Not.4630\/19\/XD)-SK Le tribunal d\u2019arrondissement de et \u00e0 Diekirch, si\u00e9geant en mati\u00e8re correctionnelle et en composition de juge unique, a rendu en son audience publique dujeudi,quinzejuindeux mille vingt-trois, le jugement qui suit dans la cause E N T R E Monsieur\u2026\" \/>\n<meta property=\"og:url\" content=\"https:\/\/kohenavocats.com\/zh-hans\/jurisprudences\/tribunal-darrondissement-15-juin-2023-10\/\" \/>\n<meta property=\"og:site_name\" content=\"Ma\u00eetre Hassan Kohen, avocat en droit p\u00e9nal \u00e0 Paris\" \/>\n<meta property=\"article:modified_time\" content=\"2026-04-21T07:35:37+00:00\" \/>\n<meta name=\"twitter:card\" content=\"summary_large_image\" \/>\n<meta name=\"twitter:label1\" content=\"\u9884\u8ba1\u9605\u8bfb\u65f6\u95f4\" \/>\n\t<meta name=\"twitter:data1\" content=\"5 \u5206\" \/>\n<script type=\"application\/ld+json\" class=\"yoast-schema-graph\">{\"@context\":\"https:\\\/\\\/schema.org\",\"@graph\":[{\"@type\":\"WebPage\",\"@id\":\"https:\\\/\\\/kohenavocats.com\\\/zh-hans\\\/jurisprudences\\\/tribunal-darrondissement-15-juin-2023-10\\\/\",\"url\":\"https:\\\/\\\/kohenavocats.com\\\/zh-hans\\\/jurisprudences\\\/tribunal-darrondissement-15-juin-2023-10\\\/\",\"name\":\"Tribunal d'arrondissement, 15 juin 2023 - Ma\u00eetre Hassan Kohen, avocat en droit p\u00e9nal \u00e0 Paris\",\"isPartOf\":{\"@id\":\"https:\\\/\\\/kohenavocats.com\\\/zh-hans\\\/#website\"},\"datePublished\":\"2026-04-21T07:35:34+00:00\",\"dateModified\":\"2026-04-21T07:35:37+00:00\",\"breadcrumb\":{\"@id\":\"https:\\\/\\\/kohenavocats.com\\\/zh-hans\\\/jurisprudences\\\/tribunal-darrondissement-15-juin-2023-10\\\/#breadcrumb\"},\"inLanguage\":\"zh-Hans\",\"potentialAction\":[{\"@type\":\"ReadAction\",\"target\":[\"https:\\\/\\\/kohenavocats.com\\\/zh-hans\\\/jurisprudences\\\/tribunal-darrondissement-15-juin-2023-10\\\/\"]}]},{\"@type\":\"BreadcrumbList\",\"@id\":\"https:\\\/\\\/kohenavocats.com\\\/zh-hans\\\/jurisprudences\\\/tribunal-darrondissement-15-juin-2023-10\\\/#breadcrumb\",\"itemListElement\":[{\"@type\":\"ListItem\",\"position\":1,\"name\":\"Home\",\"item\":\"https:\\\/\\\/kohenavocats.com\\\/zh-hans\\\/\"},{\"@type\":\"ListItem\",\"position\":2,\"name\":\"Jurisprudences\",\"item\":\"https:\\\/\\\/kohenavocats.com\\\/zh-hans\\\/jurisprudences\\\/\"},{\"@type\":\"ListItem\",\"position\":3,\"name\":\"Tribunal d&rsquo;arrondissement, 15 juin 2023\"}]},{\"@type\":\"WebSite\",\"@id\":\"https:\\\/\\\/kohenavocats.com\\\/zh-hans\\\/#website\",\"url\":\"https:\\\/\\\/kohenavocats.com\\\/zh-hans\\\/\",\"name\":\"Kohen Avocats\",\"description\":\"Ma\u00eetre Hassan Kohen, avocat p\u00e9naliste \u00e0 Paris, intervient exclusivement en droit p\u00e9nal pour la d\u00e9fense des particuliers, notamment en mati\u00e8re d\u2019accusations de viol. Il assure un accompagnement rigoureux d\u00e8s la garde \u00e0 vue jusqu\u2019\u00e0 la Cour d\u2019assises, veillant au strict respect des garanties proc\u00e9durales.\",\"publisher\":{\"@id\":\"https:\\\/\\\/kohenavocats.com\\\/zh-hans\\\/#organization\"},\"potentialAction\":[{\"@type\":\"SearchAction\",\"target\":{\"@type\":\"EntryPoint\",\"urlTemplate\":\"https:\\\/\\\/kohenavocats.com\\\/zh-hans\\\/?s={search_term_string}\"},\"query-input\":{\"@type\":\"PropertyValueSpecification\",\"valueRequired\":true,\"valueName\":\"search_term_string\"}}],\"inLanguage\":\"zh-Hans\"},{\"@type\":\"Organization\",\"@id\":\"https:\\\/\\\/kohenavocats.com\\\/zh-hans\\\/#organization\",\"name\":\"Kohen Avocats\",\"url\":\"https:\\\/\\\/kohenavocats.com\\\/zh-hans\\\/\",\"logo\":{\"@type\":\"ImageObject\",\"inLanguage\":\"zh-Hans\",\"@id\":\"https:\\\/\\\/kohenavocats.com\\\/zh-hans\\\/#\\\/schema\\\/logo\\\/image\\\/\",\"url\":\"https:\\\/\\\/kohenavocats.com\\\/wp-content\\\/uploads\\\/2026\\\/01\\\/Logo-2-1.webp\",\"contentUrl\":\"https:\\\/\\\/kohenavocats.com\\\/wp-content\\\/uploads\\\/2026\\\/01\\\/Logo-2-1.webp\",\"width\":2114,\"height\":1253,\"caption\":\"Kohen Avocats\"},\"image\":{\"@id\":\"https:\\\/\\\/kohenavocats.com\\\/zh-hans\\\/#\\\/schema\\\/logo\\\/image\\\/\"}}]}<\/script>\n<!-- \/ Yoast SEO Premium plugin. -->","yoast_head_json":{"title":"Tribunal d'arrondissement, 15 juin 2023 - Ma\u00eetre Hassan Kohen, avocat en droit p\u00e9nal \u00e0 Paris","robots":{"index":"index","follow":"follow","max-snippet":"max-snippet:-1","max-image-preview":"max-image-preview:large","max-video-preview":"max-video-preview:-1"},"canonical":"https:\/\/kohenavocats.com\/zh-hans\/jurisprudences\/tribunal-darrondissement-15-juin-2023-10\/","og_locale":"zh_CN","og_type":"article","og_title":"Tribunal d'arrondissement, 15 juin 2023","og_description":"No.283\/2023 Audience publique dujeudi,15 juin2023 (Not.4630\/19\/XD)-SK Le tribunal d\u2019arrondissement de et \u00e0 Diekirch, si\u00e9geant en mati\u00e8re correctionnelle et en composition de juge unique, a rendu en son audience publique dujeudi,quinzejuindeux mille vingt-trois, le jugement qui suit dans la cause E N T R E Monsieur\u2026","og_url":"https:\/\/kohenavocats.com\/zh-hans\/jurisprudences\/tribunal-darrondissement-15-juin-2023-10\/","og_site_name":"Ma\u00eetre Hassan Kohen, avocat en droit p\u00e9nal \u00e0 Paris","article_modified_time":"2026-04-21T07:35:37+00:00","twitter_card":"summary_large_image","twitter_misc":{"\u9884\u8ba1\u9605\u8bfb\u65f6\u95f4":"5 \u5206"},"schema":{"@context":"https:\/\/schema.org","@graph":[{"@type":"WebPage","@id":"https:\/\/kohenavocats.com\/zh-hans\/jurisprudences\/tribunal-darrondissement-15-juin-2023-10\/","url":"https:\/\/kohenavocats.com\/zh-hans\/jurisprudences\/tribunal-darrondissement-15-juin-2023-10\/","name":"Tribunal d'arrondissement, 15 juin 2023 - Ma\u00eetre Hassan Kohen, avocat en droit p\u00e9nal \u00e0 Paris","isPartOf":{"@id":"https:\/\/kohenavocats.com\/zh-hans\/#website"},"datePublished":"2026-04-21T07:35:34+00:00","dateModified":"2026-04-21T07:35:37+00:00","breadcrumb":{"@id":"https:\/\/kohenavocats.com\/zh-hans\/jurisprudences\/tribunal-darrondissement-15-juin-2023-10\/#breadcrumb"},"inLanguage":"zh-Hans","potentialAction":[{"@type":"ReadAction","target":["https:\/\/kohenavocats.com\/zh-hans\/jurisprudences\/tribunal-darrondissement-15-juin-2023-10\/"]}]},{"@type":"BreadcrumbList","@id":"https:\/\/kohenavocats.com\/zh-hans\/jurisprudences\/tribunal-darrondissement-15-juin-2023-10\/#breadcrumb","itemListElement":[{"@type":"ListItem","position":1,"name":"Home","item":"https:\/\/kohenavocats.com\/zh-hans\/"},{"@type":"ListItem","position":2,"name":"Jurisprudences","item":"https:\/\/kohenavocats.com\/zh-hans\/jurisprudences\/"},{"@type":"ListItem","position":3,"name":"Tribunal d&rsquo;arrondissement, 15 juin 2023"}]},{"@type":"WebSite","@id":"https:\/\/kohenavocats.com\/zh-hans\/#website","url":"https:\/\/kohenavocats.com\/zh-hans\/","name":"Kohen Avocats","description":"Ma\u00eetre Hassan Kohen, avocat p\u00e9naliste \u00e0 Paris, intervient exclusivement en droit p\u00e9nal pour la d\u00e9fense des particuliers, notamment en mati\u00e8re d\u2019accusations de viol. Il assure un accompagnement rigoureux d\u00e8s la garde \u00e0 vue jusqu\u2019\u00e0 la Cour d\u2019assises, veillant au strict respect des garanties proc\u00e9durales.","publisher":{"@id":"https:\/\/kohenavocats.com\/zh-hans\/#organization"},"potentialAction":[{"@type":"SearchAction","target":{"@type":"EntryPoint","urlTemplate":"https:\/\/kohenavocats.com\/zh-hans\/?s={search_term_string}"},"query-input":{"@type":"PropertyValueSpecification","valueRequired":true,"valueName":"search_term_string"}}],"inLanguage":"zh-Hans"},{"@type":"Organization","@id":"https:\/\/kohenavocats.com\/zh-hans\/#organization","name":"Kohen Avocats","url":"https:\/\/kohenavocats.com\/zh-hans\/","logo":{"@type":"ImageObject","inLanguage":"zh-Hans","@id":"https:\/\/kohenavocats.com\/zh-hans\/#\/schema\/logo\/image\/","url":"https:\/\/kohenavocats.com\/wp-content\/uploads\/2026\/01\/Logo-2-1.webp","contentUrl":"https:\/\/kohenavocats.com\/wp-content\/uploads\/2026\/01\/Logo-2-1.webp","width":2114,"height":1253,"caption":"Kohen Avocats"},"image":{"@id":"https:\/\/kohenavocats.com\/zh-hans\/#\/schema\/logo\/image\/"}}]}},"jetpack_likes_enabled":false,"jetpack_sharing_enabled":true,"_links":{"self":[{"href":"https:\/\/kohenavocats.com\/zh-hans\/wp-json\/wp\/v2\/kji_decision\/633884","targetHints":{"allow":["GET"]}}],"collection":[{"href":"https:\/\/kohenavocats.com\/zh-hans\/wp-json\/wp\/v2\/kji_decision"}],"about":[{"href":"https:\/\/kohenavocats.com\/zh-hans\/wp-json\/wp\/v2\/types\/kji_decision"}],"wp:attachment":[{"href":"https:\/\/kohenavocats.com\/zh-hans\/wp-json\/wp\/v2\/media?parent=633884"}],"wp:term":[{"taxonomy":"kji_country","embeddable":true,"href":"https:\/\/kohenavocats.com\/zh-hans\/wp-json\/wp\/v2\/kji_country?post=633884"},{"taxonomy":"kji_court","embeddable":true,"href":"https:\/\/kohenavocats.com\/zh-hans\/wp-json\/wp\/v2\/kji_court?post=633884"},{"taxonomy":"kji_chamber","embeddable":true,"href":"https:\/\/kohenavocats.com\/zh-hans\/wp-json\/wp\/v2\/kji_chamber?post=633884"},{"taxonomy":"kji_year","embeddable":true,"href":"https:\/\/kohenavocats.com\/zh-hans\/wp-json\/wp\/v2\/kji_year?post=633884"},{"taxonomy":"kji_subject","embeddable":true,"href":"https:\/\/kohenavocats.com\/zh-hans\/wp-json\/wp\/v2\/kji_subject?post=633884"},{"taxonomy":"kji_keyword","embeddable":true,"href":"https:\/\/kohenavocats.com\/zh-hans\/wp-json\/wp\/v2\/kji_keyword?post=633884"},{"taxonomy":"kji_language","embeddable":true,"href":"https:\/\/kohenavocats.com\/zh-hans\/wp-json\/wp\/v2\/kji_language?post=633884"}],"curies":[{"name":"wp","href":"https:\/\/api.w.org\/{rel}","templated":true}]}}