{"id":634121,"date":"2026-04-21T10:02:35","date_gmt":"2026-04-21T08:02:35","guid":{"rendered":"https:\/\/kohenavocats.com\/jurisprudences\/cour-superieure-de-justice-15-juin-2023-n-2020-00562\/"},"modified":"2026-04-21T10:02:39","modified_gmt":"2026-04-21T08:02:39","slug":"cour-superieure-de-justice-15-juin-2023-n-2020-00562","status":"publish","type":"kji_decision","link":"https:\/\/kohenavocats.com\/zh-hans\/jurisprudences\/cour-superieure-de-justice-15-juin-2023-n-2020-00562\/","title":{"rendered":"Cour sup\u00e9rieure de justice, 15 juin 2023, n\u00b0 2020-00562"},"content":{"rendered":"<div class=\"kji-decision\">\n<div class=\"kji-full-text\">\n<p>Arr\u00eat N\u00b0102\/23-VIII-TRAV Exempt-appel en mati\u00e8re de droit du travail Audience publique duquinze juindeux mille vingt-trois Num\u00e9ro CAL-2020-00562du r\u00f4le Composition: Elisabeth WEYRICH, pr\u00e9sident de chambre, Fran\u00e7oise ROSEN, premierconseiller, Yola SCHMIT, premier conseiller, Amra ADROVIC, greffier. Entre : la soci\u00e9t\u00e9 \u00e0 responsabilit\u00e9 limit\u00e9eSOCIETE1.),\u00e9tablie et ayant son si\u00e8ge social \u00e0 L-ADRESSE1.), inscrite au registre de commerce et des soci\u00e9t\u00e9s de Luxembourg sous le num\u00e9roNUMERO1.), repr\u00e9sent\u00e9e par song\u00e9rantactuellement en fonctions, partieappelanteaux termes d\u2019un exploit de l\u2019huissier de justiceGuy ENGELde Luxembourgen date du6 juillet 2020, comparant par la soci\u00e9t\u00e9 \u00e0 responsabilit\u00e9 limit\u00e9e Loyens &amp; Loeff Luxembourg, \u00e9tablie et ayant son si\u00e8ge social \u00e0 L-2540 Luxembourg, 18-20, rue Edward Steichen, repr\u00e9sent\u00e9e par son conseil de g\u00e9rance actuellement en fonctions, inscrite \u00e0 la listeV du Tableau de l&#039;Ordre des avocats du Barreau de Luxembourg, repr\u00e9sent\u00e9e aux fins de la pr\u00e9sente proc\u00e9dure par Ma\u00eetre Sabrina MARTIN, avocat \u00e0 laCour, demeurant \u00e0 Luxembourg, et: PERSONNE1.), demeurant \u00e0 F-ADRESSE2.), intim\u00e9aux fins du susdit exploitENGELdu6juillet 2020,<\/p>\n<p>2 comparant parMa\u00eetreAnne HERTZOG, avocat\u00e0 la Cour, demeurant \u00e0Luxembourg. &#8212;&#8212;&#8212;&#8212;&#8212;&#8212;&#8212;&#8212;&#8212;&#8212; LA COUR D\u2019APPEL Suivant contrat de travail \u00e0 dur\u00e9e ind\u00e9termin\u00e9e du 1 er f\u00e9vrier 2017, PERSONNE1.)a \u00e9t\u00e9 engag\u00e9 \u00e0 partir de cette date par la soci\u00e9t\u00e9 \u00e0 responsabilit\u00e9 limit\u00e9eSOCIETE1.) (ci-apr\u00e8s \u00abla soci\u00e9t\u00e9 SOCIETE1.)\u00bb) en qualit\u00e9 de \u00abTechnico-commercial\u00bb. Par courrier recommand\u00e9 du 15 d\u00e9cembre 2018,PERSONNE1.)a \u00e9t\u00e9 licenci\u00e9 moyennant un pr\u00e9avis de deux mois s\u2019\u00e9tendant du 15 d\u00e9cembre 2018 au 14 f\u00e9vrier 2019, \u00e9tendu d\u2019un commun accord jusqu\u2019au 28 f\u00e9vrier 2019. Par requ\u00eate du 22 mai 2019,PERSONNE1.)a fait convoquer la soci\u00e9t\u00e9SOCIETE1.)devant le tribunal du travail de Luxembourg pour voir d\u00e9clarer abusif son licenciement avec pr\u00e9avis et pour l\u2019entendre condamner \u00e0 lui payer 14.911,92 euros \u00e0 titre de pr\u00e9judice mat\u00e9riel, augment\u00e9 en cours d\u2019instance \u00e0 20.784,05 euros, 10.000 euros \u00e0 titre de pr\u00e9judice moral, 319,63 euros \u00e0 titre de commissions, 229,85 euros \u00e0 titre d\u2019indemnit\u00e9 compensatoire pour cong\u00e9s non pris, montant auquel il a renonc\u00e9 en cours d\u2019instance et 1.170 euros \u00e0 titre de frais et honoraires d\u2019avocat expos\u00e9s, ces montants avec les int\u00e9r\u00eats l\u00e9gaux \u00e0partir du jour du licenciement, sinon \u00e0 partir de la demande en justice, jusqu\u2019\u00e0 solde, ainsi qu\u2019une indemnit\u00e9 de proc\u00e9dure de 2.000 euros. Par jugement du 3 avril 2020, le tribunal du travail a d\u00e9clar\u00e9 la demande de PERSONNE1.) recevable, a d\u00e9clar\u00e9 abusif le licenciement avec pr\u00e9avis du 15 d\u00e9cembre 2018 et a d\u00e9clar\u00e9 fond\u00e9es les demandes en indemnisation etSOCIETE1.)a \u00e9t\u00e9 condamn\u00e9e\u00e0 payer \u00e0PERSONNE1.)la somme de 15.721,80 euros, avec les int\u00e9r\u00eats l\u00e9gaux \u00e0 partir de la demande en justice jusqu\u2019\u00e0 solde,dont 14.449,68 pour pr\u00e9judice mat\u00e9riel, 1.000 euros pour pr\u00e9judice moral et 272,12 euros au titre des commissions redues. La demande relative au remboursement desfrais et honoraires d\u2019avocatsur base des articles 1382 et suivants du Code civila \u00e9t\u00e9 rejet\u00e9e.L\u2019employeur a encore \u00e9t\u00e9 condamn\u00e9 aux frais et d\u00e9pens de l\u2019instance et \u00e0 payer au salari\u00e9 une indemnit\u00e9 de proc\u00e9dure de 1.000 euros. Statuant sur appel relev\u00e9 le 6 juillet 2020 par la soci\u00e9t\u00e9SOCIETE1.) contre le jugement du 3 avril 2020, la Cour d\u2019appel a rendu le 16 juin 2022 un arr\u00eat dont le dispositif estr\u00e9dig\u00e9 dans les termes suivants:<\/p>\n<p>3 \u00ablaCour d\u2019appel, huiti\u00e8me chambre, si\u00e9geant en mati\u00e8re de droit du travail, statuant contradictoirement, et conform\u00e9ment \u00e0 l\u2019article 2 de la loi modifi\u00e9e du 19 d\u00e9cembre 2020 portant adaptation temporaire de certaines modalit\u00e9s proc\u00e9durales en mati\u00e8re civileet commerciale; re\u00e7oit les appels principal et incident; les dit partiellement fond\u00e9s; r\u00e9formant: condamne la soci\u00e9t\u00e9 \u00e0 responsabilit\u00e9 limit\u00e9eSOCIETE1.)\u00e0 payer \u00e0 PERSONNE1.)la somme de 3.442,04 euros \u00e0 titre de dommage mat\u00e9riel; condamnela soci\u00e9t\u00e9 \u00e0 responsabilit\u00e9 limit\u00e9eSOCIETE1.)\u00e0 payer \u00e0 PERSONNE1.)la somme de 5.000 euros \u00e0 titre de frais et honoraires d\u2019avocat; confirme le jugement entrepris pour le surplus; rejette les demandes respectives des parties en obtention d\u2019une indemnit\u00e9 de proc\u00e9dure pour l\u2019instance d\u2019appel; condamne la soci\u00e9t\u00e9 \u00e0 responsabilit\u00e9 limit\u00e9eSOCIETE1.)aux frais et d\u00e9pens de l\u2019instance d\u2019appel.\u00bb Par requ\u00eate du 17 avril 2023,PERSONNE1.)demande \u00e0 la Cour de proc\u00e9der \u00e0 une rectification de cet arr\u00eat, pour avoir omis d\u2019int\u00e9grer au dispositif dudit arr\u00eat la condamnation de l\u2019employeur \u00e0 verser au salari\u00e9 des dommages-int\u00e9r\u00eats de 2.000 euros pour le pr\u00e9judice moral subi en raison de son licenciement abusif, condamnation pourtant mentionn\u00e9e dansla motivation de l\u2019arr\u00eat. La soci\u00e9t\u00e9SOCIETE1.)se rapporte \u00e0 prudence de justice. Il est admis que la rectification d\u2019une d\u00e9cision pour erreur mat\u00e9rielle n\u2019est concevable qu\u2019en pr\u00e9sence d\u2019une erreurpurement mat\u00e9rielle, notion \u00e0 interpr\u00e9ter stricto sensu, excluant toute inexactitude qui aurait \u00e0 son origine un raisonnement du juge. En l\u2019es\u00e8ce, il r\u00e9sulte des termes de l\u2019arr\u00eat (page 10 de l\u2019arr\u00eat du 16 juin 2022) que la Cour aapprouv\u00e9\u00able tribunaldu travail d\u2019avoir retenu que compte tenu de l\u2019\u00e2ge du salari\u00e9 au moment de son licenciement, il est ind\u00e9niable qu\u2019il a subi des difficult\u00e9s dans la recherche d\u2019un nouvel emploi et qu\u2019il s\u2019est fait des soucis pour son avenir. Compte tenu encore de sa faibleanciennet\u00e9 au sein de l\u2019appelante, mais de l\u2019atteinte \u00e0 sa dignit\u00e9 de salari\u00e9 licenci\u00e9 abusivement, la Cour retient,<\/p>\n<p>4 par r\u00e9formation, qu\u2019il y a lieu de lui allouer \u00e0 titre de dommage moral la somme de 2.000.-euros.\u00bb L\u2019omission d\u2019une condamnation de lasoci\u00e9t\u00e9SOCIETE1.)\u00e0 payer un montant de 2.000 euros \u00e0 titre de dommages-int\u00e9r\u00eats pour pr\u00e9judice moral \u00e0PERSONNE1.)constitue partant une simple erreur mat\u00e9rielle, de sorte qu\u2019il y a lieu de faire droit \u00e0 la demande en rectification. PAR CES MOTIFS la Cour d\u2019appel, huiti\u00e8me chambre, si\u00e9geant en mati\u00e8re de droit du travail, statuant contradictoirement, d\u00e9clare recevable et fond\u00e9e la requ\u00eate dePERSONNE1.); rectifiant, dit que le dispositif de l\u2019arr\u00eat rendu le 16 juin 2022 sous le num\u00e9ro 66\/21-VIII-TRAV se lit comme suit: \u00abla Cour d\u2019appel, huiti\u00e8me chambre, si\u00e9geant en mati\u00e8re de droit du travail, statuant contradictoirement, et conform\u00e9ment \u00e0 l\u2019article 2 de la loi modifi\u00e9e du 19 d\u00e9cembre 2020 portant adaptation temporaire de certaines modalit\u00e9sproc\u00e9durales en mati\u00e8re civile et commerciale; re\u00e7oit les appels principal et incident; les dit partiellement fond\u00e9s; r\u00e9formant: condamne la soci\u00e9t\u00e9 \u00e0 responsabilit\u00e9 limit\u00e9eSOCIETE1.)\u00e0 payer \u00e0 PERSONNE1.)la somme de 3.442,04 euros \u00e0 titre de dommage mat\u00e9riel; condamne la soci\u00e9t\u00e9 \u00e0 responsabilit\u00e9 limit\u00e9eSOCIETE1.)\u00e0 payer \u00e0 PERSONNE1.)le montant de 2.000 euros \u00e0 titre de dommage moral; condamne la soci\u00e9t\u00e9 \u00e0 responsabilit\u00e9 limit\u00e9eSOCIETE1.)\u00e0 payer \u00e0 PERSONNE1.)la somme de 5.000 euros \u00e0 titre de frais et honoraires d\u2019avocat; confirme le jugement entrepris pour le surplus; rejette les demandes respectives des parties en obtention d\u2019une indemnit\u00e9 de proc\u00e9dure pour l\u2019instance d\u2019appel;<\/p>\n<p>5 condamne lasoci\u00e9t\u00e9 \u00e0 responsabilit\u00e9 limit\u00e9eSOCIETE1.)aux frais et d\u00e9pens de l\u2019instance d\u2019appel.\u00bb ordonneque mention du pr\u00e9sent arr\u00eat sera faite en marge de la minute de l\u2019arr\u00eat rectifi\u00e9 et qu\u2019il ne sera plus d\u00e9livr\u00e9 d\u2019exp\u00e9dition ni d\u2019extrait de ce dernier sans la pr\u00e9sente rectification, laisse les frais de la proc\u00e9dure de rectification \u00e0 charge de l\u2019ETAT.<\/p>\n<\/div>\n<hr class=\"kji-sep\" \/>\n<p class=\"kji-source-links\"><strong>Sources officielles :<\/strong> <a class=\"kji-source-link\" href=\"https:\/\/data.public.lu\/fr\/datasets\/cour-superieure-de-justice-chambre-8\/\" target=\"_blank\" rel=\"noopener noreferrer\">consulter la page source<\/a> &middot; <a class=\"kji-pdf-link\" href=\"https:\/\/download.data.public.lu\/resources\/cour-superieure-de-justice-chambre-8\/20240827-212037\/20230615-ca8-cal-2020-00562-pseudonymise-accessible.pdf\" target=\"_blank\" rel=\"noopener noreferrer\">PDF officiel<\/a><\/p>\n<p class=\"kji-license-note\"><em>Licence CC BY-ND 4.0 (Administration judiciaire, data.public.lu). Republication autorisee avec attribution, sans modification editoriale du texte integral.<\/em><\/p>\n<\/div>\n","protected":false},"excerpt":{"rendered":"<p>Arr\u00eat N\u00b0102\/23-VIII-TRAV Exempt-appel en mati\u00e8re de droit du travail Audience publique duquinze juindeux mille vingt-trois Num\u00e9ro CAL-2020-00562du r\u00f4le Composition: Elisabeth WEYRICH, pr\u00e9sident de chambre, Fran\u00e7oise ROSEN, premierconseiller, Yola SCHMIT, premier conseiller, Amra ADROVIC, greffier. Entre : la soci\u00e9t\u00e9 \u00e0 responsabilit\u00e9 limit\u00e9eSOCIETE1.),\u00e9tablie et ayant son si\u00e8ge\u2026<\/p>\n","protected":false},"featured_media":0,"template":"","meta":{"_crdt_document":""},"kji_country":[8418],"kji_court":[12305],"kji_chamber":[21144],"kji_year":[24566],"kji_subject":[7724],"kji_keyword":[8683,9055,12307,21146],"kji_language":[7733],"class_list":["post-634121","kji_decision","type-kji_decision","status-publish","hentry","kji_country-luxembourg","kji_court-cour-superieure-de-justice","kji_chamber-chambre-8","kji_year-24566","kji_subject-civil","kji_keyword-arret","kji_keyword-justice","kji_keyword-superieure","kji_keyword-viii-trav","kji_language-francais"],"yoast_head":"<!-- This site is optimized with the Yoast SEO Premium plugin v27.4 (Yoast SEO v27.4) - https:\/\/yoast.com\/product\/yoast-seo-premium-wordpress\/ -->\n<title>Cour sup\u00e9rieure de justice, 15 juin 2023, n\u00b0 2020-00562 - Ma\u00eetre Hassan Kohen, avocat en droit p\u00e9nal \u00e0 Paris<\/title>\n<meta name=\"robots\" content=\"index, follow, max-snippet:-1, max-image-preview:large, max-video-preview:-1\" \/>\n<link rel=\"canonical\" href=\"https:\/\/kohenavocats.com\/zh-hans\/jurisprudences\/cour-superieure-de-justice-15-juin-2023-n-2020-00562\/\" \/>\n<meta property=\"og:locale\" content=\"zh_CN\" \/>\n<meta property=\"og:type\" content=\"article\" \/>\n<meta property=\"og:title\" content=\"Cour sup\u00e9rieure de justice, 15 juin 2023, n\u00b0 2020-00562\" \/>\n<meta property=\"og:description\" content=\"Arr\u00eat N\u00b0102\/23-VIII-TRAV Exempt-appel en mati\u00e8re de droit du travail Audience publique duquinze juindeux mille vingt-trois Num\u00e9ro CAL-2020-00562du r\u00f4le Composition: Elisabeth WEYRICH, pr\u00e9sident de chambre, Fran\u00e7oise ROSEN, premierconseiller, Yola SCHMIT, premier conseiller, Amra ADROVIC, greffier. Entre : la soci\u00e9t\u00e9 \u00e0 responsabilit\u00e9 limit\u00e9eSOCIETE1.),\u00e9tablie et ayant son si\u00e8ge\u2026\" \/>\n<meta property=\"og:url\" content=\"https:\/\/kohenavocats.com\/zh-hans\/jurisprudences\/cour-superieure-de-justice-15-juin-2023-n-2020-00562\/\" \/>\n<meta property=\"og:site_name\" content=\"Ma\u00eetre Hassan Kohen, avocat en droit p\u00e9nal \u00e0 Paris\" \/>\n<meta property=\"article:modified_time\" content=\"2026-04-21T08:02:39+00:00\" \/>\n<meta name=\"twitter:card\" content=\"summary_large_image\" \/>\n<meta name=\"twitter:label1\" content=\"\u9884\u8ba1\u9605\u8bfb\u65f6\u95f4\" \/>\n\t<meta name=\"twitter:data1\" content=\"6 \u5206\" \/>\n<script type=\"application\/ld+json\" class=\"yoast-schema-graph\">{\"@context\":\"https:\\\/\\\/schema.org\",\"@graph\":[{\"@type\":\"WebPage\",\"@id\":\"https:\\\/\\\/kohenavocats.com\\\/zh-hans\\\/jurisprudences\\\/cour-superieure-de-justice-15-juin-2023-n-2020-00562\\\/\",\"url\":\"https:\\\/\\\/kohenavocats.com\\\/zh-hans\\\/jurisprudences\\\/cour-superieure-de-justice-15-juin-2023-n-2020-00562\\\/\",\"name\":\"Cour sup\u00e9rieure de justice, 15 juin 2023, n\u00b0 2020-00562 - Ma\u00eetre Hassan Kohen, avocat en droit p\u00e9nal \u00e0 Paris\",\"isPartOf\":{\"@id\":\"https:\\\/\\\/kohenavocats.com\\\/zh-hans\\\/#website\"},\"datePublished\":\"2026-04-21T08:02:35+00:00\",\"dateModified\":\"2026-04-21T08:02:39+00:00\",\"breadcrumb\":{\"@id\":\"https:\\\/\\\/kohenavocats.com\\\/zh-hans\\\/jurisprudences\\\/cour-superieure-de-justice-15-juin-2023-n-2020-00562\\\/#breadcrumb\"},\"inLanguage\":\"zh-Hans\",\"potentialAction\":[{\"@type\":\"ReadAction\",\"target\":[\"https:\\\/\\\/kohenavocats.com\\\/zh-hans\\\/jurisprudences\\\/cour-superieure-de-justice-15-juin-2023-n-2020-00562\\\/\"]}]},{\"@type\":\"BreadcrumbList\",\"@id\":\"https:\\\/\\\/kohenavocats.com\\\/zh-hans\\\/jurisprudences\\\/cour-superieure-de-justice-15-juin-2023-n-2020-00562\\\/#breadcrumb\",\"itemListElement\":[{\"@type\":\"ListItem\",\"position\":1,\"name\":\"Home\",\"item\":\"https:\\\/\\\/kohenavocats.com\\\/zh-hans\\\/\"},{\"@type\":\"ListItem\",\"position\":2,\"name\":\"Jurisprudences\",\"item\":\"https:\\\/\\\/kohenavocats.com\\\/zh-hans\\\/jurisprudences\\\/\"},{\"@type\":\"ListItem\",\"position\":3,\"name\":\"Cour sup\u00e9rieure de justice, 15 juin 2023, n\u00b0 2020-00562\"}]},{\"@type\":\"WebSite\",\"@id\":\"https:\\\/\\\/kohenavocats.com\\\/zh-hans\\\/#website\",\"url\":\"https:\\\/\\\/kohenavocats.com\\\/zh-hans\\\/\",\"name\":\"Kohen Avocats\",\"description\":\"Ma\u00eetre Hassan Kohen, avocat p\u00e9naliste \u00e0 Paris, intervient exclusivement en droit p\u00e9nal pour la d\u00e9fense des particuliers, notamment en mati\u00e8re d\u2019accusations de viol. Il assure un accompagnement rigoureux d\u00e8s la garde \u00e0 vue jusqu\u2019\u00e0 la Cour d\u2019assises, veillant au strict respect des garanties proc\u00e9durales.\",\"publisher\":{\"@id\":\"https:\\\/\\\/kohenavocats.com\\\/zh-hans\\\/#organization\"},\"potentialAction\":[{\"@type\":\"SearchAction\",\"target\":{\"@type\":\"EntryPoint\",\"urlTemplate\":\"https:\\\/\\\/kohenavocats.com\\\/zh-hans\\\/?s={search_term_string}\"},\"query-input\":{\"@type\":\"PropertyValueSpecification\",\"valueRequired\":true,\"valueName\":\"search_term_string\"}}],\"inLanguage\":\"zh-Hans\"},{\"@type\":\"Organization\",\"@id\":\"https:\\\/\\\/kohenavocats.com\\\/zh-hans\\\/#organization\",\"name\":\"Kohen Avocats\",\"url\":\"https:\\\/\\\/kohenavocats.com\\\/zh-hans\\\/\",\"logo\":{\"@type\":\"ImageObject\",\"inLanguage\":\"zh-Hans\",\"@id\":\"https:\\\/\\\/kohenavocats.com\\\/zh-hans\\\/#\\\/schema\\\/logo\\\/image\\\/\",\"url\":\"https:\\\/\\\/kohenavocats.com\\\/wp-content\\\/uploads\\\/2026\\\/01\\\/Logo-2-1.webp\",\"contentUrl\":\"https:\\\/\\\/kohenavocats.com\\\/wp-content\\\/uploads\\\/2026\\\/01\\\/Logo-2-1.webp\",\"width\":2114,\"height\":1253,\"caption\":\"Kohen Avocats\"},\"image\":{\"@id\":\"https:\\\/\\\/kohenavocats.com\\\/zh-hans\\\/#\\\/schema\\\/logo\\\/image\\\/\"}}]}<\/script>\n<!-- \/ Yoast SEO Premium plugin. -->","yoast_head_json":{"title":"Cour sup\u00e9rieure de justice, 15 juin 2023, n\u00b0 2020-00562 - Ma\u00eetre Hassan Kohen, avocat en droit p\u00e9nal \u00e0 Paris","robots":{"index":"index","follow":"follow","max-snippet":"max-snippet:-1","max-image-preview":"max-image-preview:large","max-video-preview":"max-video-preview:-1"},"canonical":"https:\/\/kohenavocats.com\/zh-hans\/jurisprudences\/cour-superieure-de-justice-15-juin-2023-n-2020-00562\/","og_locale":"zh_CN","og_type":"article","og_title":"Cour sup\u00e9rieure de justice, 15 juin 2023, n\u00b0 2020-00562","og_description":"Arr\u00eat N\u00b0102\/23-VIII-TRAV Exempt-appel en mati\u00e8re de droit du travail Audience publique duquinze juindeux mille vingt-trois Num\u00e9ro CAL-2020-00562du r\u00f4le Composition: Elisabeth WEYRICH, pr\u00e9sident de chambre, Fran\u00e7oise ROSEN, premierconseiller, Yola SCHMIT, premier conseiller, Amra ADROVIC, greffier. Entre : la soci\u00e9t\u00e9 \u00e0 responsabilit\u00e9 limit\u00e9eSOCIETE1.),\u00e9tablie et ayant son si\u00e8ge\u2026","og_url":"https:\/\/kohenavocats.com\/zh-hans\/jurisprudences\/cour-superieure-de-justice-15-juin-2023-n-2020-00562\/","og_site_name":"Ma\u00eetre Hassan Kohen, avocat en droit p\u00e9nal \u00e0 Paris","article_modified_time":"2026-04-21T08:02:39+00:00","twitter_card":"summary_large_image","twitter_misc":{"\u9884\u8ba1\u9605\u8bfb\u65f6\u95f4":"6 \u5206"},"schema":{"@context":"https:\/\/schema.org","@graph":[{"@type":"WebPage","@id":"https:\/\/kohenavocats.com\/zh-hans\/jurisprudences\/cour-superieure-de-justice-15-juin-2023-n-2020-00562\/","url":"https:\/\/kohenavocats.com\/zh-hans\/jurisprudences\/cour-superieure-de-justice-15-juin-2023-n-2020-00562\/","name":"Cour sup\u00e9rieure de justice, 15 juin 2023, n\u00b0 2020-00562 - Ma\u00eetre Hassan Kohen, avocat en droit p\u00e9nal \u00e0 Paris","isPartOf":{"@id":"https:\/\/kohenavocats.com\/zh-hans\/#website"},"datePublished":"2026-04-21T08:02:35+00:00","dateModified":"2026-04-21T08:02:39+00:00","breadcrumb":{"@id":"https:\/\/kohenavocats.com\/zh-hans\/jurisprudences\/cour-superieure-de-justice-15-juin-2023-n-2020-00562\/#breadcrumb"},"inLanguage":"zh-Hans","potentialAction":[{"@type":"ReadAction","target":["https:\/\/kohenavocats.com\/zh-hans\/jurisprudences\/cour-superieure-de-justice-15-juin-2023-n-2020-00562\/"]}]},{"@type":"BreadcrumbList","@id":"https:\/\/kohenavocats.com\/zh-hans\/jurisprudences\/cour-superieure-de-justice-15-juin-2023-n-2020-00562\/#breadcrumb","itemListElement":[{"@type":"ListItem","position":1,"name":"Home","item":"https:\/\/kohenavocats.com\/zh-hans\/"},{"@type":"ListItem","position":2,"name":"Jurisprudences","item":"https:\/\/kohenavocats.com\/zh-hans\/jurisprudences\/"},{"@type":"ListItem","position":3,"name":"Cour sup\u00e9rieure de justice, 15 juin 2023, n\u00b0 2020-00562"}]},{"@type":"WebSite","@id":"https:\/\/kohenavocats.com\/zh-hans\/#website","url":"https:\/\/kohenavocats.com\/zh-hans\/","name":"Kohen Avocats","description":"Ma\u00eetre Hassan Kohen, avocat p\u00e9naliste \u00e0 Paris, intervient exclusivement en droit p\u00e9nal pour la d\u00e9fense des particuliers, notamment en mati\u00e8re d\u2019accusations de viol. Il assure un accompagnement rigoureux d\u00e8s la garde \u00e0 vue jusqu\u2019\u00e0 la Cour d\u2019assises, veillant au strict respect des garanties proc\u00e9durales.","publisher":{"@id":"https:\/\/kohenavocats.com\/zh-hans\/#organization"},"potentialAction":[{"@type":"SearchAction","target":{"@type":"EntryPoint","urlTemplate":"https:\/\/kohenavocats.com\/zh-hans\/?s={search_term_string}"},"query-input":{"@type":"PropertyValueSpecification","valueRequired":true,"valueName":"search_term_string"}}],"inLanguage":"zh-Hans"},{"@type":"Organization","@id":"https:\/\/kohenavocats.com\/zh-hans\/#organization","name":"Kohen Avocats","url":"https:\/\/kohenavocats.com\/zh-hans\/","logo":{"@type":"ImageObject","inLanguage":"zh-Hans","@id":"https:\/\/kohenavocats.com\/zh-hans\/#\/schema\/logo\/image\/","url":"https:\/\/kohenavocats.com\/wp-content\/uploads\/2026\/01\/Logo-2-1.webp","contentUrl":"https:\/\/kohenavocats.com\/wp-content\/uploads\/2026\/01\/Logo-2-1.webp","width":2114,"height":1253,"caption":"Kohen Avocats"},"image":{"@id":"https:\/\/kohenavocats.com\/zh-hans\/#\/schema\/logo\/image\/"}}]}},"jetpack_likes_enabled":false,"jetpack_sharing_enabled":true,"_links":{"self":[{"href":"https:\/\/kohenavocats.com\/zh-hans\/wp-json\/wp\/v2\/kji_decision\/634121","targetHints":{"allow":["GET"]}}],"collection":[{"href":"https:\/\/kohenavocats.com\/zh-hans\/wp-json\/wp\/v2\/kji_decision"}],"about":[{"href":"https:\/\/kohenavocats.com\/zh-hans\/wp-json\/wp\/v2\/types\/kji_decision"}],"wp:attachment":[{"href":"https:\/\/kohenavocats.com\/zh-hans\/wp-json\/wp\/v2\/media?parent=634121"}],"wp:term":[{"taxonomy":"kji_country","embeddable":true,"href":"https:\/\/kohenavocats.com\/zh-hans\/wp-json\/wp\/v2\/kji_country?post=634121"},{"taxonomy":"kji_court","embeddable":true,"href":"https:\/\/kohenavocats.com\/zh-hans\/wp-json\/wp\/v2\/kji_court?post=634121"},{"taxonomy":"kji_chamber","embeddable":true,"href":"https:\/\/kohenavocats.com\/zh-hans\/wp-json\/wp\/v2\/kji_chamber?post=634121"},{"taxonomy":"kji_year","embeddable":true,"href":"https:\/\/kohenavocats.com\/zh-hans\/wp-json\/wp\/v2\/kji_year?post=634121"},{"taxonomy":"kji_subject","embeddable":true,"href":"https:\/\/kohenavocats.com\/zh-hans\/wp-json\/wp\/v2\/kji_subject?post=634121"},{"taxonomy":"kji_keyword","embeddable":true,"href":"https:\/\/kohenavocats.com\/zh-hans\/wp-json\/wp\/v2\/kji_keyword?post=634121"},{"taxonomy":"kji_language","embeddable":true,"href":"https:\/\/kohenavocats.com\/zh-hans\/wp-json\/wp\/v2\/kji_language?post=634121"}],"curies":[{"name":"wp","href":"https:\/\/api.w.org\/{rel}","templated":true}]}}