{"id":635718,"date":"2026-04-21T13:10:55","date_gmt":"2026-04-21T11:10:55","guid":{"rendered":"https:\/\/kohenavocats.com\/jurisprudences\/cour-superieure-de-justice-6-juin-2023-n-2023-00260\/"},"modified":"2026-04-21T13:10:58","modified_gmt":"2026-04-21T11:10:58","slug":"cour-superieure-de-justice-6-juin-2023-n-2023-00260","status":"publish","type":"kji_decision","link":"https:\/\/kohenavocats.com\/zh-hans\/jurisprudences\/cour-superieure-de-justice-6-juin-2023-n-2023-00260\/","title":{"rendered":"Cour sup\u00e9rieure de justice, 6 juin 2023, n\u00b0 2023-00260"},"content":{"rendered":"<div class=\"kji-decision\">\n<div class=\"kji-full-text\">\n<p>1 Arr\u00eat N\u00b0117\/23IV-COM Arr\u00eat commercial-faillite Audience publique dusix juindeux millevingt-trois Num\u00e9roCAL-2023-00260du r\u00f4le Composition: Marianne EICHER,pr\u00e9sident de chambre; Mich\u00e8le HORNICK, conseiller; Caroline ENGEL, conseiller; Eric VILVENS, greffier. E n t r e la soci\u00e9t\u00e9\u00e0 responsabilit\u00e9 limit\u00e9eSOCIETE1.),\u00e9tablie etayantson si\u00e8ge social \u00e0L-ADRESSE1.),repr\u00e9sent\u00e9e par song\u00e9rant,inscrite au Registre deCommerce et desSoci\u00e9t\u00e9s de Luxembourg sous le num\u00e9roNUMERO1.), appelanteaux termes d\u2019un acte de l&#039;huissier de justicesuppl\u00e9ant Laura Geigeren remplacement de l\u2019huissier de justiceMartine Lis\u00e9, les deux demeurant \u00e0Luxembourg,du 24f\u00e9vrier 2023, comparant parMa\u00eetreCristofor Macovei, avocat \u00e0 laCour,demeurant \u00e0 Luxembourg, et 1)Ma\u00eetreCarmen RIMONDINI,avocat \u00e0 la Cour, demeurant professionnellement \u00e0 L-2520 Luxembourg, 21, All\u00e9e Scheffer, prise<\/p>\n<p>2 en sa qualit\u00e9 de curateur de la faillite de la soci\u00e9t\u00e9 \u00e0 responsabilit\u00e9 limit\u00e9eSOCIETE1.),d\u00e9clar\u00e9e en \u00e9tat de faillite par jugement du tribunal d&#039;arrondissement de Luxembourg du 9 d\u00e9cembre 2022, intim\u00e9eaux fins dupr\u00e9dit acteGeiger, comparant parelle-m\u00eame, 2) Monsieurle Receveur-Pr\u00e9pos\u00e9 du bureau de Recette des Contributions de Luxembourg, ayant ses bureaux \u00e0 L-2982 Luxembourg, 18, rue du Fort Wedell, intim\u00e9aux fins dupr\u00e9dit acteGeiger, comparant par Ma\u00eetre Claude Schmartz, avocat \u00e0 la Cour, demeurant \u00e0Bofferdange. LA COURD\u2019APPEL Par jugement du 9 d\u00e9cembre 2022, le tribunal d\u2019arrondissement de Luxembourg, si\u00e9geant en mati\u00e8re commerciale, statuant par d\u00e9faut, a d\u00e9clar\u00e9 en \u00e9tat de faillite la soci\u00e9t\u00e9 \u00e0 responsabilit\u00e9 limit\u00e9e SOCIETE1.)(ci-apr\u00e8s \u00abSOCIETE2.)\u00bb) sur assignation de Monsieur le Receveur-Pr\u00e9pos\u00e9 du bureau de Recette des Contributions de Luxembourg (ci-apr\u00e8s \u00ab Monsieur le Receveur \u00bb) qui se pr\u00e9valait d\u2019une cr\u00e9ance fiscale de 7.348,77 euros. De ce jugement, qui n\u2019a pas \u00e9t\u00e9 signifi\u00e9,SOCIETE2.)a relev\u00e9 appel suivant acte d\u2019huissier de justice du 24 f\u00e9vrier 2023. SOCIETE2.)conclut, par r\u00e9formation, \u00e0 voir rabattre le jugement de faillite et \u00e0 voir d\u00e9bouter Monsieur le Receveur de sa demande en allocation d\u2019une indemnit\u00e9 de proc\u00e9dure. L\u2019appelante pr\u00e9cise que sur le compte-tiers de son mandataire, elle a consign\u00e9 les fonds n\u00e9cessaires pour r\u00e9gler le passif de la faillite ainsi que les frais et honoraires du curateur. Elle fait valoir que les conditions de la faillite ne sont pas donn\u00e9es,en ce qu\u2019au jour de l\u2019assignation en faillite, elle n\u2019\u00e9tait pas en cessation de paiement et que son cr\u00e9dit n\u2019\u00e9tait pas \u00e9branl\u00e9. Monsieur le Receveur se rapporte \u00e0 prudence de justice concernant la recevabilit\u00e9 de l\u2019appel. Au fond, vu la consignation du montant total de 18.285,50 euros sur le compte-tiers du mandataire d\u2019SOCIETE2.) et sous r\u00e9serve de l\u2019engagement de celui-ci de r\u00e9gler sa cr\u00e9ance, il ne s\u2019oppose pas au rabattement de la faillite, mais r\u00e9clame le paiement<\/p>\n<p>3 d\u2019une indemnit\u00e9 de proc\u00e9dure de 750 euros sur base de l\u2019article 240 du Nouveau Code de proc\u00e9dure civile. Le curateur pr\u00e9cise que le passif de la faillite s\u2019\u00e9l\u00e8ve \u00e0 9.694,72 euros, comprenant une d\u00e9claration de l\u2019Administration des contributions directes pour le montant de 7.015,62 euros, uned\u00e9claration de l\u2019Administration de l\u2019enregistrement des domaines et de la TVA pour le montant de 2.329,10 euros et une d\u00e9claration de cr\u00e9ance de la Chambre de commerce pour le montant de 350 euros. Le montant consign\u00e9 de 18.285,50 euros sur le compte-tiersdu mandataire serait suffisant pour apurer le passif ensemble avec les frais et honoraires du curateur suivant l\u2019engagement de l\u2019appelante. Le curateur ne s\u2019opposepartant pas au rabattement de la faillite. Ilsollicite la condamnation d\u2019SOCIETE2.)aux frais et d\u00e9pens des deux instances avec distraction \u00e0 son profit, affirmant en avoir fait l\u2019avance. Appr\u00e9ciation Monsieur le Receveur qui s\u2019est rapport\u00e9 \u00e0 prudence de justice quant \u00e0 la recevabilit\u00e9 de l\u2019acte d\u2019appel, est rest\u00e9 en d\u00e9faut de pr\u00e9ciser son moyen. L\u2019appel est recevable pour avoir \u00e9t\u00e9 introduit dans les forme et d\u00e9lai de la loi. Ilincombe\u00e0lasoci\u00e9t\u00e9demanderessedurabattementdelafaillitede prouverqu\u2019ellenesetrouvaitpasaumomentduprononc\u00e9du jugementd\u00e9claratifen\u00e9tatdefailliteausensdel\u2019article437duCode decommerce,end\u2019autrestermesqu\u2019ellen\u2019\u00e9taitpasen\u00e9tatde cessationdespaiementsetquesoncr\u00e9ditn\u2019\u00e9taitpas\u00e9branl\u00e9. Lasituationdelacessationdespaiementss\u2019analyseaujourdu jugementd\u00e9claratifdefaillite. Lacessationdespaiementsestlefaitmat\u00e9rielducommer\u00e7antqui, n\u2019honorantplussesdettesliquidesetexigibles,aarr\u00eat\u00e9son mouvementdecaisse.Iln\u2019estpasrequisquelecommer\u00e7antaitcess\u00e9 toussespaiements,maisilfautqu\u2019ilaitcess\u00e9sesprincipaux paiements. Ilya\u00e9branlementducr\u00e9ditlorsquelacessationdespaiementsporte atteinteaucr\u00e9dit,\u00e0lasolvabilit\u00e9dud\u00e9biteur,comprometl\u2019ensemble desesop\u00e9rationsoulorsquelacessationdespaiementsestla cons\u00e9quenced\u2019unmanquedecr\u00e9dit.L\u2019\u00e9branlementdecr\u00e9ditimplique lerefusdetoutcr\u00e9ditparlescr\u00e9anciers,parlesfournisseursetparles bailleursdefonds,enraisond\u2019unecarencenotoire.<\/p>\n<p>4 Suivantlespi\u00e8cesvers\u00e9esaudossier,lasommede18.285,50euros a\u00e9t\u00e9vir\u00e9esurlecomptedumandataired\u2019SOCIETE2.),destin\u00e9e\u00e0 d\u00e9sint\u00e9resserlescr\u00e9anciersetr\u00e9glerlesfraisethonorairesdu curateur. Suivantlesconclusionsducurateur,cettesommeestsuffisante\u00e0ces fins. Ilfautconcluredecequipr\u00e9c\u00e8dequelenon-paiementdelacr\u00e9ance ayantdonn\u00e9lieuauprononc\u00e9delafaillite\u00e9taitd\u00fb\u00e0un dysfonctionnementmomentan\u00e9etquelasoci\u00e9t\u00e9appelanten\u2019\u00e9tait pas,aumomentduprononc\u00e9delafaillite,en\u00e9tatdecessationdes paiementsetd\u2019\u00e9branlementdecr\u00e9dit.Ilyapartantlieuderabattrela faillite. LademandedeMonsieurleReceveursurbasedel\u2019article240du NouveauCodedeproc\u00e9durecivileest\u00e0d\u00e9clarerfond\u00e9e\u00e0 concurrencede750euros\u00e9tantdonn\u00e9qu\u2019ilseraitin\u00e9quitablede laisser\u00e0sachargelesfraisqu\u2019ilad\u00fbexposerpourr\u00e9cup\u00e9rerune cr\u00e9ancereconnue. Lesfraisetd\u00e9pensdesdeuxinstancesrestent\u00e0chargede l\u2019appelante,\u00e9tantdonn\u00e9quec\u2019estparsan\u00e9gligencequelaproc\u00e9dure delafaillitea\u00e9t\u00e9d\u00e9clench\u00e9e. PAR CES MOTIFS laCour d\u2019appel, quatri\u00e8me chambre, si\u00e9geant en mati\u00e8re commerciale, statuant contradictoirement, re\u00e7oit l\u2019appel, le d\u00e9clare fond\u00e9, r\u00e9formant, dit que la faillite de la soci\u00e9t\u00e9 \u00e0 responsabilit\u00e9 limit\u00e9eSOCIETE1.) prononc\u00e9e le 9 d\u00e9cembre 2022 est rabattue, condamne la soci\u00e9t\u00e9 \u00e0 responsabilit\u00e9 limit\u00e9eSOCIETE1.)\u00e0 payer les frais et honoraires du curateur, condamne la soci\u00e9t\u00e9 \u00e0 responsabilit\u00e9 limit\u00e9eSOCIETE1.)\u00e0 payer \u00e0 MonsieurleReceveur-Pr\u00e9pos\u00e9dubureaudeRecettedes ContributionsdeLuxembourguneindemnit\u00e9 de proc\u00e9dure de 750 euros,<\/p>\n<p>5 condamne la soci\u00e9t\u00e9 \u00e0 responsabilit\u00e9 limit\u00e9eSOCIETE1.)aux frais et d\u00e9pens des deux instances, avec distraction au profit de Me Carmen Rimondini sur ses affirmations de droit.<\/p>\n<\/div>\n<hr class=\"kji-sep\" \/>\n<p class=\"kji-source-links\"><strong>Sources officielles :<\/strong> <a class=\"kji-source-link\" href=\"https:\/\/data.public.lu\/fr\/datasets\/cour-superieure-de-justice-chambre-4\/\" target=\"_blank\" rel=\"noopener noreferrer\">consulter la page source<\/a> &middot; <a class=\"kji-pdf-link\" href=\"https:\/\/download.data.public.lu\/resources\/cour-superieure-de-justice-chambre-4\/20240827-173844\/20230606-ii-cal-2023-00260-pseudonymise-accessible.pdf\" target=\"_blank\" rel=\"noopener noreferrer\">PDF officiel<\/a><\/p>\n<p class=\"kji-license-note\"><em>Licence CC BY-ND 4.0 (Administration judiciaire, data.public.lu). Republication autorisee avec attribution, sans modification editoriale du texte integral.<\/em><\/p>\n<\/div>\n","protected":false},"excerpt":{"rendered":"<p>1 Arr\u00eat N\u00b0117\/23IV-COM Arr\u00eat commercial-faillite Audience publique dusix juindeux millevingt-trois Num\u00e9roCAL-2023-00260du r\u00f4le Composition: Marianne EICHER,pr\u00e9sident de chambre; Mich\u00e8le HORNICK, conseiller; Caroline ENGEL, conseiller; Eric VILVENS, greffier. E n t r e la soci\u00e9t\u00e9\u00e0 responsabilit\u00e9 limit\u00e9eSOCIETE1.),\u00e9tablie etayantson si\u00e8ge social \u00e0L-ADRESSE1.),repr\u00e9sent\u00e9e par song\u00e9rant,inscrite au Registre deCommerce et\u2026<\/p>\n","protected":false},"featured_media":0,"template":"","meta":{"_crdt_document":""},"kji_country":[8418],"kji_court":[12305],"kji_chamber":[18433],"kji_year":[24566],"kji_subject":[7724],"kji_keyword":[9055,12307],"kji_language":[7733],"class_list":["post-635718","kji_decision","type-kji_decision","status-publish","hentry","kji_country-luxembourg","kji_court-cour-superieure-de-justice","kji_chamber-chambre-4","kji_year-24566","kji_subject-civil","kji_keyword-justice","kji_keyword-superieure","kji_language-francais"],"yoast_head":"<!-- This site is optimized with the Yoast SEO Premium plugin v27.5 (Yoast SEO v27.5) - https:\/\/yoast.com\/product\/yoast-seo-premium-wordpress\/ -->\n<title>Cour sup\u00e9rieure de justice, 6 juin 2023, n\u00b0 2023-00260 - Ma\u00eetre Hassan Kohen, avocat en droit p\u00e9nal \u00e0 Paris<\/title>\n<meta name=\"robots\" content=\"index, follow, max-snippet:-1, max-image-preview:large, max-video-preview:-1\" \/>\n<link rel=\"canonical\" href=\"https:\/\/kohenavocats.com\/zh-hans\/jurisprudences\/cour-superieure-de-justice-6-juin-2023-n-2023-00260\/\" \/>\n<meta property=\"og:locale\" content=\"zh_CN\" \/>\n<meta property=\"og:type\" content=\"article\" \/>\n<meta property=\"og:title\" content=\"Cour sup\u00e9rieure de justice, 6 juin 2023, n\u00b0 2023-00260\" \/>\n<meta property=\"og:description\" content=\"1 Arr\u00eat N\u00b0117\/23IV-COM Arr\u00eat commercial-faillite Audience publique dusix juindeux millevingt-trois Num\u00e9roCAL-2023-00260du r\u00f4le Composition: Marianne EICHER,pr\u00e9sident de chambre; Mich\u00e8le HORNICK, conseiller; Caroline ENGEL, conseiller; Eric VILVENS, greffier. E n t r e la soci\u00e9t\u00e9\u00e0 responsabilit\u00e9 limit\u00e9eSOCIETE1.),\u00e9tablie etayantson si\u00e8ge social \u00e0L-ADRESSE1.),repr\u00e9sent\u00e9e par song\u00e9rant,inscrite au Registre deCommerce et\u2026\" \/>\n<meta property=\"og:url\" content=\"https:\/\/kohenavocats.com\/zh-hans\/jurisprudences\/cour-superieure-de-justice-6-juin-2023-n-2023-00260\/\" \/>\n<meta property=\"og:site_name\" content=\"Ma\u00eetre Hassan Kohen, avocat en droit p\u00e9nal \u00e0 Paris\" \/>\n<meta property=\"article:modified_time\" content=\"2026-04-21T11:10:58+00:00\" \/>\n<meta name=\"twitter:card\" content=\"summary_large_image\" \/>\n<meta name=\"twitter:label1\" content=\"\u9884\u8ba1\u9605\u8bfb\u65f6\u95f4\" \/>\n\t<meta name=\"twitter:data1\" content=\"5 \u5206\" \/>\n<script type=\"application\/ld+json\" class=\"yoast-schema-graph\">{\"@context\":\"https:\\\/\\\/schema.org\",\"@graph\":[{\"@type\":\"WebPage\",\"@id\":\"https:\\\/\\\/kohenavocats.com\\\/zh-hans\\\/jurisprudences\\\/cour-superieure-de-justice-6-juin-2023-n-2023-00260\\\/\",\"url\":\"https:\\\/\\\/kohenavocats.com\\\/zh-hans\\\/jurisprudences\\\/cour-superieure-de-justice-6-juin-2023-n-2023-00260\\\/\",\"name\":\"Cour sup\u00e9rieure de justice, 6 juin 2023, n\u00b0 2023-00260 - Ma\u00eetre Hassan Kohen, avocat en droit p\u00e9nal \u00e0 Paris\",\"isPartOf\":{\"@id\":\"https:\\\/\\\/kohenavocats.com\\\/zh-hans\\\/#website\"},\"datePublished\":\"2026-04-21T11:10:55+00:00\",\"dateModified\":\"2026-04-21T11:10:58+00:00\",\"breadcrumb\":{\"@id\":\"https:\\\/\\\/kohenavocats.com\\\/zh-hans\\\/jurisprudences\\\/cour-superieure-de-justice-6-juin-2023-n-2023-00260\\\/#breadcrumb\"},\"inLanguage\":\"zh-Hans\",\"potentialAction\":[{\"@type\":\"ReadAction\",\"target\":[\"https:\\\/\\\/kohenavocats.com\\\/zh-hans\\\/jurisprudences\\\/cour-superieure-de-justice-6-juin-2023-n-2023-00260\\\/\"]}]},{\"@type\":\"BreadcrumbList\",\"@id\":\"https:\\\/\\\/kohenavocats.com\\\/zh-hans\\\/jurisprudences\\\/cour-superieure-de-justice-6-juin-2023-n-2023-00260\\\/#breadcrumb\",\"itemListElement\":[{\"@type\":\"ListItem\",\"position\":1,\"name\":\"Home\",\"item\":\"https:\\\/\\\/kohenavocats.com\\\/zh-hans\\\/\"},{\"@type\":\"ListItem\",\"position\":2,\"name\":\"Jurisprudences\",\"item\":\"https:\\\/\\\/kohenavocats.com\\\/zh-hans\\\/jurisprudences\\\/\"},{\"@type\":\"ListItem\",\"position\":3,\"name\":\"Cour sup\u00e9rieure de justice, 6 juin 2023, n\u00b0 2023-00260\"}]},{\"@type\":\"WebSite\",\"@id\":\"https:\\\/\\\/kohenavocats.com\\\/zh-hans\\\/#website\",\"url\":\"https:\\\/\\\/kohenavocats.com\\\/zh-hans\\\/\",\"name\":\"Kohen Avocats\",\"description\":\"Ma\u00eetre Hassan Kohen, avocat p\u00e9naliste \u00e0 Paris, intervient exclusivement en droit p\u00e9nal pour la d\u00e9fense des particuliers, notamment en mati\u00e8re d\u2019accusations de viol. Il assure un accompagnement rigoureux d\u00e8s la garde \u00e0 vue jusqu\u2019\u00e0 la Cour d\u2019assises, veillant au strict respect des garanties proc\u00e9durales.\",\"publisher\":{\"@id\":\"https:\\\/\\\/kohenavocats.com\\\/zh-hans\\\/#organization\"},\"potentialAction\":[{\"@type\":\"SearchAction\",\"target\":{\"@type\":\"EntryPoint\",\"urlTemplate\":\"https:\\\/\\\/kohenavocats.com\\\/zh-hans\\\/?s={search_term_string}\"},\"query-input\":{\"@type\":\"PropertyValueSpecification\",\"valueRequired\":true,\"valueName\":\"search_term_string\"}}],\"inLanguage\":\"zh-Hans\"},{\"@type\":\"Organization\",\"@id\":\"https:\\\/\\\/kohenavocats.com\\\/zh-hans\\\/#organization\",\"name\":\"Kohen Avocats\",\"url\":\"https:\\\/\\\/kohenavocats.com\\\/zh-hans\\\/\",\"logo\":{\"@type\":\"ImageObject\",\"inLanguage\":\"zh-Hans\",\"@id\":\"https:\\\/\\\/kohenavocats.com\\\/zh-hans\\\/#\\\/schema\\\/logo\\\/image\\\/\",\"url\":\"https:\\\/\\\/kohenavocats.com\\\/wp-content\\\/uploads\\\/2026\\\/01\\\/Logo-2-1.webp\",\"contentUrl\":\"https:\\\/\\\/kohenavocats.com\\\/wp-content\\\/uploads\\\/2026\\\/01\\\/Logo-2-1.webp\",\"width\":2114,\"height\":1253,\"caption\":\"Kohen Avocats\"},\"image\":{\"@id\":\"https:\\\/\\\/kohenavocats.com\\\/zh-hans\\\/#\\\/schema\\\/logo\\\/image\\\/\"}}]}<\/script>\n<!-- \/ Yoast SEO Premium plugin. -->","yoast_head_json":{"title":"Cour sup\u00e9rieure de justice, 6 juin 2023, n\u00b0 2023-00260 - Ma\u00eetre Hassan Kohen, avocat en droit p\u00e9nal \u00e0 Paris","robots":{"index":"index","follow":"follow","max-snippet":"max-snippet:-1","max-image-preview":"max-image-preview:large","max-video-preview":"max-video-preview:-1"},"canonical":"https:\/\/kohenavocats.com\/zh-hans\/jurisprudences\/cour-superieure-de-justice-6-juin-2023-n-2023-00260\/","og_locale":"zh_CN","og_type":"article","og_title":"Cour sup\u00e9rieure de justice, 6 juin 2023, n\u00b0 2023-00260","og_description":"1 Arr\u00eat N\u00b0117\/23IV-COM Arr\u00eat commercial-faillite Audience publique dusix juindeux millevingt-trois Num\u00e9roCAL-2023-00260du r\u00f4le Composition: Marianne EICHER,pr\u00e9sident de chambre; Mich\u00e8le HORNICK, conseiller; Caroline ENGEL, conseiller; Eric VILVENS, greffier. E n t r e la soci\u00e9t\u00e9\u00e0 responsabilit\u00e9 limit\u00e9eSOCIETE1.),\u00e9tablie etayantson si\u00e8ge social \u00e0L-ADRESSE1.),repr\u00e9sent\u00e9e par song\u00e9rant,inscrite au Registre deCommerce et\u2026","og_url":"https:\/\/kohenavocats.com\/zh-hans\/jurisprudences\/cour-superieure-de-justice-6-juin-2023-n-2023-00260\/","og_site_name":"Ma\u00eetre Hassan Kohen, avocat en droit p\u00e9nal \u00e0 Paris","article_modified_time":"2026-04-21T11:10:58+00:00","twitter_card":"summary_large_image","twitter_misc":{"\u9884\u8ba1\u9605\u8bfb\u65f6\u95f4":"5 \u5206"},"schema":{"@context":"https:\/\/schema.org","@graph":[{"@type":"WebPage","@id":"https:\/\/kohenavocats.com\/zh-hans\/jurisprudences\/cour-superieure-de-justice-6-juin-2023-n-2023-00260\/","url":"https:\/\/kohenavocats.com\/zh-hans\/jurisprudences\/cour-superieure-de-justice-6-juin-2023-n-2023-00260\/","name":"Cour sup\u00e9rieure de justice, 6 juin 2023, n\u00b0 2023-00260 - Ma\u00eetre Hassan Kohen, avocat en droit p\u00e9nal \u00e0 Paris","isPartOf":{"@id":"https:\/\/kohenavocats.com\/zh-hans\/#website"},"datePublished":"2026-04-21T11:10:55+00:00","dateModified":"2026-04-21T11:10:58+00:00","breadcrumb":{"@id":"https:\/\/kohenavocats.com\/zh-hans\/jurisprudences\/cour-superieure-de-justice-6-juin-2023-n-2023-00260\/#breadcrumb"},"inLanguage":"zh-Hans","potentialAction":[{"@type":"ReadAction","target":["https:\/\/kohenavocats.com\/zh-hans\/jurisprudences\/cour-superieure-de-justice-6-juin-2023-n-2023-00260\/"]}]},{"@type":"BreadcrumbList","@id":"https:\/\/kohenavocats.com\/zh-hans\/jurisprudences\/cour-superieure-de-justice-6-juin-2023-n-2023-00260\/#breadcrumb","itemListElement":[{"@type":"ListItem","position":1,"name":"Home","item":"https:\/\/kohenavocats.com\/zh-hans\/"},{"@type":"ListItem","position":2,"name":"Jurisprudences","item":"https:\/\/kohenavocats.com\/zh-hans\/jurisprudences\/"},{"@type":"ListItem","position":3,"name":"Cour sup\u00e9rieure de justice, 6 juin 2023, n\u00b0 2023-00260"}]},{"@type":"WebSite","@id":"https:\/\/kohenavocats.com\/zh-hans\/#website","url":"https:\/\/kohenavocats.com\/zh-hans\/","name":"Kohen Avocats","description":"Ma\u00eetre Hassan Kohen, avocat p\u00e9naliste \u00e0 Paris, intervient exclusivement en droit p\u00e9nal pour la d\u00e9fense des particuliers, notamment en mati\u00e8re d\u2019accusations de viol. Il assure un accompagnement rigoureux d\u00e8s la garde \u00e0 vue jusqu\u2019\u00e0 la Cour d\u2019assises, veillant au strict respect des garanties proc\u00e9durales.","publisher":{"@id":"https:\/\/kohenavocats.com\/zh-hans\/#organization"},"potentialAction":[{"@type":"SearchAction","target":{"@type":"EntryPoint","urlTemplate":"https:\/\/kohenavocats.com\/zh-hans\/?s={search_term_string}"},"query-input":{"@type":"PropertyValueSpecification","valueRequired":true,"valueName":"search_term_string"}}],"inLanguage":"zh-Hans"},{"@type":"Organization","@id":"https:\/\/kohenavocats.com\/zh-hans\/#organization","name":"Kohen Avocats","url":"https:\/\/kohenavocats.com\/zh-hans\/","logo":{"@type":"ImageObject","inLanguage":"zh-Hans","@id":"https:\/\/kohenavocats.com\/zh-hans\/#\/schema\/logo\/image\/","url":"https:\/\/kohenavocats.com\/wp-content\/uploads\/2026\/01\/Logo-2-1.webp","contentUrl":"https:\/\/kohenavocats.com\/wp-content\/uploads\/2026\/01\/Logo-2-1.webp","width":2114,"height":1253,"caption":"Kohen Avocats"},"image":{"@id":"https:\/\/kohenavocats.com\/zh-hans\/#\/schema\/logo\/image\/"}}]}},"jetpack_likes_enabled":false,"jetpack_sharing_enabled":true,"_links":{"self":[{"href":"https:\/\/kohenavocats.com\/zh-hans\/wp-json\/wp\/v2\/kji_decision\/635718","targetHints":{"allow":["GET"]}}],"collection":[{"href":"https:\/\/kohenavocats.com\/zh-hans\/wp-json\/wp\/v2\/kji_decision"}],"about":[{"href":"https:\/\/kohenavocats.com\/zh-hans\/wp-json\/wp\/v2\/types\/kji_decision"}],"wp:attachment":[{"href":"https:\/\/kohenavocats.com\/zh-hans\/wp-json\/wp\/v2\/media?parent=635718"}],"wp:term":[{"taxonomy":"kji_country","embeddable":true,"href":"https:\/\/kohenavocats.com\/zh-hans\/wp-json\/wp\/v2\/kji_country?post=635718"},{"taxonomy":"kji_court","embeddable":true,"href":"https:\/\/kohenavocats.com\/zh-hans\/wp-json\/wp\/v2\/kji_court?post=635718"},{"taxonomy":"kji_chamber","embeddable":true,"href":"https:\/\/kohenavocats.com\/zh-hans\/wp-json\/wp\/v2\/kji_chamber?post=635718"},{"taxonomy":"kji_year","embeddable":true,"href":"https:\/\/kohenavocats.com\/zh-hans\/wp-json\/wp\/v2\/kji_year?post=635718"},{"taxonomy":"kji_subject","embeddable":true,"href":"https:\/\/kohenavocats.com\/zh-hans\/wp-json\/wp\/v2\/kji_subject?post=635718"},{"taxonomy":"kji_keyword","embeddable":true,"href":"https:\/\/kohenavocats.com\/zh-hans\/wp-json\/wp\/v2\/kji_keyword?post=635718"},{"taxonomy":"kji_language","embeddable":true,"href":"https:\/\/kohenavocats.com\/zh-hans\/wp-json\/wp\/v2\/kji_language?post=635718"}],"curies":[{"name":"wp","href":"https:\/\/api.w.org\/{rel}","templated":true}]}}