{"id":635802,"date":"2026-04-21T13:13:38","date_gmt":"2026-04-21T11:13:38","guid":{"rendered":"https:\/\/kohenavocats.com\/jurisprudences\/tribunal-federal-suisse-2-juin-2023-n-6b-748-2022\/"},"modified":"2026-04-21T13:13:38","modified_gmt":"2026-04-21T11:13:38","slug":"tribunal-federal-suisse-2-juin-2023-n-6b-748-2022","status":"publish","type":"kji_decision","link":"https:\/\/kohenavocats.com\/zh-hans\/jurisprudences\/tribunal-federal-suisse-2-juin-2023-n-6b-748-2022\/","title":{"rendered":"Tribunal f\u00e9d\u00e9ral suisse, 2 juin 2023, n\u00b0 6B 748-2022"},"content":{"rendered":"<div class=\"kji-decision\">\n<div class=\"kji-full-text\">\n<p>Bundesgericht<\/p>\n<p>Tribunal f\u00e9d\u00e9ral<\/p>\n<p>Tribunale federale<\/p>\n<p>Tribunal federal<\/p>\n<p>6B_748\/2022<\/p>\n<p>Arr\u00eat du 2 juin 2023<\/p>\n<p>Cour de droit p\u00e9nal<\/p>\n<p>Composition<\/p>\n<p>Mme et MM. les Juges f\u00e9d\u00e9raux<\/p>\n<p>Jacquemoud-Rossari, Pr\u00e9sidente, Denys et Hurni.<\/p>\n<p>Greffi\u00e8re : Mme Meriboute.<\/p>\n<p>Participants \u00e0 la proc\u00e9dure<\/p>\n<p>Minist\u00e8re public central du canton de Vaud, avenue de Longemalle 1, 1020 Renens VD,<\/p>\n<p>recourant,<\/p>\n<p>contre<\/p>\n<p>A.________,<\/p>\n<p>repr\u00e9sent\u00e9 par Me Jean-Luc Addor, avocat,<\/p>\n<p>intim\u00e9.<\/p>\n<p>Objet<\/p>\n<p>Discrimination raciale (art. 261bis CP),<\/p>\n<p>recours contre le jugement de la Cour d&#039;appel<\/p>\n<p>p\u00e9nale du Tribunal cantonal du canton de Vaud<\/p>\n<p>du 1er avril 2022 (n\u00b0 116 PE20.004987-EMM).<\/p>\n<p>Faits :<\/p>\n<p>A.<\/p>\n<p>Par jugement du 18 novembre 2021, le Tribunal de police de l&#039;arrondissement de l&#039;Est vaudois a condamn\u00e9 A.________ pour discrimination raciale et incitation \u00e0 la haine (I) \u00e0 une peine p\u00e9cuniaire de 30 jours-amende, le montant du jour-amende \u00e9tant fix\u00e9 \u00e0 150 fr. (Il), avec sursis pendant 2 ans (Ill), ainsi qu&#039;\u00e0 une amende de 900 fr., la peine privative de libert\u00e9 de substitution \u00e9tant de 9 jours (IV), a mis les frais de la cause, par 2&#039;650 fr., \u00e0 sa charge (V) et a rejet\u00e9 sa demande d&#039;indemnit\u00e9 fond\u00e9e sur l&#039;art. 429 CPP (VI).<\/p>\n<p>B.<\/p>\n<p>Par jugement du 1er avril 2022, la Cour d&#039;appel p\u00e9nale du Tribunal cantonal vaudois a admis partiellement l&#039;appel form\u00e9 par A.________ (I). Elle l&#039;a lib\u00e9r\u00e9 du chef d&#039;accusation de discrimination raciale et incitation \u00e0 la haine, tout en confirmant la mise \u00e0 sa charge des frais de la cause et le rejet de la demande d&#039;indemnit\u00e9 fond\u00e9e sur l&#039;art. 429 CPP (II). En outre, les frais d&#039;appel, par 2&#039;350 fr., ont \u00e9t\u00e9 mis par un quart \u00e0 la charge de A.________, le solde \u00e9tant laiss\u00e9 \u00e0 la charge de l&#039;Etat (III). Une indemnit\u00e9 d&#039;un montant de 3&#039;460 fr. 40 a \u00e9t\u00e9 allou\u00e9e \u00e0 A.________, \u00e0 la charge de l&#039;Etat de Vaud, pour les d\u00e9penses occasionn\u00e9es par l&#039;exercice raisonnable de ses droits en proc\u00e9dure d&#039;appel (IV). Les frais de premi\u00e8re instance et la part des frais d&#039;appel mis \u00e0 la charge du pr\u00e9nomm\u00e9 ont \u00e9t\u00e9 compens\u00e9s avec l&#039;indemnit\u00e9 allou\u00e9e pour la proc\u00e9dure d&#039;appel, le solde d\u00fb par l&#039;Etat \u00e0 celui-ci \u00e9tant de 222 fr. 90 (IV bis).<\/p>\n<p>En substance, la cour cantonale a retenu les faits suivants.<\/p>\n<p>B.a. N\u00e9 en 1949 au Maroc, A.________ est ressortissant fran\u00e7ais. Mari\u00e9, il est le p\u00e8re de cinq enfants, tous majeurs et ind\u00e9pendants financi\u00e8rement. Il a effectu\u00e9 ses \u00e9tudes \u00e0 l&#039;Ecole B.________ de U.________, puis \u00e0 l&#039;Ecole C.________, faisant en parall\u00e8le une licence \u00e8s sciences \u00e9conomiques. Il a par la suite travaill\u00e9 dans le public tout au long de sa carri\u00e8re, terminant celle-ci aupr\u00e8s de D.________, dont il est retrait\u00e9 depuis 2013. Selon ses d\u00e9clarations, il touche chaque mois une retraite de l&#039;ordre de 3&#039;350 EUR nets, imp\u00f4ts d\u00e9duits, et des revenus locatifs d&#039;environ 2&#039;500 EUR. Il a en effet indiqu\u00e9 \u00eatre propri\u00e9taire, outre de son logement principal et de sa r\u00e9sidence secondaire \u00e0 V.________, de 6 appartements \u00e0 U.________ qu&#039;il loue. Il a encore d\u00e9clar\u00e9 que sa fortune se composait de plus d&#039;un petit portefeuille. Il n&#039;a aucune dette.<\/p>\n<p>B.b. Son casier judiciaire suisse est vierge. Son casier judiciaire fran\u00e7ais mentionne deux condamnations prononc\u00e9es, les 20 mars et 17 avril 2008, pour diffamation envers particulier (s) par parole, \u00e9crit, image ou moyen de communication au public par voie \u00e9lectronique.<\/p>\n<p>B.c. Il ressort des faits \u00e9tablis par la cour cantonale que l&#039;acte d&#039;accusation rendu le 5 ao\u00fbt 2021 par le minist\u00e8re public avait la teneur suivante:<\/p>\n<p>&quot;A.________ a \u00e9t\u00e9 invit\u00e9 le [&#8230;] 2020 au local E.________ sis chemin W.________ \u00e0 X.________ dans le cadre d&#039;une conf\u00e9rence publique organis\u00e9e par le groupe &quot;F.________&quot; pour s&#039;exprimer sur le th\u00e8me de &quot;La question raciale&quot;.<\/p>\n<p>A cette date, dans le caveau du local, alors qu&#039;\u00e0 tout le moins 10 personnes s&#039;y trouvaient, A.________, assis \u00e0 la table de conf\u00e9rence, a d\u00e9clar\u00e9 de fa\u00e7on \u00e0 pouvoir \u00eatre entendu par l&#039;ensemble des individus pr\u00e9sents: &quot;il y a pire que le coronavirus, il y a le jud\u00e9ovirus&quot;. Ces propos ont \u00e9t\u00e9 tenus de fa\u00e7on suffisamment intelligible pour que l&#039;ensemble de l&#039;assistance pr\u00e9sente, dont le journaliste G.________ assis au dernier rang de la salle, les entende. Les d\u00e9clarations de A.________ ont fait l&#039;objet d&#039;un article publi\u00e9 dans [&#8230;]&quot;.<\/p>\n<p>C.<\/p>\n<p>Le Minist\u00e8re public du canton de Vaud forme un recours en mati\u00e8re p\u00e9nale au Tribunal f\u00e9d\u00e9ral contre le jugement du 1er avril 2022. Il conclut, principalement, \u00e0 la r\u00e9forme du jugement en ce sens que le jugement du Tribunal correctionnel de l&#039;arrondissement de l&#039;Est vaudois du 18 novembre 2021 est confirm\u00e9 et les chiffres II \u00e0 V sont supprim\u00e9s. En outre, les frais d&#039;appel sont mis \u00e0 la charge de A.________.<\/p>\n<p>Subsidiairement, il conclut \u00e0 ce que la cause est renvoy\u00e9e \u00e0 la cour cantonale pour nouvelle d\u00e9cision dans le sens des consid\u00e9rants.<\/p>\n<p>D.<\/p>\n<p>Invit\u00e9s \u00e0 se d\u00e9terminer sur le recours, la cour cantonale a renonc\u00e9 \u00e0 se d\u00e9terminer, se r\u00e9f\u00e9rant aux consid\u00e9rants de sa d\u00e9cision, tandis que l&#039;intim\u00e9 a formul\u00e9 des observations. L&#039;intim\u00e9 conclut, avec suite de frais et d\u00e9pens, au rejet du recours du recourant et \u00e0 la confirmation du jugement attaqu\u00e9. Ces \u00e9critures ont \u00e9t\u00e9 communiqu\u00e9es au recourant \u00e0 titre de renseignement.<\/p>\n<p>Consid\u00e9rant en droit :<\/p>\n<p>1.<\/p>\n<p>En application de l&#039;art. 81 al. 1 let. b ch. 3 LTF, l&#039;accusateur public a qualit\u00e9 pour former un recours en mati\u00e8re p\u00e9nale.<\/p>\n<p>Savoir quelle autorit\u00e9 au sein d&#039;un canton constitue l&#039;accusateur public est une question qui doit se r\u00e9soudre \u00e0 l&#039;aune de la LTF. Lorsqu&#039;il existe un minist\u00e8re public comp\u00e9tent pour la poursuite de toutes les infractions sur l&#039;ensemble du territoire, seule cette autorit\u00e9 aura la qualit\u00e9 pour recourir au Tribunal f\u00e9d\u00e9ral. En revanche, savoir qui, au sein de ce minist\u00e8re public, a la comp\u00e9tence de le repr\u00e9senter est une question d&#039;organisation judiciaire, soit une question qui rel\u00e8ve du droit cantonal (ATF 142 IV 196 consid. 1.5.2).<\/p>\n<p>Dans le canton de Vaud, l&#039;art. 27 al. 2 de la loi du 19 mai 2009 sur le Minist\u00e8re public (LMPu\/VD; RS\/VD 173.21) dispose que le procureur g\u00e9n\u00e9ral ou ses adjoints sont seuls comp\u00e9tents pour saisir le Tribunal f\u00e9d\u00e9ral.<\/p>\n<p>En l&#039;esp\u00e8ce, le m\u00e9moire de recours est sign\u00e9 par le Procureur g\u00e9n\u00e9ral du canton de Vaud. Le recours est donc recevable.<\/p>\n<p>2.<\/p>\n<p>Le recourant invoque une violation de l&#039;art. 261bis CP. La cour cantonale aurait \u00e9cart\u00e9 \u00e0 tort le caract\u00e8re public du comportement.<\/p>\n<p>2.1. Aux termes de l&#039;art. 261bis CP, dans sa teneur en vigueur jusqu&#039;au 30 juin 2020, se rend coupable de discrimination raciale celui qui, publiquement, aura incit\u00e9 \u00e0 la haine ou \u00e0 la discrimination envers une personne ou un groupe de personnes en raison de leur appartenance raciale, ethnique ou religieuse (al. 1); celui qui, publiquement, aura propag\u00e9 une id\u00e9ologie visant \u00e0 rabaisser ou \u00e0 d\u00e9nigrer de fa\u00e7on syst\u00e9matique les membres d&#039;une race, d&#039;une ethnie ou d&#039;une religion (al. 2) ou encore celui qui aura publiquement, par la parole, l&#039;\u00e9criture, l&#039;image, le geste, par des voies de fait ou de toute autre mani\u00e8re, abaiss\u00e9 ou discrimin\u00e9 d&#039;une fa\u00e7on qui porte atteinte \u00e0 la dignit\u00e9 humaine une personne ou un groupe de personnes en raison de leur race, de leur appartenance ethnique ou de leur religion ou qui, pour la m\u00eame raison, niera, minimisera grossi\u00e8rement ou cherchera \u00e0 justifier un g\u00e9nocide ou d&#039;autres crimes contre l&#039;humanit\u00e9 (al. 4). Depuis le 1er juillet 2020, et l&#039;entr\u00e9e en vigueur \u00e0 cette date de la nouvelle du 14 d\u00e9cembre 2018 (RO 2020 1609), la port\u00e9e de la disposition est \u00e9tendue \u00e0 la discrimination, au rabaissement et \u00e0 l&#039;incitation \u00e0 la haine en raison de l&#039;orientation sexuelle.<\/p>\n<p>L&#039;art. 261bis CP vise notamment \u00e0 prot\u00e9ger la dignit\u00e9 que tout homme acquiert d\u00e8s la naissance et l&#039;\u00e9galit\u00e9 entre les \u00eatres humains. En prot\u00e9geant l&#039;individu du fait de son appartenance \u00e0 un groupe ethnique ou religieux, la paix publique est indirectement prot\u00e9g\u00e9e (ATF 148 IV 188 consid. 1.3; 140 IV 67 consid. 2.1.1; 133 IV 308 consid. 8.2 et les r\u00e9f\u00e9rences cit\u00e9es; arr\u00eat 6B_777\/2022 du 16 mars 2023 consid. 1.1.1 destin\u00e9 \u00e0 publication). La norme concr\u00e9tise les engagements internationaux de la Suisse dans le cadre de la Convention internationale sur l&#039;\u00e9limination de toutes les formes de discrimination raciale conclue \u00e0 New York le 21 d\u00e9cembre 1965 (RS 0.104), entr\u00e9e en vigueur pour la Suisse le 29 d\u00e9cembre 1994 (ATF 148 IV 188 consid. 1.3; 140 IV 67 consid. 2.1.1; 133 IV 308 consid. 8.2 et les r\u00e9f\u00e9rences cit\u00e9es; arr\u00eat 6B_644\/2020 du 14 octobre 2020 consid. 1.2).<\/p>\n<p>Le juda\u00efsme constitue une religion au sens de l&#039;art. 261bis CP (ATF 143 IV 77 consid. 2.3; 124 IV 121 consid. 2b; 123 IV 202 consid. 4c).<\/p>\n<p>L&#039;auteur doit agir publiquement, c&#039;est-\u00e0-dire en dehors d&#039;un cercle priv\u00e9 (ATF 130 IV 111 consid. 5.2.2), par des paroles, des \u00e9crits, des images, des gestes ou des voies de fait (ATF 145 IV pr\u00e9cit\u00e9 consid. 2.2). Sont priv\u00e9es les d\u00e9clarations qui ont lieu dans un cercle familial ou d&#039;amis ou dans un environnement de relations personnelles ou empreint d&#039;une confiance particuli\u00e8re (ATF 130 IV 111 consid. 5.2.2; arr\u00eat 6B_636\/2020 du 10 mars 2022 consid. 5.1, non publi\u00e9 in ATF 148 IV 113). Savoir si cette condition est remplie d\u00e9pend des circonstances concr\u00e8tes, parmi lesquelles le nombre des personnes pr\u00e9sentes peut jouer un r\u00f4le (ATF 130 IV 111 consid. 5.2.2).<\/p>\n<p>2.2. Du point de vue subjectif, le d\u00e9lit est intentionnel, le dol \u00e9ventuel pouvant suffire (ATF 148 IV 113 consid. 3; 145 IV 23 consid. 2.3; arr\u00eats 6B_857\/2022 du 13 avril 2023 consid. 1.3.1; 6B_777\/2022 pr\u00e9cit\u00e9 consid. 1.1.3 destin\u00e9 \u00e0 publication; 6B_1126\/2020 du 10 juin 2021 consid. 2.1.3).<\/p>\n<p>D\u00e9terminer ce qu&#039;une personne a su, envisag\u00e9, voulu ou accept\u00e9 rel\u00e8ve du contenu de la pens\u00e9e, \u00e0 savoir de faits &quot;internes&quot;, qui, en tant que tels, lient le Tribunal f\u00e9d\u00e9ral (art. 105 al. 1 LTF), \u00e0 moins qu&#039;ils aient \u00e9t\u00e9 retenus de mani\u00e8re arbitraire (ATF 147 IV 439 consid. 7.3.1; ATF 141 IV 369 consid. 6.3). Est en revanche une question de droit celle de savoir si l&#039;autorit\u00e9 cantonale s&#039;est fond\u00e9e sur une juste conception de la notion d&#039;intention et si elle l&#039;a correctement appliqu\u00e9e sur la base des faits retenus et des \u00e9l\u00e9ments \u00e0 prendre en consid\u00e9ration (ATF 137 IV 1 consid. 4.2.3; ATF 135 IV 152 consid. 2.3.2; ATF 133 IV 9 consid. 4.1; arr\u00eats 6B_220\/2022 du 31 octobre 2022 consid. 2.2 destin\u00e9 \u00e0 publication; 6B_418\/2021 du 7 avril 2022 consid. 3.1.2).<\/p>\n<p>2.3. La cour cantonale a lib\u00e9r\u00e9 l&#039;intim\u00e9 du chef de pr\u00e9vention de discrimination raciale et incitation \u00e0 la haine.<\/p>\n<p>En substance, la cour cantonale a retenu qu&#039;aucun \u00e9l\u00e9ment n&#039;\u00e9tait susceptible de remettre en cause la version du journaliste selon laquelle l&#039;intim\u00e9 avait effectivement dit &quot;il y a pire que le coronavirus, il y a le jud\u00e9ovirus&quot;. A cet \u00e9gard, la cour cantonale s&#039;est \u00e9tonn\u00e9e du fait que l&#039;intim\u00e9 ne se soit jamais prononc\u00e9 sur ce qu&#039;il avait r\u00e9ellement pu dire \u00e0 ses proches, en se penchant vers eux, en lieu et place de ce qui avait \u00e9t\u00e9 report\u00e9 par le journaliste. Plus encore, elle s&#039;est \u00e9tonn\u00e9e que l&#039;intim\u00e9 n&#039;ait jamais fourni l&#039;identit\u00e9 des proches concern\u00e9s ou qu&#039;il n&#039;ait pas demand\u00e9 leur audition.<\/p>\n<p>Elle a retenu que la distance qui s\u00e9parait l&#039;intim\u00e9 de ses proches n&#039;avait pas \u00e9t\u00e9 pr\u00e9cis\u00e9ment d\u00e9termin\u00e9e. Le journaliste avait expliqu\u00e9 qu&#039;il \u00e9tait lui-m\u00eame assis au dernier rang et se trouvait \u00e0 4 ou 5 m\u00e8tres de l&#039;intim\u00e9, alors que les proches de ce dernier \u00e9taient assis au premier rang en face de l&#039;intim\u00e9 &#8211; donc \u00e0 largement moins de 5 m\u00e8tres -, et que celui-ci s&#039;\u00e9tait pench\u00e9 vers eux pour leur parler. L&#039;intim\u00e9 avait quant \u00e0 lui d\u00e9clar\u00e9 que le journaliste \u00e9tait distant de plus que les 5 m\u00e8tres par lui \u00e9voqu\u00e9s, ce qui permettait de d\u00e9duire que ses accompagnants \u00e9taient quand m\u00eame \u00e0 quelques m\u00e8tres de lui. La cour cantonale a toutefois consid\u00e9r\u00e9 que cet \u00e9l\u00e9ment n&#039;\u00e9tait pas d\u00e9terminant pour appr\u00e9cier la notion de publicit\u00e9 des propos.<\/p>\n<p>La cour cantonale a estim\u00e9 que l&#039;\u00e9l\u00e9ment de la publicit\u00e9 n&#039;\u00e9tait pas r\u00e9alis\u00e9. Selon elle, le fait que l&#039;intim\u00e9 aurait dit, au sujet des propos litigieux, &quot;je le dis avant que la cam\u00e9ra ne tourne&quot;, donnait \u00e0 penser qu&#039;il n&#039;avait pas l&#039;intention de les partager publiquement. Le journaliste qui cherchait manifestement un &quot;scoop&quot;, avait donc probablement \u00e9cout\u00e9 ce que disait le pr\u00e9venu \u00e0 ses proches, alors m\u00eame que les propos tenus \u00e9taient dits, selon ses propres termes, &quot;en apart\u00e9&quot; et alors que l&#039;intim\u00e9 s&#039;\u00e9tait pench\u00e9 vers ceux-ci. En cons\u00e9quence, la cour cantonale a \u00e9cart\u00e9 l&#039;intention de l&#039;intim\u00e9 de s&#039;exprimer publiquement, ne serait-ce que parce qu&#039;il \u00e9tait conscient des risques d&#039;un tel comportement. Elle a \u00e9galement \u00e9cart\u00e9 le dol \u00e9ventuel, consid\u00e9rant qu&#039;\u00e0 ce moment, il s&#039;adressait &quot;hors cam\u00e9ra&quot;, &quot;en apart\u00e9&quot; \u00e0 deux proches et que ne se trouvaient dans la salle qu&#039;une dizaine de personnes qu&#039;il n&#039;entendait pas faire participer \u00e0 ses d\u00e9clarations.<\/p>\n<p>2.4. Il convient de se d\u00e9terminer sur le caract\u00e8re public des propos de l&#039;intim\u00e9 au regard des circonstances concr\u00e8tes. Si la distance entre l&#039;intim\u00e9 et ses deux accompagnants n&#039;a pas \u00e9t\u00e9 clairement d\u00e9termin\u00e9e, il n&#039;est pas contest\u00e9 que le journaliste &#8211; qui se trouvait au dernier rang de la salle &#8211; avait entendu distinctement les propos. Les paroles \u00e9taient donc suffisamment audibles jusqu&#039;au dernier rang, et par l\u00e0 m\u00eame pour les autres tiers se trouvant d\u00e9j\u00e0 dans la salle. En dehors des deux accompagnants, il n&#039;est pas \u00e9tabli que l&#039;intim\u00e9 connaissait la dizaine de personnes pr\u00e9sentes, ni le journaliste, de sorte qu&#039;il ne se trouvait pas dans un environnement de relations personnelles ou empreint d&#039;une confiance particuli\u00e8re.<\/p>\n<p>L&#039;intim\u00e9 qui se d\u00e9crit lui-m\u00eame comme &quot;un homme public&quot; (cf. dossier cantonal, PV d&#039;audition du pr\u00e9venu du 17 f\u00e9vrier 2021, p. 3; art. 105 al. 2 LTF) \u00e9tait pr\u00e9sent \u00e0 l&#039;\u00e9v\u00e8nement en qualit\u00e9 d&#039;orateur. De mani\u00e8re g\u00e9n\u00e9rale, le public assistant \u00e0 une conf\u00e9rence est pr\u00e9cis\u00e9ment l\u00e0 pour \u00e9couter le conf\u00e9rencier et lui accorder une attention sp\u00e9ciale, et ce, avant m\u00eame le d\u00e9but de l&#039;expos\u00e9 proprement dit. Il est d\u00e8s lors indiff\u00e9rent que le journaliste puisse avoir \u00e9t\u00e9 \u00e0 la recherche d&#039;un &quot;scoop&quot;. De m\u00eame, on ne peut lui reprocher d&#039;avoir \u00e9cout\u00e9 l&#039;intim\u00e9, celui-ci s&#039;\u00e9tant exprim\u00e9 \u00e0 intelligible voix pour l&#039;entier de l&#039;assistance.<\/p>\n<p>Le fait d&#039;avoir dit: &quot;je le dis avant que la cam\u00e9ra ne tourne&quot;, montre bien que l&#039;intim\u00e9 avait conscience du caract\u00e8re probl\u00e9matique de ses propos et qu&#039;il ne souhaitait pas qu&#039;ils soient enregistr\u00e9s. Toutefois, cela ne permet en rien d&#039;\u00e9carter le caract\u00e8re public des propos litigieux au sein de la salle de conf\u00e9rence et vis-\u00e0-vis du public pr\u00e9sent. D&#039;autant plus qu&#039;une telle locution est intrins\u00e8quement de nature \u00e0 \u00e9veiller la curiosit\u00e9 et l&#039;attention de l&#039;assistance.<\/p>\n<p>Le recourant critique la cour cantonale qui, se r\u00e9f\u00e9rant aux termes du journaliste, retient que les propos ont \u00e9t\u00e9 tenus &quot;en apart\u00e9&quot;. A cet \u00e9gard, le journaliste a d\u00e9crit un &quot;apart\u00e9 qui n&#039;en \u00e9tait pas un&quot; (cf. dossier cantonal, PV d&#039;audition de t\u00e9moin du 30 mars 2021, p. 3; art. 105 al. 2 LTF). Quoi qu&#039;il en soit, la configuration de la salle de conf\u00e9rence, le statut d&#039;orateur de l&#039;intim\u00e9 et le fait que ses paroles ont \u00e9t\u00e9 prononc\u00e9es de telle sorte qu&#039;elles soient per\u00e7ues jusqu&#039;au dernier rang et donc par l\u00e0 m\u00eame, sans difficult\u00e9, par les autres tiers d\u00e9j\u00e0 pr\u00e9sents, suffisent \u00e0 nier le caract\u00e8re priv\u00e9 des d\u00e9clarations. L&#039;intim\u00e9 ne pouvait qu&#039;en \u00eatre conscient au moment de s&#039;exprimer.<\/p>\n<p>Au regard de ce qui pr\u00e9c\u00e8de, l&#039;\u00e9l\u00e9ment constitutif relatif \u00e0 la publicit\u00e9 \u00e9tait r\u00e9alis\u00e9.<\/p>\n<p>Le recours doit \u00eatre admis, le jugement entrepris annul\u00e9 et la cause renvoy\u00e9e \u00e0 la cour cantonale pour nouvelle d\u00e9cision.<\/p>\n<p>3.<\/p>\n<p>L&#039;intim\u00e9, qui succombe, supporte les frais judiciaires (art. 66 al. 1 LTF). Il n&#039;y a pas lieu d&#039;allouer une indemnit\u00e9 \u00e0 l&#039;accusateur public qui obtient gain de cause (cf. art. 68 al. 3 LTF).<\/p>\n<p>Par ces motifs, le Tribunal f\u00e9d\u00e9ral prononce :<\/p>\n<p>1.<\/p>\n<p>Le recours est admis, le jugement attaqu\u00e9 est annul\u00e9 et la cause renvoy\u00e9e \u00e0 la cour cantonale pour nouvelle d\u00e9cision.<\/p>\n<p>2.<\/p>\n<p>Les frais judiciaires, arr\u00eat\u00e9s \u00e0 1&#039;500 fr., sont mis \u00e0 la charge de l&#039;intim\u00e9.<\/p>\n<p>3.<\/p>\n<p>Le pr\u00e9sent arr\u00eat est communiqu\u00e9 aux parties et \u00e0 la Cour d&#039;appel p\u00e9nale du Tribunal cantonal du canton de Vaud.<\/p>\n<p>Lausanne, le 2 juin 2023<\/p>\n<p>Au nom de la Cour de droit p\u00e9nal<\/p>\n<p>du Tribunal f\u00e9d\u00e9ral suisse<\/p>\n<p>La Pr\u00e9sidente : Jacquemoud-Rossari<\/p>\n<p>La Greffi\u00e8re : Meriboute<\/p>\n<\/div>\n<hr class=\"kji-sep\" \/>\n<p class=\"kji-source-links\"><strong>Sources officielles :<\/strong> <a class=\"kji-source-link\" href=\"https:\/\/search.bger.ch\/ext\/eurospider\/live\/fr\/php\/aza\/http\/index.php?lang=fr&#038;type=highlight_simple_query&#038;page=10&#038;from_date=&#038;to_date=&#038;sort=relevance&#038;insertion_date=&#038;top_subcollection_aza=all&#038;query_words=droit+penal&#038;rank=93&#038;azaclir=aza&#038;highlight_docid=aza%3A%2F%2F02-06-2023-6B_748-2022&#038;number_of_ranks=14459\" target=\"_blank\" rel=\"noopener noreferrer\">consulter la page source<\/a><\/p>\n<p class=\"kji-license-note\"><em>Source officielle Tribunal federal suisse. Contenu HTML public, PDF non garanti en version gratuite.<\/em><\/p>\n<\/div>\n","protected":false},"excerpt":{"rendered":"<p>Bundesgericht Tribunal f\u00e9d\u00e9ral Tribunale federale Tribunal federal 6B_748\/2022 Arr\u00eat du 2 juin 2023 Cour de droit p\u00e9nal Composition Mme et MM. les Juges f\u00e9d\u00e9raux Jacquemoud-Rossari, Pr\u00e9sidente, Denys et Hurni. Greffi\u00e8re : Mme Meriboute. Participants \u00e0 la proc\u00e9dure Minist\u00e8re public central du canton de Vaud, avenue de Longemalle 1, 1020 Renens VD, recourant, contre A.________, repr\u00e9sent\u00e9&#8230;<\/p>\n","protected":false},"featured_media":0,"template":"","meta":{"_crdt_document":""},"kji_country":[9676],"kji_court":[9677],"kji_chamber":[10143],"kji_year":[24566],"kji_subject":[7632],"kji_keyword":[9799,9679,9680,7636],"kji_language":[7733],"class_list":["post-635802","kji_decision","type-kji_decision","status-publish","hentry","kji_country-suisse","kji_court-tribunal-federal-suisse","kji_chamber-cour-de-droit-penal","kji_year-24566","kji_subject-penal","kji_keyword-bundesgericht","kji_keyword-federal","kji_keyword-suisse","kji_keyword-tribunal","kji_language-francais"],"yoast_head":"<!-- This site is optimized with the Yoast SEO Premium plugin v27.5 (Yoast SEO v27.5) - https:\/\/yoast.com\/product\/yoast-seo-premium-wordpress\/ -->\n<title>Tribunal f\u00e9d\u00e9ral suisse, 2 juin 2023, n\u00b0 6B 748-2022 - Ma\u00eetre Hassan Kohen, avocat en droit p\u00e9nal \u00e0 Paris<\/title>\n<meta name=\"robots\" content=\"index, follow, max-snippet:-1, max-image-preview:large, max-video-preview:-1\" \/>\n<link rel=\"canonical\" href=\"https:\/\/kohenavocats.com\/zh-hans\/jurisprudences\/tribunal-federal-suisse-2-juin-2023-n-6b-748-2022\/\" \/>\n<meta property=\"og:locale\" content=\"zh_CN\" \/>\n<meta property=\"og:type\" content=\"article\" \/>\n<meta property=\"og:title\" content=\"Tribunal f\u00e9d\u00e9ral suisse, 2 juin 2023, n\u00b0 6B 748-2022\" \/>\n<meta property=\"og:description\" content=\"Bundesgericht Tribunal f\u00e9d\u00e9ral Tribunale federale Tribunal federal 6B_748\/2022 Arr\u00eat du 2 juin 2023 Cour de droit p\u00e9nal Composition Mme et MM. les Juges f\u00e9d\u00e9raux Jacquemoud-Rossari, Pr\u00e9sidente, Denys et Hurni. Greffi\u00e8re : Mme Meriboute. Participants \u00e0 la proc\u00e9dure Minist\u00e8re public central du canton de Vaud, avenue de Longemalle 1, 1020 Renens VD, recourant, contre A.________, repr\u00e9sent\u00e9...\" \/>\n<meta property=\"og:url\" content=\"https:\/\/kohenavocats.com\/zh-hans\/jurisprudences\/tribunal-federal-suisse-2-juin-2023-n-6b-748-2022\/\" \/>\n<meta property=\"og:site_name\" content=\"Ma\u00eetre Hassan Kohen, avocat en droit p\u00e9nal \u00e0 Paris\" \/>\n<meta name=\"twitter:card\" content=\"summary_large_image\" \/>\n<meta name=\"twitter:label1\" content=\"\u9884\u8ba1\u9605\u8bfb\u65f6\u95f4\" \/>\n\t<meta name=\"twitter:data1\" content=\"15 \u5206\" \/>\n<script type=\"application\/ld+json\" class=\"yoast-schema-graph\">{\"@context\":\"https:\\\/\\\/schema.org\",\"@graph\":[{\"@type\":\"WebPage\",\"@id\":\"https:\\\/\\\/kohenavocats.com\\\/zh-hans\\\/jurisprudences\\\/tribunal-federal-suisse-2-juin-2023-n-6b-748-2022\\\/\",\"url\":\"https:\\\/\\\/kohenavocats.com\\\/zh-hans\\\/jurisprudences\\\/tribunal-federal-suisse-2-juin-2023-n-6b-748-2022\\\/\",\"name\":\"Tribunal f\u00e9d\u00e9ral suisse, 2 juin 2023, n\u00b0 6B 748-2022 - Ma\u00eetre Hassan Kohen, avocat en droit p\u00e9nal \u00e0 Paris\",\"isPartOf\":{\"@id\":\"https:\\\/\\\/kohenavocats.com\\\/zh-hans\\\/#website\"},\"datePublished\":\"2026-04-21T11:13:38+00:00\",\"breadcrumb\":{\"@id\":\"https:\\\/\\\/kohenavocats.com\\\/zh-hans\\\/jurisprudences\\\/tribunal-federal-suisse-2-juin-2023-n-6b-748-2022\\\/#breadcrumb\"},\"inLanguage\":\"zh-Hans\",\"potentialAction\":[{\"@type\":\"ReadAction\",\"target\":[\"https:\\\/\\\/kohenavocats.com\\\/zh-hans\\\/jurisprudences\\\/tribunal-federal-suisse-2-juin-2023-n-6b-748-2022\\\/\"]}]},{\"@type\":\"BreadcrumbList\",\"@id\":\"https:\\\/\\\/kohenavocats.com\\\/zh-hans\\\/jurisprudences\\\/tribunal-federal-suisse-2-juin-2023-n-6b-748-2022\\\/#breadcrumb\",\"itemListElement\":[{\"@type\":\"ListItem\",\"position\":1,\"name\":\"Home\",\"item\":\"https:\\\/\\\/kohenavocats.com\\\/zh-hans\\\/\"},{\"@type\":\"ListItem\",\"position\":2,\"name\":\"Jurisprudences\",\"item\":\"https:\\\/\\\/kohenavocats.com\\\/zh-hans\\\/jurisprudences\\\/\"},{\"@type\":\"ListItem\",\"position\":3,\"name\":\"Tribunal f\u00e9d\u00e9ral suisse, 2 juin 2023, n\u00b0 6B 748-2022\"}]},{\"@type\":\"WebSite\",\"@id\":\"https:\\\/\\\/kohenavocats.com\\\/zh-hans\\\/#website\",\"url\":\"https:\\\/\\\/kohenavocats.com\\\/zh-hans\\\/\",\"name\":\"Kohen Avocats\",\"description\":\"Ma\u00eetre Hassan Kohen, avocat p\u00e9naliste \u00e0 Paris, intervient exclusivement en droit p\u00e9nal pour la d\u00e9fense des particuliers, notamment en mati\u00e8re d\u2019accusations de viol. Il assure un accompagnement rigoureux d\u00e8s la garde \u00e0 vue jusqu\u2019\u00e0 la Cour d\u2019assises, veillant au strict respect des garanties proc\u00e9durales.\",\"publisher\":{\"@id\":\"https:\\\/\\\/kohenavocats.com\\\/zh-hans\\\/#organization\"},\"potentialAction\":[{\"@type\":\"SearchAction\",\"target\":{\"@type\":\"EntryPoint\",\"urlTemplate\":\"https:\\\/\\\/kohenavocats.com\\\/zh-hans\\\/?s={search_term_string}\"},\"query-input\":{\"@type\":\"PropertyValueSpecification\",\"valueRequired\":true,\"valueName\":\"search_term_string\"}}],\"inLanguage\":\"zh-Hans\"},{\"@type\":\"Organization\",\"@id\":\"https:\\\/\\\/kohenavocats.com\\\/zh-hans\\\/#organization\",\"name\":\"Kohen Avocats\",\"url\":\"https:\\\/\\\/kohenavocats.com\\\/zh-hans\\\/\",\"logo\":{\"@type\":\"ImageObject\",\"inLanguage\":\"zh-Hans\",\"@id\":\"https:\\\/\\\/kohenavocats.com\\\/zh-hans\\\/#\\\/schema\\\/logo\\\/image\\\/\",\"url\":\"https:\\\/\\\/kohenavocats.com\\\/wp-content\\\/uploads\\\/2026\\\/01\\\/Logo-2-1.webp\",\"contentUrl\":\"https:\\\/\\\/kohenavocats.com\\\/wp-content\\\/uploads\\\/2026\\\/01\\\/Logo-2-1.webp\",\"width\":2114,\"height\":1253,\"caption\":\"Kohen Avocats\"},\"image\":{\"@id\":\"https:\\\/\\\/kohenavocats.com\\\/zh-hans\\\/#\\\/schema\\\/logo\\\/image\\\/\"}}]}<\/script>\n<!-- \/ Yoast SEO Premium plugin. -->","yoast_head_json":{"title":"Tribunal f\u00e9d\u00e9ral suisse, 2 juin 2023, n\u00b0 6B 748-2022 - Ma\u00eetre Hassan Kohen, avocat en droit p\u00e9nal \u00e0 Paris","robots":{"index":"index","follow":"follow","max-snippet":"max-snippet:-1","max-image-preview":"max-image-preview:large","max-video-preview":"max-video-preview:-1"},"canonical":"https:\/\/kohenavocats.com\/zh-hans\/jurisprudences\/tribunal-federal-suisse-2-juin-2023-n-6b-748-2022\/","og_locale":"zh_CN","og_type":"article","og_title":"Tribunal f\u00e9d\u00e9ral suisse, 2 juin 2023, n\u00b0 6B 748-2022","og_description":"Bundesgericht Tribunal f\u00e9d\u00e9ral Tribunale federale Tribunal federal 6B_748\/2022 Arr\u00eat du 2 juin 2023 Cour de droit p\u00e9nal Composition Mme et MM. les Juges f\u00e9d\u00e9raux Jacquemoud-Rossari, Pr\u00e9sidente, Denys et Hurni. Greffi\u00e8re : Mme Meriboute. Participants \u00e0 la proc\u00e9dure Minist\u00e8re public central du canton de Vaud, avenue de Longemalle 1, 1020 Renens VD, recourant, contre A.________, repr\u00e9sent\u00e9...","og_url":"https:\/\/kohenavocats.com\/zh-hans\/jurisprudences\/tribunal-federal-suisse-2-juin-2023-n-6b-748-2022\/","og_site_name":"Ma\u00eetre Hassan Kohen, avocat en droit p\u00e9nal \u00e0 Paris","twitter_card":"summary_large_image","twitter_misc":{"\u9884\u8ba1\u9605\u8bfb\u65f6\u95f4":"15 \u5206"},"schema":{"@context":"https:\/\/schema.org","@graph":[{"@type":"WebPage","@id":"https:\/\/kohenavocats.com\/zh-hans\/jurisprudences\/tribunal-federal-suisse-2-juin-2023-n-6b-748-2022\/","url":"https:\/\/kohenavocats.com\/zh-hans\/jurisprudences\/tribunal-federal-suisse-2-juin-2023-n-6b-748-2022\/","name":"Tribunal f\u00e9d\u00e9ral suisse, 2 juin 2023, n\u00b0 6B 748-2022 - Ma\u00eetre Hassan Kohen, avocat en droit p\u00e9nal \u00e0 Paris","isPartOf":{"@id":"https:\/\/kohenavocats.com\/zh-hans\/#website"},"datePublished":"2026-04-21T11:13:38+00:00","breadcrumb":{"@id":"https:\/\/kohenavocats.com\/zh-hans\/jurisprudences\/tribunal-federal-suisse-2-juin-2023-n-6b-748-2022\/#breadcrumb"},"inLanguage":"zh-Hans","potentialAction":[{"@type":"ReadAction","target":["https:\/\/kohenavocats.com\/zh-hans\/jurisprudences\/tribunal-federal-suisse-2-juin-2023-n-6b-748-2022\/"]}]},{"@type":"BreadcrumbList","@id":"https:\/\/kohenavocats.com\/zh-hans\/jurisprudences\/tribunal-federal-suisse-2-juin-2023-n-6b-748-2022\/#breadcrumb","itemListElement":[{"@type":"ListItem","position":1,"name":"Home","item":"https:\/\/kohenavocats.com\/zh-hans\/"},{"@type":"ListItem","position":2,"name":"Jurisprudences","item":"https:\/\/kohenavocats.com\/zh-hans\/jurisprudences\/"},{"@type":"ListItem","position":3,"name":"Tribunal f\u00e9d\u00e9ral suisse, 2 juin 2023, n\u00b0 6B 748-2022"}]},{"@type":"WebSite","@id":"https:\/\/kohenavocats.com\/zh-hans\/#website","url":"https:\/\/kohenavocats.com\/zh-hans\/","name":"Kohen Avocats","description":"Ma\u00eetre Hassan Kohen, avocat p\u00e9naliste \u00e0 Paris, intervient exclusivement en droit p\u00e9nal pour la d\u00e9fense des particuliers, notamment en mati\u00e8re d\u2019accusations de viol. Il assure un accompagnement rigoureux d\u00e8s la garde \u00e0 vue jusqu\u2019\u00e0 la Cour d\u2019assises, veillant au strict respect des garanties proc\u00e9durales.","publisher":{"@id":"https:\/\/kohenavocats.com\/zh-hans\/#organization"},"potentialAction":[{"@type":"SearchAction","target":{"@type":"EntryPoint","urlTemplate":"https:\/\/kohenavocats.com\/zh-hans\/?s={search_term_string}"},"query-input":{"@type":"PropertyValueSpecification","valueRequired":true,"valueName":"search_term_string"}}],"inLanguage":"zh-Hans"},{"@type":"Organization","@id":"https:\/\/kohenavocats.com\/zh-hans\/#organization","name":"Kohen Avocats","url":"https:\/\/kohenavocats.com\/zh-hans\/","logo":{"@type":"ImageObject","inLanguage":"zh-Hans","@id":"https:\/\/kohenavocats.com\/zh-hans\/#\/schema\/logo\/image\/","url":"https:\/\/kohenavocats.com\/wp-content\/uploads\/2026\/01\/Logo-2-1.webp","contentUrl":"https:\/\/kohenavocats.com\/wp-content\/uploads\/2026\/01\/Logo-2-1.webp","width":2114,"height":1253,"caption":"Kohen Avocats"},"image":{"@id":"https:\/\/kohenavocats.com\/zh-hans\/#\/schema\/logo\/image\/"}}]}},"jetpack_likes_enabled":false,"jetpack_sharing_enabled":true,"_links":{"self":[{"href":"https:\/\/kohenavocats.com\/zh-hans\/wp-json\/wp\/v2\/kji_decision\/635802","targetHints":{"allow":["GET"]}}],"collection":[{"href":"https:\/\/kohenavocats.com\/zh-hans\/wp-json\/wp\/v2\/kji_decision"}],"about":[{"href":"https:\/\/kohenavocats.com\/zh-hans\/wp-json\/wp\/v2\/types\/kji_decision"}],"wp:attachment":[{"href":"https:\/\/kohenavocats.com\/zh-hans\/wp-json\/wp\/v2\/media?parent=635802"}],"wp:term":[{"taxonomy":"kji_country","embeddable":true,"href":"https:\/\/kohenavocats.com\/zh-hans\/wp-json\/wp\/v2\/kji_country?post=635802"},{"taxonomy":"kji_court","embeddable":true,"href":"https:\/\/kohenavocats.com\/zh-hans\/wp-json\/wp\/v2\/kji_court?post=635802"},{"taxonomy":"kji_chamber","embeddable":true,"href":"https:\/\/kohenavocats.com\/zh-hans\/wp-json\/wp\/v2\/kji_chamber?post=635802"},{"taxonomy":"kji_year","embeddable":true,"href":"https:\/\/kohenavocats.com\/zh-hans\/wp-json\/wp\/v2\/kji_year?post=635802"},{"taxonomy":"kji_subject","embeddable":true,"href":"https:\/\/kohenavocats.com\/zh-hans\/wp-json\/wp\/v2\/kji_subject?post=635802"},{"taxonomy":"kji_keyword","embeddable":true,"href":"https:\/\/kohenavocats.com\/zh-hans\/wp-json\/wp\/v2\/kji_keyword?post=635802"},{"taxonomy":"kji_language","embeddable":true,"href":"https:\/\/kohenavocats.com\/zh-hans\/wp-json\/wp\/v2\/kji_language?post=635802"}],"curies":[{"name":"wp","href":"https:\/\/api.w.org\/{rel}","templated":true}]}}