{"id":635804,"date":"2026-04-21T13:13:43","date_gmt":"2026-04-21T11:13:43","guid":{"rendered":"https:\/\/kohenavocats.com\/jurisprudences\/tribunal-federal-suisse-2-juin-2023-n-6b-611-2023\/"},"modified":"2026-04-21T13:13:43","modified_gmt":"2026-04-21T11:13:43","slug":"tribunal-federal-suisse-2-juin-2023-n-6b-611-2023","status":"publish","type":"kji_decision","link":"https:\/\/kohenavocats.com\/zh-hans\/jurisprudences\/tribunal-federal-suisse-2-juin-2023-n-6b-611-2023\/","title":{"rendered":"Tribunal f\u00e9d\u00e9ral suisse, 2 juin 2023, n\u00b0 6B 611-2023"},"content":{"rendered":"<div class=\"kji-decision\">\n<div class=\"kji-full-text\">\n<p>Bundesgericht<\/p>\n<p>Tribunal f\u00e9d\u00e9ral<\/p>\n<p>Tribunale federale<\/p>\n<p>Tribunal federal<\/p>\n<p>6B_611\/2023<\/p>\n<p>Arr\u00eat du 2 juin 2023<\/p>\n<p>Cour de droit p\u00e9nal<\/p>\n<p>Composition<\/p>\n<p>M. le Juge f\u00e9d\u00e9ral Hurni, Juge pr\u00e9sidant.<\/p>\n<p>Greffier : M. Dyens.<\/p>\n<p>Participants \u00e0 la proc\u00e9dure<\/p>\n<p>A.________,<\/p>\n<p>recourant,<\/p>\n<p>contre<\/p>\n<p>Minist\u00e8re public central du canton de Vaud, avenue de Longemalle 1, 1020 Renens VD,<\/p>\n<p>intim\u00e9.<\/p>\n<p>Objet<\/p>\n<p>Opposition tardive \u00e0 une ordonnance p\u00e9nale (faux dans les titres),<\/p>\n<p>recours contre l&#039;arr\u00eat du Tribunal cantonal du canton de Vaud, Chambre des recours p\u00e9nale, du 28 f\u00e9vrier 2023 (n\u00b0 152 AM22.012952-PBR).<\/p>\n<p>Consid\u00e9rant en fait et en droit :<\/p>\n<p>1.<\/p>\n<p>Par ordonnance p\u00e9nale du 14 d\u00e9cembre 2022, le Minist\u00e8re public de l&#039;arrondissement de Lausanne a condamn\u00e9 A.________, pour faux dans les titres \u00e0 une peine p\u00e9cuniaire de 90 jours-amende \u00e0 100 fr. le jour avec sursis pendant 2 ans, et \u00e0 une amende de 1800 fr., convertible en 18 jours de peine privative de libert\u00e9 de substitution en cas de non-paiement fautif dans le d\u00e9lai imparti.<\/p>\n<p>Dite ordonnance a \u00e9t\u00e9 envoy\u00e9e le m\u00eame jour au pr\u00e9nomm\u00e9 sous pli recommand\u00e9, le suivi des envois de la poste indiquant que ledit pli a \u00e9t\u00e9 r\u00e9ceptionn\u00e9 au guichet le 16 d\u00e9cembre 2022.<\/p>\n<p>Le 5 janvier 2023, A.________ a form\u00e9 opposition \u00e0 l&#039;encontre de cette ordonnance aupr\u00e8s du minist\u00e8re public.<\/p>\n<p>Le 31 janvier suivant, le minist\u00e8re public a transmis le dossier de la cause au Tribunal de police de l&#039;arrondissement de Lausanne afin qu&#039;il statue sur la recevabilit\u00e9 de l&#039;opposition. Estimant cette derni\u00e8re tardive, le procureur a conclu \u00e0 ce qu&#039;elle soit d\u00e9clar\u00e9e irrecevable.<\/p>\n<p>2.<\/p>\n<p>Par prononc\u00e9 du 10 f\u00e9vrier 2023, retenant que la notification de l&#039;ordonnance p\u00e9nale querell\u00e9e avait \u00e9t\u00e9 r\u00e9guli\u00e8re et que l&#039;opposition \u00e9tait tardive, le Tribunal de police l&#039;a d\u00e9clar\u00e9e irrecevable, a constat\u00e9 que l&#039;ordonnance p\u00e9nale \u00e9tait ex\u00e9cutoire et a rendu sa d\u00e9cision sans frais.<\/p>\n<p>3.<\/p>\n<p>Par acte dat\u00e9 du 8 mai 2023, A.________ forme un recours en mati\u00e8re p\u00e9nale au Tribunal f\u00e9d\u00e9ral \u00e0 l&#039;encontre de l&#039;arr\u00eat rendu le 28 f\u00e9vrier 2023 par la Chambre p\u00e9nale des recours du Tribunal cantonal vaudois.<\/p>\n<p>4.<\/p>\n<p>Selon l&#039;art. 42 al. 1 LTF, les m\u00e9moires de recours au Tribunal f\u00e9d\u00e9ral doivent indiquer les conclusions, les motifs et les moyens de preuves, et \u00eatre sign\u00e9s. En particulier, le recourant doit motiver son recours en exposant succinctement en quoi la d\u00e9cision attaqu\u00e9e viole le droit (cf. art. 42 al. 2 LTF). Pour satisfaire \u00e0 cette exigence, il appartient au recourant de discuter au moins bri\u00e8vement les consid\u00e9rants de la d\u00e9cision litigieuse (ATF 140 III 86 consid. 2 et 115 consid. 2); en particulier, la motivation doit \u00eatre topique, c&#039;est-\u00e0-dire se rapporter \u00e0 la question juridique tranch\u00e9e par l&#039;autorit\u00e9 cantonale (ATF 123 V 335; arr\u00eat 6B_970\/2017 du 17 octobre 2017 consid. 4). De plus, le Tribunal f\u00e9d\u00e9ral est li\u00e9 par les faits retenus par l&#039;arr\u00eat entrepris (art. 105 al. 1 LTF), sous les r\u00e9serves d\u00e9coulant des art. 97 al. 1 et 105 al. 2 LTF, soit pour l&#039;essentiel de l&#039;arbitraire (art. 9 Cst.; sur cette notion, cf. ATF 147 IV 73 consid. 4.1.2; 143 IV 241 consid. 2.3.1) dans la constatation des faits. Le Tribunal f\u00e9d\u00e9ral ne conna\u00eet de la violation des droits fondamentaux que si ce moyen est invoqu\u00e9 et motiv\u00e9 par le recourant (art. 106 al. 2 LTF), c&#039;est-\u00e0-dire s&#039;il a \u00e9t\u00e9 express\u00e9ment soulev\u00e9 et expos\u00e9 de mani\u00e8re claire et d\u00e9taill\u00e9e (ATF 143 IV 500 consid. 1.1). Les critiques de nature appellatoire sont irrecevables (ATF 147 IV 73 consid. 4.1.2; 146 IV 114 consid. 2.1; 145 IV 154 consid. 1.1).<\/p>\n<p>En l&#039;esp\u00e8ce, il ressort de l&#039;arr\u00eat attaqu\u00e9 que la cour cantonale a jug\u00e9 \u00e0 son tour que l&#039;opposition du recourant \u00e9tait bel et bien tardive et que le premier juge l&#039;avait \u00e0 bon droit d\u00e9clar\u00e9 irrecevable. Elle a donc rejet\u00e9 son recours et confirm\u00e9 le prononc\u00e9 du 10 f\u00e9vrier 2023.<\/p>\n<p>Devant le Tribunal f\u00e9d\u00e9ral, le recourant conteste diff\u00e9rents \u00e9l\u00e9ments ayant trait au fond de la cause. Outre que la discussion qu&#039;il esquisse rev\u00eat un caract\u00e8re appellatoire et qu&#039;elle est \u00e0 ce titre irrecevable, il n&#039;est de toute fa\u00e7on pas recevable \u00e0 discuter de tels \u00e9l\u00e9ments de fond, d\u00e8s lors que la probl\u00e9matique dont la cour cantonale a eu \u00e0 conna\u00eetre et \u00e0 trancher se rapporte essentiellement \u00e0 la tardivet\u00e9 de son opposition (cf. art. 80 LTF). Le recourant ne conteste au demeurant pas ce point, puisqu&#039;il admet lui-m\u00eame que le d\u00e9lai d&#039;opposition n&#039;a pas \u00e9t\u00e9 respect\u00e9. Son \u00e9criture s&#039;av\u00e8re en tout \u00e9tat d\u00e9pourvue de grief recevable (art. 42 al. 2 LTF et 106 al. 2 LTF), faute pour lui de contester ou de s&#039;en prendre, par le biais d&#039;une motivation conforme aux r\u00e9quisits en la mati\u00e8re, tels qu&#039;expos\u00e9s plus haut, aux consid\u00e9rants de l&#039;arr\u00eat attaqu\u00e9.<\/p>\n<p>5.<\/p>\n<p>Au vu de ce qui pr\u00e9c\u00e8de, faute de satisfaire aux conditions de recevabilit\u00e9 d&#039;un recours en mati\u00e8re p\u00e9nale au Tribunal f\u00e9d\u00e9ral (cf. art. 42 al. 2 et 106 al. 2 LTF), le recours doit \u00eatre d\u00e9clar\u00e9 irrecevable en application de l&#039;art. 108 al. 1 let. b LTF.<\/p>\n<p>Le recourant, qui succombe, supporte les frais judiciaires (art. 65 al. 2 et 66 al. 1 LTF).<\/p>\n<p>Par ces motifs, le Juge pr\u00e9sidant prononce :<\/p>\n<p>1.<\/p>\n<p>Le recours est irrecevable.<\/p>\n<p>2.<\/p>\n<p>Les frais judiciaires, arr\u00eat\u00e9s \u00e0 800 fr., sont mis \u00e0 la charge du recourant.<\/p>\n<p>3.<\/p>\n<p>Le pr\u00e9sent arr\u00eat est communiqu\u00e9 aux parties et au Tribunal cantonal du canton de Vaud, Chambre des recours p\u00e9nale.<\/p>\n<p>Lausanne, le 2 juin 2023<\/p>\n<p>Au nom de la Cour de droit p\u00e9nal<\/p>\n<p>du Tribunal f\u00e9d\u00e9ral suisse<\/p>\n<p>Le Juge pr\u00e9sidant : Hurni<\/p>\n<p>Le Greffier : Dyens<\/p>\n<\/div>\n<hr class=\"kji-sep\" \/>\n<p class=\"kji-source-links\"><strong>Sources officielles :<\/strong> <a class=\"kji-source-link\" href=\"https:\/\/search.bger.ch\/ext\/eurospider\/live\/fr\/php\/aza\/http\/index.php?lang=fr&#038;type=highlight_simple_query&#038;page=10&#038;from_date=&#038;to_date=&#038;sort=relevance&#038;insertion_date=&#038;top_subcollection_aza=all&#038;query_words=droit+penal&#038;rank=91&#038;azaclir=aza&#038;highlight_docid=aza%3A%2F%2F02-06-2023-6B_611-2023&#038;number_of_ranks=14459\" target=\"_blank\" rel=\"noopener noreferrer\">consulter la page source<\/a><\/p>\n<p class=\"kji-license-note\"><em>Source officielle Tribunal federal suisse. Contenu HTML public, PDF non garanti en version gratuite.<\/em><\/p>\n<\/div>\n","protected":false},"excerpt":{"rendered":"<p>Bundesgericht Tribunal f\u00e9d\u00e9ral Tribunale federale Tribunal federal 6B_611\/2023 Arr\u00eat du 2 juin 2023 Cour de droit p\u00e9nal Composition M. le Juge f\u00e9d\u00e9ral Hurni, Juge pr\u00e9sidant. Greffier : M. Dyens. Participants \u00e0 la proc\u00e9dure A.________, recourant, contre Minist\u00e8re public central du canton de Vaud, avenue de Longemalle 1, 1020 Renens VD, intim\u00e9. Objet Opposition tardive \u00e0&#8230;<\/p>\n","protected":false},"featured_media":0,"template":"","meta":{"_crdt_document":""},"kji_country":[9676],"kji_court":[9677],"kji_chamber":[10143],"kji_year":[24566],"kji_subject":[7632],"kji_keyword":[9799,9679,9680,7636],"kji_language":[7733],"class_list":["post-635804","kji_decision","type-kji_decision","status-publish","hentry","kji_country-suisse","kji_court-tribunal-federal-suisse","kji_chamber-cour-de-droit-penal","kji_year-24566","kji_subject-penal","kji_keyword-bundesgericht","kji_keyword-federal","kji_keyword-suisse","kji_keyword-tribunal","kji_language-francais"],"yoast_head":"<!-- This site is optimized with the Yoast SEO Premium plugin v27.5 (Yoast SEO v27.5) - https:\/\/yoast.com\/product\/yoast-seo-premium-wordpress\/ -->\n<title>Tribunal f\u00e9d\u00e9ral suisse, 2 juin 2023, n\u00b0 6B 611-2023 - Ma\u00eetre Hassan Kohen, avocat en droit p\u00e9nal \u00e0 Paris<\/title>\n<meta name=\"robots\" content=\"index, follow, max-snippet:-1, max-image-preview:large, max-video-preview:-1\" \/>\n<link rel=\"canonical\" href=\"https:\/\/kohenavocats.com\/zh-hans\/jurisprudences\/tribunal-federal-suisse-2-juin-2023-n-6b-611-2023\/\" \/>\n<meta property=\"og:locale\" content=\"zh_CN\" \/>\n<meta property=\"og:type\" content=\"article\" \/>\n<meta property=\"og:title\" content=\"Tribunal f\u00e9d\u00e9ral suisse, 2 juin 2023, n\u00b0 6B 611-2023\" \/>\n<meta property=\"og:description\" content=\"Bundesgericht Tribunal f\u00e9d\u00e9ral Tribunale federale Tribunal federal 6B_611\/2023 Arr\u00eat du 2 juin 2023 Cour de droit p\u00e9nal Composition M. le Juge f\u00e9d\u00e9ral Hurni, Juge pr\u00e9sidant. Greffier : M. Dyens. Participants \u00e0 la proc\u00e9dure A.________, recourant, contre Minist\u00e8re public central du canton de Vaud, avenue de Longemalle 1, 1020 Renens VD, intim\u00e9. Objet Opposition tardive \u00e0...\" \/>\n<meta property=\"og:url\" content=\"https:\/\/kohenavocats.com\/zh-hans\/jurisprudences\/tribunal-federal-suisse-2-juin-2023-n-6b-611-2023\/\" \/>\n<meta property=\"og:site_name\" content=\"Ma\u00eetre Hassan Kohen, avocat en droit p\u00e9nal \u00e0 Paris\" \/>\n<meta name=\"twitter:card\" content=\"summary_large_image\" \/>\n<meta name=\"twitter:label1\" content=\"\u9884\u8ba1\u9605\u8bfb\u65f6\u95f4\" \/>\n\t<meta name=\"twitter:data1\" content=\"5 \u5206\" \/>\n<script type=\"application\/ld+json\" class=\"yoast-schema-graph\">{\"@context\":\"https:\\\/\\\/schema.org\",\"@graph\":[{\"@type\":\"WebPage\",\"@id\":\"https:\\\/\\\/kohenavocats.com\\\/zh-hans\\\/jurisprudences\\\/tribunal-federal-suisse-2-juin-2023-n-6b-611-2023\\\/\",\"url\":\"https:\\\/\\\/kohenavocats.com\\\/zh-hans\\\/jurisprudences\\\/tribunal-federal-suisse-2-juin-2023-n-6b-611-2023\\\/\",\"name\":\"Tribunal f\u00e9d\u00e9ral suisse, 2 juin 2023, n\u00b0 6B 611-2023 - Ma\u00eetre Hassan Kohen, avocat en droit p\u00e9nal \u00e0 Paris\",\"isPartOf\":{\"@id\":\"https:\\\/\\\/kohenavocats.com\\\/zh-hans\\\/#website\"},\"datePublished\":\"2026-04-21T11:13:43+00:00\",\"breadcrumb\":{\"@id\":\"https:\\\/\\\/kohenavocats.com\\\/zh-hans\\\/jurisprudences\\\/tribunal-federal-suisse-2-juin-2023-n-6b-611-2023\\\/#breadcrumb\"},\"inLanguage\":\"zh-Hans\",\"potentialAction\":[{\"@type\":\"ReadAction\",\"target\":[\"https:\\\/\\\/kohenavocats.com\\\/zh-hans\\\/jurisprudences\\\/tribunal-federal-suisse-2-juin-2023-n-6b-611-2023\\\/\"]}]},{\"@type\":\"BreadcrumbList\",\"@id\":\"https:\\\/\\\/kohenavocats.com\\\/zh-hans\\\/jurisprudences\\\/tribunal-federal-suisse-2-juin-2023-n-6b-611-2023\\\/#breadcrumb\",\"itemListElement\":[{\"@type\":\"ListItem\",\"position\":1,\"name\":\"Home\",\"item\":\"https:\\\/\\\/kohenavocats.com\\\/zh-hans\\\/\"},{\"@type\":\"ListItem\",\"position\":2,\"name\":\"Jurisprudences\",\"item\":\"https:\\\/\\\/kohenavocats.com\\\/zh-hans\\\/jurisprudences\\\/\"},{\"@type\":\"ListItem\",\"position\":3,\"name\":\"Tribunal f\u00e9d\u00e9ral suisse, 2 juin 2023, n\u00b0 6B 611-2023\"}]},{\"@type\":\"WebSite\",\"@id\":\"https:\\\/\\\/kohenavocats.com\\\/zh-hans\\\/#website\",\"url\":\"https:\\\/\\\/kohenavocats.com\\\/zh-hans\\\/\",\"name\":\"Kohen Avocats\",\"description\":\"Ma\u00eetre Hassan Kohen, avocat p\u00e9naliste \u00e0 Paris, intervient exclusivement en droit p\u00e9nal pour la d\u00e9fense des particuliers, notamment en mati\u00e8re d\u2019accusations de viol. Il assure un accompagnement rigoureux d\u00e8s la garde \u00e0 vue jusqu\u2019\u00e0 la Cour d\u2019assises, veillant au strict respect des garanties proc\u00e9durales.\",\"publisher\":{\"@id\":\"https:\\\/\\\/kohenavocats.com\\\/zh-hans\\\/#organization\"},\"potentialAction\":[{\"@type\":\"SearchAction\",\"target\":{\"@type\":\"EntryPoint\",\"urlTemplate\":\"https:\\\/\\\/kohenavocats.com\\\/zh-hans\\\/?s={search_term_string}\"},\"query-input\":{\"@type\":\"PropertyValueSpecification\",\"valueRequired\":true,\"valueName\":\"search_term_string\"}}],\"inLanguage\":\"zh-Hans\"},{\"@type\":\"Organization\",\"@id\":\"https:\\\/\\\/kohenavocats.com\\\/zh-hans\\\/#organization\",\"name\":\"Kohen Avocats\",\"url\":\"https:\\\/\\\/kohenavocats.com\\\/zh-hans\\\/\",\"logo\":{\"@type\":\"ImageObject\",\"inLanguage\":\"zh-Hans\",\"@id\":\"https:\\\/\\\/kohenavocats.com\\\/zh-hans\\\/#\\\/schema\\\/logo\\\/image\\\/\",\"url\":\"https:\\\/\\\/kohenavocats.com\\\/wp-content\\\/uploads\\\/2026\\\/01\\\/Logo-2-1.webp\",\"contentUrl\":\"https:\\\/\\\/kohenavocats.com\\\/wp-content\\\/uploads\\\/2026\\\/01\\\/Logo-2-1.webp\",\"width\":2114,\"height\":1253,\"caption\":\"Kohen Avocats\"},\"image\":{\"@id\":\"https:\\\/\\\/kohenavocats.com\\\/zh-hans\\\/#\\\/schema\\\/logo\\\/image\\\/\"}}]}<\/script>\n<!-- \/ Yoast SEO Premium plugin. -->","yoast_head_json":{"title":"Tribunal f\u00e9d\u00e9ral suisse, 2 juin 2023, n\u00b0 6B 611-2023 - Ma\u00eetre Hassan Kohen, avocat en droit p\u00e9nal \u00e0 Paris","robots":{"index":"index","follow":"follow","max-snippet":"max-snippet:-1","max-image-preview":"max-image-preview:large","max-video-preview":"max-video-preview:-1"},"canonical":"https:\/\/kohenavocats.com\/zh-hans\/jurisprudences\/tribunal-federal-suisse-2-juin-2023-n-6b-611-2023\/","og_locale":"zh_CN","og_type":"article","og_title":"Tribunal f\u00e9d\u00e9ral suisse, 2 juin 2023, n\u00b0 6B 611-2023","og_description":"Bundesgericht Tribunal f\u00e9d\u00e9ral Tribunale federale Tribunal federal 6B_611\/2023 Arr\u00eat du 2 juin 2023 Cour de droit p\u00e9nal Composition M. le Juge f\u00e9d\u00e9ral Hurni, Juge pr\u00e9sidant. Greffier : M. Dyens. Participants \u00e0 la proc\u00e9dure A.________, recourant, contre Minist\u00e8re public central du canton de Vaud, avenue de Longemalle 1, 1020 Renens VD, intim\u00e9. Objet Opposition tardive \u00e0...","og_url":"https:\/\/kohenavocats.com\/zh-hans\/jurisprudences\/tribunal-federal-suisse-2-juin-2023-n-6b-611-2023\/","og_site_name":"Ma\u00eetre Hassan Kohen, avocat en droit p\u00e9nal \u00e0 Paris","twitter_card":"summary_large_image","twitter_misc":{"\u9884\u8ba1\u9605\u8bfb\u65f6\u95f4":"5 \u5206"},"schema":{"@context":"https:\/\/schema.org","@graph":[{"@type":"WebPage","@id":"https:\/\/kohenavocats.com\/zh-hans\/jurisprudences\/tribunal-federal-suisse-2-juin-2023-n-6b-611-2023\/","url":"https:\/\/kohenavocats.com\/zh-hans\/jurisprudences\/tribunal-federal-suisse-2-juin-2023-n-6b-611-2023\/","name":"Tribunal f\u00e9d\u00e9ral suisse, 2 juin 2023, n\u00b0 6B 611-2023 - Ma\u00eetre Hassan Kohen, avocat en droit p\u00e9nal \u00e0 Paris","isPartOf":{"@id":"https:\/\/kohenavocats.com\/zh-hans\/#website"},"datePublished":"2026-04-21T11:13:43+00:00","breadcrumb":{"@id":"https:\/\/kohenavocats.com\/zh-hans\/jurisprudences\/tribunal-federal-suisse-2-juin-2023-n-6b-611-2023\/#breadcrumb"},"inLanguage":"zh-Hans","potentialAction":[{"@type":"ReadAction","target":["https:\/\/kohenavocats.com\/zh-hans\/jurisprudences\/tribunal-federal-suisse-2-juin-2023-n-6b-611-2023\/"]}]},{"@type":"BreadcrumbList","@id":"https:\/\/kohenavocats.com\/zh-hans\/jurisprudences\/tribunal-federal-suisse-2-juin-2023-n-6b-611-2023\/#breadcrumb","itemListElement":[{"@type":"ListItem","position":1,"name":"Home","item":"https:\/\/kohenavocats.com\/zh-hans\/"},{"@type":"ListItem","position":2,"name":"Jurisprudences","item":"https:\/\/kohenavocats.com\/zh-hans\/jurisprudences\/"},{"@type":"ListItem","position":3,"name":"Tribunal f\u00e9d\u00e9ral suisse, 2 juin 2023, n\u00b0 6B 611-2023"}]},{"@type":"WebSite","@id":"https:\/\/kohenavocats.com\/zh-hans\/#website","url":"https:\/\/kohenavocats.com\/zh-hans\/","name":"Kohen Avocats","description":"Ma\u00eetre Hassan Kohen, avocat p\u00e9naliste \u00e0 Paris, intervient exclusivement en droit p\u00e9nal pour la d\u00e9fense des particuliers, notamment en mati\u00e8re d\u2019accusations de viol. Il assure un accompagnement rigoureux d\u00e8s la garde \u00e0 vue jusqu\u2019\u00e0 la Cour d\u2019assises, veillant au strict respect des garanties proc\u00e9durales.","publisher":{"@id":"https:\/\/kohenavocats.com\/zh-hans\/#organization"},"potentialAction":[{"@type":"SearchAction","target":{"@type":"EntryPoint","urlTemplate":"https:\/\/kohenavocats.com\/zh-hans\/?s={search_term_string}"},"query-input":{"@type":"PropertyValueSpecification","valueRequired":true,"valueName":"search_term_string"}}],"inLanguage":"zh-Hans"},{"@type":"Organization","@id":"https:\/\/kohenavocats.com\/zh-hans\/#organization","name":"Kohen Avocats","url":"https:\/\/kohenavocats.com\/zh-hans\/","logo":{"@type":"ImageObject","inLanguage":"zh-Hans","@id":"https:\/\/kohenavocats.com\/zh-hans\/#\/schema\/logo\/image\/","url":"https:\/\/kohenavocats.com\/wp-content\/uploads\/2026\/01\/Logo-2-1.webp","contentUrl":"https:\/\/kohenavocats.com\/wp-content\/uploads\/2026\/01\/Logo-2-1.webp","width":2114,"height":1253,"caption":"Kohen Avocats"},"image":{"@id":"https:\/\/kohenavocats.com\/zh-hans\/#\/schema\/logo\/image\/"}}]}},"jetpack_likes_enabled":false,"jetpack_sharing_enabled":true,"_links":{"self":[{"href":"https:\/\/kohenavocats.com\/zh-hans\/wp-json\/wp\/v2\/kji_decision\/635804","targetHints":{"allow":["GET"]}}],"collection":[{"href":"https:\/\/kohenavocats.com\/zh-hans\/wp-json\/wp\/v2\/kji_decision"}],"about":[{"href":"https:\/\/kohenavocats.com\/zh-hans\/wp-json\/wp\/v2\/types\/kji_decision"}],"wp:attachment":[{"href":"https:\/\/kohenavocats.com\/zh-hans\/wp-json\/wp\/v2\/media?parent=635804"}],"wp:term":[{"taxonomy":"kji_country","embeddable":true,"href":"https:\/\/kohenavocats.com\/zh-hans\/wp-json\/wp\/v2\/kji_country?post=635804"},{"taxonomy":"kji_court","embeddable":true,"href":"https:\/\/kohenavocats.com\/zh-hans\/wp-json\/wp\/v2\/kji_court?post=635804"},{"taxonomy":"kji_chamber","embeddable":true,"href":"https:\/\/kohenavocats.com\/zh-hans\/wp-json\/wp\/v2\/kji_chamber?post=635804"},{"taxonomy":"kji_year","embeddable":true,"href":"https:\/\/kohenavocats.com\/zh-hans\/wp-json\/wp\/v2\/kji_year?post=635804"},{"taxonomy":"kji_subject","embeddable":true,"href":"https:\/\/kohenavocats.com\/zh-hans\/wp-json\/wp\/v2\/kji_subject?post=635804"},{"taxonomy":"kji_keyword","embeddable":true,"href":"https:\/\/kohenavocats.com\/zh-hans\/wp-json\/wp\/v2\/kji_keyword?post=635804"},{"taxonomy":"kji_language","embeddable":true,"href":"https:\/\/kohenavocats.com\/zh-hans\/wp-json\/wp\/v2\/kji_language?post=635804"}],"curies":[{"name":"wp","href":"https:\/\/api.w.org\/{rel}","templated":true}]}}