{"id":635820,"date":"2026-04-21T13:15:55","date_gmt":"2026-04-21T11:15:55","guid":{"rendered":"https:\/\/kohenavocats.com\/jurisprudences\/tribunal-darrondissement-1-juin-2023-3\/"},"modified":"2026-04-21T13:15:59","modified_gmt":"2026-04-21T11:15:59","slug":"tribunal-darrondissement-1-juin-2023-3","status":"publish","type":"kji_decision","link":"https:\/\/kohenavocats.com\/zh-hans\/jurisprudences\/tribunal-darrondissement-1-juin-2023-3\/","title":{"rendered":"Tribunal d&#8217;arrondissement, 1 juin 2023"},"content":{"rendered":"<div class=\"kji-decision\">\n<div class=\"kji-full-text\">\n<p>Jugt no1278\/2023 Notice no 13320\/22\/CD (amende) AUDIENCE PUBLIQUE DU 1 er JUIN 2023 Le Tribunal d&#039;arrondissement de et \u00e0 Luxembourg,septi\u00e8me chambre correctionnelle,a rendu le jugement qui suit: dans la cause du Minist\u00e8re Publiccontre PERSONNE1.), n\u00e9 leDATE1.)\u00e0ADRESSE1.)(Portugal), demeurant\u00e0 L-ADRESSE2.) -p r \u00e9 v e n u- &#8212;&#8212;&#8212;&#8212;&#8212;&#8212;&#8212;&#8212;&#8212;&#8212;&#8212;&#8212;&#8212;&#8212;&#8212;&#8212;&#8212;&#8212;&#8212;&#8212;&#8212;&#8212;&#8212;&#8212;&#8212;&#8212;&#8212;&#8212;&#8212;&#8212;&#8212;&#8212;&#8212;&#8211; F A I T S : Par citation du22 mars2023, le Procureur d&#039;Etat pr\u00e8s le Tribunal d&#039;arrondissement de Luxembourg a requisle pr\u00e9venude compara\u00eetre \u00e0 l\u2019audience publique du27 avril 2023devant le Tribunal correctionnel de ce si\u00e8ge, pour y entendre statuer sur la pr\u00e9vention suivante: Infractionsauxarticles457-1, 3\u00b0et 457-3du Code p\u00e9nal. A l\u2019audience publique du27 avril 2023,le vice-pr\u00e9sident constata l\u2019identit\u00e9 du pr\u00e9venuPERSONNE1.), lui donna connaissance de l&#039;acte qui a saisi le Tribunal et l\u2019informa de son droit de se taire et deson droit de ne pas s\u2019incriminer soi-m\u00eame. Le t\u00e9moinPERSONNE2.)fut entendu enses d\u00e9clarations orales, apr\u00e8s avoir pr\u00eat\u00e9 le serment pr\u00e9vu \u00e0 l&#039;article 155 du Code de proc\u00e9dure p\u00e9nale.<\/p>\n<p>2 Le pr\u00e9venuPERSONNE1.), assist\u00e9 par l\u2019interpr\u00e8te Marina MARQUES PINA fut entendu en ses explications et moyens de d\u00e9fense. La repr\u00e9sentante du Minist\u00e8re Public, Dominique PETERS, substitut principal du Procureur d\u2019Etat, r\u00e9suma l&#039;affaire et fut entendue en son r\u00e9quisitoire. Ma\u00eetreBenjamin NERVA,avocat, demeurant \u00e0Diekirch, exposa plus amplement les moyens de d\u00e9fense du pr\u00e9venuPERSONNE1.). Le pr\u00e9venuPERSONNE1.)eut la parole en dernier. Le Tribunal prit l&#039;affaire en d\u00e9lib\u00e9r\u00e9 et rendit \u00e0 l&#039;audience publique de ce jour, date \u00e0 laquelle le prononc\u00e9 avait \u00e9t\u00e9 fix\u00e9,le J U G E M E N T qui suit : Vu la citation \u00e0 pr\u00e9venu du22 mars 2023(not. 13320\/22\/CD)r\u00e9guli\u00e8rement notifi\u00e9e \u00e0PERSONNE1.). Vu le proc\u00e8s-verbal num\u00e9ro 94166.1 \u00e9tabli en date du 17 septembre 2021 par la PoliceGrand-Ducale, Service Police Judiciaire. Vu le proc\u00e8s-verbal num\u00e9ro97229.1\u00e9tabli en date du 17 septembre 2021 par la Police Grand-Ducale, Service Police Judiciaire. Vu le rapport num\u00e9ro82854.3\u00e9tabli en date du10 juin 2021parla Police Grand-Ducale,Service de la Police Judiciaire. Vu le rapport num\u00e9ro82854.4\u00e9tabli en date du 16septembre2021 par la Police Grand-Ducale, Service de la Police Judiciaire. Entendu les d\u00e9clarations du t\u00e9moinPERSONNE2.)\u00e0 l\u2019audience publique du 27 avril 2023. Le Minist\u00e8re Public reprocheau pr\u00e9venuPERSONNE1.)d\u2019avoir commis les infractions suivantes: \u00abcomme auteur, 1)le 3 juin 2020, \u00e0 2.19 heures, dans l&#039;arrondissement judiciaire de Luxembourg, et \u00e0 L-ADRESSE3.), sans pr\u00e9judice des circonstances de temps et de lieux plus exactes et plus pr\u00e9cises, en infraction \u00e0 l&#039;article 457-1, 3\u00b0du Code P\u00e9nal, d\u2019avoir imprim\u00e9 ou fait imprimer, fabriqu\u00e9, d\u00e9tenu, transport\u00e9, import\u00e9, export\u00e9, fait fabriquer, importer, exporter ou transporter, mis en circulation sur le territoire luxembourgeois, envoy\u00e9 \u00e0 partir du territoire luxembourgeois, remis \u00e0 la poste ou \u00e0 un autre professionnel charg\u00e9 de la distribution du courrier sur le territoire luxembourgeois, fait transiter par leterritoire luxembourgeois, des \u00e9crits, imprim\u00e9s, dessins, gravures, peintures, affiches,<\/p>\n<p>3 photographies, films cin\u00e9matographiques, embl\u00e8mes, images ou tout autre support de l&#039;\u00e9crit, de la parole ou de l&#039;image, de nature \u00e0 inciter aux actes pr\u00e9vus \u00e0 l&#039;article 455, (les actes pr\u00e9vus \u00e0 l&#039;article 455 du m\u00eame Code \u00e9tant la discrimination, soit toute distinction op\u00e9r\u00e9e entre les personnes physiques \u00e0 raison de leur origine, de leur couleur de peau, de leur sexe, de leur orientation sexuelle, de leur situation defamille, de leur \u00e2ge, de leur \u00e9tat de sant\u00e9, de leur handicap, de leurs m\u0153urs, de leurs opinions politiques ou philosophiques, de leurs activit\u00e9s syndicales, de leur appartenance ou de leur non appartenance, vraie ou suppos\u00e9e, \u00e0 une ethnie, une nation, unerace ou une religion d\u00e9termin\u00e9e), \u00e0 la haine ou \u00e0 la violence \u00e0 l&#039;\u00e9gard d&#039;une personne, physique ou morale, d&#039;un groupe ou d&#039;une communaut\u00e9, en se fondant sur l&#039;un des \u00e9l\u00e9ments vis\u00e9s \u00e0 l&#039;article 454 (toute distinction op\u00e9r\u00e9e entre les personnes physiques\u00e0 raison de leur origine, de leur couleur de peau, de leur sexe, de leur orientation sexuelle, de leur situation de famille, de leur \u00e2ge, de leur \u00e9tat de sant\u00e9, de leur handicap, de leurs m\u0153urs, de leurs opinions politiques ou philosophiques, de leurs activit\u00e9s syndicales, de leur appartenance ou de leur non appartenance, vraie ou suppos\u00e9e, \u00e0 une ethnie, une nation, une race ou une religion d\u00e9termin\u00e9e), en l&#039;esp\u00e8ce, d\u2019avoir partag\u00e9 sur le mur virtuel facebook du profil \u00ab PERSONNE1.)\u00bb, un lien vers l&#039;article intitul\u00e9 : \u00ab Israel ordena prepara\u00e7\u00e3o das Forcas Armadas para a anexa\u00e7\u00e3o da Cisjord\u00e2nia (Isra\u00ebl ordonne les pr\u00e9paratifs des Forces Arm\u00e9es pour l&#039;annexion de la Cisjordanie) \u00bb, paru sur la page virtuelle de la cha\u00eene de t\u00e9l\u00e9vision RTP, en le faisant accompagner par le commentaire suivant : \u00ab NAZI-SIONISTAS FILHOS DA GRANDE PUTA. ASSASSINOS \u00bb, en incitant \u00e0 la haine \u00e0 l&#039;\u00e9gard des personnes de confession juive, les terme \u00ab sionistas \u00bb \u00e9tant employ\u00e9 par le milieu antis\u00e9mite dans lequel il semble \u00e9voluer pourd\u00e9signer les personnes de confession juive, partant, \u00e0 raison de l&#039;appartenance, vraie ou suppos\u00e9e, des personnes offens\u00e9es, \u00e0 une religion d\u00e9termin\u00e9e, en l&#039;occurrence la religion juive, 2)le 17 mai 2021, \u00e0 4.32 heures, dans l&#039;arrondissement judiciaire de Luxembourg, et \u00e0 L-ADRESSE3.), sans pr\u00e9judice des circonstances de temps et de lieux plus exactes et plus pr\u00e9cises, comme auteur, en infraction \u00e0 l&#039;article 457-1, 3\u00b0du Code P\u00e9nal, d\u2019avoir imprim\u00e9 ou fait imprimer, fabriqu\u00e9, d\u00e9tenu, transport\u00e9, import\u00e9, export\u00e9, fait fabriquer, importer, exporter ou transporter, mis en circulation sur le territoire luxembourgeois, envoy\u00e9 \u00e0 partir du territoire luxembourgeois, remis \u00e0 la poste ou \u00e0 un autre professionnel charg\u00e9 de la distribution du courrier sur le territoire luxembourgeois, fait transiter par le territoire luxembourgeois, des \u00e9crits, imprim\u00e9s, dessins, gravures, peintures, affiches, photographies, films cin\u00e9matographiques, embl\u00e8mes, images ou tout autre support de l&#039;\u00e9crit, de la parole ou de l&#039;image, de nature \u00e0 inciter aux actes pr\u00e9vus \u00e0 l&#039;article 455, (les actes pr\u00e9vus \u00e0 l&#039;article 455 du m\u00eame Code \u00e9tant la discrimination, soit toute distinction op\u00e9r\u00e9e entre les personnes physiques \u00e0 raison de leur origine, de leur couleur de peau, de leur sexe, de leur orientation sexuelle, de leur situation de famille, de leur \u00e2ge, de leur \u00e9tat de sant\u00e9, de leur handicap, de leurs m\u0153urs, de leurs opinions politiques ou philosophiques, de leurs activit\u00e9ssyndicales, de leur appartenance ou de leur non appartenance, vraie ou suppos\u00e9e, \u00e0 une ethnie, une nation, une race ou<\/p>\n<p>4 une religion d\u00e9termin\u00e9e), \u00e0 la haine ou \u00e0 la violence \u00e0 l&#039;\u00e9gard d&#039;une personne, physique ou morale, d&#039;un groupe ou d&#039;une communaut\u00e9, en se fondant sur l&#039;un des \u00e9l\u00e9ments vis\u00e9s \u00e0 l&#039;article 454 (toute distinction op\u00e9r\u00e9e entre les personnes physiques \u00e0 raison de leur origine, de leur couleur de peau, de leur sexe, de leur orientation sexuelle, de leur situation de famille, de leur \u00e2ge, de leur\u00e9tat de sant\u00e9, de leur handicap, de leurs m\u0153urs, de leurs opinions politiques ou philosophiques, de leurs activit\u00e9s syndicales, de leur appartenance ou de leur non appartenance, vraie ou suppos\u00e9e, \u00e0 une ethnie, une nation, une race ou une religion d\u00e9termin\u00e9e), en l&#039;esp\u00e8ce, d&#039;avoir partag\u00e9 une illustration sur le mur virtuel de son profil facebook \u00abPERSONNE1.)\u00bb d&#039;un drapeau isra\u00e9lien aval\u00e9 par les flammes qui se fondent dans un drapeau palestinien, comprenant les commentaires suivants : \u00ab Muerte al Estadogenocida de Israel ! Viva la lucha del pueble palestino ! \u00bb, partant d&#039;avoir incit\u00e9 \u00e0 l&#039;\u00e9gard d&#039;un groupe de personnes \u00e0 raison de leur origine, respectivement de leur appartenance, vraie ou suppos\u00e9e, \u00e0 une religion d\u00e9termin\u00e9e, \u00e0 savoir la religion juive, 3)le 26 juillet 2021, \u00e0 19.35 heures, dans l&#039;arrondissement judiciaire de Luxembourg, et \u00e0 L-ADRESSE3.), sans pr\u00e9judice des circonstances de temps et de lieux plus exactes et plus pr\u00e9cises, comme auteur, en infraction \u00e0 l&#039;article 457-1, 3\u00b0du Code P\u00e9nal, d\u2019avoir imprim\u00e9 ou fait imprimer, fabriqu\u00e9, d\u00e9tenu, transport\u00e9, import\u00e9, export\u00e9, fait fabriquer, importer, exporter ou transporter, mis en circulation sur le territoire luxembourgeois, envoy\u00e9 \u00e0 partir du territoire luxembourgeois, remis \u00e0 la poste ou \u00e0un autre professionnel charg\u00e9 de la distribution du courrier sur le territoire luxembourgeois, fait transiter par le territoire luxembourgeois, des \u00e9crits, imprim\u00e9s, dessins, gravures, peintures, affiches, photographies, films cin\u00e9matographiques, embl\u00e8mes, images ou tout autre support de l&#039;\u00e9crit, de la parole ou de l&#039;image, de nature \u00e0 inciter aux actes pr\u00e9vus \u00e0 l&#039;article 455, (les actes pr\u00e9vus \u00e0 l&#039;article 455 du m\u00eame Code \u00e9tant la discrimination, soit toute distinction op\u00e9r\u00e9e entre les personnes physiques \u00e0 raison de leur origine, de leur couleur de peau, de leur sexe, de leur orientation sexuelle, de leur situation de famille, de leur \u00e2ge, de leur \u00e9tat de sant\u00e9, de leur handicap, de leurs m\u0153urs, de leurs opinions politiques ou philosophiques, de leurs activit\u00e9s syndicales, de leur appartenance ou de leur non appartenance, vraie ou suppos\u00e9e, \u00e0 une ethnie, une nation, une race ou une religion d\u00e9termin\u00e9e), \u00e0 la haine ou \u00e0 la violence \u00e0 l&#039;\u00e9gard d&#039;une personne, physique ou morale, d&#039;un groupe ou d&#039;une communaut\u00e9, en se fondant sur l&#039;un des \u00e9l\u00e9ments vis\u00e9s \u00e0 l&#039;article 454 (toute distinction op\u00e9r\u00e9e entre les personnes physiques \u00e0 raison de leur origine, de leur couleur de peau, de leur sexe, de leur orientation sexuelle, de leur situation de famille, de leur \u00e2ge, de leur \u00e9tat de sant\u00e9, de leur handicap, de leurs m\u0153urs, de leurs opinions politiques ou philosophiques, de leurs activit\u00e9s syndicales, de leur appartenance ou de leur non appartenance, vraie ou suppos\u00e9e, \u00e0 une ethnie, une nation, une race ou une religion d\u00e9termin\u00e9e), en l&#039;esp\u00e8ce, d&#039;avoir partag\u00e9 une contribution, sur le mur de son profil virtuel facebook, publi\u00e9e par l&#039;utilisateur facebook \u00abPERSONNE3.)\u00bb le m\u00eame jour, soit le 26 juillet 2021, \u00e0 9.30 heures, partageant \u00e0 son tour, en<\/p>\n<p>5 l&#039;accompagnant ducommentaire en langue espagnole dans les termes suivants : \u00ab Comparto esto porque por una imagen similar Facebook me ha restringido la cuenta durante 24 horas, y a pesar de haber recurrido, me han asegurado que incumple sus putas normas de miserables censores hijo de puta (Jepartage ceci, parce que pour la publication d&#039;une image similaire, facebook m&#039;a limit\u00e9 mon compte pendant 24 heures, et malgr\u00e9 y avoir eu recours, ils m&#039;ont assur\u00e9 que cela violerait leurs putains de normes des fils de putes mis\u00e9rablesque sont leurs censeurs.. ) \u00bb, la publication, le 31 juillet 2014, par l&#039;utilisateur facebook \u00abPERSONNE4.)\u00bb de la photographie d&#039;un carton pourvu d&#039;une imitation d&#039;un drapeau isra\u00e9lien sur lequel la croix de David centrale a \u00e9t\u00e9 d\u00e9plac\u00e9e vers la gaucheet compl\u00e9t\u00e9e par le signe \u00ab = (est \u00e9gal \u00e0) \u00bb et une croix gamm\u00e9e sur carr\u00e9 rouge, annot\u00e9e en langue espagnole dans les termes suivants : \u00ab ISRAEL PAIS GENOCIDA UN PAIS QUE FUE ARMADO POR ESTADOS UNIDOS HASTA LOS DIENTES Y LA ONU LE DIO LA POTESTAD DE DESTR UIR ELIMINAR LA HUMANIDAD ISRAEL ERA LLAMADO PUEBLO DE DIOS AHORE ES LLAMDO PUEBLO DEL DIABLO ISRAEL SE CONVERTRIO EN LA BESTIA APOCALIPTICA EN LA MUERTE&#8230;PERO TARDE O TEMPRANO CAERA Y SERA DESTRUIDO. (Isra\u00ebl pays g\u00e9nocidaire, un pays qui fut arm\u00e9 jusqu&#039;aux dents par les Etats-Unis et l&#039;ONU lui a donn\u00e9 le pouvoir de d\u00e9truire, d&#039;\u00e9liminer l&#039;humanit\u00e9. Isra\u00ebl \u00e9tait appel\u00e9 peuple de Dieu, maintenant, il est appel\u00e9 peuple du diable. Isra\u00ebl s&#039;est transform\u00e9 en monstre apocalyptique, en la mort &#8230; mais t\u00f4t ou tard, il tombera et sera d\u00e9truit.) \u00bb, partant, avoir incit\u00e9 \u00e0 la haine et \u00e0 la violence \u00e0 l&#039;\u00e9gard d&#039;un peuple en raison de son appartenance, vraie ou suppos\u00e9e, \u00e0 une nation d\u00e9termin\u00e9e, \u00e0 savoir la nationalit\u00e9 isra\u00e9lienne, respectivement \u00e0 une religion d\u00e9termin\u00e9e, \u00e0 savoir la religion juive 4)le 13 octobre 2021, dans l&#039;arrondissement judiciaire de Luxembourg, et \u00e0 L-ADRESSE3.), sans pr\u00e9judice des circonstances de temps et de lieux plus exactes et plus pr\u00e9cises, a)en infraction \u00e0 l&#039;article 457-1, 3\u00b0du Code P\u00e9nal, d\u2019avoir imprim\u00e9 ou fait imprimer, fabriqu\u00e9, d\u00e9tenu, transport\u00e9, import\u00e9, export\u00e9, fait fabriquer, importer, exporter ou transporter, mis en circulation sur le territoire luxembourgeois, envoy\u00e9 \u00e0 partir du territoire luxembourgeois, remis \u00e0la poste ou \u00e0 un autre professionnel charg\u00e9 de la distribution du courrier sur le territoire luxembourgeois, fait transiter par le territoire luxembourgeois, des \u00e9crits, imprim\u00e9s, dessins, gravures, peintures, affiches, photographies, films cin\u00e9matographiques, embl\u00e8mes, images ou tout autre support de l&#039;\u00e9crit, de la parole ou de l&#039;image, de nature \u00e0 inciter aux actes pr\u00e9vus \u00e0 l&#039;article 455, (les actes pr\u00e9vus \u00e0 l&#039;article 455 du m\u00eame Code \u00e9tant la discrimination, soit toute distinction op\u00e9r\u00e9e entre les personnes physiques \u00e0 raison de leur origine, de leur couleur de peau, de leur sexe, de leur orientation sexuelle, de leur situation de famille, de leur \u00e2ge, de leur \u00e9tat de sant\u00e9, de leur handicap, de leurs m\u0153urs, de leurs opinions politiques ou philosophiques, de leurs activit\u00e9s syndicales, de leur appartenance ou de leur non appartenance, vraie ou suppos\u00e9e, \u00e0 une ethnie, une nation, une race ou une religion d\u00e9termin\u00e9e), \u00e0 la haine ou \u00e0 la violence \u00e0 l&#039;\u00e9gard d&#039;une personne, physique ou morale, d&#039;un groupe ou d&#039;une communaut\u00e9, en se fondant sur l&#039;un des \u00e9l\u00e9ments vis\u00e9s \u00e0 l&#039;article 454 (toute distinction op\u00e9r\u00e9e entre les personnes physiques \u00e0 raison de leur origine, de leur couleur de peau, de<\/p>\n<p>6 leur sexe, de leur orientation sexuelle, de leur situation de famille,de leur \u00e2ge, de leur \u00e9tat de sant\u00e9, de leur handicap, de leurs m\u0153urs, de leurs opinions politiques ou philosophiques, de leurs activit\u00e9s syndicales, de leur appartenance ou de leur non appartenance, vraie ou suppos\u00e9e, \u00e0 une ethnie, une nation, une race ouune religion d\u00e9termin\u00e9e), en l&#039;esp\u00e8ce, d&#039;avoir partag\u00e9 la publication d&#039;un message de l&#039;utilisateur facebook \u00abPERSONNE5.)\u00bb du 13 octobre 2021 sur le mur du groupe facebook \u00ab SOMOS PALESTINOS DE CORA\u00c7AO \u00bb, sur son propre mur virtuel facebook, formul\u00e9 comme suit \u00ab ALGUMAS CONSIDERA\u00c7\u00d5ES SOBRE A QUEST\u00c3O JUDAICA -Os judeos n\u00e3o s\u00e3o um povo mas uma comunidade religiosa. Prendi isso elendo o livro \u00ab O Mito do Povo Judeu \u00bb, do judeuPERSONNE6.).\u2014Pensar a comunidade judaica como se fosse uma etnia ou povo, comopor exemplo, o povo franc\u00eas ou o povo portugu\u00eas, \u00e9 um equivoco.A \u00fanica di\u00e1spora real na hist\u00f3ria dePERSONNE7.)foi o exilio babil\u00f4nico.Depois deste, n\u00e3o \u00e9 verdade que os judeus tenham sido repeditamente expulsos dePERSONNE7.), muito menos pola invas\u00e3ode PERSONNE8.). O conceito de \u00ab judeus da di\u00e1spora\u00bb \u00e9 fantasioso. O que aconteceu ao longo dos s\u00e9culos foi a expans\u00e3o da religi\u00e3o e o crescimento de novas comunidades pelo mundo, sobretudo depois da era helen\u00edstica, que foi a que deflagrou a explos\u00e3o do proselitismo judaico. O mito do judeu errante \u00e9 um mito crist\u00e3o criado pela ideia de puni\u00e7\u00e3o divina por eles terem \u00ab negado \u00bb Jesus. O sionismo n\u00e3o foi um movimento de motiva\u00e7\u00e3o religioso, mas puramente pol\u00edtico a ateu. Inclusive foi vigorosamente condenadopole jud\u00edsmo mundial da \u00e9poca, o qual s\u00f3 cedeu ap\u00f3s a Segunda Guerra e a cria\u00e7\u00e3o do Mito do Holocausto. A funda\u00e7\u00e3o de Estado de Israel nunca atendeu aos objetivos do Sionismo tal como ele foi concebdo. De todas as levas de imigrantes nenhuma estava sob perigo. E s\u00f3 imigraram os judeus pobres. Israel nunca atriu a comunidade jaudaica como um todo. Mesmo ap\u00f3s mais de 70 anos de sua funda\u00e7\u00e3o o deficit da popula\u00e7\u00e3o judaica frente \u00e0 aut\u00f3ctone \u00e9 cr\u00f4nico e progressivo. Israe, como preojeta sionsita, faliu. A verdadeira susten\u00e7\u00e3o dePERSONNE9.), sua cria\u00e7\u00e3o e a continuadade das barbaridades cometidas e em andamento, s\u00f3 podem ser entendidas en sua intereiza como un projeto norteamericano, Os Estados Unidos, ao fim da guerra, perceberam imediatamente o quanto lhes poderia render o sionismo. Como Imp\u00e9rio eles s\u00f3 se sustentam no \u00f3dio e na guerra. Se houver paz no mundo os EUAentram em caolapso, pois eo custo de sua ind\u00fastria b\u00e9lica \u00e9 monstruoso e ela precisa manter um grau minimo de utilidade. Quanto mais guerra e amea\u00e7a de guerra, mais necess\u00e1ria se mostra essa ind\u00fastria, e maior a seguran\u00e7a para os EUA e seu imp\u00e9rio.Por isso \u00e9 que os EUA gastam tanto dinheiro e investem tanto em Israel. Esse \u00e9 o motivo prim\u00e1rio. E impossivel um judeu ser civilizado e permanecer judeu. O fundamento da cultura e da vis\u00e3o do mundo judaicas, expresso em seus livris fundamentais, a Tor\u00e1 e o Talmud, \u00e9 a barb\u00e1rie mais absoluta que nenhuma comunidade humana jamais concebeu. Muitos judeushonestos que tentarem civilizar o sionismo, como Israel Shahk ePERSONNE10.), ou mesmo o ainda vivo PERSONNE6.), s\u00e3o apenas homens apaixonados e ing\u00eanuos, que no fundo n\u00e3o aceu\u00eetavam tudo aquilo n\u00e3o fazia o m\u00ednimo sentido.Parece que PERSONNE6.)est\u00e1 sendoo primeiro deles que admite essa loucara, como expressou profundamente em seu \u00faltimo livro \u00ab Como e por que deixei de ser judeu.-QUELQUES CONDSID\u00c9RATIONS SUR LA QUESTION JUIVE. Les Juifs ne sont pas un peuple, mais une communaut\u00e9 religieuse. Je l&#039;ai appris en lisant le livre \u00ab Le mythe du peuple juif\u00bb du juifPERSONNE6.).<\/p>\n<p>7 Penser \u00e0 Ia communaut\u00e9 juive comme si c&#039;\u00e9tait une ethnie ou un peuple, comme par exemple le peuple fran\u00e7ais ou le peuple portugais, est une erreur. La seule vraie diaspora de l&#039;histoired&#039;Isra\u00ebl est l&#039;exil babylonien. Apr\u00e8s celui- ci, il n&#039;est pas vrai que les Juifs aient \u00e9t\u00e9 expuls\u00e9s \u00e0 plusieurs reprises d&#039;Isra\u00ebl, encore moins par l&#039;invasion dePERSONNE8.). Le concept de \u00ab juifs de Ia diaspora \u00bb est fantaisiste. Ce qui s&#039;est pass\u00e9 au fildes si\u00e8cles, c&#039;est l&#039;expansion de Ia religion et Ia croissance de nouvelles communaut\u00e9s \u00e0 travers le monde, surtout apr\u00e8s l&#039;\u00e8re hell\u00e9nique, qui a d\u00e9flagr\u00e9 l&#039;explosion du pros\u00e9lytisme.&#8211;Le mythe du juif errant est un mythe chr\u00e9tien cr\u00e9\u00e9 par l&#039;id\u00e9e de punition divine parce qu&#039;ils ont \u00ab ni\u00e9 \u00bb J\u00e9sus. Le sionisme n&#039;\u00e9tait pas un mouvement de motivation religieuse, mais purement politique et ath\u00e9e. II am\u00eame \u00e9t\u00e9 vivement condamn\u00e9 par le juda\u00efsme mondial de l&#039;\u00e9poque, lequeln&#039;a c\u00e9d\u00e9 qu&#039;apr\u00e8s Ia Seconde Guerre etIa cr\u00e9ation du Mythe de l&#039;Holocauste. La fondation de l&#039;\u00c9tat d&#039;Isra\u00ebl n&#039;a jamais atteint les objectifs du sionisme tel qu&#039;il a \u00e9t\u00e9 con\u00e7u. De toutes les lev\u00e9es d&#039;immigr\u00e9s, aucune n&#039;\u00e9tait en danger. Seuls les pauvres Juifs ont immigr\u00e9. Isra\u00ebl n&#039;a jamais attir\u00e9 Ia communaut\u00e9 juive dans son ensemble. M\u00eame apr\u00e8s plus de 70 ans de sa fondation, le d\u00e9ficit de Ia population juive face \u00e0 l&#039;autochtone est chronique et progressif. Isra\u00ebl, comme projet sioniste, a failli. Le v\u00e9ritable soutien d&#039;Isra\u00ebl en tant qu&#039;\u00c9tat,sa cr\u00e9ation et Ia continuit\u00e9 des barbaries commises et en cours ne peuvent \u00eatre consid\u00e9r\u00e9es que dans leur enti\u00e8ret\u00e9 comme un projet am\u00e9ricain. Les \u00c9tats-Unis, \u00e0 la fin de la guerre, ont imm\u00e9diatement r\u00e9alis\u00e9 \u00e0 quel point le sionisme pouvait leur apporter.En tant qu&#039;empire, ils ne font que soutenir la haine et la guerre. S&#039;il y a la paix dans le mande, les \u00c9tats-Unis s&#039;effondrent, car le co\u00fbt de leur industrie de guerre est monstrueux et il faut qu&#039;elle garde un minimum d&#039;utilit\u00e9. Plus la guerre et la menace de la guerre sont pr\u00e9sentes, plus cette industrie est n\u00e9cessaire et plus la s\u00e9curit\u00e9 est grande pour les \u00c9tats-Unis et leur empire. C&#039;est pourquoi les \u00c9tats-Unis d\u00e9pensent aujourd&#039;hui autant d&#039;argent et investissent autant en Isra\u00ebl. C&#039;est la raison primaire. Il est impossible pour un juif d&#039;\u00eatre civilis\u00e9 et de rester juif.Le fondement de la culture etde la vision du monde juif, exprim\u00e9 dans les livres fondamentaux, la Torah et le Talmud, est la barbarie la plus absolue qu&#039;aucune communaut\u00e9 humaine n&#039;ait jamais con\u00e7ue. Beaucoup de juifs honn\u00eates qui ont tent\u00e9 de civiliser le sionisme, commePERSONNE11.)etPERSONNE12.), ou m\u00eame le vivantPERSONNE6.), ne sont que des hommes passionn\u00e9s et na\u00effs, qui n&#039;acceptaient pas que tout cela n&#039;avait aucun sens. On dirait que PERSONNE6.)est le premier parmi eux \u00e0 admettre cette folie, comme il l&#039;a profond\u00e9ment exprim\u00e9 dans son dernier livre \u00ab Comment et pourquoi ai-je cess\u00e9 d&#039;\u00eatre juif. \u00bb, partant, d&#039;avoir incit\u00e9 \u00e0 la haine \u00e0 l&#039;\u00e9gard d&#039;une communaut\u00e9 de personnes \u00e0 raison de leur appartenance, vraie ou suppos\u00e9e, \u00e0 une religion d\u00e9termin\u00e9e, \u00e0 savoir la religion juive, reprenant la terminologie emprunt\u00e9e aux courants antis\u00e9mites remettant en cause la possible int\u00e9gration des juifs en Europe occidentale et intimement li\u00e9e\u00e0 la solution finale \u00e0 la question juive propos\u00e9e par le r\u00e9gime nazi, tout en affirmant qu&#039;il est impossible d&#039;\u00eatre juif et civilis\u00e9 en m\u00eame temps, b)en infraction \u00e0 l\u2019article 457.3 du Code P\u00e9nal, d&#039;avoir, soit par des discours, cris ou menaces prof\u00e9r\u00e9s dans des lieux ou r\u00e9unions publics, soit par des \u00e9crits, imprim\u00e9s, dessins, gravures, peintures, embl\u00e8mes, images ou tout autre support de l&#039;\u00e9crit, de la parole ou de l&#039;image<\/p>\n<p>8 vendus ou distribu\u00e9s, mis en vente ou expos\u00e9s dans des lieux ou r\u00e9unions publics,soit par des placards ou des affiches expos\u00e9s au regard du public, soit par tout moyen de communication audiovisuelle, contest\u00e9, minimis\u00e9, justifi\u00e9 ou ni\u00e9 l&#039;existence d&#039;un ou de plusieurs crimes contre l&#039;humanit\u00e9 ou crimes de guerre tels qu&#039;ils sont d\u00e9finis par l&#039; article 6 du statut du tribunal militaire international annex\u00e9 \u00e0 l&#039;accord de Londres du 8 ao\u00fbt 1945 et qui ont \u00e9t\u00e9 commis soit par les membres d&#039;une organisation d\u00e9clar\u00e9e criminelle en application de l&#039;article 9 dudit statut, soit par une personnereconnue coupable de tels crimes par une juridiction luxembourgeoise, \u00e9trang\u00e8re ou internationale, d&#039;avoir, par un des moyens \u00e9nonc\u00e9s au paragraphe pr\u00e9c\u00e9dent, contest\u00e9, minimis\u00e9, justifi\u00e9 ou ni\u00e9 l&#039;existence d&#039;un ou de plusieurs g\u00e9nocides tels qu&#039;ils sontd\u00e9finis par l&#039; article 136bis du Code p\u00e9nal, ainsi que des crimes contre l&#039;humanit\u00e9 et crimes de guerres, tels qu&#039;ils sont d\u00e9finis aux articles 136ter \u00e0 136quinquies du Code p\u00e9nal et reconnus par une juridiction luxembourgeoise ou internationale, en l&#039;esp\u00e8ce, d&#039;avoir partag\u00e9 la publication d&#039;un message de l&#039;utilisateur facebook \u00abPERSONNE5.)\u00bb, plus amplement reprise ci-avant, et partant, d&#039;avoir ni\u00e9 l&#039;existence de l&#039;Holocauste, en parlant du mythe de l&#039;Holocauste, 5)le 21 mars 2022, vers 11.00 heures, dans l&#039;arrondissement judiciaire de Luxembourg, et \u00e0 L-ADRESSE3.), sans pr\u00e9judice des circonstances de temps et de lieux plus exactes et plus pr\u00e9cises, en infraction \u00e0 l&#039;article 457-1, 3\u00b0du Code P\u00e9nal, d\u2019avoirimprim\u00e9 ou fait imprimer, fabriqu\u00e9, d\u00e9tenu, transport\u00e9, import\u00e9, export\u00e9, fait fabriquer, importer, exporter ou transporter, mis en circulation sur le territoire luxembourgeois, envoy\u00e9 \u00e0 partir du territoire luxembourgeois, remis \u00e0 la poste ou \u00e0 un autre professionnel charg\u00e9 de la distribution du courrier sur le territoire luxembourgeois, fait transiter par le territoire luxembourgeois, des \u00e9crits, imprim\u00e9s, dessins, gravures, peintures, affiches, photographies, films cin\u00e9matographiques, embl\u00e8mes, images outout autre support de l&#039;\u00e9crit, de la parole ou de l&#039;image, de nature \u00e0 inciter aux actes pr\u00e9vus \u00e0 l&#039;article 455, (les actes pr\u00e9vus \u00e0 l&#039;article 455 du m\u00eame Code \u00e9tant la discrimination, soit toute distinction op\u00e9r\u00e9e entre les personnes physiques \u00e0 raison de leur origine, de leur couleur de peau, de leur sexe, de leur orientation sexuelle, de leur situation de famille, de leur \u00e2ge, de leur \u00e9tat de sant\u00e9, de leur handicap, de leurs m\u0153urs, de leurs opinions politiques ou philosophiques, de leurs activit\u00e9s syndicales, de leur appartenance ou de leur non appartenance, vraie ou suppos\u00e9e, \u00e0 une ethnie, une nation, une race ou une religion d\u00e9termin\u00e9e), \u00e0 la haine ou \u00e0 la violence \u00e0 l&#039;\u00e9gard d&#039;une personne, physique ou morale, d&#039;un groupe ou d&#039;une communaut\u00e9, en se fondant sur l&#039;un des \u00e9l\u00e9ments vis\u00e9s \u00e0 l&#039;article 454 (toute distinction op\u00e9r\u00e9e entre les personnes physiques \u00e0 raison de leur origine, de leur couleur de peau, de leur sexe, de leur orientation sexuelle, de leur situation de famille, de leur \u00e2ge, de leur \u00e9tatde sant\u00e9, de leur handicap, de leurs m\u0153urs, de leurs opinions politiques ou philosophiques, de leurs activit\u00e9s syndicales, de leur appartenance ou de leur non appartenance, vraie ou suppos\u00e9e, \u00e0 une ethnie, une nation, une race ou une religion d\u00e9termin\u00e9e),<\/p>\n<p>9 en l&#039;esp\u00e8ce, d&#039;avoir publi\u00e9, sur le mur de son profil facebook, le logo du FPLP, le Front Populaire de Lib\u00e9ration de la Palestine, organisation class\u00e9e terroriste, partant, d&#039;avoir incit\u00e9 \u00e0 la violence \u00e0 l&#039;\u00e9gard d&#039;un groupe de personnes \u00e0 raison de leurappartenance, vraie ou suppos\u00e9e, \u00e0 une religion d\u00e9termin\u00e9e, \u00e0 savoir la religion juive.\u00bb A l\u2019audience publique du 27 avril 2023, l\u2019enqu\u00eateurPERSONNE2.)a r\u00e9sum\u00e9 les \u00e9l\u00e9ments du dossier r\u00e9pressif. Le pr\u00e9venu a d\u00e9clar\u00e9 que tout ce que l\u2019enqu\u00eateur a relat\u00e9 correspondait \u00e0 la v\u00e9rit\u00e9. Il a reconnu \u00eatre l\u2019auteur des publications, qu\u2019il s\u2019est born\u00e9 \u00e0 partager, alors que seule une publication lui reproch\u00e9e, aurait \u00e9t\u00e9 r\u00e9dig\u00e9e de sa part. Sans contester les infractions lui reproch\u00e9es, il a expliqu\u00e9 avoir eu l\u2019intention de rendre le public attentif au conflit isra\u00e9lo-palestinien et soutenir la cause palestinienne, sans avoir \u00e9t\u00e9 conscient \u00e0 ce moment d\u2019enfreindre la loi en proc\u00e9dant aux publications lui reproch\u00e9es. Finalement il a encore indiqu\u00e9 regretter les faits. Les infractions libell\u00e9es \u00e0 l\u2019encontre du pr\u00e9venu sont \u00e9tablies tant en fait qu\u2019en droit par les \u00e9l\u00e9ments du dossier r\u00e9pressif et les aveux du pr\u00e9venu, de sorte qu\u2019elles sont \u00e0 retenir \u00e0 son encontre. Le pr\u00e9venuPERSONNE1.)est partantconvaincuparles \u00e9l\u00e9ments du dossier r\u00e9pressif et ses aveux, desinfractionssuivantes: \u00abcomme auteur ayant lui-m\u00eame commis l\u2019infraction, 1)le 3 juin 2020, \u00e0 2.19 heures, dans l&#039;arrondissement judiciaire de Luxembourg, et \u00e0 L-ADRESSE3.), en infraction \u00e0 l&#039;article457-1, 3\u00b0du Code P\u00e9nal, d\u2019avoir imprim\u00e9 ou fait imprimer, fabriqu\u00e9, d\u00e9tenu, transport\u00e9, import\u00e9, export\u00e9, fait fabriquer, importer, exporter ou transporter, mis en circulation sur le territoire luxembourgeois, envoy\u00e9 \u00e0 partir du territoire luxembourgeois, remis \u00e0 la poste ou \u00e0 unautre professionnel charg\u00e9 de la distribution du courrier sur le territoire luxembourgeois, fait transiter par le territoire luxembourgeois, des \u00e9crits, imprim\u00e9s, dessins, gravures, peintures, affiches, photographies, films cin\u00e9matographiques, embl\u00e8mes, images ou tout autre support de l&#039;\u00e9crit, de la parole ou de l&#039;image, de nature \u00e0 inciter aux actes pr\u00e9vus \u00e0 l&#039;article 455, (les actes pr\u00e9vus \u00e0 l&#039;article 455 du m\u00eame Code \u00e9tant la discrimination, soit toute distinction op\u00e9r\u00e9e entre les personnes physiques \u00e0raison de leur origine, de leur couleur de peau, de leur sexe, de leur orientation sexuelle, de leur situation de famille, de leur \u00e2ge, de leur \u00e9tat de sant\u00e9, de leur handicap, de leurs m\u0153urs, de leurs opinions politiques ou philosophiques, de leurs activit\u00e9s syndicales, de leur appartenance ou de leur non appartenance, vraie ou suppos\u00e9e, \u00e0 une ethnie, une nation, une race ou une religion d\u00e9termin\u00e9e), \u00e0 la haine ou \u00e0 la violence \u00e0 l&#039;\u00e9gard d&#039;une personne, physique ou morale, d&#039;un groupe ou d&#039;une communaut\u00e9, en se fondant sur l&#039;un des \u00e9l\u00e9ments vis\u00e9s \u00e0 l&#039;article 454 (toute distinction op\u00e9r\u00e9e entre les personnes physiques \u00e0 raison de leur origine, de leur couleur de peau, de leur<\/p>\n<p>10 sexe, de leur orientation sexuelle, de leur situation de famille, de leur \u00e2ge, de leur \u00e9tat de sant\u00e9, de leur handicap, de leurs m\u0153urs, de leurs opinions politiques ou philosophiques, de leurs activit\u00e9s syndicales, de leur appartenance ou de leur non appartenance, vraie ou suppos\u00e9e, \u00e0 une ethnie, une nation, une race ou une religion d\u00e9termin\u00e9e), en l&#039;esp\u00e8ce, d\u2019avoir partag\u00e9 sur le mur virtuel facebook du profil \u00ab PERSONNE1.) \u00bb, un lien vers l&#039;article intitul\u00e9 : \u00ab Israel ordena prepara\u00e7\u00e3o das Forcas Armadas para a anexa\u00e7\u00e3o da Cisjord\u00e2nia (Isra\u00ebl ordonne les pr\u00e9paratifs des Forces Arm\u00e9es pour l&#039;annexion de la Cisjordanie) \u00bb, paru sur la page virtuelle de la cha\u00eene de t\u00e9l\u00e9vision RTP, en le faisant accompagner par le commentaire suivant : \u00ab NAZI-SIONISTAS FILHOS DA GRANDE PUTA. ASSASSINOS \u00bb, en incitant \u00e0 la haine \u00e0 l&#039;\u00e9gard des personnes de confession juive, les terme \u00ab sionistas \u00bb \u00e9tant employ\u00e9 par le milieu antis\u00e9mite dans lequel il semble \u00e9voluer pour d\u00e9signer les personnes de confession juive, partant, \u00e0 raison de l&#039;appartenance, vraie ou suppos\u00e9e, des personnes offens\u00e9es, \u00e0 une religion d\u00e9termin\u00e9e, en l&#039;occurrence la religion juive, 2)le 17 mai 2021, \u00e0 4.32 heures, dans l&#039;arrondissement judiciaire de Luxembourg, et \u00e0 L-ADRESSE4.), en infraction \u00e0 l&#039;article 457-1, 3\u00b0du Code P\u00e9nal, d\u2019avoir imprim\u00e9 ou fait imprimer, fabriqu\u00e9, d\u00e9tenu,transport\u00e9, import\u00e9, export\u00e9, fait fabriquer, importer, exporter ou transporter, mis en circulation sur le territoire luxembourgeois, envoy\u00e9 \u00e0 partir du territoire luxembourgeois, remis \u00e0 la poste ou \u00e0 un autre professionnel charg\u00e9 de la distribution du courrier sur le territoire luxembourgeois, fait transiter par le territoire luxembourgeois, des \u00e9crits, imprim\u00e9s, dessins, gravures, peintures, affiches, photographies, films cin\u00e9matographiques, embl\u00e8mes, images ou tout autre support de l&#039;\u00e9crit, de la paroleou de l&#039;image, de nature \u00e0 inciter aux actes pr\u00e9vus \u00e0 l&#039;article 455, (les actes pr\u00e9vus \u00e0 l&#039;article 455 du m\u00eame Code \u00e9tant la discrimination, soit toute distinction op\u00e9r\u00e9e entre les personnes physiques \u00e0 raison de leur origine, de leur couleur de peau, deleur sexe, de leur orientation sexuelle, de leur situation de famille, de leur \u00e2ge, de leur \u00e9tat de sant\u00e9, de leur handicap, de leurs m\u0153urs, de leurs opinions politiques ou philosophiques, de leurs activit\u00e9s syndicales, de leur appartenance ou de leur nonappartenance, vraie ou suppos\u00e9e, \u00e0 une ethnie, une nation, une race ou une religion d\u00e9termin\u00e9e), \u00e0 la haine ou \u00e0 la violence \u00e0 l&#039;\u00e9gard d&#039;une personne, physique ou morale, d&#039;un groupe ou d&#039;une communaut\u00e9, en se fondant sur l&#039;un des \u00e9l\u00e9ments vis\u00e9s \u00e0 l&#039;article 454 (toute distinction op\u00e9r\u00e9e entre les personnes physiques \u00e0 raison de leur origine, de leur couleur de peau, de leur sexe, de leur orientation sexuelle, de leur situation de famille, de leur \u00e2ge, de leur \u00e9tat de sant\u00e9, de leur handicap, de leurs m\u0153urs,de leurs opinions politiques ou philosophiques, de leurs activit\u00e9s syndicales, de leur appartenance ou de leur non appartenance, vraie ou suppos\u00e9e, \u00e0 une ethnie, une nation, une race ou une religion d\u00e9termin\u00e9e), en l&#039;esp\u00e8ce, d&#039;avoir partag\u00e9 une illustration sur le mur virtuel de son profil facebook \u00abPERSONNE1.)\u00bb d&#039;un drapeau isra\u00e9lien aval\u00e9 par les<\/p>\n<p>11 flammes qui se fondent dans un drapeau palestinien, comprenant les commentaires suivants : \u00ab Muerte al Estado genocida de Israel ! Viva la lucha del pueble palestino ! \u00bb, partant d&#039;avoir incit\u00e9 \u00e0 l&#039;\u00e9gard d&#039;un groupe de personnes \u00e0 raison de leur origine, respectivement de leur appartenance, vraie ou suppos\u00e9e, \u00e0 une religion d\u00e9termin\u00e9e, \u00e0 savoir la religion juive, 3)le 26 juillet 2021, \u00e0 19.35 heures, dans l&#039;arrondissement judiciaire de Luxembourg, et \u00e0 L-ADRESSE3.), en infraction \u00e0 l&#039;article 457-1, 3\u00b0du Code P\u00e9nal, d\u2019avoir imprim\u00e9 ou fait imprimer, fabriqu\u00e9, d\u00e9tenu, transport\u00e9, import\u00e9, export\u00e9, fait fabriquer, importer, exporter ou transporter, mis en circulation sur le territoire luxembourgeois, envoy\u00e9 \u00e0 partir du territoire luxembourgeois, remis \u00e0 la poste ou \u00e0 un autre professionnel charg\u00e9 de la distribution du courrier sur le territoire luxembourgeois, fait transiter par le territoire luxembourgeois, des \u00e9crits, imprim\u00e9s, dessins, gravures, peintures, affiches, photographies, films cin\u00e9matographiques, embl\u00e8mes, images ou tout autre support de l&#039;\u00e9crit, de la parole ou de l&#039;image, de nature \u00e0 inciter aux actes pr\u00e9vus \u00e0 l&#039;article 455, (les actes pr\u00e9vus\u00e0 l&#039;article 455 du m\u00eame Code \u00e9tant la discrimination, soit toute distinction op\u00e9r\u00e9e entre les personnes physiques \u00e0 raison de leur origine, de leur couleur de peau, de leur sexe, de leur orientation sexuelle, de leur situation de famille, de leur \u00e2ge, de leur \u00e9tat de sant\u00e9, de leur handicap, de leurs m\u0153urs, de leurs opinions politiques ou philosophiques, de leurs activit\u00e9s syndicales, de leur appartenance ou de leur non appartenance, vraie ou suppos\u00e9e, \u00e0 une ethnie, une nation, une race ou une religion d\u00e9termin\u00e9e), \u00e0 la haine ou \u00e0 la violence \u00e0 l&#039;\u00e9gard d&#039;une personne, physique ou morale, d&#039;un groupe ou d&#039;une communaut\u00e9, en se fondant sur l&#039;un des \u00e9l\u00e9ments vis\u00e9s \u00e0 l&#039;article 454 (toute distinction op\u00e9r\u00e9e entre les personnes physiques \u00e0 raison de leur origine,de leur couleur de peau, de leur sexe, de leur orientation sexuelle, de leur situation de famille, de leur \u00e2ge, de leur \u00e9tat de sant\u00e9, de leur handicap, de leurs m\u0153urs, de leurs opinions politiques ou philosophiques, de leurs activit\u00e9s syndicales, de leurappartenance ou de leur non appartenance, vraie ou suppos\u00e9e, \u00e0 une ethnie, une nation, une race ou une religion d\u00e9termin\u00e9e), en l&#039;esp\u00e8ce, d&#039;avoir partag\u00e9 une contribution, sur le mur de son profil virtuel facebook, publi\u00e9e par l&#039;utilisateur facebook \u00abPERSONNE3.)\u00bb le m\u00eame jour, soit le 26 juillet 2021, \u00e0 9.30 heures, partageant \u00e0 son tour, en l&#039;accompagnant du commentaire en langue espagnole dans les termes suivants : \u00ab Comparto esto porque por una imagen similar Facebook me ha restringido la cuenta durante 24 horas, y a pesar de haber recurrido, me han asegurado que incumple sus putas normas de miserables censores hijo de puta (Jepartage ceci, parce que pour la publication d&#039;une image similaire, facebook m&#039;a limit\u00e9 mon compte pendant 24 heures, et malgr\u00e9y avoir eu recours, ils m&#039;ont assur\u00e9 que cela violerait leurs putains de normes des fils de putes mis\u00e9rables que sont leurs censeurs.. ) \u00bb, la publication, le 31 juillet 2014, par l&#039;utilisateur facebook \u00abPERSONNE4.)\u00bb de la photographie d&#039;un carton pourvu d&#039;une imitation d&#039;un drapeau isra\u00e9lien sur lequel la croix de David<\/p>\n<p>12 centrale a \u00e9t\u00e9 d\u00e9plac\u00e9e vers la gauche et compl\u00e9t\u00e9e par le signe \u00ab = (est \u00e9gal \u00e0) \u00bb et une croix gamm\u00e9e sur carr\u00e9 rouge, annot\u00e9e en langue espagnole dans les termes suivants : \u00ab ISRAEL PAIS GENOCIDA UN PAIS QUE FUE ARMADO POR ESTADOS UNIDOS HASTA LOS DIENTES Y LA ONU LE DIO LA POTESTAD DE DESTRUIR ELIMINAR LA HUMANIDAD ISRAEL ERA LLAMADO PUEBLO DE DIOS AHORE ES LLAMDO PUEBLO DEL DIABLO ISRAEL SE CONVERTRIO EN LA BESTIA APOCALIPTICA EN LA MUERTE&#8230;PERO TARDE O TEMPRANO CAERA Y SERA DESTRUIDO. (Isra\u00ebl pays g\u00e9nocidaire, un pays qui fut arm\u00e9 jusqu&#039;aux dents par les Etats-Unis et l&#039;ONU lui a donn\u00e9 le pouvoir de d\u00e9truire, d&#039;\u00e9liminer l&#039;humanit\u00e9. Isra\u00ebl \u00e9tait appel\u00e9 peuple de Dieu, maintenant, ilest appel\u00e9 peuple du diable. Isra\u00ebl s&#039;est transform\u00e9 en monstre apocalyptique, en la mort &#8230; mais t\u00f4t ou tard, il tombera et sera d\u00e9truit.) \u00bb, partant, avoir incit\u00e9 \u00e0 la haine et \u00e0 la violence \u00e0 l&#039;\u00e9gard d&#039;un peuple en raison de son appartenance, vraie ousuppos\u00e9e, \u00e0 une nation d\u00e9termin\u00e9e, \u00e0 savoir la nationalit\u00e9 isra\u00e9lienne, respectivement \u00e0 une religion d\u00e9termin\u00e9e, \u00e0 savoir la religion juive, 4)le 13 octobre 2021, dans l&#039;arrondissement judiciaire de Luxembourg, et \u00e0 L-ADRESSE3.), a)en infraction \u00e0l&#039;article 457-1, 3\u00b0du Code P\u00e9nal, d\u2019avoir imprim\u00e9 ou fait imprimer, fabriqu\u00e9, d\u00e9tenu, transport\u00e9, import\u00e9, export\u00e9, fait fabriquer, importer, exporter ou transporter, mis en circulation sur le territoire luxembourgeois, envoy\u00e9 \u00e0 partir du territoire luxembourgeois, remis \u00e0 la poste ou \u00e0 un autre professionnel charg\u00e9 de la distribution du courrier sur le territoire luxembourgeois, fait transiter par le territoire luxembourgeois, des \u00e9crits, imprim\u00e9s, dessins, gravures, peintures, affiches, photographies, f ilms cin\u00e9matographiques, embl\u00e8mes, images ou tout autre support de l&#039;\u00e9crit, de la parole ou de l&#039;image, de nature \u00e0 inciter aux actes pr\u00e9vus \u00e0 l&#039;article 455, (les actes pr\u00e9vus \u00e0 l&#039;article 455 du m\u00eame Code \u00e9tant la discrimination, soit toute distinction op\u00e9r\u00e9e entre les personnes physiques \u00e0 raison de leur origine, de leur couleur de peau, de leur sexe, de leur orientation sexuelle, de leur situation de famille, de leur \u00e2ge, de leur \u00e9tat de sant\u00e9, de leur handicap, de leurs m\u0153urs, de leurs opinions politiques ou philosophiques, de leurs activit\u00e9s syndicales, de leur appartenance ou de leur non appartenance, vraie ou suppos\u00e9e, \u00e0 une ethnie, une nation, une race ou une religion d\u00e9termin\u00e9e), \u00e0 la haine ou \u00e0 la violence \u00e0 l&#039;\u00e9gard d&#039;une personne, physique ou morale, d&#039;un groupe ou d&#039;une communaut\u00e9, en se fondant sur l&#039;un des \u00e9l\u00e9ments vis\u00e9s \u00e0 l&#039;article 454 (toute distinction op\u00e9r\u00e9e entre les personnes physiques \u00e0 raison de leur origine, de leur couleur de peau, de leur sexe, de leur orientation sexuelle, de leur situation de famille, de leur \u00e2ge, de leur \u00e9tat de sant\u00e9, de leur handicap, de leurs m\u0153urs, de leurs opinions politiques ou philosophiques, de leurs activit\u00e9s syndicales, de leur appartenance ou de leur non appartenance, vraie ou suppos\u00e9e, \u00e0 une ethnie, une nation, une race ou une religion d\u00e9termin\u00e9e), en l&#039;esp\u00e8ce, d&#039;avoir partag\u00e9 la publication d&#039;un message de l&#039;utilisateur facebook \u00abPERSONNE5.)\u00bb du 13 octobre 2021 sur le mur du groupe facebook \u00ab SOMOS PALESTINOS DE CORA\u00c7AO \u00bb, sur son propre mur<\/p>\n<p>13 virtuel facebook, formul\u00e9 comme suit \u00ab ALGUMAS CONSIDERA\u00c7\u00d5ES SOBRE A QUEST\u00c3O JUDAICA -Os judeos n\u00e3o s\u00e3o um povo mas uma comunidade religiosa. Prendi isso elendo o livro \u00ab O Mito do Povo Judeu \u00bb, do judeuPERSONNE6.).\u2014Pensar a comunidade judaica como se fosse uma etnia ou povo, como por exemplo, o povo franc\u00eas ou o povo portugu\u00eas, \u00e9 um equivoco.A \u00fanica di\u00e1spora real na hist\u00f3ria de Israel foi o exilio babil\u00f4nico.Depois deste, n\u00e3o \u00e9 verdade que os judeus tenham sido repeditamente expulsos de Israel, muito menos polainvas\u00e3o dePERSONNE8.). O conceito de \u00ab judeus da di\u00e1spora\u00bb \u00e9 fantasioso. O que aconteceu ao longo dos s\u00e9culos foi a expans\u00e3o da religi\u00e3o e o crescimento de novas comunidades pelo mundo, sobretudo depois da era helen\u00edstica, que foi a que deflagrou a explos\u00e3o do proselitismo judaico. O mito do judeu errante \u00e9 um mito crist\u00e3o criado pela ideia de puni\u00e7\u00e3o divina por eles terem \u00ab negado \u00bb Jesus. O sionismo n\u00e3o foi um movimento de motiva\u00e7\u00e3o religioso, mas puramente pol\u00edtico a ateu. Inclusive foi vigorosamentecondenado pole jud\u00edsmo mundial da \u00e9poca, o qual s\u00f3 cedeu ap\u00f3s a Segunda Guerra e a cria\u00e7\u00e3o do Mito do Holocausto. A funda\u00e7\u00e3o de Estado de Israel nunca atendeu aos objetivos do Sionismo tal como ele foi concebdo. De todas as levas de imigrantes nenhuma estava sob perigo. E s\u00f3 imigraram os judeus pobres. Israel nunca atriu a comunidade jaudaica como um todo. Mesmo ap\u00f3s mais de 70 anos de sua funda\u00e7\u00e3o o deficit da popula\u00e7\u00e3o judaica frente \u00e0 aut\u00f3ctone \u00e9 cr\u00f4nico e progressivo. Israe, como preojeta sionsita, faliu. A verdadeira susten\u00e7\u00e3o de PERSONNE9.), sua cria\u00e7\u00e3o e a continuadade das barbaridades cometidas e em andamento, s\u00f3 podem ser entendidas en sua intereiza como un projeto norteamericano, Os Estados Unidos, ao fim da guerra, perceberam imediatamente o quanto lhes poderia render o sionismo. Como Imp\u00e9rio eles s\u00f3 se sustentam no \u00f3dio e na guerra. Se houver paz no mundo os EUAentram em caolapso, pois eo custo de sua ind\u00fastria b\u00e9lica \u00e9 monstruoso e ela precisa manter um grau minimo de utilidade. Quanto mais guerra e amea\u00e7a de guerra, mais necess\u00e1ria se mostra essa ind\u00fastria, e maior a seguran\u00e7a para os EUA e seu imp\u00e9rio.Por isso \u00e9 que os EUA gastam tanto dinheiro e investem tanto em Israel. Esse \u00e9 o motivo prim\u00e1rio. E impossivel um judeu ser civilizado e permanecer judeu. O fundamento da cultura e da vis\u00e3o do mundo judaicas, expresso em seus livris fundamentais, a Tor\u00e1 e o Talmud, \u00e9 a barb\u00e1rie mais absoluta que nenhuma comunidade humana jamais concebeu. Muitos judeus honestos que tentarem civilizar o sionismo, como Israel Shahk e PERSONNE10.), ou mesmo o ainda vivoPERSONNE6.), s\u00e3o apenas homens apaixonados e ing\u00eanuos, que no fundo n\u00e3o aceu\u00eetavam tudo aquilo n\u00e3o fazia o m\u00ednimo sentido.Parece que Sand est\u00e1 sendo o primeiro deles que admite essa loucara, como expressou profundamente em seu \u00faltimo livro \u00ab Como e por que deixei de ser judeu.-QUELQUES CONDSID\u00c9RATIONS SUR LA QUESTION JUIVE. Les Juifs ne sont pas un peuple, mais une communaut\u00e9 religieuse. Je l&#039;ai appris enlisant le livre \u00ab Le mythe du peuple juif\u00bb du juif PERSONNE6.). Penser \u00e0 Ia communaut\u00e9 juive comme si c&#039;\u00e9tait une ethnie ou un peuple, comme par exemple le peuple fran\u00e7ais ou le peuple portugais, est une erreur.<\/p>\n<p>14 La seule vraie diaspora de l&#039;histoire d&#039;Isra\u00ebl est l&#039;exil babylonien. Apr\u00e8s celui-ci, il n&#039;est pas vrai que les Juifs aient \u00e9t\u00e9 expuls\u00e9s \u00e0 plusieurs reprises d&#039;Isra\u00ebl, encore moins par l&#039;invasion dePERSONNE8.). Le concept de \u00ab juifs de Ia diaspora \u00bb est fantaisiste. Ce qui s&#039;est pass\u00e9 au fil des si\u00e8cles, c&#039;est l&#039;expansion de Ia religion et Ia croissance de nouvelles communaut\u00e9s \u00e0 travers le monde, surtout apr\u00e8s l&#039;\u00e8re hell\u00e9nique, qui a d\u00e9flagr\u00e9 l&#039;explosion du pros\u00e9lytisme.&#8211;Le mythe du juif errant est un mythe chr\u00e9tien cr\u00e9\u00e9 par l&#039;id\u00e9e de punitiondivine parce qu&#039;ils ont \u00ab ni\u00e9 \u00bb J\u00e9sus. Le sionisme n&#039;\u00e9tait pas un mouvement de motivation religieuse, mais purement politique et ath\u00e9e. II am\u00eame \u00e9t\u00e9 vivement condamn\u00e9 par le juda\u00efsme mondial de l&#039;\u00e9poque, lequeln&#039;a c\u00e9d\u00e9 qu&#039;apr\u00e8s Ia Seconde Guerre et Ia cr\u00e9ation du Mythe de l&#039;Holocauste. La fondation de l&#039;\u00c9tat d&#039;Isra\u00ebl n&#039;a jamais atteint les objectifs du sionisme tel qu&#039;il a \u00e9t\u00e9 con\u00e7u. De toutes les lev\u00e9es d&#039;immigr\u00e9s, aucune n&#039;\u00e9tait en danger. Seuls les pauvres Juifs ont immigr\u00e9. Isra\u00ebl n&#039;a jamais attir\u00e9Ia communaut\u00e9 juive dans son ensemble. M\u00eame apr\u00e8s plus de 70 ans de sa fondation, le d\u00e9ficit de Ia population juive face \u00e0 l&#039;autochtone est chronique et progressif. Isra\u00ebl, comme projet sioniste, a failli. Le v\u00e9ritable soutien d&#039;Isra\u00ebl en tant qu&#039;\u00c9tat, sacr\u00e9ation et Ia continuit\u00e9 des barbaries commises et en cours ne peuvent \u00eatre consid\u00e9r\u00e9es que dans leur enti\u00e8ret\u00e9 comme un projet am\u00e9ricain. Les \u00c9tats-Unis, \u00e0 la fin de la guerre, ont imm\u00e9diatement r\u00e9alis\u00e9 \u00e0 quel point le sionisme pouvait leur apporter. Entant qu&#039;empire, ils ne font que soutenir la haine et la guerre. S&#039;il y a la paix dans le mande, les \u00c9tats-Unis s&#039;effondrent, car le co\u00fbt de leur industrie de guerre est monstrueux et il faut qu&#039;elle garde un minimum d&#039;utilit\u00e9. Plus la guerre et la menace de la guerre sont pr\u00e9sentes, plus cette industrie est n\u00e9cessaire et plus la s\u00e9curit\u00e9 est grande pour les \u00c9tats-Unis et leur empire. C&#039;est pourquoi les \u00c9tats-Unis d\u00e9pensent aujourd&#039;hui autant d&#039;argent et investissent autant en Isra\u00ebl. C&#039;est la raison primaire. Il est impossible pour un juif d&#039;\u00eatre civilis\u00e9 et de rester juif.Le fondement de la culture etde la vision du monde juif, exprim\u00e9 dans les livres fondamentaux, la Torah et le Talmud, est la barbarie la plus absolue qu&#039;aucune communaut\u00e9 humaine n&#039;ait jamais con\u00e7ue. Beaucoup de juifs honn\u00eates qui ont tent\u00e9 de civiliser le sionisme, commePERSONNE11.) etPERSONNE12.), ou m\u00eame le vivant PERSONNE6.), ne sont que des hommes passionn\u00e9s et na\u00effs, qui n&#039;acceptaient pas que tout cela n&#039;avait aucun sens. On dirait que PERSONNE13.)est le premier parmi eux \u00e0 admettre cette folie, comme il l&#039;a profond\u00e9ment exprim\u00e9 dans son dernier livre \u00ab Comment et pourquoi ai-je cess\u00e9 d&#039;\u00eatre juif. \u00bb, partant, d&#039;avoir incit\u00e9 \u00e0 la haine \u00e0 l&#039;\u00e9gard d&#039;une communaut\u00e9 de personnes \u00e0 raison de leur appartenance, vraie ou suppos\u00e9e, \u00e0 une religion d\u00e9termin\u00e9e, \u00e0 savoir la religion juive, reprenant la terminologie emprunt\u00e9e aux courants antis\u00e9mites remettant en cause la possible int\u00e9gration des juifs en Europe occidentale et intimement li\u00e9e \u00e0la solution finale \u00e0 la question juive propos\u00e9e par le r\u00e9gime nazi, tout en affirmant qu&#039;il est impossible d&#039;\u00eatre juif et civilis\u00e9 en m\u00eame temps,<\/p>\n<p>15 b)en infraction \u00e0 l\u2019article 457-3 du Code P\u00e9nal, d&#039;avoir, soit par des discours, cris ou menaces prof\u00e9r\u00e9s dans des lieux ou r\u00e9unions publics, soit par des \u00e9crits, imprim\u00e9s, dessins, gravures, peintures, embl\u00e8mes, images ou tout autre support de l&#039;\u00e9crit, de la parole ou de l&#039;image vendus ou distribu\u00e9s, mis en vente ou expos\u00e9s dans des lieux ou r\u00e9unions publics, soit par des placards ou des affiches expos\u00e9s au regard du public, soit par tout moyen de communication audiovisuelle, contest\u00e9, minimis\u00e9, justifi\u00e9 ou ni\u00e9 l&#039;existence d&#039;un ou de plusieurs crimes contre l&#039;humanit\u00e9 ou crimes de guerre tels qu&#039;ils sont d\u00e9finispar l&#039; article 6 du statut du tribunal militaire international annex\u00e9 \u00e0 l&#039;accord de Londres du 8 ao\u00fbt 1945 et qui ont \u00e9t\u00e9 commis soit par les membres d&#039;une organisation d\u00e9clar\u00e9e criminelle en application de l&#039;article 9 dudit statut, soit par une personne reconnue coupable de tels crimes par une juridiction luxembourgeoise, \u00e9trang\u00e8re ou internationale, d&#039;avoir, par un des moyens \u00e9nonc\u00e9s au paragraphe pr\u00e9c\u00e9dent, contest\u00e9, minimis\u00e9, justifi\u00e9 ou ni\u00e9 l&#039;existence d&#039;un ou de plusieurs g\u00e9nocides tels qu&#039;ils sont d\u00e9finis par l&#039; article 136bis du Code p\u00e9nal, ainsi que des crimes contre l&#039;humanit\u00e9 et crimes de guerres, tels qu&#039;ils sont d\u00e9finis aux articles 136ter \u00e0 136quinquies du Code p\u00e9nal et reconnus par une juridiction luxembourgeoise ou internationale, en l&#039;esp\u00e8ce, d&#039;avoir partag\u00e9 la publication d&#039;un message de l&#039;utilisateur facebook \u00abPERSONNE5.)\u00bb, plus amplement reprise ci-avant, et partant, d&#039;avoir ni\u00e9 l&#039;existence de l&#039;Holocauste, en parlant du mythe de l&#039;Holocauste, 5)le 21 mars 2022, vers 11.00 heures, dans l&#039;arrondissement judiciaire de Luxembourg, et \u00e0 L-ADRESSE3.), en infraction \u00e0 l&#039;article 457-1, 3\u00b0du Code P\u00e9nal, d\u2019avoir imprim\u00e9 ou fait imprimer, fabriqu\u00e9, d\u00e9tenu, transport\u00e9, import\u00e9, export\u00e9, fait fabriquer, importer, exporter ou transporter, mis en circulation sur le territoire luxembourgeois, envoy\u00e9 \u00e0 partir du territoire luxembourgeois, remis \u00e0 la poste ou \u00e0 unautre professionnel charg\u00e9 de la distribution du courrier sur le territoire luxembourgeois, fait transiter par le territoire luxembourgeois, des \u00e9crits, imprim\u00e9s, dessins, gravures, peintures, affiches, photographies, films cin\u00e9matographiques, embl\u00e8mes, images ou tout autre support de l&#039;\u00e9crit, de la parole ou de l&#039;image, de nature \u00e0 inciter aux actes pr\u00e9vus \u00e0 l&#039;article 455, (les actes pr\u00e9vus \u00e0 l&#039;article 455 du m\u00eame Code \u00e9tant la discrimination, soit toute distinction op\u00e9r\u00e9e entre les personnes physiques \u00e0raison de leur origine, de leur couleur de peau, de leur sexe, de leur orientation sexuelle, de leur situation de famille, de leur \u00e2ge, de leur \u00e9tat de sant\u00e9, de leur handicap, de leurs m\u0153urs, de leurs opinions politiques ou philosophiques, de leurs activit\u00e9s syndicales, de leur appartenance ou de leur non appartenance, vraie ou suppos\u00e9e, \u00e0 une ethnie, une nation, une race ou une religion d\u00e9termin\u00e9e), \u00e0 la haine<\/p>\n<p>16 ou \u00e0 la violence \u00e0 l&#039;\u00e9gard d&#039;une personne, physique ou morale, d&#039;un groupe ou d&#039;une communaut\u00e9, en se fondant sur l&#039;un des \u00e9l\u00e9ments vis\u00e9s \u00e0 l&#039;article 454 (toute distinction op\u00e9r\u00e9e entre les personnes physiques \u00e0 raison de leur origine, de leur couleur de peau, de leur sexe, de leur orientation sexuelle, de leur situation de famille, de leur \u00e2ge, de leur \u00e9tat de sant\u00e9, de leur handicap, de leurs m\u0153urs, de leurs opinions politiques ou philosophiques, de leurs activit\u00e9s syndicales, de leur appartenance ou de leur non appartenance, vraie ou suppos\u00e9e, \u00e0 une ethnie, une nation, une race ou une religion d\u00e9termin\u00e9e), en l&#039;esp\u00e8ce, d&#039;avoir publi\u00e9, sur le mur de son profil facebook, le logo du FPLP, le Front Populaire de Lib\u00e9ration de la Palestine, organisation class\u00e9e terroriste, partant, d&#039;avoir incit\u00e9 \u00e0 la violence \u00e0 l&#039;\u00e9gard d&#039;un groupe de personnes \u00e0 raisonde leur appartenance, vraie ou suppos\u00e9e, \u00e0 une religion d\u00e9termin\u00e9e, \u00e0 savoir la religion juive.\u00bb La peine L\u2019ensemble des pr\u00e9ventions retenues \u00e0 charge dePERSONNE1.)se trouvent entre elles en concours r\u00e9el. Il y a partant lieu de faire application del\u2019article 60 du code p\u00e9nal et de ne prononcer que la peine la plus forte, laquelle peut \u00eatre \u00e9lev\u00e9e au double du maximum, sans toutefois pouvoir exc\u00e9der la somme des peines pr\u00e9vues pour les diff\u00e9rents d\u00e9lits. Les articles 457-1 et 457-3 du code p\u00e9nal pr\u00e9voient chacun une peine d\u2019emprisonnement de 8 jours \u00e0 2 ans et une amende de 251 euros \u00e0 25.000 euros ou l\u2019une de ces peines seulement. Dans le cadre de l\u2019appr\u00e9ciation de la peine,le Tribunaltient compte de la gravit\u00e9 des faits, mais encore de l\u2019absenced\u2019ant\u00e9c\u00e9dents judiciaires dansle chef du pr\u00e9venu, de sa prise de conscience et de ses aveux. Les faits retenus \u00e0 charge dePERSONNE1.)sont donc ad\u00e9quatement sanctionn\u00e9s par sa condamnation \u00e0 une amende correctionnelle de2.000.- euros, laquelle tient\u00e9galement compte de ses revenus disponibles. P A R C E S M O T I F S : le Tribunal d&#039;arrondissement de et \u00e0 Luxembourg,septi\u00e8me chambre, si\u00e9geant enmati\u00e8re correctionnelle, statuantcontradictoirement,le pr\u00e9venu, assist\u00e9 d\u2019un interpr\u00e8te et sonmandataireentendusenleurs explications et moyens de d\u00e9fense, larepr\u00e9sentantedu Minist\u00e8re Public entendueen ses r\u00e9quisitions, c o n d a m n ele pr\u00e9venuPERSONNE1.)du chef desinfractionsretenues \u00e0 sa charge\u00e0 une amende dedeuxmille (2.000)euros, ainsi qu&#039;aux frais de sa mise en jugement, ces frais liquid\u00e9s \u00e09,22 euros,<\/p>\n<p>17 f i x ela dur\u00e9e de la contrainte par corps en cas de non-paiement de l&#039;amende \u00e0vingt(20) jours. Par application des articles14, 16, 27, 28, 29, 30, 60,457-1et 457-3duCode p\u00e9nal et des articles 1, 155, 179, 182, 184, 189, 190, 190-1, 194, 195 et 196 duCode de proc\u00e9dure p\u00e9nale dont mention a \u00e9t\u00e9 faite. Ainsi fait et jug\u00e9 parSt\u00e9phane MAAS, vice-pr\u00e9sident,Ma\u00eft\u00e9 BASSANI, juge, etRapha\u00ebl SCHWEITZER, juge, et prononc\u00e9, en pr\u00e9sence deSandrine EWEN, premier substitut du Procureur d\u2019Etat,en l&#039;audience publique du Tribunal d&#039;arrondissement de Luxembourg, date qu&#039;en t\u00eate, par le vice- pr\u00e9sident, assist\u00e9 du greffierassum\u00e9 Tahnee WAGNER, qui, \u00e0 l&#039;exception du repr\u00e9sentant du Minist\u00e8re Public, ont sign\u00e9 le pr\u00e9sent jugement,avec la mention, conform\u00e9ment \u00e0 l\u2019article 83 de la loi modifi\u00e9e du 7 mars 1980 sur l\u2019organisation judiciaire, que Monsieur Rapha\u00ebl SCHWEITZER, juge, se trouve \u00e0 la date de la signature du pr\u00e9sentjugement dans l\u2019impossibilit\u00e9 de le signer.<\/p>\n<\/div>\n<hr class=\"kji-sep\" \/>\n<p class=\"kji-source-links\"><strong>Sources officielles :<\/strong> <a class=\"kji-source-link\" href=\"https:\/\/data.public.lu\/fr\/datasets\/tribunal-darrondissement-luxembourg-penal\/\" target=\"_blank\" rel=\"noopener noreferrer\">consulter la page source<\/a> &middot; <a class=\"kji-pdf-link\" href=\"https:\/\/download.data.public.lu\/resources\/tribunal-darrondissement-luxembourg-penal\/20240828-015024\/20230601-tal7-1278-pseudonymise-accessible.pdf\" target=\"_blank\" rel=\"noopener noreferrer\">PDF officiel<\/a><\/p>\n<p class=\"kji-license-note\"><em>Licence CC BY-ND 4.0 (Administration judiciaire, data.public.lu). Republication autorisee avec attribution, sans modification editoriale du texte integral.<\/em><\/p>\n<\/div>\n","protected":false},"excerpt":{"rendered":"<p>Jugt no1278\/2023 Notice no 13320\/22\/CD (amende) AUDIENCE PUBLIQUE DU 1 er JUIN 2023 Le Tribunal d&#8217;arrondissement de et \u00e0 Luxembourg,septi\u00e8me chambre correctionnelle,a rendu le jugement qui suit: dans la cause du Minist\u00e8re Publiccontre PERSONNE1.), n\u00e9 leDATE1.)\u00e0ADRESSE1.)(Portugal), demeurant\u00e0 L-ADRESSE2.) -p r \u00e9 v e n u-\u2026<\/p>\n","protected":false},"featured_media":0,"template":"","meta":{"_crdt_document":""},"kji_country":[8418],"kji_court":[23583],"kji_chamber":[25729],"kji_year":[24566],"kji_subject":[7632],"kji_keyword":[23584,7636],"kji_language":[7733],"class_list":["post-635820","kji_decision","type-kji_decision","status-publish","hentry","kji_country-luxembourg","kji_court-tribunal-darrondissement","kji_chamber-penal","kji_year-24566","kji_subject-penal","kji_keyword-arrondissement","kji_keyword-tribunal","kji_language-francais"],"yoast_head":"<!-- This site is optimized with the Yoast SEO Premium plugin v27.4 (Yoast SEO v27.4) - https:\/\/yoast.com\/product\/yoast-seo-premium-wordpress\/ -->\n<title>Tribunal d&#039;arrondissement, 1 juin 2023 - Ma\u00eetre Hassan Kohen, avocat en droit p\u00e9nal \u00e0 Paris<\/title>\n<meta name=\"robots\" content=\"index, follow, max-snippet:-1, max-image-preview:large, max-video-preview:-1\" \/>\n<link rel=\"canonical\" href=\"https:\/\/kohenavocats.com\/zh-hans\/jurisprudences\/tribunal-darrondissement-1-juin-2023-3\/\" \/>\n<meta property=\"og:locale\" content=\"zh_CN\" \/>\n<meta property=\"og:type\" content=\"article\" \/>\n<meta property=\"og:title\" content=\"Tribunal d&#039;arrondissement, 1 juin 2023\" \/>\n<meta property=\"og:description\" content=\"Jugt no1278\/2023 Notice no 13320\/22\/CD (amende) AUDIENCE PUBLIQUE DU 1 er JUIN 2023 Le Tribunal d&#039;arrondissement de et \u00e0 Luxembourg,septi\u00e8me chambre correctionnelle,a rendu le jugement qui suit: dans la cause du Minist\u00e8re Publiccontre PERSONNE1.), n\u00e9 leDATE1.)\u00e0ADRESSE1.)(Portugal), demeurant\u00e0 L-ADRESSE2.) -p r \u00e9 v e n u-\u2026\" \/>\n<meta property=\"og:url\" content=\"https:\/\/kohenavocats.com\/zh-hans\/jurisprudences\/tribunal-darrondissement-1-juin-2023-3\/\" \/>\n<meta property=\"og:site_name\" content=\"Ma\u00eetre Hassan Kohen, avocat en droit p\u00e9nal \u00e0 Paris\" \/>\n<meta property=\"article:modified_time\" content=\"2026-04-21T11:15:59+00:00\" \/>\n<meta name=\"twitter:card\" content=\"summary_large_image\" \/>\n<meta name=\"twitter:label1\" content=\"\u9884\u8ba1\u9605\u8bfb\u65f6\u95f4\" \/>\n\t<meta name=\"twitter:data1\" content=\"43 \u5206\" \/>\n<script type=\"application\/ld+json\" class=\"yoast-schema-graph\">{\"@context\":\"https:\\\/\\\/schema.org\",\"@graph\":[{\"@type\":\"WebPage\",\"@id\":\"https:\\\/\\\/kohenavocats.com\\\/zh-hans\\\/jurisprudences\\\/tribunal-darrondissement-1-juin-2023-3\\\/\",\"url\":\"https:\\\/\\\/kohenavocats.com\\\/zh-hans\\\/jurisprudences\\\/tribunal-darrondissement-1-juin-2023-3\\\/\",\"name\":\"Tribunal d'arrondissement, 1 juin 2023 - Ma\u00eetre Hassan Kohen, avocat en droit p\u00e9nal \u00e0 Paris\",\"isPartOf\":{\"@id\":\"https:\\\/\\\/kohenavocats.com\\\/zh-hans\\\/#website\"},\"datePublished\":\"2026-04-21T11:15:55+00:00\",\"dateModified\":\"2026-04-21T11:15:59+00:00\",\"breadcrumb\":{\"@id\":\"https:\\\/\\\/kohenavocats.com\\\/zh-hans\\\/jurisprudences\\\/tribunal-darrondissement-1-juin-2023-3\\\/#breadcrumb\"},\"inLanguage\":\"zh-Hans\",\"potentialAction\":[{\"@type\":\"ReadAction\",\"target\":[\"https:\\\/\\\/kohenavocats.com\\\/zh-hans\\\/jurisprudences\\\/tribunal-darrondissement-1-juin-2023-3\\\/\"]}]},{\"@type\":\"BreadcrumbList\",\"@id\":\"https:\\\/\\\/kohenavocats.com\\\/zh-hans\\\/jurisprudences\\\/tribunal-darrondissement-1-juin-2023-3\\\/#breadcrumb\",\"itemListElement\":[{\"@type\":\"ListItem\",\"position\":1,\"name\":\"Home\",\"item\":\"https:\\\/\\\/kohenavocats.com\\\/zh-hans\\\/\"},{\"@type\":\"ListItem\",\"position\":2,\"name\":\"Jurisprudences\",\"item\":\"https:\\\/\\\/kohenavocats.com\\\/zh-hans\\\/jurisprudences\\\/\"},{\"@type\":\"ListItem\",\"position\":3,\"name\":\"Tribunal d&rsquo;arrondissement, 1 juin 2023\"}]},{\"@type\":\"WebSite\",\"@id\":\"https:\\\/\\\/kohenavocats.com\\\/zh-hans\\\/#website\",\"url\":\"https:\\\/\\\/kohenavocats.com\\\/zh-hans\\\/\",\"name\":\"Kohen Avocats\",\"description\":\"Ma\u00eetre Hassan Kohen, avocat p\u00e9naliste \u00e0 Paris, intervient exclusivement en droit p\u00e9nal pour la d\u00e9fense des particuliers, notamment en mati\u00e8re d\u2019accusations de viol. Il assure un accompagnement rigoureux d\u00e8s la garde \u00e0 vue jusqu\u2019\u00e0 la Cour d\u2019assises, veillant au strict respect des garanties proc\u00e9durales.\",\"publisher\":{\"@id\":\"https:\\\/\\\/kohenavocats.com\\\/zh-hans\\\/#organization\"},\"potentialAction\":[{\"@type\":\"SearchAction\",\"target\":{\"@type\":\"EntryPoint\",\"urlTemplate\":\"https:\\\/\\\/kohenavocats.com\\\/zh-hans\\\/?s={search_term_string}\"},\"query-input\":{\"@type\":\"PropertyValueSpecification\",\"valueRequired\":true,\"valueName\":\"search_term_string\"}}],\"inLanguage\":\"zh-Hans\"},{\"@type\":\"Organization\",\"@id\":\"https:\\\/\\\/kohenavocats.com\\\/zh-hans\\\/#organization\",\"name\":\"Kohen Avocats\",\"url\":\"https:\\\/\\\/kohenavocats.com\\\/zh-hans\\\/\",\"logo\":{\"@type\":\"ImageObject\",\"inLanguage\":\"zh-Hans\",\"@id\":\"https:\\\/\\\/kohenavocats.com\\\/zh-hans\\\/#\\\/schema\\\/logo\\\/image\\\/\",\"url\":\"https:\\\/\\\/kohenavocats.com\\\/wp-content\\\/uploads\\\/2026\\\/01\\\/Logo-2-1.webp\",\"contentUrl\":\"https:\\\/\\\/kohenavocats.com\\\/wp-content\\\/uploads\\\/2026\\\/01\\\/Logo-2-1.webp\",\"width\":2114,\"height\":1253,\"caption\":\"Kohen Avocats\"},\"image\":{\"@id\":\"https:\\\/\\\/kohenavocats.com\\\/zh-hans\\\/#\\\/schema\\\/logo\\\/image\\\/\"}}]}<\/script>\n<!-- \/ Yoast SEO Premium plugin. -->","yoast_head_json":{"title":"Tribunal d'arrondissement, 1 juin 2023 - Ma\u00eetre Hassan Kohen, avocat en droit p\u00e9nal \u00e0 Paris","robots":{"index":"index","follow":"follow","max-snippet":"max-snippet:-1","max-image-preview":"max-image-preview:large","max-video-preview":"max-video-preview:-1"},"canonical":"https:\/\/kohenavocats.com\/zh-hans\/jurisprudences\/tribunal-darrondissement-1-juin-2023-3\/","og_locale":"zh_CN","og_type":"article","og_title":"Tribunal d'arrondissement, 1 juin 2023","og_description":"Jugt no1278\/2023 Notice no 13320\/22\/CD (amende) AUDIENCE PUBLIQUE DU 1 er JUIN 2023 Le Tribunal d'arrondissement de et \u00e0 Luxembourg,septi\u00e8me chambre correctionnelle,a rendu le jugement qui suit: dans la cause du Minist\u00e8re Publiccontre PERSONNE1.), n\u00e9 leDATE1.)\u00e0ADRESSE1.)(Portugal), demeurant\u00e0 L-ADRESSE2.) -p r \u00e9 v e n u-\u2026","og_url":"https:\/\/kohenavocats.com\/zh-hans\/jurisprudences\/tribunal-darrondissement-1-juin-2023-3\/","og_site_name":"Ma\u00eetre Hassan Kohen, avocat en droit p\u00e9nal \u00e0 Paris","article_modified_time":"2026-04-21T11:15:59+00:00","twitter_card":"summary_large_image","twitter_misc":{"\u9884\u8ba1\u9605\u8bfb\u65f6\u95f4":"43 \u5206"},"schema":{"@context":"https:\/\/schema.org","@graph":[{"@type":"WebPage","@id":"https:\/\/kohenavocats.com\/zh-hans\/jurisprudences\/tribunal-darrondissement-1-juin-2023-3\/","url":"https:\/\/kohenavocats.com\/zh-hans\/jurisprudences\/tribunal-darrondissement-1-juin-2023-3\/","name":"Tribunal d'arrondissement, 1 juin 2023 - Ma\u00eetre Hassan Kohen, avocat en droit p\u00e9nal \u00e0 Paris","isPartOf":{"@id":"https:\/\/kohenavocats.com\/zh-hans\/#website"},"datePublished":"2026-04-21T11:15:55+00:00","dateModified":"2026-04-21T11:15:59+00:00","breadcrumb":{"@id":"https:\/\/kohenavocats.com\/zh-hans\/jurisprudences\/tribunal-darrondissement-1-juin-2023-3\/#breadcrumb"},"inLanguage":"zh-Hans","potentialAction":[{"@type":"ReadAction","target":["https:\/\/kohenavocats.com\/zh-hans\/jurisprudences\/tribunal-darrondissement-1-juin-2023-3\/"]}]},{"@type":"BreadcrumbList","@id":"https:\/\/kohenavocats.com\/zh-hans\/jurisprudences\/tribunal-darrondissement-1-juin-2023-3\/#breadcrumb","itemListElement":[{"@type":"ListItem","position":1,"name":"Home","item":"https:\/\/kohenavocats.com\/zh-hans\/"},{"@type":"ListItem","position":2,"name":"Jurisprudences","item":"https:\/\/kohenavocats.com\/zh-hans\/jurisprudences\/"},{"@type":"ListItem","position":3,"name":"Tribunal d&rsquo;arrondissement, 1 juin 2023"}]},{"@type":"WebSite","@id":"https:\/\/kohenavocats.com\/zh-hans\/#website","url":"https:\/\/kohenavocats.com\/zh-hans\/","name":"Kohen Avocats","description":"Ma\u00eetre Hassan Kohen, avocat p\u00e9naliste \u00e0 Paris, intervient exclusivement en droit p\u00e9nal pour la d\u00e9fense des particuliers, notamment en mati\u00e8re d\u2019accusations de viol. Il assure un accompagnement rigoureux d\u00e8s la garde \u00e0 vue jusqu\u2019\u00e0 la Cour d\u2019assises, veillant au strict respect des garanties proc\u00e9durales.","publisher":{"@id":"https:\/\/kohenavocats.com\/zh-hans\/#organization"},"potentialAction":[{"@type":"SearchAction","target":{"@type":"EntryPoint","urlTemplate":"https:\/\/kohenavocats.com\/zh-hans\/?s={search_term_string}"},"query-input":{"@type":"PropertyValueSpecification","valueRequired":true,"valueName":"search_term_string"}}],"inLanguage":"zh-Hans"},{"@type":"Organization","@id":"https:\/\/kohenavocats.com\/zh-hans\/#organization","name":"Kohen Avocats","url":"https:\/\/kohenavocats.com\/zh-hans\/","logo":{"@type":"ImageObject","inLanguage":"zh-Hans","@id":"https:\/\/kohenavocats.com\/zh-hans\/#\/schema\/logo\/image\/","url":"https:\/\/kohenavocats.com\/wp-content\/uploads\/2026\/01\/Logo-2-1.webp","contentUrl":"https:\/\/kohenavocats.com\/wp-content\/uploads\/2026\/01\/Logo-2-1.webp","width":2114,"height":1253,"caption":"Kohen Avocats"},"image":{"@id":"https:\/\/kohenavocats.com\/zh-hans\/#\/schema\/logo\/image\/"}}]}},"jetpack_likes_enabled":false,"jetpack_sharing_enabled":true,"_links":{"self":[{"href":"https:\/\/kohenavocats.com\/zh-hans\/wp-json\/wp\/v2\/kji_decision\/635820","targetHints":{"allow":["GET"]}}],"collection":[{"href":"https:\/\/kohenavocats.com\/zh-hans\/wp-json\/wp\/v2\/kji_decision"}],"about":[{"href":"https:\/\/kohenavocats.com\/zh-hans\/wp-json\/wp\/v2\/types\/kji_decision"}],"wp:attachment":[{"href":"https:\/\/kohenavocats.com\/zh-hans\/wp-json\/wp\/v2\/media?parent=635820"}],"wp:term":[{"taxonomy":"kji_country","embeddable":true,"href":"https:\/\/kohenavocats.com\/zh-hans\/wp-json\/wp\/v2\/kji_country?post=635820"},{"taxonomy":"kji_court","embeddable":true,"href":"https:\/\/kohenavocats.com\/zh-hans\/wp-json\/wp\/v2\/kji_court?post=635820"},{"taxonomy":"kji_chamber","embeddable":true,"href":"https:\/\/kohenavocats.com\/zh-hans\/wp-json\/wp\/v2\/kji_chamber?post=635820"},{"taxonomy":"kji_year","embeddable":true,"href":"https:\/\/kohenavocats.com\/zh-hans\/wp-json\/wp\/v2\/kji_year?post=635820"},{"taxonomy":"kji_subject","embeddable":true,"href":"https:\/\/kohenavocats.com\/zh-hans\/wp-json\/wp\/v2\/kji_subject?post=635820"},{"taxonomy":"kji_keyword","embeddable":true,"href":"https:\/\/kohenavocats.com\/zh-hans\/wp-json\/wp\/v2\/kji_keyword?post=635820"},{"taxonomy":"kji_language","embeddable":true,"href":"https:\/\/kohenavocats.com\/zh-hans\/wp-json\/wp\/v2\/kji_language?post=635820"}],"curies":[{"name":"wp","href":"https:\/\/api.w.org\/{rel}","templated":true}]}}