{"id":636566,"date":"2026-04-21T14:37:10","date_gmt":"2026-04-21T12:37:10","guid":{"rendered":"https:\/\/kohenavocats.com\/jurisprudences\/tribunal-darrondissement-23-mai-2023-2\/"},"modified":"2026-04-21T14:37:13","modified_gmt":"2026-04-21T12:37:13","slug":"tribunal-darrondissement-23-mai-2023-2","status":"publish","type":"kji_decision","link":"https:\/\/kohenavocats.com\/zh-hans\/jurisprudences\/tribunal-darrondissement-23-mai-2023-2\/","title":{"rendered":"Tribunal d&#8217;arrondissement, 23 mai 2023"},"content":{"rendered":"<div class=\"kji-decision\">\n<div class=\"kji-full-text\">\n<p>R\u00c9F\u00c9R\u00c9 N\u00b037\/2023 Num\u00e9rosTAD-2023-00435et TAD-2023-00628du r\u00f4le. Audience publiquedes r\u00e9f\u00e9r\u00e9s tenue lemardi,23 mai2023\u00e014.15heures au Palais de Justice \u00e0 Diekirch, o\u00f9 \u00e9taient pr\u00e9sentes Silvia ALVES, juge pr\u00e8s le Tribunal d\u2019arrondissement de et \u00e0 Diekirch, si\u00e9geant comme juge des r\u00e9f\u00e9r\u00e9s, en remplacement de la Pr\u00e9sidente dudit tribunal, Suzette KALBUSCH, greffier assum\u00e9, dans la cause I. ENTRE PERSONNE1.),salari\u00e9, demeurant \u00e0 L-ADRESSE1.), partie demanderesse,comparant parMa\u00eetreFran\u00e7ois GENGLER, avocat \u00e0 la Cour, demeurant \u00e0Diekirch, ET la soci\u00e9t\u00e9 de droitbelgeSOCIETE1.),\u00e9tablie et ayant son si\u00e8ge social \u00e0B-ADRESSE2.), inscrite au RJP EUPEN sous le num\u00e9roNUMERO1.),repr\u00e9sent\u00e9e par son g\u00e9rant actuellement en fonctions, partie d\u00e9fenderesse,comparant parMa\u00eetreClaudio ORLANDO, avocat \u00e0 la Cour, demeurant \u00e0 Luxembourg, II. ENTRE<\/p>\n<p>2 la soci\u00e9t\u00e9 de droit belgeSOCIETE1.), \u00e9tablie et ayant son si\u00e8ge social \u00e0 B-ADRESSE2.), inscrite au RJP EUPEN sous le num\u00e9roNUMERO1.), repr\u00e9sent\u00e9e par son g\u00e9rant actuellement en fonctions, partie demanderesseen intervention, comparant parMa\u00eetreClaudio ORLANDO, avocat \u00e0 la Cour, demeurant \u00e0 Luxembourg, ET 1)la soci\u00e9t\u00e9 \u00e0 responsabilit\u00e9 limit\u00e9e de droit allemandSOCIETE2.),\u00e9tablie et ayant son si\u00e8ge social \u00e0 D-ADRESSE3.),inscrite au registre de commerce allemand (Handelsregister)sous le num\u00e9roNUMERO2.), repr\u00e9sent\u00e9e par son\/ses g\u00e9rant(s) actuellement en fonctions, 2)la soci\u00e9t\u00e9 anonymede droit belgeSOCIETE3.)AG, \u00e9tablie et ayant son si\u00e8ge social \u00e0 B- ADRESSE4.),inscrite \u00e0 laSOCIETE4.)sous le num\u00e9roNUMERO3.), repr\u00e9sent\u00e9e par son conseil d\u2019administration\/administrateur unique actuellement en fonctions, partiesd\u00e9fenderessessur intervention, comparant parMa\u00eetre Jennifer GENTEN, avocat \u00e0 la Cour,demeurant \u00e0 Kehlen. I. FAITS Par exploit de l\u2019huissier de justiceGilbert RUKAVINA, immatricul\u00e9 pr\u00e8s le Tribunal d\u2019arrondissement de et \u00e0 Diekirch, du1 er mars 2023,PERSONNE1.)a fait donner assignation \u00e0 la soci\u00e9t\u00e9 de droitbelgeSOCIETE1.)\u00e0 compara\u00eetre devant la Pr\u00e9sidente du Tribunal d\u2019arrondissement de Diekirch, si\u00e9geant comme juge des r\u00e9f\u00e9r\u00e9s, au Palais de justice \u00e0 Diekirch, \u00e0 l\u2019audience publique des r\u00e9f\u00e9r\u00e9s du mardi,21 mars 2023, \u00e0 quatorze heuresquinze, aux fins sp\u00e9cifi\u00e9es ci-apr\u00e8s:<\/p>\n<p>3 II. FAITS Par exploit de l\u2019huissier de justiceGeorges WEBER, immatricul\u00e9 pr\u00e8s le Tribunal d\u2019arrondissement de et \u00e0 Diekirch, du28 avril 2023,la soci\u00e9t\u00e9 de droitbelgeSOCIETE1.)a fait donner assignation \u00e0la soci\u00e9t\u00e9 \u00e0 responsabilit\u00e9 limit\u00e9e de droit allemandSOCIETE2.)et \u00e0 la soci\u00e9t\u00e9 anonymede droit belgeSOCIETE3.)AG\u00e0 compara\u00eetre devant la Pr\u00e9sidente du Tribunal d\u2019arrondissement de Diekirch, si\u00e9geant comme juge des r\u00e9f\u00e9r\u00e9s, au Palais de justice \u00e0 Diekirch, \u00e0 l\u2019audience publique des r\u00e9f\u00e9r\u00e9s dumardi, 16 mai 2023,\u00e0quatorze heures quinze, aux fins sp\u00e9cifi\u00e9es ci-apr\u00e8s:<\/p>\n<p>4 Lesaffairesont\u00e9t\u00e9 utilement retenues\u00e0 l\u2019audience publique des r\u00e9f\u00e9r\u00e9s dumardi,16 mai 2023. Ma\u00eetreFran\u00e7ois GENGLER, avocat \u00e0 la Cour, demeurant \u00e0 Diekirch, mandataire de PERSONNE1.), aexpos\u00e9l\u2019assignation et a \u00e9t\u00e9 entendu en ses explications. Ma\u00eetreClaudio ORLANDO, avocat \u00e0 la Cour, demeurant \u00e0Luxembourg,mandataire dela soci\u00e9t\u00e9 de droitbelgeSOCIETE1.),etMa\u00eetreJennifer GENTEN,avocat \u00e0 la Cour, demeurant \u00e0Kehlen, mandataire dela soci\u00e9t\u00e9 \u00e0 responsabilit\u00e9 limit\u00e9e de droit allemandSOCIETE2.)et de la soci\u00e9t\u00e9 anonymede droit belgeSOCIETE3.)AG,ont \u00e9t\u00e9 entendus en leurs moyens de d\u00e9fense et explications. Sur ce, le juge des r\u00e9f\u00e9r\u00e9s prit lesaffairesen d\u00e9lib\u00e9r\u00e9 et fixa jour pour le prononc\u00e9 \u00e0 l\u2019audience publique des r\u00e9f\u00e9r\u00e9s dumardi,23 mai 2023, \u00e0 laquelle fut rendue l\u2019 ORDONNANCE qui suit: Proc\u00e9dure Par exploit d\u2019huissier de justice du1 er mars 2023,PERSONNE1.)a fait donner assignation \u00e0 la soci\u00e9t\u00e9 de droitbelgeSOCIETE1.)(d\u00e9sign\u00e9e ci-apr\u00e8s \u00abla soci\u00e9t\u00e9SOCIETE1.)\u00bb)\u00e0 compara\u00eetre devant laPr\u00e9sidentedu Tribunal d\u2019arrondissement de Diekirch, si\u00e9geant comme juge des r\u00e9f\u00e9r\u00e9s, aux fins de voir nommer un expert avec la mission telle que d\u00e9finie au dispositif de son assignation.Il demande en outre que la partie assign\u00e9e soit condamn\u00e9e \u00e0 l\u2019enti\u00e8ret\u00e9 des frais et d\u00e9pens de l\u2019instance. Cette affaire a \u00e9t\u00e9 inscrite au r\u00f4le sous le num\u00e9ro TAD-2023-00435. Par exploit d\u2019huissier de justice du 28 avril 2023,la soci\u00e9t\u00e9SOCIETE1.)a mis en interventionla soci\u00e9t\u00e9 \u00e0 responsabilit\u00e9 limit\u00e9e de droit allemandSOCIETE2.)(d\u00e9sign\u00e9e ci-apr\u00e8s \u00abla soci\u00e9t\u00e9 SOCIETE2.)\u00bb) et la soci\u00e9t\u00e9 anonymede droit belgeSOCIETE3.)AG. Cette affaire a \u00e9t\u00e9 inscrite au r\u00f4le sous le num\u00e9ro TAD-2023-00628. Dans la mesure o\u00f9 ces affaires se rapportent aux m\u00eames faits, il y alieu, dans l\u2019int\u00e9r\u00eat d\u2019une bonne administration de la justice, de les joindre afin qu\u2019il y soit statu\u00e9 par une seule et m\u00eame ordonnance. Moyens des parties<\/p>\n<p>5 Au soutien desademande en institution d\u2019une expertise,PERSONNE1.)exposequ\u2019il a charg\u00e9 la soci\u00e9t\u00e9SOCIETE1.)de travaux de toiture sur son immeuble sis \u00e0ADRESSE1.), qui ont \u00e9t\u00e9 r\u00e9alis\u00e9s au courant du mois d\u2019octobre 2018. D\u00e8s l\u2019ann\u00e9e 2022, il aurait constat\u00e9 qu\u2019un grand nombre d\u2019ardoises pr\u00e9sentaient des taches de rouille, respectivement commen\u00e7aient \u00e0 se casser. Ces d\u00e9sordres auraient alors \u00e9t\u00e9imm\u00e9diatementd\u00e9nonc\u00e9s \u00e0 la soci\u00e9t\u00e9SOCIETE1.)qui aurait contact\u00e9 son fournisseuraupr\u00e8s duquel il avait acquis lesardoises litigieuses. Bien que le fournisseur ait reconnu que les ardoisesen question\u00e9taient affect\u00e9es d\u2019un vice et devaient \u00eatre remplac\u00e9es, aucun accord n\u2019aurait pu \u00eatre trouv\u00e9 entre les parties, alors quePERSONNE1.) exigeraitque l\u2019int\u00e9gralit\u00e9 des ardoises soit remplac\u00e9e tandis que la partie d\u00e9fenderesse ne souhaiteraitproc\u00e9derqu\u2019au remplacement des ardoises couvertes de rouille. PERSONNE1.)serait d\u00e8s lors contraint d\u2019agir par la voie judiciaire et demande \u00e0 voir instituer, avant tout autre progr\u00e8s en cause, une expertise, ce en vue d\u2019une \u00e9ventuelle action en responsabilit\u00e9 \u00e0 introduire \u00e0 l\u2019encontre de la soci\u00e9t\u00e9SOCIETE1.). A l\u2019audience,PERSONNE1.)propose de nommer l\u2019expertSteve Etienne MOLITOR. Suivant exploit d\u2019huissier de justice du 28avril 2023, la soci\u00e9t\u00e9SOCIETE1.)a mis en intervention la soci\u00e9t\u00e9SOCIETE3.)AG, qui lui avait fourni les ardoises litigieuses, ainsi que la soci\u00e9t\u00e9 SOCIETE2.), qui est le producteur des ardoises litigieuses, ce afin que lesdites soci\u00e9t\u00e9s soient tenues de participer aux op\u00e9rations d\u2019expertise. Tant la soci\u00e9t\u00e9SOCIETE1.)que les soci\u00e9t\u00e9sSOCIETE2.)etSOCIETE3.)AG marquent leur accord avec la mesure d\u2019instruction sollicit\u00e9e parPERSONNE1.)et ne s\u2019opposent pas \u00e0 l\u2019expert propos\u00e9 par la partie demanderesse originaire. Appr\u00e9ciation de la demande PERSONNE1.)base sa demandeprincipalementsur l\u2019article 350 du Nouveau Code de proc\u00e9dure civile, sinon subsidiairement sur l\u2019article 933etplus subsidiairement encore sur l\u2019article 932 alin\u00e9a 1 er dum\u00eame code. L\u2019article 350 du Nouveau Code de proc\u00e9dure civile dispose que\u00abs\u2019il existe un motif l\u00e9gitime de conserver ou d\u2019\u00e9tablir avant tout proc\u00e8s la preuve de faits dont pourrait d\u00e9pendre la solution d\u2019un litige, les mesures d\u2019instruction l\u00e9galement admissibles peuvent \u00eatre ordonn\u00e9es \u00e0 la demande de tout int\u00e9ress\u00e9, sur requ\u00eate ou en r\u00e9f\u00e9r\u00e9\u00bb. Non subordonn\u00e9e aux conditions de l\u2019urgence et de l\u2019absence de contestations s\u00e9rieuses, la demande bas\u00e9e sur l\u2019article 350 du Nouveau Code de proc\u00e9dure civil pr\u00e9cit\u00e9 a un caract\u00e8re autonome et ne doit r\u00e9pondre qu\u2019aux exigences pos\u00e9es par ledit texte lesquelles sont, \u00e0 part (i) l\u2019absence de proc\u00e8s au fond, (ii) l\u2019existence d\u2019un motif l\u00e9gitime d\u2019\u00e9tablir, (iii) par une mesure d\u2019instruction l\u00e9galement admissible, (iv)la preuve de faits dont pourrait d\u00e9pendre la solution d\u2019un litige.<\/p>\n<p>6 Ledit texte institue un r\u00e9f\u00e9r\u00e9 qui est autant \u00ab pr\u00e9ventif \u00bb, en ce qu\u2019il tend \u00e0 \u00e9viter tout proc\u00e8s au fond, que \u00ab probatoire \u00bb, en ce qu\u2019il tend \u00e0 conserver des \u00e9l\u00e9ments de preuve soumis au risque d\u2019un d\u00e9p\u00e9rissement prochain ou \u00e0 \u00e9tablir la preuve de faits qui se sont d\u00e9j\u00e0 produits et qui ne sont pas soumis au risque d\u2019un changement ou d\u2019une disparition prochains. Le motif l\u00e9gitime exig\u00e9 par cette disposition l\u00e9gale est fonction de la plausibilit\u00e9 d\u2019un proc\u00e8s au fond et de l\u2019utilit\u00e9, dans cette perspective, de la mesure d\u2019instruction sollicit\u00e9e. Il y a ainsi motif l\u00e9gitime au sens de la loi s\u2019il n\u2019est a priori pas exclu que des faits ou des \u00e9l\u00e9ments dont l\u2019on veut \u00e9tablir ou conserver la preuve, puisse d\u00e9pendre la solution d\u2019un \u00e9ventuel proc\u00e8s au fond entre parties, voire qu\u2019ils soient susceptibles d\u2019avoir une influence sur la solution du litige. En l\u2019esp\u00e8ce, il est constant en cause, pour r\u00e9sulter des d\u00e9clarations concordantes faites par les parties,que la soci\u00e9t\u00e9SOCIETE1.)a r\u00e9alis\u00e9 des travauxde toituresurunimmeuble appartenant \u00e0PERSONNE1.).Les ardoises pos\u00e9es par la soci\u00e9t\u00e9SOCIETE1.)lui ont \u00e9t\u00e9 fournies par la soci\u00e9t\u00e9SOCIETE3.)AG. La soci\u00e9t\u00e9SOCIETE2.)est le producteur desdites ardoises. Il n\u2019a en outre pas \u00e9t\u00e9 contest\u00e9 que certaines des ardoises pos\u00e9es sur la toiture de l\u2019immeuble appartenant \u00e0PERSONNE1.)pr\u00e9sentent des taches de rouille. Ainsi, en tenant compte despi\u00e8ces et renseignements fournis en cause, il appert que les conditions l\u00e9gales pos\u00e9es par l\u2019article 350 pr\u00e9cit\u00e9 sont remplies en l\u2019esp\u00e8ce,PERSONNE1.)ayant un int\u00e9r\u00eat manifeste \u00e0 voir d\u00e9terminer par un homme de l\u2019art les causes et origines desd\u00e9sordres affectant les travaux de toiture r\u00e9alis\u00e9s par la soci\u00e9t\u00e9SOCIETE1.), ce en vue d\u2019une \u00e9ventuelle action en responsabilit\u00e9 \u00e0 introduire \u00e0l\u2019encontre de celle-ci. La soci\u00e9t\u00e9SOCIETE1.)a, quant \u00e0 elle, int\u00e9r\u00eat \u00e0 voir intervenirdans les op\u00e9rations d\u2019expertise son fournisseurainsi quele producteur des ardoises, ce en vue d\u2019une \u00e9ventuelle action en garantie \u00e0 introduire \u00e0 leur encontre au cas o\u00f9 sa responsabilit\u00e9 serait retenue \u00e0 l\u2019\u00e9garddePERSONNE1.). Il y a d\u00e8s lors lieu de faire droit \u00e0 la demandedePERSONNE1.), ainsi qu\u2019\u00e0 la demande en intervention. Au vu de l\u2019accord des parties quant \u00e0 la mission \u00e0 confier \u00e0 l\u2019expert et \u00e0 l\u2019expert \u00e0 d\u00e9signer, il y a lieu de charger l\u2019expertSteve Etienne MOLITORde la mission d\u2019expertise plus amplement sp\u00e9cifi\u00e9e au dispositif de la pr\u00e9sente ordonnance. Quant \u00e0 l\u2019avancedes frais d\u2019expertise, il convient de rappeler que, dans la mesure o\u00f9 l\u2019expertise sollicit\u00e9e sur base de l\u2019article 350 du Nouveau Code de proc\u00e9dure civile est institu\u00e9e dans l\u2019int\u00e9r\u00eat probatoire delapartie demanderesse, il luiappartient de faire l\u2019avance des frais, \u00e9tant pr\u00e9cis\u00e9 que l\u2019imputation d\u00e9finitive des frais d\u00e9pendra de l\u2019issue du proc\u00e8s au fond qui sera, le cas \u00e9ch\u00e9ant, introduit suite au d\u00e9p\u00f4t du rapport. Dans la mesure o\u00f9 la reconnaissance des droits respectifs des parties d\u00e9pend del\u2019instance au fond \u00e0 introduire, le cas \u00e9ch\u00e9ant, apr\u00e8s le d\u00e9p\u00f4t du rapport d\u2019expertise judiciaire, il y a lieu de r\u00e9server les frais et d\u00e9pens de l\u2019instance de r\u00e9f\u00e9r\u00e9 en l\u2019\u00e9tat actuel de la proc\u00e9dure.<\/p>\n<p>7 Aux termes de son assignation en intervention, la soci\u00e9t\u00e9SOCIETE1.)demande \u00e0 voir assortir la pr\u00e9sente ordonnance de l\u2019ex\u00e9cution provisoire nonobstant appel ou opposition, sur minute et avant l\u2019enregistrement. La soci\u00e9t\u00e9SOCIETE1.)n\u2019ayant cependant pas \u00e9tabli la n\u00e9cessit\u00e9 de l\u2019ex\u00e9cution de lapr\u00e9sente ordonnance au seul vu de la minute, il n\u2019y a pas lieu de faire droit \u00e0 cette demande, de sorte que conform\u00e9ment \u00e0 l\u2019article 938 alin\u00e9a 3 du Nouveau Code de proc\u00e9dure civile, la pr\u00e9sente ordonnance est ex\u00e9cutoire \u00e0 titre provisoire sans caution, \u00e9tant pr\u00e9cis\u00e9 qu\u2019en vertu du m\u00eame article ladite ordonnance est sign\u00e9e sans retard et exp\u00e9di\u00e9e sans d\u00e9lai, m\u00eame avant l\u2019enregistrement. PAR CES MOTIFS Nous, Silvia ALVES, juge pr\u00e8s le Tribunal d\u2019arrondissement de et \u00e0 Diekirch, si\u00e9geant comme juge des r\u00e9f\u00e9r\u00e9s, en remplacement de la Pr\u00e9sidente dudit tribunal, assist\u00e9e du greffierassum\u00e9 Suzette KALBUSCH, statuant contradictoirement, ordonnonsla jonction des affaires inscrites au r\u00f4le sous les num\u00e9ros TAD-2023-00435 et TAD- 2023-00628, recevonsles demandes principale et en intervention en la forme et Nousd\u00e9claronscomp\u00e9tent pour en conna\u00eetre, au principal,renvoyonsles parties \u00e0 se pourvoir devant qui de droit, mais d\u00e8s \u00e0 pr\u00e9sent et par provision, sur base de l\u2019article 350 du Nouveau Code de proc\u00e9dure civile, ordonnonsune expertise etcommettonspour y proc\u00e9der l\u2019expertSteveEtienne MOLITOR, \u00e9tabliprofessionnellement \u00e0 L-1815 Luxembourg, 209, rue d\u2019Itzig, avec la mission de concilier les parties si faire se peut, sinon dans un rapport \u00e9crit et motiv\u00e9 \u00e0 d\u00e9poser au greffe du Tribunal d\u2019arrondissement de Diekirch pour le15 septembre 2023au plus tard, de: 1.dresser un \u00e9tat des lieux ainsi qu\u2019un constat d\u00e9taill\u00e9 des \u00e9ventuels vices, d\u00e9gradations, d\u00e9g\u00e2ts, dommages, d\u00e9t\u00e9riorations, malfa\u00e7ons et non-conformit\u00e9s affectant les travaux de toiture r\u00e9alis\u00e9s sur l\u2019immeuble appartenant au requ\u00e9rantet situ\u00e9 \u00e0ADRESSE1.)et plus sp\u00e9cialement les ardoises pos\u00e9es par la partie assign\u00e9e, 2.d\u00e9terminer les causes et origines des \u00e9ventuels vices, d\u00e9gradations, d\u00e9g\u00e2ts, dommages, d\u00e9t\u00e9riorations, malfa\u00e7ons et non-conformit\u00e9s affectant les pr\u00e9dits travaux et plus sp\u00e9cialement les ardoises pos\u00e9es par la partie assign\u00e9e, 3.d\u00e9terminer les travaux et moyens de redressement et de finition n\u00e9cessaires pour rem\u00e9dier aux \u00e9ventuels d\u00e9sordresconstat\u00e9s, 4.chiffrer le co\u00fbtdes travaux de redressement et de finition n\u00e9cessaires pour rem\u00e9dier aux \u00e9ventuelsd\u00e9sordres constat\u00e9s,<\/p>\n<p>8 5.d\u00e9terminer une \u00e9ventuelle moins-value caus\u00e9e \u00e0 l\u2019immeuble du requ\u00e9rant du fait des vices et d\u00e9sordres\u00e9ventuellementconstat\u00e9s, 6.dresser la liste despr\u00e9tentions, disonsque dans l\u2019accomplissement de sa mission l\u2019expert est autoris\u00e9 \u00e0 s\u2019entourer de tous renseignements utiles et \u00e0 entendre m\u00eame de tierces personnes, disonsquePERSONNE1.)esttenu de verser par provision \u00e0 l\u2019expert une avance de1.000.- euros sur sa r\u00e9mun\u00e9ration et d\u2019en justifier le versement au greffe du tribunal de ce si\u00e8ge, disonsqu\u2019en cas de difficult\u00e9s d\u2019ex\u00e9cution de la mission d\u2019expertise, il Nous en sera fait rapport, disonsque l\u2019expert devra, en toutes circonstances, Nous informer de la date de ses op\u00e9rations, de l\u2019\u00e9tat desdites op\u00e9rations et des difficult\u00e9s qu\u2019il pourra rencontrer, disonsque si les honoraires devaient d\u00e9passer le montant de la provision vers\u00e9e, l\u2019expert devra Nous en avertir et ne continuer ses op\u00e9rations qu\u2019apr\u00e8s consignation d\u2019une provision suppl\u00e9mentaire, disonsqu\u2019en cas d\u2019emp\u00eachement de l\u2019expert commis, il sera proc\u00e9d\u00e9 \u00e0 son remplacement par la Pr\u00e9sidente du Tribunal de c\u00e9ans sur simple requ\u00eate \u00e0 lui pr\u00e9sent\u00e9e, r\u00e9servonsles frais et d\u00e9pens de l\u2019instance, ordonnonsl\u2019ex\u00e9cution provisoire de la pr\u00e9sente ordonnance, nonobstant toute voie de recours et sans caution.<\/p>\n<\/div>\n<hr class=\"kji-sep\" \/>\n<p class=\"kji-source-links\"><strong>Sources officielles :<\/strong> <a class=\"kji-source-link\" href=\"https:\/\/data.public.lu\/fr\/datasets\/tribunal-darrondissement-diekirch\/\" target=\"_blank\" rel=\"noopener noreferrer\">consulter la page source<\/a> &middot; <a class=\"kji-pdf-link\" href=\"https:\/\/download.data.public.lu\/resources\/tribunal-darrondissement-diekirch\/20240808-144317\/20230523-tadref-00435-pseudonymise-accessible.pdf\" target=\"_blank\" rel=\"noopener noreferrer\">PDF officiel<\/a><\/p>\n<p class=\"kji-license-note\"><em>Licence CC BY-ND 4.0 (Administration judiciaire, data.public.lu). Republication autorisee avec attribution, sans modification editoriale du texte integral.<\/em><\/p>\n<\/div>\n","protected":false},"excerpt":{"rendered":"<p>R\u00c9F\u00c9R\u00c9 N\u00b037\/2023 Num\u00e9rosTAD-2023-00435et TAD-2023-00628du r\u00f4le. Audience publiquedes r\u00e9f\u00e9r\u00e9s tenue lemardi,23 mai2023\u00e014.15heures au Palais de Justice \u00e0 Diekirch, o\u00f9 \u00e9taient pr\u00e9sentes Silvia ALVES, juge pr\u00e8s le Tribunal d\u2019arrondissement de et \u00e0 Diekirch, si\u00e9geant comme juge des r\u00e9f\u00e9r\u00e9s, en remplacement de la Pr\u00e9sidente dudit tribunal, Suzette KALBUSCH,\u2026<\/p>\n","protected":false},"featured_media":0,"template":"","meta":{"_crdt_document":""},"kji_country":[8418],"kji_court":[23583],"kji_chamber":[],"kji_year":[24566],"kji_subject":[7724],"kji_keyword":[23584,18770,7636],"kji_language":[7733],"class_list":["post-636566","kji_decision","type-kji_decision","status-publish","hentry","kji_country-luxembourg","kji_court-tribunal-darrondissement","kji_year-24566","kji_subject-civil","kji_keyword-arrondissement","kji_keyword-refere","kji_keyword-tribunal","kji_language-francais"],"yoast_head":"<!-- This site is optimized with the Yoast SEO Premium plugin v27.4 (Yoast SEO v27.4) - https:\/\/yoast.com\/product\/yoast-seo-premium-wordpress\/ -->\n<title>Tribunal d&#039;arrondissement, 23 mai 2023 - Ma\u00eetre Hassan Kohen, avocat en droit p\u00e9nal \u00e0 Paris<\/title>\n<meta name=\"robots\" content=\"index, follow, max-snippet:-1, max-image-preview:large, max-video-preview:-1\" \/>\n<link rel=\"canonical\" href=\"https:\/\/kohenavocats.com\/zh-hans\/jurisprudences\/tribunal-darrondissement-23-mai-2023-2\/\" \/>\n<meta property=\"og:locale\" content=\"zh_CN\" \/>\n<meta property=\"og:type\" content=\"article\" \/>\n<meta property=\"og:title\" content=\"Tribunal d&#039;arrondissement, 23 mai 2023\" \/>\n<meta property=\"og:description\" content=\"R\u00c9F\u00c9R\u00c9 N\u00b037\/2023 Num\u00e9rosTAD-2023-00435et TAD-2023-00628du r\u00f4le. Audience publiquedes r\u00e9f\u00e9r\u00e9s tenue lemardi,23 mai2023\u00e014.15heures au Palais de Justice \u00e0 Diekirch, o\u00f9 \u00e9taient pr\u00e9sentes Silvia ALVES, juge pr\u00e8s le Tribunal d\u2019arrondissement de et \u00e0 Diekirch, si\u00e9geant comme juge des r\u00e9f\u00e9r\u00e9s, en remplacement de la Pr\u00e9sidente dudit tribunal, Suzette KALBUSCH,\u2026\" \/>\n<meta property=\"og:url\" content=\"https:\/\/kohenavocats.com\/zh-hans\/jurisprudences\/tribunal-darrondissement-23-mai-2023-2\/\" \/>\n<meta property=\"og:site_name\" content=\"Ma\u00eetre Hassan Kohen, avocat en droit p\u00e9nal \u00e0 Paris\" \/>\n<meta property=\"article:modified_time\" content=\"2026-04-21T12:37:13+00:00\" \/>\n<meta name=\"twitter:card\" content=\"summary_large_image\" \/>\n<meta name=\"twitter:label1\" content=\"\u9884\u8ba1\u9605\u8bfb\u65f6\u95f4\" \/>\n\t<meta name=\"twitter:data1\" content=\"13 \u5206\" \/>\n<script type=\"application\/ld+json\" class=\"yoast-schema-graph\">{\"@context\":\"https:\\\/\\\/schema.org\",\"@graph\":[{\"@type\":\"WebPage\",\"@id\":\"https:\\\/\\\/kohenavocats.com\\\/zh-hans\\\/jurisprudences\\\/tribunal-darrondissement-23-mai-2023-2\\\/\",\"url\":\"https:\\\/\\\/kohenavocats.com\\\/zh-hans\\\/jurisprudences\\\/tribunal-darrondissement-23-mai-2023-2\\\/\",\"name\":\"Tribunal d'arrondissement, 23 mai 2023 - Ma\u00eetre Hassan Kohen, avocat en droit p\u00e9nal \u00e0 Paris\",\"isPartOf\":{\"@id\":\"https:\\\/\\\/kohenavocats.com\\\/zh-hans\\\/#website\"},\"datePublished\":\"2026-04-21T12:37:10+00:00\",\"dateModified\":\"2026-04-21T12:37:13+00:00\",\"breadcrumb\":{\"@id\":\"https:\\\/\\\/kohenavocats.com\\\/zh-hans\\\/jurisprudences\\\/tribunal-darrondissement-23-mai-2023-2\\\/#breadcrumb\"},\"inLanguage\":\"zh-Hans\",\"potentialAction\":[{\"@type\":\"ReadAction\",\"target\":[\"https:\\\/\\\/kohenavocats.com\\\/zh-hans\\\/jurisprudences\\\/tribunal-darrondissement-23-mai-2023-2\\\/\"]}]},{\"@type\":\"BreadcrumbList\",\"@id\":\"https:\\\/\\\/kohenavocats.com\\\/zh-hans\\\/jurisprudences\\\/tribunal-darrondissement-23-mai-2023-2\\\/#breadcrumb\",\"itemListElement\":[{\"@type\":\"ListItem\",\"position\":1,\"name\":\"Home\",\"item\":\"https:\\\/\\\/kohenavocats.com\\\/zh-hans\\\/\"},{\"@type\":\"ListItem\",\"position\":2,\"name\":\"Jurisprudences\",\"item\":\"https:\\\/\\\/kohenavocats.com\\\/zh-hans\\\/jurisprudences\\\/\"},{\"@type\":\"ListItem\",\"position\":3,\"name\":\"Tribunal d&rsquo;arrondissement, 23 mai 2023\"}]},{\"@type\":\"WebSite\",\"@id\":\"https:\\\/\\\/kohenavocats.com\\\/zh-hans\\\/#website\",\"url\":\"https:\\\/\\\/kohenavocats.com\\\/zh-hans\\\/\",\"name\":\"Kohen Avocats\",\"description\":\"Ma\u00eetre Hassan Kohen, avocat p\u00e9naliste \u00e0 Paris, intervient exclusivement en droit p\u00e9nal pour la d\u00e9fense des particuliers, notamment en mati\u00e8re d\u2019accusations de viol. Il assure un accompagnement rigoureux d\u00e8s la garde \u00e0 vue jusqu\u2019\u00e0 la Cour d\u2019assises, veillant au strict respect des garanties proc\u00e9durales.\",\"publisher\":{\"@id\":\"https:\\\/\\\/kohenavocats.com\\\/zh-hans\\\/#organization\"},\"potentialAction\":[{\"@type\":\"SearchAction\",\"target\":{\"@type\":\"EntryPoint\",\"urlTemplate\":\"https:\\\/\\\/kohenavocats.com\\\/zh-hans\\\/?s={search_term_string}\"},\"query-input\":{\"@type\":\"PropertyValueSpecification\",\"valueRequired\":true,\"valueName\":\"search_term_string\"}}],\"inLanguage\":\"zh-Hans\"},{\"@type\":\"Organization\",\"@id\":\"https:\\\/\\\/kohenavocats.com\\\/zh-hans\\\/#organization\",\"name\":\"Kohen Avocats\",\"url\":\"https:\\\/\\\/kohenavocats.com\\\/zh-hans\\\/\",\"logo\":{\"@type\":\"ImageObject\",\"inLanguage\":\"zh-Hans\",\"@id\":\"https:\\\/\\\/kohenavocats.com\\\/zh-hans\\\/#\\\/schema\\\/logo\\\/image\\\/\",\"url\":\"https:\\\/\\\/kohenavocats.com\\\/wp-content\\\/uploads\\\/2026\\\/01\\\/Logo-2-1.webp\",\"contentUrl\":\"https:\\\/\\\/kohenavocats.com\\\/wp-content\\\/uploads\\\/2026\\\/01\\\/Logo-2-1.webp\",\"width\":2114,\"height\":1253,\"caption\":\"Kohen Avocats\"},\"image\":{\"@id\":\"https:\\\/\\\/kohenavocats.com\\\/zh-hans\\\/#\\\/schema\\\/logo\\\/image\\\/\"}}]}<\/script>\n<!-- \/ Yoast SEO Premium plugin. -->","yoast_head_json":{"title":"Tribunal d'arrondissement, 23 mai 2023 - Ma\u00eetre Hassan Kohen, avocat en droit p\u00e9nal \u00e0 Paris","robots":{"index":"index","follow":"follow","max-snippet":"max-snippet:-1","max-image-preview":"max-image-preview:large","max-video-preview":"max-video-preview:-1"},"canonical":"https:\/\/kohenavocats.com\/zh-hans\/jurisprudences\/tribunal-darrondissement-23-mai-2023-2\/","og_locale":"zh_CN","og_type":"article","og_title":"Tribunal d'arrondissement, 23 mai 2023","og_description":"R\u00c9F\u00c9R\u00c9 N\u00b037\/2023 Num\u00e9rosTAD-2023-00435et TAD-2023-00628du r\u00f4le. Audience publiquedes r\u00e9f\u00e9r\u00e9s tenue lemardi,23 mai2023\u00e014.15heures au Palais de Justice \u00e0 Diekirch, o\u00f9 \u00e9taient pr\u00e9sentes Silvia ALVES, juge pr\u00e8s le Tribunal d\u2019arrondissement de et \u00e0 Diekirch, si\u00e9geant comme juge des r\u00e9f\u00e9r\u00e9s, en remplacement de la Pr\u00e9sidente dudit tribunal, Suzette KALBUSCH,\u2026","og_url":"https:\/\/kohenavocats.com\/zh-hans\/jurisprudences\/tribunal-darrondissement-23-mai-2023-2\/","og_site_name":"Ma\u00eetre Hassan Kohen, avocat en droit p\u00e9nal \u00e0 Paris","article_modified_time":"2026-04-21T12:37:13+00:00","twitter_card":"summary_large_image","twitter_misc":{"\u9884\u8ba1\u9605\u8bfb\u65f6\u95f4":"13 \u5206"},"schema":{"@context":"https:\/\/schema.org","@graph":[{"@type":"WebPage","@id":"https:\/\/kohenavocats.com\/zh-hans\/jurisprudences\/tribunal-darrondissement-23-mai-2023-2\/","url":"https:\/\/kohenavocats.com\/zh-hans\/jurisprudences\/tribunal-darrondissement-23-mai-2023-2\/","name":"Tribunal d'arrondissement, 23 mai 2023 - Ma\u00eetre Hassan Kohen, avocat en droit p\u00e9nal \u00e0 Paris","isPartOf":{"@id":"https:\/\/kohenavocats.com\/zh-hans\/#website"},"datePublished":"2026-04-21T12:37:10+00:00","dateModified":"2026-04-21T12:37:13+00:00","breadcrumb":{"@id":"https:\/\/kohenavocats.com\/zh-hans\/jurisprudences\/tribunal-darrondissement-23-mai-2023-2\/#breadcrumb"},"inLanguage":"zh-Hans","potentialAction":[{"@type":"ReadAction","target":["https:\/\/kohenavocats.com\/zh-hans\/jurisprudences\/tribunal-darrondissement-23-mai-2023-2\/"]}]},{"@type":"BreadcrumbList","@id":"https:\/\/kohenavocats.com\/zh-hans\/jurisprudences\/tribunal-darrondissement-23-mai-2023-2\/#breadcrumb","itemListElement":[{"@type":"ListItem","position":1,"name":"Home","item":"https:\/\/kohenavocats.com\/zh-hans\/"},{"@type":"ListItem","position":2,"name":"Jurisprudences","item":"https:\/\/kohenavocats.com\/zh-hans\/jurisprudences\/"},{"@type":"ListItem","position":3,"name":"Tribunal d&rsquo;arrondissement, 23 mai 2023"}]},{"@type":"WebSite","@id":"https:\/\/kohenavocats.com\/zh-hans\/#website","url":"https:\/\/kohenavocats.com\/zh-hans\/","name":"Kohen Avocats","description":"Ma\u00eetre Hassan Kohen, avocat p\u00e9naliste \u00e0 Paris, intervient exclusivement en droit p\u00e9nal pour la d\u00e9fense des particuliers, notamment en mati\u00e8re d\u2019accusations de viol. Il assure un accompagnement rigoureux d\u00e8s la garde \u00e0 vue jusqu\u2019\u00e0 la Cour d\u2019assises, veillant au strict respect des garanties proc\u00e9durales.","publisher":{"@id":"https:\/\/kohenavocats.com\/zh-hans\/#organization"},"potentialAction":[{"@type":"SearchAction","target":{"@type":"EntryPoint","urlTemplate":"https:\/\/kohenavocats.com\/zh-hans\/?s={search_term_string}"},"query-input":{"@type":"PropertyValueSpecification","valueRequired":true,"valueName":"search_term_string"}}],"inLanguage":"zh-Hans"},{"@type":"Organization","@id":"https:\/\/kohenavocats.com\/zh-hans\/#organization","name":"Kohen Avocats","url":"https:\/\/kohenavocats.com\/zh-hans\/","logo":{"@type":"ImageObject","inLanguage":"zh-Hans","@id":"https:\/\/kohenavocats.com\/zh-hans\/#\/schema\/logo\/image\/","url":"https:\/\/kohenavocats.com\/wp-content\/uploads\/2026\/01\/Logo-2-1.webp","contentUrl":"https:\/\/kohenavocats.com\/wp-content\/uploads\/2026\/01\/Logo-2-1.webp","width":2114,"height":1253,"caption":"Kohen Avocats"},"image":{"@id":"https:\/\/kohenavocats.com\/zh-hans\/#\/schema\/logo\/image\/"}}]}},"jetpack_likes_enabled":false,"jetpack_sharing_enabled":true,"_links":{"self":[{"href":"https:\/\/kohenavocats.com\/zh-hans\/wp-json\/wp\/v2\/kji_decision\/636566","targetHints":{"allow":["GET"]}}],"collection":[{"href":"https:\/\/kohenavocats.com\/zh-hans\/wp-json\/wp\/v2\/kji_decision"}],"about":[{"href":"https:\/\/kohenavocats.com\/zh-hans\/wp-json\/wp\/v2\/types\/kji_decision"}],"wp:attachment":[{"href":"https:\/\/kohenavocats.com\/zh-hans\/wp-json\/wp\/v2\/media?parent=636566"}],"wp:term":[{"taxonomy":"kji_country","embeddable":true,"href":"https:\/\/kohenavocats.com\/zh-hans\/wp-json\/wp\/v2\/kji_country?post=636566"},{"taxonomy":"kji_court","embeddable":true,"href":"https:\/\/kohenavocats.com\/zh-hans\/wp-json\/wp\/v2\/kji_court?post=636566"},{"taxonomy":"kji_chamber","embeddable":true,"href":"https:\/\/kohenavocats.com\/zh-hans\/wp-json\/wp\/v2\/kji_chamber?post=636566"},{"taxonomy":"kji_year","embeddable":true,"href":"https:\/\/kohenavocats.com\/zh-hans\/wp-json\/wp\/v2\/kji_year?post=636566"},{"taxonomy":"kji_subject","embeddable":true,"href":"https:\/\/kohenavocats.com\/zh-hans\/wp-json\/wp\/v2\/kji_subject?post=636566"},{"taxonomy":"kji_keyword","embeddable":true,"href":"https:\/\/kohenavocats.com\/zh-hans\/wp-json\/wp\/v2\/kji_keyword?post=636566"},{"taxonomy":"kji_language","embeddable":true,"href":"https:\/\/kohenavocats.com\/zh-hans\/wp-json\/wp\/v2\/kji_language?post=636566"}],"curies":[{"name":"wp","href":"https:\/\/api.w.org\/{rel}","templated":true}]}}