{"id":637105,"date":"2026-04-21T15:57:48","date_gmt":"2026-04-21T13:57:48","guid":{"rendered":"https:\/\/kohenavocats.com\/jurisprudences\/tribunal-darrondissement-6-mars-2026-n-2026-00036\/"},"modified":"2026-04-21T15:57:51","modified_gmt":"2026-04-21T13:57:51","slug":"tribunal-darrondissement-6-mars-2026-n-2026-00036","status":"publish","type":"kji_decision","link":"https:\/\/kohenavocats.com\/zh-hans\/jurisprudences\/tribunal-darrondissement-6-mars-2026-n-2026-00036\/","title":{"rendered":"Tribunal d&#8217;arrondissement, 6 mars 2026, n\u00b0 2026-00036"},"content":{"rendered":"<div class=\"kji-decision\">\n<div class=\"kji-full-text\">\n<p>No. R\u00f4le: TAL-2026-00036 No.2026TALREFO\/00096 du6mars 2026 Audience publique extraordinaire des r\u00e9f\u00e9r\u00e9s du vendredi,6mars 2026, tenue par Nous Philippe WADL\u00c9, premier juge au Tribunal d\u2019arrondissement de et \u00e0 Luxembourg, si\u00e9geant comme juge des r\u00e9f\u00e9r\u00e9s, en remplacement de laPr\u00e9sidentedu Tribunal d\u2019arrondissement de et \u00e0 Luxembourg, assist\u00e9 du greffier Lo\u00efc PAVANT. DANS LA CAUSE E N T R E PERSONNE1.), demeurant \u00e0 L-ADRESSE1.), \u00e9lisant domicile en l\u2019\u00e9tude de Ma\u00eetre Ferdinand BURG, avocat, demeurant \u00e0 Luxembourg, partie demanderessecomparant par Ma\u00eetre Ferdinand BURG, avocat, demeurant \u00e0 Luxembourg, E T 1)PERSONNE2.), demeurant \u00e0 L-ADRESSE2.), 2)LASOCIETE1.), de nationalit\u00e9 liechtensteinoise, \u00e9tablie et ayant son si\u00e8ge \u00e0 ADRESSE3.), repr\u00e9sent\u00e9e par son conseil de g\u00e9rance(\u2026), ayant \u00e9lu domicile en l\u2019\u00e9tude de Ma\u00eetre Marie-Paule GILLEN, avocat \u00e0 la Cour, demeurant professionnellement \u00e0 L-ADRESSE4.), 3)la soci\u00e9t\u00e9 anonymeSOCIETE2.)S.A.,(anciennementSOCIETE3.)S.A.),\u00e9tablie et ayant son si\u00e8ge social \u00e0 L-ADRESSE5.), inscrite auRegistre deCommerce et des Soci\u00e9t\u00e9s de Luxembourg sous le num\u00e9roNUMERO1.), repr\u00e9sent\u00e9e par son conseil d\u2019administration actuellement en fonctions,<\/p>\n<p>4)la soci\u00e9t\u00e9 anonymeSOCIETE4.), \u00e9tablie et ayant son si\u00e8ge social \u00e0 L-ADRESSE6.), inscrite auRegistre deCommerce et desSoci\u00e9t\u00e9s de Luxembourg sous le num\u00e9ro NUMERO2.), repr\u00e9sent\u00e9e par son conseil d\u2019administration actuellement en fonctions, partie d\u00e9fenderesse sub 1)comparant par Ma\u00eetre Anne Sophie BOUL, avocat, en remplacement de Ma\u00eetre Lydie LORANG, avocat, les deux demeurant \u00e0 Luxembourg, parties d\u00e9fenderesses sub 2) et 3)comparant par Ma\u00eetre M\u00e9lissa CHITO, avocat, en remplacement de Ma\u00eetre Marie-Paule GILLEN, avocat, les deux demeurant \u00e0 Luxembourg, partie d\u00e9fenderesse sub 4)comparant par la soci\u00e9t\u00e9LINKLATERSLLP, repr\u00e9sent\u00e9e par Ma\u00eetre Louis-Eudes GIROUX, avocat, en remplacement de Ma\u00eetre Guy LOESCH, avocat, les deux demeurant \u00e0 Luxembourg. F A I T S :<\/p>\n<p>A l\u2019appel de la cause \u00e0 l\u2019audience publique des r\u00e9f\u00e9r\u00e9s ordinaires du lundi matin, 2f\u00e9vrier2026, Ma\u00eetre Ferdinand BURG donna lecture de l\u2019assignation ci-avant transcrite et exposa ses moyens. Ma\u00eetre Anne Sophie BOUL, Ma\u00eetre M\u00e9lissa CHITO et Ma\u00eetre Louis-Eudes GIROUX furent entendus en leurs moyens et explications. Le juge refixa l\u2019affaire pour continuation des d\u00e9bats \u00e0l\u2019audience publique du lundi matin, 2 mars 2026. A cette audience, Ma\u00eetre Ferdinand BURG,Ma\u00eetre Anne Sophie BOUL, Ma\u00eetre M\u00e9lissa CHITO et Ma\u00eetre Louis-Eudes GIROUXfurent entendus en leursmoyens et explications. Sur ce lejuge prit l\u2019affaire en d\u00e9lib\u00e9r\u00e9 et rendit \u00e0 l\u2019audience publique extraordinaire des r\u00e9f\u00e9r\u00e9s de ce jour l\u2019 O R D O N N A N C E qui suit: Par exploit d\u2019huissier de justice du18 d\u00e9cembre 2025,PERSONNE1.)(ci-apr\u00e8s \u00abPERSONNE1.)\u00bb)a fait donner assignation \u00e0PERSONNE2.)(ci-apr\u00e8s \u00abPERSONNE2.)\u00bb), \u00e0SOCIETE5.), \u00e0 la soci\u00e9t\u00e9 anonymeSOCIETE2.)S.A., (anciennementSOCIETE3.)S.A.) et \u00e0 la soci\u00e9t\u00e9 anonymeSOCIETE4.)\u00e0 compara\u00eetre devant laPr\u00e9sidentedu Tribunal d\u2019arrondissement de et \u00e0 Luxembourg, si\u00e9geant comme juge des r\u00e9f\u00e9r\u00e9s,pour: \u00abvoire dire que le refus dePERSONNE2.)d\u2019ex\u00e9cuter l\u2019Accord en son int\u00e9gralit\u00e9, et en l\u2019occurrence le point (4) de l\u2019Accord, constitue une voie de fait ; voiredire que le refus dePERSONNE2.)d\u2019ex\u00e9cuter l\u2019Accord en son int\u00e9gralit\u00e9 end\u00e9ans le d\u00e9lai convenu, et en l\u2019occurrence le point (4) de l\u2019Accord, constitue une voie de fait ; voire dire que le refus dePERSONNE2.)de signer les instructions au notaire d\u00e9sign\u00e9 d\u2019un commun accord pour ex\u00e9cuter le point (4) de l\u2019Accord, constitue une voie de fait ; partant : \u2022fixer par l\u2019ordonnance \u00e0 intervenir date et heure pour l\u2019ex\u00e9cution du point (4) de l\u2019Accord, \u00e0 savoir la partie de l\u2019Accord repris sous (A)(ii) et (B) aux pages 5 \u00e0 7 sous le titre \u00ab Hinterlegte M\u00f6bel, Schmuck, Gold-und Silberm\u00fcnzen usw.((Non- Liquid-Assets gem\u00e4ss den Zahlen in der Bewertung vonALIAS1.)undALIAS2.)) \u00bb et de nommer un notaire pour proc\u00e9der \u00e0 celle-ci ;<\/p>\n<p>\u2022dire que la date \u00e0 fixer pour l\u2019ex\u00e9cution du point (4) de l\u2019Accord par l\u2019ordonnance \u00e0 intervenir, une fois celle-ci signifi\u00e9e ou officiellement accept\u00e9e par les parties, vaudra convocation \u00e0PERSONNE2.),PERSONNE1.), laSOCIETE1.), SOCIETE3.)et \u00e0 laSOCIETE6.)SA de participer \u00e0 l\u2019ex\u00e9cution du point (4) de l\u2019Accord ; \u2022dire qu\u2019en cas de non-comparution ou de non-participation dePERSONNE2.)\u00e0 ladate et heure fix\u00e9e par l\u2019ordonnance \u00e0 intervenir \u00e0 l\u2019ex\u00e9cution du point (4) de l\u2019Accord, il sera proc\u00e9d\u00e9 par le notaire d\u00e9sign\u00e9 par l\u2019ordonnance \u00e0 intervenir \u00e0 lar\u00e9partition des Objets entrePERSONNE2.)etPERSONNE1.)tel que retenue \u00e0 l\u2019Accord et que les objets revenant \u00e0PERSONNE2.)seront d\u00e9pos\u00e9s par le notaire \u00e0la caisse de consignation ce qui vaudra remise \u00e0PERSONNE2.);\u00bb. Aux termes de son assignation,PERSONNE1.)r\u00e9clameen outrel\u2019allocation d\u2019une indemnit\u00e9 de proc\u00e9dure de15.000,-euros surle fondementde l\u2019article 240 du Nouveau Code de proc\u00e9dure civile, l\u2019ex\u00e9cution provisoire de l\u2019ordonnance \u00e0 intervenir, ainsi que la condamnation dePERSONNE2.)\u00e0 tous lesfrais et d\u00e9pens de l\u2019instance. A l\u2019audience du2 mars 2026, les partiessont parvenues \u00e0 un accordquant aux modalit\u00e9s d\u2019ex\u00e9cutionde lapartie intitul\u00e9e \u00abHinterlegte M\u00f6bel, Schmuck, Gold-und Silberm\u00fcnzen usw.(\u201cNon-Liquid-Assets\u201d gem\u00e4ss den Zahlen der Bewertung vonALIAS1.)und ALIAS2.))\u00bbde l\u2019accord transactionnel (Vergleich) act\u00e9 le 4 juillet 2025 par-devant PERSONNE3.), juge auF\u00fcrstliches Landgerichtde la principaut\u00e9 du Liechtenstein. Il y a d\u00e8s lors lieu, avant tout autre progr\u00e8s en cause,de donner acte aux parties de leur accordet de refixerl\u2019affaire \u00e0 une audience ult\u00e9rieurepour contr\u00f4le,dans l\u2019attente de l\u2019ex\u00e9cution des op\u00e9rations convenues. P A R C E S M O T I F S Nous Philippe WADL\u00c9, premier juge au Tribunal d\u2019arrondissement de et \u00e0 Luxembourg, si\u00e9geant comme juge des r\u00e9f\u00e9r\u00e9s, en remplacement de laPr\u00e9sidenteduTribunal d\u2019arrondissement de et \u00e0 Luxembourg, statuantcontradictoirement, vu l\u2019article 70 du Nouveau Code de proc\u00e9dure civile; donnons acte aux parties de leur accord; partant, avant tout autre progr\u00e8s en cause, constatons qu\u2019un accord transactionnel (Vergleich) a \u00e9t\u00e9 act\u00e9 le 4 juillet 2025 dans l\u2019affaire r\u00e9f\u00e9renc\u00e9e sous le num\u00e9roNUMERO3.)entrePERSONNE2.), laSOCIETE1.)<\/p>\n<p>etPERSONNE1.)\u00e0ADRESSE7.)(Liechtenstein) par-devantPERSONNE3.), juge au F\u00fcrstliches Landgerichtde la principaut\u00e9 du Liechtenstein (ci-apr\u00e8s \u00abl\u2019Accord\u00bb) ; constatons que l\u2019Accord contient, en ses pages 5 \u00e0 7, une partie intitul\u00e9e \u00abHinterlegte M\u00f6bel, Schmuck, Gold-und Silberm\u00fcnzen usw.(\u201cNon-Liquid-Assets\u201d gem\u00e4ss den Zahlen der Bewertung vonALIAS1.)undALIAS2.))\u00bb, concernant le retrait et l\u2019attribution de certains objets de valeur actuellement conserv\u00e9s au nom de la soci\u00e9t\u00e9 anonyme SOCIETE2.)S.A., (anc.SOCIETE3.)S.A.) dans le coffre-fort g\u00e9n\u00e9ral de la soci\u00e9t\u00e9 anonymeSOCIETE4.); disons que l\u2019ex\u00e9cution de cette partie de l\u2019Accord se fera en date du25 mars 2026\u00e09.00 heuresau si\u00e8ge de la soci\u00e9t\u00e9 anonymeSOCIETE4.), sis \u00e0 L-ADRESSE6.); disons quechacune des parties pourrase faire accompagner desonavocatlors de l\u2019ouverture du coffre-fort; nommons Ma\u00eetre Laurent METZLER, notaire de r\u00e9sidence \u00e0 Differdange, avec la mission de surveiller ces op\u00e9rations conform\u00e9ment aux termes de l\u2019Accord, et d\u2019en dresser proc\u00e8s- verbal ; rappelons que, s\u2019agissant des documents se trouvant dans le coffre-fort pr\u00e9cit\u00e9, les parties ont convenu qu\u2019il sera proc\u00e9d\u00e9 comme suit : \u00abDie Beteiligte Partei [PERSONNE1.)] und der Antragssteller [PERSONNE2.)] kommen \u00fcberein, dass allf\u00e4llige verwahrte Dokumente vernichtet werden.Sollte eine Seite ein Dokument als wichtig erachten, wird es dem Notar oder Gerichtsvollzieher zur Aufbewahrung \u00fcbergeben.Der Antragsteller erh\u00e4lt Zugang zu den Non-Liquid-Assets sowie eine Kopie des Zugangsprotokolls des jeweiligen Banksafes ab dem 24.06.2014\u00bb(cf. page 6 de l\u2019Accord) ; disons que Ma\u00eetre Laurent METZLER remettra \u00e0 la soci\u00e9t\u00e9 anonymeSOCIETE2.)S.A., (anc.SOCIETE3.)S.A.) tout objet, anciennement d\u00e9pos\u00e9 dans les coffres-forts nos. NUMERO4.),NUMERO5.)etNUMERO6.), et actuellement d\u00e9pos\u00e9 dans le coffre-fort g\u00e9n\u00e9ralde la soci\u00e9t\u00e9 anonymeSOCIETE4.), dont la distribution \u00e0PERSONNE2.)ou \u00e0 PERSONNE1.)ne serait pas pr\u00e9vu \u00e0 l\u2019Accord; disons qu\u2019en cas de non-comparution ou de non-participation de l\u2019une des parties aux op\u00e9rations pr\u00e9cit\u00e9es, tous les objets devant lui revenir en vertu de l\u2019Accord seront d\u00e9pos\u00e9s par le notaire instrumentant dans un coffre-fort ouvert aupr\u00e8sd\u2019une banque de son choix, autre quela soci\u00e9t\u00e9 anonymeSOCIETE4.), au nom et aux frais exclusifs de la partie d\u00e9faillante ; donnonsacte aux parties qu\u2019elles d\u00e9clarent qu\u2019\u00e0 compter de la date du transfert de tous les actifs bancaires et non liquides tels qued\u00e9taill\u00e9s dans l\u2019Accord et de l\u2019ex\u00e9cution de toutes les obligations qui y sont li\u00e9es (\u00abDieser Vezicht wird mit \u00dcbertragung aller oben genannten Bankable Assets und Non-Liquid-Assets bzw. Erf\u00fcllung der damit<\/p>\n<p>zusammenh\u00e4ngenden Verpflichtungen wirksam\u00bb), la partie intitul\u00e9e \u00abVerzicht auf den Beg\u00fcnstigtenstatus und R\u00fccktritt als Kurator\u00bb, figurant en page 7 de l\u2019Accord, entrera en vigueur et produira pleinement ses effets; rappelons \u00e9galement que l\u2019Accord pr\u00e9voit,en page 7,ce qui suit:\u00abSollte jedoch ein bestimmter Gegenstand fehlen, so erh\u00e4lt der Antragsteller dessen von einem anerkannten lokalen Sch\u00e4tzer gesch\u00e4tzten Wert von der Antragsgegnerin in bar\u00bb ; refixons l\u2019affaire pour contr\u00f4le \u00e0 l\u2019audience publique ordinaire des r\u00e9f\u00e9r\u00e9s du lundi matin, 13 avril 2026 \u00e0 9.00 heures, salle TL.0.11, rez-de-chauss\u00e9e, b\u00e2timent TL de la Cit\u00e9 judiciaire au Plateau duSaint-Esprit \u00e0 Luxembourg ; ordonnons l\u2019ex\u00e9cution provisoire de la pr\u00e9sente ordonnance nonobstant toutes voies de recours et sans caution ; r\u00e9servons le surplus.<\/p>\n<\/div>\n<hr class=\"kji-sep\" \/>\n<p class=\"kji-source-links\"><strong>Sources officielles :<\/strong> <a class=\"kji-source-link\" href=\"https:\/\/data.public.lu\/fr\/datasets\/tribunal-darrondissement-luxembourg-refere\/\" target=\"_blank\" rel=\"noopener noreferrer\">consulter la page source<\/a> &middot; <a class=\"kji-pdf-link\" href=\"https:\/\/download.data.public.lu\/resources\/tribunal-darrondissement-luxembourg-refere\/20260329-231337\/20260306-talref-tal-2026-00036-pseudonymise-accessible.pdf\" target=\"_blank\" rel=\"noopener noreferrer\">PDF officiel<\/a><\/p>\n<p class=\"kji-license-note\"><em>Licence CC BY-ND 4.0 (Administration judiciaire, data.public.lu). Republication autorisee avec attribution, sans modification editoriale du texte integral.<\/em><\/p>\n<\/div>\n","protected":false},"excerpt":{"rendered":"<p>No. R\u00f4le: TAL-2026-00036 No.2026TALREFO\/00096 du6mars 2026 Audience publique extraordinaire des r\u00e9f\u00e9r\u00e9s du vendredi,6mars 2026, tenue par Nous Philippe WADL\u00c9, premier juge au Tribunal d\u2019arrondissement de et \u00e0 Luxembourg, si\u00e9geant comme juge des r\u00e9f\u00e9r\u00e9s, en remplacement de laPr\u00e9sidentedu Tribunal d\u2019arrondissement de et \u00e0 Luxembourg, assist\u00e9 du\u2026<\/p>\n","protected":false},"featured_media":0,"template":"","meta":{"_crdt_document":""},"kji_country":[8418],"kji_court":[23583],"kji_chamber":[18768],"kji_year":[7610],"kji_subject":[7646],"kji_keyword":[23584,7636],"kji_language":[7733],"class_list":["post-637105","kji_decision","type-kji_decision","status-publish","hentry","kji_country-luxembourg","kji_court-tribunal-darrondissement","kji_chamber-refere","kji_year-7610","kji_subject-divers","kji_keyword-arrondissement","kji_keyword-tribunal","kji_language-francais"],"yoast_head":"<!-- This site is optimized with the Yoast SEO Premium plugin v27.5 (Yoast SEO v27.5) - https:\/\/yoast.com\/product\/yoast-seo-premium-wordpress\/ -->\n<title>Tribunal d&#039;arrondissement, 6 mars 2026, n\u00b0 2026-00036 - Ma\u00eetre Hassan Kohen, avocat en droit p\u00e9nal \u00e0 Paris<\/title>\n<meta name=\"robots\" content=\"index, follow, max-snippet:-1, max-image-preview:large, max-video-preview:-1\" \/>\n<link rel=\"canonical\" href=\"https:\/\/kohenavocats.com\/zh-hans\/jurisprudences\/tribunal-darrondissement-6-mars-2026-n-2026-00036\/\" \/>\n<meta property=\"og:locale\" content=\"zh_CN\" \/>\n<meta property=\"og:type\" content=\"article\" \/>\n<meta property=\"og:title\" content=\"Tribunal d&#039;arrondissement, 6 mars 2026, n\u00b0 2026-00036\" \/>\n<meta property=\"og:description\" content=\"No. R\u00f4le: TAL-2026-00036 No.2026TALREFO\/00096 du6mars 2026 Audience publique extraordinaire des r\u00e9f\u00e9r\u00e9s du vendredi,6mars 2026, tenue par Nous Philippe WADL\u00c9, premier juge au Tribunal d\u2019arrondissement de et \u00e0 Luxembourg, si\u00e9geant comme juge des r\u00e9f\u00e9r\u00e9s, en remplacement de laPr\u00e9sidentedu Tribunal d\u2019arrondissement de et \u00e0 Luxembourg, assist\u00e9 du\u2026\" \/>\n<meta property=\"og:url\" content=\"https:\/\/kohenavocats.com\/zh-hans\/jurisprudences\/tribunal-darrondissement-6-mars-2026-n-2026-00036\/\" \/>\n<meta property=\"og:site_name\" content=\"Ma\u00eetre Hassan Kohen, avocat en droit p\u00e9nal \u00e0 Paris\" \/>\n<meta property=\"article:modified_time\" content=\"2026-04-21T13:57:51+00:00\" \/>\n<meta name=\"twitter:card\" content=\"summary_large_image\" \/>\n<meta name=\"twitter:label1\" content=\"\u9884\u8ba1\u9605\u8bfb\u65f6\u95f4\" \/>\n\t<meta name=\"twitter:data1\" content=\"8 \u5206\" \/>\n<script type=\"application\/ld+json\" class=\"yoast-schema-graph\">{\"@context\":\"https:\\\/\\\/schema.org\",\"@graph\":[{\"@type\":\"WebPage\",\"@id\":\"https:\\\/\\\/kohenavocats.com\\\/zh-hans\\\/jurisprudences\\\/tribunal-darrondissement-6-mars-2026-n-2026-00036\\\/\",\"url\":\"https:\\\/\\\/kohenavocats.com\\\/zh-hans\\\/jurisprudences\\\/tribunal-darrondissement-6-mars-2026-n-2026-00036\\\/\",\"name\":\"Tribunal d'arrondissement, 6 mars 2026, n\u00b0 2026-00036 - Ma\u00eetre Hassan Kohen, avocat en droit p\u00e9nal \u00e0 Paris\",\"isPartOf\":{\"@id\":\"https:\\\/\\\/kohenavocats.com\\\/zh-hans\\\/#website\"},\"datePublished\":\"2026-04-21T13:57:48+00:00\",\"dateModified\":\"2026-04-21T13:57:51+00:00\",\"breadcrumb\":{\"@id\":\"https:\\\/\\\/kohenavocats.com\\\/zh-hans\\\/jurisprudences\\\/tribunal-darrondissement-6-mars-2026-n-2026-00036\\\/#breadcrumb\"},\"inLanguage\":\"zh-Hans\",\"potentialAction\":[{\"@type\":\"ReadAction\",\"target\":[\"https:\\\/\\\/kohenavocats.com\\\/zh-hans\\\/jurisprudences\\\/tribunal-darrondissement-6-mars-2026-n-2026-00036\\\/\"]}]},{\"@type\":\"BreadcrumbList\",\"@id\":\"https:\\\/\\\/kohenavocats.com\\\/zh-hans\\\/jurisprudences\\\/tribunal-darrondissement-6-mars-2026-n-2026-00036\\\/#breadcrumb\",\"itemListElement\":[{\"@type\":\"ListItem\",\"position\":1,\"name\":\"Home\",\"item\":\"https:\\\/\\\/kohenavocats.com\\\/zh-hans\\\/\"},{\"@type\":\"ListItem\",\"position\":2,\"name\":\"Jurisprudences\",\"item\":\"https:\\\/\\\/kohenavocats.com\\\/zh-hans\\\/jurisprudences\\\/\"},{\"@type\":\"ListItem\",\"position\":3,\"name\":\"Tribunal d&rsquo;arrondissement, 6 mars 2026, n\u00b0 2026-00036\"}]},{\"@type\":\"WebSite\",\"@id\":\"https:\\\/\\\/kohenavocats.com\\\/zh-hans\\\/#website\",\"url\":\"https:\\\/\\\/kohenavocats.com\\\/zh-hans\\\/\",\"name\":\"Kohen Avocats\",\"description\":\"Ma\u00eetre Hassan Kohen, avocat p\u00e9naliste \u00e0 Paris, intervient exclusivement en droit p\u00e9nal pour la d\u00e9fense des particuliers, notamment en mati\u00e8re d\u2019accusations de viol. Il assure un accompagnement rigoureux d\u00e8s la garde \u00e0 vue jusqu\u2019\u00e0 la Cour d\u2019assises, veillant au strict respect des garanties proc\u00e9durales.\",\"publisher\":{\"@id\":\"https:\\\/\\\/kohenavocats.com\\\/zh-hans\\\/#organization\"},\"potentialAction\":[{\"@type\":\"SearchAction\",\"target\":{\"@type\":\"EntryPoint\",\"urlTemplate\":\"https:\\\/\\\/kohenavocats.com\\\/zh-hans\\\/?s={search_term_string}\"},\"query-input\":{\"@type\":\"PropertyValueSpecification\",\"valueRequired\":true,\"valueName\":\"search_term_string\"}}],\"inLanguage\":\"zh-Hans\"},{\"@type\":\"Organization\",\"@id\":\"https:\\\/\\\/kohenavocats.com\\\/zh-hans\\\/#organization\",\"name\":\"Kohen Avocats\",\"url\":\"https:\\\/\\\/kohenavocats.com\\\/zh-hans\\\/\",\"logo\":{\"@type\":\"ImageObject\",\"inLanguage\":\"zh-Hans\",\"@id\":\"https:\\\/\\\/kohenavocats.com\\\/zh-hans\\\/#\\\/schema\\\/logo\\\/image\\\/\",\"url\":\"https:\\\/\\\/kohenavocats.com\\\/wp-content\\\/uploads\\\/2026\\\/01\\\/Logo-2-1.webp\",\"contentUrl\":\"https:\\\/\\\/kohenavocats.com\\\/wp-content\\\/uploads\\\/2026\\\/01\\\/Logo-2-1.webp\",\"width\":2114,\"height\":1253,\"caption\":\"Kohen Avocats\"},\"image\":{\"@id\":\"https:\\\/\\\/kohenavocats.com\\\/zh-hans\\\/#\\\/schema\\\/logo\\\/image\\\/\"}}]}<\/script>\n<!-- \/ Yoast SEO Premium plugin. -->","yoast_head_json":{"title":"Tribunal d'arrondissement, 6 mars 2026, n\u00b0 2026-00036 - Ma\u00eetre Hassan Kohen, avocat en droit p\u00e9nal \u00e0 Paris","robots":{"index":"index","follow":"follow","max-snippet":"max-snippet:-1","max-image-preview":"max-image-preview:large","max-video-preview":"max-video-preview:-1"},"canonical":"https:\/\/kohenavocats.com\/zh-hans\/jurisprudences\/tribunal-darrondissement-6-mars-2026-n-2026-00036\/","og_locale":"zh_CN","og_type":"article","og_title":"Tribunal d'arrondissement, 6 mars 2026, n\u00b0 2026-00036","og_description":"No. R\u00f4le: TAL-2026-00036 No.2026TALREFO\/00096 du6mars 2026 Audience publique extraordinaire des r\u00e9f\u00e9r\u00e9s du vendredi,6mars 2026, tenue par Nous Philippe WADL\u00c9, premier juge au Tribunal d\u2019arrondissement de et \u00e0 Luxembourg, si\u00e9geant comme juge des r\u00e9f\u00e9r\u00e9s, en remplacement de laPr\u00e9sidentedu Tribunal d\u2019arrondissement de et \u00e0 Luxembourg, assist\u00e9 du\u2026","og_url":"https:\/\/kohenavocats.com\/zh-hans\/jurisprudences\/tribunal-darrondissement-6-mars-2026-n-2026-00036\/","og_site_name":"Ma\u00eetre Hassan Kohen, avocat en droit p\u00e9nal \u00e0 Paris","article_modified_time":"2026-04-21T13:57:51+00:00","twitter_card":"summary_large_image","twitter_misc":{"\u9884\u8ba1\u9605\u8bfb\u65f6\u95f4":"8 \u5206"},"schema":{"@context":"https:\/\/schema.org","@graph":[{"@type":"WebPage","@id":"https:\/\/kohenavocats.com\/zh-hans\/jurisprudences\/tribunal-darrondissement-6-mars-2026-n-2026-00036\/","url":"https:\/\/kohenavocats.com\/zh-hans\/jurisprudences\/tribunal-darrondissement-6-mars-2026-n-2026-00036\/","name":"Tribunal d'arrondissement, 6 mars 2026, n\u00b0 2026-00036 - Ma\u00eetre Hassan Kohen, avocat en droit p\u00e9nal \u00e0 Paris","isPartOf":{"@id":"https:\/\/kohenavocats.com\/zh-hans\/#website"},"datePublished":"2026-04-21T13:57:48+00:00","dateModified":"2026-04-21T13:57:51+00:00","breadcrumb":{"@id":"https:\/\/kohenavocats.com\/zh-hans\/jurisprudences\/tribunal-darrondissement-6-mars-2026-n-2026-00036\/#breadcrumb"},"inLanguage":"zh-Hans","potentialAction":[{"@type":"ReadAction","target":["https:\/\/kohenavocats.com\/zh-hans\/jurisprudences\/tribunal-darrondissement-6-mars-2026-n-2026-00036\/"]}]},{"@type":"BreadcrumbList","@id":"https:\/\/kohenavocats.com\/zh-hans\/jurisprudences\/tribunal-darrondissement-6-mars-2026-n-2026-00036\/#breadcrumb","itemListElement":[{"@type":"ListItem","position":1,"name":"Home","item":"https:\/\/kohenavocats.com\/zh-hans\/"},{"@type":"ListItem","position":2,"name":"Jurisprudences","item":"https:\/\/kohenavocats.com\/zh-hans\/jurisprudences\/"},{"@type":"ListItem","position":3,"name":"Tribunal d&rsquo;arrondissement, 6 mars 2026, n\u00b0 2026-00036"}]},{"@type":"WebSite","@id":"https:\/\/kohenavocats.com\/zh-hans\/#website","url":"https:\/\/kohenavocats.com\/zh-hans\/","name":"Kohen Avocats","description":"Ma\u00eetre Hassan Kohen, avocat p\u00e9naliste \u00e0 Paris, intervient exclusivement en droit p\u00e9nal pour la d\u00e9fense des particuliers, notamment en mati\u00e8re d\u2019accusations de viol. Il assure un accompagnement rigoureux d\u00e8s la garde \u00e0 vue jusqu\u2019\u00e0 la Cour d\u2019assises, veillant au strict respect des garanties proc\u00e9durales.","publisher":{"@id":"https:\/\/kohenavocats.com\/zh-hans\/#organization"},"potentialAction":[{"@type":"SearchAction","target":{"@type":"EntryPoint","urlTemplate":"https:\/\/kohenavocats.com\/zh-hans\/?s={search_term_string}"},"query-input":{"@type":"PropertyValueSpecification","valueRequired":true,"valueName":"search_term_string"}}],"inLanguage":"zh-Hans"},{"@type":"Organization","@id":"https:\/\/kohenavocats.com\/zh-hans\/#organization","name":"Kohen Avocats","url":"https:\/\/kohenavocats.com\/zh-hans\/","logo":{"@type":"ImageObject","inLanguage":"zh-Hans","@id":"https:\/\/kohenavocats.com\/zh-hans\/#\/schema\/logo\/image\/","url":"https:\/\/kohenavocats.com\/wp-content\/uploads\/2026\/01\/Logo-2-1.webp","contentUrl":"https:\/\/kohenavocats.com\/wp-content\/uploads\/2026\/01\/Logo-2-1.webp","width":2114,"height":1253,"caption":"Kohen Avocats"},"image":{"@id":"https:\/\/kohenavocats.com\/zh-hans\/#\/schema\/logo\/image\/"}}]}},"jetpack_likes_enabled":false,"jetpack_sharing_enabled":true,"_links":{"self":[{"href":"https:\/\/kohenavocats.com\/zh-hans\/wp-json\/wp\/v2\/kji_decision\/637105","targetHints":{"allow":["GET"]}}],"collection":[{"href":"https:\/\/kohenavocats.com\/zh-hans\/wp-json\/wp\/v2\/kji_decision"}],"about":[{"href":"https:\/\/kohenavocats.com\/zh-hans\/wp-json\/wp\/v2\/types\/kji_decision"}],"wp:attachment":[{"href":"https:\/\/kohenavocats.com\/zh-hans\/wp-json\/wp\/v2\/media?parent=637105"}],"wp:term":[{"taxonomy":"kji_country","embeddable":true,"href":"https:\/\/kohenavocats.com\/zh-hans\/wp-json\/wp\/v2\/kji_country?post=637105"},{"taxonomy":"kji_court","embeddable":true,"href":"https:\/\/kohenavocats.com\/zh-hans\/wp-json\/wp\/v2\/kji_court?post=637105"},{"taxonomy":"kji_chamber","embeddable":true,"href":"https:\/\/kohenavocats.com\/zh-hans\/wp-json\/wp\/v2\/kji_chamber?post=637105"},{"taxonomy":"kji_year","embeddable":true,"href":"https:\/\/kohenavocats.com\/zh-hans\/wp-json\/wp\/v2\/kji_year?post=637105"},{"taxonomy":"kji_subject","embeddable":true,"href":"https:\/\/kohenavocats.com\/zh-hans\/wp-json\/wp\/v2\/kji_subject?post=637105"},{"taxonomy":"kji_keyword","embeddable":true,"href":"https:\/\/kohenavocats.com\/zh-hans\/wp-json\/wp\/v2\/kji_keyword?post=637105"},{"taxonomy":"kji_language","embeddable":true,"href":"https:\/\/kohenavocats.com\/zh-hans\/wp-json\/wp\/v2\/kji_language?post=637105"}],"curies":[{"name":"wp","href":"https:\/\/api.w.org\/{rel}","templated":true}]}}