{"id":640270,"date":"2026-04-21T21:27:34","date_gmt":"2026-04-21T19:27:34","guid":{"rendered":"https:\/\/kohenavocats.com\/jurisprudences\/tribunal-darrondissement-24-novembre-2023-n-2023-06068\/"},"modified":"2026-04-21T21:27:36","modified_gmt":"2026-04-21T19:27:36","slug":"tribunal-darrondissement-24-novembre-2023-n-2023-06068","status":"publish","type":"kji_decision","link":"https:\/\/kohenavocats.com\/zh-hans\/jurisprudences\/tribunal-darrondissement-24-novembre-2023-n-2023-06068\/","title":{"rendered":"Tribunal d&#8217;arrondissement, 24 novembre 2023, n\u00b0 2023-06068"},"content":{"rendered":"<div class=\"kji-decision\">\n<div class=\"kji-full-text\">\n<p>No. R\u00f4le: TAL-2023-06068 No.2023TALREFO\/00437 du 24 novembre 2023 Audience publique extraordinaire des r\u00e9f\u00e9r\u00e9s du vendredi, 24 novembre 2023, tenue par Nous Philippe WADL\u00c9, premier juge au Tribunal d\u2019arrondissement deet \u00e0Luxembourg, si\u00e9geant comme juge des r\u00e9f\u00e9r\u00e9s, en remplacement du Pr\u00e9sident du Tribunal d\u2019arrondissement deet \u00e0Luxembourg, assist\u00e9 de la greffi\u00e8re assum\u00e9e Carole STARCK. DANS LA CAUSE E N T R E la soci\u00e9t\u00e9 \u00e0 responsabilit\u00e9 limit\u00e9eSOCIETE1.)S.\u00e0 r.l,\u00e9tablie et ayant son si\u00e8ge social \u00e0 L- ADRESSE1.), inscrite au registre de commerce et des soci\u00e9t\u00e9s de Luxembourg sous le num\u00e9roNUMERO1.), repr\u00e9sent\u00e9e par son g\u00e9rant actuellement en fonctions, \u00e9lisant domicile en l\u2019\u00e9tudedeMa\u00eetre Agathe SEKROUN,avocat, demeurant \u00e0 Luxembourg, partie demanderesse originaire partie d\u00e9fenderesse sur contreditcomparant par Ma\u00eetre Agathe SEKROUN, avocat, demeurant \u00e0 Luxembourg, E T la soci\u00e9t\u00e9 \u00e0 responsabilit\u00e9 limit\u00e9eSOCIETE2.)S.\u00e0 r.l., \u00e9tablie et ayant sonsi\u00e8ge social \u00e0 L-ADRESSE2.), inscrite au registre de commerce et des soci\u00e9t\u00e9s de Luxembourg sous le num\u00e9roNUMERO2.), repr\u00e9sent\u00e9e par son g\u00e9rant actuellement en fonctions, partie d\u00e9fenderesse originaire partiedemanderesse par contreditcomparant par Ma\u00eetre Marcel MARIGO, avocat, demeurant \u00e0 Luxembourg.<\/p>\n<p>F A I T S :<\/p>\n<p>Suite au contredit form\u00e9 le14juillet 2023 parla soci\u00e9t\u00e9 \u00e0 responsabilit\u00e9 limit\u00e9e SOCIETE2.)S.\u00e0r.l.contre l\u2019ordonnance conditionnelle de paiementn\u00b0 2023TALORDP\/00360,d\u00e9livr\u00e9ele11 juillet 2023 etluinotifi\u00e9e en date du 13 juillet 2023, les parties furent convoqu\u00e9es \u00e0 l\u2019audience publique ordinaire des r\u00e9f\u00e9r\u00e9s du lundi matin, 21 ao\u00fbt 2023. Apr\u00e8s plusieurs remises, l\u2019affaire fut utilement retenue \u00e0 l\u2019audience publique ordinaire des r\u00e9f\u00e9r\u00e9s du lundi matin, 20 novembre 2023, lors de laquelleMa\u00eetre Agathe SEKROUNet Ma\u00eetre Marcel MARIGOfurent entendus en leurs moyens et explications. Sur ce le juge des r\u00e9f\u00e9r\u00e9s prit l\u2019affaire en d\u00e9lib\u00e9r\u00e9 et rendit \u00e0 l\u2019audience publique extraordinaire des r\u00e9f\u00e9r\u00e9s de ce jour l\u2019 O R D O N N A N C E qui suit: Par requ\u00eate du26 juin 2023, d\u00e9pos\u00e9e le4 juillet 2023au greffe du tribunal,la soci\u00e9t\u00e9 \u00e0 responsabilit\u00e9 limit\u00e9eSOCIETE1.)S.\u00e0 r.l.(ci-apr\u00e8s \u00abla soci\u00e9t\u00e9SOCIETE1.)\u00bb) a requis la d\u00e9livrance d\u2019une ordonnance conditionnelle de paiement \u00e0 l\u2019encontre dela soci\u00e9t\u00e9 \u00e0 responsabilit\u00e9 limit\u00e9eSOCIETE2.)S.\u00e0 r.l.(ci-apr\u00e8s \u00abla soci\u00e9t\u00e9SOCIETE2.)\u00bb)pour le montant de51.757,84.-euros,augment\u00e9 des int\u00e9r\u00eatsl\u00e9gaux \u00e0 compter du 19 mai 2023, date d\u2019une mise en demeure,sinon \u00e0 partir de la notification de l\u2019ordonnance \u00e0 intervenirjusqu\u2019\u00e0 solde, ainsi que pour le montant de 1.500,-euros \u00e0 titre d\u2019indemnit\u00e9 de proc\u00e9dure sur base de l\u2019article 240 du Nouveau Code de proc\u00e9dure civile. Suivant ordonnance conditionnelle de paiementn\u00b02023TALORDP\/00360, d\u00e9livr\u00e9e le11 juillet 2023et notifi\u00e9e \u00e0la soci\u00e9t\u00e9SOCIETE2.)en date du13 juillet 2023, il a \u00e9t\u00e9 fait droit \u00e0 la susdite requ\u00eate et, partant, enjoint \u00e0 cette derni\u00e8re de payer \u00e0 la soci\u00e9t\u00e9SOCIETE1.)la somme de51.757,84.-euros avec les int\u00e9r\u00eats l\u00e9gaux \u00e0 compter du 19 mai 2023 jusqu\u2019\u00e0 solde, ainsi qu\u2019une indemnit\u00e9 de proc\u00e9dure de 150,-euros. Par lettre du14 juillet 2023, d\u00e9pos\u00e9e lem\u00eame jourau greffe du tribunal,la soci\u00e9t\u00e9 SOCIETE2.)a form\u00e9 contredit contre cette ordonnance conditionnelle de paiement. A l\u2019audience publique du20 novembre2023,la soci\u00e9t\u00e9SOCIETE1.)a demand\u00e9 acte que, suite \u00e0 plusieurs paiementsre\u00e7usde la part dela soci\u00e9t\u00e9SOCIETE2.), elle ne r\u00e9clame actuellementplus que le montant de39.309,43.-euros, solde au paiement duquel elle demande \u00e0 voir condamner cette derni\u00e8re, en sus des int\u00e9r\u00eats l\u00e9gauxet de l\u2019indemnit\u00e9 de proc\u00e9dure de 150,-euros tels que retenus dans l\u2019ordonnance conditionnelle de paiement intervenue.<\/p>\n<p>La soci\u00e9t\u00e9SOCIETE2.)afaitd\u00e9clarerqu\u2019elle ne contesteplusla cr\u00e9ance invoqu\u00e9e parla soci\u00e9t\u00e9SOCIETE1.)etqu\u2019elle souhaite trouver un accord avec cettederni\u00e8re quant aux modalit\u00e9s du paiementde sa dette.Elledemande cependant\u00e0 ceque l\u2019ordonnance \u00e0 intervenir ne soit pas assortie de l\u2019ex\u00e9cution provisoire. La cr\u00e9ance dela soci\u00e9t\u00e9SOCIETE1.)n\u2019\u00e9tantpascontest\u00e9e, et r\u00e9sultant d\u2019ailleurs des pi\u00e8ces vers\u00e9es en cause, il y a lieu de rejeter le contredit et decondamner en cons\u00e9quence la soci\u00e9t\u00e9SOCIETE2.)au paiement dusolder\u00e9clam\u00e9de39.309,43.-euros, augment\u00e9 des int\u00e9r\u00eatsl\u00e9gaux\u00e0 compter du19 mai 2023jusqu\u2019\u00e0 solde, ainsi qu\u2019\u00e0 payer \u00e0la soci\u00e9t\u00e9 SOCIETE1.)une indemnit\u00e9 de 150,-euros sur base del\u2019article 240 du Nouveau Code de proc\u00e9dure civile. Aux termes de l\u2019article 938 du Nouveau Code de proc\u00e9dure civile,l\u2019ordonnance de r\u00e9f\u00e9r\u00e9 \u00ab[\u2026] est ex\u00e9cutoire \u00e0 titre provisoire et sans caution [..]\u00bb. La soci\u00e9t\u00e9SOCIETE2.)ne justifiantd\u2019aucune circonstance permettant de d\u00e9roger \u00e0 ce principe, il y a lieu d\u2019ordonner l\u2019ex\u00e9cution provisoire de la pr\u00e9sente ordonnance. P A R C E S M O T I F S Nous Philippe WADL\u00c9, premier juge au Tribunal d\u2019arrondissement de et \u00e0Luxembourg, si\u00e9geant comme juge des r\u00e9f\u00e9r\u00e9s, en remplacement du Pr\u00e9sident du Tribunal d\u2019arrondissement de et \u00e0 Luxembourg, statuant contradictoirement, recevons le contredit en la forme ; au principal renvoyons les parties \u00e0 se pourvoir devant qui de droit, mais d\u00e8s \u00e0 pr\u00e9sent et par provision, rejetons le contredit ; partant, condamnonsla soci\u00e9t\u00e9 \u00e0 responsabilit\u00e9 limit\u00e9eSOCIETE2.)S.\u00e0 r.l.\u00e0 payer \u00e0la soci\u00e9t\u00e9 \u00e0 responsabilit\u00e9 limit\u00e9eSOCIETE1.)S.\u00e0 r.l.la sommede39.309,43.-eurosavec les int\u00e9r\u00eats l\u00e9gaux\u00e0 compter du 19 mai 2023 jusqu\u2019\u00e0 solde; condamnonsla soci\u00e9t\u00e9 \u00e0 responsabilit\u00e9 limit\u00e9eSOCIETE2.)S.\u00e0 r.l.\u00e0 payer \u00e0la soci\u00e9t\u00e9 \u00e0 responsabilit\u00e9 limit\u00e9eSOCIETE1.)S.\u00e0 r.l. une indemnit\u00e9 de 150,-euros sur base de l\u2019article 240 du Nouveau Code de proc\u00e9dure civile;<\/p>\n<p>ordonnons l\u2019ex\u00e9cution provisoire de la pr\u00e9sente ordonnance nonobstant toute voie de recours et sans caution ; condamnonsla soci\u00e9t\u00e9 \u00e0 responsabilit\u00e9 limit\u00e9eSOCIETE2.)S.\u00e0 r.l.auxfrais et d\u00e9pens de l\u2019instance.<\/p>\n<\/div>\n<hr class=\"kji-sep\" \/>\n<p class=\"kji-source-links\"><strong>Sources officielles :<\/strong> <a class=\"kji-source-link\" href=\"https:\/\/data.public.lu\/fr\/datasets\/tribunal-darrondissement-luxembourg-refere\/\" target=\"_blank\" rel=\"noopener noreferrer\">consulter la page source<\/a> &middot; <a class=\"kji-pdf-link\" href=\"https:\/\/download.data.public.lu\/resources\/tribunal-darrondissement-luxembourg-refere\/20240828-034152\/20231124-talref-tal-2023-06068-pseudonymise-accessible.pdf\" target=\"_blank\" rel=\"noopener noreferrer\">PDF officiel<\/a><\/p>\n<p class=\"kji-license-note\"><em>Licence CC BY-ND 4.0 (Administration judiciaire, data.public.lu). Republication autorisee avec attribution, sans modification editoriale du texte integral.<\/em><\/p>\n<\/div>\n","protected":false},"excerpt":{"rendered":"<p>No. R\u00f4le: TAL-2023-06068 No.2023TALREFO\/00437 du 24 novembre 2023 Audience publique extraordinaire des r\u00e9f\u00e9r\u00e9s du vendredi, 24 novembre 2023, tenue par Nous Philippe WADL\u00c9, premier juge au Tribunal d\u2019arrondissement deet \u00e0Luxembourg, si\u00e9geant comme juge des r\u00e9f\u00e9r\u00e9s, en remplacement du Pr\u00e9sident du Tribunal d\u2019arrondissement deet \u00e0Luxembourg, assist\u00e9\u2026<\/p>\n","protected":false},"featured_media":0,"template":"","meta":{"_crdt_document":""},"kji_country":[8418],"kji_court":[23583],"kji_chamber":[18768],"kji_year":[24566],"kji_subject":[7646],"kji_keyword":[23584,8576,7636],"kji_language":[7733],"class_list":["post-640270","kji_decision","type-kji_decision","status-publish","hentry","kji_country-luxembourg","kji_court-tribunal-darrondissement","kji_chamber-refere","kji_year-24566","kji_subject-divers","kji_keyword-arrondissement","kji_keyword-novembre","kji_keyword-tribunal","kji_language-francais"],"yoast_head":"<!-- This site is optimized with the Yoast SEO Premium plugin v27.4 (Yoast SEO v27.4) - https:\/\/yoast.com\/product\/yoast-seo-premium-wordpress\/ -->\n<title>Tribunal d&#039;arrondissement, 24 novembre 2023, n\u00b0 2023-06068 - Ma\u00eetre Hassan Kohen, avocat en droit p\u00e9nal \u00e0 Paris<\/title>\n<meta name=\"robots\" content=\"index, follow, max-snippet:-1, max-image-preview:large, max-video-preview:-1\" \/>\n<link rel=\"canonical\" href=\"https:\/\/kohenavocats.com\/zh-hans\/jurisprudences\/tribunal-darrondissement-24-novembre-2023-n-2023-06068\/\" \/>\n<meta property=\"og:locale\" content=\"zh_CN\" \/>\n<meta property=\"og:type\" content=\"article\" \/>\n<meta property=\"og:title\" content=\"Tribunal d&#039;arrondissement, 24 novembre 2023, n\u00b0 2023-06068\" \/>\n<meta property=\"og:description\" content=\"No. R\u00f4le: TAL-2023-06068 No.2023TALREFO\/00437 du 24 novembre 2023 Audience publique extraordinaire des r\u00e9f\u00e9r\u00e9s du vendredi, 24 novembre 2023, tenue par Nous Philippe WADL\u00c9, premier juge au Tribunal d\u2019arrondissement deet \u00e0Luxembourg, si\u00e9geant comme juge des r\u00e9f\u00e9r\u00e9s, en remplacement du Pr\u00e9sident du Tribunal d\u2019arrondissement deet \u00e0Luxembourg, assist\u00e9\u2026\" \/>\n<meta property=\"og:url\" content=\"https:\/\/kohenavocats.com\/zh-hans\/jurisprudences\/tribunal-darrondissement-24-novembre-2023-n-2023-06068\/\" \/>\n<meta property=\"og:site_name\" content=\"Ma\u00eetre Hassan Kohen, avocat en droit p\u00e9nal \u00e0 Paris\" \/>\n<meta property=\"article:modified_time\" content=\"2026-04-21T19:27:36+00:00\" \/>\n<meta name=\"twitter:card\" content=\"summary_large_image\" \/>\n<meta name=\"twitter:label1\" content=\"\u9884\u8ba1\u9605\u8bfb\u65f6\u95f4\" \/>\n\t<meta name=\"twitter:data1\" content=\"5 \u5206\" \/>\n<script type=\"application\/ld+json\" class=\"yoast-schema-graph\">{\"@context\":\"https:\\\/\\\/schema.org\",\"@graph\":[{\"@type\":\"WebPage\",\"@id\":\"https:\\\/\\\/kohenavocats.com\\\/zh-hans\\\/jurisprudences\\\/tribunal-darrondissement-24-novembre-2023-n-2023-06068\\\/\",\"url\":\"https:\\\/\\\/kohenavocats.com\\\/zh-hans\\\/jurisprudences\\\/tribunal-darrondissement-24-novembre-2023-n-2023-06068\\\/\",\"name\":\"Tribunal d'arrondissement, 24 novembre 2023, n\u00b0 2023-06068 - Ma\u00eetre Hassan Kohen, avocat en droit p\u00e9nal \u00e0 Paris\",\"isPartOf\":{\"@id\":\"https:\\\/\\\/kohenavocats.com\\\/zh-hans\\\/#website\"},\"datePublished\":\"2026-04-21T19:27:34+00:00\",\"dateModified\":\"2026-04-21T19:27:36+00:00\",\"breadcrumb\":{\"@id\":\"https:\\\/\\\/kohenavocats.com\\\/zh-hans\\\/jurisprudences\\\/tribunal-darrondissement-24-novembre-2023-n-2023-06068\\\/#breadcrumb\"},\"inLanguage\":\"zh-Hans\",\"potentialAction\":[{\"@type\":\"ReadAction\",\"target\":[\"https:\\\/\\\/kohenavocats.com\\\/zh-hans\\\/jurisprudences\\\/tribunal-darrondissement-24-novembre-2023-n-2023-06068\\\/\"]}]},{\"@type\":\"BreadcrumbList\",\"@id\":\"https:\\\/\\\/kohenavocats.com\\\/zh-hans\\\/jurisprudences\\\/tribunal-darrondissement-24-novembre-2023-n-2023-06068\\\/#breadcrumb\",\"itemListElement\":[{\"@type\":\"ListItem\",\"position\":1,\"name\":\"Home\",\"item\":\"https:\\\/\\\/kohenavocats.com\\\/zh-hans\\\/\"},{\"@type\":\"ListItem\",\"position\":2,\"name\":\"Jurisprudences\",\"item\":\"https:\\\/\\\/kohenavocats.com\\\/zh-hans\\\/jurisprudences\\\/\"},{\"@type\":\"ListItem\",\"position\":3,\"name\":\"Tribunal d&rsquo;arrondissement, 24 novembre 2023, n\u00b0 2023-06068\"}]},{\"@type\":\"WebSite\",\"@id\":\"https:\\\/\\\/kohenavocats.com\\\/zh-hans\\\/#website\",\"url\":\"https:\\\/\\\/kohenavocats.com\\\/zh-hans\\\/\",\"name\":\"Kohen Avocats\",\"description\":\"Ma\u00eetre Hassan Kohen, avocat p\u00e9naliste \u00e0 Paris, intervient exclusivement en droit p\u00e9nal pour la d\u00e9fense des particuliers, notamment en mati\u00e8re d\u2019accusations de viol. Il assure un accompagnement rigoureux d\u00e8s la garde \u00e0 vue jusqu\u2019\u00e0 la Cour d\u2019assises, veillant au strict respect des garanties proc\u00e9durales.\",\"publisher\":{\"@id\":\"https:\\\/\\\/kohenavocats.com\\\/zh-hans\\\/#organization\"},\"potentialAction\":[{\"@type\":\"SearchAction\",\"target\":{\"@type\":\"EntryPoint\",\"urlTemplate\":\"https:\\\/\\\/kohenavocats.com\\\/zh-hans\\\/?s={search_term_string}\"},\"query-input\":{\"@type\":\"PropertyValueSpecification\",\"valueRequired\":true,\"valueName\":\"search_term_string\"}}],\"inLanguage\":\"zh-Hans\"},{\"@type\":\"Organization\",\"@id\":\"https:\\\/\\\/kohenavocats.com\\\/zh-hans\\\/#organization\",\"name\":\"Kohen Avocats\",\"url\":\"https:\\\/\\\/kohenavocats.com\\\/zh-hans\\\/\",\"logo\":{\"@type\":\"ImageObject\",\"inLanguage\":\"zh-Hans\",\"@id\":\"https:\\\/\\\/kohenavocats.com\\\/zh-hans\\\/#\\\/schema\\\/logo\\\/image\\\/\",\"url\":\"https:\\\/\\\/kohenavocats.com\\\/wp-content\\\/uploads\\\/2026\\\/01\\\/Logo-2-1.webp\",\"contentUrl\":\"https:\\\/\\\/kohenavocats.com\\\/wp-content\\\/uploads\\\/2026\\\/01\\\/Logo-2-1.webp\",\"width\":2114,\"height\":1253,\"caption\":\"Kohen Avocats\"},\"image\":{\"@id\":\"https:\\\/\\\/kohenavocats.com\\\/zh-hans\\\/#\\\/schema\\\/logo\\\/image\\\/\"}}]}<\/script>\n<!-- \/ Yoast SEO Premium plugin. -->","yoast_head_json":{"title":"Tribunal d'arrondissement, 24 novembre 2023, n\u00b0 2023-06068 - Ma\u00eetre Hassan Kohen, avocat en droit p\u00e9nal \u00e0 Paris","robots":{"index":"index","follow":"follow","max-snippet":"max-snippet:-1","max-image-preview":"max-image-preview:large","max-video-preview":"max-video-preview:-1"},"canonical":"https:\/\/kohenavocats.com\/zh-hans\/jurisprudences\/tribunal-darrondissement-24-novembre-2023-n-2023-06068\/","og_locale":"zh_CN","og_type":"article","og_title":"Tribunal d'arrondissement, 24 novembre 2023, n\u00b0 2023-06068","og_description":"No. R\u00f4le: TAL-2023-06068 No.2023TALREFO\/00437 du 24 novembre 2023 Audience publique extraordinaire des r\u00e9f\u00e9r\u00e9s du vendredi, 24 novembre 2023, tenue par Nous Philippe WADL\u00c9, premier juge au Tribunal d\u2019arrondissement deet \u00e0Luxembourg, si\u00e9geant comme juge des r\u00e9f\u00e9r\u00e9s, en remplacement du Pr\u00e9sident du Tribunal d\u2019arrondissement deet \u00e0Luxembourg, assist\u00e9\u2026","og_url":"https:\/\/kohenavocats.com\/zh-hans\/jurisprudences\/tribunal-darrondissement-24-novembre-2023-n-2023-06068\/","og_site_name":"Ma\u00eetre Hassan Kohen, avocat en droit p\u00e9nal \u00e0 Paris","article_modified_time":"2026-04-21T19:27:36+00:00","twitter_card":"summary_large_image","twitter_misc":{"\u9884\u8ba1\u9605\u8bfb\u65f6\u95f4":"5 \u5206"},"schema":{"@context":"https:\/\/schema.org","@graph":[{"@type":"WebPage","@id":"https:\/\/kohenavocats.com\/zh-hans\/jurisprudences\/tribunal-darrondissement-24-novembre-2023-n-2023-06068\/","url":"https:\/\/kohenavocats.com\/zh-hans\/jurisprudences\/tribunal-darrondissement-24-novembre-2023-n-2023-06068\/","name":"Tribunal d'arrondissement, 24 novembre 2023, n\u00b0 2023-06068 - Ma\u00eetre Hassan Kohen, avocat en droit p\u00e9nal \u00e0 Paris","isPartOf":{"@id":"https:\/\/kohenavocats.com\/zh-hans\/#website"},"datePublished":"2026-04-21T19:27:34+00:00","dateModified":"2026-04-21T19:27:36+00:00","breadcrumb":{"@id":"https:\/\/kohenavocats.com\/zh-hans\/jurisprudences\/tribunal-darrondissement-24-novembre-2023-n-2023-06068\/#breadcrumb"},"inLanguage":"zh-Hans","potentialAction":[{"@type":"ReadAction","target":["https:\/\/kohenavocats.com\/zh-hans\/jurisprudences\/tribunal-darrondissement-24-novembre-2023-n-2023-06068\/"]}]},{"@type":"BreadcrumbList","@id":"https:\/\/kohenavocats.com\/zh-hans\/jurisprudences\/tribunal-darrondissement-24-novembre-2023-n-2023-06068\/#breadcrumb","itemListElement":[{"@type":"ListItem","position":1,"name":"Home","item":"https:\/\/kohenavocats.com\/zh-hans\/"},{"@type":"ListItem","position":2,"name":"Jurisprudences","item":"https:\/\/kohenavocats.com\/zh-hans\/jurisprudences\/"},{"@type":"ListItem","position":3,"name":"Tribunal d&rsquo;arrondissement, 24 novembre 2023, n\u00b0 2023-06068"}]},{"@type":"WebSite","@id":"https:\/\/kohenavocats.com\/zh-hans\/#website","url":"https:\/\/kohenavocats.com\/zh-hans\/","name":"Kohen Avocats","description":"Ma\u00eetre Hassan Kohen, avocat p\u00e9naliste \u00e0 Paris, intervient exclusivement en droit p\u00e9nal pour la d\u00e9fense des particuliers, notamment en mati\u00e8re d\u2019accusations de viol. Il assure un accompagnement rigoureux d\u00e8s la garde \u00e0 vue jusqu\u2019\u00e0 la Cour d\u2019assises, veillant au strict respect des garanties proc\u00e9durales.","publisher":{"@id":"https:\/\/kohenavocats.com\/zh-hans\/#organization"},"potentialAction":[{"@type":"SearchAction","target":{"@type":"EntryPoint","urlTemplate":"https:\/\/kohenavocats.com\/zh-hans\/?s={search_term_string}"},"query-input":{"@type":"PropertyValueSpecification","valueRequired":true,"valueName":"search_term_string"}}],"inLanguage":"zh-Hans"},{"@type":"Organization","@id":"https:\/\/kohenavocats.com\/zh-hans\/#organization","name":"Kohen Avocats","url":"https:\/\/kohenavocats.com\/zh-hans\/","logo":{"@type":"ImageObject","inLanguage":"zh-Hans","@id":"https:\/\/kohenavocats.com\/zh-hans\/#\/schema\/logo\/image\/","url":"https:\/\/kohenavocats.com\/wp-content\/uploads\/2026\/01\/Logo-2-1.webp","contentUrl":"https:\/\/kohenavocats.com\/wp-content\/uploads\/2026\/01\/Logo-2-1.webp","width":2114,"height":1253,"caption":"Kohen Avocats"},"image":{"@id":"https:\/\/kohenavocats.com\/zh-hans\/#\/schema\/logo\/image\/"}}]}},"jetpack_likes_enabled":false,"jetpack_sharing_enabled":true,"_links":{"self":[{"href":"https:\/\/kohenavocats.com\/zh-hans\/wp-json\/wp\/v2\/kji_decision\/640270","targetHints":{"allow":["GET"]}}],"collection":[{"href":"https:\/\/kohenavocats.com\/zh-hans\/wp-json\/wp\/v2\/kji_decision"}],"about":[{"href":"https:\/\/kohenavocats.com\/zh-hans\/wp-json\/wp\/v2\/types\/kji_decision"}],"wp:attachment":[{"href":"https:\/\/kohenavocats.com\/zh-hans\/wp-json\/wp\/v2\/media?parent=640270"}],"wp:term":[{"taxonomy":"kji_country","embeddable":true,"href":"https:\/\/kohenavocats.com\/zh-hans\/wp-json\/wp\/v2\/kji_country?post=640270"},{"taxonomy":"kji_court","embeddable":true,"href":"https:\/\/kohenavocats.com\/zh-hans\/wp-json\/wp\/v2\/kji_court?post=640270"},{"taxonomy":"kji_chamber","embeddable":true,"href":"https:\/\/kohenavocats.com\/zh-hans\/wp-json\/wp\/v2\/kji_chamber?post=640270"},{"taxonomy":"kji_year","embeddable":true,"href":"https:\/\/kohenavocats.com\/zh-hans\/wp-json\/wp\/v2\/kji_year?post=640270"},{"taxonomy":"kji_subject","embeddable":true,"href":"https:\/\/kohenavocats.com\/zh-hans\/wp-json\/wp\/v2\/kji_subject?post=640270"},{"taxonomy":"kji_keyword","embeddable":true,"href":"https:\/\/kohenavocats.com\/zh-hans\/wp-json\/wp\/v2\/kji_keyword?post=640270"},{"taxonomy":"kji_language","embeddable":true,"href":"https:\/\/kohenavocats.com\/zh-hans\/wp-json\/wp\/v2\/kji_language?post=640270"}],"curies":[{"name":"wp","href":"https:\/\/api.w.org\/{rel}","templated":true}]}}