{"id":640995,"date":"2026-04-21T22:50:13","date_gmt":"2026-04-21T20:50:13","guid":{"rendered":"https:\/\/kohenavocats.com\/jurisprudences\/ordinanza-n-11037-du-27-04-2023-quarta-sezione-lavoro-lavoro\/"},"modified":"2026-04-21T22:50:13","modified_gmt":"2026-04-21T20:50:13","slug":"ordinanza-n-11037-du-27-04-2023-quarta-sezione-lavoro-lavoro","status":"publish","type":"kji_decision","link":"https:\/\/kohenavocats.com\/zh-hans\/jurisprudences\/ordinanza-n-11037-du-27-04-2023-quarta-sezione-lavoro-lavoro\/","title":{"rendered":"Ordinanza n. 11037 du 27\/04\/2023 &#8211; Quarta sezione lavoro \/ Lavoro"},"content":{"rendered":"<div class=\"kji-decision\">\n<div class=\"kji-full-text\">\n<p>Oggetto<\/p>\n<p>Rinvio pregiudiziale alla Corte di giustizia dell\u2019Unione Europea\u00a0&#8211; Conferimento a personale civile estraneo all\u2019Amministrazione di incarichi annuali di insegnamento ex artt. 2, comma 1, della l. n. 1023 del 1969 e 1 del d.m. 20 dicembre 1971 &#8211; Clausola 5 dell\u2019Accordo quadro sul lavoro a tempo determinato, allegato alla Direttiva n. 1999\/70\/CE &#8211; Interpretazione &#8211; Compatibilit\u00e0 della normativa italiana con quella europea.<\/p>\n<p>Presidente: A. Manna<\/p>\n<p> Relatore: I. Tricomi<\/p>\n<p> L\u2019esito in sintesi<br \/>\n La Sezione Lavoro ha chiesto, ai sensi dell\u2019art. 267 del Trattato sul funzionamento dell\u2019Unione Europea, alla Corte di Giustizia di pronunziarsi, in via pregiudiziale, sulle seguenti questioni di interpretazione del diritto dell\u2019Unione:<\/p>\n<p>a) se la clausola 5 \u201cMisure di prevenzione degli abusi\u201d dell\u2019Accordo quadro CES, UNICE e CEEP sul lavoro a tempo determinato, allegato alla direttiva del Consiglio n. 1999\/70\/CE, debba essere interpretata nel senso che osta a una normativa nazionale, quale quella italiana di cui agli artt. 2, comma 1, della l. n. 1023 del 1969 e 1 del d.m. 20 dicembre 1971, che autorizza, ai sensi dell\u2019art. 7 del d.m. 20 dicembre 1971, il conferimento a personale civile estraneo all\u2019Amministrazione dello Stato di incarichi di insegnamento nelle materie non militari presso le scuole, gli istituti e gli enti della Marina e dell\u2019Aeronautica militare \u201cper la durata massima di un anno scolastico\u201d, senza prevedere: l\u2019indicazione di ragioni obiettive per la giustificazione del rinnovo di detto incarico, come espressamente previsto all\u2019art. 4 del sopraindicato d.m.; la durata massima totale dei contratti a tempo determinato e il numero massimo dei rinnovi; le misure risarcitorie per tali docenti per i danni eventualmente subiti in caso di reiterazione nella stipula di detti contratti insegnamento, peraltro impossibile la loro stabilizzazione in mancanza di un ruolo in dette scuole;<\/p>\n<p>b) se costituiscano ragioni obiettive, ai sensi della citata clausola 5, punto 1, le esigenze di organizzazione del sistema degli istituti, scuole ed enti della Marina e dell\u2019Aeronautica militare, sicch\u00e9 la normativa italiana innanzi richiamata &#8211; che per il conferimento di incarichi di docenza a personale estraneo a detti istituti, scuole ed enti militari, non stabilisce condizioni per ricorrere al lavoro a termine in coerenza con la Direttiva 1999\/70\/CE e l\u2019allegato Accordo quadro e non prevede il diritto al risarcimento del danno &#8211; \u00e8 compatibile con il diritto dell\u2019Unione europea.<\/p>\n<\/div>\n<hr class=\"kji-sep\" \/>\n<p class=\"kji-source-links\"><strong>Sources officielles :<\/strong> <a class=\"kji-source-link\" href=\"https:\/\/www.cortedicassazione.it\/it\/civile_dettaglio.page?contentId=SZC6798\" target=\"_blank\" rel=\"noopener noreferrer\">consulter la page source<\/a> &middot; <a class=\"kji-pdf-link\" href=\"https:\/\/www.cortedicassazione.it\/resources\/cms\/documents\/11037_04_2023_civ_oscuramento_noindex.pdf\" target=\"_blank\" rel=\"noopener noreferrer\">PDF officiel<\/a><\/p>\n<p class=\"kji-license-note\"><em>Corte Suprema di Cassazione, note legali verifiees live le 2026-04-12 : reproduction avec mention de source autorisee, mais utilisation commerciale des contenus expressement interdite. Source active en metadata_only uniquement.<\/em><\/p>\n<\/div>\n","protected":false},"excerpt":{"rendered":"<p>Oggetto Rinvio pregiudiziale alla Corte di giustizia dell\u2019Unione Europea &#8211; Conferimento a personale civile estraneo all\u2019Amministrazione di incarichi annuali di insegnamento ex artt. 2, comma 1, della l. n. 1023 del 1969 e 1 del d.m. 20 dicembre 1971 &#8211; Clausola 5 dell\u2019Accordo quadro sul lavoro a tempo determinato, allegato alla Direttiva n. 1999\/70\/CE &#8211; Interpretazione &#8211; Compatibilit\u00e0 della normativa&#8230;<\/p>\n","protected":false},"featured_media":0,"template":"","meta":{"_crdt_document":""},"kji_country":[7681],"kji_court":[7682],"kji_chamber":[11206],"kji_year":[24566],"kji_subject":[7712],"kji_keyword":[11208,7690,7725,9027,7688],"kji_language":[7685],"class_list":["post-640995","kji_decision","type-kji_decision","status-publish","hentry","kji_country-italie","kji_court-corte-suprema-di-cassazione","kji_chamber-quarta-sezione-lavoro","kji_year-24566","kji_subject-social","kji_keyword-lavoro","kji_keyword-oggetto","kji_keyword-ordinanza","kji_keyword-quarta","kji_keyword-sezione","kji_language-italien"],"yoast_head":"<!-- This site is optimized with the Yoast SEO Premium plugin v27.5 (Yoast SEO v27.5) - https:\/\/yoast.com\/product\/yoast-seo-premium-wordpress\/ -->\n<title>Ordinanza n. 11037 du 27\/04\/2023 - Quarta sezione lavoro \/ Lavoro - Ma\u00eetre Hassan Kohen, avocat en droit p\u00e9nal \u00e0 Paris<\/title>\n<meta name=\"robots\" content=\"index, follow, max-snippet:-1, max-image-preview:large, max-video-preview:-1\" \/>\n<link rel=\"canonical\" href=\"https:\/\/kohenavocats.com\/zh-hans\/jurisprudences\/ordinanza-n-11037-du-27-04-2023-quarta-sezione-lavoro-lavoro\/\" \/>\n<meta property=\"og:locale\" content=\"zh_CN\" \/>\n<meta property=\"og:type\" content=\"article\" \/>\n<meta property=\"og:title\" content=\"Ordinanza n. 11037 du 27\/04\/2023 - Quarta sezione lavoro \/ Lavoro\" \/>\n<meta property=\"og:description\" content=\"Oggetto Rinvio pregiudiziale alla Corte di giustizia dell\u2019Unione Europea - Conferimento a personale civile estraneo all\u2019Amministrazione di incarichi annuali di insegnamento ex artt. 2, comma 1, della l. n. 1023 del 1969 e 1 del d.m. 20 dicembre 1971 - Clausola 5 dell\u2019Accordo quadro sul lavoro a tempo determinato, allegato alla Direttiva n. 1999\/70\/CE - Interpretazione - Compatibilit\u00e0 della normativa...\" \/>\n<meta property=\"og:url\" content=\"https:\/\/kohenavocats.com\/zh-hans\/jurisprudences\/ordinanza-n-11037-du-27-04-2023-quarta-sezione-lavoro-lavoro\/\" \/>\n<meta property=\"og:site_name\" content=\"Ma\u00eetre Hassan Kohen, avocat en droit p\u00e9nal \u00e0 Paris\" \/>\n<meta name=\"twitter:card\" content=\"summary_large_image\" \/>\n<meta name=\"twitter:label1\" content=\"\u9884\u8ba1\u9605\u8bfb\u65f6\u95f4\" \/>\n\t<meta name=\"twitter:data1\" content=\"2 \u5206\" \/>\n<script type=\"application\/ld+json\" class=\"yoast-schema-graph\">{\"@context\":\"https:\\\/\\\/schema.org\",\"@graph\":[{\"@type\":\"WebPage\",\"@id\":\"https:\\\/\\\/kohenavocats.com\\\/zh-hans\\\/jurisprudences\\\/ordinanza-n-11037-du-27-04-2023-quarta-sezione-lavoro-lavoro\\\/\",\"url\":\"https:\\\/\\\/kohenavocats.com\\\/zh-hans\\\/jurisprudences\\\/ordinanza-n-11037-du-27-04-2023-quarta-sezione-lavoro-lavoro\\\/\",\"name\":\"Ordinanza n. 11037 du 27\\\/04\\\/2023 - Quarta sezione lavoro \\\/ Lavoro - Ma\u00eetre Hassan Kohen, avocat en droit p\u00e9nal \u00e0 Paris\",\"isPartOf\":{\"@id\":\"https:\\\/\\\/kohenavocats.com\\\/zh-hans\\\/#website\"},\"datePublished\":\"2026-04-21T20:50:13+00:00\",\"breadcrumb\":{\"@id\":\"https:\\\/\\\/kohenavocats.com\\\/zh-hans\\\/jurisprudences\\\/ordinanza-n-11037-du-27-04-2023-quarta-sezione-lavoro-lavoro\\\/#breadcrumb\"},\"inLanguage\":\"zh-Hans\",\"potentialAction\":[{\"@type\":\"ReadAction\",\"target\":[\"https:\\\/\\\/kohenavocats.com\\\/zh-hans\\\/jurisprudences\\\/ordinanza-n-11037-du-27-04-2023-quarta-sezione-lavoro-lavoro\\\/\"]}]},{\"@type\":\"BreadcrumbList\",\"@id\":\"https:\\\/\\\/kohenavocats.com\\\/zh-hans\\\/jurisprudences\\\/ordinanza-n-11037-du-27-04-2023-quarta-sezione-lavoro-lavoro\\\/#breadcrumb\",\"itemListElement\":[{\"@type\":\"ListItem\",\"position\":1,\"name\":\"Home\",\"item\":\"https:\\\/\\\/kohenavocats.com\\\/zh-hans\\\/\"},{\"@type\":\"ListItem\",\"position\":2,\"name\":\"Jurisprudences\",\"item\":\"https:\\\/\\\/kohenavocats.com\\\/zh-hans\\\/jurisprudences\\\/\"},{\"@type\":\"ListItem\",\"position\":3,\"name\":\"Ordinanza n. 11037 du 27\\\/04\\\/2023 &#8212; Quarta sezione lavoro \\\/ Lavoro\"}]},{\"@type\":\"WebSite\",\"@id\":\"https:\\\/\\\/kohenavocats.com\\\/zh-hans\\\/#website\",\"url\":\"https:\\\/\\\/kohenavocats.com\\\/zh-hans\\\/\",\"name\":\"Kohen Avocats\",\"description\":\"Ma\u00eetre Hassan Kohen, avocat p\u00e9naliste \u00e0 Paris, intervient exclusivement en droit p\u00e9nal pour la d\u00e9fense des particuliers, notamment en mati\u00e8re d\u2019accusations de viol. Il assure un accompagnement rigoureux d\u00e8s la garde \u00e0 vue jusqu\u2019\u00e0 la Cour d\u2019assises, veillant au strict respect des garanties proc\u00e9durales.\",\"publisher\":{\"@id\":\"https:\\\/\\\/kohenavocats.com\\\/zh-hans\\\/#organization\"},\"potentialAction\":[{\"@type\":\"SearchAction\",\"target\":{\"@type\":\"EntryPoint\",\"urlTemplate\":\"https:\\\/\\\/kohenavocats.com\\\/zh-hans\\\/?s={search_term_string}\"},\"query-input\":{\"@type\":\"PropertyValueSpecification\",\"valueRequired\":true,\"valueName\":\"search_term_string\"}}],\"inLanguage\":\"zh-Hans\"},{\"@type\":\"Organization\",\"@id\":\"https:\\\/\\\/kohenavocats.com\\\/zh-hans\\\/#organization\",\"name\":\"Kohen Avocats\",\"url\":\"https:\\\/\\\/kohenavocats.com\\\/zh-hans\\\/\",\"logo\":{\"@type\":\"ImageObject\",\"inLanguage\":\"zh-Hans\",\"@id\":\"https:\\\/\\\/kohenavocats.com\\\/zh-hans\\\/#\\\/schema\\\/logo\\\/image\\\/\",\"url\":\"https:\\\/\\\/kohenavocats.com\\\/wp-content\\\/uploads\\\/2026\\\/01\\\/Logo-2-1.webp\",\"contentUrl\":\"https:\\\/\\\/kohenavocats.com\\\/wp-content\\\/uploads\\\/2026\\\/01\\\/Logo-2-1.webp\",\"width\":2114,\"height\":1253,\"caption\":\"Kohen Avocats\"},\"image\":{\"@id\":\"https:\\\/\\\/kohenavocats.com\\\/zh-hans\\\/#\\\/schema\\\/logo\\\/image\\\/\"}}]}<\/script>\n<!-- \/ Yoast SEO Premium plugin. -->","yoast_head_json":{"title":"Ordinanza n. 11037 du 27\/04\/2023 - Quarta sezione lavoro \/ Lavoro - Ma\u00eetre Hassan Kohen, avocat en droit p\u00e9nal \u00e0 Paris","robots":{"index":"index","follow":"follow","max-snippet":"max-snippet:-1","max-image-preview":"max-image-preview:large","max-video-preview":"max-video-preview:-1"},"canonical":"https:\/\/kohenavocats.com\/zh-hans\/jurisprudences\/ordinanza-n-11037-du-27-04-2023-quarta-sezione-lavoro-lavoro\/","og_locale":"zh_CN","og_type":"article","og_title":"Ordinanza n. 11037 du 27\/04\/2023 - Quarta sezione lavoro \/ Lavoro","og_description":"Oggetto Rinvio pregiudiziale alla Corte di giustizia dell\u2019Unione Europea - Conferimento a personale civile estraneo all\u2019Amministrazione di incarichi annuali di insegnamento ex artt. 2, comma 1, della l. n. 1023 del 1969 e 1 del d.m. 20 dicembre 1971 - Clausola 5 dell\u2019Accordo quadro sul lavoro a tempo determinato, allegato alla Direttiva n. 1999\/70\/CE - Interpretazione - Compatibilit\u00e0 della normativa...","og_url":"https:\/\/kohenavocats.com\/zh-hans\/jurisprudences\/ordinanza-n-11037-du-27-04-2023-quarta-sezione-lavoro-lavoro\/","og_site_name":"Ma\u00eetre Hassan Kohen, avocat en droit p\u00e9nal \u00e0 Paris","twitter_card":"summary_large_image","twitter_misc":{"\u9884\u8ba1\u9605\u8bfb\u65f6\u95f4":"2 \u5206"},"schema":{"@context":"https:\/\/schema.org","@graph":[{"@type":"WebPage","@id":"https:\/\/kohenavocats.com\/zh-hans\/jurisprudences\/ordinanza-n-11037-du-27-04-2023-quarta-sezione-lavoro-lavoro\/","url":"https:\/\/kohenavocats.com\/zh-hans\/jurisprudences\/ordinanza-n-11037-du-27-04-2023-quarta-sezione-lavoro-lavoro\/","name":"Ordinanza n. 11037 du 27\/04\/2023 - Quarta sezione lavoro \/ Lavoro - Ma\u00eetre Hassan Kohen, avocat en droit p\u00e9nal \u00e0 Paris","isPartOf":{"@id":"https:\/\/kohenavocats.com\/zh-hans\/#website"},"datePublished":"2026-04-21T20:50:13+00:00","breadcrumb":{"@id":"https:\/\/kohenavocats.com\/zh-hans\/jurisprudences\/ordinanza-n-11037-du-27-04-2023-quarta-sezione-lavoro-lavoro\/#breadcrumb"},"inLanguage":"zh-Hans","potentialAction":[{"@type":"ReadAction","target":["https:\/\/kohenavocats.com\/zh-hans\/jurisprudences\/ordinanza-n-11037-du-27-04-2023-quarta-sezione-lavoro-lavoro\/"]}]},{"@type":"BreadcrumbList","@id":"https:\/\/kohenavocats.com\/zh-hans\/jurisprudences\/ordinanza-n-11037-du-27-04-2023-quarta-sezione-lavoro-lavoro\/#breadcrumb","itemListElement":[{"@type":"ListItem","position":1,"name":"Home","item":"https:\/\/kohenavocats.com\/zh-hans\/"},{"@type":"ListItem","position":2,"name":"Jurisprudences","item":"https:\/\/kohenavocats.com\/zh-hans\/jurisprudences\/"},{"@type":"ListItem","position":3,"name":"Ordinanza n. 11037 du 27\/04\/2023 &#8212; Quarta sezione lavoro \/ Lavoro"}]},{"@type":"WebSite","@id":"https:\/\/kohenavocats.com\/zh-hans\/#website","url":"https:\/\/kohenavocats.com\/zh-hans\/","name":"Kohen Avocats","description":"Ma\u00eetre Hassan Kohen, avocat p\u00e9naliste \u00e0 Paris, intervient exclusivement en droit p\u00e9nal pour la d\u00e9fense des particuliers, notamment en mati\u00e8re d\u2019accusations de viol. Il assure un accompagnement rigoureux d\u00e8s la garde \u00e0 vue jusqu\u2019\u00e0 la Cour d\u2019assises, veillant au strict respect des garanties proc\u00e9durales.","publisher":{"@id":"https:\/\/kohenavocats.com\/zh-hans\/#organization"},"potentialAction":[{"@type":"SearchAction","target":{"@type":"EntryPoint","urlTemplate":"https:\/\/kohenavocats.com\/zh-hans\/?s={search_term_string}"},"query-input":{"@type":"PropertyValueSpecification","valueRequired":true,"valueName":"search_term_string"}}],"inLanguage":"zh-Hans"},{"@type":"Organization","@id":"https:\/\/kohenavocats.com\/zh-hans\/#organization","name":"Kohen Avocats","url":"https:\/\/kohenavocats.com\/zh-hans\/","logo":{"@type":"ImageObject","inLanguage":"zh-Hans","@id":"https:\/\/kohenavocats.com\/zh-hans\/#\/schema\/logo\/image\/","url":"https:\/\/kohenavocats.com\/wp-content\/uploads\/2026\/01\/Logo-2-1.webp","contentUrl":"https:\/\/kohenavocats.com\/wp-content\/uploads\/2026\/01\/Logo-2-1.webp","width":2114,"height":1253,"caption":"Kohen Avocats"},"image":{"@id":"https:\/\/kohenavocats.com\/zh-hans\/#\/schema\/logo\/image\/"}}]}},"jetpack_likes_enabled":false,"jetpack_sharing_enabled":true,"_links":{"self":[{"href":"https:\/\/kohenavocats.com\/zh-hans\/wp-json\/wp\/v2\/kji_decision\/640995","targetHints":{"allow":["GET"]}}],"collection":[{"href":"https:\/\/kohenavocats.com\/zh-hans\/wp-json\/wp\/v2\/kji_decision"}],"about":[{"href":"https:\/\/kohenavocats.com\/zh-hans\/wp-json\/wp\/v2\/types\/kji_decision"}],"wp:attachment":[{"href":"https:\/\/kohenavocats.com\/zh-hans\/wp-json\/wp\/v2\/media?parent=640995"}],"wp:term":[{"taxonomy":"kji_country","embeddable":true,"href":"https:\/\/kohenavocats.com\/zh-hans\/wp-json\/wp\/v2\/kji_country?post=640995"},{"taxonomy":"kji_court","embeddable":true,"href":"https:\/\/kohenavocats.com\/zh-hans\/wp-json\/wp\/v2\/kji_court?post=640995"},{"taxonomy":"kji_chamber","embeddable":true,"href":"https:\/\/kohenavocats.com\/zh-hans\/wp-json\/wp\/v2\/kji_chamber?post=640995"},{"taxonomy":"kji_year","embeddable":true,"href":"https:\/\/kohenavocats.com\/zh-hans\/wp-json\/wp\/v2\/kji_year?post=640995"},{"taxonomy":"kji_subject","embeddable":true,"href":"https:\/\/kohenavocats.com\/zh-hans\/wp-json\/wp\/v2\/kji_subject?post=640995"},{"taxonomy":"kji_keyword","embeddable":true,"href":"https:\/\/kohenavocats.com\/zh-hans\/wp-json\/wp\/v2\/kji_keyword?post=640995"},{"taxonomy":"kji_language","embeddable":true,"href":"https:\/\/kohenavocats.com\/zh-hans\/wp-json\/wp\/v2\/kji_language?post=640995"}],"curies":[{"name":"wp","href":"https:\/\/api.w.org\/{rel}","templated":true}]}}