{"id":642701,"date":"2026-04-22T01:54:20","date_gmt":"2026-04-21T23:54:20","guid":{"rendered":"https:\/\/kohenavocats.com\/jurisprudences\/r-v-fahran-nadeem\/"},"modified":"2026-04-22T01:54:20","modified_gmt":"2026-04-21T23:54:20","slug":"r-v-fahran-nadeem","status":"publish","type":"kji_decision","link":"https:\/\/kohenavocats.com\/zh-hans\/jurisprudences\/r-v-fahran-nadeem\/","title":{"rendered":"R v Fahran Nadeem"},"content":{"rendered":"<div class=\"kji-decision\">\n<div class=\"kji-full-text\">\n<p>LADY JUSTICE CARR: Introduction 1. This is a renewed application for leave to appeal sentence. 2. On 24 August 2022 the appellant, now 31 years old, pleaded guilty to a single count of dangerous driving, contrary to section\u00a02 of the Road Traffic Act 1988. He was sentenced on 19 October 2022 by Her Honour Judge English (&quot;the judge&quot;) sitting at Snaresbrook Crown Court to 21 weeks&#039; imprisonment suspended for two\u00a0years with an unpaid work requirement of 180\u00a0hours and a rehabilitation activity requirement for 15 days. He was disqualified from driving for 15 months and until an extended retest was passed. 3. We grant leave. The facts 4. The offending took place at around 8.45 pm on 24 May 2022 on the High Road in Chadwell Heath, a busy, built-up residential and shopping area with a 30 mph speed limit. There were buses and other vehicles on the road, including queuing traffic, and the footpaths were populated with pedestrians. 5. Traffic police officers on patrol in an unmarked vehicle noticed a white BMW motor vehicle, driven by the appellant, and a black Mercedes motor vehicle, driven by the appellant&#039;s co-defendant, Sahil Patel. The two cars appeared to be racing each other at speeds estimated at between 70 mph and 80 mph. The police pursued the vehicles up to a first set of traffic lights. When those lights changed to green, both vehicles left at speed, the police officers noting the speeds to be up to 80 mph at times. The vehicles passed through a narrow gap between a parked car and a bollard, again at high speed. The police caught up with the vehicles at a second set of traffic lights. When those lights turned green, the Mercedes drove away at high speed; the BMW drove away at a lower speed, the appellant having noticed the police presence. The period of dangerous driving overall lasted around 20 to 30 seconds. 6. Both drivers in due course pulled over to a car park as instructed by the police and both apologised immediately for what they had done. 7. The appellant had no previous convictions. The judge afforded him 25% credit for his guilty plea. A pre-sentence report recorded the appellant denying that he had been driving dangerously or racing. Although he displayed remorse and shame, there was little insight into the dangerous driving and limited consequential awareness. In terms of personal circumstances the appellant was married with two young children and a self-employed director of a vehicle repair centre. Grounds of appeal 8. In focused submissions, Ms\u00a0Dower for the appellant submits that there are six reasons why the two-year operational period of the suspended sentence order was disproportionate to the 21-week custodial setnence. Amongst other things, it is said that the judge failed to have proper regard to the Sentencing Council Guideline on the Imposition of Community and Custodial Sentences. 9. Those six reasons can be summarised as follows. First, whilst the author of the pre-sentence report identified deficits in the appellant&#039;s thinking, those deficits were said to be capable of being addressed, with a consequent decrease in the risk posed by the appellant. Secondly, there was an assessment that the appellant carried only a low risk of re-conviction and a medium risk of serious harm to others. Thirdly, Ms Dower prays in aid the appellant&#039;s previous good character. Fourthly, and allied to this, she refers to his guilty plea and his expressions of remorse and shame, not only at the time of the offending but also to the author of the pre-sentence report and in a separate letter to the judge. Fifthly, she relies on the recommendation in the pre-sentence report of a 12-month as opposed to a 24-month community order. Sixthly and finally, she reminds the court that judges are to follow Sentencing Council Guidelines unless it is deemed contrary to the interests of justice to do so. The relevant Guideline indicates that the time for which a sentence should be suspended should reflect the length of the sentence. Up to 12 months, states the Guideline, might normally be appropriate for a suspended sentence of up to six months. 10. In the round, it is submitted that the imposition of the maximum operational period of two\u00a0years was manifestly excessive. Discussion 11. As indicated, the sole ground of challenge relates to the length of the operational period of the suspended sentence. That period must be a period beginning with the day on which the order is made of at least six months and not more than two\u00a0years: see section\u00a0288(2) of the Sentencing Act 2020. 12. As Ms Dower submits, the Sentencing Council Guideline on the Imposition of Community and Custodial Sentences states that: &quot;The time for which a sentence is suspended should reflect the length of the sentence; up to 12 months might normally be appropriate for a suspended sentence of up to 6 months.&quot; 13. Whilst that is not an inviolable rule, it is general guidance to be followed, and the judge did not give any reasons for departing from it. Taking the overall circumstances into account, together with the guidance in the Sentencing Council Guideline, we are persuaded that a two-year operational period \u2013 the maximum possible &#8211; was disproportionate to the length of the custodial sentence of 21 weeks imposed, and manifestly excessive. However, given in particular the ongoing risk posed by the appellant, an operational period of more than 12 months was warranted on the facts of this case. We consider an operational period of 18 months to be appropriate. 14. For these reasons and to this extent we allow the appeal. We quash the operational period of two\u00a0years and substitute in its place an operational period of 18 months. Epiq Europe Ltd hereby certify that the above is an accurate and complete record of the proceedings or part thereof. Lower Ground, 18-22 Furnival Street, London EC4A 1JS Tel No: 020 7404 1400 Email: rcj@epiqglobal.co.uk<\/p>\n<\/div>\n<hr class=\"kji-sep\" \/>\n<p class=\"kji-source-links\"><strong>Sources officielles :<\/strong> <a class=\"kji-source-link\" href=\"https:\/\/caselaw.nationalarchives.gov.uk\/ewca\/crim\/2023\/408\" target=\"_blank\" rel=\"noopener noreferrer\">consulter la page source<\/a><\/p>\n<p class=\"kji-license-note\"><em>Open Justice Licence (The National Archives).<\/em><\/p>\n<\/div>\n","protected":false},"excerpt":{"rendered":"<p>LADY JUSTICE CARR: Introduction 1. This is a renewed application for leave to appeal sentence. 2. On 24 August 2022 the appellant, now 31 years old, pleaded guilty to a single count of dangerous driving, contrary to section 2 of the Road Traffic Act 1988. He was sentenced on 19 October 2022 by Her Honour Judge English (&#8220;the judge&#8221;) sitting&#8230;<\/p>\n","protected":false},"featured_media":0,"template":"","meta":{"_crdt_document":""},"kji_country":[7608],"kji_court":[8238],"kji_chamber":[],"kji_year":[24566],"kji_subject":[7612],"kji_keyword":[7633,9757,15031,7648,8348],"kji_language":[7611],"class_list":["post-642701","kji_decision","type-kji_decision","status-publish","hentry","kji_country-royaume-uni","kji_court-court-of-appeal-criminal-division","kji_year-24566","kji_subject-fiscal","kji_keyword-appellant","kji_keyword-months","kji_keyword-operational","kji_keyword-period","kji_keyword-sentence","kji_language-anglais"],"yoast_head":"<!-- This site is optimized with the Yoast SEO Premium plugin v27.5 (Yoast SEO v27.5) - https:\/\/yoast.com\/product\/yoast-seo-premium-wordpress\/ -->\n<title>R v Fahran Nadeem - Ma\u00eetre Hassan Kohen, avocat en droit p\u00e9nal \u00e0 Paris<\/title>\n<meta name=\"robots\" content=\"index, follow, max-snippet:-1, max-image-preview:large, max-video-preview:-1\" \/>\n<link rel=\"canonical\" href=\"https:\/\/kohenavocats.com\/zh-hans\/jurisprudences\/r-v-fahran-nadeem\/\" \/>\n<meta property=\"og:locale\" content=\"zh_CN\" \/>\n<meta property=\"og:type\" content=\"article\" \/>\n<meta property=\"og:title\" content=\"R v Fahran Nadeem\" \/>\n<meta property=\"og:description\" content=\"LADY JUSTICE CARR: Introduction 1. This is a renewed application for leave to appeal sentence. 2. On 24 August 2022 the appellant, now 31 years old, pleaded guilty to a single count of dangerous driving, contrary to section 2 of the Road Traffic Act 1988. He was sentenced on 19 October 2022 by Her Honour Judge English (&quot;the judge&quot;) sitting...\" \/>\n<meta property=\"og:url\" content=\"https:\/\/kohenavocats.com\/zh-hans\/jurisprudences\/r-v-fahran-nadeem\/\" \/>\n<meta property=\"og:site_name\" content=\"Ma\u00eetre Hassan Kohen, avocat en droit p\u00e9nal \u00e0 Paris\" \/>\n<meta name=\"twitter:card\" content=\"summary_large_image\" \/>\n<meta name=\"twitter:label1\" content=\"\u9884\u8ba1\u9605\u8bfb\u65f6\u95f4\" \/>\n\t<meta name=\"twitter:data1\" content=\"5 \u5206\" \/>\n<script type=\"application\/ld+json\" class=\"yoast-schema-graph\">{\"@context\":\"https:\\\/\\\/schema.org\",\"@graph\":[{\"@type\":\"WebPage\",\"@id\":\"https:\\\/\\\/kohenavocats.com\\\/zh-hans\\\/jurisprudences\\\/r-v-fahran-nadeem\\\/\",\"url\":\"https:\\\/\\\/kohenavocats.com\\\/zh-hans\\\/jurisprudences\\\/r-v-fahran-nadeem\\\/\",\"name\":\"R v Fahran Nadeem - Ma\u00eetre Hassan Kohen, avocat en droit p\u00e9nal \u00e0 Paris\",\"isPartOf\":{\"@id\":\"https:\\\/\\\/kohenavocats.com\\\/zh-hans\\\/#website\"},\"datePublished\":\"2026-04-21T23:54:20+00:00\",\"breadcrumb\":{\"@id\":\"https:\\\/\\\/kohenavocats.com\\\/zh-hans\\\/jurisprudences\\\/r-v-fahran-nadeem\\\/#breadcrumb\"},\"inLanguage\":\"zh-Hans\",\"potentialAction\":[{\"@type\":\"ReadAction\",\"target\":[\"https:\\\/\\\/kohenavocats.com\\\/zh-hans\\\/jurisprudences\\\/r-v-fahran-nadeem\\\/\"]}]},{\"@type\":\"BreadcrumbList\",\"@id\":\"https:\\\/\\\/kohenavocats.com\\\/zh-hans\\\/jurisprudences\\\/r-v-fahran-nadeem\\\/#breadcrumb\",\"itemListElement\":[{\"@type\":\"ListItem\",\"position\":1,\"name\":\"Home\",\"item\":\"https:\\\/\\\/kohenavocats.com\\\/zh-hans\\\/\"},{\"@type\":\"ListItem\",\"position\":2,\"name\":\"Jurisprudences\",\"item\":\"https:\\\/\\\/kohenavocats.com\\\/zh-hans\\\/jurisprudences\\\/\"},{\"@type\":\"ListItem\",\"position\":3,\"name\":\"R v Fahran Nadeem\"}]},{\"@type\":\"WebSite\",\"@id\":\"https:\\\/\\\/kohenavocats.com\\\/zh-hans\\\/#website\",\"url\":\"https:\\\/\\\/kohenavocats.com\\\/zh-hans\\\/\",\"name\":\"Kohen Avocats\",\"description\":\"Ma\u00eetre Hassan Kohen, avocat p\u00e9naliste \u00e0 Paris, intervient exclusivement en droit p\u00e9nal pour la d\u00e9fense des particuliers, notamment en mati\u00e8re d\u2019accusations de viol. Il assure un accompagnement rigoureux d\u00e8s la garde \u00e0 vue jusqu\u2019\u00e0 la Cour d\u2019assises, veillant au strict respect des garanties proc\u00e9durales.\",\"publisher\":{\"@id\":\"https:\\\/\\\/kohenavocats.com\\\/zh-hans\\\/#organization\"},\"potentialAction\":[{\"@type\":\"SearchAction\",\"target\":{\"@type\":\"EntryPoint\",\"urlTemplate\":\"https:\\\/\\\/kohenavocats.com\\\/zh-hans\\\/?s={search_term_string}\"},\"query-input\":{\"@type\":\"PropertyValueSpecification\",\"valueRequired\":true,\"valueName\":\"search_term_string\"}}],\"inLanguage\":\"zh-Hans\"},{\"@type\":\"Organization\",\"@id\":\"https:\\\/\\\/kohenavocats.com\\\/zh-hans\\\/#organization\",\"name\":\"Kohen Avocats\",\"url\":\"https:\\\/\\\/kohenavocats.com\\\/zh-hans\\\/\",\"logo\":{\"@type\":\"ImageObject\",\"inLanguage\":\"zh-Hans\",\"@id\":\"https:\\\/\\\/kohenavocats.com\\\/zh-hans\\\/#\\\/schema\\\/logo\\\/image\\\/\",\"url\":\"https:\\\/\\\/kohenavocats.com\\\/wp-content\\\/uploads\\\/2026\\\/01\\\/Logo-2-1.webp\",\"contentUrl\":\"https:\\\/\\\/kohenavocats.com\\\/wp-content\\\/uploads\\\/2026\\\/01\\\/Logo-2-1.webp\",\"width\":2114,\"height\":1253,\"caption\":\"Kohen Avocats\"},\"image\":{\"@id\":\"https:\\\/\\\/kohenavocats.com\\\/zh-hans\\\/#\\\/schema\\\/logo\\\/image\\\/\"}}]}<\/script>\n<!-- \/ Yoast SEO Premium plugin. -->","yoast_head_json":{"title":"R v Fahran Nadeem - Ma\u00eetre Hassan Kohen, avocat en droit p\u00e9nal \u00e0 Paris","robots":{"index":"index","follow":"follow","max-snippet":"max-snippet:-1","max-image-preview":"max-image-preview:large","max-video-preview":"max-video-preview:-1"},"canonical":"https:\/\/kohenavocats.com\/zh-hans\/jurisprudences\/r-v-fahran-nadeem\/","og_locale":"zh_CN","og_type":"article","og_title":"R v Fahran Nadeem","og_description":"LADY JUSTICE CARR: Introduction 1. This is a renewed application for leave to appeal sentence. 2. On 24 August 2022 the appellant, now 31 years old, pleaded guilty to a single count of dangerous driving, contrary to section 2 of the Road Traffic Act 1988. He was sentenced on 19 October 2022 by Her Honour Judge English (\"the judge\") sitting...","og_url":"https:\/\/kohenavocats.com\/zh-hans\/jurisprudences\/r-v-fahran-nadeem\/","og_site_name":"Ma\u00eetre Hassan Kohen, avocat en droit p\u00e9nal \u00e0 Paris","twitter_card":"summary_large_image","twitter_misc":{"\u9884\u8ba1\u9605\u8bfb\u65f6\u95f4":"5 \u5206"},"schema":{"@context":"https:\/\/schema.org","@graph":[{"@type":"WebPage","@id":"https:\/\/kohenavocats.com\/zh-hans\/jurisprudences\/r-v-fahran-nadeem\/","url":"https:\/\/kohenavocats.com\/zh-hans\/jurisprudences\/r-v-fahran-nadeem\/","name":"R v Fahran Nadeem - Ma\u00eetre Hassan Kohen, avocat en droit p\u00e9nal \u00e0 Paris","isPartOf":{"@id":"https:\/\/kohenavocats.com\/zh-hans\/#website"},"datePublished":"2026-04-21T23:54:20+00:00","breadcrumb":{"@id":"https:\/\/kohenavocats.com\/zh-hans\/jurisprudences\/r-v-fahran-nadeem\/#breadcrumb"},"inLanguage":"zh-Hans","potentialAction":[{"@type":"ReadAction","target":["https:\/\/kohenavocats.com\/zh-hans\/jurisprudences\/r-v-fahran-nadeem\/"]}]},{"@type":"BreadcrumbList","@id":"https:\/\/kohenavocats.com\/zh-hans\/jurisprudences\/r-v-fahran-nadeem\/#breadcrumb","itemListElement":[{"@type":"ListItem","position":1,"name":"Home","item":"https:\/\/kohenavocats.com\/zh-hans\/"},{"@type":"ListItem","position":2,"name":"Jurisprudences","item":"https:\/\/kohenavocats.com\/zh-hans\/jurisprudences\/"},{"@type":"ListItem","position":3,"name":"R v Fahran Nadeem"}]},{"@type":"WebSite","@id":"https:\/\/kohenavocats.com\/zh-hans\/#website","url":"https:\/\/kohenavocats.com\/zh-hans\/","name":"Kohen Avocats","description":"Ma\u00eetre Hassan Kohen, avocat p\u00e9naliste \u00e0 Paris, intervient exclusivement en droit p\u00e9nal pour la d\u00e9fense des particuliers, notamment en mati\u00e8re d\u2019accusations de viol. Il assure un accompagnement rigoureux d\u00e8s la garde \u00e0 vue jusqu\u2019\u00e0 la Cour d\u2019assises, veillant au strict respect des garanties proc\u00e9durales.","publisher":{"@id":"https:\/\/kohenavocats.com\/zh-hans\/#organization"},"potentialAction":[{"@type":"SearchAction","target":{"@type":"EntryPoint","urlTemplate":"https:\/\/kohenavocats.com\/zh-hans\/?s={search_term_string}"},"query-input":{"@type":"PropertyValueSpecification","valueRequired":true,"valueName":"search_term_string"}}],"inLanguage":"zh-Hans"},{"@type":"Organization","@id":"https:\/\/kohenavocats.com\/zh-hans\/#organization","name":"Kohen Avocats","url":"https:\/\/kohenavocats.com\/zh-hans\/","logo":{"@type":"ImageObject","inLanguage":"zh-Hans","@id":"https:\/\/kohenavocats.com\/zh-hans\/#\/schema\/logo\/image\/","url":"https:\/\/kohenavocats.com\/wp-content\/uploads\/2026\/01\/Logo-2-1.webp","contentUrl":"https:\/\/kohenavocats.com\/wp-content\/uploads\/2026\/01\/Logo-2-1.webp","width":2114,"height":1253,"caption":"Kohen Avocats"},"image":{"@id":"https:\/\/kohenavocats.com\/zh-hans\/#\/schema\/logo\/image\/"}}]}},"jetpack_likes_enabled":false,"jetpack_sharing_enabled":true,"_links":{"self":[{"href":"https:\/\/kohenavocats.com\/zh-hans\/wp-json\/wp\/v2\/kji_decision\/642701","targetHints":{"allow":["GET"]}}],"collection":[{"href":"https:\/\/kohenavocats.com\/zh-hans\/wp-json\/wp\/v2\/kji_decision"}],"about":[{"href":"https:\/\/kohenavocats.com\/zh-hans\/wp-json\/wp\/v2\/types\/kji_decision"}],"wp:attachment":[{"href":"https:\/\/kohenavocats.com\/zh-hans\/wp-json\/wp\/v2\/media?parent=642701"}],"wp:term":[{"taxonomy":"kji_country","embeddable":true,"href":"https:\/\/kohenavocats.com\/zh-hans\/wp-json\/wp\/v2\/kji_country?post=642701"},{"taxonomy":"kji_court","embeddable":true,"href":"https:\/\/kohenavocats.com\/zh-hans\/wp-json\/wp\/v2\/kji_court?post=642701"},{"taxonomy":"kji_chamber","embeddable":true,"href":"https:\/\/kohenavocats.com\/zh-hans\/wp-json\/wp\/v2\/kji_chamber?post=642701"},{"taxonomy":"kji_year","embeddable":true,"href":"https:\/\/kohenavocats.com\/zh-hans\/wp-json\/wp\/v2\/kji_year?post=642701"},{"taxonomy":"kji_subject","embeddable":true,"href":"https:\/\/kohenavocats.com\/zh-hans\/wp-json\/wp\/v2\/kji_subject?post=642701"},{"taxonomy":"kji_keyword","embeddable":true,"href":"https:\/\/kohenavocats.com\/zh-hans\/wp-json\/wp\/v2\/kji_keyword?post=642701"},{"taxonomy":"kji_language","embeddable":true,"href":"https:\/\/kohenavocats.com\/zh-hans\/wp-json\/wp\/v2\/kji_language?post=642701"}],"curies":[{"name":"wp","href":"https:\/\/api.w.org\/{rel}","templated":true}]}}