{"id":643017,"date":"2026-04-22T02:39:40","date_gmt":"2026-04-22T00:39:40","guid":{"rendered":"https:\/\/kohenavocats.com\/jurisprudences\/acordao-supremo-tribunal-de-justica-processo-583-13-5gcmtj-l2-s1-2023-03-09\/"},"modified":"2026-04-22T02:39:40","modified_gmt":"2026-04-22T00:39:40","slug":"acordao-supremo-tribunal-de-justica-processo-583-13-5gcmtj-l2-s1-2023-03-09","status":"publish","type":"kji_decision","link":"https:\/\/kohenavocats.com\/zh-hans\/jurisprudences\/acordao-supremo-tribunal-de-justica-processo-583-13-5gcmtj-l2-s1-2023-03-09\/","title":{"rendered":"Ac\u00f3rd\u00e3o Supremo Tribunal de Justi\u00e7a \u2013 Processo 583\/13.5GCMTJ.L2.S1 \u2013 2023-03-09"},"content":{"rendered":"<div class=\"kji-decision\">\n<p class=\"kji-summary\">Relator: M. CARMO SILVA DIAS. I- Na fundamenta??o da medida da pena ?nica apenas se pode atender aos factos dados como provados e ao que deles se pode deduzir em termos objetivos. O que n?o foi dado como provado n?o pode ser atendido. Portanto, as transcri??es que o recorrente faz, na motiva??o de recurso, do teor de parte de relat?rios sociais que constam dos autos (que s?o meios de prova que j? foram avaliados pelo Tribunal, quando formou a sua convic??o quanto ? decis?o que proferiu sobre a mat?ria de facto e que n?o se confundem com os factos provados), s?o irrelevantes, pois o que aqui interessa ? o que foi dado como provado no ac?rd?o impugnado. II- Sendo certo que o arguido\/recorrente apresenta sentimentos de remorso e uma postura de arrependimento, a verdade ? que tem pouco significado e consist?ncia esse seu posicionamento em rela??o ? globalidade dos factos cometidos (tanto mais que nem os reconhece na totalidade), sendo fr?gil a sua capacidade cr?tica, imputando ainda responsabilidades a terceiros e apresentando um discurso de vitimiza??o, numa perspetiva autocentrada, o que mostra bem que tem simultaneamente um discurso de desresponsabiliza??o, pelo que tem ainda de se esfor?ar por melhorar e ajustar o seu comportamento e personalidade, de acordo com os valores e regras socialmente aceites. De resto, tamb?m n?o manifestou, nem praticou atos de arrependimento ativo, para que pudesse ser atribu?do diferente valor ? sua atitude em rela??o ao conjunto dos factos il?citos (em concurso) que cometeu. III- O facto de o tribunal n?o dar a mesma relev?ncia que o arguido pretendia quanto ?s circunst?ncias atenuantes que se apuraram, n?o significa que tivesse feito uma avalia??o errada ou incorreta. O que se passou ? que o arguido\/recorrente parte de pressupostos errados, inclusive de factos n?o apurados e sobrevaloriza circunst?ncias a seu favor indevidamente e de forma subjetiva, portanto, sem raz?o.<\/p>\n<hr class=\"kji-sep\" \/>\n<p class=\"kji-source-links\"><strong>Sources officielles :<\/strong> <a class=\"kji-source-link\" href=\"https:\/\/www.dgsi.pt\/jstj.nsf\/954f0ce6ad9dd8b980256b5f003fa814\/02d57581e3e135a88025896e004ea454?OpenDocument&#038;ExpandSection=1\" target=\"_blank\" rel=\"noopener noreferrer\">consulter la page source<\/a><\/p>\n<p class=\"kji-license-note\"><em>Portails officiels portugais (DGSI \/ Tribunal Constitucional). Republication en metadata_only par prudence licencielle ; consulter la source officielle pour le texte authentique.<\/em><\/p>\n<\/div>\n","protected":false},"excerpt":{"rendered":"<p>Relator: M. CARMO SILVA DIAS. I- Na fundamenta??o da medida da pena ?nica apenas se pode atender aos factos dados como provados e ao que deles se pode deduzir em termos objetivos. O que n?o foi dado como provado n?o pode ser atendido. Portanto, as transcri??es que o recorrente faz, na motiva??o de recurso, do teor de parte de relat?rios sociais que constam dos autos (que s?o meios de prova que j? foram avaliados pelo Tribunal, quando formou a sua convic??o quanto ? decis?o que proferiu sobre a mat?ria de facto e que n?o se confundem com os factos provados), s?o irrelevantes, pois o que aqui interessa ? o que foi dado como provado no ac?rd?o impugnado. II- Sendo certo que o arguido\/recorrente apresenta sentimentos de remorso e uma postura de arrependimento, a verdade ? que tem pouco significado e consist?ncia esse seu posicionamento em rela??o ? globalidade dos factos cometidos (tanto mais que nem os reconhece na totalidade), sendo fr?gil a sua capacidade cr?tica, imputando ainda responsabilidades a terceiros e apresentando um discurso de vitimiza??o, numa perspetiva autocentrada, o que mostra bem que tem simultaneamente um discurso de desresponsabiliza??o, pelo que tem ainda de se esfor?ar por melhorar e ajustar o seu comportamento e personalidade, de acordo com os valores e regras socialmente aceites. De resto, tamb?m n?o manifestou, nem praticou atos de arrependimento ativo, para que pudesse ser atribu?do diferente valor ? sua atitude em rela??o ao conjunto dos factos il?citos (em concurso) que cometeu. III- O facto de o tribunal n?o dar a mesma relev?ncia que o arguido pretendia quanto ?s circunst?ncias atenuantes que se apuraram, n?o significa que tivesse feito uma avalia??o errada ou incorreta. O que se passou ? que o arguido\/recorrente parte de pressupostos errados, inclusive de factos n?o apurados e sobrevaloriza circunst?ncias a seu favor indevidamente e de forma subjetiva, portanto, sem raz?o.<\/p>\n","protected":false},"featured_media":0,"template":"","meta":{"_crdt_document":""},"kji_country":[7762],"kji_court":[7763],"kji_chamber":[7955],"kji_year":[24566],"kji_subject":[7612],"kji_keyword":[7772,28259,7774,7773,7636],"kji_language":[7770],"class_list":["post-643017","kji_decision","type-kji_decision","status-publish","hentry","kji_country-portugal","kji_court-supremo-tribunal-de-justica","kji_chamber-5-seco","kji_year-24566","kji_subject-fiscal","kji_keyword-acordao","kji_keyword-gcmtj","kji_keyword-justica","kji_keyword-supremo","kji_keyword-tribunal","kji_language-pt"],"yoast_head":"<!-- This site is optimized with the Yoast SEO Premium plugin v27.4 (Yoast SEO v27.4) - https:\/\/yoast.com\/product\/yoast-seo-premium-wordpress\/ -->\n<title>Ac\u00f3rd\u00e3o Supremo Tribunal de Justi\u00e7a \u2013 Processo 583\/13.5GCMTJ.L2.S1 \u2013 2023-03-09 - Ma\u00eetre Hassan Kohen, avocat en droit p\u00e9nal \u00e0 Paris<\/title>\n<meta name=\"robots\" content=\"index, follow, max-snippet:-1, max-image-preview:large, max-video-preview:-1\" \/>\n<link rel=\"canonical\" href=\"https:\/\/kohenavocats.com\/zh-hans\/jurisprudences\/acordao-supremo-tribunal-de-justica-processo-583-13-5gcmtj-l2-s1-2023-03-09\/\" \/>\n<meta property=\"og:locale\" content=\"zh_CN\" \/>\n<meta property=\"og:type\" content=\"article\" \/>\n<meta property=\"og:title\" content=\"Ac\u00f3rd\u00e3o Supremo Tribunal de Justi\u00e7a \u2013 Processo 583\/13.5GCMTJ.L2.S1 \u2013 2023-03-09\" \/>\n<meta property=\"og:description\" content=\"Relator: M. CARMO SILVA DIAS. I- Na fundamenta??o da medida da pena ?nica apenas se pode atender aos factos dados como provados e ao que deles se pode deduzir em termos objetivos. O que n?o foi dado como provado n?o pode ser atendido. Portanto, as transcri??es que o recorrente faz, na motiva??o de recurso, do teor de parte de relat?rios sociais que constam dos autos (que s?o meios de prova que j? foram avaliados pelo Tribunal, quando formou a sua convic??o quanto ? decis?o que proferiu sobre a mat?ria de facto e que n?o se confundem com os factos provados), s?o irrelevantes, pois o que aqui interessa ? o que foi dado como provado no ac?rd?o impugnado. II- Sendo certo que o arguido\/recorrente apresenta sentimentos de remorso e uma postura de arrependimento, a verdade ? que tem pouco significado e consist?ncia esse seu posicionamento em rela??o ? globalidade dos factos cometidos (tanto mais que nem os reconhece na totalidade), sendo fr?gil a sua capacidade cr?tica, imputando ainda responsabilidades a terceiros e apresentando um discurso de vitimiza??o, numa perspetiva autocentrada, o que mostra bem que tem simultaneamente um discurso de desresponsabiliza??o, pelo que tem ainda de se esfor?ar por melhorar e ajustar o seu comportamento e personalidade, de acordo com os valores e regras socialmente aceites. De resto, tamb?m n?o manifestou, nem praticou atos de arrependimento ativo, para que pudesse ser atribu?do diferente valor ? sua atitude em rela??o ao conjunto dos factos il?citos (em concurso) que cometeu. III- O facto de o tribunal n?o dar a mesma relev?ncia que o arguido pretendia quanto ?s circunst?ncias atenuantes que se apuraram, n?o significa que tivesse feito uma avalia??o errada ou incorreta. O que se passou ? que o arguido\/recorrente parte de pressupostos errados, inclusive de factos n?o apurados e sobrevaloriza circunst?ncias a seu favor indevidamente e de forma subjetiva, portanto, sem raz?o.\" \/>\n<meta property=\"og:url\" content=\"https:\/\/kohenavocats.com\/zh-hans\/jurisprudences\/acordao-supremo-tribunal-de-justica-processo-583-13-5gcmtj-l2-s1-2023-03-09\/\" \/>\n<meta property=\"og:site_name\" content=\"Ma\u00eetre Hassan Kohen, avocat en droit p\u00e9nal \u00e0 Paris\" \/>\n<meta name=\"twitter:card\" content=\"summary_large_image\" \/>\n<meta name=\"twitter:label1\" content=\"\u9884\u8ba1\u9605\u8bfb\u65f6\u95f4\" \/>\n\t<meta name=\"twitter:data1\" content=\"2 \u5206\" \/>\n<script type=\"application\/ld+json\" class=\"yoast-schema-graph\">{\"@context\":\"https:\\\/\\\/schema.org\",\"@graph\":[{\"@type\":\"WebPage\",\"@id\":\"https:\\\/\\\/kohenavocats.com\\\/zh-hans\\\/jurisprudences\\\/acordao-supremo-tribunal-de-justica-processo-583-13-5gcmtj-l2-s1-2023-03-09\\\/\",\"url\":\"https:\\\/\\\/kohenavocats.com\\\/zh-hans\\\/jurisprudences\\\/acordao-supremo-tribunal-de-justica-processo-583-13-5gcmtj-l2-s1-2023-03-09\\\/\",\"name\":\"Ac\u00f3rd\u00e3o Supremo Tribunal de Justi\u00e7a \u2013 Processo 583\\\/13.5GCMTJ.L2.S1 \u2013 2023-03-09 - Ma\u00eetre Hassan Kohen, avocat en droit p\u00e9nal \u00e0 Paris\",\"isPartOf\":{\"@id\":\"https:\\\/\\\/kohenavocats.com\\\/zh-hans\\\/#website\"},\"datePublished\":\"2026-04-22T00:39:40+00:00\",\"breadcrumb\":{\"@id\":\"https:\\\/\\\/kohenavocats.com\\\/zh-hans\\\/jurisprudences\\\/acordao-supremo-tribunal-de-justica-processo-583-13-5gcmtj-l2-s1-2023-03-09\\\/#breadcrumb\"},\"inLanguage\":\"zh-Hans\",\"potentialAction\":[{\"@type\":\"ReadAction\",\"target\":[\"https:\\\/\\\/kohenavocats.com\\\/zh-hans\\\/jurisprudences\\\/acordao-supremo-tribunal-de-justica-processo-583-13-5gcmtj-l2-s1-2023-03-09\\\/\"]}]},{\"@type\":\"BreadcrumbList\",\"@id\":\"https:\\\/\\\/kohenavocats.com\\\/zh-hans\\\/jurisprudences\\\/acordao-supremo-tribunal-de-justica-processo-583-13-5gcmtj-l2-s1-2023-03-09\\\/#breadcrumb\",\"itemListElement\":[{\"@type\":\"ListItem\",\"position\":1,\"name\":\"Home\",\"item\":\"https:\\\/\\\/kohenavocats.com\\\/zh-hans\\\/\"},{\"@type\":\"ListItem\",\"position\":2,\"name\":\"Jurisprudences\",\"item\":\"https:\\\/\\\/kohenavocats.com\\\/zh-hans\\\/jurisprudences\\\/\"},{\"@type\":\"ListItem\",\"position\":3,\"name\":\"Ac\u00f3rd\u00e3o Supremo Tribunal de Justi\u00e7a \u2013 Processo 583\\\/13.5GCMTJ.L2.S1 \u2013 2023-03-09\"}]},{\"@type\":\"WebSite\",\"@id\":\"https:\\\/\\\/kohenavocats.com\\\/zh-hans\\\/#website\",\"url\":\"https:\\\/\\\/kohenavocats.com\\\/zh-hans\\\/\",\"name\":\"Kohen Avocats\",\"description\":\"Ma\u00eetre Hassan Kohen, avocat p\u00e9naliste \u00e0 Paris, intervient exclusivement en droit p\u00e9nal pour la d\u00e9fense des particuliers, notamment en mati\u00e8re d\u2019accusations de viol. Il assure un accompagnement rigoureux d\u00e8s la garde \u00e0 vue jusqu\u2019\u00e0 la Cour d\u2019assises, veillant au strict respect des garanties proc\u00e9durales.\",\"publisher\":{\"@id\":\"https:\\\/\\\/kohenavocats.com\\\/zh-hans\\\/#organization\"},\"potentialAction\":[{\"@type\":\"SearchAction\",\"target\":{\"@type\":\"EntryPoint\",\"urlTemplate\":\"https:\\\/\\\/kohenavocats.com\\\/zh-hans\\\/?s={search_term_string}\"},\"query-input\":{\"@type\":\"PropertyValueSpecification\",\"valueRequired\":true,\"valueName\":\"search_term_string\"}}],\"inLanguage\":\"zh-Hans\"},{\"@type\":\"Organization\",\"@id\":\"https:\\\/\\\/kohenavocats.com\\\/zh-hans\\\/#organization\",\"name\":\"Kohen Avocats\",\"url\":\"https:\\\/\\\/kohenavocats.com\\\/zh-hans\\\/\",\"logo\":{\"@type\":\"ImageObject\",\"inLanguage\":\"zh-Hans\",\"@id\":\"https:\\\/\\\/kohenavocats.com\\\/zh-hans\\\/#\\\/schema\\\/logo\\\/image\\\/\",\"url\":\"https:\\\/\\\/kohenavocats.com\\\/wp-content\\\/uploads\\\/2026\\\/01\\\/Logo-2-1.webp\",\"contentUrl\":\"https:\\\/\\\/kohenavocats.com\\\/wp-content\\\/uploads\\\/2026\\\/01\\\/Logo-2-1.webp\",\"width\":2114,\"height\":1253,\"caption\":\"Kohen Avocats\"},\"image\":{\"@id\":\"https:\\\/\\\/kohenavocats.com\\\/zh-hans\\\/#\\\/schema\\\/logo\\\/image\\\/\"}}]}<\/script>\n<!-- \/ Yoast SEO Premium plugin. -->","yoast_head_json":{"title":"Ac\u00f3rd\u00e3o Supremo Tribunal de Justi\u00e7a \u2013 Processo 583\/13.5GCMTJ.L2.S1 \u2013 2023-03-09 - Ma\u00eetre Hassan Kohen, avocat en droit p\u00e9nal \u00e0 Paris","robots":{"index":"index","follow":"follow","max-snippet":"max-snippet:-1","max-image-preview":"max-image-preview:large","max-video-preview":"max-video-preview:-1"},"canonical":"https:\/\/kohenavocats.com\/zh-hans\/jurisprudences\/acordao-supremo-tribunal-de-justica-processo-583-13-5gcmtj-l2-s1-2023-03-09\/","og_locale":"zh_CN","og_type":"article","og_title":"Ac\u00f3rd\u00e3o Supremo Tribunal de Justi\u00e7a \u2013 Processo 583\/13.5GCMTJ.L2.S1 \u2013 2023-03-09","og_description":"Relator: M. CARMO SILVA DIAS. I- Na fundamenta??o da medida da pena ?nica apenas se pode atender aos factos dados como provados e ao que deles se pode deduzir em termos objetivos. O que n?o foi dado como provado n?o pode ser atendido. Portanto, as transcri??es que o recorrente faz, na motiva??o de recurso, do teor de parte de relat?rios sociais que constam dos autos (que s?o meios de prova que j? foram avaliados pelo Tribunal, quando formou a sua convic??o quanto ? decis?o que proferiu sobre a mat?ria de facto e que n?o se confundem com os factos provados), s?o irrelevantes, pois o que aqui interessa ? o que foi dado como provado no ac?rd?o impugnado. II- Sendo certo que o arguido\/recorrente apresenta sentimentos de remorso e uma postura de arrependimento, a verdade ? que tem pouco significado e consist?ncia esse seu posicionamento em rela??o ? globalidade dos factos cometidos (tanto mais que nem os reconhece na totalidade), sendo fr?gil a sua capacidade cr?tica, imputando ainda responsabilidades a terceiros e apresentando um discurso de vitimiza??o, numa perspetiva autocentrada, o que mostra bem que tem simultaneamente um discurso de desresponsabiliza??o, pelo que tem ainda de se esfor?ar por melhorar e ajustar o seu comportamento e personalidade, de acordo com os valores e regras socialmente aceites. De resto, tamb?m n?o manifestou, nem praticou atos de arrependimento ativo, para que pudesse ser atribu?do diferente valor ? sua atitude em rela??o ao conjunto dos factos il?citos (em concurso) que cometeu. III- O facto de o tribunal n?o dar a mesma relev?ncia que o arguido pretendia quanto ?s circunst?ncias atenuantes que se apuraram, n?o significa que tivesse feito uma avalia??o errada ou incorreta. O que se passou ? que o arguido\/recorrente parte de pressupostos errados, inclusive de factos n?o apurados e sobrevaloriza circunst?ncias a seu favor indevidamente e de forma subjetiva, portanto, sem raz?o.","og_url":"https:\/\/kohenavocats.com\/zh-hans\/jurisprudences\/acordao-supremo-tribunal-de-justica-processo-583-13-5gcmtj-l2-s1-2023-03-09\/","og_site_name":"Ma\u00eetre Hassan Kohen, avocat en droit p\u00e9nal \u00e0 Paris","twitter_card":"summary_large_image","twitter_misc":{"\u9884\u8ba1\u9605\u8bfb\u65f6\u95f4":"2 \u5206"},"schema":{"@context":"https:\/\/schema.org","@graph":[{"@type":"WebPage","@id":"https:\/\/kohenavocats.com\/zh-hans\/jurisprudences\/acordao-supremo-tribunal-de-justica-processo-583-13-5gcmtj-l2-s1-2023-03-09\/","url":"https:\/\/kohenavocats.com\/zh-hans\/jurisprudences\/acordao-supremo-tribunal-de-justica-processo-583-13-5gcmtj-l2-s1-2023-03-09\/","name":"Ac\u00f3rd\u00e3o Supremo Tribunal de Justi\u00e7a \u2013 Processo 583\/13.5GCMTJ.L2.S1 \u2013 2023-03-09 - Ma\u00eetre Hassan Kohen, avocat en droit p\u00e9nal \u00e0 Paris","isPartOf":{"@id":"https:\/\/kohenavocats.com\/zh-hans\/#website"},"datePublished":"2026-04-22T00:39:40+00:00","breadcrumb":{"@id":"https:\/\/kohenavocats.com\/zh-hans\/jurisprudences\/acordao-supremo-tribunal-de-justica-processo-583-13-5gcmtj-l2-s1-2023-03-09\/#breadcrumb"},"inLanguage":"zh-Hans","potentialAction":[{"@type":"ReadAction","target":["https:\/\/kohenavocats.com\/zh-hans\/jurisprudences\/acordao-supremo-tribunal-de-justica-processo-583-13-5gcmtj-l2-s1-2023-03-09\/"]}]},{"@type":"BreadcrumbList","@id":"https:\/\/kohenavocats.com\/zh-hans\/jurisprudences\/acordao-supremo-tribunal-de-justica-processo-583-13-5gcmtj-l2-s1-2023-03-09\/#breadcrumb","itemListElement":[{"@type":"ListItem","position":1,"name":"Home","item":"https:\/\/kohenavocats.com\/zh-hans\/"},{"@type":"ListItem","position":2,"name":"Jurisprudences","item":"https:\/\/kohenavocats.com\/zh-hans\/jurisprudences\/"},{"@type":"ListItem","position":3,"name":"Ac\u00f3rd\u00e3o Supremo Tribunal de Justi\u00e7a \u2013 Processo 583\/13.5GCMTJ.L2.S1 \u2013 2023-03-09"}]},{"@type":"WebSite","@id":"https:\/\/kohenavocats.com\/zh-hans\/#website","url":"https:\/\/kohenavocats.com\/zh-hans\/","name":"Kohen Avocats","description":"Ma\u00eetre Hassan Kohen, avocat p\u00e9naliste \u00e0 Paris, intervient exclusivement en droit p\u00e9nal pour la d\u00e9fense des particuliers, notamment en mati\u00e8re d\u2019accusations de viol. Il assure un accompagnement rigoureux d\u00e8s la garde \u00e0 vue jusqu\u2019\u00e0 la Cour d\u2019assises, veillant au strict respect des garanties proc\u00e9durales.","publisher":{"@id":"https:\/\/kohenavocats.com\/zh-hans\/#organization"},"potentialAction":[{"@type":"SearchAction","target":{"@type":"EntryPoint","urlTemplate":"https:\/\/kohenavocats.com\/zh-hans\/?s={search_term_string}"},"query-input":{"@type":"PropertyValueSpecification","valueRequired":true,"valueName":"search_term_string"}}],"inLanguage":"zh-Hans"},{"@type":"Organization","@id":"https:\/\/kohenavocats.com\/zh-hans\/#organization","name":"Kohen Avocats","url":"https:\/\/kohenavocats.com\/zh-hans\/","logo":{"@type":"ImageObject","inLanguage":"zh-Hans","@id":"https:\/\/kohenavocats.com\/zh-hans\/#\/schema\/logo\/image\/","url":"https:\/\/kohenavocats.com\/wp-content\/uploads\/2026\/01\/Logo-2-1.webp","contentUrl":"https:\/\/kohenavocats.com\/wp-content\/uploads\/2026\/01\/Logo-2-1.webp","width":2114,"height":1253,"caption":"Kohen Avocats"},"image":{"@id":"https:\/\/kohenavocats.com\/zh-hans\/#\/schema\/logo\/image\/"}}]}},"jetpack_likes_enabled":false,"jetpack_sharing_enabled":true,"_links":{"self":[{"href":"https:\/\/kohenavocats.com\/zh-hans\/wp-json\/wp\/v2\/kji_decision\/643017","targetHints":{"allow":["GET"]}}],"collection":[{"href":"https:\/\/kohenavocats.com\/zh-hans\/wp-json\/wp\/v2\/kji_decision"}],"about":[{"href":"https:\/\/kohenavocats.com\/zh-hans\/wp-json\/wp\/v2\/types\/kji_decision"}],"wp:attachment":[{"href":"https:\/\/kohenavocats.com\/zh-hans\/wp-json\/wp\/v2\/media?parent=643017"}],"wp:term":[{"taxonomy":"kji_country","embeddable":true,"href":"https:\/\/kohenavocats.com\/zh-hans\/wp-json\/wp\/v2\/kji_country?post=643017"},{"taxonomy":"kji_court","embeddable":true,"href":"https:\/\/kohenavocats.com\/zh-hans\/wp-json\/wp\/v2\/kji_court?post=643017"},{"taxonomy":"kji_chamber","embeddable":true,"href":"https:\/\/kohenavocats.com\/zh-hans\/wp-json\/wp\/v2\/kji_chamber?post=643017"},{"taxonomy":"kji_year","embeddable":true,"href":"https:\/\/kohenavocats.com\/zh-hans\/wp-json\/wp\/v2\/kji_year?post=643017"},{"taxonomy":"kji_subject","embeddable":true,"href":"https:\/\/kohenavocats.com\/zh-hans\/wp-json\/wp\/v2\/kji_subject?post=643017"},{"taxonomy":"kji_keyword","embeddable":true,"href":"https:\/\/kohenavocats.com\/zh-hans\/wp-json\/wp\/v2\/kji_keyword?post=643017"},{"taxonomy":"kji_language","embeddable":true,"href":"https:\/\/kohenavocats.com\/zh-hans\/wp-json\/wp\/v2\/kji_language?post=643017"}],"curies":[{"name":"wp","href":"https:\/\/api.w.org\/{rel}","templated":true}]}}