{"id":645656,"date":"2026-04-22T08:13:46","date_gmt":"2026-04-22T06:13:46","guid":{"rendered":"https:\/\/kohenavocats.com\/jurisprudences\/kho202613-yleiset-tietoliikenneyhteydet-ja-niita-varten-tarvittava-infrastruktuuri\/"},"modified":"2026-04-22T08:13:46","modified_gmt":"2026-04-22T06:13:46","slug":"kho202613-yleiset-tietoliikenneyhteydet-ja-niita-varten-tarvittava-infrastruktuuri","status":"publish","type":"kji_decision","link":"https:\/\/kohenavocats.com\/zh-hans\/jurisprudences\/kho202613-yleiset-tietoliikenneyhteydet-ja-niita-varten-tarvittava-infrastruktuuri\/","title":{"rendered":"KHO:2026:13 &#8211; Yleiset tietoliikenneyhteydet ja niit\u00e4 varten tarvittava infrastruktuuri"},"content":{"rendered":"<div class=\"kji-decision\">\n<div class=\"kji-full-text\">\n<p>I \u00e4rendet skulle avg\u00f6ras huruvida A Ab var ett s\u00e5dant f\u00f6retag som kan beviljas r\u00e4tt enligt lagen om tj\u00e4nster inom elektronisk kommunikation att placera en radiomast f\u00f6r mobiln\u00e4t p\u00e5 en fastighet som \u00e4gs av n\u00e5gon annan.<\/p>\n<p>A Ab ingick i en telekoncern d\u00e4r systerbolaget B Abp i Finland idkade allm\u00e4n televerksamhet och d\u00e4rmed var ett telebolag enligt lagen om tj\u00e4nster inom elektronisk kommunikation. A Ab:s verksamhet som \u00e4gare och administrat\u00f6r av mastinfrastrukturen sammanh\u00e4ngde p\u00e5 ett v\u00e4sentligt och n\u00f6dv\u00e4ndigt s\u00e4tt med den allm\u00e4nna televerksamhet som B Abp idkade.<\/p>\n<p>Med beaktande av det ovan sagda ans\u00e5g h\u00f6gsta f\u00f6rvaltningsdomstolen att A Ab hade kunnat vara s\u00f6kande i ett \u00e4rende som g\u00e4llde r\u00e4tt att placera en radiomast och bolaget hade med byggnadstillsynsmyndighetens beslut kunnat beviljas placeringsr\u00e4tt enligt lagen om tj\u00e4nster inom elektronisk kommunikation d\u00e5 f\u00f6ruts\u00e4ttningarna enligt lagen uppfylldes.<\/p>\n<p>Lagen om tj\u00e4nster inom elektronisk kommunikation 1 \u00a7, 3 \u00a7 9, 27, 34 och 37 punkten, 4 \u00a7 1 mom. 1 punkten, 229 \u00a7 1 mom. 2 punkten och 4 mom., 230 \u00a7 1 mom. och 233 \u00a7 1 mom.<\/p>\n<p>Europaparlamentets och r\u00e5dets direktiv (EU) 2018\/1972 om inr\u00e4ttande av en europeisk kodex f\u00f6r elektronisk kommunikation (omarbetning) sk\u00e4l 5 och 7 i ingressen, artikel 1.1 samt artikel 2.1, 10 och 29<\/p>\n<p>Asiassa oli ratkaistavana, oliko A Oy sellainen yritys, jolle voitiin my\u00f6nt\u00e4\u00e4 s\u00e4hk\u00f6isen viestinn\u00e4n palveluista annetussa laissa tarkoitettu sijoittamisoikeus matkaviestinverkon radiomaston sijoittamiseen toisen omistamalle kiinteist\u00f6lle.<\/p>\n<p>A Oy kuului telekonserniin, jossa sisaryhti\u00f6 B Oyj harjoitti Suomessa yleist\u00e4 teletoimintaa ja oli siten s\u00e4hk\u00f6isen viestinn\u00e4n palveluista annetun lain m\u00e4\u00e4ritelm\u00e4n mukainen teleyritys. A Oy:n toiminta mastoinfrastruktuurin omistajana ja hallinnoijana liittyi olennaisella ja v\u00e4ltt\u00e4m\u00e4tt\u00f6m\u00e4ll\u00e4 tavalla B Oyj:n harjoittamaan yleiseen teletoimintaan.<\/p>\n<p>Edell\u00e4 lausuttu huomioon ottaen korkein hallinto-oikeus katsoi, ett\u00e4 A Oy oli voinut toimia radiomaston sijoittamisoikeutta koskevassa asiassa hakijana ja sille oli voitu rakennusvalvontaviranomaisen p\u00e4\u00e4t\u00f6ksell\u00e4 my\u00f6nt\u00e4\u00e4 s\u00e4hk\u00f6isen viestinn\u00e4n palveluista annetun lain mukainen sijoittamisoikeus laissa s\u00e4\u00e4dettyjen edellytysten t\u00e4yttyess\u00e4.<\/p>\n<p>S\u00e4hk\u00f6isen viestinn\u00e4n palveluista annettu laki 1 \u00a7, 3 \u00a7 9, 27, 34 ja 37 kohta, 4 \u00a7 1 momentti 1 kohta, 229 \u00a7 1 momentti 2 kohta ja 4 momentti, 230 \u00a7 1 momentti ja 233 \u00a7 1 momentti<\/p>\n<p>Eurooppalaisesta s\u00e4hk\u00f6isen viestinn\u00e4n s\u00e4\u00e4nn\u00f6st\u00f6st\u00e4 annetun Euroopan parlamentin ja neuvoston direktiivin (EU) 2018\/1972 (uudelleenlaadittu) johdanto-osan 5. ja 7. perustelukappale, 1 artiklan 1 kohta sek\u00e4 2 artiklan 1, 10 ja 29 kohdat<\/p>\n<h3>P\u00e4\u00e4t\u00f6s, jota muutoksenhaku koskee<\/h3>\n<p>Helsingin hallinto-oikeus 11.10.2024 nro 6016\/2024<\/p>\n<h3>Korkeimman hallinto-oikeuden ratkaisu<\/h3>\n<p>Korkein hallinto-oikeus my\u00f6nt\u00e4\u00e4 C:lle ja D:lle valitusluvan silt\u00e4 osin kuin asiassa on kysymys siit\u00e4, onko Telia Towers Finland Oy sellainen yritys, jolle voidaan my\u00f6nt\u00e4\u00e4 s\u00e4hk\u00f6isen viestinn\u00e4n palveluista annetun lain 28 luvun mukainen sijoittamisoikeus, ja tutkii asian t\u00e4lt\u00e4 osin.<\/p>\n<p>Valitukset hyl\u00e4t\u00e4\u00e4n. Hallinto-oikeuden p\u00e4\u00e4t\u00f6ksen lopputulosta ei muuteta.<\/p>\n<p>Muutoksenhakijoiden ja Telia Towers Finland Oy:n vaatimukset oikeudenk\u00e4yntikulujen korvaamisesta korkeimmassa hallinto-oikeudessa hyl\u00e4t\u00e4\u00e4n.<\/p>\n<p>Muilta osin muutoksenhakijoiden valituslupahakemukset hyl\u00e4t\u00e4\u00e4n. Korkein hallinto-oikeus ei siten anna ratkaisua valituksiin muilta osin.<\/p>\n<h3>Asian taustaa<\/h3>\n<p>(1)<\/p>\n<p>on 26.9.2023 (\u00a7 108) vahvistanut Telia Towers Finland Oy:n hakemuksen mukaisen matkaviestinverkon radiomaston sijoittamissuunnitelman ja my\u00f6nt\u00e4nyt aloittamisoikeuden kiinteist\u00f6lle X.<\/p>\n<p>(2)<\/p>\n<p>on muutoksenhaun kohteena olevalla p\u00e4\u00e4t\u00f6ksell\u00e4\u00e4n hyl\u00e4nnyt C:n ja D:n valitukset lupa- ja valvontalautakunnan p\u00e4\u00e4t\u00f6ksest\u00e4.<\/p>\n<p>(3) P\u00e4\u00e4t\u00f6ksens\u00e4 perusteluissa hallinto-oikeus on todennut, ett\u00e4 Telia Towers Finland Oy on osa Telia-konsernia, joka harjoittaa s\u00e4hk\u00f6isen viestinn\u00e4n palveluista annetussa laissa tarkoitettua teletoimintaa. Telia Finland Oyj on 1.9.2023 vahvistanut, ett\u00e4 sen konserniyhti\u00f6 Telia Towers Finland Oy toimii t\u00e4ss\u00e4 asiassa Telia Finland Oyj:n lukuun. Hallinto-oikeus on katsonut, ett\u00e4 Telia Towers Finland Oy:t\u00e4 on siten pidett\u00e4v\u00e4 osana s\u00e4hk\u00f6isen viestinn\u00e4n palveluista annetussa laissa tarkoitettua teleyrityst\u00e4, jolloin sille voidaan hakemuksesta antaa sijoittamisoikeus. Se seikka, ett\u00e4 mastojen omistus on konsernissa eriytetty omaan yhti\u00f6\u00f6ns\u00e4, ei anna aihetta arvioida asiaa toisin.<\/p>\n<h3>Vaatimukset ja selvitykset korkeimmassa hallinto-oikeudessa<\/h3>\n<p>(4) C on pyyt\u00e4nyt valituslupaa ja vaatinut, ett\u00e4 hallinto-oikeuden ja lupa- ja valvontalautakunnan p\u00e4\u00e4t\u00f6kset kumotaan ja Porvoon kaupunki velvoitetaan korvaamaan h\u00e4nen oikeudenk\u00e4yntikulunsa viiv\u00e4styskorkoineen.<\/p>\n<p>(5) D on pyyt\u00e4nyt valituslupaa ja vaatinut, ett\u00e4 hallinto-oikeuden ja lupa- ja valvontalautakunnan p\u00e4\u00e4t\u00f6kset kumotaan ja Porvoon kaupunki velvoitetaan korvaamaan h\u00e4nen oikeudenk\u00e4yntikulunsa viiv\u00e4styskorkoineen.<\/p>\n<p>(6) Muutoksenhakijat ovat perustelleet erillisiss\u00e4 valituksissaan vaatimuksiaan sill\u00e4, ett\u00e4 s\u00e4hk\u00f6isen viestinn\u00e4n palveluista annetun lain mukainen sijoittamisoikeus matkaviestinverkon radiomastolle tukiasemineen voidaan my\u00f6nt\u00e4\u00e4 vain mainitussa laissa m\u00e4\u00e4ritellylle teleyritykselle. Telia Towers Finland Oy ei muutoksenhakijoiden mukaan t\u00e4yt\u00e4 lain 3 \u00a7:n 27 kohdan teleyrityksen m\u00e4\u00e4ritelm\u00e4\u00e4. Perustuslain 15 \u00a7:n omaisuuden suojaa koskeva s\u00e4\u00e4nn\u00f6s huomioon ottaen sijoittamisoikeus voidaan my\u00f6nt\u00e4\u00e4 vain teleyritykselle. Kyse on lain sanamuodon mukaisesta tulkinnasta, eik\u00e4 hallinto-oikeus ole esitt\u00e4nyt perusteita lain sanamuodosta poikkeamiselle.<\/p>\n<p>(7)<\/p>\n<p>on vaatinut, ett\u00e4 valitukset ja oikeudenk\u00e4yntikuluvaatimukset hyl\u00e4t\u00e4\u00e4n.<\/p>\n<p>(8)<\/p>\n<p>on vaatinut, ett\u00e4 valitukset hyl\u00e4t\u00e4\u00e4n ja muutoksenhakijat velvoitetaan kumpikin erikseen korvaamaan yhti\u00f6n oikeudenk\u00e4yntikulut viiv\u00e4styskorkoineen.<\/p>\n<p>(9)<\/p>\n<p>ovat antaneet vastaukset asiassa esitettyihin lausumiin.<\/p>\n<h3>Korkeimman hallinto-oikeuden ratkaisun perustelut<\/h3>\n<h3>Kysymyksenasettelu<\/h3>\n<p>(10) Asiassa on ratkaistavana, onko Telia Towers Finland Oy sellainen yritys, jolle voidaan my\u00f6nt\u00e4\u00e4 s\u00e4hk\u00f6isen viestinn\u00e4n palveluista annetussa laissa tarkoitettu sijoittamisoikeus matkaviestiverkon radiomaston sijoittamiseen toisen omistamalle kiinteist\u00f6lle.<\/p>\n<h3>S\u00e4hk\u00f6isen viestinn\u00e4n palveluista annettu laki ja sen esit\u00f6it\u00e4<\/h3>\n<p>(11) S\u00e4hk\u00f6isen viestinn\u00e4n palveluista annetun lain 1 \u00a7:n mukaan lain tavoitteena on edist\u00e4\u00e4 s\u00e4hk\u00f6isen viestinn\u00e4n palvelujen tarjontaa ja k\u00e4ytt\u00f6\u00e4 sek\u00e4 varmistaa, ett\u00e4 viestint\u00e4verkkoja ja viestint\u00e4palveluja on kohtuullisin ehdoin jokaisen saatavilla koko maassa. Lain tavoitteena on lis\u00e4ksi turvata radiotaajuuksien tehokas ja h\u00e4iri\u00f6t\u00f6n k\u00e4ytt\u00f6 sek\u00e4 edist\u00e4\u00e4 kilpailua ja varmistaa, ett\u00e4 viestint\u00e4verkot ja -palvelut ovat teknisesti kehittyneit\u00e4, laadultaan hyvi\u00e4, toimintavarmoja ja turvallisia sek\u00e4 hinnaltaan edullisia. Lain tavoitteena on my\u00f6s turvata s\u00e4hk\u00f6isen viestinn\u00e4n luottamuksellisuuden ja yksityisyyden suojan toteutuminen.<\/p>\n<p>(12) S\u00e4hk\u00f6isen viestinn\u00e4n palveluista annetun lain 3 \u00a7:ss\u00e4 s\u00e4\u00e4det\u00e4\u00e4n m\u00e4\u00e4ritelmist\u00e4.<\/p>\n<p>(13) Lain 3 \u00a7:n 27 kohdan mukaan mainitussa laissa<\/p>\n<p>tarkoitetaan sit\u00e4, joka tarjoaa verkkopalvelua tai viestint\u00e4palvelua ennalta rajaamattomalle k\u00e4ytt\u00e4j\u00e4piirille eli harjoittaa yleist\u00e4 teletoimintaa.<\/p>\n<p>(14) Lain 3 \u00a7:n 34 kohdan mukaan<\/p>\n<p>tarkoitetaan palvelua, jossa teleyritys (<\/p>\n<p>) tarjoaa omistamaansa tai muulla perusteella hallussaan olevaa viestint\u00e4verkkoa k\u00e4ytett\u00e4v\u00e4ksi viestien siirtoon tai jakeluun.<\/p>\n<p>(15) Lain 3 \u00a7:n 37 kohdan mukaan<\/p>\n<p>tarkoitetaan palvelua, joka muodostuu kokonaan tai p\u00e4\u00e4osin viestien siirt\u00e4misest\u00e4 viestint\u00e4verkossa sek\u00e4 siirto- ja l\u00e4hetyspalvelua joukkoviestint\u00e4verkossa ja henkil\u00f6iden v\u00e4lisen viestinn\u00e4n palvelua.<\/p>\n<p>(16) Lain 3 \u00a7:n 9 kohdan mukaan<\/p>\n<p>tarkoitetaan liit\u00e4nn\u00e4ispalvelua sek\u00e4 rakennusta, rakennuksen sis\u00e4\u00e4ntuloa ja kaapelointia, kaapelikanavaa, mastoa sek\u00e4 muuta vastaavaa viestint\u00e4verkkoon tai viestint\u00e4palveluun liittyv\u00e4\u00e4 fyysist\u00e4 rakennetta, toimintoa ja elementti\u00e4, joka mahdollistaa viestint\u00e4verkon tai viestint\u00e4palvelun tarjoamisen taikka tukee palvelun tarjoamista niiden kautta.<\/p>\n<p>(17) S\u00e4hk\u00f6isen viestinn\u00e4n palveluista annetun lain 4 \u00a7:n 1 momentin 1 kohdan mukaan toiminnan harjoittajan on ennen toiminnan aloittamista teht\u00e4v\u00e4 s\u00e4hk\u00f6isesti ilmoitus Liikenne- ja viestint\u00e4virastolle yleisest\u00e4 teletoiminnasta (<\/p>\n<p>).<\/p>\n<p>(18) S\u00e4hk\u00f6isen viestinn\u00e4n palveluista annetun lain 28 luvussa s\u00e4\u00e4det\u00e4\u00e4n sijoittamisesta.<\/p>\n<p>(19) Lain 28 lukuun sis\u00e4ltyv\u00e4n 229 \u00a7:n 1 momentin 2 kohdan mukaan teleyrityksell\u00e4 on t\u00e4ss\u00e4 luvussa s\u00e4\u00e4detyin edellytyksin oikeus sijoittaa toisen omistamalle tai hallitsemalla alueelle yleisi\u00e4 tietoliikenneyhteyksi\u00e4 palveleva matkaviestinverkon radiomasto tukiasemineen sek\u00e4 niihin liittyv\u00e4 laite, kaapeli ja v\u00e4h\u00e4inen rakennelma.<\/p>\n<p>(21) Lain 28 lukuun sis\u00e4ltyv\u00e4n 230 \u00a7:n 1 momentin mukaan, jos osapuolet eiv\u00e4t p\u00e4\u00e4se sopimukseen 229 \u00a7:ss\u00e4 tarkoitetusta sijoittamisesta toisen kiinteist\u00f6lle tai rakennukseen, teleyrityksen on laadittava sijoittamisesta suunnitelma (<\/p>\n<p>(22) Lain 28 lukuun sis\u00e4ltyv\u00e4n 233 \u00a7:n 1 momentin mukaan, jos sijoittamisesta ei p\u00e4\u00e4st\u00e4 sopimukseen, kunnan rakennusvalvontaviranomainen voi teleyrityksen hakemuksesta p\u00e4\u00e4t\u00f6ksell\u00e4\u00e4n antaa teleyritykselle sijoittamisoikeuden vahvistamalla 230 \u00a7:ss\u00e4 tarkoitetun sijoittamissuunnitelman.<\/p>\n<p>(23) Hallituksen esityksess\u00e4 muun ohella tietoyhteiskuntakaareksi (HE 221\/2013 vp) on arvioitu sijoittamista koskevien s\u00e4\u00e4nn\u00f6sten suhdetta perustuslakiin ja etenkin perustuslain omaisuudensuojas\u00e4\u00e4nn\u00f6kseen.<\/p>\n<p>$107<\/p>\n<p>(25) Hallituksen esityksess\u00e4 todetaan edelleen, ett\u00e4 jos asiasta ei s\u00e4\u00e4det\u00e4 lains\u00e4\u00e4d\u00e4nn\u00f6ss\u00e4, ongelmatilanteita voi tulla esimerkiksi silloin, kun radiomastojen tai matkaviestintukiasemapaikkojen vuokrasopimukset ovat p\u00e4\u00e4ttym\u00e4ss\u00e4, ja jos maan tai rakennuksen omistaja ei ole halukas uusimaan vuokrasopimusta ja viestint\u00e4yhteydet t\u00e4st\u00e4 syyst\u00e4 vaarantuvat. Tarkoitus on kuitenkin, ett\u00e4 k\u00e4yt\u00e4nn\u00f6ss\u00e4 radiomasto- ja tukiasemapaikoista neuvoteltaisiin ja sovittaisiin osapuolten v\u00e4lill\u00e4 jatkossakin. Edell\u00e4 mainituin perustein omaisuuden suojaan puuttumiseen on painava yhteiskunnallinen tarve varmistaa toimivat tietoliikenneyhteydet, ja se on v\u00e4ltt\u00e4m\u00e4t\u00f6nt\u00e4 t\u00e4m\u00e4n yleisesti hyv\u00e4ksytt\u00e4v\u00e4n tavoitteen saavuttamiseksi.<\/p>\n<p>(26) Tietoyhteiskuntakaaren nimike on muutettu s\u00e4hk\u00f6isen viestinn\u00e4n palveluista annetuksi laiksi 1.6.2018 voimaan tulleella lailla 68\/2018.<\/p>\n<p>Eurooppalaisesta s\u00e4hk\u00f6isen viestinn\u00e4n s\u00e4\u00e4nn\u00f6st\u00f6st\u00e4 annettu Euroopan parlamentin ja neuvoston direktiivi (EU) 2018\/1972 (uudelleenlaadittu) (teledirektiivi)<\/p>\n<p>(27) Direktiivin johdanto-osan 5. perustelukappaleen mukaan t\u00e4ll\u00e4 direktiivill\u00e4 luodaan oikeudelliset puitteet s\u00e4hk\u00f6isten viestint\u00e4verkkojen ja -palvelujen tarjoamisen vapauden varmistamiseksi siten, ett\u00e4 sit\u00e4 rajoittavat yksinomaan t\u00e4ss\u00e4 direktiiviss\u00e4 s\u00e4\u00e4detyt ehdot ja Euroopan unionin toiminnasta tehdyn sopimuksen, j\u00e4ljemp\u00e4n\u00e4 \u201dSEUT\u201d, 52 artiklan 1 kohdan mukaiset rajoitukset, erityisesti yleisen j\u00e4rjestyksen tai turvallisuuden taikka kansanterveyden perusteella toteutettavat toimenpiteet, jotka ovat sopusoinnussa Euroopan unionin perusoikeuskirjan, j\u00e4ljemp\u00e4n\u00e4 \u201dperusoikeuskirja\u201d, 52 artiklan 1 kohdan kanssa.<\/p>\n<p>(28) Direktiivin johdanto-osan 7. perustelukappaleessa todetaan muun ohella, ett\u00e4 televiestinn\u00e4n, tiedotusv\u00e4lineiden ja tietotekniikan l\u00e4hentymisen vuoksi kaikkien s\u00e4hk\u00f6isten viestint\u00e4verkkojen ja -palvelujen tulisi kuulua mahdollisimman pitk\u00e4lti samaan, yhdell\u00e4 direktiivill\u00e4 vahvistettuun eurooppalaiseen s\u00e4hk\u00f6isen viestinn\u00e4n s\u00e4\u00e4nn\u00f6st\u00f6\u00f6n, lukuun ottamatta seikkoja, joita voidaan k\u00e4sitell\u00e4 paremmin asetuksilla vahvistettavilla sellaisenaan sovellettavilla s\u00e4\u00e4nn\u00f6ill\u00e4.<\/p>\n<p>(29) Direktiivin 1 artiklan 1 kohdan mukaan t\u00e4ll\u00e4 direktiivill\u00e4 perustetaan yhdenmukaistettu j\u00e4rjestelm\u00e4 s\u00e4hk\u00f6isten viestint\u00e4verkkojen, s\u00e4hk\u00f6isten viestint\u00e4palvelujen, niiden liit\u00e4nn\u00e4istoimintojen ja -palvelujen sek\u00e4 tiettyjen p\u00e4\u00e4telaitteiden s\u00e4\u00e4ntelylle. Siin\u00e4 s\u00e4\u00e4det\u00e4\u00e4n kansallisten s\u00e4\u00e4ntelyviranomaisten ja tarvittaessa muiden toimivaltaisten viranomaisten teht\u00e4vist\u00e4 ja m\u00e4\u00e4ritell\u00e4\u00e4n joukko menettelyj\u00e4, joilla varmistetaan, ett\u00e4 s\u00e4\u00e4ntelyj\u00e4rjestelm\u00e4\u00e4 sovelletaan yhdenmukaisesti kaikkialla unionissa.<\/p>\n<p>(30) Direktiivin 2 artiklan 29 kohdan mukaan t\u00e4ss\u00e4 direktiiviss\u00e4 tarkoitetaan \u201doperaattorilla\u201d yrityst\u00e4, joka tarjoaa tai jolla on valtuutus tarjota yleist\u00e4 s\u00e4hk\u00f6ist\u00e4 viestint\u00e4verkkoa tai sen liit\u00e4nn\u00e4istoimintoa.<\/p>\n<p>(31) Saman artiklan 1 kohdan mukaan t\u00e4ss\u00e4 direktiiviss\u00e4 tarkoitetaan \u201ds\u00e4hk\u00f6isell\u00e4 viestint\u00e4verkolla\u201d siirtoj\u00e4rjestelmi\u00e4 riippumatta siit\u00e4, perustuvatko ne pysyv\u00e4\u00e4n infrastruktuuriin vai keskitettyyn hallintokapasiteettiin, sek\u00e4 soveltuvin osin kytkent\u00e4- tai reitityslaitteistoa ja muita v\u00e4lineit\u00e4 \u2014 my\u00f6s verkkoelementtej\u00e4, jotka eiv\u00e4t ole aktiivisia \u2014 joilla voidaan siirt\u00e4\u00e4 signaaleja johtojen v\u00e4lityksell\u00e4, radioteitse, optisesti tai muulla s\u00e4hk\u00f6magneettisella tavalla, mukaan luettuina satelliittiverkot, kiinte\u00e4t (piiri- ja pakettikytkent\u00e4iset, mukaan luettuna internet) ja matkaviestinverkot, s\u00e4hk\u00f6kaapelij\u00e4rjestelm\u00e4t siin\u00e4 m\u00e4\u00e4rin kuin niit\u00e4 k\u00e4ytet\u00e4\u00e4n signaalinsiirtoon, radio- ja televisiol\u00e4hetyksiin k\u00e4ytetyt verkot sek\u00e4 kaapelitelevisioverkot riippumatta siit\u00e4, mink\u00e4 tyyppist\u00e4 informaatiota niiss\u00e4 siirret\u00e4\u00e4n.<\/p>\n<p>(32) Direktiivin 2 artiklan 10 kohdan mukaan t\u00e4ss\u00e4 direktiiviss\u00e4 tarkoitetaan \u201dliit\u00e4nn\u00e4istoiminnolla\u201d liit\u00e4nn\u00e4ispalveluja, fyysisi\u00e4 infrastruktuureja ja muita toimintoja tai elementtej\u00e4, jotka liittyv\u00e4t s\u00e4hk\u00f6iseen viestint\u00e4verkkoon tai s\u00e4hk\u00f6iseen viestint\u00e4palveluun ja jotka mahdollistavat palvelujen tarjoamisen tai tukevat palvelujen tarjoamista kyseisen verkon tai palvelun kautta tai joilla on mahdollisuus toimia n\u00e4in ja joihin sis\u00e4ltyy muun muassa rakennuksia tai rakennusten sis\u00e4\u00e4ntuloja, rakennusten kaapelointia, antenneja, torneja ja muita tukirakennelmia, kaapelikanavia, tyhji\u00e4 putkia, mastoja, kaapelikaivoja ja jakomoja.<\/p>\n<h3>Asiassa saatu selvitys<\/h3>\n<p>(33) Telia Towers Finland Oy on hakenut s\u00e4hk\u00f6isen viestinn\u00e4n palveluista annetun lain mukaista sijoittamislupaa jo olemassa olevalle matkaviestinverkon radiomastolle tukiasemineen ja niihin liittyville laitteille, kaapeleille ja tarvittaville rakennelmille Porvoossa sijaitsevalle kiinteist\u00f6lle X.<\/p>\n<p>(34) Kyseess\u00e4 oleva masto on noin 81 metri\u00e4 korkea harustettu masto, ja sen vieress\u00e4 on laitesuoja ja pieni aidattu alue. Masto on rakennettu vuonna 1997, ja maston sijoitus on perustunut kiinteist\u00f6nomistajan kanssa vuonna 1996 tehtyyn maanvuokrasopimukseen. Maanvuokrasopimukseen perustunut vuokra-aika on p\u00e4\u00e4ttynyt 31.12.2021, eiv\u00e4tk\u00e4 osapuolet ole p\u00e4\u00e4sseet sopimukseen sijoittamisesta.<\/p>\n<p>(35) Telia Towers Finland Oy:n hakemuksen ja sijoittamissuunnitelman mukaan masto toimii matkaviestintukiaseman antennien kiinnitysalustana. Laitesuojassa on matkaviestintukiasemalaitteet ja mastossa tarvittavat tukiaseman antennit. Mastopaikassa on langattoman matkaviestinverkon tukiasema. Masto palvelee teleoperaattoreita, ja mastossa on Telia Finland Oyj:n tukiasema-antennien lis\u00e4ksi my\u00f6s DNA Oyj:n ja Elisa Oyj:n antennit. Maston omistaa ja sit\u00e4 hallinnoi Telia Towers Finland Oy.<\/p>\n<p>(36) Telia Finland Oyj on tehnyt teletoimintailmoituksen harjoittamastaan teletoiminnasta liikenne- ja viestint\u00e4virasto Traficomin yll\u00e4pit\u00e4m\u00e4\u00e4n teletoimintarekisteriin. Telia Finland Oyj ja Telia Towers Finland Oy kuuluvat samaan Telia-konserniin ja molemmat yhti\u00f6t ovat Telia Company AB:n enemmist\u00f6omistuksessa. Telia-konsernin passiiviseen verkkoinfrastruktuuriin liittyv\u00e4t liiketoiminnot, eli mastot ja laitetilat, on eriytetty 1.1.2019 voimaan tulleella osittaisjakautumisella teleoperaattoriyhti\u00f6 Telia Finland Oyj:st\u00e4 omaan osakeyhti\u00f6\u00f6ns\u00e4 Telia Towers Finland Oy:\u00f6\u00f6n.<\/p>\n<h3>Oikeudellinen arviointi ja johtop\u00e4\u00e4t\u00f6s<\/h3>\n<p>(37) S\u00e4hk\u00f6isen viestinn\u00e4n palveluista annetun lain sijoittamista koskevissa s\u00e4\u00e4nn\u00f6ksiss\u00e4 tai sen edell\u00e4 selostetuissa esit\u00f6iss\u00e4 ei k\u00e4sitell\u00e4 sellaista tilannetta, ett\u00e4 yleisi\u00e4 tietoliikenneyhteyksi\u00e4 varten tarvittava fyysinen infrastruktuuri ei ole verkkopalvelua tai viestint\u00e4palvelua tarjoavan teleyrityksen omistuksessa.<\/p>\n<p>(38) S\u00e4hk\u00f6isen viestinn\u00e4n palveluista annetun lain 28 luvun sijoittamista koskevat s\u00e4\u00e4nn\u00f6kset perustuvat osaltaan uudelleenlaadittuun teledirektiiviin. Lain s\u00e4\u00e4nn\u00f6sten taustalla on pyrkimys turvata yleiset tietoliikenneyhteydet ja niit\u00e4 varten tarvittava infrastruktuuri. Yleisten tietoliikenneyhteyksien toimivuudella on merkityst\u00e4 my\u00f6s huoltovarmuuden ja kriittisten palvelujen kannalta. Lain yleiset l\u00e4ht\u00f6kohdat huomioon ottaen tarkoitus ei ole ollut rajoittaa erilaisia yritysj\u00e4rjestelyit\u00e4 tietoliikenteen j\u00e4rjest\u00e4miseen liittyen, vaan tarkoitus on ollut varmistaa, ett\u00e4 esimerkiksi laitteistojen sijoittaminen on v\u00e4litt\u00f6m\u00e4ss\u00e4 yhteydess\u00e4 yleisi\u00e4 tietoliikenneyhteyksi\u00e4 palvelevaan tietoliikennetoimintaan.<\/p>\n<p>(39) Kun s\u00e4hk\u00f6isen viestinn\u00e4n palveluista annetun lain mukaista teleyrityksen m\u00e4\u00e4ritelm\u00e4\u00e4 tulkitaan samassa laissa tarkoitetun sijoittamisoikeuden yhteydess\u00e4, korkein hallinto-oikeus katsoo, ett\u00e4 t\u00e4ss\u00e4 tulkinnassa voidaan ottaa huomioon teledirektiivin operaattoria koskeva m\u00e4\u00e4ritelm\u00e4. Direktiivin m\u00e4\u00e4ritelm\u00e4n mukaan operaattorilla tarkoitetaan my\u00f6s yrityst\u00e4, joka tarjoaa yleisen s\u00e4hk\u00f6isen viestint\u00e4verkon liit\u00e4nn\u00e4istoimintoa. Korkein hallinto-oikeus my\u00f6s toteaa, ett\u00e4 yleisi\u00e4 tietoliikenneyhteyksi\u00e4 palveleva matkaviestinverkon radiomasto on s\u00e4hk\u00f6isen viestinn\u00e4n palveluista annetun lain 3 \u00a7:n 9 kohdan tarkoittama liit\u00e4nn\u00e4istoiminto. S\u00e4hk\u00f6isen viestinn\u00e4n palveluista annetun lain liit\u00e4nn\u00e4istoimintoa koskeva m\u00e4\u00e4ritelm\u00e4 vastaa teledirektiivin vastaavaa m\u00e4\u00e4ritelm\u00e4\u00e4.<\/p>\n<p>(40) T\u00e4ss\u00e4 asiassa on kysymys yleisi\u00e4 tietoliikenneyhteyksi\u00e4 palvelevan matkaviestinverkon radiomaston sijoittamisesta. Telia Towers Finland Oy kuuluu telekonserniin, jossa sisaryhti\u00f6 Telia Finland Oyj harjoittaa Suomessa yleist\u00e4 teletoimintaa ja on siten s\u00e4hk\u00f6isen viestinn\u00e4n palveluista annetun lain m\u00e4\u00e4ritelm\u00e4n mukainen teleyritys. Telia Towers Finland Oy:n toiminta mastoinfrastruktuurin omistajana ja hallinnoijana liittyy olennaisella ja v\u00e4ltt\u00e4m\u00e4tt\u00f6m\u00e4ll\u00e4 tavalla Telia Finland Oyj:n harjoittamaan yleiseen teletoimintaan.<\/p>\n<p>(41) Edell\u00e4 lausuttu huomioon ottaen korkein hallinto-oikeus katsoo, ett\u00e4 Telia Towers Finland Oy on voinut toimia radiomaston sijoittamisoikeutta koskevassa asiassa hakijana ja sille on voitu rakennusvalvontaviranomaisen p\u00e4\u00e4t\u00f6ksell\u00e4 my\u00f6nt\u00e4\u00e4 s\u00e4hk\u00f6isen viestinn\u00e4n palveluista annetun lain mukainen sijoittamisoikeus laissa s\u00e4\u00e4dettyjen edellytysten t\u00e4yttyess\u00e4.<\/p>\n<p>(42) T\u00e4m\u00e4n vuoksi hallinto-oikeuden ja lautakunnan p\u00e4\u00e4t\u00f6ksi\u00e4 ei ole perusteita kumota sill\u00e4 muutoksenhakijoiden valituksissa esitetyll\u00e4 perusteella, ett\u00e4 Telia Towers Finland Oy olisi sellainen yritys, jolle ei voitaisi my\u00f6nt\u00e4\u00e4 s\u00e4hk\u00f6isen viestinn\u00e4n palveluista annetussa laissa tarkoitettua sijoittamisoikeutta matkaviestiverkon radiomaston sijoittamiseen toisen omistamalle kiinteist\u00f6lle. Hallinto-oikeuden p\u00e4\u00e4t\u00f6ksen lopputulosta ei siten muuteta.<\/p>\n<h3>Oikeudenk\u00e4yntikulut korkeimmassa hallinto-oikeudessa<\/h3>\n<p>(43) Asian n\u00e4in p\u00e4\u00e4ttyess\u00e4 ja kun otetaan huomioon oikeudenk\u00e4ynnist\u00e4 hallintoasioissa annetun lain 95 \u00a7, muutoksenhakijoille ei ole m\u00e4\u00e4r\u00e4tt\u00e4v\u00e4 maksettavaksi korvausta oikeudenk\u00e4yntikuluista korkeimmassa hallinto-oikeudessa.<\/p>\n<p>(44) Asian laatuun n\u00e4hden ja kun otetaan huomioon oikeudenk\u00e4ynnist\u00e4 hallintoasioissa annetun lain 95 \u00a7, Telia Towers Finland Oy:lle ei ole m\u00e4\u00e4r\u00e4tt\u00e4v\u00e4 maksettavaksi korvausta oikeudenk\u00e4yntikuluista korkeimmassa hallinto-oikeudessa.<\/p>\n<h3>Valituslupahakemusten hylk\u00e4\u00e4minen<\/h3>\n<p>(45) Oikeudenk\u00e4ynnist\u00e4 hallintoasioissa annetun lain 111 \u00a7:n 1 momentin mukaan valituslupa on my\u00f6nnett\u00e4v\u00e4, jos:<\/p>\n<p>2) asian saattamiseen korkeimman hallinto-oikeuden ratkaistavaksi on erityist\u00e4 aihetta asiassa tapahtuneen ilmeisen virheen vuoksi; tai<\/p>\n<p>3) valitusluvan my\u00f6nt\u00e4miseen on muu painava syy.<\/p>\n<p>(46) Sen perusteella, mit\u00e4 muutoksenhakijat ovat esitt\u00e4neet ja mit\u00e4 asiakirjoista muutoin ilmenee, asian saattamiseen korkeimman hallinto-oikeuden ratkaistavaksi ei ole muilta osin valitusluvan my\u00f6nt\u00e4misen perustetta.<\/p>\n<p>Asian ovat ratkaisseet oikeusneuvokset Riitta Mutikainen, Eija Siitari, Mika Sepp\u00e4l\u00e4, Kari Tornikoski ja Anne Nenonen. Asian esittelij\u00e4 Iisa Koskela.<\/p>\n<h3>Porvoon lupa- ja valvontalautakunta<\/h3>\n<h3>Hallinto-oikeus<\/h3>\n<p>Asian ovat ratkaisseet hallinto-oikeuden j\u00e4senet Jukka Reinikainen, Riikka Valli-Jaakola ja Paula Kovari, joka on my\u00f6s esitellyt asian.<\/p>\n<h3>Telia Towers Finland Oy<\/h3>\n<h3>Muutoksenhakijat<\/h3>\n<p>teleyrityksell\u00e4<\/p>\n<p>verkkopalvelulla<\/p>\n<p>verkkoyritys<\/p>\n<p>viestint\u00e4palvelulla<\/p>\n<p>liit\u00e4nn\u00e4istoiminnolla<\/p>\n<p>teletoimintailmoitus<\/p>\n<p>sijoittamissuunnitelma<\/p>\n<\/div>\n<hr class=\"kji-sep\" \/>\n<p class=\"kji-source-links\"><strong>Sources officielles :<\/strong> <a class=\"kji-source-link\" href=\"https:\/\/www.finlex.fi\/en\/case-law\/supreme-administrative-court\/precedents\/2026\/13\" target=\"_blank\" rel=\"noopener noreferrer\">consulter la page source<\/a><\/p>\n<p class=\"kji-license-note\"><em>Finlex open data, CC BY 4.0. Documentation open data verifiee le 2026-04-12 ; les endpoints judgment documentes renvoient 404 pour les types case-law exposes par le frontend, fallback actuel sur les pages publiques data.finlex.fi.<\/em><\/p>\n<\/div>\n","protected":false},"excerpt":{"rendered":"<p>I \u00e4rendet skulle avg\u00f6ras huruvida A Ab var ett s\u00e5dant f\u00f6retag som kan beviljas r\u00e4tt enligt lagen om tj\u00e4nster inom elektronisk kommunikation att placera en radiomast f\u00f6r mobiln\u00e4t p\u00e5 en fastighet som \u00e4gs av n\u00e5gon annan. A Ab ingick i en telekoncern d\u00e4r systerbolaget B Abp i Finland idkade allm\u00e4n televerksamhet och d\u00e4rmed var ett&#8230;<\/p>\n","protected":false},"featured_media":0,"template":"","meta":{"_crdt_document":""},"kji_country":[7740],"kji_court":[28668],"kji_chamber":[7742],"kji_year":[7610],"kji_subject":[7646],"kji_keyword":[28766,28768,28765,28767,28764],"kji_language":[7746],"class_list":["post-645656","kji_decision","type-kji_decision","status-publish","hentry","kji_country-finlande","kji_court-cour-supreme-administrative-de-finlande","kji_chamber-precedents","kji_year-7610","kji_subject-divers","kji_keyword-niita","kji_keyword-tarvittava","kji_keyword-tietoliikenneyhteydet","kji_keyword-varten","kji_keyword-yleiset","kji_language-multilingue"],"yoast_head":"<!-- This site is optimized with the Yoast SEO Premium plugin v27.5 (Yoast SEO v27.5) - https:\/\/yoast.com\/product\/yoast-seo-premium-wordpress\/ -->\n<title>KHO:2026:13 - Yleiset tietoliikenneyhteydet ja niit\u00e4 varten tarvittava infrastruktuuri - Ma\u00eetre Hassan Kohen, avocat en droit p\u00e9nal \u00e0 Paris<\/title>\n<meta name=\"robots\" content=\"index, follow, max-snippet:-1, max-image-preview:large, max-video-preview:-1\" \/>\n<link rel=\"canonical\" href=\"https:\/\/kohenavocats.com\/zh-hans\/jurisprudences\/kho202613-yleiset-tietoliikenneyhteydet-ja-niita-varten-tarvittava-infrastruktuuri\/\" \/>\n<meta property=\"og:locale\" content=\"zh_CN\" \/>\n<meta property=\"og:type\" content=\"article\" \/>\n<meta property=\"og:title\" content=\"KHO:2026:13 - Yleiset tietoliikenneyhteydet ja niit\u00e4 varten tarvittava infrastruktuuri\" \/>\n<meta property=\"og:description\" content=\"I \u00e4rendet skulle avg\u00f6ras huruvida A Ab var ett s\u00e5dant f\u00f6retag som kan beviljas r\u00e4tt enligt lagen om tj\u00e4nster inom elektronisk kommunikation att placera en radiomast f\u00f6r mobiln\u00e4t p\u00e5 en fastighet som \u00e4gs av n\u00e5gon annan. A Ab ingick i en telekoncern d\u00e4r systerbolaget B Abp i Finland idkade allm\u00e4n televerksamhet och d\u00e4rmed var ett...\" \/>\n<meta property=\"og:url\" content=\"https:\/\/kohenavocats.com\/zh-hans\/jurisprudences\/kho202613-yleiset-tietoliikenneyhteydet-ja-niita-varten-tarvittava-infrastruktuuri\/\" \/>\n<meta property=\"og:site_name\" content=\"Ma\u00eetre Hassan Kohen, avocat en droit p\u00e9nal \u00e0 Paris\" \/>\n<meta name=\"twitter:card\" content=\"summary_large_image\" \/>\n<meta name=\"twitter:label1\" content=\"\u9884\u8ba1\u9605\u8bfb\u65f6\u95f4\" \/>\n\t<meta name=\"twitter:data1\" content=\"13 \u5206\" \/>\n<script type=\"application\/ld+json\" class=\"yoast-schema-graph\">{\"@context\":\"https:\\\/\\\/schema.org\",\"@graph\":[{\"@type\":\"WebPage\",\"@id\":\"https:\\\/\\\/kohenavocats.com\\\/zh-hans\\\/jurisprudences\\\/kho202613-yleiset-tietoliikenneyhteydet-ja-niita-varten-tarvittava-infrastruktuuri\\\/\",\"url\":\"https:\\\/\\\/kohenavocats.com\\\/zh-hans\\\/jurisprudences\\\/kho202613-yleiset-tietoliikenneyhteydet-ja-niita-varten-tarvittava-infrastruktuuri\\\/\",\"name\":\"KHO:2026:13 - Yleiset tietoliikenneyhteydet ja niit\u00e4 varten tarvittava infrastruktuuri - Ma\u00eetre Hassan Kohen, avocat en droit p\u00e9nal \u00e0 Paris\",\"isPartOf\":{\"@id\":\"https:\\\/\\\/kohenavocats.com\\\/zh-hans\\\/#website\"},\"datePublished\":\"2026-04-22T06:13:46+00:00\",\"breadcrumb\":{\"@id\":\"https:\\\/\\\/kohenavocats.com\\\/zh-hans\\\/jurisprudences\\\/kho202613-yleiset-tietoliikenneyhteydet-ja-niita-varten-tarvittava-infrastruktuuri\\\/#breadcrumb\"},\"inLanguage\":\"zh-Hans\",\"potentialAction\":[{\"@type\":\"ReadAction\",\"target\":[\"https:\\\/\\\/kohenavocats.com\\\/zh-hans\\\/jurisprudences\\\/kho202613-yleiset-tietoliikenneyhteydet-ja-niita-varten-tarvittava-infrastruktuuri\\\/\"]}]},{\"@type\":\"BreadcrumbList\",\"@id\":\"https:\\\/\\\/kohenavocats.com\\\/zh-hans\\\/jurisprudences\\\/kho202613-yleiset-tietoliikenneyhteydet-ja-niita-varten-tarvittava-infrastruktuuri\\\/#breadcrumb\",\"itemListElement\":[{\"@type\":\"ListItem\",\"position\":1,\"name\":\"Home\",\"item\":\"https:\\\/\\\/kohenavocats.com\\\/zh-hans\\\/\"},{\"@type\":\"ListItem\",\"position\":2,\"name\":\"Jurisprudences\",\"item\":\"https:\\\/\\\/kohenavocats.com\\\/zh-hans\\\/jurisprudences\\\/\"},{\"@type\":\"ListItem\",\"position\":3,\"name\":\"KHO:2026:13 &#8211; Yleiset tietoliikenneyhteydet ja niit\u00e4 varten tarvittava infrastruktuuri\"}]},{\"@type\":\"WebSite\",\"@id\":\"https:\\\/\\\/kohenavocats.com\\\/zh-hans\\\/#website\",\"url\":\"https:\\\/\\\/kohenavocats.com\\\/zh-hans\\\/\",\"name\":\"Kohen Avocats\",\"description\":\"Ma\u00eetre Hassan Kohen, avocat p\u00e9naliste \u00e0 Paris, intervient exclusivement en droit p\u00e9nal pour la d\u00e9fense des particuliers, notamment en mati\u00e8re d\u2019accusations de viol. Il assure un accompagnement rigoureux d\u00e8s la garde \u00e0 vue jusqu\u2019\u00e0 la Cour d\u2019assises, veillant au strict respect des garanties proc\u00e9durales.\",\"publisher\":{\"@id\":\"https:\\\/\\\/kohenavocats.com\\\/zh-hans\\\/#organization\"},\"potentialAction\":[{\"@type\":\"SearchAction\",\"target\":{\"@type\":\"EntryPoint\",\"urlTemplate\":\"https:\\\/\\\/kohenavocats.com\\\/zh-hans\\\/?s={search_term_string}\"},\"query-input\":{\"@type\":\"PropertyValueSpecification\",\"valueRequired\":true,\"valueName\":\"search_term_string\"}}],\"inLanguage\":\"zh-Hans\"},{\"@type\":\"Organization\",\"@id\":\"https:\\\/\\\/kohenavocats.com\\\/zh-hans\\\/#organization\",\"name\":\"Kohen Avocats\",\"url\":\"https:\\\/\\\/kohenavocats.com\\\/zh-hans\\\/\",\"logo\":{\"@type\":\"ImageObject\",\"inLanguage\":\"zh-Hans\",\"@id\":\"https:\\\/\\\/kohenavocats.com\\\/zh-hans\\\/#\\\/schema\\\/logo\\\/image\\\/\",\"url\":\"https:\\\/\\\/kohenavocats.com\\\/wp-content\\\/uploads\\\/2026\\\/01\\\/Logo-2-1.webp\",\"contentUrl\":\"https:\\\/\\\/kohenavocats.com\\\/wp-content\\\/uploads\\\/2026\\\/01\\\/Logo-2-1.webp\",\"width\":2114,\"height\":1253,\"caption\":\"Kohen Avocats\"},\"image\":{\"@id\":\"https:\\\/\\\/kohenavocats.com\\\/zh-hans\\\/#\\\/schema\\\/logo\\\/image\\\/\"}}]}<\/script>\n<!-- \/ Yoast SEO Premium plugin. -->","yoast_head_json":{"title":"KHO:2026:13 - Yleiset tietoliikenneyhteydet ja niit\u00e4 varten tarvittava infrastruktuuri - Ma\u00eetre Hassan Kohen, avocat en droit p\u00e9nal \u00e0 Paris","robots":{"index":"index","follow":"follow","max-snippet":"max-snippet:-1","max-image-preview":"max-image-preview:large","max-video-preview":"max-video-preview:-1"},"canonical":"https:\/\/kohenavocats.com\/zh-hans\/jurisprudences\/kho202613-yleiset-tietoliikenneyhteydet-ja-niita-varten-tarvittava-infrastruktuuri\/","og_locale":"zh_CN","og_type":"article","og_title":"KHO:2026:13 - Yleiset tietoliikenneyhteydet ja niit\u00e4 varten tarvittava infrastruktuuri","og_description":"I \u00e4rendet skulle avg\u00f6ras huruvida A Ab var ett s\u00e5dant f\u00f6retag som kan beviljas r\u00e4tt enligt lagen om tj\u00e4nster inom elektronisk kommunikation att placera en radiomast f\u00f6r mobiln\u00e4t p\u00e5 en fastighet som \u00e4gs av n\u00e5gon annan. A Ab ingick i en telekoncern d\u00e4r systerbolaget B Abp i Finland idkade allm\u00e4n televerksamhet och d\u00e4rmed var ett...","og_url":"https:\/\/kohenavocats.com\/zh-hans\/jurisprudences\/kho202613-yleiset-tietoliikenneyhteydet-ja-niita-varten-tarvittava-infrastruktuuri\/","og_site_name":"Ma\u00eetre Hassan Kohen, avocat en droit p\u00e9nal \u00e0 Paris","twitter_card":"summary_large_image","twitter_misc":{"\u9884\u8ba1\u9605\u8bfb\u65f6\u95f4":"13 \u5206"},"schema":{"@context":"https:\/\/schema.org","@graph":[{"@type":"WebPage","@id":"https:\/\/kohenavocats.com\/zh-hans\/jurisprudences\/kho202613-yleiset-tietoliikenneyhteydet-ja-niita-varten-tarvittava-infrastruktuuri\/","url":"https:\/\/kohenavocats.com\/zh-hans\/jurisprudences\/kho202613-yleiset-tietoliikenneyhteydet-ja-niita-varten-tarvittava-infrastruktuuri\/","name":"KHO:2026:13 - Yleiset tietoliikenneyhteydet ja niit\u00e4 varten tarvittava infrastruktuuri - Ma\u00eetre Hassan Kohen, avocat en droit p\u00e9nal \u00e0 Paris","isPartOf":{"@id":"https:\/\/kohenavocats.com\/zh-hans\/#website"},"datePublished":"2026-04-22T06:13:46+00:00","breadcrumb":{"@id":"https:\/\/kohenavocats.com\/zh-hans\/jurisprudences\/kho202613-yleiset-tietoliikenneyhteydet-ja-niita-varten-tarvittava-infrastruktuuri\/#breadcrumb"},"inLanguage":"zh-Hans","potentialAction":[{"@type":"ReadAction","target":["https:\/\/kohenavocats.com\/zh-hans\/jurisprudences\/kho202613-yleiset-tietoliikenneyhteydet-ja-niita-varten-tarvittava-infrastruktuuri\/"]}]},{"@type":"BreadcrumbList","@id":"https:\/\/kohenavocats.com\/zh-hans\/jurisprudences\/kho202613-yleiset-tietoliikenneyhteydet-ja-niita-varten-tarvittava-infrastruktuuri\/#breadcrumb","itemListElement":[{"@type":"ListItem","position":1,"name":"Home","item":"https:\/\/kohenavocats.com\/zh-hans\/"},{"@type":"ListItem","position":2,"name":"Jurisprudences","item":"https:\/\/kohenavocats.com\/zh-hans\/jurisprudences\/"},{"@type":"ListItem","position":3,"name":"KHO:2026:13 &#8211; Yleiset tietoliikenneyhteydet ja niit\u00e4 varten tarvittava infrastruktuuri"}]},{"@type":"WebSite","@id":"https:\/\/kohenavocats.com\/zh-hans\/#website","url":"https:\/\/kohenavocats.com\/zh-hans\/","name":"Kohen Avocats","description":"Ma\u00eetre Hassan Kohen, avocat p\u00e9naliste \u00e0 Paris, intervient exclusivement en droit p\u00e9nal pour la d\u00e9fense des particuliers, notamment en mati\u00e8re d\u2019accusations de viol. Il assure un accompagnement rigoureux d\u00e8s la garde \u00e0 vue jusqu\u2019\u00e0 la Cour d\u2019assises, veillant au strict respect des garanties proc\u00e9durales.","publisher":{"@id":"https:\/\/kohenavocats.com\/zh-hans\/#organization"},"potentialAction":[{"@type":"SearchAction","target":{"@type":"EntryPoint","urlTemplate":"https:\/\/kohenavocats.com\/zh-hans\/?s={search_term_string}"},"query-input":{"@type":"PropertyValueSpecification","valueRequired":true,"valueName":"search_term_string"}}],"inLanguage":"zh-Hans"},{"@type":"Organization","@id":"https:\/\/kohenavocats.com\/zh-hans\/#organization","name":"Kohen Avocats","url":"https:\/\/kohenavocats.com\/zh-hans\/","logo":{"@type":"ImageObject","inLanguage":"zh-Hans","@id":"https:\/\/kohenavocats.com\/zh-hans\/#\/schema\/logo\/image\/","url":"https:\/\/kohenavocats.com\/wp-content\/uploads\/2026\/01\/Logo-2-1.webp","contentUrl":"https:\/\/kohenavocats.com\/wp-content\/uploads\/2026\/01\/Logo-2-1.webp","width":2114,"height":1253,"caption":"Kohen Avocats"},"image":{"@id":"https:\/\/kohenavocats.com\/zh-hans\/#\/schema\/logo\/image\/"}}]}},"jetpack_likes_enabled":false,"jetpack_sharing_enabled":true,"_links":{"self":[{"href":"https:\/\/kohenavocats.com\/zh-hans\/wp-json\/wp\/v2\/kji_decision\/645656","targetHints":{"allow":["GET"]}}],"collection":[{"href":"https:\/\/kohenavocats.com\/zh-hans\/wp-json\/wp\/v2\/kji_decision"}],"about":[{"href":"https:\/\/kohenavocats.com\/zh-hans\/wp-json\/wp\/v2\/types\/kji_decision"}],"wp:attachment":[{"href":"https:\/\/kohenavocats.com\/zh-hans\/wp-json\/wp\/v2\/media?parent=645656"}],"wp:term":[{"taxonomy":"kji_country","embeddable":true,"href":"https:\/\/kohenavocats.com\/zh-hans\/wp-json\/wp\/v2\/kji_country?post=645656"},{"taxonomy":"kji_court","embeddable":true,"href":"https:\/\/kohenavocats.com\/zh-hans\/wp-json\/wp\/v2\/kji_court?post=645656"},{"taxonomy":"kji_chamber","embeddable":true,"href":"https:\/\/kohenavocats.com\/zh-hans\/wp-json\/wp\/v2\/kji_chamber?post=645656"},{"taxonomy":"kji_year","embeddable":true,"href":"https:\/\/kohenavocats.com\/zh-hans\/wp-json\/wp\/v2\/kji_year?post=645656"},{"taxonomy":"kji_subject","embeddable":true,"href":"https:\/\/kohenavocats.com\/zh-hans\/wp-json\/wp\/v2\/kji_subject?post=645656"},{"taxonomy":"kji_keyword","embeddable":true,"href":"https:\/\/kohenavocats.com\/zh-hans\/wp-json\/wp\/v2\/kji_keyword?post=645656"},{"taxonomy":"kji_language","embeddable":true,"href":"https:\/\/kohenavocats.com\/zh-hans\/wp-json\/wp\/v2\/kji_language?post=645656"}],"curies":[{"name":"wp","href":"https:\/\/api.w.org\/{rel}","templated":true}]}}