{"id":652367,"date":"2026-04-22T23:06:41","date_gmt":"2026-04-22T21:06:41","guid":{"rendered":"https:\/\/kohenavocats.com\/jurisprudences\/cour-superieure-de-justice-1-decembre-2022-n-2022-00307\/"},"modified":"2026-04-22T23:06:44","modified_gmt":"2026-04-22T21:06:44","slug":"cour-superieure-de-justice-1-decembre-2022-n-2022-00307","status":"publish","type":"kji_decision","link":"https:\/\/kohenavocats.com\/zh-hans\/jurisprudences\/cour-superieure-de-justice-1-decembre-2022-n-2022-00307\/","title":{"rendered":"Cour sup\u00e9rieure de justice, 1 d\u00e9cembre 2022, n\u00b0 2022-00307"},"content":{"rendered":"<div class=\"kji-decision\">\n<div class=\"kji-full-text\">\n<p>Arr\u00eat N\u00b0 13 4\/22 &#8211; III \u2013 TRAV<\/p>\n<p>Exempt &#8211; appel en mati\u00e8re de droit du travail.<\/p>\n<p>Audience publique du premier d\u00e9cembre deux mille vingt-deux .<\/p>\n<p>Num\u00e9ro CAL-2022-00307 du r\u00f4le<\/p>\n<p>Composition:<\/p>\n<p>MAGISTRAT1.), pr\u00e9sident de chambre, MAGISTRAT2.), conseiller, MAGISTRAT3.), conseiller, GREFFIER1.), greffier.<\/p>\n<p>Entre :<\/p>\n<p>PERSONNE1.), demeurant \u00e0 F-ADRESSE1.),<\/p>\n<p>e n t r e : appelant aux termes d\u2019un exploit de l\u2019huissier de justice HUISSIER DE JUSTICE1.) de Luxembourg du 5 mars 2019,<\/p>\n<p>comparant par Ma\u00eetre AVOCAT1.), avocat \u00e0 la Cour, demeurant \u00e0 Luxembourg,<\/p>\n<p>et :<\/p>\n<p>1) la soci\u00e9t\u00e9 \u00e0 responsabilit\u00e9 limit\u00e9e ORGANISATION1.) s.\u00e0 r.l., dissoute par acte du 11.12.2018 de Ma\u00eetre NOTAIRE1.) de Luxembourg, ayant \u00e9t\u00e9 \u00e9tablie et ayant eu son si\u00e8ge social \u00e0 L-ADRESSE2.), repr\u00e9sent\u00e9e par l\u2019associ\u00e9 unique et propri\u00e9taire de l\u2019ensemble des parts sociales de la soci\u00e9t\u00e9 dissoute la soci\u00e9t\u00e9 anonyme ORGANISATION2.) S.A., \u00e9tablie et ayant son si\u00e8ge social \u00e0 L-ADRESSE2.),<\/p>\n<p>2) la soci\u00e9t\u00e9 anonyme ORGANISATION2.) S.A., \u00e9tablie et ayant son si\u00e8ge social \u00e0 L- ADRESSE2.), repr\u00e9sent\u00e9e par son conseil d\u2019administration actuellement en fonctions,<\/p>\n<p>intim\u00e9es aux fins du susdit exploit HUISSIER DE JUSTICE1.),<\/p>\n<p>comparant par Ma\u00eetre AVOCAT2.) , avocat \u00e0 la Cour, demeurant \u00e0 Luxembourg.<\/p>\n<p>LA COUR D&#039;APPEL:<\/p>\n<p>Par exploit signifi\u00e9 le 5 mars 2019 \u00e0 la soci\u00e9t\u00e9 \u00e0 responsabilit\u00e9 limit\u00e9e ORGANISATION1.) SARL et \u00e0 la soci\u00e9t\u00e9 anonyme ORGANISATION2.) SARL, PERSONNE1.) a relev\u00e9 appel d\u2019un jugement rendu en date du 10 janvier 2019, sous le num\u00e9ro 109\/19, par le tribunal du travail de Luxembourg.<\/p>\n<p>Par requ\u00eate d\u00e9pos\u00e9e le 25 mars 2022, les deux soci\u00e9t\u00e9s intim\u00e9es ont demand\u00e9 \u00e0 la Cour d\u2019appel de d\u00e9clarer p\u00e9rim\u00e9e l\u2019instance introduite par l\u2019exploit susmentionn\u00e9 du 5 mars 2019, au motif qu\u2019aucune diligence n\u2019aurait plus \u00e9t\u00e9 accomplie depuis trois ans, plus pr\u00e9cis\u00e9ment, depuis la constitution d\u2019avocat \u00e0 la Cour du mandataire des intim\u00e9es, en date du 8 mars 2019.<\/p>\n<p>Dans des conclusions notifi\u00e9es le 15 juillet 2022, PERSONNE1.) demande \u00e0 la Cour de d\u00e9clarer cette requ\u00eate irrecevable, sinon infond\u00e9e.<\/p>\n<p>Il fait valoir que la demande des intim\u00e9es ne tient pas compte de la suspension des d\u00e9lais pr\u00e9vue par le r\u00e8glement grand-ducal du 18 mars 2020, la loi du 24 mars 2020 et le r\u00e8glement grand-ducal du 25 mars 2020 et qu\u2019en vertu de ces textes, le d\u00e9lai de p\u00e9remption d\u2019instance a \u00e9t\u00e9 \u00ab prorog\u00e9 d\u2019au moins 1 mois soit jusqu\u2019au 08.04.2022 \u00bb.<\/p>\n<p>Il s\u2019ensuivrait que la demande adverse en p\u00e9remption d\u2019instance serait pr\u00e9matur\u00e9e et partant irrecevable.<\/p>\n<p>Les intim\u00e9es soutiennent que les textes pertinents font une distinction entre deux types de d\u00e9lais, \u00e0 savoir \u00ab d\u2019une part ceux prescrits dans les proc\u00e9dures et d\u2019autre part les d\u00e9lais de proc\u00e9dure \u00bb.<\/p>\n<p>3 Tandis que les \u00ab d\u00e9lais prescrits dans les proc\u00e9dures \u00bb auraient \u00e9t\u00e9 \u00ab suspendus de mani\u00e8re g\u00e9n\u00e9rale \u00bb, les \u00ab d\u00e9lais de proc\u00e9dure \u00bb n\u2019auraient \u00e9t\u00e9 suspendus que \u00ab pour autant qu\u2019ils r\u00e9gissent le cours des proc\u00e9dures ou gouvernent l\u2019introduction d\u2019une voie de recours \u00bb.<\/p>\n<p>Or, le d\u00e9lai de p\u00e9remption d\u2019instance rel\u00e8verait de la cat\u00e9gorie des \u00ab d\u00e9lais de proc\u00e9dure \u00bb, sans pour autant r\u00e9gir le cours de la proc\u00e9dure ni gouverner l\u2019introduction d\u2019une voie de recours.<\/p>\n<p>En cons\u00e9quence, le d\u00e9lai de p\u00e9remption d\u2019instance n\u2019aurait pas \u00e9t\u00e9 suspendu en l\u2019esp\u00e8ce.<\/p>\n<p>Les intim\u00e9es font valoir en outre que, sur toute la p\u00e9riode en question, l\u2019appelant n\u2019aurait rien entrepris pour interrompre le cours du d\u00e9lai, alors pourtant qu\u2019il aurait eu \u00ab la possibilit\u00e9 de poser des actes interruptifs \u00bb.<\/p>\n<p>Il conviendrait d\u00e8s lors de dire que l\u2019instance est \u00e9teinte et que, de ce fait, le jugement dont appel a acquis la force de la chose jug\u00e9e.<\/p>\n<p>Appr\u00e9ciation de la Cour<\/p>\n<p>L\u2019article 540, alin\u00e9a 1 du Nouveau Code de proc\u00e9dure civile se lit comme suit : \u00ab Toute instance sera \u00e9teinte par discontinuation des poursuites pendant trois ans. \u00bb<\/p>\n<p>L\u2019article 542 du m\u00eame Code pr\u00e9cise que \u00ab la p\u00e9remption n\u2019aura pas lieu de droit ; elle se couvrira par les actes valables faits par l\u2019une ou l\u2019autre des parties avant la demande en p\u00e9remption. \u00bb<\/p>\n<p>La p\u00e9remption d\u2019instance repose sur une pr\u00e9somption d\u2019abandon de l\u2019instance par celui qui l\u2019a introduite.<\/p>\n<p>Elle suppose l\u2019absence de toute diligence ou impulsion processuelle destin\u00e9e \u00e0 faire progresser l\u2019affaire pendant le d\u00e9lai l\u00e9gal (cf. Cass. fr., 3 e civ. 20.12.1994, Bull. civ. III, n\u00b0 227, RTD civ. 1995, 683 obs. R. Perrot ; L. Cadiet, Droit judiciaire priv\u00e9, Litec, 3 e \u00e9d., n\u00b0 1371).<\/p>\n<p>A la supposer \u00e9tablie, la p\u00e9remption emporte l\u2019extinction et l\u2019an\u00e9antissement de l\u2019instance.<\/p>\n<p>4 L\u2019article 1 (1) du r\u00e8glement grand-ducal du 25 mars 2020 portant suspension des d\u00e9lais en mati\u00e8re juridictionnelle et adaptation temporaire de certaines autres modalit\u00e9s dispose ce qui suit :<\/p>\n<p>\u00ab Les d\u00e9lais prescrits dans les proc\u00e9dures devant les juridictions constitutionnelles, judiciaires, administratives et militaires sont suspendus. Sont \u00e9galement suspendus les d\u00e9lais de proc\u00e9dure suivants : &#8211; les d\u00e9lais qui r\u00e9gissent le cours des proc\u00e9dures comme les d\u00e9lais de mise en \u00e9tat et &#8211; les d\u00e9lais pr\u00e9fix, de forclusion ou de d\u00e9ch\u00e9ance qui gouvernent l\u2019introduction des voies de recours ordinaires et extraordinaires contre les ordonnances, jugements ou arr\u00eats. \u00bb Le d\u00e9lai de p\u00e9remption d\u2019instance, pr\u00e9vu par l\u2019article 540 du Nouveau Code de proc\u00e9dure civile, est un d\u00e9lai r\u00e9gissant le cours des proc\u00e9dures, au sens de la disposition cit\u00e9e ci-dessus.<\/p>\n<p>En vertu de l\u2019article 7 de ce m\u00eame r\u00e8glement, cette suspension a pris cours le 26 mars 2020 et, en vertu de l\u2019article 1 de la loi du 24 mars 2020 portant prorogation de l\u2019\u00e9tat de crise d\u00e9clar\u00e9 par le r\u00e8glement grand-ducal du 18 mars 2020 portant introduction d\u2019une s\u00e9rie de mesures dans le cadre de la lutte contre le Covid- 19, cette suspension a pris fin le 24 juin 2020, \u00e0 minuit (cf. Cour de cassation, 11.11.2021, arr\u00eat n\u00b0 133\/2021).<\/p>\n<p>Il suit de l\u00e0 qu\u2019en l\u2019esp\u00e8ce, le cours du d\u00e9lai de p\u00e9remption de trois ans a \u00e9t\u00e9 suspendu pendant trois mois, entre le 26 mars 2020 et le 24 juin 2020, de sorte qu\u2019en date du 25 mars 2022, jour de l\u2019introduction de la requ\u00eate en p\u00e9remption, ce d\u00e9lai n\u2019\u00e9tait pas venu \u00e0 expiration.<\/p>\n<p>Les conditions d\u2019application de l\u2019article 540 du Nouveau Code de proc\u00e9dure civile n\u2019\u00e9tant pas r\u00e9unies en l\u2019esp\u00e8ce, il y lieu de rejeter comme infond\u00e9e la requ\u00eate en p\u00e9remption des parties intim\u00e9es.<\/p>\n<p>PAR CES MOTIFS :<\/p>\n<p>la Cour d\u2019appel, troisi\u00e8me chambre, si\u00e9geant en mati\u00e8re de droit du travail, statuant contradictoirement,<\/p>\n<p>re\u00e7oit la requ\u00eate en p\u00e9remption d\u2019instance,<\/p>\n<p>la dit non fond\u00e9e et en d\u00e9boute,<\/p>\n<p>met les frais de l\u2019instance \u00e0 charge de la soci\u00e9t\u00e9 \u00e0 responsabilit\u00e9 limit\u00e9e ORGANISATION1.) SARL et de la soci\u00e9t\u00e9 anonyme ORGANISATION2.) SA.<\/p>\n<p>La lecture du pr\u00e9sent arr\u00eat a \u00e9t\u00e9 faite en la susdite audience publique par Monsieur le pr\u00e9sident de chambre MAGISTRAT1.), en pr\u00e9sence du greffier GREFFIER1.).<\/p>\n<\/div>\n<hr class=\"kji-sep\" \/>\n<p class=\"kji-source-links\"><strong>Sources officielles :<\/strong> <a class=\"kji-source-link\" href=\"https:\/\/data.public.lu\/fr\/datasets\/cour-superieure-de-justice-chambre-3\/\" target=\"_blank\" rel=\"noopener noreferrer\">consulter la page source<\/a> &middot; <a class=\"kji-pdf-link\" href=\"https:\/\/download.data.public.lu\/resources\/cour-superieure-de-justice-chambre-3\/20240827-155959\/20221201-ca3-cal-2022-00307-134-arret-peremption-anonymise-accessible.pdf\" target=\"_blank\" rel=\"noopener noreferrer\">PDF officiel<\/a><\/p>\n<p class=\"kji-license-note\"><em>Licence CC BY-ND 4.0 (Administration judiciaire, data.public.lu). Republication autorisee avec attribution, sans modification editoriale du texte integral.<\/em><\/p>\n<\/div>\n","protected":false},"excerpt":{"rendered":"<p>Arr\u00eat N\u00b0 13 4\/22 &#8211; III \u2013 TRAV Exempt &#8211; appel en mati\u00e8re de droit du travail. Audience publique du premier d\u00e9cembre deux mille vingt-deux . Num\u00e9ro CAL-2022-00307 du r\u00f4le Composition: MAGISTRAT1.), pr\u00e9sident de chambre, MAGISTRAT2.), conseiller, MAGISTRAT3.), conseiller, GREFFIER1.), greffier. Entre : PERSONNE1.), demeurant\u2026<\/p>\n","protected":false},"featured_media":0,"template":"","meta":{"_crdt_document":""},"kji_country":[8418],"kji_court":[12305],"kji_chamber":[15890],"kji_year":[32183],"kji_subject":[7724],"kji_keyword":[8683,8464,9055,12307],"kji_language":[7733],"class_list":["post-652367","kji_decision","type-kji_decision","status-publish","hentry","kji_country-luxembourg","kji_court-cour-superieure-de-justice","kji_chamber-chambre-3","kji_year-32183","kji_subject-civil","kji_keyword-arret","kji_keyword-decembre","kji_keyword-justice","kji_keyword-superieure","kji_language-francais"],"yoast_head":"<!-- This site is optimized with the Yoast SEO Premium plugin v27.4 (Yoast SEO v27.4) - https:\/\/yoast.com\/product\/yoast-seo-premium-wordpress\/ -->\n<title>Cour sup\u00e9rieure de justice, 1 d\u00e9cembre 2022, n\u00b0 2022-00307 - Ma\u00eetre Hassan Kohen, avocat en droit p\u00e9nal \u00e0 Paris<\/title>\n<meta name=\"robots\" content=\"index, follow, max-snippet:-1, max-image-preview:large, max-video-preview:-1\" \/>\n<link rel=\"canonical\" href=\"https:\/\/kohenavocats.com\/zh-hans\/jurisprudences\/cour-superieure-de-justice-1-decembre-2022-n-2022-00307\/\" \/>\n<meta property=\"og:locale\" content=\"zh_CN\" \/>\n<meta property=\"og:type\" content=\"article\" \/>\n<meta property=\"og:title\" content=\"Cour sup\u00e9rieure de justice, 1 d\u00e9cembre 2022, n\u00b0 2022-00307\" \/>\n<meta property=\"og:description\" content=\"Arr\u00eat N\u00b0 13 4\/22 - III \u2013 TRAV Exempt - appel en mati\u00e8re de droit du travail. Audience publique du premier d\u00e9cembre deux mille vingt-deux . Num\u00e9ro CAL-2022-00307 du r\u00f4le Composition: MAGISTRAT1.), pr\u00e9sident de chambre, MAGISTRAT2.), conseiller, MAGISTRAT3.), conseiller, GREFFIER1.), greffier. Entre : PERSONNE1.), demeurant\u2026\" \/>\n<meta property=\"og:url\" content=\"https:\/\/kohenavocats.com\/zh-hans\/jurisprudences\/cour-superieure-de-justice-1-decembre-2022-n-2022-00307\/\" \/>\n<meta property=\"og:site_name\" content=\"Ma\u00eetre Hassan Kohen, avocat en droit p\u00e9nal \u00e0 Paris\" \/>\n<meta property=\"article:modified_time\" content=\"2026-04-22T21:06:44+00:00\" \/>\n<meta name=\"twitter:card\" content=\"summary_large_image\" \/>\n<meta name=\"twitter:label1\" content=\"\u9884\u8ba1\u9605\u8bfb\u65f6\u95f4\" \/>\n\t<meta name=\"twitter:data1\" content=\"6 \u5206\" \/>\n<script type=\"application\/ld+json\" class=\"yoast-schema-graph\">{\"@context\":\"https:\\\/\\\/schema.org\",\"@graph\":[{\"@type\":\"WebPage\",\"@id\":\"https:\\\/\\\/kohenavocats.com\\\/zh-hans\\\/jurisprudences\\\/cour-superieure-de-justice-1-decembre-2022-n-2022-00307\\\/\",\"url\":\"https:\\\/\\\/kohenavocats.com\\\/zh-hans\\\/jurisprudences\\\/cour-superieure-de-justice-1-decembre-2022-n-2022-00307\\\/\",\"name\":\"Cour sup\u00e9rieure de justice, 1 d\u00e9cembre 2022, n\u00b0 2022-00307 - Ma\u00eetre Hassan Kohen, avocat en droit p\u00e9nal \u00e0 Paris\",\"isPartOf\":{\"@id\":\"https:\\\/\\\/kohenavocats.com\\\/zh-hans\\\/#website\"},\"datePublished\":\"2026-04-22T21:06:41+00:00\",\"dateModified\":\"2026-04-22T21:06:44+00:00\",\"breadcrumb\":{\"@id\":\"https:\\\/\\\/kohenavocats.com\\\/zh-hans\\\/jurisprudences\\\/cour-superieure-de-justice-1-decembre-2022-n-2022-00307\\\/#breadcrumb\"},\"inLanguage\":\"zh-Hans\",\"potentialAction\":[{\"@type\":\"ReadAction\",\"target\":[\"https:\\\/\\\/kohenavocats.com\\\/zh-hans\\\/jurisprudences\\\/cour-superieure-de-justice-1-decembre-2022-n-2022-00307\\\/\"]}]},{\"@type\":\"BreadcrumbList\",\"@id\":\"https:\\\/\\\/kohenavocats.com\\\/zh-hans\\\/jurisprudences\\\/cour-superieure-de-justice-1-decembre-2022-n-2022-00307\\\/#breadcrumb\",\"itemListElement\":[{\"@type\":\"ListItem\",\"position\":1,\"name\":\"Home\",\"item\":\"https:\\\/\\\/kohenavocats.com\\\/zh-hans\\\/\"},{\"@type\":\"ListItem\",\"position\":2,\"name\":\"Jurisprudences\",\"item\":\"https:\\\/\\\/kohenavocats.com\\\/zh-hans\\\/jurisprudences\\\/\"},{\"@type\":\"ListItem\",\"position\":3,\"name\":\"Cour sup\u00e9rieure de justice, 1 d\u00e9cembre 2022, n\u00b0 2022-00307\"}]},{\"@type\":\"WebSite\",\"@id\":\"https:\\\/\\\/kohenavocats.com\\\/zh-hans\\\/#website\",\"url\":\"https:\\\/\\\/kohenavocats.com\\\/zh-hans\\\/\",\"name\":\"Kohen Avocats\",\"description\":\"Ma\u00eetre Hassan Kohen, avocat p\u00e9naliste \u00e0 Paris, intervient exclusivement en droit p\u00e9nal pour la d\u00e9fense des particuliers, notamment en mati\u00e8re d\u2019accusations de viol. Il assure un accompagnement rigoureux d\u00e8s la garde \u00e0 vue jusqu\u2019\u00e0 la Cour d\u2019assises, veillant au strict respect des garanties proc\u00e9durales.\",\"publisher\":{\"@id\":\"https:\\\/\\\/kohenavocats.com\\\/zh-hans\\\/#organization\"},\"potentialAction\":[{\"@type\":\"SearchAction\",\"target\":{\"@type\":\"EntryPoint\",\"urlTemplate\":\"https:\\\/\\\/kohenavocats.com\\\/zh-hans\\\/?s={search_term_string}\"},\"query-input\":{\"@type\":\"PropertyValueSpecification\",\"valueRequired\":true,\"valueName\":\"search_term_string\"}}],\"inLanguage\":\"zh-Hans\"},{\"@type\":\"Organization\",\"@id\":\"https:\\\/\\\/kohenavocats.com\\\/zh-hans\\\/#organization\",\"name\":\"Kohen Avocats\",\"url\":\"https:\\\/\\\/kohenavocats.com\\\/zh-hans\\\/\",\"logo\":{\"@type\":\"ImageObject\",\"inLanguage\":\"zh-Hans\",\"@id\":\"https:\\\/\\\/kohenavocats.com\\\/zh-hans\\\/#\\\/schema\\\/logo\\\/image\\\/\",\"url\":\"https:\\\/\\\/kohenavocats.com\\\/wp-content\\\/uploads\\\/2026\\\/01\\\/Logo-2-1.webp\",\"contentUrl\":\"https:\\\/\\\/kohenavocats.com\\\/wp-content\\\/uploads\\\/2026\\\/01\\\/Logo-2-1.webp\",\"width\":2114,\"height\":1253,\"caption\":\"Kohen Avocats\"},\"image\":{\"@id\":\"https:\\\/\\\/kohenavocats.com\\\/zh-hans\\\/#\\\/schema\\\/logo\\\/image\\\/\"}}]}<\/script>\n<!-- \/ Yoast SEO Premium plugin. -->","yoast_head_json":{"title":"Cour sup\u00e9rieure de justice, 1 d\u00e9cembre 2022, n\u00b0 2022-00307 - Ma\u00eetre Hassan Kohen, avocat en droit p\u00e9nal \u00e0 Paris","robots":{"index":"index","follow":"follow","max-snippet":"max-snippet:-1","max-image-preview":"max-image-preview:large","max-video-preview":"max-video-preview:-1"},"canonical":"https:\/\/kohenavocats.com\/zh-hans\/jurisprudences\/cour-superieure-de-justice-1-decembre-2022-n-2022-00307\/","og_locale":"zh_CN","og_type":"article","og_title":"Cour sup\u00e9rieure de justice, 1 d\u00e9cembre 2022, n\u00b0 2022-00307","og_description":"Arr\u00eat N\u00b0 13 4\/22 - III \u2013 TRAV Exempt - appel en mati\u00e8re de droit du travail. Audience publique du premier d\u00e9cembre deux mille vingt-deux . Num\u00e9ro CAL-2022-00307 du r\u00f4le Composition: MAGISTRAT1.), pr\u00e9sident de chambre, MAGISTRAT2.), conseiller, MAGISTRAT3.), conseiller, GREFFIER1.), greffier. Entre : PERSONNE1.), demeurant\u2026","og_url":"https:\/\/kohenavocats.com\/zh-hans\/jurisprudences\/cour-superieure-de-justice-1-decembre-2022-n-2022-00307\/","og_site_name":"Ma\u00eetre Hassan Kohen, avocat en droit p\u00e9nal \u00e0 Paris","article_modified_time":"2026-04-22T21:06:44+00:00","twitter_card":"summary_large_image","twitter_misc":{"\u9884\u8ba1\u9605\u8bfb\u65f6\u95f4":"6 \u5206"},"schema":{"@context":"https:\/\/schema.org","@graph":[{"@type":"WebPage","@id":"https:\/\/kohenavocats.com\/zh-hans\/jurisprudences\/cour-superieure-de-justice-1-decembre-2022-n-2022-00307\/","url":"https:\/\/kohenavocats.com\/zh-hans\/jurisprudences\/cour-superieure-de-justice-1-decembre-2022-n-2022-00307\/","name":"Cour sup\u00e9rieure de justice, 1 d\u00e9cembre 2022, n\u00b0 2022-00307 - Ma\u00eetre Hassan Kohen, avocat en droit p\u00e9nal \u00e0 Paris","isPartOf":{"@id":"https:\/\/kohenavocats.com\/zh-hans\/#website"},"datePublished":"2026-04-22T21:06:41+00:00","dateModified":"2026-04-22T21:06:44+00:00","breadcrumb":{"@id":"https:\/\/kohenavocats.com\/zh-hans\/jurisprudences\/cour-superieure-de-justice-1-decembre-2022-n-2022-00307\/#breadcrumb"},"inLanguage":"zh-Hans","potentialAction":[{"@type":"ReadAction","target":["https:\/\/kohenavocats.com\/zh-hans\/jurisprudences\/cour-superieure-de-justice-1-decembre-2022-n-2022-00307\/"]}]},{"@type":"BreadcrumbList","@id":"https:\/\/kohenavocats.com\/zh-hans\/jurisprudences\/cour-superieure-de-justice-1-decembre-2022-n-2022-00307\/#breadcrumb","itemListElement":[{"@type":"ListItem","position":1,"name":"Home","item":"https:\/\/kohenavocats.com\/zh-hans\/"},{"@type":"ListItem","position":2,"name":"Jurisprudences","item":"https:\/\/kohenavocats.com\/zh-hans\/jurisprudences\/"},{"@type":"ListItem","position":3,"name":"Cour sup\u00e9rieure de justice, 1 d\u00e9cembre 2022, n\u00b0 2022-00307"}]},{"@type":"WebSite","@id":"https:\/\/kohenavocats.com\/zh-hans\/#website","url":"https:\/\/kohenavocats.com\/zh-hans\/","name":"Kohen Avocats","description":"Ma\u00eetre Hassan Kohen, avocat p\u00e9naliste \u00e0 Paris, intervient exclusivement en droit p\u00e9nal pour la d\u00e9fense des particuliers, notamment en mati\u00e8re d\u2019accusations de viol. Il assure un accompagnement rigoureux d\u00e8s la garde \u00e0 vue jusqu\u2019\u00e0 la Cour d\u2019assises, veillant au strict respect des garanties proc\u00e9durales.","publisher":{"@id":"https:\/\/kohenavocats.com\/zh-hans\/#organization"},"potentialAction":[{"@type":"SearchAction","target":{"@type":"EntryPoint","urlTemplate":"https:\/\/kohenavocats.com\/zh-hans\/?s={search_term_string}"},"query-input":{"@type":"PropertyValueSpecification","valueRequired":true,"valueName":"search_term_string"}}],"inLanguage":"zh-Hans"},{"@type":"Organization","@id":"https:\/\/kohenavocats.com\/zh-hans\/#organization","name":"Kohen Avocats","url":"https:\/\/kohenavocats.com\/zh-hans\/","logo":{"@type":"ImageObject","inLanguage":"zh-Hans","@id":"https:\/\/kohenavocats.com\/zh-hans\/#\/schema\/logo\/image\/","url":"https:\/\/kohenavocats.com\/wp-content\/uploads\/2026\/01\/Logo-2-1.webp","contentUrl":"https:\/\/kohenavocats.com\/wp-content\/uploads\/2026\/01\/Logo-2-1.webp","width":2114,"height":1253,"caption":"Kohen Avocats"},"image":{"@id":"https:\/\/kohenavocats.com\/zh-hans\/#\/schema\/logo\/image\/"}}]}},"jetpack_likes_enabled":false,"jetpack_sharing_enabled":true,"_links":{"self":[{"href":"https:\/\/kohenavocats.com\/zh-hans\/wp-json\/wp\/v2\/kji_decision\/652367","targetHints":{"allow":["GET"]}}],"collection":[{"href":"https:\/\/kohenavocats.com\/zh-hans\/wp-json\/wp\/v2\/kji_decision"}],"about":[{"href":"https:\/\/kohenavocats.com\/zh-hans\/wp-json\/wp\/v2\/types\/kji_decision"}],"wp:attachment":[{"href":"https:\/\/kohenavocats.com\/zh-hans\/wp-json\/wp\/v2\/media?parent=652367"}],"wp:term":[{"taxonomy":"kji_country","embeddable":true,"href":"https:\/\/kohenavocats.com\/zh-hans\/wp-json\/wp\/v2\/kji_country?post=652367"},{"taxonomy":"kji_court","embeddable":true,"href":"https:\/\/kohenavocats.com\/zh-hans\/wp-json\/wp\/v2\/kji_court?post=652367"},{"taxonomy":"kji_chamber","embeddable":true,"href":"https:\/\/kohenavocats.com\/zh-hans\/wp-json\/wp\/v2\/kji_chamber?post=652367"},{"taxonomy":"kji_year","embeddable":true,"href":"https:\/\/kohenavocats.com\/zh-hans\/wp-json\/wp\/v2\/kji_year?post=652367"},{"taxonomy":"kji_subject","embeddable":true,"href":"https:\/\/kohenavocats.com\/zh-hans\/wp-json\/wp\/v2\/kji_subject?post=652367"},{"taxonomy":"kji_keyword","embeddable":true,"href":"https:\/\/kohenavocats.com\/zh-hans\/wp-json\/wp\/v2\/kji_keyword?post=652367"},{"taxonomy":"kji_language","embeddable":true,"href":"https:\/\/kohenavocats.com\/zh-hans\/wp-json\/wp\/v2\/kji_language?post=652367"}],"curies":[{"name":"wp","href":"https:\/\/api.w.org\/{rel}","templated":true}]}}