{"id":652663,"date":"2026-04-22T23:17:59","date_gmt":"2026-04-22T21:17:59","guid":{"rendered":"https:\/\/kohenavocats.com\/jurisprudences\/tribunal-darrondissement-14-juillet-2022\/"},"modified":"2026-04-22T23:18:03","modified_gmt":"2026-04-22T21:18:03","slug":"tribunal-darrondissement-14-juillet-2022","status":"publish","type":"kji_decision","link":"https:\/\/kohenavocats.com\/zh-hans\/jurisprudences\/tribunal-darrondissement-14-juillet-2022\/","title":{"rendered":"Tribunal d&#8217;arrondissement, 14 juillet 2022"},"content":{"rendered":"<div class=\"kji-decision\">\n<div class=\"kji-full-text\">\n<p>Jugt. n\u00b0 1966\/2022 Not. 33465\/21\/CD<\/p>\n<p>Audience publique du 14 juillet 2022<\/p>\n<p>Le Tribunal d&#039;arrondissement de et \u00e0 Luxembourg, douzi\u00e8me chambre , si\u00e9geant en mati\u00e8re correctionnelle, a rendu le jugement qui suit :<\/p>\n<p>Dans la cause entre :<\/p>\n<p>PERSONNE1.), n\u00e9e le DATE1.) \u00e0 ADRESSE1.), demeurant \u00e0 L-ADRESSE2.),<\/p>\n<p>comparant par AVOCAT1.), avocat \u00e0 la Cour, demeurant \u00e0 Luxembourg, en l\u2019\u00e9tude duquel domicile est \u00e9lu;<\/p>\n<p>\u2013 citante direct e et demanderesse au civil \u2013<\/p>\n<p>et<\/p>\n<p>1) SOCIETE1.) S.\u00e0r.l., \u00e9tablie et ayant son si\u00e8ge social \u00e0 L-ADRESSE3.), repr\u00e9sent\u00e9e pas son g\u00e9rant actuellement en fonctions, inscrite au Registre de Commerce et des Soci\u00e9t\u00e9s de Luxembourg sous le num\u00e9ro NUMERO1.),<\/p>\n<p>2) PERSONNE2.), g\u00e9rant de SOCIETE1.) S.\u00e0r.l., n\u00e9 le DATE2.) \u00e0 ADRESSE4.) (Cameroun), demeurant \u00e0 L-ADRESSE5.),<\/p>\n<p>\u2013 cit\u00e9s direct es et d\u00e9fenderesses au civil \u2013<\/p>\n<p>en pr\u00e9sence du Minist\u00e8re Public, partie jointe.<\/p>\n<p>FAITS :<\/p>\n<p>Par acte de l\u2019huissier de justice HUISSIER DE JUSTICE1.) d\u2019Esch-sur-Alzette du 7 octobre 2021, PERSONNE1.) a fait donner citation \u00e0 SOCIETE1.) S.\u00e0r.l. et \u00e0 PERSONNE2.) de compara\u00eetre en date du 8 novembre 2021 devant le Tribunal correctionnel de Luxembourg, afin de les voir condamner, selon les peines \u00e0 requ\u00e9rir par le Minist\u00e8re Public, du chef des infractions mentionn\u00e9es dans la citation directe.<\/p>\n<p>L\u2019affaire fut remise en date du 22 novembre 2021 de pouvoir \u00eatre utilement retenue \u00e0 l&#039;audience publique du 27 juin 2022.<\/p>\n<p>A l&#039;appel de la cause \u00e0 cette audience, Ma\u00eetre AVOCAT1.) demanda, sur base de l\u2019article 185, de repr\u00e9senter la citante directe PERSONNE1.).<\/p>\n<p>Le Minist\u00e8re Public ne s\u2019y opposa pas.<\/p>\n<p>Le Tribunal autorisa Ma\u00eetre AVOCAT1.) de repr\u00e9senter la citante directe PERSONNE1.).<\/p>\n<p>Le mandataire de la citante directe PERSONNE1.), Ma\u00eetre AVOCAT1.), avocat \u00e0 la Cour, demeurant \u00e0 Luxembourg, d\u00e9veloppa les moyens de la citante directe.<\/p>\n<p>Le cit\u00e9 direct renon\u00e7a \u00e0 l\u2019assistance d\u2019un avocat par d\u00e9claration \u00e9crite, dat\u00e9e et sign\u00e9e conform\u00e9ment \u00e0 l\u2019article 3-6 point 8 du code de proc\u00e9dure p\u00e9nale et fut ensuite entendu en ses explications et moyens de d\u00e9fense.<\/p>\n<p>Les cit\u00e9s directs SOCIETE1.) S.\u00e0r.l. et \u00e0 PERSONNE2.) furent entendus en leurs moyens de d\u00e9fense, tant qu\u2019au p\u00e9nal qu\u2019au civil.<\/p>\n<p>La repr\u00e9sentante du Minist\u00e8re Public, MAGISTRAT1.), premier substitut du procureur d\u2019Etat, r\u00e9suma l&#039;affaire et fut entendue en son r\u00e9quisitoire.<\/p>\n<p>Le Tribunal prit l&#039;affaire en d\u00e9lib\u00e9r\u00e9 et rendit \u00e0 l&#039;audience publique de ce jour, date \u00e0 laquelle le prononc\u00e9 avait \u00e9t\u00e9 fix\u00e9, le<\/p>\n<p>3 JUGEMENT qui suit :<\/p>\n<p>Par acte de l\u2019huissier de justice HUISSIER DE JUSTICE1.) d\u2019Esch-sur-Alzette du 7 octobre 2021, PERSONNE1.) a fait donner citation \u00e0 la soci\u00e9t\u00e9 \u00e0 responsabilit\u00e9 limit\u00e9e SOCIETE1.) S.\u00e0r.l. et \u00e0 PERSONNE2.) de compara\u00eetre en date du 8 novembre 2021 devant le Tribunal correctionnel de Luxembourg, afin de les voir condamner du chef de complicit\u00e9 de violation du secret professionnel, recel de violation du secret professionnel, complicit\u00e9 d\u2019abus de confiance, recel d\u2019abus de confiance et tentative d\u2019escroquerie au jugement selon les peines \u00e0 requ\u00e9rir par le Minist\u00e8re Public.<\/p>\n<p>Quant \u00e0 la recevabilit\u00e9 de la citation directe<\/p>\n<p>Contre la soci\u00e9t\u00e9 \u00e0 responsabilit\u00e9 limit\u00e9 SOCIETE1.) S\u00e0rl En date du 16 avril 2018, PERSONNE1.) a d\u00e9pos\u00e9 une plainte avec constitution de partie civile aupr\u00e8s du Juge d\u2019instruction directeur contre la soci\u00e9t\u00e9 \u00e0 responsabilit\u00e9 limit\u00e9e SOCIETE1.) S\u00e0rl et le notaire NOTAIRE1.) pour violation du secret professionnel (article 458 du Code p\u00e9nal), recel de violation du secret professionnel (article 505 du Code p\u00e9nal) et abus de confiance (article 491 du Code p\u00e9nal).<\/p>\n<p>Au vu des \u00e9l\u00e9ments du dossier r\u00e9pressif, l\u2019instruction \u00e0 l\u2019\u00e9gard de la soci\u00e9t\u00e9 \u00e0 responsabilit\u00e9 limit\u00e9e SOCIETE1.) S\u00e0rl et NOTAIRE1.) fut cl\u00f4tur\u00e9e par ordonnance du 4 mars 2021 et le Parquet du Luxembourg a inform\u00e9 la Tr\u00e9sorerie de l\u2019Etat, Caisse de consignation, de restituer \u00e0 PERSONNE1.) le cautionnement de 500 euros vers\u00e9 par celle-ci en date du 8 mai 2018.<\/p>\n<p>L\u2019ordonnance de cl\u00f4ture n\u2019a \u00e9t\u00e9 suivie de plus aucun acte de proc\u00e9dure.<\/p>\n<p>Or, si les faits faisant l&#039;objet de la citation directe sont d\u00e9j\u00e0 soumis \u00e0 une information pr\u00e9paratoire, le tribunal du fond ne peut \u00eatre saisi que sous forme de renvoi d&#039;une juridiction d&#039;instruction. Il n&#039;appartient en effet pas \u00e0 la partie civile, ni d&#039;ailleurs au Parquet, de dessaisir la juridiction d&#039;instruction et de saisir directement la juridiction de jugement. (cf. Roger THIRY, Pr\u00e9cis d&#039;instruction criminelle en droit luxembourgeois, n\u00b0 225).<\/p>\n<p>Cette proc\u00e9dure est partant toujours pendante et il est loisible \u00e0 la partice citante, PERSONNE1.), de saisir la chambre du conseil aux fins de renvoyer l\u2019affaire devant une juridiction de jugement.<\/p>\n<p>Les faits dont fait \u00e9tat PERSONNE1.) dans sa citation directe du 7 octobre 2021 sont identiques \u00e0 ceux mentionn\u00e9s dans sa plainte avec constitution de partie civile du 16 avril 2018.<\/p>\n<p>Il s&#039;ensuit que la citation directe du 7 octobre 2021 \u00e0 l\u2019encontre de la soci\u00e9t\u00e9 \u00e0 responsabilit\u00e9 limit\u00e9 SOCIETE1.) S\u00e0rl est \u00e0 d\u00e9clarer irrecevable .<\/p>\n<p>Contre PERSONNE2.) A l\u2019audience, PERSONNE2.) a conclu \u00e0 l\u2019irrecevabilit\u00e9 de la citation directe pour d\u00e9faut d\u2019indication de pr\u00e9judice dans l\u2019acte introductif d\u2019instance.<\/p>\n<p>La citation directe est un mode suivant lequel l&#039;action publique peut \u00eatre mise en mouvement, par voie principale et par initiative de la personne l\u00e9s\u00e9e. L&#039;action directe est un droit exceptionnel, qui doit \u00eatre strictement renferm\u00e9 dans les limites fix\u00e9es par le code d&#039;instruction criminelle; l&#039;action civile engag\u00e9e par voie de citation directe met n\u00e9cessairement en mouvement aussi l&#039;action publique, \u00e0 condition, toutefois qu&#039;elle soit r\u00e9guli\u00e8rement intent\u00e9e (cf. Roger Thiry, Pr\u00e9cis d&#039;instruction criminelle en droit luxembourgeois, tomes 1 et 2, n\u00b0 221).<\/p>\n<p>Si la citation directe \u00e9tait irrecevable, le Tribunal r\u00e9pressif ne pourrait statuer ni sur l&#039;action civile, ni sur l&#039;action publique (cf. Van Roye, Manuel de la partie civile, n\u00b0213, page 256).<\/p>\n<p>Pour \u00eatre recevable \u00e0 citer directement, il faut et il suffit que celui qui agit puisse se pr\u00e9tendre personnellement l\u00e9s\u00e9 par l\u2019infraction, objet de l\u2019action publique, c\u2019est-\u00e0-dire qu\u2019il justifie avoir pu \u00eatre victime de l\u2019infraction, circonstance qu\u2019il appartient au juge de fond d\u2019appr\u00e9cier souverainement en fait (Cass. Belge 28 janvier 1963, Pas. Bel. 1963, I, 609 ; Cour 19 janvier 1981, P. 25, p. 60).<\/p>\n<p>Il suffit ainsi que celui qui agit puisse se pr\u00e9tendre personnellement l\u00e9s\u00e9 par l&#039;infraction objet de l&#039;action publique, c&#039;est-\u00e0-dire qu&#039;il justifie avoir \u00e9t\u00e9 victime de l&#039;infraction.<\/p>\n<p>Il n&#039;est pas n\u00e9cessaire \u00e0 propos de la question de la recevabilit\u00e9, que le pr\u00e9judice soit d&#039;ores et d\u00e9j\u00e0 enti\u00e8rement justifi\u00e9, ce qui est une question de fond; il est cependant indispensable que le pr\u00e9judice direct, personnel et causal soit all\u00e9gu\u00e9 (cf. Roger Thiry, Pr\u00e9cis d&#039;instruction criminelle en droit luxembourgeois, tomes II, n\u00b0 223).<\/p>\n<p>En l\u2019esp\u00e8ce, la citante directe PERSONNE1.) se limite dans l\u2019exploit introductif d\u2019instance \u00e0 reprocher \u00e0 la soci\u00e9t\u00e9 \u00e0 responsabilit\u00e9 limit\u00e9 SOCIETE1.) S\u00e0rl et \u00e0 PERSONNE2.) d\u2019avoir commis plusieurs infractions au Code p\u00e9nal. Elle n\u2019all\u00e8gue cependant pas avoir subi un dommage direct, personnel et causal suite aux agissements<\/p>\n<p>5 reproch\u00e9s aux cit\u00e9s directs, la soci\u00e9t\u00e9 \u00e0 responsabilit\u00e9 limit\u00e9 SOCIETE1.) S\u00e0rl et \u00e0 PERSONNE2.), aucune demande y relative n\u2019y \u00e9tant formul\u00e9e dans l\u2019acte introductif.<\/p>\n<p>L\u2019action publique doit \u00eatre r\u00e9guli\u00e8rement mise en mouvement par l\u2019exploit qui soumet les faits au Tribunal r\u00e9pressif et il n\u2019est plus possible de rem\u00e9dier \u00e0 une irrecevabilit\u00e9 de l\u2019acte introductif d\u2019instance par une constitution de partie civile formul\u00e9e apr\u00e8s coup oralement \u00e0 l\u2019audience.<\/p>\n<p>A d\u00e9faut pour PERSONNE1.) d\u2019avoir all\u00e9gu\u00e9 un dommage direct, personnel et causal, l\u2019action publique n\u2019a pas \u00e9t\u00e9 mise en mouvement de sorte que sa demande est \u00e0 d\u00e9clarer irrecevable \u00e0 l\u2019encontre de PERSONNE2.), sans qu\u2019il y ait lieu de proc\u00e9der \u00e0 l\u2019examen des \u00e9l\u00e9ments constitutifs des infractions reproch\u00e9es.<\/p>\n<p>Au civil A l\u2019audience publique du Tribunal du 27 juin 2022, le mandataire de PERSONNE1.) s\u2019est constitu\u00e9e partie civile contre les cit\u00e9es directes, la soci\u00e9t\u00e9 \u00e0 responsabilit\u00e9 limit\u00e9 SOCIETE1.) S\u00e0rl et PERSONNE2.) et leur r\u00e9clame \u00e0 titre de r\u00e9paration du dommage moral subi la somme de 5.000 euros avec les int\u00e9r\u00eats l\u00e9gaux \u00e0 partir du jour de l\u2019infraction, sinon \u00e0 partir de la demande en justice, jusqu\u2019\u00e0 solde ainsi qu\u2019une indemnit\u00e9 de proc\u00e9dure de 3.500 euros.<\/p>\n<p>L\u2019acte de citation directe \u00e9tant irrecevable, la demande civile pr\u00e9sent\u00e9e \u00e0 l\u2019audience du Tribunal du 27 juin 2022 suit le m\u00eame sort et doit \u00eatre d\u00e9clar\u00e9e irrecevable .<\/p>\n<p>Au vu de l\u2019irrecevabilit\u00e9 de la demande civile, il y a lieu de rejeter \u00e9galement la demande en obtention d\u2019une indemnit\u00e9 de proc\u00e9dure.<\/p>\n<p>P A R C E S M O T I F S<\/p>\n<p>le Tribunal d&#039;arrondissement de et \u00e0 Luxembourg, douzi\u00e8me chambre, si\u00e9geant en mati\u00e8re correctionnelle, statuant contradictoirement, le mandataire de la citante directe, demanderesse au civil, et le d\u00e9fenseur de la cit\u00e9e directe, PERSONNE2.), d\u00e9fendeur au civil, entendus en leurs explications et moyens, la repr\u00e9sentante du Minist\u00e8re Public entendue en son r\u00e9quisitoire,<\/p>\n<p>au p\u00e9nal<\/p>\n<p>6 d\u00e9clare la citation directe irrecevable ;<\/p>\n<p>laisse les frais \u00e0 charge de la citante directe ;<\/p>\n<p>au civil<\/p>\n<p>donne acte \u00e0 la citante directe PERSONNE1.) de sa constitution de partie civile contre la soci\u00e9t\u00e9 \u00e0 responsabilit\u00e9 limit\u00e9 SOCIETE1.) S\u00e0rl et PERSONNE2.) ;<\/p>\n<p>d\u00e9clare la demande civile de PERSONNE1.) irrecevable ;<\/p>\n<p>rejette la demande en allocation d\u2019une indemnit\u00e9 de proc\u00e9dure ;<\/p>\n<p>laisse les frais de cette demande \u00e0 charge de PERSONNE1.).<\/p>\n<p>Par application des articles 1, 2, 3, 135, 135-2, 136, 179, 182, 183, 184, 185, 189, 190, 190-1, 194, 195 et 196 du code de proc\u00e9dure p\u00e9nale dont mention a \u00e9t\u00e9 faite.<\/p>\n<p>Ainsi fait et jug\u00e9 par MAGISTRAT2.), vice-pr\u00e9sident, MAGISTRAT3.), premier juge, et MAGISTRAT4.), premier juge, et prononc\u00e9 en audience publique au Tribunal d\u2019arrondissement de et \u00e0 Luxembourg par le vice-pr\u00e9sident, en pr\u00e9sence de MAGISTRAT5.), substitut du Procureur d\u2019Etat, et de GREFFIER1.) , greffier, qui, \u00e0 l&#039;exception de la repr\u00e9sentante du Minist\u00e8re Public, ont sign\u00e9 le pr\u00e9sent jugement.<\/p>\n<\/div>\n<hr class=\"kji-sep\" \/>\n<p class=\"kji-source-links\"><strong>Sources officielles :<\/strong> <a class=\"kji-source-link\" href=\"https:\/\/data.public.lu\/fr\/datasets\/tribunal-darrondissement-luxembourg-penal\/\" target=\"_blank\" rel=\"noopener noreferrer\">consulter la page source<\/a> &middot; <a class=\"kji-pdf-link\" href=\"https:\/\/download.data.public.lu\/resources\/tribunal-darrondissement-luxembourg-penal\/20240828-014100\/20220714-talux12-1966-pseudonymise-accessible.pdf\" target=\"_blank\" rel=\"noopener noreferrer\">PDF officiel<\/a><\/p>\n<p class=\"kji-license-note\"><em>Licence CC BY-ND 4.0 (Administration judiciaire, data.public.lu). Republication autorisee avec attribution, sans modification editoriale du texte integral.<\/em><\/p>\n<\/div>\n","protected":false},"excerpt":{"rendered":"<p>Jugt. n\u00b0 1966\/2022 Not. 33465\/21\/CD Audience publique du 14 juillet 2022 Le Tribunal d&#8217;arrondissement de et \u00e0 Luxembourg, douzi\u00e8me chambre , si\u00e9geant en mati\u00e8re correctionnelle, a rendu le jugement qui suit : Dans la cause entre : PERSONNE1.), n\u00e9e le DATE1.) \u00e0 ADRESSE1.), demeurant \u00e0\u2026<\/p>\n","protected":false},"featured_media":0,"template":"","meta":{"_crdt_document":""},"kji_country":[8418],"kji_court":[23583],"kji_chamber":[25729],"kji_year":[32183],"kji_subject":[7632],"kji_keyword":[23584,8600,7636],"kji_language":[7733],"class_list":["post-652663","kji_decision","type-kji_decision","status-publish","hentry","kji_country-luxembourg","kji_court-tribunal-darrondissement","kji_chamber-penal","kji_year-32183","kji_subject-penal","kji_keyword-arrondissement","kji_keyword-juillet","kji_keyword-tribunal","kji_language-francais"],"yoast_head":"<!-- This site is optimized with the Yoast SEO Premium plugin v27.4 (Yoast SEO v27.4) - https:\/\/yoast.com\/product\/yoast-seo-premium-wordpress\/ -->\n<title>Tribunal d&#039;arrondissement, 14 juillet 2022 - Ma\u00eetre Hassan Kohen, avocat en droit p\u00e9nal \u00e0 Paris<\/title>\n<meta name=\"robots\" content=\"index, follow, max-snippet:-1, max-image-preview:large, max-video-preview:-1\" \/>\n<link rel=\"canonical\" href=\"https:\/\/kohenavocats.com\/zh-hans\/jurisprudences\/tribunal-darrondissement-14-juillet-2022\/\" \/>\n<meta property=\"og:locale\" content=\"zh_CN\" \/>\n<meta property=\"og:type\" content=\"article\" \/>\n<meta property=\"og:title\" content=\"Tribunal d&#039;arrondissement, 14 juillet 2022\" \/>\n<meta property=\"og:description\" content=\"Jugt. n\u00b0 1966\/2022 Not. 33465\/21\/CD Audience publique du 14 juillet 2022 Le Tribunal d&#039;arrondissement de et \u00e0 Luxembourg, douzi\u00e8me chambre , si\u00e9geant en mati\u00e8re correctionnelle, a rendu le jugement qui suit : Dans la cause entre : PERSONNE1.), n\u00e9e le DATE1.) \u00e0 ADRESSE1.), demeurant \u00e0\u2026\" \/>\n<meta property=\"og:url\" content=\"https:\/\/kohenavocats.com\/zh-hans\/jurisprudences\/tribunal-darrondissement-14-juillet-2022\/\" \/>\n<meta property=\"og:site_name\" content=\"Ma\u00eetre Hassan Kohen, avocat en droit p\u00e9nal \u00e0 Paris\" \/>\n<meta property=\"article:modified_time\" content=\"2026-04-22T21:18:03+00:00\" \/>\n<meta name=\"twitter:card\" content=\"summary_large_image\" \/>\n<meta name=\"twitter:label1\" content=\"\u9884\u8ba1\u9605\u8bfb\u65f6\u95f4\" \/>\n\t<meta name=\"twitter:data1\" content=\"9 \u5206\" \/>\n<script type=\"application\/ld+json\" class=\"yoast-schema-graph\">{\"@context\":\"https:\\\/\\\/schema.org\",\"@graph\":[{\"@type\":\"WebPage\",\"@id\":\"https:\\\/\\\/kohenavocats.com\\\/zh-hans\\\/jurisprudences\\\/tribunal-darrondissement-14-juillet-2022\\\/\",\"url\":\"https:\\\/\\\/kohenavocats.com\\\/zh-hans\\\/jurisprudences\\\/tribunal-darrondissement-14-juillet-2022\\\/\",\"name\":\"Tribunal d'arrondissement, 14 juillet 2022 - Ma\u00eetre Hassan Kohen, avocat en droit p\u00e9nal \u00e0 Paris\",\"isPartOf\":{\"@id\":\"https:\\\/\\\/kohenavocats.com\\\/zh-hans\\\/#website\"},\"datePublished\":\"2026-04-22T21:17:59+00:00\",\"dateModified\":\"2026-04-22T21:18:03+00:00\",\"breadcrumb\":{\"@id\":\"https:\\\/\\\/kohenavocats.com\\\/zh-hans\\\/jurisprudences\\\/tribunal-darrondissement-14-juillet-2022\\\/#breadcrumb\"},\"inLanguage\":\"zh-Hans\",\"potentialAction\":[{\"@type\":\"ReadAction\",\"target\":[\"https:\\\/\\\/kohenavocats.com\\\/zh-hans\\\/jurisprudences\\\/tribunal-darrondissement-14-juillet-2022\\\/\"]}]},{\"@type\":\"BreadcrumbList\",\"@id\":\"https:\\\/\\\/kohenavocats.com\\\/zh-hans\\\/jurisprudences\\\/tribunal-darrondissement-14-juillet-2022\\\/#breadcrumb\",\"itemListElement\":[{\"@type\":\"ListItem\",\"position\":1,\"name\":\"Home\",\"item\":\"https:\\\/\\\/kohenavocats.com\\\/zh-hans\\\/\"},{\"@type\":\"ListItem\",\"position\":2,\"name\":\"Jurisprudences\",\"item\":\"https:\\\/\\\/kohenavocats.com\\\/zh-hans\\\/jurisprudences\\\/\"},{\"@type\":\"ListItem\",\"position\":3,\"name\":\"Tribunal d&rsquo;arrondissement, 14 juillet 2022\"}]},{\"@type\":\"WebSite\",\"@id\":\"https:\\\/\\\/kohenavocats.com\\\/zh-hans\\\/#website\",\"url\":\"https:\\\/\\\/kohenavocats.com\\\/zh-hans\\\/\",\"name\":\"Kohen Avocats\",\"description\":\"Ma\u00eetre Hassan Kohen, avocat p\u00e9naliste \u00e0 Paris, intervient exclusivement en droit p\u00e9nal pour la d\u00e9fense des particuliers, notamment en mati\u00e8re d\u2019accusations de viol. Il assure un accompagnement rigoureux d\u00e8s la garde \u00e0 vue jusqu\u2019\u00e0 la Cour d\u2019assises, veillant au strict respect des garanties proc\u00e9durales.\",\"publisher\":{\"@id\":\"https:\\\/\\\/kohenavocats.com\\\/zh-hans\\\/#organization\"},\"potentialAction\":[{\"@type\":\"SearchAction\",\"target\":{\"@type\":\"EntryPoint\",\"urlTemplate\":\"https:\\\/\\\/kohenavocats.com\\\/zh-hans\\\/?s={search_term_string}\"},\"query-input\":{\"@type\":\"PropertyValueSpecification\",\"valueRequired\":true,\"valueName\":\"search_term_string\"}}],\"inLanguage\":\"zh-Hans\"},{\"@type\":\"Organization\",\"@id\":\"https:\\\/\\\/kohenavocats.com\\\/zh-hans\\\/#organization\",\"name\":\"Kohen Avocats\",\"url\":\"https:\\\/\\\/kohenavocats.com\\\/zh-hans\\\/\",\"logo\":{\"@type\":\"ImageObject\",\"inLanguage\":\"zh-Hans\",\"@id\":\"https:\\\/\\\/kohenavocats.com\\\/zh-hans\\\/#\\\/schema\\\/logo\\\/image\\\/\",\"url\":\"https:\\\/\\\/kohenavocats.com\\\/wp-content\\\/uploads\\\/2026\\\/01\\\/Logo-2-1.webp\",\"contentUrl\":\"https:\\\/\\\/kohenavocats.com\\\/wp-content\\\/uploads\\\/2026\\\/01\\\/Logo-2-1.webp\",\"width\":2114,\"height\":1253,\"caption\":\"Kohen Avocats\"},\"image\":{\"@id\":\"https:\\\/\\\/kohenavocats.com\\\/zh-hans\\\/#\\\/schema\\\/logo\\\/image\\\/\"}}]}<\/script>\n<!-- \/ Yoast SEO Premium plugin. -->","yoast_head_json":{"title":"Tribunal d'arrondissement, 14 juillet 2022 - Ma\u00eetre Hassan Kohen, avocat en droit p\u00e9nal \u00e0 Paris","robots":{"index":"index","follow":"follow","max-snippet":"max-snippet:-1","max-image-preview":"max-image-preview:large","max-video-preview":"max-video-preview:-1"},"canonical":"https:\/\/kohenavocats.com\/zh-hans\/jurisprudences\/tribunal-darrondissement-14-juillet-2022\/","og_locale":"zh_CN","og_type":"article","og_title":"Tribunal d'arrondissement, 14 juillet 2022","og_description":"Jugt. n\u00b0 1966\/2022 Not. 33465\/21\/CD Audience publique du 14 juillet 2022 Le Tribunal d'arrondissement de et \u00e0 Luxembourg, douzi\u00e8me chambre , si\u00e9geant en mati\u00e8re correctionnelle, a rendu le jugement qui suit : Dans la cause entre : PERSONNE1.), n\u00e9e le DATE1.) \u00e0 ADRESSE1.), demeurant \u00e0\u2026","og_url":"https:\/\/kohenavocats.com\/zh-hans\/jurisprudences\/tribunal-darrondissement-14-juillet-2022\/","og_site_name":"Ma\u00eetre Hassan Kohen, avocat en droit p\u00e9nal \u00e0 Paris","article_modified_time":"2026-04-22T21:18:03+00:00","twitter_card":"summary_large_image","twitter_misc":{"\u9884\u8ba1\u9605\u8bfb\u65f6\u95f4":"9 \u5206"},"schema":{"@context":"https:\/\/schema.org","@graph":[{"@type":"WebPage","@id":"https:\/\/kohenavocats.com\/zh-hans\/jurisprudences\/tribunal-darrondissement-14-juillet-2022\/","url":"https:\/\/kohenavocats.com\/zh-hans\/jurisprudences\/tribunal-darrondissement-14-juillet-2022\/","name":"Tribunal d'arrondissement, 14 juillet 2022 - Ma\u00eetre Hassan Kohen, avocat en droit p\u00e9nal \u00e0 Paris","isPartOf":{"@id":"https:\/\/kohenavocats.com\/zh-hans\/#website"},"datePublished":"2026-04-22T21:17:59+00:00","dateModified":"2026-04-22T21:18:03+00:00","breadcrumb":{"@id":"https:\/\/kohenavocats.com\/zh-hans\/jurisprudences\/tribunal-darrondissement-14-juillet-2022\/#breadcrumb"},"inLanguage":"zh-Hans","potentialAction":[{"@type":"ReadAction","target":["https:\/\/kohenavocats.com\/zh-hans\/jurisprudences\/tribunal-darrondissement-14-juillet-2022\/"]}]},{"@type":"BreadcrumbList","@id":"https:\/\/kohenavocats.com\/zh-hans\/jurisprudences\/tribunal-darrondissement-14-juillet-2022\/#breadcrumb","itemListElement":[{"@type":"ListItem","position":1,"name":"Home","item":"https:\/\/kohenavocats.com\/zh-hans\/"},{"@type":"ListItem","position":2,"name":"Jurisprudences","item":"https:\/\/kohenavocats.com\/zh-hans\/jurisprudences\/"},{"@type":"ListItem","position":3,"name":"Tribunal d&rsquo;arrondissement, 14 juillet 2022"}]},{"@type":"WebSite","@id":"https:\/\/kohenavocats.com\/zh-hans\/#website","url":"https:\/\/kohenavocats.com\/zh-hans\/","name":"Kohen Avocats","description":"Ma\u00eetre Hassan Kohen, avocat p\u00e9naliste \u00e0 Paris, intervient exclusivement en droit p\u00e9nal pour la d\u00e9fense des particuliers, notamment en mati\u00e8re d\u2019accusations de viol. Il assure un accompagnement rigoureux d\u00e8s la garde \u00e0 vue jusqu\u2019\u00e0 la Cour d\u2019assises, veillant au strict respect des garanties proc\u00e9durales.","publisher":{"@id":"https:\/\/kohenavocats.com\/zh-hans\/#organization"},"potentialAction":[{"@type":"SearchAction","target":{"@type":"EntryPoint","urlTemplate":"https:\/\/kohenavocats.com\/zh-hans\/?s={search_term_string}"},"query-input":{"@type":"PropertyValueSpecification","valueRequired":true,"valueName":"search_term_string"}}],"inLanguage":"zh-Hans"},{"@type":"Organization","@id":"https:\/\/kohenavocats.com\/zh-hans\/#organization","name":"Kohen Avocats","url":"https:\/\/kohenavocats.com\/zh-hans\/","logo":{"@type":"ImageObject","inLanguage":"zh-Hans","@id":"https:\/\/kohenavocats.com\/zh-hans\/#\/schema\/logo\/image\/","url":"https:\/\/kohenavocats.com\/wp-content\/uploads\/2026\/01\/Logo-2-1.webp","contentUrl":"https:\/\/kohenavocats.com\/wp-content\/uploads\/2026\/01\/Logo-2-1.webp","width":2114,"height":1253,"caption":"Kohen Avocats"},"image":{"@id":"https:\/\/kohenavocats.com\/zh-hans\/#\/schema\/logo\/image\/"}}]}},"jetpack_likes_enabled":false,"jetpack_sharing_enabled":true,"_links":{"self":[{"href":"https:\/\/kohenavocats.com\/zh-hans\/wp-json\/wp\/v2\/kji_decision\/652663","targetHints":{"allow":["GET"]}}],"collection":[{"href":"https:\/\/kohenavocats.com\/zh-hans\/wp-json\/wp\/v2\/kji_decision"}],"about":[{"href":"https:\/\/kohenavocats.com\/zh-hans\/wp-json\/wp\/v2\/types\/kji_decision"}],"wp:attachment":[{"href":"https:\/\/kohenavocats.com\/zh-hans\/wp-json\/wp\/v2\/media?parent=652663"}],"wp:term":[{"taxonomy":"kji_country","embeddable":true,"href":"https:\/\/kohenavocats.com\/zh-hans\/wp-json\/wp\/v2\/kji_country?post=652663"},{"taxonomy":"kji_court","embeddable":true,"href":"https:\/\/kohenavocats.com\/zh-hans\/wp-json\/wp\/v2\/kji_court?post=652663"},{"taxonomy":"kji_chamber","embeddable":true,"href":"https:\/\/kohenavocats.com\/zh-hans\/wp-json\/wp\/v2\/kji_chamber?post=652663"},{"taxonomy":"kji_year","embeddable":true,"href":"https:\/\/kohenavocats.com\/zh-hans\/wp-json\/wp\/v2\/kji_year?post=652663"},{"taxonomy":"kji_subject","embeddable":true,"href":"https:\/\/kohenavocats.com\/zh-hans\/wp-json\/wp\/v2\/kji_subject?post=652663"},{"taxonomy":"kji_keyword","embeddable":true,"href":"https:\/\/kohenavocats.com\/zh-hans\/wp-json\/wp\/v2\/kji_keyword?post=652663"},{"taxonomy":"kji_language","embeddable":true,"href":"https:\/\/kohenavocats.com\/zh-hans\/wp-json\/wp\/v2\/kji_language?post=652663"}],"curies":[{"name":"wp","href":"https:\/\/api.w.org\/{rel}","templated":true}]}}