{"id":652667,"date":"2026-04-22T23:18:09","date_gmt":"2026-04-22T21:18:09","guid":{"rendered":"https:\/\/kohenavocats.com\/jurisprudences\/tribunal-darrondissement-14-juillet-2022-3\/"},"modified":"2026-04-22T23:18:12","modified_gmt":"2026-04-22T21:18:12","slug":"tribunal-darrondissement-14-juillet-2022-3","status":"publish","type":"kji_decision","link":"https:\/\/kohenavocats.com\/zh-hans\/jurisprudences\/tribunal-darrondissement-14-juillet-2022-3\/","title":{"rendered":"Tribunal d&#8217;arrondissement, 14 juillet 2022"},"content":{"rendered":"<div class=\"kji-decision\">\n<div class=\"kji-full-text\">\n<p>Jugt no2017\/2022 Notice no 30294\/20\/cd d\u00e9faut ex.p. 1 x D E F A U T J u g e m ent s u r O P P O S I T I O N AUDIENCE PUBLIQUE DU 14 JUILLET2022 Le Tribunal d&#039;arrondissement de et \u00e0 Luxembourg,septi\u00e8me chambre correctionnelle, a rendu le jugement qui suit: dans la cause du Minist\u00e8re Public contre PERSONNE1.), n\u00e9eleDATE1.)\u00e0LIEU1.), actuellement sans adresse ni domicile connus, -p r \u00e9 v e n ue\u2013 ================================================= FA I T S : Les faits et r\u00e9troactes de l&#039;affaire r\u00e9sultent \u00e0 suffisance de droit des qualit\u00e9s et consid\u00e9rants du jugement rendu par d\u00e9faut \u00e0 l&#039;\u00e9gardde la pr\u00e9venue PERSONNE1.)par le Tribunal correctionnel de Luxembourg en date du19 f\u00e9vrier 2021sous le num\u00e9ro392\/2021et dont le dispositif est con\u00e7u comme suit:<\/p>\n<p>2 \u00abP A R C E S M O T I F S le Tribunal d&#039;arrondissement de et \u00e0 Luxembourg,dix-neuvi\u00e8me chambre, si\u00e9geant en mati\u00e8re correctionnelle,statuant par d\u00e9faut\u00e0 l\u2019encontre de la pr\u00e9venue PERSONNE1.), la demanderesse au civil entendue en ses conclusions et le repr\u00e9sentant du Minist\u00e8re Public entendu en son r\u00e9quisitoire, Au p\u00e9nal : condamne PERSONNE1.)du chef des infractions retenues \u00e0 sa charge, qui se trouvent pour partie en concours id\u00e9al et pour partie en concours r\u00e9el, \u00e0 une peine d\u2019emprisonnement dedix-huit (18) moiset \u00e0 une amende correctionnelle demille (1.000) euros, ainsi qu&#039;aux frais de sa poursuite p\u00e9nale, ces frais liquid\u00e9s \u00e0 8,52 euros; fi x ela dur\u00e9e de la contrainte par corps \u00e0 dix (10) jours en cas de non-paiement de l&#039;amende correctionnelle. Au civil : d o n n e acte\u00e0 lasoci\u00e9t\u00e9 \u00e0 responsabilit\u00e9 limit\u00e9eSOCIETE1.)S.\u00e0.r.lde sa constitution de partie civile ; s e d \u00e9 c l a r ecomp\u00e9tentpour en conna\u00eetre; d \u00e9 c l a r ela demande tendant au paiement des factures num\u00e9ro 2200198, num\u00e9ro 2200188 et num\u00e9ro 2200460,irrecevable; l a i s s eles frais de la demande civile \u00e0 charge de la demanderesse au civil. ___________________________________________________________ Par lettredu 30 mars 2021,entr\u00e9e au Parquet de Luxembourg le6 avril 2021, PERSONNE1.)d\u00e9clara relever opposition contre le pr\u00e9dit jugement no 392\/2021rendu par d\u00e9faut en datedu19 f\u00e9vrier 2021,lui notifi\u00e9 en date du 25 mars 2021. Par citation du8 juin2022 (notice30294\/20\/cd)r\u00e9guli\u00e8rement notifi\u00e9e \u00e0 PERSONNE1.)via publication d\u2019un avis sur le site internet des autorit\u00e9s judiciaires (www.justice.public.lu) en date du9 juin2022,conform\u00e9ment \u00e0 l\u2019article 389 du code de proc\u00e9dure p\u00e9nale, le Procureur d&#039;Etat pr\u00e8s le Tribunal d&#039;arrondissement de Luxembourg a requis lapr\u00e9venuede compara\u00eetre \u00e0 l&#039;audience publique du5juillet 2022devant le Tribunalcorrectionnel de ce si\u00e8ge,pour y entendre statuer sur le m\u00e9rite de l&#039;opposition ainsi relev\u00e9e. Acetteaudience,la pr\u00e9venuePERSONNE1.)ne comparut pas. Larepr\u00e9sentantedu Minist\u00e8re Public,Jil FEIERSTEIN, attach\u00e9e de Justice, fut entendueen son r\u00e9quisitoire. Le Tribunal prit l&#039;affaire en d\u00e9lib\u00e9r\u00e9 et rendit \u00e0 l&#039;audience publique de ce jour, date \u00e0 laquelle le prononc\u00e9 avait \u00e9t\u00e9 fix\u00e9, le<\/p>\n<p>3 J U G E M E N T qui suit: Par lettre entr\u00e9e en date du6 avril 2021au Parquet de Luxembourg, PERSONNE1.)releva opposition contre le jugement num\u00e9ro392\/2021rendu par d\u00e9faut le19 f\u00e9vrier 2021, lui notifi\u00e9 le25 mars 2021. Vu la citation du8 juin2022 (notice30294\/20\/cd)r\u00e9guli\u00e8rement notifi\u00e9e PERSONNE1.)via publication d\u2019un avis sur le siteinternet des autorit\u00e9s judiciaires (www.justice.public.lu) en datedu9 juin2022,conform\u00e9ment \u00e0 l\u2019article du code de proc\u00e9dure p\u00e9nale. La pr\u00e9venuePERSONNE1.), quoique r\u00e9guli\u00e8rement cit\u00e9e, ne comparut pas \u00e0 l&#039;audience. Il convient donc de statuer pard\u00e9faut \u00e0 son \u00e9gard. La pr\u00e9venuen&#039;ayant pas comparu \u00e0 cette audience, il y a lieu,en application de l\u2019article 188 du codede proc\u00e9dure p\u00e9nale,de d\u00e9clarernon avenue l&#039;opposition par lui form\u00e9e contre le jugement num\u00e9ro392\/2021rendu le 19f\u00e9vrier 2021par le Tribunal correctionnel de Luxembourg. P A R C E S M O T I F S : le Tribunal d&#039;arrondissement de et \u00e0 Luxembourg,septi\u00e8me chambre, si\u00e9geant en mati\u00e8re correctionnelle, statuantpar d\u00e9faut\u00e0 l&#039;\u00e9gardde la pr\u00e9venue, larepr\u00e9sentantedu Minist\u00e8re Public entendueen ses r\u00e9quisitions, d \u00e9 c l a r el&#039;opposition relev\u00e9e parla pr\u00e9venuePERSONNE1.)contre le jugement rendu par d\u00e9faut \u00e0 son \u00e9gardsous lenum\u00e9ro392\/2021en datedu 19 f\u00e9vrier 2021par leTribunalcorrectionnel de Luxembourgnona v e n u e; c o n d a m n e la pr\u00e9venuePERSONNE1.)aux frais de l&#039;instance d&#039;opposition, ces frais liquid\u00e9s \u00e023,14euros. Le tout en application des articles 179, 182, 184, 185, 188, 190, 190-1, 194, 195, 196 et389du codede proc\u00e9dure p\u00e9naledont mention a \u00e9t\u00e9 faite. Ainsi fait et jug\u00e9 parSt\u00e9phane MAAS, vice-pr\u00e9sident,Yashar AZARMGIN, premier juge, et Rapha\u00ebl SCHWEITZER,juge, et prononc\u00e9, en pr\u00e9sence de Micka\u00ebl MOSCONI, attach\u00e9 de Justice, en l&#039;audience publique du Tribunal d&#039;arrondissement de Luxembourg, date qu&#039;en t\u00eate, par le vice-pr\u00e9sident, assist\u00e9 du greffierassum\u00e9 Tahnee WAGNER , qui, \u00e0 l&#039;exception du repr\u00e9sentant du Minist\u00e8re Public, ont sign\u00e9 le pr\u00e9sent jugement.<\/p>\n<\/div>\n<hr class=\"kji-sep\" \/>\n<p class=\"kji-source-links\"><strong>Sources officielles :<\/strong> <a class=\"kji-source-link\" href=\"https:\/\/data.public.lu\/fr\/datasets\/tribunal-darrondissement-luxembourg-penal\/\" target=\"_blank\" rel=\"noopener noreferrer\">consulter la page source<\/a> &middot; <a class=\"kji-pdf-link\" href=\"https:\/\/download.data.public.lu\/resources\/tribunal-darrondissement-luxembourg-penal\/20240828-014749\/20220714-tal7-2017-pseudonymise-accessible.pdf\" target=\"_blank\" rel=\"noopener noreferrer\">PDF officiel<\/a><\/p>\n<p class=\"kji-license-note\"><em>Licence CC BY-ND 4.0 (Administration judiciaire, data.public.lu). Republication autorisee avec attribution, sans modification editoriale du texte integral.<\/em><\/p>\n<\/div>\n","protected":false},"excerpt":{"rendered":"<p>Jugt no2017\/2022 Notice no 30294\/20\/cd d\u00e9faut ex.p. 1 x D E F A U T J u g e m ent s u r O P P O S I T I O N AUDIENCE PUBLIQUE DU 14 JUILLET2022 Le Tribunal d&#8217;arrondissement de et \u00e0\u2026<\/p>\n","protected":false},"featured_media":0,"template":"","meta":{"_crdt_document":""},"kji_country":[8418],"kji_court":[23583],"kji_chamber":[25729],"kji_year":[32183],"kji_subject":[7632],"kji_keyword":[23584,8600,7636],"kji_language":[7733],"class_list":["post-652667","kji_decision","type-kji_decision","status-publish","hentry","kji_country-luxembourg","kji_court-tribunal-darrondissement","kji_chamber-penal","kji_year-32183","kji_subject-penal","kji_keyword-arrondissement","kji_keyword-juillet","kji_keyword-tribunal","kji_language-francais"],"yoast_head":"<!-- This site is optimized with the Yoast SEO Premium plugin v27.5 (Yoast SEO v27.5) - https:\/\/yoast.com\/product\/yoast-seo-premium-wordpress\/ -->\n<title>Tribunal d&#039;arrondissement, 14 juillet 2022 - Ma\u00eetre Hassan Kohen, avocat en droit p\u00e9nal \u00e0 Paris<\/title>\n<meta name=\"robots\" content=\"index, follow, max-snippet:-1, max-image-preview:large, max-video-preview:-1\" \/>\n<link rel=\"canonical\" href=\"https:\/\/kohenavocats.com\/zh-hans\/jurisprudences\/tribunal-darrondissement-14-juillet-2022-3\/\" \/>\n<meta property=\"og:locale\" content=\"zh_CN\" \/>\n<meta property=\"og:type\" content=\"article\" \/>\n<meta property=\"og:title\" content=\"Tribunal d&#039;arrondissement, 14 juillet 2022\" \/>\n<meta property=\"og:description\" content=\"Jugt no2017\/2022 Notice no 30294\/20\/cd d\u00e9faut ex.p. 1 x D E F A U T J u g e m ent s u r O P P O S I T I O N AUDIENCE PUBLIQUE DU 14 JUILLET2022 Le Tribunal d&#039;arrondissement de et \u00e0\u2026\" \/>\n<meta property=\"og:url\" content=\"https:\/\/kohenavocats.com\/zh-hans\/jurisprudences\/tribunal-darrondissement-14-juillet-2022-3\/\" \/>\n<meta property=\"og:site_name\" content=\"Ma\u00eetre Hassan Kohen, avocat en droit p\u00e9nal \u00e0 Paris\" \/>\n<meta property=\"article:modified_time\" content=\"2026-04-22T21:18:12+00:00\" \/>\n<meta name=\"twitter:card\" content=\"summary_large_image\" \/>\n<meta name=\"twitter:label1\" content=\"\u9884\u8ba1\u9605\u8bfb\u65f6\u95f4\" \/>\n\t<meta name=\"twitter:data1\" content=\"4 \u5206\" \/>\n<script type=\"application\/ld+json\" class=\"yoast-schema-graph\">{\"@context\":\"https:\\\/\\\/schema.org\",\"@graph\":[{\"@type\":\"WebPage\",\"@id\":\"https:\\\/\\\/kohenavocats.com\\\/zh-hans\\\/jurisprudences\\\/tribunal-darrondissement-14-juillet-2022-3\\\/\",\"url\":\"https:\\\/\\\/kohenavocats.com\\\/zh-hans\\\/jurisprudences\\\/tribunal-darrondissement-14-juillet-2022-3\\\/\",\"name\":\"Tribunal d'arrondissement, 14 juillet 2022 - Ma\u00eetre Hassan Kohen, avocat en droit p\u00e9nal \u00e0 Paris\",\"isPartOf\":{\"@id\":\"https:\\\/\\\/kohenavocats.com\\\/zh-hans\\\/#website\"},\"datePublished\":\"2026-04-22T21:18:09+00:00\",\"dateModified\":\"2026-04-22T21:18:12+00:00\",\"breadcrumb\":{\"@id\":\"https:\\\/\\\/kohenavocats.com\\\/zh-hans\\\/jurisprudences\\\/tribunal-darrondissement-14-juillet-2022-3\\\/#breadcrumb\"},\"inLanguage\":\"zh-Hans\",\"potentialAction\":[{\"@type\":\"ReadAction\",\"target\":[\"https:\\\/\\\/kohenavocats.com\\\/zh-hans\\\/jurisprudences\\\/tribunal-darrondissement-14-juillet-2022-3\\\/\"]}]},{\"@type\":\"BreadcrumbList\",\"@id\":\"https:\\\/\\\/kohenavocats.com\\\/zh-hans\\\/jurisprudences\\\/tribunal-darrondissement-14-juillet-2022-3\\\/#breadcrumb\",\"itemListElement\":[{\"@type\":\"ListItem\",\"position\":1,\"name\":\"Home\",\"item\":\"https:\\\/\\\/kohenavocats.com\\\/zh-hans\\\/\"},{\"@type\":\"ListItem\",\"position\":2,\"name\":\"Jurisprudences\",\"item\":\"https:\\\/\\\/kohenavocats.com\\\/zh-hans\\\/jurisprudences\\\/\"},{\"@type\":\"ListItem\",\"position\":3,\"name\":\"Tribunal d&rsquo;arrondissement, 14 juillet 2022\"}]},{\"@type\":\"WebSite\",\"@id\":\"https:\\\/\\\/kohenavocats.com\\\/zh-hans\\\/#website\",\"url\":\"https:\\\/\\\/kohenavocats.com\\\/zh-hans\\\/\",\"name\":\"Kohen Avocats\",\"description\":\"Ma\u00eetre Hassan Kohen, avocat p\u00e9naliste \u00e0 Paris, intervient exclusivement en droit p\u00e9nal pour la d\u00e9fense des particuliers, notamment en mati\u00e8re d\u2019accusations de viol. Il assure un accompagnement rigoureux d\u00e8s la garde \u00e0 vue jusqu\u2019\u00e0 la Cour d\u2019assises, veillant au strict respect des garanties proc\u00e9durales.\",\"publisher\":{\"@id\":\"https:\\\/\\\/kohenavocats.com\\\/zh-hans\\\/#organization\"},\"potentialAction\":[{\"@type\":\"SearchAction\",\"target\":{\"@type\":\"EntryPoint\",\"urlTemplate\":\"https:\\\/\\\/kohenavocats.com\\\/zh-hans\\\/?s={search_term_string}\"},\"query-input\":{\"@type\":\"PropertyValueSpecification\",\"valueRequired\":true,\"valueName\":\"search_term_string\"}}],\"inLanguage\":\"zh-Hans\"},{\"@type\":\"Organization\",\"@id\":\"https:\\\/\\\/kohenavocats.com\\\/zh-hans\\\/#organization\",\"name\":\"Kohen Avocats\",\"url\":\"https:\\\/\\\/kohenavocats.com\\\/zh-hans\\\/\",\"logo\":{\"@type\":\"ImageObject\",\"inLanguage\":\"zh-Hans\",\"@id\":\"https:\\\/\\\/kohenavocats.com\\\/zh-hans\\\/#\\\/schema\\\/logo\\\/image\\\/\",\"url\":\"https:\\\/\\\/kohenavocats.com\\\/wp-content\\\/uploads\\\/2026\\\/01\\\/Logo-2-1.webp\",\"contentUrl\":\"https:\\\/\\\/kohenavocats.com\\\/wp-content\\\/uploads\\\/2026\\\/01\\\/Logo-2-1.webp\",\"width\":2114,\"height\":1253,\"caption\":\"Kohen Avocats\"},\"image\":{\"@id\":\"https:\\\/\\\/kohenavocats.com\\\/zh-hans\\\/#\\\/schema\\\/logo\\\/image\\\/\"}}]}<\/script>\n<!-- \/ Yoast SEO Premium plugin. -->","yoast_head_json":{"title":"Tribunal d'arrondissement, 14 juillet 2022 - Ma\u00eetre Hassan Kohen, avocat en droit p\u00e9nal \u00e0 Paris","robots":{"index":"index","follow":"follow","max-snippet":"max-snippet:-1","max-image-preview":"max-image-preview:large","max-video-preview":"max-video-preview:-1"},"canonical":"https:\/\/kohenavocats.com\/zh-hans\/jurisprudences\/tribunal-darrondissement-14-juillet-2022-3\/","og_locale":"zh_CN","og_type":"article","og_title":"Tribunal d'arrondissement, 14 juillet 2022","og_description":"Jugt no2017\/2022 Notice no 30294\/20\/cd d\u00e9faut ex.p. 1 x D E F A U T J u g e m ent s u r O P P O S I T I O N AUDIENCE PUBLIQUE DU 14 JUILLET2022 Le Tribunal d'arrondissement de et \u00e0\u2026","og_url":"https:\/\/kohenavocats.com\/zh-hans\/jurisprudences\/tribunal-darrondissement-14-juillet-2022-3\/","og_site_name":"Ma\u00eetre Hassan Kohen, avocat en droit p\u00e9nal \u00e0 Paris","article_modified_time":"2026-04-22T21:18:12+00:00","twitter_card":"summary_large_image","twitter_misc":{"\u9884\u8ba1\u9605\u8bfb\u65f6\u95f4":"4 \u5206"},"schema":{"@context":"https:\/\/schema.org","@graph":[{"@type":"WebPage","@id":"https:\/\/kohenavocats.com\/zh-hans\/jurisprudences\/tribunal-darrondissement-14-juillet-2022-3\/","url":"https:\/\/kohenavocats.com\/zh-hans\/jurisprudences\/tribunal-darrondissement-14-juillet-2022-3\/","name":"Tribunal d'arrondissement, 14 juillet 2022 - Ma\u00eetre Hassan Kohen, avocat en droit p\u00e9nal \u00e0 Paris","isPartOf":{"@id":"https:\/\/kohenavocats.com\/zh-hans\/#website"},"datePublished":"2026-04-22T21:18:09+00:00","dateModified":"2026-04-22T21:18:12+00:00","breadcrumb":{"@id":"https:\/\/kohenavocats.com\/zh-hans\/jurisprudences\/tribunal-darrondissement-14-juillet-2022-3\/#breadcrumb"},"inLanguage":"zh-Hans","potentialAction":[{"@type":"ReadAction","target":["https:\/\/kohenavocats.com\/zh-hans\/jurisprudences\/tribunal-darrondissement-14-juillet-2022-3\/"]}]},{"@type":"BreadcrumbList","@id":"https:\/\/kohenavocats.com\/zh-hans\/jurisprudences\/tribunal-darrondissement-14-juillet-2022-3\/#breadcrumb","itemListElement":[{"@type":"ListItem","position":1,"name":"Home","item":"https:\/\/kohenavocats.com\/zh-hans\/"},{"@type":"ListItem","position":2,"name":"Jurisprudences","item":"https:\/\/kohenavocats.com\/zh-hans\/jurisprudences\/"},{"@type":"ListItem","position":3,"name":"Tribunal d&rsquo;arrondissement, 14 juillet 2022"}]},{"@type":"WebSite","@id":"https:\/\/kohenavocats.com\/zh-hans\/#website","url":"https:\/\/kohenavocats.com\/zh-hans\/","name":"Kohen Avocats","description":"Ma\u00eetre Hassan Kohen, avocat p\u00e9naliste \u00e0 Paris, intervient exclusivement en droit p\u00e9nal pour la d\u00e9fense des particuliers, notamment en mati\u00e8re d\u2019accusations de viol. Il assure un accompagnement rigoureux d\u00e8s la garde \u00e0 vue jusqu\u2019\u00e0 la Cour d\u2019assises, veillant au strict respect des garanties proc\u00e9durales.","publisher":{"@id":"https:\/\/kohenavocats.com\/zh-hans\/#organization"},"potentialAction":[{"@type":"SearchAction","target":{"@type":"EntryPoint","urlTemplate":"https:\/\/kohenavocats.com\/zh-hans\/?s={search_term_string}"},"query-input":{"@type":"PropertyValueSpecification","valueRequired":true,"valueName":"search_term_string"}}],"inLanguage":"zh-Hans"},{"@type":"Organization","@id":"https:\/\/kohenavocats.com\/zh-hans\/#organization","name":"Kohen Avocats","url":"https:\/\/kohenavocats.com\/zh-hans\/","logo":{"@type":"ImageObject","inLanguage":"zh-Hans","@id":"https:\/\/kohenavocats.com\/zh-hans\/#\/schema\/logo\/image\/","url":"https:\/\/kohenavocats.com\/wp-content\/uploads\/2026\/01\/Logo-2-1.webp","contentUrl":"https:\/\/kohenavocats.com\/wp-content\/uploads\/2026\/01\/Logo-2-1.webp","width":2114,"height":1253,"caption":"Kohen Avocats"},"image":{"@id":"https:\/\/kohenavocats.com\/zh-hans\/#\/schema\/logo\/image\/"}}]}},"jetpack_likes_enabled":false,"jetpack_sharing_enabled":true,"_links":{"self":[{"href":"https:\/\/kohenavocats.com\/zh-hans\/wp-json\/wp\/v2\/kji_decision\/652667","targetHints":{"allow":["GET"]}}],"collection":[{"href":"https:\/\/kohenavocats.com\/zh-hans\/wp-json\/wp\/v2\/kji_decision"}],"about":[{"href":"https:\/\/kohenavocats.com\/zh-hans\/wp-json\/wp\/v2\/types\/kji_decision"}],"wp:attachment":[{"href":"https:\/\/kohenavocats.com\/zh-hans\/wp-json\/wp\/v2\/media?parent=652667"}],"wp:term":[{"taxonomy":"kji_country","embeddable":true,"href":"https:\/\/kohenavocats.com\/zh-hans\/wp-json\/wp\/v2\/kji_country?post=652667"},{"taxonomy":"kji_court","embeddable":true,"href":"https:\/\/kohenavocats.com\/zh-hans\/wp-json\/wp\/v2\/kji_court?post=652667"},{"taxonomy":"kji_chamber","embeddable":true,"href":"https:\/\/kohenavocats.com\/zh-hans\/wp-json\/wp\/v2\/kji_chamber?post=652667"},{"taxonomy":"kji_year","embeddable":true,"href":"https:\/\/kohenavocats.com\/zh-hans\/wp-json\/wp\/v2\/kji_year?post=652667"},{"taxonomy":"kji_subject","embeddable":true,"href":"https:\/\/kohenavocats.com\/zh-hans\/wp-json\/wp\/v2\/kji_subject?post=652667"},{"taxonomy":"kji_keyword","embeddable":true,"href":"https:\/\/kohenavocats.com\/zh-hans\/wp-json\/wp\/v2\/kji_keyword?post=652667"},{"taxonomy":"kji_language","embeddable":true,"href":"https:\/\/kohenavocats.com\/zh-hans\/wp-json\/wp\/v2\/kji_language?post=652667"}],"curies":[{"name":"wp","href":"https:\/\/api.w.org\/{rel}","templated":true}]}}