{"id":664844,"date":"2026-04-23T23:12:54","date_gmt":"2026-04-23T21:12:54","guid":{"rendered":"https:\/\/kohenavocats.com\/jurisprudences\/kho202272-beskattning-av-personlig-inkomst\/"},"modified":"2026-04-23T23:12:54","modified_gmt":"2026-04-23T21:12:54","slug":"kho202272-beskattning-av-personlig-inkomst","status":"publish","type":"kji_decision","link":"https:\/\/kohenavocats.com\/zh-hans\/jurisprudences\/kho202272-beskattning-av-personlig-inkomst\/","title":{"rendered":"KHO:2022:72 &#8211; Beskattning av personlig inkomst"},"content":{"rendered":"<div class=\"kji-decision\">\n<div class=\"kji-full-text\">\n<p>B Ab planerade ta i bruk en modell med totall\u00f6n f\u00f6r sin f\u00f6rs\u00e4ljningsrepresentant A. Enligt modellen r\u00e4knades l\u00f6nen bland annat s\u00e5 att provisionerna fr\u00e5n A:s f\u00f6rs\u00e4ljning och bonusar lades till grundl\u00f6nen. Fr\u00e5n det sammanlagda beloppet av dessa avdrogs beloppet p\u00e5 de dagtraktamenten och kilometerers\u00e4ttningar som betalats \u00e5t A. Dagtraktamenten och kilometerers\u00e4ttningarna betalades enligt Skattef\u00f6rvaltningens beslut om skattefria resekostnadsers\u00e4ttningar och arbetsavtalet.<\/p>\n<p>Fr\u00e5gan g\u00e4llde om de kilometerers\u00e4ttningar och dagtraktamenten B Ab betalade A var skattefri inkomst enligt 71 \u00a7 1 mom. i inkomstskattelagen eftersom dessa summor p\u00e5verkade beloppet p\u00e5 den skattepliktiga l\u00f6n som betalades \u00e5t arbetstagaren.<\/p>\n<p>H\u00f6gsta f\u00f6rvaltningsdomstolen ans\u00e5g att A av sin arbetsgivare fick kostnadsers\u00e4ttningar f\u00f6r resor och dagtraktamenten enligt 71 \u00a7 1 mom. i inkomstskattelagen och att dessa inte var skattepliktig inkomst. Det saknade i \u00e4rendet betydelse att resekostnadsers\u00e4ttningarna och dagtraktamenten togs i beaktande d\u00e5 A:s skattepliktiga totall\u00f6n fastst\u00e4lldes. F\u00f6rhandsavg\u00f6rande f\u00f6r skatte\u00e5ren 2020 och 2021. Omr\u00f6stning 3 \u2014 2.<\/p>\n<p>Inkomstskattelagen 29 \u00a7 1 mom., 61 \u00a7 2 mom., 71 \u00a7 1 mom. och 73 \u00a7 1 mom.<\/p>\n<p>\u00c4rendet har avgjorts av justitier\u00e5den Hannele Ranta-Lassila, Vesa-Pekka Nuotio, Anne Nenonen, Joni Heliskoski och Tero Leskinen. F\u00f6redragande Katja Syv\u00e4kangas.<\/p>\n<p>B Oy suunnitteli ottavansa k\u00e4ytt\u00f6\u00f6n ty\u00f6suhteiselle myyntiedustajalleen A:lle kokonaispalkkamallin. Palkka laskettiin mallissa muun ohella siten, ett\u00e4 pohjapalkkaan lis\u00e4ttiin A:n myynnist\u00e4 laskettavat provisiot ja bonukset. N\u00e4iden yhteism\u00e4\u00e4r\u00e4st\u00e4 v\u00e4hennettiin A:lle maksettujen p\u00e4iv\u00e4rahojen ja kilometrikorvausten m\u00e4\u00e4r\u00e4. P\u00e4iv\u00e4rahat ja kilometrikorvaukset maksettiin Verohallinnon verovapaista matkakustannusten korvauksista antaman p\u00e4\u00e4t\u00f6ksen ja ty\u00f6sopimuksen mukaisesti.<\/p>\n<p>Asiassa oli ratkaistavana, olivatko B Oy:n A:lle maksamat kilometrikorvaukset ja p\u00e4iv\u00e4rahat tuloverolain 71 \u00a7:n 1 momentissa tarkoitettua verovapaata tuloa, kun n\u00e4m\u00e4 er\u00e4t vaikuttivat ty\u00f6ntekij\u00e4lle maksettavan veronalaisen palkan m\u00e4\u00e4r\u00e4\u00e4n.<\/p>\n<p>Korkein hallinto-oikeus katsoi, ett\u00e4 A sai ty\u00f6nantajaltaan B Oy:lt\u00e4 tuloverolain 71 \u00a7:n 1 momentissa tarkoitetun matkustamiskustannuksen korvauksen ja p\u00e4iv\u00e4rahan, jotka eiv\u00e4t olleet veronalaista tuloa. Asiassa ei ollut merkityst\u00e4 sill\u00e4, ett\u00e4 matkustamiskustannusten korvaukset ja p\u00e4iv\u00e4rahat otettiin huomioon A:n veronalaista kokonaispalkkaa m\u00e4\u00e4ritett\u00e4ess\u00e4. Ennakkoratkaisu verovuosille 2020 ja 2021. \u00c4\u00e4nestys 3 \u2014 2.<\/p>\n<h3>Tuloverolaki 29 \u00a7 1 momentti, 61 \u00a7 2 momentti, 71 \u00a7 1 momentti ja 73 \u00a7 1 momentti<\/h3>\n<h3>P\u00e4\u00e4t\u00f6s, jota muutoksenhaku koskee<\/h3>\n<p>H\u00e4meenlinnan hallinto-oikeus 15.4.2021 nro 21\/0327\/1<\/p>\n<h3>Korkeimman hallinto-oikeuden ratkaisu<\/h3>\n<p>Korkein hallinto-oikeus my\u00f6nt\u00e4\u00e4 A:lle valitusluvan ja tutkii asian.<\/p>\n<p>Valitus hyv\u00e4ksyt\u00e4\u00e4n. Hallinto-oikeuden p\u00e4\u00e4t\u00f6s ja Verohallinnon ennakkoratkaisu kumotaan. Uutena ennakkoratkaisuna lausutaan, ett\u00e4 B Oy:n A:lle maksamat matkakustannusten korvaukset ovat verovapaita matkakustannusten korvauksia tuloverolain 71 \u00a7:n perusteella, kun k\u00e4yt\u00f6ss\u00e4 on palkkamalli, jossa yhten\u00e4 veronalaisen palkan m\u00e4\u00e4r\u00e4\u00e4 laskettaessa v\u00e4hennyksen\u00e4 huomioitavana osana on A:lle kuukausittain maksettavien matkakustannusten korvausten m\u00e4\u00e4r\u00e4. Verovapauden edellytyksen\u00e4 on, ett\u00e4 matkakustannusten korvaukset maksetaan Verohallinnon verovapaista matkakustannusten korvauksista antaman p\u00e4\u00e4t\u00f6ksen mukaisina.<\/p>\n<h3>Asian tausta<\/h3>\n<p>(1)<\/p>\n<p>on pyyt\u00e4nyt Verohallinnolta ennakkoratkaisua siit\u00e4, voidaanko B Oy:n A:lle maksamia matkakustannusten korvauksia katsoa verovapaiksi matkakustannusten korvauksiksi tuloverolain 71 \u00a7:n perusteella, kun k\u00e4yt\u00f6ss\u00e4 on hakemuksessa tarkemmin kuvailtu palkkamalli, jossa yhten\u00e4 bruttopalkan m\u00e4\u00e4r\u00e4\u00e4 laskettaessa v\u00e4hennyksen\u00e4 huomioitavana osana on h\u00e4nelle kuukausittain maksettavien matkakorvausten m\u00e4\u00e4r\u00e4.<\/p>\n<p>(2) Ennakkoratkaisuhakemuksen perusteella myyntiedustajana ty\u00f6skentelev\u00e4 ty\u00f6ntekij\u00e4 saa kyseess\u00e4 olevassa palkkamallissa pohjapalkan, myyntiin perustuvan provision ja myyntibonuksen, joista v\u00e4hennet\u00e4\u00e4n ajop\u00e4iv\u00e4kirjaan perustuvat kilometrikorvaukset ja p\u00e4iv\u00e4rahat. Ty\u00f6ntekij\u00e4lle maksetaan p\u00e4iv\u00e4rahoja ja korvataan oman auton k\u00e4yt\u00f6st\u00e4 syntyneet kustannukset Verohallinnon verovapaista matkakustannusten korvauksista antaman p\u00e4\u00e4t\u00f6ksen mukaisesti.<\/p>\n<p>(3)<\/p>\n<p>on verovuosille 2020 ja 2021 antamanaan ennakkoratkaisuna 29.4.2020 lausunut, ett\u00e4 mik\u00e4li B Oy maksaa hakijalle matkakustannusten korvauksia hakemuksessa esitetyll\u00e4 tavalla, kyseess\u00e4 eiv\u00e4t ole tuloverolain 71 \u00a7:n perusteella maksettavat verovapaat matkakustannusten korvaukset vaan kyseiset korvaukset ovat hakijalle veronalaista ansiotuloa. Verohallinto on perustellut ennakkoratkaisuaan muun ohella sill\u00e4, ett\u00e4 sopimuksen mukaan korvauksia ei makseta palkan lis\u00e4ksi.<\/p>\n<p>(4)<\/p>\n<p>on valituksessaan hallinto-oikeudelle vaatinut, ett\u00e4 Verohallinnon ennakkoratkaisu kumotaan ja uutena ennakkoratkaisuna lausutaan, ett\u00e4 B Oy:n A:lle maksamat matkakustannusten korvaukset on katsottava verovapaiksi matkakustannusten korvauksiksi tuloverolain 71 \u00a7:n perusteella silloinkin, kun k\u00e4yt\u00f6ss\u00e4 on palkkamalli, jossa yhten\u00e4 bruttopalkan m\u00e4\u00e4r\u00e4\u00e4 laskettaessa v\u00e4hennyksen\u00e4 huomioitavana osana on A:lle kuukausittain maksettavien matkakorvausten m\u00e4\u00e4r\u00e4.<\/p>\n<p>(5)<\/p>\n<p>on hyl\u00e4nnyt A:n valituksen. Hallinto-oikeuden perustelujen mukaan kuvatussa palkkamallissa B Oy ei tosiasiassa maksa A:lle ty\u00f6st\u00e4 aiheutuvia kustannusten korvauksia. Kysymys on pikemminkin siit\u00e4, ett\u00e4 ty\u00f6sopimuksessa sovitun suuruista ty\u00f6suorituksen perusteella m\u00e4\u00e4r\u00e4ytyv\u00e4\u00e4 palkkaa maksetaan verovapaiden korvausten muodossa. Laskennalliseen palkkamalliin sis\u00e4ltyv\u00e4 verovapaita matkakustannusten korvauksia vastaava m\u00e4\u00e4r\u00e4 on A:n tuloverolain 61 \u00a7:n 2 momentin tarkoittamaa veronalaista ansiotuloa.<\/p>\n<h3>Vaatimukset korkeimmassa hallinto-oikeudessa<\/h3>\n<p>(6)<\/p>\n<p>on pyyt\u00e4nyt lupaa valittaa hallinto-oikeuden p\u00e4\u00e4t\u00f6ksest\u00e4 ja valituksessaan vaatinut, ett\u00e4 hallinto-oikeuden p\u00e4\u00e4t\u00f6s ja Verohallinnon ennakkoratkaisu kumotaan. Uutena ennakkoratkaisuna on lausuttava, ett\u00e4 B Oy:n A:lle maksamat matkakustannusten korvaukset on katsottava verovapaiksi matkakustannusten korvauksiksi tuloverolain 71 \u00a7:n perusteella silloinkin, kun k\u00e4yt\u00f6ss\u00e4 on palkkamalli, jossa yhten\u00e4 bruttopalkan m\u00e4\u00e4r\u00e4\u00e4 laskettaessa v\u00e4hennyksen\u00e4 huomioitavana osana on A:lle kuukausittain maksettavien matkakorvausten m\u00e4\u00e4r\u00e4.<\/p>\n<p>(7)<\/p>\n<p>on antanut vastineen, jossa on vaadittu valituksen hylk\u00e4\u00e4mist\u00e4.<\/p>\n<h3>Korkeimman hallinto-oikeuden ratkaisun perustelut<\/h3>\n<h3>Kysymyksenasettelu<\/h3>\n<p>(8) Asiassa on ratkaistavana, ovatko B Oy:n ty\u00f6ntekij\u00e4lleen maksamat Verohallinnon verovapaista matkakustannusten korvauksista antaman p\u00e4\u00e4t\u00f6ksen mukaiset kilometrikorvaukset ja p\u00e4iv\u00e4rahat tuloverolain 71 \u00a7:n 1 momentissa tarkoitettua verovapaata tuloa, kun n\u00e4m\u00e4 er\u00e4t vaikuttavat ty\u00f6ntekij\u00e4lle maksettavan veronalaisen palkan m\u00e4\u00e4r\u00e4\u00e4n.<\/p>\n<p>(10) A:n mukaan veropaiden p\u00e4iv\u00e4rahojen ja kilometrikorvausten m\u00e4\u00e4r\u00e4 on yksi palkan laskentaan vaikuttava er\u00e4. P\u00e4iv\u00e4rahat ja kilometrikorvaukset maksetaan palkan lis\u00e4ksi. Ty\u00f6nantajalla ja ty\u00f6ntekij\u00e4ll\u00e4 on ty\u00f6- ja verolains\u00e4\u00e4d\u00e4nn\u00f6n rajoissa sopimusvapaus ty\u00f6suhteen ehdoista muun muassa palkanmaksun osalta. Se, ett\u00e4 matkakustannusten korvaukset vaikuttavat veronalaisen ansion laskentakaavaan, kuuluu ty\u00f6nantajan ja ty\u00f6ntekij\u00e4n sopimusvapauden piiriin.<\/p>\n<p>(11)<\/p>\n<p>mukaan matkakustannusten korvauksia ei voida pit\u00e4\u00e4 vain palkan laskentakaavan osana, koska ne vaikuttavat suoraan kokonaispalkan m\u00e4\u00e4r\u00e4\u00e4n. Tilanteessa, jossa ty\u00f6nantaja ei korvaa matkakustannuksia palkan lis\u00e4ksi vaan ne sis\u00e4ltyv\u00e4t kokonaispalkkaan, eiv\u00e4t kustannusten korvaukset ole verovapaita siit\u00e4k\u00e4\u00e4n huolimatta, ett\u00e4 ne erikseen maksettuina olisivat verovapaita. Ty\u00f6sopimuksessa ei ole sovittu matkakustannusten korvaamisesta palkan lis\u00e4ksi. Tuloverolain 71 \u00a7:n 1 momentin sanamuoto edellytt\u00e4\u00e4, ett\u00e4 matkoista maksetaan tosiasiallinen korvaus verovelvolliselle, jotta kyseess\u00e4 voidaan katsoa olevan s\u00e4\u00e4nn\u00f6ksess\u00e4 tarkoitettu verovapaa korvaus.<\/p>\n<h3>Sovellettavat oikeusohjeet<\/h3>\n<p>(12)<\/p>\n<p>29 \u00a7:n 1 momentin mukaan veronalaista tuloa ovat j\u00e4ljemp\u00e4n\u00e4 s\u00e4\u00e4detyin rajoituksin verovelvollisen rahana tai rahanarvoisena etuutena saamat tulot.<\/p>\n<p>(13) Tuloverolain 61 \u00a7:n 2 momentin mukaan veronalaista ansiotuloa on muun ohessa ty\u00f6suhteen perusteella saatu palkka ja siihen rinnastettava tulo, el\u00e4ke sek\u00e4 t\u00e4llaisen tulon sijaan saatu etuus tai korvaus.<\/p>\n<p>(14) Tuloverolain 71 \u00a7:n 1 momentin mukaan veronalaista tuloa ei ole ty\u00f6nantajalta ty\u00f6matkasta saatu matkustamiskustannusten korvaus, p\u00e4iv\u00e4raha, ateriakorvaus ja majoittumiskorvaus.<\/p>\n<h3>Oikeudellinen arviointi ja johtop\u00e4\u00e4t\u00f6s<\/h3>\n<p>(16) Ratkaistava asia koskee tilannetta, jossa ty\u00f6ntekij\u00e4lle ty\u00f6sopimukseen perustuen maksetaan p\u00e4iv\u00e4rahoja ja korvataan oman auton k\u00e4yt\u00f6st\u00e4 syntyneet kustannukset Verohallinnon verovapaista matkakustannusten korvauksista antaman p\u00e4\u00e4t\u00f6ksen mukaisesti. Korvauksen saaminen edellytt\u00e4\u00e4 ty\u00f6sopimuksen mukaan matkalaskua ja matkaan k\u00e4ytetyn auton mittarilukemakuvan l\u00e4hett\u00e4mist\u00e4 ty\u00f6nantajan edustajalle. Mainitut korvaukset vaikuttavat v\u00e4hent\u00e4v\u00e4sti muutoin osittain provisioon ja bonukseen perustuvan palkan m\u00e4\u00e4r\u00e4n laskentaan. Asiassa ei ole edes v\u00e4itetty, etteiv\u00e4t kustannukset olisi todellisia tai ett\u00e4 A:n hakemuksessa tarkoitetuissa matkoissa olisi kysymys muista kuin tuloverolain 72 \u00a7:ss\u00e4 tarkoitetuista ty\u00f6matkoista.<\/p>\n<p>(17) Tulon veronalaisuudesta ja verovapaudesta s\u00e4\u00e4det\u00e4\u00e4n tuloverolaissa. Tuloverolain 71 \u00a7:n 1 momentissa on s\u00e4\u00e4detty, ett\u00e4 ty\u00f6nantajalta ty\u00f6matkasta saatu matkustamiskustannusten korvaus ja p\u00e4iv\u00e4raha eiv\u00e4t ole veronalaista tuloa. Tuloverolaissa ei ole s\u00e4\u00e4detty t\u00e4h\u00e4n poikkeuksia.<\/p>\n<p>(18) Asiassa ei ole siten merkityst\u00e4 sill\u00e4, ett\u00e4 matkustamiskustannusten korvaukset ja p\u00e4iv\u00e4rahat otetaan huomioon m\u00e4\u00e4ritett\u00e4ess\u00e4 veronalaista kokonaispalkkaa, joka muutoin m\u00e4\u00e4r\u00e4ytyy pohjapalkan ja myyntity\u00f6n onnistumiseen liittyvien provisioiden ja bonusten perusteella.<\/p>\n<p>(19) Korkein hallinto-oikeus katsoo, ett\u00e4 A saa ty\u00f6nantajaltaan B Oy:lt\u00e4 tuloverolain 71 \u00a7:n 1 momentissa tarkoitetun matkustamiskustannusten korvauksen ja p\u00e4iv\u00e4rahan, jotka eiv\u00e4t ole veronalaista tuloa.<\/p>\n<p>(20) T\u00e4m\u00e4n vuoksi hallinto-oikeuden p\u00e4\u00e4t\u00f6s ja Verohallinnon ennakkoratkaisu on kumottava ja uutena ennakkoratkaisuna lausuttava ratkaisuosasta ilmenev\u00e4ll\u00e4 tavalla.<\/p>\n<h3>\u00c4\u00e4nestyslausunto<\/h3>\n<h3>Eri mielt\u00e4 olleen oikeusneuvos Joni Heliskosken \u00e4\u00e4nestyslausunto, johon oikeusneuvos Anne Nenonen yhtyi:<\/h3>\n<h3>Perustelut<\/h3>\n<p>&#039;Ty\u00f6ntekij\u00e4 ja ty\u00f6nantaja voivat vapaasti sopia palkan m\u00e4\u00e4r\u00e4ytymisperusteista. Ennakkoratkaisuhakemuksessa kuvatussa palkan m\u00e4\u00e4r\u00e4ytymist\u00e4 kuvaavassa palkkamallissa loppuarvoksi nimetyn m\u00e4\u00e4r\u00e4n perusteena on ty\u00f6ntekij\u00e4n ty\u00f6suorituksen perusteella m\u00e4\u00e4ritetty korvaus. Ty\u00f6suhteessa ty\u00f6suoritukseen perustuva korvaus on l\u00e4ht\u00f6kohtaisesti veronalaisen palkkatulon m\u00e4\u00e4r\u00e4ytymisen peruste. Ty\u00f6ntekij\u00e4 ja ty\u00f6nantaja voivat my\u00f6s sopia kokonaispalkasta siten, ett\u00e4 palkka sis\u00e4lt\u00e4\u00e4 my\u00f6s sen hankkimisesta aiheutuvat kustannukset, jolloin palkka maksetaan sovitun m\u00e4\u00e4r\u00e4isen\u00e4 riippumatta siit\u00e4, aiheutuuko ty\u00f6st\u00e4 kustannuksia.<\/p>\n<p>Ty\u00f6nantaja voi ty\u00f6suorituksen perusteella m\u00e4\u00e4ritetyn palkan lis\u00e4ksi korvata ty\u00f6ntekij\u00e4lle ty\u00f6st\u00e4 aiheutuvia matkakustannuksia verovapaasti s\u00e4\u00e4detyll\u00e4 tavalla. Kyse on t\u00e4ll\u00f6in palkan lis\u00e4ksi maksettavasta suorituksesta. Verotuksessa t\u00e4llaiset palkan lis\u00e4ksi maksettavat verovapaat kustannusten korvaukset eiv\u00e4t vaikuta ty\u00f6suorituksen perusteella sovituksi maksettavan palkan m\u00e4\u00e4r\u00e4\u00e4n.<\/p>\n<p>A:n ennakkoratkaisuhakemuksessa kuvatussa palkkamallissa ty\u00f6suoritukseen perustuvasta edell\u00e4 kuvatuista tekij\u00f6ist\u00e4 koostuvan loppuarvon m\u00e4\u00e4r\u00e4st\u00e4 on ty\u00f6ntekij\u00e4n ja ty\u00f6nantajan v\u00e4lill\u00e4 sovittu v\u00e4hennett\u00e4v\u00e4ksi ty\u00f6matkojen mukainen verovapaiden matkakustannusten m\u00e4\u00e4r\u00e4, jonka ty\u00f6nantaja korvaa ty\u00f6ntekij\u00e4lle. Koko korvausten m\u00e4\u00e4r\u00e4 alentaa loppuarvoksi nimetyn veronalaisen palkan m\u00e4\u00e4r\u00e4\u00e4. T\u00e4ll\u00f6in kyse ei tosiasiassa ole palkan lis\u00e4ksi maksetuista korvauksista. Sill\u00e4, ett\u00e4 korvauksen m\u00e4\u00e4r\u00e4 perustuu tehtyihin, verovapauden edellytykset t\u00e4ytt\u00e4viin ty\u00f6matkoihin, ei ole asiassa merkityst\u00e4.<\/p>\n<p>Kuvatussa palkkamallissa B Oy ei tosiasiassa maksa A:lle ty\u00f6st\u00e4 aiheutuvia kustannusten korvauksia. Kyse on pikemminkin siit\u00e4, ett\u00e4 ty\u00f6sopimuksessa sovitun suuruista ty\u00f6suorituksen perusteella m\u00e4\u00e4r\u00e4ytyv\u00e4\u00e4 palkkaa maksetaan verovapaiden korvausten muodossa. Laskennalliseen palkkamalliin sis\u00e4ltyv\u00e4 verovapaita matkakustannusten korvauksia vastaava m\u00e4\u00e4r\u00e4 on A:n tuloverolain 61 \u00a7:n 2 momentin tarkoittamaa veronalaista ansiotuloa.<\/p>\n<p>Annettua ennakkoratkaisua ei muuteta.&#039;<\/p>\n<p>Kun otan huomioon hallinto-oikeuden p\u00e4\u00e4t\u00f6ksen perustelut ja hallinto-oikeuden soveltamat oikeusohjeet sek\u00e4 korkeimmassa hallinto-oikeudessa esitetyt vaatimukset ja asiassa saadun selvityksen, hallinto-oikeuden p\u00e4\u00e4t\u00f6ksen muuttamiseen ei ole perusteita.<\/p>\n<h3>A<\/h3>\n<h3>Verohallinto<\/h3>\n<h3>Hallinto-oikeus<\/h3>\n<p>Asian ovat ratkaisseet hallinto-oikeuden j\u00e4senet Juhana Niemi, Johanna Virmavirta, joka on my\u00f6s esitellyt asian, ja Jaakko Sivonen.<\/p>\n<h3>Veronsaajien oikeudenvalvontayksikk\u00f6<\/h3>\n<h3>Veronsaajien oikeudenvalvontayksik\u00f6n<\/h3>\n<\/div>\n<hr class=\"kji-sep\" \/>\n<p class=\"kji-source-links\"><strong>Sources officielles :<\/strong> <a class=\"kji-source-link\" href=\"https:\/\/www.finlex.fi\/en\/case-law\/supreme-administrative-court\/precedents\/2022\/72\" target=\"_blank\" rel=\"noopener noreferrer\">consulter la page source<\/a><\/p>\n<p class=\"kji-license-note\"><em>Finlex open data, CC BY 4.0. Documentation open data verifiee le 2026-04-12 ; les endpoints judgment documentes renvoient 404 pour les types case-law exposes par le frontend, fallback actuel sur les pages publiques data.finlex.fi.<\/em><\/p>\n<\/div>\n","protected":false},"excerpt":{"rendered":"<p>B Ab planerade ta i bruk en modell med totall\u00f6n f\u00f6r sin f\u00f6rs\u00e4ljningsrepresentant A. Enligt modellen r\u00e4knades l\u00f6nen bland annat s\u00e5 att provisionerna fr\u00e5n A:s f\u00f6rs\u00e4ljning och bonusar lades till grundl\u00f6nen. Fr\u00e5n det sammanlagda beloppet av dessa avdrogs beloppet p\u00e5 de dagtraktamenten och kilometerers\u00e4ttningar som betalats \u00e5t A. Dagtraktamenten och kilometerers\u00e4ttningarna betalades enligt Skattef\u00f6rvaltningens beslut&#8230;<\/p>\n","protected":false},"featured_media":0,"template":"","meta":{"_crdt_document":""},"kji_country":[7740],"kji_court":[28668],"kji_chamber":[7742],"kji_year":[32183],"kji_subject":[7646],"kji_keyword":[34566,34567,11076],"kji_language":[7746],"class_list":["post-664844","kji_decision","type-kji_decision","status-publish","hentry","kji_country-finlande","kji_court-cour-supreme-administrative-de-finlande","kji_chamber-precedents","kji_year-32183","kji_subject-divers","kji_keyword-beloppet","kji_keyword-dagtraktamenten","kji_keyword-enligt","kji_language-multilingue"],"yoast_head":"<!-- This site is optimized with the Yoast SEO Premium plugin v27.5 (Yoast SEO v27.5) - https:\/\/yoast.com\/product\/yoast-seo-premium-wordpress\/ -->\n<title>KHO:2022:72 - Beskattning av personlig inkomst - Ma\u00eetre Hassan Kohen, avocat en droit p\u00e9nal \u00e0 Paris<\/title>\n<meta name=\"robots\" content=\"index, follow, max-snippet:-1, max-image-preview:large, max-video-preview:-1\" \/>\n<link rel=\"canonical\" href=\"https:\/\/kohenavocats.com\/zh-hans\/jurisprudences\/kho202272-beskattning-av-personlig-inkomst\/\" \/>\n<meta property=\"og:locale\" content=\"zh_CN\" \/>\n<meta property=\"og:type\" content=\"article\" \/>\n<meta property=\"og:title\" content=\"KHO:2022:72 - Beskattning av personlig inkomst\" \/>\n<meta property=\"og:description\" content=\"B Ab planerade ta i bruk en modell med totall\u00f6n f\u00f6r sin f\u00f6rs\u00e4ljningsrepresentant A. Enligt modellen r\u00e4knades l\u00f6nen bland annat s\u00e5 att provisionerna fr\u00e5n A:s f\u00f6rs\u00e4ljning och bonusar lades till grundl\u00f6nen. Fr\u00e5n det sammanlagda beloppet av dessa avdrogs beloppet p\u00e5 de dagtraktamenten och kilometerers\u00e4ttningar som betalats \u00e5t A. Dagtraktamenten och kilometerers\u00e4ttningarna betalades enligt Skattef\u00f6rvaltningens beslut...\" \/>\n<meta property=\"og:url\" content=\"https:\/\/kohenavocats.com\/zh-hans\/jurisprudences\/kho202272-beskattning-av-personlig-inkomst\/\" \/>\n<meta property=\"og:site_name\" content=\"Ma\u00eetre Hassan Kohen, avocat en droit p\u00e9nal \u00e0 Paris\" \/>\n<meta name=\"twitter:card\" content=\"summary_large_image\" \/>\n<meta name=\"twitter:label1\" content=\"\u9884\u8ba1\u9605\u8bfb\u65f6\u95f4\" \/>\n\t<meta name=\"twitter:data1\" content=\"8 \u5206\" \/>\n<script type=\"application\/ld+json\" class=\"yoast-schema-graph\">{\"@context\":\"https:\\\/\\\/schema.org\",\"@graph\":[{\"@type\":\"WebPage\",\"@id\":\"https:\\\/\\\/kohenavocats.com\\\/zh-hans\\\/jurisprudences\\\/kho202272-beskattning-av-personlig-inkomst\\\/\",\"url\":\"https:\\\/\\\/kohenavocats.com\\\/zh-hans\\\/jurisprudences\\\/kho202272-beskattning-av-personlig-inkomst\\\/\",\"name\":\"KHO:2022:72 - Beskattning av personlig inkomst - Ma\u00eetre Hassan Kohen, avocat en droit p\u00e9nal \u00e0 Paris\",\"isPartOf\":{\"@id\":\"https:\\\/\\\/kohenavocats.com\\\/zh-hans\\\/#website\"},\"datePublished\":\"2026-04-23T21:12:54+00:00\",\"breadcrumb\":{\"@id\":\"https:\\\/\\\/kohenavocats.com\\\/zh-hans\\\/jurisprudences\\\/kho202272-beskattning-av-personlig-inkomst\\\/#breadcrumb\"},\"inLanguage\":\"zh-Hans\",\"potentialAction\":[{\"@type\":\"ReadAction\",\"target\":[\"https:\\\/\\\/kohenavocats.com\\\/zh-hans\\\/jurisprudences\\\/kho202272-beskattning-av-personlig-inkomst\\\/\"]}]},{\"@type\":\"BreadcrumbList\",\"@id\":\"https:\\\/\\\/kohenavocats.com\\\/zh-hans\\\/jurisprudences\\\/kho202272-beskattning-av-personlig-inkomst\\\/#breadcrumb\",\"itemListElement\":[{\"@type\":\"ListItem\",\"position\":1,\"name\":\"Home\",\"item\":\"https:\\\/\\\/kohenavocats.com\\\/zh-hans\\\/\"},{\"@type\":\"ListItem\",\"position\":2,\"name\":\"Jurisprudences\",\"item\":\"https:\\\/\\\/kohenavocats.com\\\/zh-hans\\\/jurisprudences\\\/\"},{\"@type\":\"ListItem\",\"position\":3,\"name\":\"KHO:2022:72 &#8211; Beskattning av personlig inkomst\"}]},{\"@type\":\"WebSite\",\"@id\":\"https:\\\/\\\/kohenavocats.com\\\/zh-hans\\\/#website\",\"url\":\"https:\\\/\\\/kohenavocats.com\\\/zh-hans\\\/\",\"name\":\"Kohen Avocats\",\"description\":\"Ma\u00eetre Hassan Kohen, avocat p\u00e9naliste \u00e0 Paris, intervient exclusivement en droit p\u00e9nal pour la d\u00e9fense des particuliers, notamment en mati\u00e8re d\u2019accusations de viol. Il assure un accompagnement rigoureux d\u00e8s la garde \u00e0 vue jusqu\u2019\u00e0 la Cour d\u2019assises, veillant au strict respect des garanties proc\u00e9durales.\",\"publisher\":{\"@id\":\"https:\\\/\\\/kohenavocats.com\\\/zh-hans\\\/#organization\"},\"potentialAction\":[{\"@type\":\"SearchAction\",\"target\":{\"@type\":\"EntryPoint\",\"urlTemplate\":\"https:\\\/\\\/kohenavocats.com\\\/zh-hans\\\/?s={search_term_string}\"},\"query-input\":{\"@type\":\"PropertyValueSpecification\",\"valueRequired\":true,\"valueName\":\"search_term_string\"}}],\"inLanguage\":\"zh-Hans\"},{\"@type\":\"Organization\",\"@id\":\"https:\\\/\\\/kohenavocats.com\\\/zh-hans\\\/#organization\",\"name\":\"Kohen Avocats\",\"url\":\"https:\\\/\\\/kohenavocats.com\\\/zh-hans\\\/\",\"logo\":{\"@type\":\"ImageObject\",\"inLanguage\":\"zh-Hans\",\"@id\":\"https:\\\/\\\/kohenavocats.com\\\/zh-hans\\\/#\\\/schema\\\/logo\\\/image\\\/\",\"url\":\"https:\\\/\\\/kohenavocats.com\\\/wp-content\\\/uploads\\\/2026\\\/01\\\/Logo-2-1.webp\",\"contentUrl\":\"https:\\\/\\\/kohenavocats.com\\\/wp-content\\\/uploads\\\/2026\\\/01\\\/Logo-2-1.webp\",\"width\":2114,\"height\":1253,\"caption\":\"Kohen Avocats\"},\"image\":{\"@id\":\"https:\\\/\\\/kohenavocats.com\\\/zh-hans\\\/#\\\/schema\\\/logo\\\/image\\\/\"}}]}<\/script>\n<!-- \/ Yoast SEO Premium plugin. -->","yoast_head_json":{"title":"KHO:2022:72 - Beskattning av personlig inkomst - Ma\u00eetre Hassan Kohen, avocat en droit p\u00e9nal \u00e0 Paris","robots":{"index":"index","follow":"follow","max-snippet":"max-snippet:-1","max-image-preview":"max-image-preview:large","max-video-preview":"max-video-preview:-1"},"canonical":"https:\/\/kohenavocats.com\/zh-hans\/jurisprudences\/kho202272-beskattning-av-personlig-inkomst\/","og_locale":"zh_CN","og_type":"article","og_title":"KHO:2022:72 - Beskattning av personlig inkomst","og_description":"B Ab planerade ta i bruk en modell med totall\u00f6n f\u00f6r sin f\u00f6rs\u00e4ljningsrepresentant A. Enligt modellen r\u00e4knades l\u00f6nen bland annat s\u00e5 att provisionerna fr\u00e5n A:s f\u00f6rs\u00e4ljning och bonusar lades till grundl\u00f6nen. Fr\u00e5n det sammanlagda beloppet av dessa avdrogs beloppet p\u00e5 de dagtraktamenten och kilometerers\u00e4ttningar som betalats \u00e5t A. Dagtraktamenten och kilometerers\u00e4ttningarna betalades enligt Skattef\u00f6rvaltningens beslut...","og_url":"https:\/\/kohenavocats.com\/zh-hans\/jurisprudences\/kho202272-beskattning-av-personlig-inkomst\/","og_site_name":"Ma\u00eetre Hassan Kohen, avocat en droit p\u00e9nal \u00e0 Paris","twitter_card":"summary_large_image","twitter_misc":{"\u9884\u8ba1\u9605\u8bfb\u65f6\u95f4":"8 \u5206"},"schema":{"@context":"https:\/\/schema.org","@graph":[{"@type":"WebPage","@id":"https:\/\/kohenavocats.com\/zh-hans\/jurisprudences\/kho202272-beskattning-av-personlig-inkomst\/","url":"https:\/\/kohenavocats.com\/zh-hans\/jurisprudences\/kho202272-beskattning-av-personlig-inkomst\/","name":"KHO:2022:72 - Beskattning av personlig inkomst - Ma\u00eetre Hassan Kohen, avocat en droit p\u00e9nal \u00e0 Paris","isPartOf":{"@id":"https:\/\/kohenavocats.com\/zh-hans\/#website"},"datePublished":"2026-04-23T21:12:54+00:00","breadcrumb":{"@id":"https:\/\/kohenavocats.com\/zh-hans\/jurisprudences\/kho202272-beskattning-av-personlig-inkomst\/#breadcrumb"},"inLanguage":"zh-Hans","potentialAction":[{"@type":"ReadAction","target":["https:\/\/kohenavocats.com\/zh-hans\/jurisprudences\/kho202272-beskattning-av-personlig-inkomst\/"]}]},{"@type":"BreadcrumbList","@id":"https:\/\/kohenavocats.com\/zh-hans\/jurisprudences\/kho202272-beskattning-av-personlig-inkomst\/#breadcrumb","itemListElement":[{"@type":"ListItem","position":1,"name":"Home","item":"https:\/\/kohenavocats.com\/zh-hans\/"},{"@type":"ListItem","position":2,"name":"Jurisprudences","item":"https:\/\/kohenavocats.com\/zh-hans\/jurisprudences\/"},{"@type":"ListItem","position":3,"name":"KHO:2022:72 &#8211; Beskattning av personlig inkomst"}]},{"@type":"WebSite","@id":"https:\/\/kohenavocats.com\/zh-hans\/#website","url":"https:\/\/kohenavocats.com\/zh-hans\/","name":"Kohen Avocats","description":"Ma\u00eetre Hassan Kohen, avocat p\u00e9naliste \u00e0 Paris, intervient exclusivement en droit p\u00e9nal pour la d\u00e9fense des particuliers, notamment en mati\u00e8re d\u2019accusations de viol. Il assure un accompagnement rigoureux d\u00e8s la garde \u00e0 vue jusqu\u2019\u00e0 la Cour d\u2019assises, veillant au strict respect des garanties proc\u00e9durales.","publisher":{"@id":"https:\/\/kohenavocats.com\/zh-hans\/#organization"},"potentialAction":[{"@type":"SearchAction","target":{"@type":"EntryPoint","urlTemplate":"https:\/\/kohenavocats.com\/zh-hans\/?s={search_term_string}"},"query-input":{"@type":"PropertyValueSpecification","valueRequired":true,"valueName":"search_term_string"}}],"inLanguage":"zh-Hans"},{"@type":"Organization","@id":"https:\/\/kohenavocats.com\/zh-hans\/#organization","name":"Kohen Avocats","url":"https:\/\/kohenavocats.com\/zh-hans\/","logo":{"@type":"ImageObject","inLanguage":"zh-Hans","@id":"https:\/\/kohenavocats.com\/zh-hans\/#\/schema\/logo\/image\/","url":"https:\/\/kohenavocats.com\/wp-content\/uploads\/2026\/01\/Logo-2-1.webp","contentUrl":"https:\/\/kohenavocats.com\/wp-content\/uploads\/2026\/01\/Logo-2-1.webp","width":2114,"height":1253,"caption":"Kohen Avocats"},"image":{"@id":"https:\/\/kohenavocats.com\/zh-hans\/#\/schema\/logo\/image\/"}}]}},"jetpack_likes_enabled":false,"jetpack_sharing_enabled":true,"_links":{"self":[{"href":"https:\/\/kohenavocats.com\/zh-hans\/wp-json\/wp\/v2\/kji_decision\/664844","targetHints":{"allow":["GET"]}}],"collection":[{"href":"https:\/\/kohenavocats.com\/zh-hans\/wp-json\/wp\/v2\/kji_decision"}],"about":[{"href":"https:\/\/kohenavocats.com\/zh-hans\/wp-json\/wp\/v2\/types\/kji_decision"}],"wp:attachment":[{"href":"https:\/\/kohenavocats.com\/zh-hans\/wp-json\/wp\/v2\/media?parent=664844"}],"wp:term":[{"taxonomy":"kji_country","embeddable":true,"href":"https:\/\/kohenavocats.com\/zh-hans\/wp-json\/wp\/v2\/kji_country?post=664844"},{"taxonomy":"kji_court","embeddable":true,"href":"https:\/\/kohenavocats.com\/zh-hans\/wp-json\/wp\/v2\/kji_court?post=664844"},{"taxonomy":"kji_chamber","embeddable":true,"href":"https:\/\/kohenavocats.com\/zh-hans\/wp-json\/wp\/v2\/kji_chamber?post=664844"},{"taxonomy":"kji_year","embeddable":true,"href":"https:\/\/kohenavocats.com\/zh-hans\/wp-json\/wp\/v2\/kji_year?post=664844"},{"taxonomy":"kji_subject","embeddable":true,"href":"https:\/\/kohenavocats.com\/zh-hans\/wp-json\/wp\/v2\/kji_subject?post=664844"},{"taxonomy":"kji_keyword","embeddable":true,"href":"https:\/\/kohenavocats.com\/zh-hans\/wp-json\/wp\/v2\/kji_keyword?post=664844"},{"taxonomy":"kji_language","embeddable":true,"href":"https:\/\/kohenavocats.com\/zh-hans\/wp-json\/wp\/v2\/kji_language?post=664844"}],"curies":[{"name":"wp","href":"https:\/\/api.w.org\/{rel}","templated":true}]}}