{"id":670432,"date":"2026-04-24T07:49:52","date_gmt":"2026-04-24T05:49:52","guid":{"rendered":"https:\/\/kohenavocats.com\/jurisprudences\/acordao-supremo-tribunal-de-justica-processo-549-19-1t8pvz-p1-s1-2022-04-20\/"},"modified":"2026-04-24T07:49:52","modified_gmt":"2026-04-24T05:49:52","slug":"acordao-supremo-tribunal-de-justica-processo-549-19-1t8pvz-p1-s1-2022-04-20","status":"publish","type":"kji_decision","link":"https:\/\/kohenavocats.com\/zh-hans\/jurisprudences\/acordao-supremo-tribunal-de-justica-processo-549-19-1t8pvz-p1-s1-2022-04-20\/","title":{"rendered":"Ac\u00f3rd\u00e3o Supremo Tribunal de Justi\u00e7a \u2013 Processo 549\/19.1T8PVZ.P1.S1 \u2013 2022-04-20"},"content":{"rendered":"<div class=\"kji-decision\">\n<p class=\"kji-summary\">Relator: PEDRO DE LIMA GON?ALVES. I. No que respeita ?s declara??es proferidas pelas partes perante o oficial p?blico, o documento prova plenamente que a apresentante disse perante o Tesoureiro da Fazenda P?blica que os aludidos pr?dios foram inscritos na matriz anteriormente ao ano de 1951, mas n?o prova, nem pode provar, que tal facto corresponde ? realidade, isto ?. que o conte?do da declara??o ? verdadeiro, sendo que, do teor do documento, de natureza meramente narrativa, nada permite concluir no sentido propugnado pelo recorrente, de que tal facto foi atestado ou percecionado diretamente pelo oficial p?blico. II. Assim, contrariamente ao que defende o Recorrente, o referido documento n?o tem idoneidade para fazer prova plena da data da inscri??o dos pr?dios na respetiva matriz predial (artigo 371.?, n.? 1, do C?digo Civil). III. O documento invocado pelo Recorrente n?o constitui meio de prova vinculado no que tange concretamente ao facto relativo ? data da inscri??o dos pr?dios na respetiva matriz predial. IV. Ora, o erro na fixa??o dos factos materiais da causa n?o pode ser objeto do recurso de revista por escapar aos poderes de sindic?ncia do STJ (cf. artigo 662.?, n.? 4, do C?digo de Processo Civil), a n?o ser nas duas hip?teses previstas no n.? 3 do artigo 674.? do C?digo de Processo Civil, isto ?: quando haja ofensa de uma disposi??o expressa de lei que exija certa esp?cie de prova para a exist?ncia do facto ou haja viola??o de norma legal que fixe a for?a probat?ria de determinado meio de prova, situa??es que, como vimos, n?o est?o minimamente em causa no caso.<\/p>\n<hr class=\"kji-sep\" \/>\n<p class=\"kji-source-links\"><strong>Sources officielles :<\/strong> <a class=\"kji-source-link\" href=\"https:\/\/www.dgsi.pt\/jstj.nsf\/954f0ce6ad9dd8b980256b5f003fa814\/ae25e31f6fc87a698025882b0046e26d?OpenDocument&#038;ExpandSection=1\" target=\"_blank\" rel=\"noopener noreferrer\">consulter la page source<\/a><\/p>\n<p class=\"kji-license-note\"><em>Portails officiels portugais (DGSI \/ Tribunal Constitucional). Republication en metadata_only par prudence licencielle ; consulter la source officielle pour le texte authentique.<\/em><\/p>\n<\/div>\n","protected":false},"excerpt":{"rendered":"<p>Relator: PEDRO DE LIMA GON?ALVES. I. No que respeita ?s declara??es proferidas pelas partes perante o oficial p?blico, o documento prova plenamente que a apresentante disse perante o Tesoureiro da Fazenda P?blica que os aludidos pr?dios foram inscritos na matriz anteriormente ao ano de 1951, mas n?o prova, nem pode provar, que tal facto corresponde ? realidade, isto ?. que o conte?do da declara??o ? verdadeiro, sendo que, do teor do documento, de natureza meramente narrativa, nada permite concluir no sentido propugnado pelo recorrente, de que tal facto foi atestado ou percecionado diretamente pelo oficial p?blico. II. Assim, contrariamente ao que defende o Recorrente, o referido documento n?o tem idoneidade para fazer prova plena da data da inscri??o dos pr?dios na respetiva matriz predial (artigo 371.?, n.? 1, do C?digo Civil). III. O documento invocado pelo Recorrente n?o constitui meio de prova vinculado no que tange concretamente ao facto relativo ? data da inscri??o dos pr?dios na respetiva matriz predial. IV. Ora, o erro na fixa??o dos factos materiais da causa n?o pode ser objeto do recurso de revista por escapar aos poderes de sindic?ncia do STJ (cf. artigo 662.?, n.? 4, do C?digo de Processo Civil), a n?o ser nas duas hip?teses previstas no n.? 3 do artigo 674.? do C?digo de Processo Civil, isto ?: quando haja ofensa de uma disposi??o expressa de lei que exija certa esp?cie de prova para a exist?ncia do facto ou haja viola??o de norma legal que fixe a for?a probat?ria de determinado meio de prova, situa??es que, como vimos, n?o est?o minimamente em causa no caso.<\/p>\n","protected":false},"featured_media":0,"template":"","meta":{"_crdt_document":""},"kji_country":[7762],"kji_court":[7763],"kji_chamber":[9174],"kji_year":[32183],"kji_subject":[7724],"kji_keyword":[7772,7774,7771,7773,7636],"kji_language":[7770],"class_list":["post-670432","kji_decision","type-kji_decision","status-publish","hentry","kji_country-portugal","kji_court-supremo-tribunal-de-justica","kji_chamber-1-seco","kji_year-32183","kji_subject-civil","kji_keyword-acordao","kji_keyword-justica","kji_keyword-processo","kji_keyword-supremo","kji_keyword-tribunal","kji_language-pt"],"yoast_head":"<!-- This site is optimized with the Yoast SEO Premium plugin v27.4 (Yoast SEO v27.4) - https:\/\/yoast.com\/product\/yoast-seo-premium-wordpress\/ -->\n<title>Ac\u00f3rd\u00e3o Supremo Tribunal de Justi\u00e7a \u2013 Processo 549\/19.1T8PVZ.P1.S1 \u2013 2022-04-20 - Ma\u00eetre Hassan Kohen, avocat en droit p\u00e9nal \u00e0 Paris<\/title>\n<meta name=\"robots\" content=\"index, follow, max-snippet:-1, max-image-preview:large, max-video-preview:-1\" \/>\n<link rel=\"canonical\" href=\"https:\/\/kohenavocats.com\/zh-hans\/jurisprudences\/acordao-supremo-tribunal-de-justica-processo-549-19-1t8pvz-p1-s1-2022-04-20\/\" \/>\n<meta property=\"og:locale\" content=\"zh_CN\" \/>\n<meta property=\"og:type\" content=\"article\" \/>\n<meta property=\"og:title\" content=\"Ac\u00f3rd\u00e3o Supremo Tribunal de Justi\u00e7a \u2013 Processo 549\/19.1T8PVZ.P1.S1 \u2013 2022-04-20\" \/>\n<meta property=\"og:description\" content=\"Relator: PEDRO DE LIMA GON?ALVES. I. No que respeita ?s declara??es proferidas pelas partes perante o oficial p?blico, o documento prova plenamente que a apresentante disse perante o Tesoureiro da Fazenda P?blica que os aludidos pr?dios foram inscritos na matriz anteriormente ao ano de 1951, mas n?o prova, nem pode provar, que tal facto corresponde ? realidade, isto ?. que o conte?do da declara??o ? verdadeiro, sendo que, do teor do documento, de natureza meramente narrativa, nada permite concluir no sentido propugnado pelo recorrente, de que tal facto foi atestado ou percecionado diretamente pelo oficial p?blico. II. Assim, contrariamente ao que defende o Recorrente, o referido documento n?o tem idoneidade para fazer prova plena da data da inscri??o dos pr?dios na respetiva matriz predial (artigo 371.?, n.? 1, do C?digo Civil). III. O documento invocado pelo Recorrente n?o constitui meio de prova vinculado no que tange concretamente ao facto relativo ? data da inscri??o dos pr?dios na respetiva matriz predial. IV. Ora, o erro na fixa??o dos factos materiais da causa n?o pode ser objeto do recurso de revista por escapar aos poderes de sindic?ncia do STJ (cf. artigo 662.?, n.? 4, do C?digo de Processo Civil), a n?o ser nas duas hip?teses previstas no n.? 3 do artigo 674.? do C?digo de Processo Civil, isto ?: quando haja ofensa de uma disposi??o expressa de lei que exija certa esp?cie de prova para a exist?ncia do facto ou haja viola??o de norma legal que fixe a for?a probat?ria de determinado meio de prova, situa??es que, como vimos, n?o est?o minimamente em causa no caso.\" \/>\n<meta property=\"og:url\" content=\"https:\/\/kohenavocats.com\/zh-hans\/jurisprudences\/acordao-supremo-tribunal-de-justica-processo-549-19-1t8pvz-p1-s1-2022-04-20\/\" \/>\n<meta property=\"og:site_name\" content=\"Ma\u00eetre Hassan Kohen, avocat en droit p\u00e9nal \u00e0 Paris\" \/>\n<meta name=\"twitter:card\" content=\"summary_large_image\" \/>\n<meta name=\"twitter:label1\" content=\"\u9884\u8ba1\u9605\u8bfb\u65f6\u95f4\" \/>\n\t<meta name=\"twitter:data1\" content=\"2 \u5206\" \/>\n<script type=\"application\/ld+json\" class=\"yoast-schema-graph\">{\"@context\":\"https:\\\/\\\/schema.org\",\"@graph\":[{\"@type\":\"WebPage\",\"@id\":\"https:\\\/\\\/kohenavocats.com\\\/zh-hans\\\/jurisprudences\\\/acordao-supremo-tribunal-de-justica-processo-549-19-1t8pvz-p1-s1-2022-04-20\\\/\",\"url\":\"https:\\\/\\\/kohenavocats.com\\\/zh-hans\\\/jurisprudences\\\/acordao-supremo-tribunal-de-justica-processo-549-19-1t8pvz-p1-s1-2022-04-20\\\/\",\"name\":\"Ac\u00f3rd\u00e3o Supremo Tribunal de Justi\u00e7a \u2013 Processo 549\\\/19.1T8PVZ.P1.S1 \u2013 2022-04-20 - Ma\u00eetre Hassan Kohen, avocat en droit p\u00e9nal \u00e0 Paris\",\"isPartOf\":{\"@id\":\"https:\\\/\\\/kohenavocats.com\\\/zh-hans\\\/#website\"},\"datePublished\":\"2026-04-24T05:49:52+00:00\",\"breadcrumb\":{\"@id\":\"https:\\\/\\\/kohenavocats.com\\\/zh-hans\\\/jurisprudences\\\/acordao-supremo-tribunal-de-justica-processo-549-19-1t8pvz-p1-s1-2022-04-20\\\/#breadcrumb\"},\"inLanguage\":\"zh-Hans\",\"potentialAction\":[{\"@type\":\"ReadAction\",\"target\":[\"https:\\\/\\\/kohenavocats.com\\\/zh-hans\\\/jurisprudences\\\/acordao-supremo-tribunal-de-justica-processo-549-19-1t8pvz-p1-s1-2022-04-20\\\/\"]}]},{\"@type\":\"BreadcrumbList\",\"@id\":\"https:\\\/\\\/kohenavocats.com\\\/zh-hans\\\/jurisprudences\\\/acordao-supremo-tribunal-de-justica-processo-549-19-1t8pvz-p1-s1-2022-04-20\\\/#breadcrumb\",\"itemListElement\":[{\"@type\":\"ListItem\",\"position\":1,\"name\":\"Home\",\"item\":\"https:\\\/\\\/kohenavocats.com\\\/zh-hans\\\/\"},{\"@type\":\"ListItem\",\"position\":2,\"name\":\"Jurisprudences\",\"item\":\"https:\\\/\\\/kohenavocats.com\\\/zh-hans\\\/jurisprudences\\\/\"},{\"@type\":\"ListItem\",\"position\":3,\"name\":\"Ac\u00f3rd\u00e3o Supremo Tribunal de Justi\u00e7a \u2013 Processo 549\\\/19.1T8PVZ.P1.S1 \u2013 2022-04-20\"}]},{\"@type\":\"WebSite\",\"@id\":\"https:\\\/\\\/kohenavocats.com\\\/zh-hans\\\/#website\",\"url\":\"https:\\\/\\\/kohenavocats.com\\\/zh-hans\\\/\",\"name\":\"Kohen Avocats\",\"description\":\"Ma\u00eetre Hassan Kohen, avocat p\u00e9naliste \u00e0 Paris, intervient exclusivement en droit p\u00e9nal pour la d\u00e9fense des particuliers, notamment en mati\u00e8re d\u2019accusations de viol. Il assure un accompagnement rigoureux d\u00e8s la garde \u00e0 vue jusqu\u2019\u00e0 la Cour d\u2019assises, veillant au strict respect des garanties proc\u00e9durales.\",\"publisher\":{\"@id\":\"https:\\\/\\\/kohenavocats.com\\\/zh-hans\\\/#organization\"},\"potentialAction\":[{\"@type\":\"SearchAction\",\"target\":{\"@type\":\"EntryPoint\",\"urlTemplate\":\"https:\\\/\\\/kohenavocats.com\\\/zh-hans\\\/?s={search_term_string}\"},\"query-input\":{\"@type\":\"PropertyValueSpecification\",\"valueRequired\":true,\"valueName\":\"search_term_string\"}}],\"inLanguage\":\"zh-Hans\"},{\"@type\":\"Organization\",\"@id\":\"https:\\\/\\\/kohenavocats.com\\\/zh-hans\\\/#organization\",\"name\":\"Kohen Avocats\",\"url\":\"https:\\\/\\\/kohenavocats.com\\\/zh-hans\\\/\",\"logo\":{\"@type\":\"ImageObject\",\"inLanguage\":\"zh-Hans\",\"@id\":\"https:\\\/\\\/kohenavocats.com\\\/zh-hans\\\/#\\\/schema\\\/logo\\\/image\\\/\",\"url\":\"https:\\\/\\\/kohenavocats.com\\\/wp-content\\\/uploads\\\/2026\\\/01\\\/Logo-2-1.webp\",\"contentUrl\":\"https:\\\/\\\/kohenavocats.com\\\/wp-content\\\/uploads\\\/2026\\\/01\\\/Logo-2-1.webp\",\"width\":2114,\"height\":1253,\"caption\":\"Kohen Avocats\"},\"image\":{\"@id\":\"https:\\\/\\\/kohenavocats.com\\\/zh-hans\\\/#\\\/schema\\\/logo\\\/image\\\/\"}}]}<\/script>\n<!-- \/ Yoast SEO Premium plugin. -->","yoast_head_json":{"title":"Ac\u00f3rd\u00e3o Supremo Tribunal de Justi\u00e7a \u2013 Processo 549\/19.1T8PVZ.P1.S1 \u2013 2022-04-20 - Ma\u00eetre Hassan Kohen, avocat en droit p\u00e9nal \u00e0 Paris","robots":{"index":"index","follow":"follow","max-snippet":"max-snippet:-1","max-image-preview":"max-image-preview:large","max-video-preview":"max-video-preview:-1"},"canonical":"https:\/\/kohenavocats.com\/zh-hans\/jurisprudences\/acordao-supremo-tribunal-de-justica-processo-549-19-1t8pvz-p1-s1-2022-04-20\/","og_locale":"zh_CN","og_type":"article","og_title":"Ac\u00f3rd\u00e3o Supremo Tribunal de Justi\u00e7a \u2013 Processo 549\/19.1T8PVZ.P1.S1 \u2013 2022-04-20","og_description":"Relator: PEDRO DE LIMA GON?ALVES. I. No que respeita ?s declara??es proferidas pelas partes perante o oficial p?blico, o documento prova plenamente que a apresentante disse perante o Tesoureiro da Fazenda P?blica que os aludidos pr?dios foram inscritos na matriz anteriormente ao ano de 1951, mas n?o prova, nem pode provar, que tal facto corresponde ? realidade, isto ?. que o conte?do da declara??o ? verdadeiro, sendo que, do teor do documento, de natureza meramente narrativa, nada permite concluir no sentido propugnado pelo recorrente, de que tal facto foi atestado ou percecionado diretamente pelo oficial p?blico. II. Assim, contrariamente ao que defende o Recorrente, o referido documento n?o tem idoneidade para fazer prova plena da data da inscri??o dos pr?dios na respetiva matriz predial (artigo 371.?, n.? 1, do C?digo Civil). III. O documento invocado pelo Recorrente n?o constitui meio de prova vinculado no que tange concretamente ao facto relativo ? data da inscri??o dos pr?dios na respetiva matriz predial. IV. Ora, o erro na fixa??o dos factos materiais da causa n?o pode ser objeto do recurso de revista por escapar aos poderes de sindic?ncia do STJ (cf. artigo 662.?, n.? 4, do C?digo de Processo Civil), a n?o ser nas duas hip?teses previstas no n.? 3 do artigo 674.? do C?digo de Processo Civil, isto ?: quando haja ofensa de uma disposi??o expressa de lei que exija certa esp?cie de prova para a exist?ncia do facto ou haja viola??o de norma legal que fixe a for?a probat?ria de determinado meio de prova, situa??es que, como vimos, n?o est?o minimamente em causa no caso.","og_url":"https:\/\/kohenavocats.com\/zh-hans\/jurisprudences\/acordao-supremo-tribunal-de-justica-processo-549-19-1t8pvz-p1-s1-2022-04-20\/","og_site_name":"Ma\u00eetre Hassan Kohen, avocat en droit p\u00e9nal \u00e0 Paris","twitter_card":"summary_large_image","twitter_misc":{"\u9884\u8ba1\u9605\u8bfb\u65f6\u95f4":"2 \u5206"},"schema":{"@context":"https:\/\/schema.org","@graph":[{"@type":"WebPage","@id":"https:\/\/kohenavocats.com\/zh-hans\/jurisprudences\/acordao-supremo-tribunal-de-justica-processo-549-19-1t8pvz-p1-s1-2022-04-20\/","url":"https:\/\/kohenavocats.com\/zh-hans\/jurisprudences\/acordao-supremo-tribunal-de-justica-processo-549-19-1t8pvz-p1-s1-2022-04-20\/","name":"Ac\u00f3rd\u00e3o Supremo Tribunal de Justi\u00e7a \u2013 Processo 549\/19.1T8PVZ.P1.S1 \u2013 2022-04-20 - Ma\u00eetre Hassan Kohen, avocat en droit p\u00e9nal \u00e0 Paris","isPartOf":{"@id":"https:\/\/kohenavocats.com\/zh-hans\/#website"},"datePublished":"2026-04-24T05:49:52+00:00","breadcrumb":{"@id":"https:\/\/kohenavocats.com\/zh-hans\/jurisprudences\/acordao-supremo-tribunal-de-justica-processo-549-19-1t8pvz-p1-s1-2022-04-20\/#breadcrumb"},"inLanguage":"zh-Hans","potentialAction":[{"@type":"ReadAction","target":["https:\/\/kohenavocats.com\/zh-hans\/jurisprudences\/acordao-supremo-tribunal-de-justica-processo-549-19-1t8pvz-p1-s1-2022-04-20\/"]}]},{"@type":"BreadcrumbList","@id":"https:\/\/kohenavocats.com\/zh-hans\/jurisprudences\/acordao-supremo-tribunal-de-justica-processo-549-19-1t8pvz-p1-s1-2022-04-20\/#breadcrumb","itemListElement":[{"@type":"ListItem","position":1,"name":"Home","item":"https:\/\/kohenavocats.com\/zh-hans\/"},{"@type":"ListItem","position":2,"name":"Jurisprudences","item":"https:\/\/kohenavocats.com\/zh-hans\/jurisprudences\/"},{"@type":"ListItem","position":3,"name":"Ac\u00f3rd\u00e3o Supremo Tribunal de Justi\u00e7a \u2013 Processo 549\/19.1T8PVZ.P1.S1 \u2013 2022-04-20"}]},{"@type":"WebSite","@id":"https:\/\/kohenavocats.com\/zh-hans\/#website","url":"https:\/\/kohenavocats.com\/zh-hans\/","name":"Kohen Avocats","description":"Ma\u00eetre Hassan Kohen, avocat p\u00e9naliste \u00e0 Paris, intervient exclusivement en droit p\u00e9nal pour la d\u00e9fense des particuliers, notamment en mati\u00e8re d\u2019accusations de viol. Il assure un accompagnement rigoureux d\u00e8s la garde \u00e0 vue jusqu\u2019\u00e0 la Cour d\u2019assises, veillant au strict respect des garanties proc\u00e9durales.","publisher":{"@id":"https:\/\/kohenavocats.com\/zh-hans\/#organization"},"potentialAction":[{"@type":"SearchAction","target":{"@type":"EntryPoint","urlTemplate":"https:\/\/kohenavocats.com\/zh-hans\/?s={search_term_string}"},"query-input":{"@type":"PropertyValueSpecification","valueRequired":true,"valueName":"search_term_string"}}],"inLanguage":"zh-Hans"},{"@type":"Organization","@id":"https:\/\/kohenavocats.com\/zh-hans\/#organization","name":"Kohen Avocats","url":"https:\/\/kohenavocats.com\/zh-hans\/","logo":{"@type":"ImageObject","inLanguage":"zh-Hans","@id":"https:\/\/kohenavocats.com\/zh-hans\/#\/schema\/logo\/image\/","url":"https:\/\/kohenavocats.com\/wp-content\/uploads\/2026\/01\/Logo-2-1.webp","contentUrl":"https:\/\/kohenavocats.com\/wp-content\/uploads\/2026\/01\/Logo-2-1.webp","width":2114,"height":1253,"caption":"Kohen Avocats"},"image":{"@id":"https:\/\/kohenavocats.com\/zh-hans\/#\/schema\/logo\/image\/"}}]}},"jetpack_likes_enabled":false,"jetpack_sharing_enabled":true,"_links":{"self":[{"href":"https:\/\/kohenavocats.com\/zh-hans\/wp-json\/wp\/v2\/kji_decision\/670432","targetHints":{"allow":["GET"]}}],"collection":[{"href":"https:\/\/kohenavocats.com\/zh-hans\/wp-json\/wp\/v2\/kji_decision"}],"about":[{"href":"https:\/\/kohenavocats.com\/zh-hans\/wp-json\/wp\/v2\/types\/kji_decision"}],"wp:attachment":[{"href":"https:\/\/kohenavocats.com\/zh-hans\/wp-json\/wp\/v2\/media?parent=670432"}],"wp:term":[{"taxonomy":"kji_country","embeddable":true,"href":"https:\/\/kohenavocats.com\/zh-hans\/wp-json\/wp\/v2\/kji_country?post=670432"},{"taxonomy":"kji_court","embeddable":true,"href":"https:\/\/kohenavocats.com\/zh-hans\/wp-json\/wp\/v2\/kji_court?post=670432"},{"taxonomy":"kji_chamber","embeddable":true,"href":"https:\/\/kohenavocats.com\/zh-hans\/wp-json\/wp\/v2\/kji_chamber?post=670432"},{"taxonomy":"kji_year","embeddable":true,"href":"https:\/\/kohenavocats.com\/zh-hans\/wp-json\/wp\/v2\/kji_year?post=670432"},{"taxonomy":"kji_subject","embeddable":true,"href":"https:\/\/kohenavocats.com\/zh-hans\/wp-json\/wp\/v2\/kji_subject?post=670432"},{"taxonomy":"kji_keyword","embeddable":true,"href":"https:\/\/kohenavocats.com\/zh-hans\/wp-json\/wp\/v2\/kji_keyword?post=670432"},{"taxonomy":"kji_language","embeddable":true,"href":"https:\/\/kohenavocats.com\/zh-hans\/wp-json\/wp\/v2\/kji_language?post=670432"}],"curies":[{"name":"wp","href":"https:\/\/api.w.org\/{rel}","templated":true}]}}