{"id":672432,"date":"2026-04-24T13:11:22","date_gmt":"2026-04-24T11:11:22","guid":{"rendered":"https:\/\/kohenavocats.com\/jurisprudences\/tribunal-federal-suisse-4-mars-2022-n-5a-35-2022\/"},"modified":"2026-04-24T13:11:22","modified_gmt":"2026-04-24T11:11:22","slug":"tribunal-federal-suisse-4-mars-2022-n-5a-35-2022","status":"publish","type":"kji_decision","link":"https:\/\/kohenavocats.com\/zh-hans\/jurisprudences\/tribunal-federal-suisse-4-mars-2022-n-5a-35-2022\/","title":{"rendered":"Tribunal f\u00e9d\u00e9ral suisse, 4 mars 2022, n\u00b0 5A 35-2022"},"content":{"rendered":"<div class=\"kji-decision\">\n<div class=\"kji-full-text\">\n<p>Bundesgericht<\/p>\n<p>Tribunal f\u00e9d\u00e9ral<\/p>\n<p>Tribunale federale<\/p>\n<p>Tribunal federal<\/p>\n<p>5A_35\/2022<\/p>\n<p>Arr\u00eat du 4 mars 2022<\/p>\n<p>IIe Cour de droit civil<\/p>\n<p>Composition<\/p>\n<p>M. le Juge f\u00e9d\u00e9ral Herrmann, Pr\u00e9sident.<\/p>\n<p>Greffi\u00e8re : Mme Gauron-Carlin.<\/p>\n<p>Participants \u00e0 la proc\u00e9dure<\/p>\n<p>A.________,<\/p>\n<p>recourant,<\/p>\n<p>contre<\/p>\n<p>B.________,<\/p>\n<p>repr\u00e9sent\u00e9e par Me Thomas Barth, avocat,<\/p>\n<p>intim\u00e9e.<\/p>\n<p>Objet<\/p>\n<p>mesures provisionnelles de divorce (contribution d&#039;entretien),<\/p>\n<p>recours contre l&#039;arr\u00eat de la Chambre civile de la Cour de justice du canton de Gen\u00e8ve du 26 novembre 2021 (C\/8862\/2020, ACJC\/1667\/2021).<\/p>\n<p>Consid\u00e9rant en fait et en droit :<\/p>\n<p>1.<\/p>\n<p>Par arr\u00eat du 26 novembre 2021, la Chambre civile de la Cour de justice du canton de Gen\u00e8ve a d\u00e9clar\u00e9 recevables les appels interjet\u00e9s respectivement le 28 juin 2021 par B.________ et le 5 juillet 2021 par A.________ contre l&#039;ordonnance de mesures provisionnelles rendue pour la dur\u00e9e du divorce le 15 juin 2021 par le Tribunal de premi\u00e8re instance de Gen\u00e8ve, annul\u00e9 le chiffre 2 du dispositif de cette ordonnance et, statuant \u00e0 nouveau sur ce point, condamn\u00e9 l&#039;\u00e9pouse, B.________, \u00e0 verser \u00e0 A.________, par mois et d&#039;avance, d\u00e8s le 1er janvier 2021, la somme de 3&#039;200 fr. \u00e0 titre de contribution \u00e0 son entretien.<\/p>\n<p>2.<\/p>\n<p>Par acte remis \u00e0 la Poste suisse le 15 janvier 2022, A.________ exerce un recours en mati\u00e8re civile au Tribunal f\u00e9d\u00e9ral, concluant en substance \u00e0 ce que son \u00e9pouse soit condamn\u00e9e \u00e0 lui verser une contribution d&#039;entretien de 9&#039;995 fr. par mois et un capital de 1&#039;000&#039;000 fr.<\/p>\n<p>3.<\/p>\n<p>Lorsque, comme en l&#039;esp\u00e8ce, le recours est dirig\u00e9 contre une d\u00e9cision de mesures provisionnelles rendue pour la dur\u00e9e de la proc\u00e9dure de divorce, \u00e0 savoir une d\u00e9cision de mesures provisionnelles au sens de l&#039;art. 98 LTF (ATF 133 III 393 consid. 5.1), le recourant ne peut se plaindre que de la violation de ses droits constitutionnels. Le Tribunal f\u00e9d\u00e9ral n&#039;examine de tels griefs que s&#039;ils ont \u00e9t\u00e9 invoqu\u00e9s et motiv\u00e9s (&quot; principe d&#039;all\u00e9gation &quot;; art. 106 al. 2 LTF), c&#039;est-\u00e0-dire express\u00e9ment soulev\u00e9s et expos\u00e9s de mani\u00e8re claire et d\u00e9taill\u00e9e (ATF 142 II 369 consid. 2.1; 142 III 364 consid. 2.4). Le recourant doit ainsi indiquer quelle disposition constitutionnelle aurait \u00e9t\u00e9 viol\u00e9e et d\u00e9montrer, par une argumentation pr\u00e9cise, en quoi consiste la violation (ATF 134 II 349 consid. 3). Les critiques de nature appellatoire sont d&#039;embl\u00e9e irrecevables (ATF 142 III 364 consid. 2.4 et la r\u00e9f\u00e9rence).<\/p>\n<p>Le Tribunal f\u00e9d\u00e9ral statue sur la base des faits \u00e9tablis par l&#039;autorit\u00e9 pr\u00e9c\u00e9dente (art. 105 al. 1 LTF). Le recourant qui entend invoquer que les faits ont \u00e9t\u00e9 \u00e9tablis de mani\u00e8re manifestement inexacte ne peut obtenir la rectification ou le compl\u00e8tement des constatations de fait de l&#039;arr\u00eat cantonal que s&#039;il d\u00e9montre la violation de droits constitutionnels, conform\u00e9ment au principe d&#039;all\u00e9gation susmentionn\u00e9. Le recourant ne peut se limiter \u00e0 contredire les constatations litigieuses par ses propres all\u00e9gations ou par l&#039;expos\u00e9 de sa propre appr\u00e9ciation des preuves; il doit indiquer de fa\u00e7on pr\u00e9cise en quoi ces constatations sont arbitraires au sens de l&#039;art. 9 Cst. (ATF 133 II 249 consid. 1.4.3). Une critique des faits qui ne satisfait pas \u00e0 cette exigence est irrecevable (art. 106 al. 2 LTF; ATF 141 IV 249 consid. 1.3.1; 140 III 264 consid. 2.3 et les r\u00e9f\u00e9rences).<\/p>\n<p>4.<\/p>\n<p>En l&#039;occurrence, le recourant &#8211; qui a m\u00e9connu la cognition limit\u00e9e du Tribunal f\u00e9d\u00e9ral lorsqu&#039;il est saisi d&#039;un recours contre des mesures provisionnelles (cf. supra consid. 3) &#8211; discute la cause et pr\u00e9sente sa propre version des faits et de l&#039;application du droit \u00e0 la cause, sans soulever aucun grief de nature constitutionnelle soulev\u00e9 avec pr\u00e9cision et de mani\u00e8re d\u00e9taill\u00e9e, contre la motivation du jugement d\u00e9f\u00e9r\u00e9. Il ne d\u00e9montre ainsi pas quel droit fondamental il estime avoir \u00e9t\u00e9 viol\u00e9 par l&#039;autorit\u00e9 pr\u00e9c\u00e9dente et pour quelle raison une telle violation devrait \u00eatre admise. Le recours ne satisfait par cons\u00e9quent d&#039;embl\u00e9e pas aux exigences de motivation de l&#039;art. 106 al. 2 LTF et doit \u00eatre d\u00e9clar\u00e9 irrecevable.<\/p>\n<p>5.<\/p>\n<p>En d\u00e9finitive, le pr\u00e9sent recours, qui ne correspond pas aux exigences minimales de motivation, doit \u00eatre d\u00e9clar\u00e9 irrecevable selon la proc\u00e9dure simplifi\u00e9e de l&#039;art. 108 al. 1 let. b LTF.<\/p>\n<p>Les frais judiciaires, arr\u00eat\u00e9s \u00e0 500 fr., sont mis \u00e0 la charge du recourant qui succombe (art. 66 al. 1 LTF).<\/p>\n<p>Par ces motifs, le Pr\u00e9sident prononce :<\/p>\n<p>1.<\/p>\n<p>Le recours est irrecevable.<\/p>\n<p>2.<\/p>\n<p>Les frais judiciaires, arr\u00eat\u00e9s \u00e0 500 fr., sont mis \u00e0 la charge du recourant.<\/p>\n<p>3.<\/p>\n<p>Le pr\u00e9sent arr\u00eat est communiqu\u00e9 aux parties et \u00e0 la Cour de justice du canton de Gen\u00e8ve, Chambre civile.<\/p>\n<p>Lausanne, le 4 mars 2022<\/p>\n<p>Au nom de la IIe Cour de droit civil<\/p>\n<p>du Tribunal f\u00e9d\u00e9ral suisse<\/p>\n<p>Le Pr\u00e9sident : Herrmann<\/p>\n<p>La Greffi\u00e8re : Gauron-Carlin<\/p>\n<\/div>\n<hr class=\"kji-sep\" \/>\n<p class=\"kji-source-links\"><strong>Sources officielles :<\/strong> <a class=\"kji-source-link\" href=\"https:\/\/search.bger.ch\/ext\/eurospider\/live\/fr\/php\/aza\/http\/index.php?lang=fr&#038;type=highlight_simple_query&#038;page=7&#038;from_date=&#038;to_date=&#038;sort=relevance&#038;insertion_date=&#038;top_subcollection_aza=all&#038;query_words=divorce&#038;rank=63&#038;azaclir=aza&#038;highlight_docid=aza%3A%2F%2F04-03-2022-5A_35-2022&#038;number_of_ranks=4665\" target=\"_blank\" rel=\"noopener noreferrer\">consulter la page source<\/a><\/p>\n<p class=\"kji-license-note\"><em>Source officielle Tribunal federal suisse. Contenu HTML public, PDF non garanti en version gratuite.<\/em><\/p>\n<\/div>\n","protected":false},"excerpt":{"rendered":"<p>Bundesgericht Tribunal f\u00e9d\u00e9ral Tribunale federale Tribunal federal 5A_35\/2022 Arr\u00eat du 4 mars 2022 IIe Cour de droit civil Composition M. le Juge f\u00e9d\u00e9ral Herrmann, Pr\u00e9sident. Greffi\u00e8re : Mme Gauron-Carlin. Participants \u00e0 la proc\u00e9dure A.________, recourant, contre B.________, repr\u00e9sent\u00e9e par Me Thomas Barth, avocat, intim\u00e9e. Objet mesures provisionnelles de divorce (contribution d&#8217;entretien), recours contre l&#8217;arr\u00eat de&#8230;<\/p>\n","protected":false},"featured_media":4139,"template":"","meta":{"_crdt_document":""},"kji_country":[9676],"kji_court":[9677],"kji_chamber":[9798],"kji_year":[32183],"kji_subject":[7724],"kji_keyword":[9799,9679,9680,7636],"kji_language":[7733],"class_list":["post-672432","kji_decision","type-kji_decision","status-publish","has-post-thumbnail","hentry","kji_country-suisse","kji_court-tribunal-federal-suisse","kji_chamber-cour-de-droit-civil","kji_year-32183","kji_subject-civil","kji_keyword-bundesgericht","kji_keyword-federal","kji_keyword-suisse","kji_keyword-tribunal","kji_language-francais"],"yoast_head":"<!-- This site is optimized with the Yoast SEO Premium plugin v27.4 (Yoast SEO v27.4) - https:\/\/yoast.com\/product\/yoast-seo-premium-wordpress\/ -->\n<title>Tribunal f\u00e9d\u00e9ral suisse, 4 mars 2022, n\u00b0 5A 35-2022 - Ma\u00eetre Hassan Kohen, avocat en droit p\u00e9nal \u00e0 Paris<\/title>\n<meta name=\"robots\" content=\"index, follow, max-snippet:-1, max-image-preview:large, max-video-preview:-1\" \/>\n<link rel=\"canonical\" href=\"https:\/\/kohenavocats.com\/zh-hans\/jurisprudences\/tribunal-federal-suisse-4-mars-2022-n-5a-35-2022\/\" \/>\n<meta property=\"og:locale\" content=\"zh_CN\" \/>\n<meta property=\"og:type\" content=\"article\" \/>\n<meta property=\"og:title\" content=\"Tribunal f\u00e9d\u00e9ral suisse, 4 mars 2022, n\u00b0 5A 35-2022\" \/>\n<meta property=\"og:description\" content=\"Bundesgericht Tribunal f\u00e9d\u00e9ral Tribunale federale Tribunal federal 5A_35\/2022 Arr\u00eat du 4 mars 2022 IIe Cour de droit civil Composition M. le Juge f\u00e9d\u00e9ral Herrmann, Pr\u00e9sident. Greffi\u00e8re : Mme Gauron-Carlin. Participants \u00e0 la proc\u00e9dure A.________, recourant, contre B.________, repr\u00e9sent\u00e9e par Me Thomas Barth, avocat, intim\u00e9e. Objet mesures provisionnelles de divorce (contribution d&#039;entretien), recours contre l&#039;arr\u00eat de...\" \/>\n<meta property=\"og:url\" content=\"https:\/\/kohenavocats.com\/zh-hans\/jurisprudences\/tribunal-federal-suisse-4-mars-2022-n-5a-35-2022\/\" \/>\n<meta property=\"og:site_name\" content=\"Ma\u00eetre Hassan Kohen, avocat en droit p\u00e9nal \u00e0 Paris\" \/>\n<meta name=\"twitter:card\" content=\"summary_large_image\" \/>\n<meta name=\"twitter:label1\" content=\"\u9884\u8ba1\u9605\u8bfb\u65f6\u95f4\" \/>\n\t<meta name=\"twitter:data1\" content=\"4 \u5206\" \/>\n<script type=\"application\/ld+json\" class=\"yoast-schema-graph\">{\"@context\":\"https:\\\/\\\/schema.org\",\"@graph\":[{\"@type\":\"WebPage\",\"@id\":\"https:\\\/\\\/kohenavocats.com\\\/zh-hans\\\/jurisprudences\\\/tribunal-federal-suisse-4-mars-2022-n-5a-35-2022\\\/\",\"url\":\"https:\\\/\\\/kohenavocats.com\\\/zh-hans\\\/jurisprudences\\\/tribunal-federal-suisse-4-mars-2022-n-5a-35-2022\\\/\",\"name\":\"Tribunal f\u00e9d\u00e9ral suisse, 4 mars 2022, n\u00b0 5A 35-2022 - Ma\u00eetre Hassan Kohen, avocat en droit p\u00e9nal \u00e0 Paris\",\"isPartOf\":{\"@id\":\"https:\\\/\\\/kohenavocats.com\\\/zh-hans\\\/#website\"},\"primaryImageOfPage\":{\"@id\":\"https:\\\/\\\/kohenavocats.com\\\/zh-hans\\\/jurisprudences\\\/tribunal-federal-suisse-4-mars-2022-n-5a-35-2022\\\/#primaryimage\"},\"image\":{\"@id\":\"https:\\\/\\\/kohenavocats.com\\\/zh-hans\\\/jurisprudences\\\/tribunal-federal-suisse-4-mars-2022-n-5a-35-2022\\\/#primaryimage\"},\"thumbnailUrl\":\"https:\\\/\\\/kohenavocats.com\\\/wp-content\\\/uploads\\\/2024\\\/07\\\/tingey-injury-law-firm-L4YGuSg0fxs-unsplash.jpg\",\"datePublished\":\"2026-04-24T11:11:22+00:00\",\"breadcrumb\":{\"@id\":\"https:\\\/\\\/kohenavocats.com\\\/zh-hans\\\/jurisprudences\\\/tribunal-federal-suisse-4-mars-2022-n-5a-35-2022\\\/#breadcrumb\"},\"inLanguage\":\"zh-Hans\",\"potentialAction\":[{\"@type\":\"ReadAction\",\"target\":[\"https:\\\/\\\/kohenavocats.com\\\/zh-hans\\\/jurisprudences\\\/tribunal-federal-suisse-4-mars-2022-n-5a-35-2022\\\/\"]}]},{\"@type\":\"ImageObject\",\"inLanguage\":\"zh-Hans\",\"@id\":\"https:\\\/\\\/kohenavocats.com\\\/zh-hans\\\/jurisprudences\\\/tribunal-federal-suisse-4-mars-2022-n-5a-35-2022\\\/#primaryimage\",\"url\":\"https:\\\/\\\/kohenavocats.com\\\/wp-content\\\/uploads\\\/2024\\\/07\\\/tingey-injury-law-firm-L4YGuSg0fxs-unsplash.jpg\",\"contentUrl\":\"https:\\\/\\\/kohenavocats.com\\\/wp-content\\\/uploads\\\/2024\\\/07\\\/tingey-injury-law-firm-L4YGuSg0fxs-unsplash.jpg\",\"width\":4000,\"height\":6000},{\"@type\":\"BreadcrumbList\",\"@id\":\"https:\\\/\\\/kohenavocats.com\\\/zh-hans\\\/jurisprudences\\\/tribunal-federal-suisse-4-mars-2022-n-5a-35-2022\\\/#breadcrumb\",\"itemListElement\":[{\"@type\":\"ListItem\",\"position\":1,\"name\":\"Home\",\"item\":\"https:\\\/\\\/kohenavocats.com\\\/zh-hans\\\/\"},{\"@type\":\"ListItem\",\"position\":2,\"name\":\"Jurisprudences\",\"item\":\"https:\\\/\\\/kohenavocats.com\\\/zh-hans\\\/jurisprudences\\\/\"},{\"@type\":\"ListItem\",\"position\":3,\"name\":\"Tribunal f\u00e9d\u00e9ral suisse, 4 mars 2022, n\u00b0 5A 35-2022\"}]},{\"@type\":\"WebSite\",\"@id\":\"https:\\\/\\\/kohenavocats.com\\\/zh-hans\\\/#website\",\"url\":\"https:\\\/\\\/kohenavocats.com\\\/zh-hans\\\/\",\"name\":\"Kohen Avocats\",\"description\":\"Ma\u00eetre Hassan Kohen, avocat p\u00e9naliste \u00e0 Paris, intervient exclusivement en droit p\u00e9nal pour la d\u00e9fense des particuliers, notamment en mati\u00e8re d\u2019accusations de viol. Il assure un accompagnement rigoureux d\u00e8s la garde \u00e0 vue jusqu\u2019\u00e0 la Cour d\u2019assises, veillant au strict respect des garanties proc\u00e9durales.\",\"publisher\":{\"@id\":\"https:\\\/\\\/kohenavocats.com\\\/zh-hans\\\/#organization\"},\"potentialAction\":[{\"@type\":\"SearchAction\",\"target\":{\"@type\":\"EntryPoint\",\"urlTemplate\":\"https:\\\/\\\/kohenavocats.com\\\/zh-hans\\\/?s={search_term_string}\"},\"query-input\":{\"@type\":\"PropertyValueSpecification\",\"valueRequired\":true,\"valueName\":\"search_term_string\"}}],\"inLanguage\":\"zh-Hans\"},{\"@type\":\"Organization\",\"@id\":\"https:\\\/\\\/kohenavocats.com\\\/zh-hans\\\/#organization\",\"name\":\"Kohen Avocats\",\"url\":\"https:\\\/\\\/kohenavocats.com\\\/zh-hans\\\/\",\"logo\":{\"@type\":\"ImageObject\",\"inLanguage\":\"zh-Hans\",\"@id\":\"https:\\\/\\\/kohenavocats.com\\\/zh-hans\\\/#\\\/schema\\\/logo\\\/image\\\/\",\"url\":\"https:\\\/\\\/kohenavocats.com\\\/wp-content\\\/uploads\\\/2026\\\/01\\\/Logo-2-1.webp\",\"contentUrl\":\"https:\\\/\\\/kohenavocats.com\\\/wp-content\\\/uploads\\\/2026\\\/01\\\/Logo-2-1.webp\",\"width\":2114,\"height\":1253,\"caption\":\"Kohen Avocats\"},\"image\":{\"@id\":\"https:\\\/\\\/kohenavocats.com\\\/zh-hans\\\/#\\\/schema\\\/logo\\\/image\\\/\"}}]}<\/script>\n<!-- \/ Yoast SEO Premium plugin. -->","yoast_head_json":{"title":"Tribunal f\u00e9d\u00e9ral suisse, 4 mars 2022, n\u00b0 5A 35-2022 - Ma\u00eetre Hassan Kohen, avocat en droit p\u00e9nal \u00e0 Paris","robots":{"index":"index","follow":"follow","max-snippet":"max-snippet:-1","max-image-preview":"max-image-preview:large","max-video-preview":"max-video-preview:-1"},"canonical":"https:\/\/kohenavocats.com\/zh-hans\/jurisprudences\/tribunal-federal-suisse-4-mars-2022-n-5a-35-2022\/","og_locale":"zh_CN","og_type":"article","og_title":"Tribunal f\u00e9d\u00e9ral suisse, 4 mars 2022, n\u00b0 5A 35-2022","og_description":"Bundesgericht Tribunal f\u00e9d\u00e9ral Tribunale federale Tribunal federal 5A_35\/2022 Arr\u00eat du 4 mars 2022 IIe Cour de droit civil Composition M. le Juge f\u00e9d\u00e9ral Herrmann, Pr\u00e9sident. Greffi\u00e8re : Mme Gauron-Carlin. Participants \u00e0 la proc\u00e9dure A.________, recourant, contre B.________, repr\u00e9sent\u00e9e par Me Thomas Barth, avocat, intim\u00e9e. Objet mesures provisionnelles de divorce (contribution d'entretien), recours contre l'arr\u00eat de...","og_url":"https:\/\/kohenavocats.com\/zh-hans\/jurisprudences\/tribunal-federal-suisse-4-mars-2022-n-5a-35-2022\/","og_site_name":"Ma\u00eetre Hassan Kohen, avocat en droit p\u00e9nal \u00e0 Paris","twitter_card":"summary_large_image","twitter_misc":{"\u9884\u8ba1\u9605\u8bfb\u65f6\u95f4":"4 \u5206"},"schema":{"@context":"https:\/\/schema.org","@graph":[{"@type":"WebPage","@id":"https:\/\/kohenavocats.com\/zh-hans\/jurisprudences\/tribunal-federal-suisse-4-mars-2022-n-5a-35-2022\/","url":"https:\/\/kohenavocats.com\/zh-hans\/jurisprudences\/tribunal-federal-suisse-4-mars-2022-n-5a-35-2022\/","name":"Tribunal f\u00e9d\u00e9ral suisse, 4 mars 2022, n\u00b0 5A 35-2022 - Ma\u00eetre Hassan Kohen, avocat en droit p\u00e9nal \u00e0 Paris","isPartOf":{"@id":"https:\/\/kohenavocats.com\/zh-hans\/#website"},"primaryImageOfPage":{"@id":"https:\/\/kohenavocats.com\/zh-hans\/jurisprudences\/tribunal-federal-suisse-4-mars-2022-n-5a-35-2022\/#primaryimage"},"image":{"@id":"https:\/\/kohenavocats.com\/zh-hans\/jurisprudences\/tribunal-federal-suisse-4-mars-2022-n-5a-35-2022\/#primaryimage"},"thumbnailUrl":"https:\/\/kohenavocats.com\/wp-content\/uploads\/2024\/07\/tingey-injury-law-firm-L4YGuSg0fxs-unsplash.jpg","datePublished":"2026-04-24T11:11:22+00:00","breadcrumb":{"@id":"https:\/\/kohenavocats.com\/zh-hans\/jurisprudences\/tribunal-federal-suisse-4-mars-2022-n-5a-35-2022\/#breadcrumb"},"inLanguage":"zh-Hans","potentialAction":[{"@type":"ReadAction","target":["https:\/\/kohenavocats.com\/zh-hans\/jurisprudences\/tribunal-federal-suisse-4-mars-2022-n-5a-35-2022\/"]}]},{"@type":"ImageObject","inLanguage":"zh-Hans","@id":"https:\/\/kohenavocats.com\/zh-hans\/jurisprudences\/tribunal-federal-suisse-4-mars-2022-n-5a-35-2022\/#primaryimage","url":"https:\/\/kohenavocats.com\/wp-content\/uploads\/2024\/07\/tingey-injury-law-firm-L4YGuSg0fxs-unsplash.jpg","contentUrl":"https:\/\/kohenavocats.com\/wp-content\/uploads\/2024\/07\/tingey-injury-law-firm-L4YGuSg0fxs-unsplash.jpg","width":4000,"height":6000},{"@type":"BreadcrumbList","@id":"https:\/\/kohenavocats.com\/zh-hans\/jurisprudences\/tribunal-federal-suisse-4-mars-2022-n-5a-35-2022\/#breadcrumb","itemListElement":[{"@type":"ListItem","position":1,"name":"Home","item":"https:\/\/kohenavocats.com\/zh-hans\/"},{"@type":"ListItem","position":2,"name":"Jurisprudences","item":"https:\/\/kohenavocats.com\/zh-hans\/jurisprudences\/"},{"@type":"ListItem","position":3,"name":"Tribunal f\u00e9d\u00e9ral suisse, 4 mars 2022, n\u00b0 5A 35-2022"}]},{"@type":"WebSite","@id":"https:\/\/kohenavocats.com\/zh-hans\/#website","url":"https:\/\/kohenavocats.com\/zh-hans\/","name":"Kohen Avocats","description":"Ma\u00eetre Hassan Kohen, avocat p\u00e9naliste \u00e0 Paris, intervient exclusivement en droit p\u00e9nal pour la d\u00e9fense des particuliers, notamment en mati\u00e8re d\u2019accusations de viol. Il assure un accompagnement rigoureux d\u00e8s la garde \u00e0 vue jusqu\u2019\u00e0 la Cour d\u2019assises, veillant au strict respect des garanties proc\u00e9durales.","publisher":{"@id":"https:\/\/kohenavocats.com\/zh-hans\/#organization"},"potentialAction":[{"@type":"SearchAction","target":{"@type":"EntryPoint","urlTemplate":"https:\/\/kohenavocats.com\/zh-hans\/?s={search_term_string}"},"query-input":{"@type":"PropertyValueSpecification","valueRequired":true,"valueName":"search_term_string"}}],"inLanguage":"zh-Hans"},{"@type":"Organization","@id":"https:\/\/kohenavocats.com\/zh-hans\/#organization","name":"Kohen Avocats","url":"https:\/\/kohenavocats.com\/zh-hans\/","logo":{"@type":"ImageObject","inLanguage":"zh-Hans","@id":"https:\/\/kohenavocats.com\/zh-hans\/#\/schema\/logo\/image\/","url":"https:\/\/kohenavocats.com\/wp-content\/uploads\/2026\/01\/Logo-2-1.webp","contentUrl":"https:\/\/kohenavocats.com\/wp-content\/uploads\/2026\/01\/Logo-2-1.webp","width":2114,"height":1253,"caption":"Kohen Avocats"},"image":{"@id":"https:\/\/kohenavocats.com\/zh-hans\/#\/schema\/logo\/image\/"}}]}},"jetpack_likes_enabled":false,"jetpack_sharing_enabled":true,"_links":{"self":[{"href":"https:\/\/kohenavocats.com\/zh-hans\/wp-json\/wp\/v2\/kji_decision\/672432","targetHints":{"allow":["GET"]}}],"collection":[{"href":"https:\/\/kohenavocats.com\/zh-hans\/wp-json\/wp\/v2\/kji_decision"}],"about":[{"href":"https:\/\/kohenavocats.com\/zh-hans\/wp-json\/wp\/v2\/types\/kji_decision"}],"wp:featuredmedia":[{"embeddable":true,"href":"https:\/\/kohenavocats.com\/zh-hans\/wp-json\/wp\/v2\/media\/4139"}],"wp:attachment":[{"href":"https:\/\/kohenavocats.com\/zh-hans\/wp-json\/wp\/v2\/media?parent=672432"}],"wp:term":[{"taxonomy":"kji_country","embeddable":true,"href":"https:\/\/kohenavocats.com\/zh-hans\/wp-json\/wp\/v2\/kji_country?post=672432"},{"taxonomy":"kji_court","embeddable":true,"href":"https:\/\/kohenavocats.com\/zh-hans\/wp-json\/wp\/v2\/kji_court?post=672432"},{"taxonomy":"kji_chamber","embeddable":true,"href":"https:\/\/kohenavocats.com\/zh-hans\/wp-json\/wp\/v2\/kji_chamber?post=672432"},{"taxonomy":"kji_year","embeddable":true,"href":"https:\/\/kohenavocats.com\/zh-hans\/wp-json\/wp\/v2\/kji_year?post=672432"},{"taxonomy":"kji_subject","embeddable":true,"href":"https:\/\/kohenavocats.com\/zh-hans\/wp-json\/wp\/v2\/kji_subject?post=672432"},{"taxonomy":"kji_keyword","embeddable":true,"href":"https:\/\/kohenavocats.com\/zh-hans\/wp-json\/wp\/v2\/kji_keyword?post=672432"},{"taxonomy":"kji_language","embeddable":true,"href":"https:\/\/kohenavocats.com\/zh-hans\/wp-json\/wp\/v2\/kji_language?post=672432"}],"curies":[{"name":"wp","href":"https:\/\/api.w.org\/{rel}","templated":true}]}}