{"id":674145,"date":"2026-04-24T18:10:30","date_gmt":"2026-04-24T16:10:30","guid":{"rendered":"https:\/\/kohenavocats.com\/jurisprudences\/cour-superieure-de-justice-19-janvier-2022-n-2020-00111\/"},"modified":"2026-04-24T18:10:33","modified_gmt":"2026-04-24T16:10:33","slug":"cour-superieure-de-justice-19-janvier-2022-n-2020-00111","status":"publish","type":"kji_decision","link":"https:\/\/kohenavocats.com\/zh-hans\/jurisprudences\/cour-superieure-de-justice-19-janvier-2022-n-2020-00111\/","title":{"rendered":"Cour sup\u00e9rieure de justice, 19 janvier 2022, n\u00b0 2020-00111"},"content":{"rendered":"<div class=\"kji-decision\">\n<div class=\"kji-full-text\">\n<p>Arr\u00eat N\u00b0 13 \/22 \u2013 VII \u2013 CIV<\/p>\n<p>Audience publique du dix-neuf janvier deux mille vingt-deux<\/p>\n<p>Num\u00e9ro CAL-202 0-00111 du r\u00f4le<\/p>\n<p>Composition: Thierry HOSCHEIT, pr\u00e9sident de chambre ; Nadine WALCH, conseiller ; Fran\u00e7oise SCHANEN, conseiller ; Andr\u00e9 WEBER, greffier.<\/p>\n<p>E n t r e :<\/p>\n<p>H., demeurant \u00e0 L-(&#8230;),<\/p>\n<p>appelante aux termes d\u2019un exploit de l\u2019huissier de justice Patrick KURDYBAN de Luxembourg en date du 23 d\u00e9cembre 2019 ,<\/p>\n<p>comparant par Ma\u00eetre Radu DUTA, avocat \u00e0 la Cour, demeurant \u00e0 Luxembourg.<\/p>\n<p>e t :<\/p>\n<p>1) la soci\u00e9t\u00e9 anonyme F.., \u00e9tablie et ayant son si\u00e8ge social \u00e0 L-(&#8230;), inscrite au registre de commerce et des soci\u00e9t\u00e9s de Luxembourg sous le num\u00e9ro B (&#8230;), repr\u00e9sent\u00e9e par son conseil d\u2019administration actuellement en fonctions,<\/p>\n<p>2) la soci\u00e9t\u00e9 \u00e0 responsabilit\u00e9 limit\u00e9e M. , \u00e9tablie et ayant son si\u00e8ge social \u00e0 L-(&#8230;), inscrite au registre de commerce et des soci\u00e9t\u00e9s de Luxembourg sous le num\u00e9ro B (&#8230;), repr\u00e9sent\u00e9e par son g\u00e9rant actuellement en fonctions,<\/p>\n<p>3) la soci\u00e9t\u00e9 \u00e0 responsabilit\u00e9 limit\u00e9e P., \u00e9tablie et ayant son si\u00e8ge social \u00e0 L-(&#8230;), inscrite au registre de commerce et des soci\u00e9t\u00e9s de Luxembourg sous le num\u00e9ro B (&#8230;), repr\u00e9sent\u00e9e par son g\u00e9rant actuellement en fonctions,<\/p>\n<p>4) S., ing\u00e9nieur, demeurant \u00e0 L (\u2026) ,<\/p>\n<p>parties intim\u00e9es aux termes du susdit exploit KURDYBAN du 23 d\u00e9cembre 2019,<\/p>\n<p>comparant par l\u2019Etude d\u2019Avocats GROSS et Associ\u00e9s S.\u00e0r.l., \u00e9tablie et ayant son si\u00e8ge social \u00e0 L-2155 Luxembourg, 78, M\u00fchlenweg, inscrite sur la liste V du Tableau de l\u2019Ordre des Avocats du Barreau de Luxembourg, inscrite au registre de commerce et des soci\u00e9t\u00e9s de Luxembourg sous le num\u00e9ro B250053, repr\u00e9sent\u00e9e aux fins de la pr\u00e9sente proc\u00e9dure par Ma\u00eetre Laurent LIMPACH, avocat \u00e0 la Cour, demeurant professionnellement \u00e0 la m\u00eame adresse,<\/p>\n<p>_________________________________________________________<\/p>\n<p>LA COUR D\u2019AP PEL :<\/p>\n<p>Revu l\u2019arr\u00eat rendu le 3 mars 2021 par lequel la Cour a<\/p>\n<p>&#8211; re\u00e7u l\u2019appel,<\/p>\n<p>avant tout autre progr\u00e8s en cause :<\/p>\n<p>&#8211; ordonn\u00e9 \u00e0 la soci\u00e9t\u00e9 anonyme F. , \u00e0 la soci\u00e9t\u00e9 \u00e0 responsabilit\u00e9 limit\u00e9e M., \u00e0 la soci\u00e9t\u00e9 \u00e0 responsabilit\u00e9 limit\u00e9e P. et \u00e0 S. sur le fondement de l\u2019article 288 du Nouveau Code de Proc\u00e9dure Civile de produire les d\u00e9comptes d\u00e9finitifs des charges relatives \u00e0 la r\u00e9sidence sise \u00e0 L-(&#8230;) pour les exercices 2017 et 2018, et plus particuli\u00e8rement la part des charges \u00e0 r\u00e9gler par les \u00e9poux H.pour cette p\u00e9riode, &#8211; r\u00e9serv\u00e9 les frais et les droits des parties, &#8211; renvoy\u00e9 l\u2019affaire devant le magistrat de la mise en \u00e9tat.<\/p>\n<p>Suite \u00e0 cet arr\u00eat, les parties intim\u00e9es ont vers\u00e9 les proc\u00e8s-verbaux des assembl\u00e9es g\u00e9n\u00e9rales ayant \u00e9t\u00e9 tenues en dates des 6 septembre 2018 et 20 mai 2019 et lors desquelles les copropri\u00e9taires de l\u2019immeuble sis \u00e0 (&#8230;), ont approuv\u00e9 les d\u00e9comptes des exercices 2017 et 2018.<\/p>\n<p>Elles demandent d\u00e8s lors la confirmation du jugement entrepris, l\u2019allocation d\u2019une indemnit\u00e9 de 1.500,- euros pour l\u2019instance d\u2019appel et la condamnation de la partie appelante aux frais et d\u00e9pens des deux instances avec distraction au profit de leur avocat \u00e0 la Cour concluant affirmant en avoir fait l\u2019avance.<\/p>\n<p>La partie appelante n\u2019a plus pris position.<\/p>\n<p>3 Par ordonnance du magistrat de la mise en \u00e9tat du 12 juillet 2021, l\u2019instruction a \u00e9t\u00e9 cl\u00f4tur\u00e9e, l\u2019affaire a \u00e9t\u00e9 renvoy\u00e9e \u00e0 l\u2019audience des plaidoiries du 15 d\u00e9cembre 2021 et les mandataires des parties ont \u00e9t\u00e9 inform\u00e9s de la composition du si\u00e8ge.<\/p>\n<p>La farde de proc\u00e9dure de l\u2019Etude d\u2019Avocats GROSS &amp; Associ\u00e9s S.\u00e0r.l. ayant \u00e9t\u00e9 d\u00e9pos\u00e9e au greffe, l\u2019audience a \u00e9t\u00e9 tenue \u00e0 la date indiqu\u00e9e.<\/p>\n<p>Le pr\u00e9sident de chambre Thierry HOSCHEIT a pris l\u2019affaire en d\u00e9lib\u00e9r\u00e9 et a fix\u00e9 le prononc\u00e9 de l\u2019arr\u00eat au 19 janvier 2022.<\/p>\n<p>Les mandataires des parties ont \u00e9t\u00e9 inform\u00e9s par \u00e9crit de la composition de la Cour et de la date du prononc\u00e9.<\/p>\n<p>Le magistrat ayant pr\u00e9sid\u00e9 l\u2019audience a rendu compte \u00e0 la Cour dans son d\u00e9lib\u00e9r\u00e9.<\/p>\n<p>Appr\u00e9ciation de la Cour<\/p>\n<p>Il ressort des pi\u00e8ces vers\u00e9es suite \u00e0 l\u2019arr\u00eat interlocutoire du 3 mars 2021 que les comptes des exercices 2017 et 2018 ont \u00e9t\u00e9 approuv\u00e9s en dates des 6 septembre 2018 et 20 mai 2019 par l\u2019assembl\u00e9e g\u00e9n\u00e9rale des copropri\u00e9taires de l\u2019immeuble sis \u00e0 Dudelange, 25, rue Pasteur.<\/p>\n<p>Il r\u00e9sulte des d\u00e9comptes individuels concernant les \u00e9poux H. que ces derniers redoivent au moment de l\u2019adjudication publique de leur bien le montant de 79.143,05 euros \u00e0 titre de charges impay\u00e9es.<\/p>\n<p>Ce montant d\u00e9passe largement le montant de 24.062,20 euros r\u00e9gl\u00e9 par les parties intim\u00e9es \u00e0 titre de provision sur les d\u00e9comptes de charges pour 2017 et 2018.<\/p>\n<p>C\u2019est d\u00e8s lors \u00e0 bon droit et pour des motifs que la Cour adopte que les premiers juges ont d\u00e9clar\u00e9 la demande en remboursement du montant de 24.062,20 euros fond\u00e9e, avec les int\u00e9r\u00eats l\u00e9gaux \u00e0 partir du d\u00e9caissement jusqu\u2019\u00e0 solde.<\/p>\n<p>D\u00e8s lors, l\u2019appel n\u2019est pas fond\u00e9 et le premier jugement est \u00e0 confirmer en toute sa teneur.<\/p>\n<p>H. est \u00e0 d\u00e9bouter de sa demande en allocation d\u2019une indemnit\u00e9 de proc\u00e9dure alors qu\u2019il est de principe qu\u2019une partie qui succombe ne saurait b\u00e9n\u00e9ficier des dispositions de l\u2019article 240 du Nouveau Code de Proc\u00e9dure Civile.<\/p>\n<p>4 La demande des parties intim\u00e9es en allocation d\u2019une indemnit\u00e9 de proc\u00e9dure de 1.500,- euros pour l\u2019instance d\u2019appel est fond\u00e9e alors qu\u2019il serait in\u00e9quitable de laisser les frais non compris dans les d\u00e9pens \u00e0 leur charge.<\/p>\n<p>PAR CES MOTIFS :<\/p>\n<p>la Cour d\u2019appel, septi\u00e8me chambre, si\u00e9geant en mati\u00e8re civile, statuant contradictoirement,<\/p>\n<p>vidant l\u2019arr\u00eat du 3 mars 2021 ;<\/p>\n<p>dit l\u2019appel non fond\u00e9 ;<\/p>\n<p>confirme le jugement du 13 novembre 2019 en toute sa teneur ;<\/p>\n<p>d\u00e9boute H. de sa demande sur base de l\u2019article 240 du Nouveau Code de Proc\u00e9dure Civile ;<\/p>\n<p>condamne H. \u00e0 payer \u00e0 la soci\u00e9t\u00e9 anonyme F. , \u00e0 la soci\u00e9t\u00e9 \u00e0 responsabilit\u00e9 limit\u00e9e M., \u00e0 la soci\u00e9t\u00e9 \u00e0 responsabilit\u00e9 limit\u00e9e P. et \u00e0 S. une indemnit\u00e9 de proc\u00e9dure de 1.500,- euros ;<\/p>\n<p>condamne H. aux frais et d\u00e9pens de l\u2019instance d\u2019appel, avec distraction au profit de l\u2019Etude d\u2019Avocats GROSS &amp; Associ\u00e9s S.\u00e0r.l., affirmant en avoir fait l\u2019avance.<\/p>\n<\/div>\n<hr class=\"kji-sep\" \/>\n<p class=\"kji-source-links\"><strong>Sources officielles :<\/strong> <a class=\"kji-source-link\" href=\"https:\/\/data.public.lu\/fr\/datasets\/cour-superieure-de-justice-chambre-7-civil\/\" target=\"_blank\" rel=\"noopener noreferrer\">consulter la page source<\/a> &middot; <a class=\"kji-pdf-link\" href=\"https:\/\/download.data.public.lu\/resources\/cour-superieure-de-justice-chambre-7-civil\/20240827-190141\/20220119-cal-2020-00111-accessible.pdf\" target=\"_blank\" rel=\"noopener noreferrer\">PDF officiel<\/a><\/p>\n<p class=\"kji-license-note\"><em>Licence CC BY-ND 4.0 (Administration judiciaire, data.public.lu). Republication autorisee avec attribution, sans modification editoriale du texte integral.<\/em><\/p>\n<\/div>\n","protected":false},"excerpt":{"rendered":"<p>Arr\u00eat N\u00b0 13 \/22 \u2013 VII \u2013 CIV Audience publique du dix-neuf janvier deux mille vingt-deux Num\u00e9ro CAL-202 0-00111 du r\u00f4le Composition: Thierry HOSCHEIT, pr\u00e9sident de chambre ; Nadine WALCH, conseiller ; Fran\u00e7oise SCHANEN, conseiller ; Andr\u00e9 WEBER, greffier. E n t r e :&hellip;<\/p>\n","protected":false},"featured_media":0,"template":"","meta":{"_crdt_document":""},"kji_country":[8418],"kji_court":[12305],"kji_chamber":[20506],"kji_year":[32183],"kji_subject":[7724],"kji_keyword":[8683,8460,9055,12307],"kji_language":[7733],"class_list":["post-674145","kji_decision","type-kji_decision","status-publish","hentry","kji_country-luxembourg","kji_court-cour-superieure-de-justice","kji_chamber-chambre-7-civil","kji_year-32183","kji_subject-civil","kji_keyword-arret","kji_keyword-janvier","kji_keyword-justice","kji_keyword-superieure","kji_language-francais"],"yoast_head":"<!-- This site is optimized with the Yoast SEO Premium plugin v27.5 (Yoast SEO v27.5) - https:\/\/yoast.com\/product\/yoast-seo-premium-wordpress\/ -->\n<title>Cour sup\u00e9rieure de justice, 19 janvier 2022, n\u00b0 2020-00111 - Ma\u00eetre Hassan Kohen, avocat en droit p\u00e9nal \u00e0 Paris<\/title>\n<meta name=\"robots\" content=\"index, follow, max-snippet:-1, max-image-preview:large, max-video-preview:-1\" \/>\n<link rel=\"canonical\" href=\"https:\/\/kohenavocats.com\/zh-hans\/jurisprudences\/cour-superieure-de-justice-19-janvier-2022-n-2020-00111\/\" \/>\n<meta property=\"og:locale\" content=\"zh_CN\" \/>\n<meta property=\"og:type\" content=\"article\" \/>\n<meta property=\"og:title\" content=\"Cour sup\u00e9rieure de justice, 19 janvier 2022, n\u00b0 2020-00111\" \/>\n<meta property=\"og:description\" content=\"Arr\u00eat N\u00b0 13 \/22 \u2013 VII \u2013 CIV Audience publique du dix-neuf janvier deux mille vingt-deux Num\u00e9ro CAL-202 0-00111 du r\u00f4le Composition: Thierry HOSCHEIT, pr\u00e9sident de chambre ; Nadine WALCH, conseiller ; Fran\u00e7oise SCHANEN, conseiller ; Andr\u00e9 WEBER, greffier. E n t r e :&hellip;\" \/>\n<meta property=\"og:url\" content=\"https:\/\/kohenavocats.com\/zh-hans\/jurisprudences\/cour-superieure-de-justice-19-janvier-2022-n-2020-00111\/\" \/>\n<meta property=\"og:site_name\" content=\"Ma\u00eetre Hassan Kohen, avocat en droit p\u00e9nal \u00e0 Paris\" \/>\n<meta property=\"article:modified_time\" content=\"2026-04-24T16:10:33+00:00\" \/>\n<meta name=\"twitter:card\" content=\"summary_large_image\" \/>\n<meta name=\"twitter:label1\" content=\"\u9884\u8ba1\u9605\u8bfb\u65f6\u95f4\" \/>\n\t<meta name=\"twitter:data1\" content=\"5 \u5206\" \/>\n<script type=\"application\/ld+json\" class=\"yoast-schema-graph\">{\"@context\":\"https:\\\/\\\/schema.org\",\"@graph\":[{\"@type\":\"WebPage\",\"@id\":\"https:\\\/\\\/kohenavocats.com\\\/zh-hans\\\/jurisprudences\\\/cour-superieure-de-justice-19-janvier-2022-n-2020-00111\\\/\",\"url\":\"https:\\\/\\\/kohenavocats.com\\\/zh-hans\\\/jurisprudences\\\/cour-superieure-de-justice-19-janvier-2022-n-2020-00111\\\/\",\"name\":\"Cour sup\u00e9rieure de justice, 19 janvier 2022, n\u00b0 2020-00111 - Ma\u00eetre Hassan Kohen, avocat en droit p\u00e9nal \u00e0 Paris\",\"isPartOf\":{\"@id\":\"https:\\\/\\\/kohenavocats.com\\\/zh-hans\\\/#website\"},\"datePublished\":\"2026-04-24T16:10:30+00:00\",\"dateModified\":\"2026-04-24T16:10:33+00:00\",\"breadcrumb\":{\"@id\":\"https:\\\/\\\/kohenavocats.com\\\/zh-hans\\\/jurisprudences\\\/cour-superieure-de-justice-19-janvier-2022-n-2020-00111\\\/#breadcrumb\"},\"inLanguage\":\"zh-Hans\",\"potentialAction\":[{\"@type\":\"ReadAction\",\"target\":[\"https:\\\/\\\/kohenavocats.com\\\/zh-hans\\\/jurisprudences\\\/cour-superieure-de-justice-19-janvier-2022-n-2020-00111\\\/\"]}]},{\"@type\":\"BreadcrumbList\",\"@id\":\"https:\\\/\\\/kohenavocats.com\\\/zh-hans\\\/jurisprudences\\\/cour-superieure-de-justice-19-janvier-2022-n-2020-00111\\\/#breadcrumb\",\"itemListElement\":[{\"@type\":\"ListItem\",\"position\":1,\"name\":\"Home\",\"item\":\"https:\\\/\\\/kohenavocats.com\\\/zh-hans\\\/\"},{\"@type\":\"ListItem\",\"position\":2,\"name\":\"Jurisprudences\",\"item\":\"https:\\\/\\\/kohenavocats.com\\\/zh-hans\\\/jurisprudences\\\/\"},{\"@type\":\"ListItem\",\"position\":3,\"name\":\"Cour sup\u00e9rieure de justice, 19 janvier 2022, n\u00b0 2020-00111\"}]},{\"@type\":\"WebSite\",\"@id\":\"https:\\\/\\\/kohenavocats.com\\\/zh-hans\\\/#website\",\"url\":\"https:\\\/\\\/kohenavocats.com\\\/zh-hans\\\/\",\"name\":\"Kohen Avocats\",\"description\":\"Ma\u00eetre Hassan Kohen, avocat p\u00e9naliste \u00e0 Paris, intervient exclusivement en droit p\u00e9nal pour la d\u00e9fense des particuliers, notamment en mati\u00e8re d\u2019accusations de viol. Il assure un accompagnement rigoureux d\u00e8s la garde \u00e0 vue jusqu\u2019\u00e0 la Cour d\u2019assises, veillant au strict respect des garanties proc\u00e9durales.\",\"publisher\":{\"@id\":\"https:\\\/\\\/kohenavocats.com\\\/zh-hans\\\/#organization\"},\"potentialAction\":[{\"@type\":\"SearchAction\",\"target\":{\"@type\":\"EntryPoint\",\"urlTemplate\":\"https:\\\/\\\/kohenavocats.com\\\/zh-hans\\\/?s={search_term_string}\"},\"query-input\":{\"@type\":\"PropertyValueSpecification\",\"valueRequired\":true,\"valueName\":\"search_term_string\"}}],\"inLanguage\":\"zh-Hans\"},{\"@type\":\"Organization\",\"@id\":\"https:\\\/\\\/kohenavocats.com\\\/zh-hans\\\/#organization\",\"name\":\"Kohen Avocats\",\"url\":\"https:\\\/\\\/kohenavocats.com\\\/zh-hans\\\/\",\"logo\":{\"@type\":\"ImageObject\",\"inLanguage\":\"zh-Hans\",\"@id\":\"https:\\\/\\\/kohenavocats.com\\\/zh-hans\\\/#\\\/schema\\\/logo\\\/image\\\/\",\"url\":\"https:\\\/\\\/kohenavocats.com\\\/wp-content\\\/uploads\\\/2026\\\/01\\\/Logo-2-1.webp\",\"contentUrl\":\"https:\\\/\\\/kohenavocats.com\\\/wp-content\\\/uploads\\\/2026\\\/01\\\/Logo-2-1.webp\",\"width\":2114,\"height\":1253,\"caption\":\"Kohen Avocats\"},\"image\":{\"@id\":\"https:\\\/\\\/kohenavocats.com\\\/zh-hans\\\/#\\\/schema\\\/logo\\\/image\\\/\"}}]}<\/script>\n<!-- \/ Yoast SEO Premium plugin. -->","yoast_head_json":{"title":"Cour sup\u00e9rieure de justice, 19 janvier 2022, n\u00b0 2020-00111 - Ma\u00eetre Hassan Kohen, avocat en droit p\u00e9nal \u00e0 Paris","robots":{"index":"index","follow":"follow","max-snippet":"max-snippet:-1","max-image-preview":"max-image-preview:large","max-video-preview":"max-video-preview:-1"},"canonical":"https:\/\/kohenavocats.com\/zh-hans\/jurisprudences\/cour-superieure-de-justice-19-janvier-2022-n-2020-00111\/","og_locale":"zh_CN","og_type":"article","og_title":"Cour sup\u00e9rieure de justice, 19 janvier 2022, n\u00b0 2020-00111","og_description":"Arr\u00eat N\u00b0 13 \/22 \u2013 VII \u2013 CIV Audience publique du dix-neuf janvier deux mille vingt-deux Num\u00e9ro CAL-202 0-00111 du r\u00f4le Composition: Thierry HOSCHEIT, pr\u00e9sident de chambre ; Nadine WALCH, conseiller ; Fran\u00e7oise SCHANEN, conseiller ; Andr\u00e9 WEBER, greffier. E n t r e :&hellip;","og_url":"https:\/\/kohenavocats.com\/zh-hans\/jurisprudences\/cour-superieure-de-justice-19-janvier-2022-n-2020-00111\/","og_site_name":"Ma\u00eetre Hassan Kohen, avocat en droit p\u00e9nal \u00e0 Paris","article_modified_time":"2026-04-24T16:10:33+00:00","twitter_card":"summary_large_image","twitter_misc":{"\u9884\u8ba1\u9605\u8bfb\u65f6\u95f4":"5 \u5206"},"schema":{"@context":"https:\/\/schema.org","@graph":[{"@type":"WebPage","@id":"https:\/\/kohenavocats.com\/zh-hans\/jurisprudences\/cour-superieure-de-justice-19-janvier-2022-n-2020-00111\/","url":"https:\/\/kohenavocats.com\/zh-hans\/jurisprudences\/cour-superieure-de-justice-19-janvier-2022-n-2020-00111\/","name":"Cour sup\u00e9rieure de justice, 19 janvier 2022, n\u00b0 2020-00111 - Ma\u00eetre Hassan Kohen, avocat en droit p\u00e9nal \u00e0 Paris","isPartOf":{"@id":"https:\/\/kohenavocats.com\/zh-hans\/#website"},"datePublished":"2026-04-24T16:10:30+00:00","dateModified":"2026-04-24T16:10:33+00:00","breadcrumb":{"@id":"https:\/\/kohenavocats.com\/zh-hans\/jurisprudences\/cour-superieure-de-justice-19-janvier-2022-n-2020-00111\/#breadcrumb"},"inLanguage":"zh-Hans","potentialAction":[{"@type":"ReadAction","target":["https:\/\/kohenavocats.com\/zh-hans\/jurisprudences\/cour-superieure-de-justice-19-janvier-2022-n-2020-00111\/"]}]},{"@type":"BreadcrumbList","@id":"https:\/\/kohenavocats.com\/zh-hans\/jurisprudences\/cour-superieure-de-justice-19-janvier-2022-n-2020-00111\/#breadcrumb","itemListElement":[{"@type":"ListItem","position":1,"name":"Home","item":"https:\/\/kohenavocats.com\/zh-hans\/"},{"@type":"ListItem","position":2,"name":"Jurisprudences","item":"https:\/\/kohenavocats.com\/zh-hans\/jurisprudences\/"},{"@type":"ListItem","position":3,"name":"Cour sup\u00e9rieure de justice, 19 janvier 2022, n\u00b0 2020-00111"}]},{"@type":"WebSite","@id":"https:\/\/kohenavocats.com\/zh-hans\/#website","url":"https:\/\/kohenavocats.com\/zh-hans\/","name":"Kohen Avocats","description":"Ma\u00eetre Hassan Kohen, avocat p\u00e9naliste \u00e0 Paris, intervient exclusivement en droit p\u00e9nal pour la d\u00e9fense des particuliers, notamment en mati\u00e8re d\u2019accusations de viol. Il assure un accompagnement rigoureux d\u00e8s la garde \u00e0 vue jusqu\u2019\u00e0 la Cour d\u2019assises, veillant au strict respect des garanties proc\u00e9durales.","publisher":{"@id":"https:\/\/kohenavocats.com\/zh-hans\/#organization"},"potentialAction":[{"@type":"SearchAction","target":{"@type":"EntryPoint","urlTemplate":"https:\/\/kohenavocats.com\/zh-hans\/?s={search_term_string}"},"query-input":{"@type":"PropertyValueSpecification","valueRequired":true,"valueName":"search_term_string"}}],"inLanguage":"zh-Hans"},{"@type":"Organization","@id":"https:\/\/kohenavocats.com\/zh-hans\/#organization","name":"Kohen Avocats","url":"https:\/\/kohenavocats.com\/zh-hans\/","logo":{"@type":"ImageObject","inLanguage":"zh-Hans","@id":"https:\/\/kohenavocats.com\/zh-hans\/#\/schema\/logo\/image\/","url":"https:\/\/kohenavocats.com\/wp-content\/uploads\/2026\/01\/Logo-2-1.webp","contentUrl":"https:\/\/kohenavocats.com\/wp-content\/uploads\/2026\/01\/Logo-2-1.webp","width":2114,"height":1253,"caption":"Kohen Avocats"},"image":{"@id":"https:\/\/kohenavocats.com\/zh-hans\/#\/schema\/logo\/image\/"}}]}},"jetpack_likes_enabled":false,"jetpack_sharing_enabled":true,"_links":{"self":[{"href":"https:\/\/kohenavocats.com\/zh-hans\/wp-json\/wp\/v2\/kji_decision\/674145","targetHints":{"allow":["GET"]}}],"collection":[{"href":"https:\/\/kohenavocats.com\/zh-hans\/wp-json\/wp\/v2\/kji_decision"}],"about":[{"href":"https:\/\/kohenavocats.com\/zh-hans\/wp-json\/wp\/v2\/types\/kji_decision"}],"wp:attachment":[{"href":"https:\/\/kohenavocats.com\/zh-hans\/wp-json\/wp\/v2\/media?parent=674145"}],"wp:term":[{"taxonomy":"kji_country","embeddable":true,"href":"https:\/\/kohenavocats.com\/zh-hans\/wp-json\/wp\/v2\/kji_country?post=674145"},{"taxonomy":"kji_court","embeddable":true,"href":"https:\/\/kohenavocats.com\/zh-hans\/wp-json\/wp\/v2\/kji_court?post=674145"},{"taxonomy":"kji_chamber","embeddable":true,"href":"https:\/\/kohenavocats.com\/zh-hans\/wp-json\/wp\/v2\/kji_chamber?post=674145"},{"taxonomy":"kji_year","embeddable":true,"href":"https:\/\/kohenavocats.com\/zh-hans\/wp-json\/wp\/v2\/kji_year?post=674145"},{"taxonomy":"kji_subject","embeddable":true,"href":"https:\/\/kohenavocats.com\/zh-hans\/wp-json\/wp\/v2\/kji_subject?post=674145"},{"taxonomy":"kji_keyword","embeddable":true,"href":"https:\/\/kohenavocats.com\/zh-hans\/wp-json\/wp\/v2\/kji_keyword?post=674145"},{"taxonomy":"kji_language","embeddable":true,"href":"https:\/\/kohenavocats.com\/zh-hans\/wp-json\/wp\/v2\/kji_language?post=674145"}],"curies":[{"name":"wp","href":"https:\/\/api.w.org\/{rel}","templated":true}]}}