{"id":675612,"date":"2026-04-24T22:42:59","date_gmt":"2026-04-24T20:42:59","guid":{"rendered":"https:\/\/kohenavocats.com\/jurisprudences\/kho-27-12-2021-h4766-yleiskaavaa-koskeva-valituslupahakemus-pyhtaa-kirkonkylan-osayleiskaava-2\/"},"modified":"2026-04-24T22:42:59","modified_gmt":"2026-04-24T20:42:59","slug":"kho-27-12-2021-h4766-yleiskaavaa-koskeva-valituslupahakemus-pyhtaa-kirkonkylan-osayleiskaava-2","status":"publish","type":"kji_decision","link":"https:\/\/kohenavocats.com\/zh-hans\/jurisprudences\/kho-27-12-2021-h4766-yleiskaavaa-koskeva-valituslupahakemus-pyhtaa-kirkonkylan-osayleiskaava-2\/","title":{"rendered":"KHO 27.12.2021\/H4766 &#8211; Yleiskaavaa koskeva valituslupahakemus (Pyht\u00e4\u00e4, Kirkonkyl\u00e4n osayleiskaava)"},"content":{"rendered":"<div class=\"kji-decision\">\n<div class=\"kji-full-text\">\n<h3>Yleiskaavaa koskeva valituslupahakemus<\/h3>\n<h3>Luonnollisesti Pyht\u00e4\u00e4 ry<\/h3>\n<h3>Asia<\/h3>\n<h3>Muutoksenhakija<\/h3>\n<h3>P\u00e4\u00e4t\u00f6s, jota muutoksenhaku koskee<\/h3>\n<p>It\u00e4-Suomen hallinto-oikeus 21.5.2021 nro 21\/0056\/3<\/p>\n<h3>Asian vaiheet<\/h3>\n<p>on 27.4.2020 (\u00a7 14) hyv\u00e4ksynyt Kirkonkyl\u00e4n osayleiskaavan.<\/p>\n<p>on tehnyt kaavan hyv\u00e4ksymist\u00e4 koskevasta p\u00e4\u00e4t\u00f6ksest\u00e4 oikaisukehotuksen.<\/p>\n<p>on 7.9.2020 (\u00a7 34) pysytt\u00e4nyt voimassa p\u00e4\u00e4t\u00f6ksens\u00e4 27.4.2020 (\u00a7 14).<\/p>\n<p>on muutoksenhaun kohteena olevalla p\u00e4\u00e4t\u00f6ksell\u00e4\u00e4n, silt\u00e4 osin kuin asiassa on korkeimmassa hallinto-oikeudessa kysymys, osin j\u00e4tt\u00e4nyt tutkimatta ja osin hyl\u00e4nnyt Luonnollisesti Pyht\u00e4\u00e4 ry:n valituksen kunnanvaltuuston p\u00e4\u00e4t\u00f6ksest\u00e4 27.4.2020 (\u00a7 14).<\/p>\n<p>on pyyt\u00e4nyt lupaa valittaa hallinto-oikeuden p\u00e4\u00e4t\u00f6ksest\u00e4.<\/p>\n<h3>Korkeimman hallinto-oikeuden ratkaisu<\/h3>\n<p>Valituslupahakemus hyl\u00e4t\u00e4\u00e4n. Korkein hallinto-oikeus ei siten anna ratkaisua valitukseen.<\/p>\n<h3>Oikeudenk\u00e4ynnist\u00e4 hallintoasioissa annetun lain 111 \u00a7:n 1 momentin mukaan valituslupa on my\u00f6nnett\u00e4v\u00e4, jos:<\/h3>\n<p>1) lain soveltamisen kannalta muissa samanlaisissa tapauksissa tai oikeusk\u00e4yt\u00e4nn\u00f6n yhten\u00e4isyyden vuoksi on t\u00e4rke\u00e4t\u00e4 saattaa asia korkeimman hallinto-oikeuden ratkaistavaksi;<\/p>\n<p>2) asian saattamiseen korkeimman hallinto-oikeuden ratkaistavaksi on erityist\u00e4 aihetta asiassa tapahtuneen ilmeisen virheen vuoksi; tai<\/p>\n<p>3) valitusluvan my\u00f6nt\u00e4miseen on muu painava syy.<\/p>\n<p>Sen perusteella, mit\u00e4 muutoksenhakija on esitt\u00e4nyt ja mit\u00e4 asiakirjoista muutoin ilmenee, asian saattamiseen korkeimman hallinto-oikeuden ratkaistavaksi ei ole valitusluvan my\u00f6nt\u00e4misen perustetta.<\/p>\n<p>Asian ovat ratkaisseet oikeusneuvokset Riitta Mutikainen, Tuomas Kuokkanen ja Robert Utter. Asian esittelij\u00e4 Petri Hellst\u00e9n.<\/p>\n<h3>Pyht\u00e4\u00e4n kunnanvaltuusto<\/h3>\n<h3>Kaakkois-Suomen elinkeino-, liikenne- ja ymp\u00e4rist\u00f6keskus<\/h3>\n<h3>It\u00e4-Suomen hallinto-oikeus<\/h3>\n<h3>Perustelut<\/h3>\n<\/div>\n<hr class=\"kji-sep\" \/>\n<p class=\"kji-source-links\"><strong>Sources officielles :<\/strong> <a class=\"kji-source-link\" href=\"https:\/\/www.finlex.fi\/en\/case-law\/supreme-administrative-court\/other-decision\/2021\/H4766\" target=\"_blank\" rel=\"noopener noreferrer\">consulter la page source<\/a><\/p>\n<p class=\"kji-license-note\"><em>Finlex open data, CC BY 4.0. Documentation open data verifiee le 2026-04-12 ; les endpoints judgment documentes renvoient 404 pour les types case-law exposes par le frontend, fallback actuel sur les pages publiques data.finlex.fi.<\/em><\/p>\n<\/div>\n","protected":false},"excerpt":{"rendered":"<p>Yleiskaavaa koskeva valituslupahakemus Luonnollisesti Pyht\u00e4\u00e4 ry Asia Muutoksenhakija P\u00e4\u00e4t\u00f6s, jota muutoksenhaku koskee It\u00e4-Suomen hallinto-oikeus 21.5.2021 nro 21\/0056\/3 Asian vaiheet on 27.4.2020 (\u00a7 14) hyv\u00e4ksynyt Kirkonkyl\u00e4n osayleiskaavan. on tehnyt kaavan hyv\u00e4ksymist\u00e4 koskevasta p\u00e4\u00e4t\u00f6ksest\u00e4 oikaisukehotuksen. on 7.9.2020 (\u00a7 34) pysytt\u00e4nyt voimassa p\u00e4\u00e4t\u00f6ksens\u00e4 27.4.2020 (\u00a7 14). on muutoksenhaun kohteena olevalla p\u00e4\u00e4t\u00f6ksell\u00e4\u00e4n, silt\u00e4 osin kuin asiassa on korkeimmassa hallinto-oikeudessa&#8230;<\/p>\n","protected":false},"featured_media":0,"template":"","meta":{"_crdt_document":""},"kji_country":[7740],"kji_court":[28668],"kji_chamber":[28809],"kji_year":[36297],"kji_subject":[7646],"kji_keyword":[24038,28814,29693],"kji_language":[7949],"class_list":["post-675612","kji_decision","type-kji_decision","status-publish","hentry","kji_country-finlande","kji_court-cour-supreme-administrative-de-finlande","kji_chamber-autres-decisions-publiees","kji_year-36297","kji_subject-divers","kji_keyword-koskeva","kji_keyword-valituslupahakemus","kji_keyword-yleiskaavaa","kji_language-finnois"],"yoast_head":"<!-- This site is optimized with the Yoast SEO Premium plugin v27.4 (Yoast SEO v27.4) - https:\/\/yoast.com\/product\/yoast-seo-premium-wordpress\/ -->\n<title>KHO 27.12.2021\/H4766 - Yleiskaavaa koskeva valituslupahakemus (Pyht\u00e4\u00e4, Kirkonkyl\u00e4n osayleiskaava) - Ma\u00eetre Hassan Kohen, avocat en droit p\u00e9nal \u00e0 Paris<\/title>\n<meta name=\"robots\" content=\"index, follow, max-snippet:-1, max-image-preview:large, max-video-preview:-1\" \/>\n<link rel=\"canonical\" href=\"https:\/\/kohenavocats.com\/zh-hans\/jurisprudences\/kho-27-12-2021-h4766-yleiskaavaa-koskeva-valituslupahakemus-pyhtaa-kirkonkylan-osayleiskaava-2\/\" \/>\n<meta property=\"og:locale\" content=\"zh_CN\" \/>\n<meta property=\"og:type\" content=\"article\" \/>\n<meta property=\"og:title\" content=\"KHO 27.12.2021\/H4766 - Yleiskaavaa koskeva valituslupahakemus (Pyht\u00e4\u00e4, Kirkonkyl\u00e4n osayleiskaava)\" \/>\n<meta property=\"og:description\" content=\"Yleiskaavaa koskeva valituslupahakemus Luonnollisesti Pyht\u00e4\u00e4 ry Asia Muutoksenhakija P\u00e4\u00e4t\u00f6s, jota muutoksenhaku koskee It\u00e4-Suomen hallinto-oikeus 21.5.2021 nro 21\/0056\/3 Asian vaiheet on 27.4.2020 (\u00a7 14) hyv\u00e4ksynyt Kirkonkyl\u00e4n osayleiskaavan. on tehnyt kaavan hyv\u00e4ksymist\u00e4 koskevasta p\u00e4\u00e4t\u00f6ksest\u00e4 oikaisukehotuksen. on 7.9.2020 (\u00a7 34) pysytt\u00e4nyt voimassa p\u00e4\u00e4t\u00f6ksens\u00e4 27.4.2020 (\u00a7 14). on muutoksenhaun kohteena olevalla p\u00e4\u00e4t\u00f6ksell\u00e4\u00e4n, silt\u00e4 osin kuin asiassa on korkeimmassa hallinto-oikeudessa...\" \/>\n<meta property=\"og:url\" content=\"https:\/\/kohenavocats.com\/zh-hans\/jurisprudences\/kho-27-12-2021-h4766-yleiskaavaa-koskeva-valituslupahakemus-pyhtaa-kirkonkylan-osayleiskaava-2\/\" \/>\n<meta property=\"og:site_name\" content=\"Ma\u00eetre Hassan Kohen, avocat en droit p\u00e9nal \u00e0 Paris\" \/>\n<meta name=\"twitter:card\" content=\"summary_large_image\" \/>\n<meta name=\"twitter:label1\" content=\"\u9884\u8ba1\u9605\u8bfb\u65f6\u95f4\" \/>\n\t<meta name=\"twitter:data1\" content=\"1 \u5206\" \/>\n<script type=\"application\/ld+json\" class=\"yoast-schema-graph\">{\"@context\":\"https:\\\/\\\/schema.org\",\"@graph\":[{\"@type\":\"WebPage\",\"@id\":\"https:\\\/\\\/kohenavocats.com\\\/zh-hans\\\/jurisprudences\\\/kho-27-12-2021-h4766-yleiskaavaa-koskeva-valituslupahakemus-pyhtaa-kirkonkylan-osayleiskaava-2\\\/\",\"url\":\"https:\\\/\\\/kohenavocats.com\\\/zh-hans\\\/jurisprudences\\\/kho-27-12-2021-h4766-yleiskaavaa-koskeva-valituslupahakemus-pyhtaa-kirkonkylan-osayleiskaava-2\\\/\",\"name\":\"KHO 27.12.2021\\\/H4766 - Yleiskaavaa koskeva valituslupahakemus (Pyht\u00e4\u00e4, Kirkonkyl\u00e4n osayleiskaava) - Ma\u00eetre Hassan Kohen, avocat en droit p\u00e9nal \u00e0 Paris\",\"isPartOf\":{\"@id\":\"https:\\\/\\\/kohenavocats.com\\\/zh-hans\\\/#website\"},\"datePublished\":\"2026-04-24T20:42:59+00:00\",\"breadcrumb\":{\"@id\":\"https:\\\/\\\/kohenavocats.com\\\/zh-hans\\\/jurisprudences\\\/kho-27-12-2021-h4766-yleiskaavaa-koskeva-valituslupahakemus-pyhtaa-kirkonkylan-osayleiskaava-2\\\/#breadcrumb\"},\"inLanguage\":\"zh-Hans\",\"potentialAction\":[{\"@type\":\"ReadAction\",\"target\":[\"https:\\\/\\\/kohenavocats.com\\\/zh-hans\\\/jurisprudences\\\/kho-27-12-2021-h4766-yleiskaavaa-koskeva-valituslupahakemus-pyhtaa-kirkonkylan-osayleiskaava-2\\\/\"]}]},{\"@type\":\"BreadcrumbList\",\"@id\":\"https:\\\/\\\/kohenavocats.com\\\/zh-hans\\\/jurisprudences\\\/kho-27-12-2021-h4766-yleiskaavaa-koskeva-valituslupahakemus-pyhtaa-kirkonkylan-osayleiskaava-2\\\/#breadcrumb\",\"itemListElement\":[{\"@type\":\"ListItem\",\"position\":1,\"name\":\"Home\",\"item\":\"https:\\\/\\\/kohenavocats.com\\\/zh-hans\\\/\"},{\"@type\":\"ListItem\",\"position\":2,\"name\":\"Jurisprudences\",\"item\":\"https:\\\/\\\/kohenavocats.com\\\/zh-hans\\\/jurisprudences\\\/\"},{\"@type\":\"ListItem\",\"position\":3,\"name\":\"KHO 27.12.2021\\\/H4766 &#8211; Yleiskaavaa koskeva valituslupahakemus (Pyht\u00e4\u00e4, Kirkonkyl\u00e4n osayleiskaava)\"}]},{\"@type\":\"WebSite\",\"@id\":\"https:\\\/\\\/kohenavocats.com\\\/zh-hans\\\/#website\",\"url\":\"https:\\\/\\\/kohenavocats.com\\\/zh-hans\\\/\",\"name\":\"Kohen Avocats\",\"description\":\"Ma\u00eetre Hassan Kohen, avocat p\u00e9naliste \u00e0 Paris, intervient exclusivement en droit p\u00e9nal pour la d\u00e9fense des particuliers, notamment en mati\u00e8re d\u2019accusations de viol. Il assure un accompagnement rigoureux d\u00e8s la garde \u00e0 vue jusqu\u2019\u00e0 la Cour d\u2019assises, veillant au strict respect des garanties proc\u00e9durales.\",\"publisher\":{\"@id\":\"https:\\\/\\\/kohenavocats.com\\\/zh-hans\\\/#organization\"},\"potentialAction\":[{\"@type\":\"SearchAction\",\"target\":{\"@type\":\"EntryPoint\",\"urlTemplate\":\"https:\\\/\\\/kohenavocats.com\\\/zh-hans\\\/?s={search_term_string}\"},\"query-input\":{\"@type\":\"PropertyValueSpecification\",\"valueRequired\":true,\"valueName\":\"search_term_string\"}}],\"inLanguage\":\"zh-Hans\"},{\"@type\":\"Organization\",\"@id\":\"https:\\\/\\\/kohenavocats.com\\\/zh-hans\\\/#organization\",\"name\":\"Kohen Avocats\",\"url\":\"https:\\\/\\\/kohenavocats.com\\\/zh-hans\\\/\",\"logo\":{\"@type\":\"ImageObject\",\"inLanguage\":\"zh-Hans\",\"@id\":\"https:\\\/\\\/kohenavocats.com\\\/zh-hans\\\/#\\\/schema\\\/logo\\\/image\\\/\",\"url\":\"https:\\\/\\\/kohenavocats.com\\\/wp-content\\\/uploads\\\/2026\\\/01\\\/Logo-2-1.webp\",\"contentUrl\":\"https:\\\/\\\/kohenavocats.com\\\/wp-content\\\/uploads\\\/2026\\\/01\\\/Logo-2-1.webp\",\"width\":2114,\"height\":1253,\"caption\":\"Kohen Avocats\"},\"image\":{\"@id\":\"https:\\\/\\\/kohenavocats.com\\\/zh-hans\\\/#\\\/schema\\\/logo\\\/image\\\/\"}}]}<\/script>\n<!-- \/ Yoast SEO Premium plugin. -->","yoast_head_json":{"title":"KHO 27.12.2021\/H4766 - Yleiskaavaa koskeva valituslupahakemus (Pyht\u00e4\u00e4, Kirkonkyl\u00e4n osayleiskaava) - Ma\u00eetre Hassan Kohen, avocat en droit p\u00e9nal \u00e0 Paris","robots":{"index":"index","follow":"follow","max-snippet":"max-snippet:-1","max-image-preview":"max-image-preview:large","max-video-preview":"max-video-preview:-1"},"canonical":"https:\/\/kohenavocats.com\/zh-hans\/jurisprudences\/kho-27-12-2021-h4766-yleiskaavaa-koskeva-valituslupahakemus-pyhtaa-kirkonkylan-osayleiskaava-2\/","og_locale":"zh_CN","og_type":"article","og_title":"KHO 27.12.2021\/H4766 - Yleiskaavaa koskeva valituslupahakemus (Pyht\u00e4\u00e4, Kirkonkyl\u00e4n osayleiskaava)","og_description":"Yleiskaavaa koskeva valituslupahakemus Luonnollisesti Pyht\u00e4\u00e4 ry Asia Muutoksenhakija P\u00e4\u00e4t\u00f6s, jota muutoksenhaku koskee It\u00e4-Suomen hallinto-oikeus 21.5.2021 nro 21\/0056\/3 Asian vaiheet on 27.4.2020 (\u00a7 14) hyv\u00e4ksynyt Kirkonkyl\u00e4n osayleiskaavan. on tehnyt kaavan hyv\u00e4ksymist\u00e4 koskevasta p\u00e4\u00e4t\u00f6ksest\u00e4 oikaisukehotuksen. on 7.9.2020 (\u00a7 34) pysytt\u00e4nyt voimassa p\u00e4\u00e4t\u00f6ksens\u00e4 27.4.2020 (\u00a7 14). on muutoksenhaun kohteena olevalla p\u00e4\u00e4t\u00f6ksell\u00e4\u00e4n, silt\u00e4 osin kuin asiassa on korkeimmassa hallinto-oikeudessa...","og_url":"https:\/\/kohenavocats.com\/zh-hans\/jurisprudences\/kho-27-12-2021-h4766-yleiskaavaa-koskeva-valituslupahakemus-pyhtaa-kirkonkylan-osayleiskaava-2\/","og_site_name":"Ma\u00eetre Hassan Kohen, avocat en droit p\u00e9nal \u00e0 Paris","twitter_card":"summary_large_image","twitter_misc":{"\u9884\u8ba1\u9605\u8bfb\u65f6\u95f4":"1 \u5206"},"schema":{"@context":"https:\/\/schema.org","@graph":[{"@type":"WebPage","@id":"https:\/\/kohenavocats.com\/zh-hans\/jurisprudences\/kho-27-12-2021-h4766-yleiskaavaa-koskeva-valituslupahakemus-pyhtaa-kirkonkylan-osayleiskaava-2\/","url":"https:\/\/kohenavocats.com\/zh-hans\/jurisprudences\/kho-27-12-2021-h4766-yleiskaavaa-koskeva-valituslupahakemus-pyhtaa-kirkonkylan-osayleiskaava-2\/","name":"KHO 27.12.2021\/H4766 - Yleiskaavaa koskeva valituslupahakemus (Pyht\u00e4\u00e4, Kirkonkyl\u00e4n osayleiskaava) - Ma\u00eetre Hassan Kohen, avocat en droit p\u00e9nal \u00e0 Paris","isPartOf":{"@id":"https:\/\/kohenavocats.com\/zh-hans\/#website"},"datePublished":"2026-04-24T20:42:59+00:00","breadcrumb":{"@id":"https:\/\/kohenavocats.com\/zh-hans\/jurisprudences\/kho-27-12-2021-h4766-yleiskaavaa-koskeva-valituslupahakemus-pyhtaa-kirkonkylan-osayleiskaava-2\/#breadcrumb"},"inLanguage":"zh-Hans","potentialAction":[{"@type":"ReadAction","target":["https:\/\/kohenavocats.com\/zh-hans\/jurisprudences\/kho-27-12-2021-h4766-yleiskaavaa-koskeva-valituslupahakemus-pyhtaa-kirkonkylan-osayleiskaava-2\/"]}]},{"@type":"BreadcrumbList","@id":"https:\/\/kohenavocats.com\/zh-hans\/jurisprudences\/kho-27-12-2021-h4766-yleiskaavaa-koskeva-valituslupahakemus-pyhtaa-kirkonkylan-osayleiskaava-2\/#breadcrumb","itemListElement":[{"@type":"ListItem","position":1,"name":"Home","item":"https:\/\/kohenavocats.com\/zh-hans\/"},{"@type":"ListItem","position":2,"name":"Jurisprudences","item":"https:\/\/kohenavocats.com\/zh-hans\/jurisprudences\/"},{"@type":"ListItem","position":3,"name":"KHO 27.12.2021\/H4766 &#8211; Yleiskaavaa koskeva valituslupahakemus (Pyht\u00e4\u00e4, Kirkonkyl\u00e4n osayleiskaava)"}]},{"@type":"WebSite","@id":"https:\/\/kohenavocats.com\/zh-hans\/#website","url":"https:\/\/kohenavocats.com\/zh-hans\/","name":"Kohen Avocats","description":"Ma\u00eetre Hassan Kohen, avocat p\u00e9naliste \u00e0 Paris, intervient exclusivement en droit p\u00e9nal pour la d\u00e9fense des particuliers, notamment en mati\u00e8re d\u2019accusations de viol. Il assure un accompagnement rigoureux d\u00e8s la garde \u00e0 vue jusqu\u2019\u00e0 la Cour d\u2019assises, veillant au strict respect des garanties proc\u00e9durales.","publisher":{"@id":"https:\/\/kohenavocats.com\/zh-hans\/#organization"},"potentialAction":[{"@type":"SearchAction","target":{"@type":"EntryPoint","urlTemplate":"https:\/\/kohenavocats.com\/zh-hans\/?s={search_term_string}"},"query-input":{"@type":"PropertyValueSpecification","valueRequired":true,"valueName":"search_term_string"}}],"inLanguage":"zh-Hans"},{"@type":"Organization","@id":"https:\/\/kohenavocats.com\/zh-hans\/#organization","name":"Kohen Avocats","url":"https:\/\/kohenavocats.com\/zh-hans\/","logo":{"@type":"ImageObject","inLanguage":"zh-Hans","@id":"https:\/\/kohenavocats.com\/zh-hans\/#\/schema\/logo\/image\/","url":"https:\/\/kohenavocats.com\/wp-content\/uploads\/2026\/01\/Logo-2-1.webp","contentUrl":"https:\/\/kohenavocats.com\/wp-content\/uploads\/2026\/01\/Logo-2-1.webp","width":2114,"height":1253,"caption":"Kohen Avocats"},"image":{"@id":"https:\/\/kohenavocats.com\/zh-hans\/#\/schema\/logo\/image\/"}}]}},"jetpack_likes_enabled":false,"jetpack_sharing_enabled":true,"_links":{"self":[{"href":"https:\/\/kohenavocats.com\/zh-hans\/wp-json\/wp\/v2\/kji_decision\/675612","targetHints":{"allow":["GET"]}}],"collection":[{"href":"https:\/\/kohenavocats.com\/zh-hans\/wp-json\/wp\/v2\/kji_decision"}],"about":[{"href":"https:\/\/kohenavocats.com\/zh-hans\/wp-json\/wp\/v2\/types\/kji_decision"}],"wp:attachment":[{"href":"https:\/\/kohenavocats.com\/zh-hans\/wp-json\/wp\/v2\/media?parent=675612"}],"wp:term":[{"taxonomy":"kji_country","embeddable":true,"href":"https:\/\/kohenavocats.com\/zh-hans\/wp-json\/wp\/v2\/kji_country?post=675612"},{"taxonomy":"kji_court","embeddable":true,"href":"https:\/\/kohenavocats.com\/zh-hans\/wp-json\/wp\/v2\/kji_court?post=675612"},{"taxonomy":"kji_chamber","embeddable":true,"href":"https:\/\/kohenavocats.com\/zh-hans\/wp-json\/wp\/v2\/kji_chamber?post=675612"},{"taxonomy":"kji_year","embeddable":true,"href":"https:\/\/kohenavocats.com\/zh-hans\/wp-json\/wp\/v2\/kji_year?post=675612"},{"taxonomy":"kji_subject","embeddable":true,"href":"https:\/\/kohenavocats.com\/zh-hans\/wp-json\/wp\/v2\/kji_subject?post=675612"},{"taxonomy":"kji_keyword","embeddable":true,"href":"https:\/\/kohenavocats.com\/zh-hans\/wp-json\/wp\/v2\/kji_keyword?post=675612"},{"taxonomy":"kji_language","embeddable":true,"href":"https:\/\/kohenavocats.com\/zh-hans\/wp-json\/wp\/v2\/kji_language?post=675612"}],"curies":[{"name":"wp","href":"https:\/\/api.w.org\/{rel}","templated":true}]}}