{"id":680384,"date":"2026-04-25T12:24:31","date_gmt":"2026-04-25T10:24:31","guid":{"rendered":"https:\/\/kohenavocats.com\/jurisprudences\/bundesverfassungsgericht-1-senat-3-kammer-nichtannahmebeschluss-2021-09-15-1-bvr-1627-21\/"},"modified":"2026-04-25T12:24:31","modified_gmt":"2026-04-25T10:24:31","slug":"bundesverfassungsgericht-1-senat-3-kammer-nichtannahmebeschluss-2021-09-15-1-bvr-1627-21","status":"publish","type":"kji_decision","link":"https:\/\/kohenavocats.com\/zh-hans\/jurisprudences\/bundesverfassungsgericht-1-senat-3-kammer-nichtannahmebeschluss-2021-09-15-1-bvr-1627-21\/","title":{"rendered":"Bundesverfassungsgericht, 1. Senat 3. Kammer, Nichtannahmebeschluss, 2021-09-15, 1 BvR 1627\/21"},"content":{"rendered":"<div class=\"kji-decision\">\n<div class=\"kji-full-text\">\n<h3>Tenor<\/h3>\n<div>\n<dl class=\"RspDL\">\n<dt><\/dt>\n<dd>\n<p>Die Ablehnungsgesuche gegen den Pr\u00e4sidenten Harbarth, die Richterin Britz und den Richter Radtke werden als unzul\u00e4ssig verworfen.<\/p>\n<\/dd>\n<\/dl>\n<dl class=\"RspDL\">\n<dt><\/dt>\n<dd>\n<p>Die Verfassungsbeschwerde wird nicht zur Entscheidung angenommen.<\/p>\n<\/dd>\n<\/dl><\/div>\n<h3>Gr\u00fcnde<\/h3>\n<div>\n<dl class=\"RspDL\">\n<dt>\n               <a name=\"rd_1\">1<\/a>\n            <\/dt>\n<dd>\n<p>1. Die Ablehnungsgesuche sind zu verwerfen. Der Beschwerdef\u00fchrer lehnt den Pr\u00e4sidenten Harbarth, den Richter Radtke und die Richterin Britz ab, weil sie bereits mehrere seiner Verfassungsbeschwerden nicht zur Entscheidung angenommen haben. Doch ist ein Ablehnungsgesuch, das lediglich Ausf\u00fchrungen enth\u00e4lt, die zur Begr\u00fcndung der Besorgnis der Befangenheit g\u00e4nzlich ungeeignet sind, ebenso offensichtlich unzul\u00e4ssig wie die Ablehnung von Richtern und Richterinnen, die &#8211; wie hier die Richterin Britz und der Pr\u00e4sident Harbarth &#8211; nicht zur Mitwirkung in diesem Verfahren berufen sind (vgl. BVerfGE 46, 200 sowie BVerfG, Beschl\u00fcsse der 3. Kammer des Ersten Senats vom 3. Juli 2013 &#8211; 1 BvR 782\/12 -, Rn. 4, und der 1. Kammer des Zweiten Senats vom 22. Mai 2019 &#8211; 2 BvR 750\/19 -, Rn. 4). Einer dienstlichen Stellungnahme zu solchen Ablehnungsgesuchen bedarf es nicht; die Betroffenen sind nicht von der Entscheidung \u00fcber das Ablehnungsgesuch ausgeschlossen (vgl. BVerfGE 131, 239 &lt;252 f.&gt;; 133, 377 &lt;405 Rn. 69&gt;; ferner BVerfGK 8, 59 &lt;60&gt;).<\/p>\n<\/dd>\n<\/dl>\n<dl class=\"RspDL\">\n<dt>\n               <a name=\"rd_2\">2<\/a>\n            <\/dt>\n<dd>\n<p>2. Die Verfassungsbeschwerde ist nicht zur Entscheidung anzunehmen. Sie wird den an ihre Begr\u00fcndung nach \u00a7 23 Abs. 1 Satz 2, \u00a7 92 BVerfGG zu stellenden Substantiierungsanforderungen nicht gerecht und ist daher unzul\u00e4ssig.<\/p>\n<\/dd>\n<\/dl>\n<dl class=\"RspDL\">\n<dt>\n               <a name=\"rd_3\">3<\/a>\n            <\/dt>\n<dd>\n<p>Von einer weiteren Begr\u00fcndung der Nichtannahme der Verfassungsbeschwerde wird nach \u00a7 93d Abs. 1 Satz 3 BVerfGG abgesehen.<\/p>\n<\/dd>\n<\/dl>\n<dl class=\"RspDL\">\n<dt>\n               <a name=\"rd_4\">4<\/a>\n            <\/dt>\n<dd>\n<p>Diese Entscheidung ist unanfechtbar.<\/p>\n<\/dd>\n<\/dl><\/div>\n<\/div>\n<hr class=\"kji-sep\" \/>\n<p class=\"kji-source-links\"><strong>Sources officielles :<\/strong> <a class=\"kji-source-link\" href=\"http:\/\/www.rechtsprechung-im-internet.de\/jportal\/?quelle=jlink&#038;docid=jb-KVRE445462101&#038;psml=bsjrsprod.psml&#038;max=true\" target=\"_blank\" rel=\"noopener noreferrer\">consulter la page source<\/a> &middot; <a class=\"kji-pdf-link\" href=\"https:\/\/www.rechtsprechung-im-internet.de\/jportal\/portal\/page\/bsjrsprod.psml\/screen\/JWPDFScreen\/filename\/BVerfG_1_BvR_1627-21_KVRE445462101.pdf\" target=\"_blank\" rel=\"noopener noreferrer\">PDF officiel<\/a><\/p>\n<p class=\"kji-license-note\"><em>Rechtsprechung im Internet (BMJV\/BfJ) : les decisions sont mises a disposition gratuitement en HTML, PDF et XML pour libre utilisation et re-utilisation.<\/em><\/p>\n<\/div>\n","protected":false},"excerpt":{"rendered":"<p>Tenor Die Ablehnungsgesuche gegen den Pr\u00e4sidenten Harbarth, die Richterin Britz und den Richter Radtke werden als unzul\u00e4ssig verworfen. Die Verfassungsbeschwerde wird nicht zur Entscheidung angenommen. Gr\u00fcnde 1 1. Die Ablehnungsgesuche sind zu verwerfen. Der Beschwerdef\u00fchrer lehnt den Pr\u00e4sidenten Harbarth, den Richter Radtke und die Richterin Britz ab, weil sie bereits mehrere seiner Verfassungsbeschwerden nicht zur Entscheidung angenommen haben. Doch ist&#8230;<\/p>\n","protected":false},"featured_media":0,"template":"","meta":{"_crdt_document":""},"kji_country":[7802],"kji_court":[8477],"kji_chamber":[9028],"kji_year":[36297],"kji_subject":[7660],"kji_keyword":[8479,8480,8481,8476,7809],"kji_language":[7805],"class_list":["post-680384","kji_decision","type-kji_decision","status-publish","hentry","kji_country-allemagne","kji_court-bundesverfassungsgericht","kji_chamber-1-senat-3-kammer","kji_year-36297","kji_subject-constitutionnel","kji_keyword-bundesverfassungsgericht","kji_keyword-kammer","kji_keyword-nichtannahmebeschluss","kji_keyword-senat","kji_keyword-tenor","kji_language-allemand"],"yoast_head":"<!-- This site is optimized with the Yoast SEO Premium plugin v27.5 (Yoast SEO v27.5) - https:\/\/yoast.com\/product\/yoast-seo-premium-wordpress\/ -->\n<title>Bundesverfassungsgericht, 1. Senat 3. Kammer, Nichtannahmebeschluss, 2021-09-15, 1 BvR 1627\/21 - Ma\u00eetre Hassan Kohen, avocat en droit p\u00e9nal \u00e0 Paris<\/title>\n<meta name=\"robots\" content=\"index, follow, max-snippet:-1, max-image-preview:large, max-video-preview:-1\" \/>\n<link rel=\"canonical\" href=\"https:\/\/kohenavocats.com\/zh-hans\/jurisprudences\/bundesverfassungsgericht-1-senat-3-kammer-nichtannahmebeschluss-2021-09-15-1-bvr-1627-21\/\" \/>\n<meta property=\"og:locale\" content=\"zh_CN\" \/>\n<meta property=\"og:type\" content=\"article\" \/>\n<meta property=\"og:title\" content=\"Bundesverfassungsgericht, 1. Senat 3. Kammer, Nichtannahmebeschluss, 2021-09-15, 1 BvR 1627\/21\" \/>\n<meta property=\"og:description\" content=\"Tenor Die Ablehnungsgesuche gegen den Pr\u00e4sidenten Harbarth, die Richterin Britz und den Richter Radtke werden als unzul\u00e4ssig verworfen. Die Verfassungsbeschwerde wird nicht zur Entscheidung angenommen. Gr\u00fcnde 1 1. Die Ablehnungsgesuche sind zu verwerfen. Der Beschwerdef\u00fchrer lehnt den Pr\u00e4sidenten Harbarth, den Richter Radtke und die Richterin Britz ab, weil sie bereits mehrere seiner Verfassungsbeschwerden nicht zur Entscheidung angenommen haben. Doch ist...\" \/>\n<meta property=\"og:url\" content=\"https:\/\/kohenavocats.com\/zh-hans\/jurisprudences\/bundesverfassungsgericht-1-senat-3-kammer-nichtannahmebeschluss-2021-09-15-1-bvr-1627-21\/\" \/>\n<meta property=\"og:site_name\" content=\"Ma\u00eetre Hassan Kohen, avocat en droit p\u00e9nal \u00e0 Paris\" \/>\n<meta name=\"twitter:card\" content=\"summary_large_image\" \/>\n<meta name=\"twitter:label1\" content=\"\u9884\u8ba1\u9605\u8bfb\u65f6\u95f4\" \/>\n\t<meta name=\"twitter:data1\" content=\"1 \u5206\" \/>\n<script type=\"application\/ld+json\" class=\"yoast-schema-graph\">{\"@context\":\"https:\\\/\\\/schema.org\",\"@graph\":[{\"@type\":\"WebPage\",\"@id\":\"https:\\\/\\\/kohenavocats.com\\\/zh-hans\\\/jurisprudences\\\/bundesverfassungsgericht-1-senat-3-kammer-nichtannahmebeschluss-2021-09-15-1-bvr-1627-21\\\/\",\"url\":\"https:\\\/\\\/kohenavocats.com\\\/zh-hans\\\/jurisprudences\\\/bundesverfassungsgericht-1-senat-3-kammer-nichtannahmebeschluss-2021-09-15-1-bvr-1627-21\\\/\",\"name\":\"Bundesverfassungsgericht, 1. Senat 3. Kammer, Nichtannahmebeschluss, 2021-09-15, 1 BvR 1627\\\/21 - Ma\u00eetre Hassan Kohen, avocat en droit p\u00e9nal \u00e0 Paris\",\"isPartOf\":{\"@id\":\"https:\\\/\\\/kohenavocats.com\\\/zh-hans\\\/#website\"},\"datePublished\":\"2026-04-25T10:24:31+00:00\",\"breadcrumb\":{\"@id\":\"https:\\\/\\\/kohenavocats.com\\\/zh-hans\\\/jurisprudences\\\/bundesverfassungsgericht-1-senat-3-kammer-nichtannahmebeschluss-2021-09-15-1-bvr-1627-21\\\/#breadcrumb\"},\"inLanguage\":\"zh-Hans\",\"potentialAction\":[{\"@type\":\"ReadAction\",\"target\":[\"https:\\\/\\\/kohenavocats.com\\\/zh-hans\\\/jurisprudences\\\/bundesverfassungsgericht-1-senat-3-kammer-nichtannahmebeschluss-2021-09-15-1-bvr-1627-21\\\/\"]}]},{\"@type\":\"BreadcrumbList\",\"@id\":\"https:\\\/\\\/kohenavocats.com\\\/zh-hans\\\/jurisprudences\\\/bundesverfassungsgericht-1-senat-3-kammer-nichtannahmebeschluss-2021-09-15-1-bvr-1627-21\\\/#breadcrumb\",\"itemListElement\":[{\"@type\":\"ListItem\",\"position\":1,\"name\":\"Home\",\"item\":\"https:\\\/\\\/kohenavocats.com\\\/zh-hans\\\/\"},{\"@type\":\"ListItem\",\"position\":2,\"name\":\"Jurisprudences\",\"item\":\"https:\\\/\\\/kohenavocats.com\\\/zh-hans\\\/jurisprudences\\\/\"},{\"@type\":\"ListItem\",\"position\":3,\"name\":\"Bundesverfassungsgericht, 1. Senat 3. Kammer, Nichtannahmebeschluss, 2021-09-15, 1 BvR 1627\\\/21\"}]},{\"@type\":\"WebSite\",\"@id\":\"https:\\\/\\\/kohenavocats.com\\\/zh-hans\\\/#website\",\"url\":\"https:\\\/\\\/kohenavocats.com\\\/zh-hans\\\/\",\"name\":\"Kohen Avocats\",\"description\":\"Ma\u00eetre Hassan Kohen, avocat p\u00e9naliste \u00e0 Paris, intervient exclusivement en droit p\u00e9nal pour la d\u00e9fense des particuliers, notamment en mati\u00e8re d\u2019accusations de viol. Il assure un accompagnement rigoureux d\u00e8s la garde \u00e0 vue jusqu\u2019\u00e0 la Cour d\u2019assises, veillant au strict respect des garanties proc\u00e9durales.\",\"publisher\":{\"@id\":\"https:\\\/\\\/kohenavocats.com\\\/zh-hans\\\/#organization\"},\"potentialAction\":[{\"@type\":\"SearchAction\",\"target\":{\"@type\":\"EntryPoint\",\"urlTemplate\":\"https:\\\/\\\/kohenavocats.com\\\/zh-hans\\\/?s={search_term_string}\"},\"query-input\":{\"@type\":\"PropertyValueSpecification\",\"valueRequired\":true,\"valueName\":\"search_term_string\"}}],\"inLanguage\":\"zh-Hans\"},{\"@type\":\"Organization\",\"@id\":\"https:\\\/\\\/kohenavocats.com\\\/zh-hans\\\/#organization\",\"name\":\"Kohen Avocats\",\"url\":\"https:\\\/\\\/kohenavocats.com\\\/zh-hans\\\/\",\"logo\":{\"@type\":\"ImageObject\",\"inLanguage\":\"zh-Hans\",\"@id\":\"https:\\\/\\\/kohenavocats.com\\\/zh-hans\\\/#\\\/schema\\\/logo\\\/image\\\/\",\"url\":\"https:\\\/\\\/kohenavocats.com\\\/wp-content\\\/uploads\\\/2026\\\/01\\\/Logo-2-1.webp\",\"contentUrl\":\"https:\\\/\\\/kohenavocats.com\\\/wp-content\\\/uploads\\\/2026\\\/01\\\/Logo-2-1.webp\",\"width\":2114,\"height\":1253,\"caption\":\"Kohen Avocats\"},\"image\":{\"@id\":\"https:\\\/\\\/kohenavocats.com\\\/zh-hans\\\/#\\\/schema\\\/logo\\\/image\\\/\"}}]}<\/script>\n<!-- \/ Yoast SEO Premium plugin. -->","yoast_head_json":{"title":"Bundesverfassungsgericht, 1. Senat 3. Kammer, Nichtannahmebeschluss, 2021-09-15, 1 BvR 1627\/21 - Ma\u00eetre Hassan Kohen, avocat en droit p\u00e9nal \u00e0 Paris","robots":{"index":"index","follow":"follow","max-snippet":"max-snippet:-1","max-image-preview":"max-image-preview:large","max-video-preview":"max-video-preview:-1"},"canonical":"https:\/\/kohenavocats.com\/zh-hans\/jurisprudences\/bundesverfassungsgericht-1-senat-3-kammer-nichtannahmebeschluss-2021-09-15-1-bvr-1627-21\/","og_locale":"zh_CN","og_type":"article","og_title":"Bundesverfassungsgericht, 1. Senat 3. Kammer, Nichtannahmebeschluss, 2021-09-15, 1 BvR 1627\/21","og_description":"Tenor Die Ablehnungsgesuche gegen den Pr\u00e4sidenten Harbarth, die Richterin Britz und den Richter Radtke werden als unzul\u00e4ssig verworfen. Die Verfassungsbeschwerde wird nicht zur Entscheidung angenommen. Gr\u00fcnde 1 1. Die Ablehnungsgesuche sind zu verwerfen. Der Beschwerdef\u00fchrer lehnt den Pr\u00e4sidenten Harbarth, den Richter Radtke und die Richterin Britz ab, weil sie bereits mehrere seiner Verfassungsbeschwerden nicht zur Entscheidung angenommen haben. Doch ist...","og_url":"https:\/\/kohenavocats.com\/zh-hans\/jurisprudences\/bundesverfassungsgericht-1-senat-3-kammer-nichtannahmebeschluss-2021-09-15-1-bvr-1627-21\/","og_site_name":"Ma\u00eetre Hassan Kohen, avocat en droit p\u00e9nal \u00e0 Paris","twitter_card":"summary_large_image","twitter_misc":{"\u9884\u8ba1\u9605\u8bfb\u65f6\u95f4":"1 \u5206"},"schema":{"@context":"https:\/\/schema.org","@graph":[{"@type":"WebPage","@id":"https:\/\/kohenavocats.com\/zh-hans\/jurisprudences\/bundesverfassungsgericht-1-senat-3-kammer-nichtannahmebeschluss-2021-09-15-1-bvr-1627-21\/","url":"https:\/\/kohenavocats.com\/zh-hans\/jurisprudences\/bundesverfassungsgericht-1-senat-3-kammer-nichtannahmebeschluss-2021-09-15-1-bvr-1627-21\/","name":"Bundesverfassungsgericht, 1. Senat 3. Kammer, Nichtannahmebeschluss, 2021-09-15, 1 BvR 1627\/21 - Ma\u00eetre Hassan Kohen, avocat en droit p\u00e9nal \u00e0 Paris","isPartOf":{"@id":"https:\/\/kohenavocats.com\/zh-hans\/#website"},"datePublished":"2026-04-25T10:24:31+00:00","breadcrumb":{"@id":"https:\/\/kohenavocats.com\/zh-hans\/jurisprudences\/bundesverfassungsgericht-1-senat-3-kammer-nichtannahmebeschluss-2021-09-15-1-bvr-1627-21\/#breadcrumb"},"inLanguage":"zh-Hans","potentialAction":[{"@type":"ReadAction","target":["https:\/\/kohenavocats.com\/zh-hans\/jurisprudences\/bundesverfassungsgericht-1-senat-3-kammer-nichtannahmebeschluss-2021-09-15-1-bvr-1627-21\/"]}]},{"@type":"BreadcrumbList","@id":"https:\/\/kohenavocats.com\/zh-hans\/jurisprudences\/bundesverfassungsgericht-1-senat-3-kammer-nichtannahmebeschluss-2021-09-15-1-bvr-1627-21\/#breadcrumb","itemListElement":[{"@type":"ListItem","position":1,"name":"Home","item":"https:\/\/kohenavocats.com\/zh-hans\/"},{"@type":"ListItem","position":2,"name":"Jurisprudences","item":"https:\/\/kohenavocats.com\/zh-hans\/jurisprudences\/"},{"@type":"ListItem","position":3,"name":"Bundesverfassungsgericht, 1. Senat 3. Kammer, Nichtannahmebeschluss, 2021-09-15, 1 BvR 1627\/21"}]},{"@type":"WebSite","@id":"https:\/\/kohenavocats.com\/zh-hans\/#website","url":"https:\/\/kohenavocats.com\/zh-hans\/","name":"Kohen Avocats","description":"Ma\u00eetre Hassan Kohen, avocat p\u00e9naliste \u00e0 Paris, intervient exclusivement en droit p\u00e9nal pour la d\u00e9fense des particuliers, notamment en mati\u00e8re d\u2019accusations de viol. Il assure un accompagnement rigoureux d\u00e8s la garde \u00e0 vue jusqu\u2019\u00e0 la Cour d\u2019assises, veillant au strict respect des garanties proc\u00e9durales.","publisher":{"@id":"https:\/\/kohenavocats.com\/zh-hans\/#organization"},"potentialAction":[{"@type":"SearchAction","target":{"@type":"EntryPoint","urlTemplate":"https:\/\/kohenavocats.com\/zh-hans\/?s={search_term_string}"},"query-input":{"@type":"PropertyValueSpecification","valueRequired":true,"valueName":"search_term_string"}}],"inLanguage":"zh-Hans"},{"@type":"Organization","@id":"https:\/\/kohenavocats.com\/zh-hans\/#organization","name":"Kohen Avocats","url":"https:\/\/kohenavocats.com\/zh-hans\/","logo":{"@type":"ImageObject","inLanguage":"zh-Hans","@id":"https:\/\/kohenavocats.com\/zh-hans\/#\/schema\/logo\/image\/","url":"https:\/\/kohenavocats.com\/wp-content\/uploads\/2026\/01\/Logo-2-1.webp","contentUrl":"https:\/\/kohenavocats.com\/wp-content\/uploads\/2026\/01\/Logo-2-1.webp","width":2114,"height":1253,"caption":"Kohen Avocats"},"image":{"@id":"https:\/\/kohenavocats.com\/zh-hans\/#\/schema\/logo\/image\/"}}]}},"jetpack_likes_enabled":false,"jetpack_sharing_enabled":true,"_links":{"self":[{"href":"https:\/\/kohenavocats.com\/zh-hans\/wp-json\/wp\/v2\/kji_decision\/680384","targetHints":{"allow":["GET"]}}],"collection":[{"href":"https:\/\/kohenavocats.com\/zh-hans\/wp-json\/wp\/v2\/kji_decision"}],"about":[{"href":"https:\/\/kohenavocats.com\/zh-hans\/wp-json\/wp\/v2\/types\/kji_decision"}],"wp:attachment":[{"href":"https:\/\/kohenavocats.com\/zh-hans\/wp-json\/wp\/v2\/media?parent=680384"}],"wp:term":[{"taxonomy":"kji_country","embeddable":true,"href":"https:\/\/kohenavocats.com\/zh-hans\/wp-json\/wp\/v2\/kji_country?post=680384"},{"taxonomy":"kji_court","embeddable":true,"href":"https:\/\/kohenavocats.com\/zh-hans\/wp-json\/wp\/v2\/kji_court?post=680384"},{"taxonomy":"kji_chamber","embeddable":true,"href":"https:\/\/kohenavocats.com\/zh-hans\/wp-json\/wp\/v2\/kji_chamber?post=680384"},{"taxonomy":"kji_year","embeddable":true,"href":"https:\/\/kohenavocats.com\/zh-hans\/wp-json\/wp\/v2\/kji_year?post=680384"},{"taxonomy":"kji_subject","embeddable":true,"href":"https:\/\/kohenavocats.com\/zh-hans\/wp-json\/wp\/v2\/kji_subject?post=680384"},{"taxonomy":"kji_keyword","embeddable":true,"href":"https:\/\/kohenavocats.com\/zh-hans\/wp-json\/wp\/v2\/kji_keyword?post=680384"},{"taxonomy":"kji_language","embeddable":true,"href":"https:\/\/kohenavocats.com\/zh-hans\/wp-json\/wp\/v2\/kji_language?post=680384"}],"curies":[{"name":"wp","href":"https:\/\/api.w.org\/{rel}","templated":true}]}}