{"id":687471,"date":"2026-04-25T23:14:16","date_gmt":"2026-04-25T21:14:16","guid":{"rendered":"https:\/\/kohenavocats.com\/jurisprudences\/cour-superieure-de-justice-3-juin-2021-n-2020-01000\/"},"modified":"2026-04-25T23:14:20","modified_gmt":"2026-04-25T21:14:20","slug":"cour-superieure-de-justice-3-juin-2021-n-2020-01000","status":"publish","type":"kji_decision","link":"https:\/\/kohenavocats.com\/zh-hans\/jurisprudences\/cour-superieure-de-justice-3-juin-2021-n-2020-01000\/","title":{"rendered":"Cour sup\u00e9rieure de justice, 3 juin 2021, n\u00b0 2020-01000"},"content":{"rendered":"<div class=\"kji-decision\">\n<div class=\"kji-full-text\">\n<p>Arr\u00eat N\u00b0 56\/21 &#8211; III \u2013 TRAV<\/p>\n<p>Exempt &#8211; appel en mati\u00e8re de droit du travail.<\/p>\n<p>Audience publique du trois juin deux mille vingt-et-un.<\/p>\n<p>Num\u00e9ro CAL-2020-01000 du r\u00f4le<\/p>\n<p>Composition:<\/p>\n<p>Alain THORN, pr\u00e9sident de chambre, Carole KERSCHEN, premier conseiller, Paul VOUEL, conseiller, Isabelle HIPPERT, greffier.<\/p>\n<p>Entre :<\/p>\n<p>A, demeurant \u00e0 D-(\u2026),<\/p>\n<p>appelant aux termes d\u2019un exploit de l\u2019huissier de justice Patrick MULLER de Diekirch du 7 septembre 2020,<\/p>\n<p>comparant par Ma\u00eetre Yves WAGENER, avocat \u00e0 la Cour, demeurant \u00e0 Luxembourg,<\/p>\n<p>et :<\/p>\n<p>le SOC 1) (SOC 1)), \u00e9tabli \u00e0 L-(\u2026), repr\u00e9sent\u00e9 par son conseil d\u2019administration actuellement en fonctions,<\/p>\n<p>intim\u00e9 aux fins du susdit exploit MULLER,<\/p>\n<p>comparant par Ma\u00eetre Brice OLINGER, avocat \u00e0 la Cour, demeurant \u00e0 Luxembourg.<\/p>\n<p>2 LA COUR D&#039;APPEL:<\/p>\n<p>Vu l\u2019ordonnance de cl\u00f4ture de l\u2019instruction du 23 mars 2021.<\/p>\n<p>Par requ\u00eate d\u00e9pos\u00e9e au greffe de la justice de paix de Luxembourg en date du 14 juillet 2020, A fit convoquer son ancien employeur, le SOC 1) (SOC 1)), devant le tribunal du travail, aux fins de s\u2019y entendre dire qu\u2019il est \u00e0 classer en cat\u00e9gorie \u00ab CA10 \u00bb par rapport \u00e0 son statut de r\u00e9mun\u00e9ration tel qu\u2019il r\u00e9sulterait de la Convention collective des salari\u00e9s occup\u00e9s dans les \u00e9tablissements hospitaliers luxembourgeois et ce r\u00e9troactivement au 1 er octobre 2017, sinon \u00e0 une date \u00e0 d\u00e9terminer par le tribunal du travail, sous peine d\u2019une astreinte de 1.000 euros par jour de retard \u00e0 compter du 41 \u00e8me jour qui suit la notification du jugement.<\/p>\n<p>A r\u00e9clama \u00e9galement une indemnit\u00e9 de proc\u00e9dure de 2.500 euros sur base de l\u2019article 240 du Nouveau Code de proc\u00e9dure civile.<\/p>\n<p>Il exposa qu\u2019il fut engag\u00e9 en tant que \u00ab coordinateur qualit\u00e9 \u00bb par le SOC 1) en date du 7 mai 2004, avec effet au 15 juin 2004, fonction pour laquelle un dipl\u00f4me \u00ab bac + 3 \u00bb \u00e9tait requis.<\/p>\n<p>Aux termes de l\u2019article 5 de son contrat de travail, il aurait \u00e9t\u00e9 engag\u00e9 conform\u00e9ment aux dispositions de la Convention collective et r\u00e9mun\u00e9r\u00e9 suivant le classement CA9 avec 487 points indiciaires.<\/p>\n<p>Cependant, dans la mesure o\u00f9 il \u00e9tait titulaire d\u2019un dipl\u00f4me de niveau \u00ab bac + 5 \u00bb en tant que cartographe, fait dont son employeur aurait eu connaissance au moment de son engagement, il devrait \u00eatre class\u00e9 et pay\u00e9 conform\u00e9ment au classement CA10, avec 500 points indiciaires.<\/p>\n<p>A soutint qu\u2019au moment de son engagement, la classification EA6, \u00e9quivalente \u00e0 l\u2019actuel grade CA10 n\u2019aurait pas exist\u00e9, mais que son contrat de travail pr\u00e9ciserait bien qu\u2019il avait \u00e9t\u00e9 engag\u00e9 dans la carri\u00e8re d\u2019employ\u00e9 administratif universitaire, sans distinction entre les niveaux \u00ab bac + 3 \u00bb et \u00ab bac + 5 \u00bb.<\/p>\n<p>Sur base de ces consid\u00e9rants, il demanda la requalification de sa carri\u00e8re professionnelle en appliquant \u00e0 son contrat de travail le grade CA10 et partant, la r\u00e9mun\u00e9ration aff\u00e9rente avec effet r\u00e9troactif au 1 er octobre 2017, sinon \u00e0 toute autre date \u00e0 fixer par tribunal du travail.<\/p>\n<p>Le SOC 1) s\u2019opposa \u00e0 cette demande en se basant sur l\u2019article 15 A) la Convention collective, pr\u00e9cisant que A avait postul\u00e9 pour un poste de niveau \u00ab bac + 3 \u00bb pour lequel il aurait finalement \u00e9t\u00e9 engag\u00e9. Ainsi, m\u00eame si la carri\u00e8re EA5.0 pour laquelle il avait initialement \u00e9t\u00e9 engag\u00e9 correspondrait \u00e0 la carri\u00e8re la plus \u00e9lev\u00e9e \u00e0<\/p>\n<p>3 l\u2019\u00e9poque, le dipl\u00f4me \u00ab bac + 5 \u00bb n\u2019aurait pas \u00e9t\u00e9 requis pour le poste en question lors de son engagement.<\/p>\n<p>L\u2019employeur se base encore sur l\u2019annonce du 23 mars 2004 (pi\u00e8ce 4 de Ma\u00eetre Brice OLINGER), suite \u00e0 laquelle A avait postul\u00e9, ainsi que sur le rapport de la Commission des Normes de la Caisse Nationale de Sant\u00e9, aux termes desq uels la carri\u00e8re de r\u00e9f\u00e9rence pour la d\u00e9termination du co\u00fbt salarial lors des n\u00e9gociations budg\u00e9taires pour la cellule qualit\u00e9, aurait \u00e9t\u00e9 la carri\u00e8re CA9, respectivement CS9, ce qui ressortirait de l\u2019annexe 5 de la nouvelle Convention collective (pi\u00e8ce 6 de Ma\u00eetre Brice OLINGER, sous \u00ab Annexe 5 \u00bb de la Convention collective).<\/p>\n<p>Plus pr\u00e9cis\u00e9ment, il ressortirait de la version coordonn\u00e9e de la Convention collective du 24 juillet 2019, que la carri\u00e8re EA5.0 pour laquelle A avait \u00e9t\u00e9 engag\u00e9, correspondrait \u00e0 l\u2019actuel grade CA9 (pi\u00e8ce 6, de Ma\u00eetre Brice OLINGER, sous \u00ab Annexe 5 \u00bb de la Convention collective, avant-dernier alin\u00e9a).<\/p>\n<p>Par jugement contradictoire du 10 juillet 2020, le tribunal du travail a d\u00e9clar\u00e9 non fond\u00e9es, la demande en reclassification de la carri\u00e8re de A , ainsi que la demande sur base de l\u2019article 240 du Nouveau Code de proc\u00e9dure civile et condamn\u00e9 A aux frais et d\u00e9pens de l\u2019instance.<\/p>\n<p>Pour statuer ainsi, le tribunal du travail s\u2019est bas\u00e9 sur le contrat de travail conclu entre parties, (pi\u00e8ce 1 de Ma\u00eetre Brice OLINGER, article 4 du contrat de travail), qui pr\u00e9voyait que A \u00e9tait r\u00e9mun\u00e9r\u00e9 selon la carri\u00e8re EA5.0, correspondant \u00e0 la carri\u00e8re d\u2019employ\u00e9 administratif universitaire, conform\u00e9ment \u00e0 la Convention collective applicable, pour retenir que la fonction pour laquelle il avait accept\u00e9 d\u2019\u00eatre engag\u00e9, ne n\u00e9cessitait pas un dipl\u00f4me \u00ab bac + 5 \u00bb.<\/p>\n<p>Le tribunal du travail s\u2019est encore r\u00e9f\u00e9r\u00e9 \u00e0 l\u2019article 15 de la Convention collective aux termes duquel \u00ab les salari\u00e9s seront class\u00e9s dans la grille des carri\u00e8res suivant le dipl\u00f4me requis pour le poste de travail. Ainsi, l\u2019employeur conserve toute facult\u00e9 d\u2019engager un salari\u00e9, d\u00e9tenteur d\u2019un certificat ou dipl\u00f4me d\u00e9termin\u00e9, sur un poste de travail correspondant \u00e0 une carri\u00e8re diff\u00e9rente de celle de son dipl\u00f4me (\u2026). Le contrat de travail ou l\u2019avenant au contrat de travail font foi en ce qui concerne la carri\u00e8re \u00e0 consid\u00e9rer \u00bb (pi\u00e8ce 5 de Ma\u00eetre Brice OLINGER, page 30, sous 15A, Grille des carri\u00e8res).<\/p>\n<p>Le tribunal du travail s\u2019est finalement bas\u00e9 sur l\u2019annexe 5 de la Convention collective, d\u2019apr\u00e8s laquelle les anciennes carri\u00e8res class\u00e9es EA5.0, carri\u00e8re dans laquelle A avait \u00e9t\u00e9 engag\u00e9, correspondraient actuellement \u00e0 la carri\u00e8re CA9.<\/p>\n<p>Consid\u00e9rant que la fonction effectivement exerc\u00e9e par A correspondrait au niveau \u00ab bac +3 \u00bb et qu\u2019il resterait en d\u00e9faut d\u2019\u00e9tablir que ce travail requ\u00e9rait un dipl\u00f4me<\/p>\n<p>4 \u00ab bac +5 \u00bb, le tribunal du travail a d\u00e9clar\u00e9 non fond\u00e9e, sa demande en reclassification.<\/p>\n<p>Par acte d\u2019huissier du 7 septembre 2020, A a r\u00e9guli\u00e8rement interjet\u00e9 appel de ce jugement qui lui avait \u00e9t\u00e9 notifi\u00e9 le 15 juillet 2020.<\/p>\n<p>L\u2019appelant demande \u00e0 la Cour, par r\u00e9formation, de d\u00e9clarer fond\u00e9e la demande en reclassification de sa carri\u00e8re, de condamner l\u2019intim\u00e9 \u00e0 le classer r\u00e9troactivement en carri\u00e8re CA10 \u00e0 la date du 1 er octobre 2017, sinon \u00e0 toute autre date \u00e0 d\u00e9terminer et d\u2019assortir cette condamnation d\u2019une astreinte de 1.000 euros par jour de retard, \u00e0 compter du 41 \u00e8me jour qui suit la signification de l\u2019arr\u00eat.<\/p>\n<p>Il demande encore la condamnation de l\u2019intim\u00e9 \u00e0 tous les frais et d\u00e9pens des deux instances, ainsi qu\u2019au paiement d\u2019une indemnit\u00e9 de proc\u00e9dure de 5.000 euros sur base de l\u2019article 240 du Nouveau Code de proc\u00e9dure civile.<\/p>\n<p>A l\u2019appui de ses pr\u00e9tentions, l\u2019appelant soutient que le tribunal du travail s\u2019est uniquement bas\u00e9 sur l\u2019annonce \u00e0 laquelle A aurait r\u00e9pondu et d\u2019apr\u00e8s laquelle un profil \u00ab bac + 3 \u00bb \u00e9tait recherch\u00e9, pour en arriver \u00e0 la conclusion que la fonction pour laquelle il avait \u00e9t\u00e9 engag\u00e9e en 2004 ne n\u00e9cessiterait pas un dipl\u00f4me \u00ab bac + 5 \u00bb.<\/p>\n<p>Il reproche au tribunal du travail d\u2019avoir \u00ab pris un raccourci \u00bb pour statuer, au lieu d\u2019ordonner les mesures d\u2019instruction pr\u00e9vues aux articles 348 et 349 du Nouveau Code de proc\u00e9dure civil afin de d\u00e9terminer la fonction r\u00e9ellement exerc\u00e9e par l\u2019appelant.<\/p>\n<p>L\u2019intim\u00e9 conclut au d\u00e9bout\u00e9 de toutes les demandes de l\u2019appelant, dont il requiert la condamnation au paiement d\u2019une indemnit\u00e9 de proc\u00e9dure de 2.500 euros pour l\u2019instance d\u2019appel, ainsi qu\u2019\u00e0 tous les frais et d\u00e9pens de l\u2019instance.<\/p>\n<p>Il rappelle que l\u2019appelant a \u00e9t\u00e9 engag\u00e9 pour un poste pour lequel un dipl\u00f4me \u00ab bac + 3 \u00bb ou une autre formation et exp\u00e9rience reconnue \u00e9quivalente \u00e9tait requise et cite l\u2019article 15A) de la Convention collective, ainsi que l\u2019article 4 du contrat de travail d\u2019apr\u00e8s lequel le traitement convenu est celui relatif \u00e0 la carri\u00e8re anciennement intitul\u00e9e EA5.0, (carri\u00e8re de l\u2019employ\u00e9 administratif universitaire), actuellement la carri\u00e8re CA9, respectivement CS9, conform\u00e9ment \u00e0 la Convention collective dans sa version coordonn\u00e9e du 24 juillet 2019.<\/p>\n<p>5 Par ailleurs, les t\u00e2ches effectu\u00e9es par l\u2019appelant n\u2019auraient pas requis un dipl\u00f4me universitaire \u00ab bac +5 \u00bb et ne correspondraient pas \u00e0 celle du responsable de la communication, class\u00e9e dans la carri\u00e8re CA10.<\/p>\n<p>Appr\u00e9ciation de la Cour<\/p>\n<p>Aux termes de l\u2019article L.121-1 du Code du travail, la base de la relation de travail est un contrat de louage de service vis\u00e9 par l\u2019article 1779 du Code civil et partant soumis au droit g\u00e9n\u00e9ral des obligations, dont notamment l\u2019article 1134 du Code civil qui dispose en son alin\u00e9a 1 er que les conventions l\u00e9galement form\u00e9es tiennent lieu de loi \u00e0 ceux qui les ont faites.<\/p>\n<p>En l\u2019esp\u00e8ce, il ressort tant de l\u2019annonce de vacance de poste (pi\u00e8ce 4 de Ma\u00eetre Brice OLINGER, sous le paragraphe intitul\u00e9 \u00ab Profil \u00bb), que de l\u2019article 4, alin\u00e9a 2), du contrat de travail conclu entre les parties (pi\u00e8ce 2 de Ma\u00eetre Brice OLINGER) qui stipule que \u00ab La r\u00e9mun\u00e9ration convenue avec le salari\u00e9 est celle relative \u00e0 la carri\u00e8re EA5.0 (carri\u00e8re de l\u2019employ\u00e9 administratif universitaire)\u2026 \u00bb, que l\u2019appelant a \u00e9t\u00e9 engag\u00e9 pour un poste de niveau \u00ab bac+3 \u00bb, correspondant \u00e0 la carri\u00e8re EA5.0 d\u2019apr\u00e8s le chapitre 2 du texte coordonn\u00e9 du 31 janvier 2002 de la Convention collective de travail des salari\u00e9s occup\u00e9s dans les h\u00f4pitaux luxembourgeois.<\/p>\n<p>L\u2019article 15A de cette Convention collective stipule que : \u00ab Les salari\u00e9s seront class\u00e9s dans la grille des carri\u00e8res suivant le dipl\u00f4me requis pour le poste de travail. Ainsi, l\u2019employeur conserve toute facult\u00e9 d\u2019engager un salari\u00e9, d\u00e9tenteur d\u2019un certificat ou dipl\u00f4me d\u00e9termin\u00e9, sur un poste de carri\u00e8re correspondant \u00e0 une carri\u00e8re diff\u00e9rente de son dipl\u00f4me \u00bb (pi\u00e8ce 5, de Ma\u00eetre Brice OLINGER, cit\u00e9e supra.).<\/p>\n<p>D\u2019apr\u00e8s l\u2019annexe 5, intitul\u00e9e \u00ab Grille des classifications \u00bb, du texte coordonn\u00e9 au 24 juillet 2019 de cette Convention collective, les grades des carri\u00e8res CA9\/CS9 correspondent aux anciennes carri\u00e8res class\u00e9es EA5.0, intitul\u00e9es \u00ab Salari\u00e9s avec Bachelor \u00bb (pi\u00e8ce 6 de Ma\u00eetre Brice OLINGER, page 64).<\/p>\n<p>Lors de la conclusion du contrat de travail, les parties avaient d\u00e8s lors parfaitement connaissance de l\u2019\u00e9tendue des obligations r\u00e9ciproques qui en d\u00e9coulaient, la seule modification subs\u00e9quente des codes des carri\u00e8res telle que d\u00e9taill\u00e9e ci avant, n\u2019impactant pas la qualification requise pour l\u2019emploi en cause et partant, les obligations des parties en cause.<\/p>\n<p>6 C\u2019est d\u00e8s lors \u00e0 bon droit que le tribunal du travail a retenu que la fonction pour laquelle A avait accept\u00e9 d\u2019\u00eatre engag\u00e9 par le SOC 1) , ne n\u00e9cessitait pas un dipl\u00f4me de niveau \u00ab bac + 5 \u00bb.<\/p>\n<p>Les articles 348 et 349 du Nouveau Code de proc\u00e9dure civile disposent respectivement que \u00ab Les faits dont d\u00e9pend la solution du litige peuvent \u00e0 la demande des parties ou d\u2019office, \u00eatre l\u2019objet de toute mesure d\u2019instruction l\u00e9galement admissible \u00bb et que \u00ab Les mesures d\u2019instruction peuvent \u00eatre ordonn\u00e9es en tout \u00e9tat de cause, d\u00e8s lors que le juge ne dispose pas d\u2019\u00e9l\u00e9ments suffisants pour statuer \u00bb.<\/p>\n<p>L\u2019appelant soutient qu\u2019il aurait incomb\u00e9 au tribunal du travail d\u2019ordonner des mesures d\u2019instruction \u00ab pour obtenir des pr\u00e9cisions quant \u00e0 la fonction r\u00e9ellement exerc\u00e9e par l\u2019appelant \u00bb.<\/p>\n<p>A la lecture du descriptif du profil requis pour le poste \u00e0 pourvoir, du contrat de travail du 7 mai 2004, (pi\u00e8ces 1 et 4 de Ma\u00eetre Brice OLINGER), ainsi que des comp\u00e9tences dont il est affirm\u00e9 qu\u2019elles seraient n\u00e9cessaires pour l\u2019accomplissement des t\u00e2ches d\u00e9coulant du poste en cause, (pi\u00e8ce 4 de Ma\u00eetre Yves WAGENER quant aux formations suivies par l\u2019appelant), la Cour retient que, faute d\u2019\u00e9l\u00e9ments probants, le descriptif des t\u00e2ches fourni par l\u2019appelant est insuffisant pour en d\u00e9duire la n\u00e9cessit\u00e9 d\u2019un niveau de formation \u00ab bac +5 \u00bb pour leur accomplissement.<\/p>\n<p>La critique de l\u2019appelant envers le tribunal du travail quant au refus d\u2019ordonner des mesures d\u2019instructions suppl\u00e9mentaires, n\u2019est ainsi pas fond\u00e9e.<\/p>\n<p>La classification de carri\u00e8re retenue \u00e0 bon droit par le tribunal du travail \u00e9tant le grade CA9, les conclusions de l\u2019appelant quant \u00e0 des pertes de salaire all\u00e9gu\u00e9es, fond\u00e9es sur le grade de carri\u00e8re CA10 revendiqu\u00e9 \u00e0 tort, sont d\u00e9pourvues de pertinence.<\/p>\n<p>En cons\u00e9quence, le jugement du tribunal du travail est \u00e0 confirmer dans son int\u00e9gralit\u00e9.<\/p>\n<p>Comme l\u2019appelant succombe \u00e0 l\u2019instance et devra supporter la charge des d\u00e9pens, il y lieu de le d\u00e9bouter de sa demande en obtention d\u2019une indemnit\u00e9 de proc\u00e9dure pour l\u2019instance d\u2019appel.<\/p>\n<p>Faute par l\u2019intim\u00e9 de justifier de l\u2019iniquit\u00e9 requise par l\u2019article 240 du Nouveau Code de proc\u00e9dure civile, il convient de rejeter la demande en obtention d\u2019une indemnit\u00e9 pour l\u2019instance d\u2019appel.<\/p>\n<p>7 PAR CES MOTIFS :<\/p>\n<p>la Cour d\u2019appel, troisi\u00e8me chambre, si\u00e9geant en mati\u00e8re de droit du travail, statuant contradictoirement,<\/p>\n<p>d\u00e9clare l\u2019appel recevable,<\/p>\n<p>le dit non fond\u00e9,<\/p>\n<p>confirme le jugement entrepris,<\/p>\n<p>dit non fond\u00e9es les demandes de A et du SOC 1) (SOC 1)), sur base de l\u2019article 240 du Nouveau Code de proc\u00e9dure civile,<\/p>\n<p>condamne A aux frais et d\u00e9pens de l\u2019instance d\u2019appel avec distraction \u00e0 Ma\u00eetre Brice OLINGER sur ses affirmations de droit.<\/p>\n<p>La lecture du pr\u00e9sent arr\u00eat a \u00e9t\u00e9 faite en la susdite audience publique par Monsieur le pr\u00e9sident de chambre Alain THORN, en pr\u00e9sence du greffier Isabelle HIPPERT.<\/p>\n<\/div>\n<hr class=\"kji-sep\" \/>\n<p class=\"kji-source-links\"><strong>Sources officielles :<\/strong> <a class=\"kji-source-link\" href=\"https:\/\/data.public.lu\/fr\/datasets\/cour-superieure-de-justice-chambre-3\/\" target=\"_blank\" rel=\"noopener noreferrer\">consulter la page source<\/a> &middot; <a class=\"kji-pdf-link\" href=\"https:\/\/download.data.public.lu\/resources\/cour-superieure-de-justice-chambre-3\/20240827-154351\/20210603-cal-2020-01000-56-arret-a-accessible.pdf\" target=\"_blank\" rel=\"noopener noreferrer\">PDF officiel<\/a><\/p>\n<p class=\"kji-license-note\"><em>Licence CC BY-ND 4.0 (Administration judiciaire, data.public.lu). Republication autorisee avec attribution, sans modification editoriale du texte integral.<\/em><\/p>\n<\/div>\n","protected":false},"excerpt":{"rendered":"<p>Arr\u00eat N\u00b0 56\/21 &#8211; III \u2013 TRAV Exempt &#8211; appel en mati\u00e8re de droit du travail. Audience publique du trois juin deux mille vingt-et-un. Num\u00e9ro CAL-2020-01000 du r\u00f4le Composition: Alain THORN, pr\u00e9sident de chambre, Carole KERSCHEN, premier conseiller, Paul VOUEL, conseiller, Isabelle HIPPERT, greffier. Entre\u2026<\/p>\n","protected":false},"featured_media":0,"template":"","meta":{"_crdt_document":""},"kji_country":[8418],"kji_court":[12305],"kji_chamber":[15890],"kji_year":[36297],"kji_subject":[7724],"kji_keyword":[8683,9055,12307],"kji_language":[7733],"class_list":["post-687471","kji_decision","type-kji_decision","status-publish","hentry","kji_country-luxembourg","kji_court-cour-superieure-de-justice","kji_chamber-chambre-3","kji_year-36297","kji_subject-civil","kji_keyword-arret","kji_keyword-justice","kji_keyword-superieure","kji_language-francais"],"yoast_head":"<!-- This site is optimized with the Yoast SEO Premium plugin v27.5 (Yoast SEO v27.5) - https:\/\/yoast.com\/product\/yoast-seo-premium-wordpress\/ -->\n<title>Cour sup\u00e9rieure de justice, 3 juin 2021, n\u00b0 2020-01000 - Ma\u00eetre Hassan Kohen, avocat en droit p\u00e9nal \u00e0 Paris<\/title>\n<meta name=\"robots\" content=\"index, follow, max-snippet:-1, max-image-preview:large, max-video-preview:-1\" \/>\n<link rel=\"canonical\" href=\"https:\/\/kohenavocats.com\/zh-hans\/jurisprudences\/cour-superieure-de-justice-3-juin-2021-n-2020-01000\/\" \/>\n<meta property=\"og:locale\" content=\"zh_CN\" \/>\n<meta property=\"og:type\" content=\"article\" \/>\n<meta property=\"og:title\" content=\"Cour sup\u00e9rieure de justice, 3 juin 2021, n\u00b0 2020-01000\" \/>\n<meta property=\"og:description\" content=\"Arr\u00eat N\u00b0 56\/21 - III \u2013 TRAV Exempt - appel en mati\u00e8re de droit du travail. Audience publique du trois juin deux mille vingt-et-un. Num\u00e9ro CAL-2020-01000 du r\u00f4le Composition: Alain THORN, pr\u00e9sident de chambre, Carole KERSCHEN, premier conseiller, Paul VOUEL, conseiller, Isabelle HIPPERT, greffier. Entre\u2026\" \/>\n<meta property=\"og:url\" content=\"https:\/\/kohenavocats.com\/zh-hans\/jurisprudences\/cour-superieure-de-justice-3-juin-2021-n-2020-01000\/\" \/>\n<meta property=\"og:site_name\" content=\"Ma\u00eetre Hassan Kohen, avocat en droit p\u00e9nal \u00e0 Paris\" \/>\n<meta property=\"article:modified_time\" content=\"2026-04-25T21:14:20+00:00\" \/>\n<meta name=\"twitter:card\" content=\"summary_large_image\" \/>\n<meta name=\"twitter:label1\" content=\"\u9884\u8ba1\u9605\u8bfb\u65f6\u95f4\" \/>\n\t<meta name=\"twitter:data1\" content=\"12 \u5206\" \/>\n<script type=\"application\/ld+json\" class=\"yoast-schema-graph\">{\"@context\":\"https:\\\/\\\/schema.org\",\"@graph\":[{\"@type\":\"WebPage\",\"@id\":\"https:\\\/\\\/kohenavocats.com\\\/zh-hans\\\/jurisprudences\\\/cour-superieure-de-justice-3-juin-2021-n-2020-01000\\\/\",\"url\":\"https:\\\/\\\/kohenavocats.com\\\/zh-hans\\\/jurisprudences\\\/cour-superieure-de-justice-3-juin-2021-n-2020-01000\\\/\",\"name\":\"Cour sup\u00e9rieure de justice, 3 juin 2021, n\u00b0 2020-01000 - Ma\u00eetre Hassan Kohen, avocat en droit p\u00e9nal \u00e0 Paris\",\"isPartOf\":{\"@id\":\"https:\\\/\\\/kohenavocats.com\\\/zh-hans\\\/#website\"},\"datePublished\":\"2026-04-25T21:14:16+00:00\",\"dateModified\":\"2026-04-25T21:14:20+00:00\",\"breadcrumb\":{\"@id\":\"https:\\\/\\\/kohenavocats.com\\\/zh-hans\\\/jurisprudences\\\/cour-superieure-de-justice-3-juin-2021-n-2020-01000\\\/#breadcrumb\"},\"inLanguage\":\"zh-Hans\",\"potentialAction\":[{\"@type\":\"ReadAction\",\"target\":[\"https:\\\/\\\/kohenavocats.com\\\/zh-hans\\\/jurisprudences\\\/cour-superieure-de-justice-3-juin-2021-n-2020-01000\\\/\"]}]},{\"@type\":\"BreadcrumbList\",\"@id\":\"https:\\\/\\\/kohenavocats.com\\\/zh-hans\\\/jurisprudences\\\/cour-superieure-de-justice-3-juin-2021-n-2020-01000\\\/#breadcrumb\",\"itemListElement\":[{\"@type\":\"ListItem\",\"position\":1,\"name\":\"Home\",\"item\":\"https:\\\/\\\/kohenavocats.com\\\/zh-hans\\\/\"},{\"@type\":\"ListItem\",\"position\":2,\"name\":\"Jurisprudences\",\"item\":\"https:\\\/\\\/kohenavocats.com\\\/zh-hans\\\/jurisprudences\\\/\"},{\"@type\":\"ListItem\",\"position\":3,\"name\":\"Cour sup\u00e9rieure de justice, 3 juin 2021, n\u00b0 2020-01000\"}]},{\"@type\":\"WebSite\",\"@id\":\"https:\\\/\\\/kohenavocats.com\\\/zh-hans\\\/#website\",\"url\":\"https:\\\/\\\/kohenavocats.com\\\/zh-hans\\\/\",\"name\":\"Kohen Avocats\",\"description\":\"Ma\u00eetre Hassan Kohen, avocat p\u00e9naliste \u00e0 Paris, intervient exclusivement en droit p\u00e9nal pour la d\u00e9fense des particuliers, notamment en mati\u00e8re d\u2019accusations de viol. Il assure un accompagnement rigoureux d\u00e8s la garde \u00e0 vue jusqu\u2019\u00e0 la Cour d\u2019assises, veillant au strict respect des garanties proc\u00e9durales.\",\"publisher\":{\"@id\":\"https:\\\/\\\/kohenavocats.com\\\/zh-hans\\\/#organization\"},\"potentialAction\":[{\"@type\":\"SearchAction\",\"target\":{\"@type\":\"EntryPoint\",\"urlTemplate\":\"https:\\\/\\\/kohenavocats.com\\\/zh-hans\\\/?s={search_term_string}\"},\"query-input\":{\"@type\":\"PropertyValueSpecification\",\"valueRequired\":true,\"valueName\":\"search_term_string\"}}],\"inLanguage\":\"zh-Hans\"},{\"@type\":\"Organization\",\"@id\":\"https:\\\/\\\/kohenavocats.com\\\/zh-hans\\\/#organization\",\"name\":\"Kohen Avocats\",\"url\":\"https:\\\/\\\/kohenavocats.com\\\/zh-hans\\\/\",\"logo\":{\"@type\":\"ImageObject\",\"inLanguage\":\"zh-Hans\",\"@id\":\"https:\\\/\\\/kohenavocats.com\\\/zh-hans\\\/#\\\/schema\\\/logo\\\/image\\\/\",\"url\":\"https:\\\/\\\/kohenavocats.com\\\/wp-content\\\/uploads\\\/2026\\\/01\\\/Logo-2-1.webp\",\"contentUrl\":\"https:\\\/\\\/kohenavocats.com\\\/wp-content\\\/uploads\\\/2026\\\/01\\\/Logo-2-1.webp\",\"width\":2114,\"height\":1253,\"caption\":\"Kohen Avocats\"},\"image\":{\"@id\":\"https:\\\/\\\/kohenavocats.com\\\/zh-hans\\\/#\\\/schema\\\/logo\\\/image\\\/\"}}]}<\/script>\n<!-- \/ Yoast SEO Premium plugin. -->","yoast_head_json":{"title":"Cour sup\u00e9rieure de justice, 3 juin 2021, n\u00b0 2020-01000 - Ma\u00eetre Hassan Kohen, avocat en droit p\u00e9nal \u00e0 Paris","robots":{"index":"index","follow":"follow","max-snippet":"max-snippet:-1","max-image-preview":"max-image-preview:large","max-video-preview":"max-video-preview:-1"},"canonical":"https:\/\/kohenavocats.com\/zh-hans\/jurisprudences\/cour-superieure-de-justice-3-juin-2021-n-2020-01000\/","og_locale":"zh_CN","og_type":"article","og_title":"Cour sup\u00e9rieure de justice, 3 juin 2021, n\u00b0 2020-01000","og_description":"Arr\u00eat N\u00b0 56\/21 - III \u2013 TRAV Exempt - appel en mati\u00e8re de droit du travail. Audience publique du trois juin deux mille vingt-et-un. Num\u00e9ro CAL-2020-01000 du r\u00f4le Composition: Alain THORN, pr\u00e9sident de chambre, Carole KERSCHEN, premier conseiller, Paul VOUEL, conseiller, Isabelle HIPPERT, greffier. Entre\u2026","og_url":"https:\/\/kohenavocats.com\/zh-hans\/jurisprudences\/cour-superieure-de-justice-3-juin-2021-n-2020-01000\/","og_site_name":"Ma\u00eetre Hassan Kohen, avocat en droit p\u00e9nal \u00e0 Paris","article_modified_time":"2026-04-25T21:14:20+00:00","twitter_card":"summary_large_image","twitter_misc":{"\u9884\u8ba1\u9605\u8bfb\u65f6\u95f4":"12 \u5206"},"schema":{"@context":"https:\/\/schema.org","@graph":[{"@type":"WebPage","@id":"https:\/\/kohenavocats.com\/zh-hans\/jurisprudences\/cour-superieure-de-justice-3-juin-2021-n-2020-01000\/","url":"https:\/\/kohenavocats.com\/zh-hans\/jurisprudences\/cour-superieure-de-justice-3-juin-2021-n-2020-01000\/","name":"Cour sup\u00e9rieure de justice, 3 juin 2021, n\u00b0 2020-01000 - Ma\u00eetre Hassan Kohen, avocat en droit p\u00e9nal \u00e0 Paris","isPartOf":{"@id":"https:\/\/kohenavocats.com\/zh-hans\/#website"},"datePublished":"2026-04-25T21:14:16+00:00","dateModified":"2026-04-25T21:14:20+00:00","breadcrumb":{"@id":"https:\/\/kohenavocats.com\/zh-hans\/jurisprudences\/cour-superieure-de-justice-3-juin-2021-n-2020-01000\/#breadcrumb"},"inLanguage":"zh-Hans","potentialAction":[{"@type":"ReadAction","target":["https:\/\/kohenavocats.com\/zh-hans\/jurisprudences\/cour-superieure-de-justice-3-juin-2021-n-2020-01000\/"]}]},{"@type":"BreadcrumbList","@id":"https:\/\/kohenavocats.com\/zh-hans\/jurisprudences\/cour-superieure-de-justice-3-juin-2021-n-2020-01000\/#breadcrumb","itemListElement":[{"@type":"ListItem","position":1,"name":"Home","item":"https:\/\/kohenavocats.com\/zh-hans\/"},{"@type":"ListItem","position":2,"name":"Jurisprudences","item":"https:\/\/kohenavocats.com\/zh-hans\/jurisprudences\/"},{"@type":"ListItem","position":3,"name":"Cour sup\u00e9rieure de justice, 3 juin 2021, n\u00b0 2020-01000"}]},{"@type":"WebSite","@id":"https:\/\/kohenavocats.com\/zh-hans\/#website","url":"https:\/\/kohenavocats.com\/zh-hans\/","name":"Kohen Avocats","description":"Ma\u00eetre Hassan Kohen, avocat p\u00e9naliste \u00e0 Paris, intervient exclusivement en droit p\u00e9nal pour la d\u00e9fense des particuliers, notamment en mati\u00e8re d\u2019accusations de viol. Il assure un accompagnement rigoureux d\u00e8s la garde \u00e0 vue jusqu\u2019\u00e0 la Cour d\u2019assises, veillant au strict respect des garanties proc\u00e9durales.","publisher":{"@id":"https:\/\/kohenavocats.com\/zh-hans\/#organization"},"potentialAction":[{"@type":"SearchAction","target":{"@type":"EntryPoint","urlTemplate":"https:\/\/kohenavocats.com\/zh-hans\/?s={search_term_string}"},"query-input":{"@type":"PropertyValueSpecification","valueRequired":true,"valueName":"search_term_string"}}],"inLanguage":"zh-Hans"},{"@type":"Organization","@id":"https:\/\/kohenavocats.com\/zh-hans\/#organization","name":"Kohen Avocats","url":"https:\/\/kohenavocats.com\/zh-hans\/","logo":{"@type":"ImageObject","inLanguage":"zh-Hans","@id":"https:\/\/kohenavocats.com\/zh-hans\/#\/schema\/logo\/image\/","url":"https:\/\/kohenavocats.com\/wp-content\/uploads\/2026\/01\/Logo-2-1.webp","contentUrl":"https:\/\/kohenavocats.com\/wp-content\/uploads\/2026\/01\/Logo-2-1.webp","width":2114,"height":1253,"caption":"Kohen Avocats"},"image":{"@id":"https:\/\/kohenavocats.com\/zh-hans\/#\/schema\/logo\/image\/"}}]}},"jetpack_likes_enabled":false,"jetpack_sharing_enabled":true,"_links":{"self":[{"href":"https:\/\/kohenavocats.com\/zh-hans\/wp-json\/wp\/v2\/kji_decision\/687471","targetHints":{"allow":["GET"]}}],"collection":[{"href":"https:\/\/kohenavocats.com\/zh-hans\/wp-json\/wp\/v2\/kji_decision"}],"about":[{"href":"https:\/\/kohenavocats.com\/zh-hans\/wp-json\/wp\/v2\/types\/kji_decision"}],"wp:attachment":[{"href":"https:\/\/kohenavocats.com\/zh-hans\/wp-json\/wp\/v2\/media?parent=687471"}],"wp:term":[{"taxonomy":"kji_country","embeddable":true,"href":"https:\/\/kohenavocats.com\/zh-hans\/wp-json\/wp\/v2\/kji_country?post=687471"},{"taxonomy":"kji_court","embeddable":true,"href":"https:\/\/kohenavocats.com\/zh-hans\/wp-json\/wp\/v2\/kji_court?post=687471"},{"taxonomy":"kji_chamber","embeddable":true,"href":"https:\/\/kohenavocats.com\/zh-hans\/wp-json\/wp\/v2\/kji_chamber?post=687471"},{"taxonomy":"kji_year","embeddable":true,"href":"https:\/\/kohenavocats.com\/zh-hans\/wp-json\/wp\/v2\/kji_year?post=687471"},{"taxonomy":"kji_subject","embeddable":true,"href":"https:\/\/kohenavocats.com\/zh-hans\/wp-json\/wp\/v2\/kji_subject?post=687471"},{"taxonomy":"kji_keyword","embeddable":true,"href":"https:\/\/kohenavocats.com\/zh-hans\/wp-json\/wp\/v2\/kji_keyword?post=687471"},{"taxonomy":"kji_language","embeddable":true,"href":"https:\/\/kohenavocats.com\/zh-hans\/wp-json\/wp\/v2\/kji_language?post=687471"}],"curies":[{"name":"wp","href":"https:\/\/api.w.org\/{rel}","templated":true}]}}