{"id":746550,"date":"2026-04-29T06:55:53","date_gmt":"2026-04-29T04:55:53","guid":{"rendered":"https:\/\/kohenavocats.com\/jurisprudences\/cour-superieure-de-justice-11-juin-2020\/"},"modified":"2026-04-29T06:55:56","modified_gmt":"2026-04-29T04:55:56","slug":"cour-superieure-de-justice-11-juin-2020","status":"publish","type":"kji_decision","link":"https:\/\/kohenavocats.com\/zh-hans\/jurisprudences\/cour-superieure-de-justice-11-juin-2020\/","title":{"rendered":"Cour sup\u00e9rieure de justice, 11 juin 2020"},"content":{"rendered":"<div class=\"kji-decision\">\n<div class=\"kji-full-text\">\n<p>Arr\u00eat n\u00b0 597\/ 20 Ch.c.C. du 11 juin 2020. (Not.: 2531\/18\/XD)<\/p>\n<p>La chambre du conseil de la Cour d&#039;appel du Grand -Duch\u00e9 de Luxembourg a rendu le onze juin deux mille vingt l&#039;arr\u00eat qui suit:<\/p>\n<p>Vu l&#039;ordonnance n\u00b0 A13 not. 2531\/18\/XD rendue 15 avril 2020 par un juge d\u2019instruction pr\u00e8s le tribunal d&#039;arrondissement de Diekirch ;<\/p>\n<p>Vu l&#039;appel relev\u00e9 de cette ordonnance le 22 avril 2020 par d\u00e9claration re\u00e7ue au greffe du tribunal d\u2019arrondissement de Diekirch par Ma\u00eetre Daniel CRAVATTE, avocat \u00e0 la Cour, au nom et p our le compte de<\/p>\n<p>la soci\u00e9t\u00e9 SOC1) Ltd., soci\u00e9t\u00e9 de droit chypriote (private limited company), \u00e9tablie et ayant son si\u00e8ge social \u00e0 CY-(\u2026), repr\u00e9sent\u00e9e par son Directeur actuellement en fonctions,<\/p>\n<p>Vu le r\u00e8glement grand-ducal modifi\u00e9 du 25 mars 2020 portant suspension des d\u00e9lais en mati\u00e8re juridictionnelle et adaptation temporaire de certaines autres modalit\u00e9s proc\u00e9durales ;<\/p>\n<p>Vu les conclusions \u00e9crites du Minist\u00e8re public ;<\/p>\n<p>Apr\u00e8s avoir d\u00e9lib\u00e9r\u00e9 conform\u00e9ment \u00e0 la loi;<\/p>\n<p>LA CHAMBRE DU CONSEIL DE LA COUR D&#039;APPEL :<\/p>\n<p>Par d\u00e9claration du 22 avril 2020 au greffe du tribunal d\u2019arrondissement de et \u00e0 Diekirch, la soci\u00e9t\u00e9 SOC1) Ltd a fait relever appel de l\u2019ordonnance de cl\u00f4ture rendue le 15 avril 2020 par un juge d\u2019instruction pr\u00e8s le tribunal d\u2019arrondissement de et \u00e0 Diekirch.<\/p>\n<p>L&#039;ordonnance entreprise aux termes de laquelle ce magistrat a cl\u00f4tur\u00e9 l\u2019information ouverte suite \u00e0 la plainte avec constitution de partie civile d\u00e9pos\u00e9e le 22 mai 2018 par la soci\u00e9t\u00e9 SOC1) et au r\u00e9quisitoire du Minist\u00e8re public du 12 f\u00e9vrier 2019, et communiqu\u00e9 le dossier au procureur d&#039;Etat pour \u00ab par lui \u00eatre requis ce qui appartiendra \u00bb est jointe au pr\u00e9sent arr\u00eat.<\/p>\n<p>Si les ordonnances \u00e0 caract\u00e8re juridictionnel peuvent \u00eatre entreprises par la voie de l\u2019appel, tel n\u2019est pas le cas pour les ordonnances d\u2019administration judiciaire.<\/p>\n<p>En cl\u00f4turant l\u2019information par lui ouverte, d\u00e9cidant ainsi de ne plus poser, de son initiative, d\u2019autres actes d\u2019instruction dans le cadre de l\u2019affaire dont il a \u00e9t\u00e9 saisi, et en communiquant le dossier au procureur d&#039;Etat afin que celui-ci puisse conclure notamment au r\u00e8glement de l\u2019affaire par la chambre du conseil, le juge d&#039;instruction n\u2019a pas statu\u00e9 sur une pr\u00e9tention \u00e9mise devant lui par une des parties en cause et n\u2019a d\u00e8s lors pas rendu une d\u00e9cision \u00e0 caract\u00e8re juridictionnel susceptible d\u2019\u00eatre attaqu\u00e9e de la part de la partie civile par la voie d\u2019appel.<\/p>\n<p>L\u2019appel relev\u00e9 par la soci\u00e9t\u00e9 SOC1) Ltd en date du 22 avril 2020 est partant irrecevable.<\/p>\n<p>P A R C E S M O T I F S<\/p>\n<p>d i t l\u2019appel de la soci\u00e9t\u00e9 SOC1) Ltd irrecevable;<\/p>\n<p>c o n d a m n e la soci\u00e9t\u00e9 SOC1) Ltd aux frais de l&#039;instance d&#039;appel, liquid\u00e9s \u00e0 14.20 euros, y non compris les frais de notification du pr\u00e9sent arr\u00eat .<\/p>\n<p>Ainsi fait et jug\u00e9 par la chambre du conseil de la Cour d&#039;appel du Grand- Duch\u00e9 de Luxembourg \u00e0 Luxembourg, Cit\u00e9 Judiciaire, Plateau du St. Esprit, o\u00f9 \u00e9taient pr\u00e9sents:<\/p>\n<p>Christiane JUNCK, pr\u00e9sident de chambre, Fran\u00e7oise ROSEN, conseiller, Marc WAGNER, conseiller,<\/p>\n<p>qui ont sign\u00e9 le pr\u00e9sent arr\u00eat avec le greffier assum\u00e9 Jo\u00eblle SCHAEFER.<\/p>\n<\/div>\n<hr class=\"kji-sep\" \/>\n<p class=\"kji-source-links\"><strong>Sources officielles :<\/strong> <a class=\"kji-source-link\" href=\"https:\/\/data.public.lu\/fr\/datasets\/cour-superieure-de-justice-chambre-du-conseil\/\" target=\"_blank\" rel=\"noopener noreferrer\">consulter la page source<\/a> &middot; <a class=\"kji-pdf-link\" href=\"https:\/\/download.data.public.lu\/resources\/cour-superieure-de-justice-chambre-du-conseil\/20240808-132228\/20200611-cachaco-597a-accessible.pdf\" target=\"_blank\" rel=\"noopener noreferrer\">PDF officiel<\/a><\/p>\n<p class=\"kji-license-note\"><em>Licence CC BY-ND 4.0 (Administration judiciaire, data.public.lu). Republication autorisee avec attribution, sans modification editoriale du texte integral.<\/em><\/p>\n<\/div>\n","protected":false},"excerpt":{"rendered":"<p>Arr\u00eat n\u00b0 597\/ 20 Ch.c.C. du 11 juin 2020. (Not.: 2531\/18\/XD) La chambre du conseil de la Cour d&#8217;appel du Grand -Duch\u00e9 de Luxembourg a rendu le onze juin deux mille vingt l&#8217;arr\u00eat qui suit: Vu l&#8217;ordonnance n\u00b0 A13 not. 2531\/18\/XD rendue 15 avril 2020\u2026<\/p>\n","protected":false},"featured_media":0,"template":"","meta":{"_crdt_document":""},"kji_country":[8418],"kji_court":[12305],"kji_chamber":[23318],"kji_year":[41198],"kji_subject":[7724],"kji_keyword":[8683,9055,12307],"kji_language":[7733],"class_list":["post-746550","kji_decision","type-kji_decision","status-publish","hentry","kji_country-luxembourg","kji_court-cour-superieure-de-justice","kji_chamber-chambre-du-conseil","kji_year-41198","kji_subject-civil","kji_keyword-arret","kji_keyword-justice","kji_keyword-superieure","kji_language-francais"],"yoast_head":"<!-- This site is optimized with the Yoast SEO Premium plugin v27.5 (Yoast SEO v27.5) - https:\/\/yoast.com\/product\/yoast-seo-premium-wordpress\/ -->\n<title>Cour sup\u00e9rieure de justice, 11 juin 2020 - Ma\u00eetre Hassan Kohen, avocat en droit p\u00e9nal \u00e0 Paris<\/title>\n<meta name=\"robots\" content=\"index, follow, max-snippet:-1, max-image-preview:large, max-video-preview:-1\" \/>\n<link rel=\"canonical\" href=\"https:\/\/kohenavocats.com\/zh-hans\/jurisprudences\/cour-superieure-de-justice-11-juin-2020\/\" \/>\n<meta property=\"og:locale\" content=\"zh_CN\" \/>\n<meta property=\"og:type\" content=\"article\" \/>\n<meta property=\"og:title\" content=\"Cour sup\u00e9rieure de justice, 11 juin 2020\" \/>\n<meta property=\"og:description\" content=\"Arr\u00eat n\u00b0 597\/ 20 Ch.c.C. du 11 juin 2020. (Not.: 2531\/18\/XD) La chambre du conseil de la Cour d&#039;appel du Grand -Duch\u00e9 de Luxembourg a rendu le onze juin deux mille vingt l&#039;arr\u00eat qui suit: Vu l&#039;ordonnance n\u00b0 A13 not. 2531\/18\/XD rendue 15 avril 2020\u2026\" \/>\n<meta property=\"og:url\" content=\"https:\/\/kohenavocats.com\/zh-hans\/jurisprudences\/cour-superieure-de-justice-11-juin-2020\/\" \/>\n<meta property=\"og:site_name\" content=\"Ma\u00eetre Hassan Kohen, avocat en droit p\u00e9nal \u00e0 Paris\" \/>\n<meta property=\"article:modified_time\" content=\"2026-04-29T04:55:56+00:00\" \/>\n<meta name=\"twitter:card\" content=\"summary_large_image\" \/>\n<meta name=\"twitter:label1\" content=\"\u9884\u8ba1\u9605\u8bfb\u65f6\u95f4\" \/>\n\t<meta name=\"twitter:data1\" content=\"3 \u5206\" \/>\n<script type=\"application\/ld+json\" class=\"yoast-schema-graph\">{\"@context\":\"https:\\\/\\\/schema.org\",\"@graph\":[{\"@type\":\"WebPage\",\"@id\":\"https:\\\/\\\/kohenavocats.com\\\/zh-hans\\\/jurisprudences\\\/cour-superieure-de-justice-11-juin-2020\\\/\",\"url\":\"https:\\\/\\\/kohenavocats.com\\\/zh-hans\\\/jurisprudences\\\/cour-superieure-de-justice-11-juin-2020\\\/\",\"name\":\"Cour sup\u00e9rieure de justice, 11 juin 2020 - Ma\u00eetre Hassan Kohen, avocat en droit p\u00e9nal \u00e0 Paris\",\"isPartOf\":{\"@id\":\"https:\\\/\\\/kohenavocats.com\\\/zh-hans\\\/#website\"},\"datePublished\":\"2026-04-29T04:55:53+00:00\",\"dateModified\":\"2026-04-29T04:55:56+00:00\",\"breadcrumb\":{\"@id\":\"https:\\\/\\\/kohenavocats.com\\\/zh-hans\\\/jurisprudences\\\/cour-superieure-de-justice-11-juin-2020\\\/#breadcrumb\"},\"inLanguage\":\"zh-Hans\",\"potentialAction\":[{\"@type\":\"ReadAction\",\"target\":[\"https:\\\/\\\/kohenavocats.com\\\/zh-hans\\\/jurisprudences\\\/cour-superieure-de-justice-11-juin-2020\\\/\"]}]},{\"@type\":\"BreadcrumbList\",\"@id\":\"https:\\\/\\\/kohenavocats.com\\\/zh-hans\\\/jurisprudences\\\/cour-superieure-de-justice-11-juin-2020\\\/#breadcrumb\",\"itemListElement\":[{\"@type\":\"ListItem\",\"position\":1,\"name\":\"Home\",\"item\":\"https:\\\/\\\/kohenavocats.com\\\/zh-hans\\\/\"},{\"@type\":\"ListItem\",\"position\":2,\"name\":\"Jurisprudences\",\"item\":\"https:\\\/\\\/kohenavocats.com\\\/zh-hans\\\/jurisprudences\\\/\"},{\"@type\":\"ListItem\",\"position\":3,\"name\":\"Cour sup\u00e9rieure de justice, 11 juin 2020\"}]},{\"@type\":\"WebSite\",\"@id\":\"https:\\\/\\\/kohenavocats.com\\\/zh-hans\\\/#website\",\"url\":\"https:\\\/\\\/kohenavocats.com\\\/zh-hans\\\/\",\"name\":\"Kohen Avocats\",\"description\":\"Ma\u00eetre Hassan Kohen, avocat p\u00e9naliste \u00e0 Paris, intervient exclusivement en droit p\u00e9nal pour la d\u00e9fense des particuliers, notamment en mati\u00e8re d\u2019accusations de viol. Il assure un accompagnement rigoureux d\u00e8s la garde \u00e0 vue jusqu\u2019\u00e0 la Cour d\u2019assises, veillant au strict respect des garanties proc\u00e9durales.\",\"publisher\":{\"@id\":\"https:\\\/\\\/kohenavocats.com\\\/zh-hans\\\/#organization\"},\"potentialAction\":[{\"@type\":\"SearchAction\",\"target\":{\"@type\":\"EntryPoint\",\"urlTemplate\":\"https:\\\/\\\/kohenavocats.com\\\/zh-hans\\\/?s={search_term_string}\"},\"query-input\":{\"@type\":\"PropertyValueSpecification\",\"valueRequired\":true,\"valueName\":\"search_term_string\"}}],\"inLanguage\":\"zh-Hans\"},{\"@type\":\"Organization\",\"@id\":\"https:\\\/\\\/kohenavocats.com\\\/zh-hans\\\/#organization\",\"name\":\"Kohen Avocats\",\"url\":\"https:\\\/\\\/kohenavocats.com\\\/zh-hans\\\/\",\"logo\":{\"@type\":\"ImageObject\",\"inLanguage\":\"zh-Hans\",\"@id\":\"https:\\\/\\\/kohenavocats.com\\\/zh-hans\\\/#\\\/schema\\\/logo\\\/image\\\/\",\"url\":\"https:\\\/\\\/kohenavocats.com\\\/wp-content\\\/uploads\\\/2026\\\/01\\\/Logo-2-1.webp\",\"contentUrl\":\"https:\\\/\\\/kohenavocats.com\\\/wp-content\\\/uploads\\\/2026\\\/01\\\/Logo-2-1.webp\",\"width\":2114,\"height\":1253,\"caption\":\"Kohen Avocats\"},\"image\":{\"@id\":\"https:\\\/\\\/kohenavocats.com\\\/zh-hans\\\/#\\\/schema\\\/logo\\\/image\\\/\"}}]}<\/script>\n<!-- \/ Yoast SEO Premium plugin. -->","yoast_head_json":{"title":"Cour sup\u00e9rieure de justice, 11 juin 2020 - Ma\u00eetre Hassan Kohen, avocat en droit p\u00e9nal \u00e0 Paris","robots":{"index":"index","follow":"follow","max-snippet":"max-snippet:-1","max-image-preview":"max-image-preview:large","max-video-preview":"max-video-preview:-1"},"canonical":"https:\/\/kohenavocats.com\/zh-hans\/jurisprudences\/cour-superieure-de-justice-11-juin-2020\/","og_locale":"zh_CN","og_type":"article","og_title":"Cour sup\u00e9rieure de justice, 11 juin 2020","og_description":"Arr\u00eat n\u00b0 597\/ 20 Ch.c.C. du 11 juin 2020. (Not.: 2531\/18\/XD) La chambre du conseil de la Cour d'appel du Grand -Duch\u00e9 de Luxembourg a rendu le onze juin deux mille vingt l'arr\u00eat qui suit: Vu l'ordonnance n\u00b0 A13 not. 2531\/18\/XD rendue 15 avril 2020\u2026","og_url":"https:\/\/kohenavocats.com\/zh-hans\/jurisprudences\/cour-superieure-de-justice-11-juin-2020\/","og_site_name":"Ma\u00eetre Hassan Kohen, avocat en droit p\u00e9nal \u00e0 Paris","article_modified_time":"2026-04-29T04:55:56+00:00","twitter_card":"summary_large_image","twitter_misc":{"\u9884\u8ba1\u9605\u8bfb\u65f6\u95f4":"3 \u5206"},"schema":{"@context":"https:\/\/schema.org","@graph":[{"@type":"WebPage","@id":"https:\/\/kohenavocats.com\/zh-hans\/jurisprudences\/cour-superieure-de-justice-11-juin-2020\/","url":"https:\/\/kohenavocats.com\/zh-hans\/jurisprudences\/cour-superieure-de-justice-11-juin-2020\/","name":"Cour sup\u00e9rieure de justice, 11 juin 2020 - Ma\u00eetre Hassan Kohen, avocat en droit p\u00e9nal \u00e0 Paris","isPartOf":{"@id":"https:\/\/kohenavocats.com\/zh-hans\/#website"},"datePublished":"2026-04-29T04:55:53+00:00","dateModified":"2026-04-29T04:55:56+00:00","breadcrumb":{"@id":"https:\/\/kohenavocats.com\/zh-hans\/jurisprudences\/cour-superieure-de-justice-11-juin-2020\/#breadcrumb"},"inLanguage":"zh-Hans","potentialAction":[{"@type":"ReadAction","target":["https:\/\/kohenavocats.com\/zh-hans\/jurisprudences\/cour-superieure-de-justice-11-juin-2020\/"]}]},{"@type":"BreadcrumbList","@id":"https:\/\/kohenavocats.com\/zh-hans\/jurisprudences\/cour-superieure-de-justice-11-juin-2020\/#breadcrumb","itemListElement":[{"@type":"ListItem","position":1,"name":"Home","item":"https:\/\/kohenavocats.com\/zh-hans\/"},{"@type":"ListItem","position":2,"name":"Jurisprudences","item":"https:\/\/kohenavocats.com\/zh-hans\/jurisprudences\/"},{"@type":"ListItem","position":3,"name":"Cour sup\u00e9rieure de justice, 11 juin 2020"}]},{"@type":"WebSite","@id":"https:\/\/kohenavocats.com\/zh-hans\/#website","url":"https:\/\/kohenavocats.com\/zh-hans\/","name":"Kohen Avocats","description":"Ma\u00eetre Hassan Kohen, avocat p\u00e9naliste \u00e0 Paris, intervient exclusivement en droit p\u00e9nal pour la d\u00e9fense des particuliers, notamment en mati\u00e8re d\u2019accusations de viol. Il assure un accompagnement rigoureux d\u00e8s la garde \u00e0 vue jusqu\u2019\u00e0 la Cour d\u2019assises, veillant au strict respect des garanties proc\u00e9durales.","publisher":{"@id":"https:\/\/kohenavocats.com\/zh-hans\/#organization"},"potentialAction":[{"@type":"SearchAction","target":{"@type":"EntryPoint","urlTemplate":"https:\/\/kohenavocats.com\/zh-hans\/?s={search_term_string}"},"query-input":{"@type":"PropertyValueSpecification","valueRequired":true,"valueName":"search_term_string"}}],"inLanguage":"zh-Hans"},{"@type":"Organization","@id":"https:\/\/kohenavocats.com\/zh-hans\/#organization","name":"Kohen Avocats","url":"https:\/\/kohenavocats.com\/zh-hans\/","logo":{"@type":"ImageObject","inLanguage":"zh-Hans","@id":"https:\/\/kohenavocats.com\/zh-hans\/#\/schema\/logo\/image\/","url":"https:\/\/kohenavocats.com\/wp-content\/uploads\/2026\/01\/Logo-2-1.webp","contentUrl":"https:\/\/kohenavocats.com\/wp-content\/uploads\/2026\/01\/Logo-2-1.webp","width":2114,"height":1253,"caption":"Kohen Avocats"},"image":{"@id":"https:\/\/kohenavocats.com\/zh-hans\/#\/schema\/logo\/image\/"}}]}},"jetpack_likes_enabled":false,"jetpack_sharing_enabled":true,"_links":{"self":[{"href":"https:\/\/kohenavocats.com\/zh-hans\/wp-json\/wp\/v2\/kji_decision\/746550","targetHints":{"allow":["GET"]}}],"collection":[{"href":"https:\/\/kohenavocats.com\/zh-hans\/wp-json\/wp\/v2\/kji_decision"}],"about":[{"href":"https:\/\/kohenavocats.com\/zh-hans\/wp-json\/wp\/v2\/types\/kji_decision"}],"wp:attachment":[{"href":"https:\/\/kohenavocats.com\/zh-hans\/wp-json\/wp\/v2\/media?parent=746550"}],"wp:term":[{"taxonomy":"kji_country","embeddable":true,"href":"https:\/\/kohenavocats.com\/zh-hans\/wp-json\/wp\/v2\/kji_country?post=746550"},{"taxonomy":"kji_court","embeddable":true,"href":"https:\/\/kohenavocats.com\/zh-hans\/wp-json\/wp\/v2\/kji_court?post=746550"},{"taxonomy":"kji_chamber","embeddable":true,"href":"https:\/\/kohenavocats.com\/zh-hans\/wp-json\/wp\/v2\/kji_chamber?post=746550"},{"taxonomy":"kji_year","embeddable":true,"href":"https:\/\/kohenavocats.com\/zh-hans\/wp-json\/wp\/v2\/kji_year?post=746550"},{"taxonomy":"kji_subject","embeddable":true,"href":"https:\/\/kohenavocats.com\/zh-hans\/wp-json\/wp\/v2\/kji_subject?post=746550"},{"taxonomy":"kji_keyword","embeddable":true,"href":"https:\/\/kohenavocats.com\/zh-hans\/wp-json\/wp\/v2\/kji_keyword?post=746550"},{"taxonomy":"kji_language","embeddable":true,"href":"https:\/\/kohenavocats.com\/zh-hans\/wp-json\/wp\/v2\/kji_language?post=746550"}],"curies":[{"name":"wp","href":"https:\/\/api.w.org\/{rel}","templated":true}]}}