{"id":748011,"date":"2026-04-29T08:40:51","date_gmt":"2026-04-29T06:40:51","guid":{"rendered":"https:\/\/kohenavocats.com\/jurisprudences\/cour-superieure-de-justice-8-mai-2020\/"},"modified":"2026-04-29T08:40:54","modified_gmt":"2026-04-29T06:40:54","slug":"cour-superieure-de-justice-8-mai-2020","status":"publish","type":"kji_decision","link":"https:\/\/kohenavocats.com\/zh-hans\/jurisprudences\/cour-superieure-de-justice-8-mai-2020\/","title":{"rendered":"Cour sup\u00e9rieure de justice, 8 mai 2020"},"content":{"rendered":"<div class=\"kji-decision\">\n<div class=\"kji-full-text\">\n<p>Arr\u00eat n\u00b0 479\/20 Ch.c.C. du 8 mai 2020. (Not.: 27432\/17\/CD)<\/p>\n<p>La chambre du conseil de la Cour d&#039;appel du Grand-Duch\u00e9 de Luxembourg a rendu le huit mai deux mille vingt l&#039;arr\u00eat qui suit:<\/p>\n<p>Vu les pi\u00e8ces de la proc\u00e9dure instruite \u00e0 charge de<\/p>\n<p>PERSONNE1.), n\u00e9e le (&#8230;) \u00e0 (&#8230;) (P), demeurant \u00e0 L-(&#8230;),<\/p>\n<p>actuellement sous contr\u00f4le judiciaire.<\/p>\n<p>Vu l&#039;ordonnance n\u00b0 2469\/19 rendue le 18 d\u00e9cembre 2019 par la chambre du conseil du tribunal d&#039;arrondissement de Luxembourg ;<\/p>\n<p>Vu l&#039;appel relev\u00e9 de cette ordonnance le 15 janvier 2020 par d\u00e9claration du mandataire de PERSONNE1.) re\u00e7ue au greffe du tribunal d\u2019arrondissement de et \u00e0 Luxembourg ;<\/p>\n<p>Vu les informations du 27 f\u00e9vrier 2020 donn\u00e9es par lettres recommand\u00e9es \u00e0 la poste \u00e0 PERSONNE1.) et \u00e0 son conseil pour la s\u00e9ance du lundi, 23 mars 2020, l\u2019affaire ayant \u00e9t\u00e9 d\u00e9command\u00e9e.<\/p>\n<p>Vu le r\u00e8glement grand -ducal modifi\u00e9 du 25 mars 2020 portant suspension des d\u00e9lais en mati\u00e8re juridictionnelle et adaptation temporaire de certaines autres modalit\u00e9s proc\u00e9durales ;<\/p>\n<p>Vu les conclusions \u00e9crites du Minist\u00e8re public ;<\/p>\n<p>Vu le m\u00e9moire de Ma\u00eetre AVOCAT1.), avocat \u00e0 la Cour, demeurant \u00e0 (&#8230;), mandataire de PERSONNE1.) ;<\/p>\n<p>Apr\u00e8s avoir d\u00e9lib\u00e9r\u00e9 conform\u00e9ment \u00e0 la loi;<\/p>\n<p>LA CHAMBRE DU CONSEIL DE LA COUR D&#039;APPEL :<\/p>\n<p>Par d\u00e9claration du 15 janvier 2020 au greffe du tribunal d\u2019arrondissement de et \u00e0 Luxembourg, PERSONNE1.) a r\u00e9guli\u00e8rement fait relever appel de l\u2019ordonnance n\u00b02469\/19 rendue le 18 d\u00e9cembre 2019 par la chambre du conseil du susdit tribunal, lui notifi\u00e9e le 13 janvier 2020.<\/p>\n<p>L\u2019ordonnance entreprise, qui a renvoy\u00e9 l\u2019inculp\u00e9e devant une chambre criminelle du tribunal d\u2019arrondissement de Luxembourg du chef d\u2019infractions<\/p>\n<p>aux articles 398, 401bis, alin\u00e9as 1 er et 3 et 409 du Code p\u00e9nal, est jointe au pr\u00e9sent arr\u00eat.<\/p>\n<p>L\u2019appelante demande principalement l\u2019annulation de l\u2019ordonnance d\u00e9f\u00e9r\u00e9e pour privation de la possibilit\u00e9 de faire valoir ses droits par rapport \u00e0 une \u00e9ventuelle requalification. Elle conteste, pour chaque infraction lui reproch\u00e9e, l\u2019existence de charges suffisantes justifiant son renvoi devant les juges du fond. Elle conclut en cons\u00e9quence \u00e0 un non- lieu \u00e0 poursuite en sa faveur pour l\u2019ensemble des faits lui reproch\u00e9s, sinon pour chaque fait pris isol\u00e9ment. Elle estime qu\u2019aucun des faits lui imput\u00e9s n\u2019est susceptible d\u2019\u00eatre qualifi\u00e9 de crime et sollicite, avant tout renvoi, l\u2019inculpation des anciennes salari\u00e9es de la cr\u00e8che \u00ab ETABLISSEMENT1.) \u00bb et des personnes responsables au minist\u00e8re de l\u2019Education nationale, de l\u2019Enfance et de la Jeunesse pour l\u2019infraction de non- assistance \u00e0 personne en danger, ainsi qu\u2019une instruction compl\u00e9mentaire.<\/p>\n<p>Le Parquet g\u00e9n\u00e9ral requiert la confirmation de l\u2019ordonnance d\u00e9f\u00e9r\u00e9e.<\/p>\n<p>Dans son r\u00e9quisitoire du 12 juillet 2019, le procureur d\u2019Etat a demand\u00e9 le renvoi de l\u2019appelante devant une chambre correctionnelle du tribunal d\u2019arrondissement de Luxembourg sans faire \u00e9tat de circonstances pouvant permettre de retenir la qualification de crime pour l\u2019un des faits reproch\u00e9s \u00e0 l\u2019inculp\u00e9e.<\/p>\n<p>La chambre du conseil de premi\u00e8re instance a estim\u00e9, au vu de la gravit\u00e9 des blessures et de la dur\u00e9e du traitement m\u00e9dical de l\u2019enfant PERSONNE2.)., qu\u2019il existe des charges suffisantes permettant de croire que le fait de l\u2019inculp\u00e9e de priver l\u2019enfant PERSONNE2.) . d\u2019un traitement ad\u00e9quat des br\u00fblures accidentelles est \u00e0 l\u2019origine, au moins pour partie, de l\u2019incapacit\u00e9 de travail de presque trois mois dans le chef de celui-ci et a renvoy\u00e9 l\u2019inculp\u00e9e pour ce fait sous un nouveau point libell\u00e9 par elle.<\/p>\n<p>Consid\u00e9rant, en application de l\u2019article 401bis, alin\u00e9as 1 er et 3, du Code p\u00e9nal, aux termes desquels les coups et blessures port\u00e9s \u00e0 un enfant de moins de quatorze ans accomplis par une personne ayant autorit\u00e9 sur l\u2019enfant et ayant entra\u00een\u00e9 une maladie ou incapacit\u00e9 de travail personnel dans le chef de l\u2019enfant sont punis de la r\u00e9clusion de cinq \u00e0 dix ans, que le fait reproch\u00e9 \u00e0 PERSONNE1.) commis \u00e0 l\u2019\u00e9gard de l\u2019enfant PERSONNE2.). constitue un crime et qu\u2019il n\u2019y a pas lieu de faire b\u00e9n\u00e9ficier l\u2019inculp\u00e9e de circonstances att\u00e9nuantes \u00e0 ce stade de la proc\u00e9dure, la juridiction d\u2019instruction de premi\u00e8re instance a renvoy\u00e9 celle- ci devant une chambre criminelle du tribunal d\u2019arrondissement de Luxembourg.<\/p>\n<p>L\u2019appelante reproche \u00e0 la chambre du conseil du tribunal d\u2019avoir proc\u00e9d\u00e9 \u00e0 une requalification des faits sans l\u2019avoir inform\u00e9e au pr\u00e9alable de cette requalification envisag\u00e9e, donc une violation du principe du contradictoire.<\/p>\n<p>L\u2019article 127, paragraphe (7), du Code de proc\u00e9dure p\u00e9nale, qui pr\u00e9voit que l\u2019inculp\u00e9, la partie civile et leurs avocats peuvent fournir tels m\u00e9moires et faire telles r\u00e9quisitions \u00e9crites qu\u2019ils jugent convenables dans le cadre de la proc\u00e9dure de r\u00e8glement, n\u2019organise pas pour autant un d\u00e9bat contradictoire des charges d\u00e9gag\u00e9es au cours de l\u2019information \u00e0 ce stade de la proc\u00e9dure.<\/p>\n<p>La chambre du conseil, saisi in rem , a le devoir et le droit de requalifier les faits lui soumis sans \u00eatre tenue par la qualification donn\u00e9e aux faits par le procureur d\u2019Etat. Elle ne peut cependant ordonner le renvoi d\u2019un inculp\u00e9 pour d\u2019autres faits que ceux pour lesquels elle a \u00e9t\u00e9 saisie.<\/p>\n<p>En l\u2019occurrence, l\u2019appelante a \u00e9t\u00e9 inculp\u00e9e d\u2019infractions \u00e0 l\u2019article 401bis, alin\u00e9as 1 er et 3 du Code p\u00e9nal. Elle a \u00e9t\u00e9 entendue express\u00e9ment par le juge d\u2019instruction sur les reproches concernant les blessures subies par l\u2019enfant PERSONNE2.). et le d\u00e9faut d\u2019un traitement ad\u00e9quat.<\/p>\n<p>La juridiction d\u2019instruction de premi\u00e8re instance, en rajoutant au r\u00e9quisitoire du procureur d\u2019Etat une circonstance aggravante, a modifi\u00e9 la nature de l\u2019infraction. En basant sa d\u00e9cision sur des faits d\u00e9gag\u00e9s par l\u2019instruction men\u00e9e en cause, figurant au dossier r\u00e9pressif et discut\u00e9s devant le magistrat instructeur (cf. CEDH, Arr\u00eat Penev c. Bulga rie, \u00a7 41, qui pr\u00e9cise que \u00ab la question de savoir si les \u00e9l\u00e9ments de l\u2019infraction requalifi\u00e9e ont \u00e9t\u00e9 d\u00e9battus pendant la proc\u00e9dure est une autre consid\u00e9ration \u00e0 retenir \u00bb), elle n\u2019a pas viol\u00e9 les droits de la d\u00e9fense de l\u2019appelante, une requalification de l\u2019infraction pouvant \u00eatre consid\u00e9r\u00e9e comme suffisamment pr\u00e9visible pour l\u2019inculp\u00e9 si elle porte sur un \u00e9l\u00e9ment intrins\u00e8que \u00e0 l\u2019accusation (cf. CEDH, Arr\u00eat De Salvador Torres c. Espagne, \u00a7 33 ; Sadak et autres c. Turquie (n\u00b0 1), \u00a7\u00a7 52 et 56 ; Juha Nuutinen c. Finlande, \u00a7 32).<\/p>\n<p>Il \u00e9tait loisible \u00e0 l\u2019inculp\u00e9e de prendre position, dans son m\u00e9moire adress\u00e9e \u00e0 la chambre du conseil du tribunal, sur les reproches formul\u00e9s en rapport avec ces blessures et sur les cons\u00e9quences proc\u00e9durales \u00e9ventuelles de l\u2019incapacit\u00e9 de travail subi.<\/p>\n<p>Un changement de la qualification des faits ou de la nature de l\u2019infraction ne deviendrait pour le surplus incompatible avec l\u2019article 6, paragraphes 1 er et 3, de la Convention europ\u00e9enne des droits de l\u2019homme que si ce changement entra\u00eenait d\u2019ores et d\u00e9j\u00e0 une atteinte irr\u00e9m\u00e9diable aux droits de la d\u00e9fense qui ne pourrait plus \u00eatre redress\u00e9e lors de la proc\u00e9dure contradictoire ult\u00e9rieure.<\/p>\n<p>En effet, le principe du contradictoire, dans l\u2019interpr\u00e9tation donn\u00e9e par la Cour europ\u00e9enne des droits de l\u2019homme \u00e0 l\u2019article 6 de la Convention europ\u00e9enne, s\u2019applique \u00e0 une proc\u00e9dure dans son ensemble. C\u2019est donc essentiellement \u00e0 l\u2019issue de la proc\u00e9dure que peut \u00eatre examin\u00e9 si le contradictoire a \u00e9t\u00e9 respect\u00e9.<\/p>\n<p>Or, la qualification retenue par la juridiction d\u2019instruction est provisoire et pourra, dans le respect des droits de la d\u00e9fense, \u00eatre discut\u00e9e devant les juges du fond et modifi\u00e9e par ceux-ci.<\/p>\n<p>Il suit des d\u00e9veloppements qui pr\u00e9c\u00e8dent que l\u2019ordonnance d\u00e9f\u00e9r\u00e9e n\u2019est pas \u00e0 annuler pour les motifs invoqu\u00e9s par l\u2019appelante.<\/p>\n<p>Les juridictions d\u2019instruction appel\u00e9es \u00e0 statuer sur les charges ont pour seule mission de se demander si les \u00e9l\u00e9ments du dossier constituant les charges sont suffisants pour op\u00e9rer le renvoi et saisir les juges du fond ; ceux &#8211; ci ont la mission d\u2019en appr\u00e9cier la port\u00e9e avec pour obligation de r\u00e9pondre \u00e0 la question de savoir s&#039;ils font preuve de l\u2019infraction et, en cons\u00e9quence, de statuer sur la culpabilit\u00e9 en acquittant ou en condamnant.<\/p>\n<p>Eu \u00e9gard aux d\u00e9clarations concordantes d\u2019anciennes salari\u00e9es de la cr\u00e8che et de celles de parents d\u2019enfants (tous nomm\u00e9ment cit\u00e9s \u00e0 l\u2019ordonnance d\u00e9f\u00e9r\u00e9e), faisant \u00e9tat du comportement violent et agressif de l\u2019inculp\u00e9e, de blessures et de changement de comportement des enfants, aux certificats<\/p>\n<p>m\u00e9dicaux et photos relatives aux blessures d\u2019enfants, la chambre du conseil du tribunal a relev\u00e9 \u00e0 juste titre que l\u2019instruction men\u00e9e en cause a r\u00e9v\u00e9l\u00e9 de charges suffisantes de culpabilit\u00e9 permettant de croire que l\u2019inculp\u00e9e a commis les infractions de coups et blessures lui reproch\u00e9es.<\/p>\n<p>Les contestations soulev\u00e9es par l\u2019appelante et \u00e9nonc\u00e9es dans son m\u00e9moire d\u00e9passent le cadre de l\u2019examen de l\u2019affaire devant la juridiction d\u2019instruction. De m\u00eame, l\u2019appr\u00e9ciation de l\u2019existence ou non de l\u2019\u00e9l\u00e9ment moral d\u2019une infraction fait partie de l\u2019examen du fond de l\u2019affaire et \u00e9chappe en cons\u00e9quence aux attributions de la chambre du conseil charg\u00e9e de l\u2019examen du dossier en vue de la d\u00e9cision relative au r\u00e8glement de la proc\u00e9dure.<\/p>\n<p>Il appartient en effet \u00e0 la juridiction de jugement d\u2019appr\u00e9cier la force probante des diff\u00e9rents t\u00e9moignages sur base de tous les \u00e9l\u00e9ments du dossier \u00e0 discuter contradictoirement devant elle, en analysant les actes de l\u2019inculp\u00e9 pris dans leur ensemble. Un examen plus approfondi des \u00e9l\u00e9ments de la cause, \u00e9quivaudrait \u00e0 trancher le litige au fond et se situe au- del\u00e0 des attributions de la juridiction d\u2019instruction, appel\u00e9e \u00e0 r\u00e9gler la proc\u00e9dure lorsque l\u2019information est termin\u00e9e.<\/p>\n<p>C\u2019est encore par une motivation correcte et exhaustive qu\u2019il convient d\u2019approuver, que la chambre du conseil du tribunal a renvoy\u00e9 l\u2019inculp\u00e9e devant une chambre criminelle.<\/p>\n<p>Un inculp\u00e9 est sans qualit\u00e9 pour solliciter l\u2019inculpation d\u2019autres personnes.<\/p>\n<p>Si la chambre du conseil de la Cour peut, en vertu des pouvoirs propres lui conf\u00e9r\u00e9s par l\u2019article 134 du Code de proc\u00e9dure p\u00e9nale, ordonner tout acte d\u2019information compl\u00e9mentaire ou proc\u00e9der elle- m\u00eame \u00e0 une information compl\u00e9mentaire, et, sur base de l\u2019article 134- 1, paragraphe (3), du m\u00eame code, ordonner toute inculpation qu\u2019elle juge utile, il n\u2019y a cependant, en l\u2019esp\u00e8ce, pas lieu de proc\u00e9der \u00e0 un compl\u00e9ment d\u2019information, d\u2019ordonner \u00e0 ce stade l\u2019inculpation d\u2019autres personnes ou une confrontation entre les t\u00e9moins et l\u2019inculp\u00e9e.<\/p>\n<p>En effet, les mesures propos\u00e9es ne sont pas de nature \u00e0 faire dispara\u00eetre les nombreuses charges existant d\u2019ores et d\u00e9j\u00e0 \u00e0 l\u2019encontre de l\u2019inculp\u00e9e, qui n\u2019a d\u2019ailleurs pas sollicit\u00e9 devant le juge d\u2019instruction une confrontation avec les t\u00e9moins entendus au cours de l\u2019instruction.<\/p>\n<p>Il suit des d\u00e9veloppements qui pr\u00e9c\u00e8dent que l\u2019appel n\u2019est pas fond\u00e9.<\/p>\n<p>Il y a par cons\u00e9quent lieu de confirmer l\u2019ordonnance de renvoi entreprise.<\/p>\n<p>P A R C E S M O T I F S :<\/p>\n<p>d\u00e9clare l\u2019appel recevable,<\/p>\n<p>le dit non fond\u00e9,<\/p>\n<p>confirme l\u2019ordonnance entreprise,<\/p>\n<p>r\u00e9serve les frais de l\u2019instance d\u2019appel.<\/p>\n<p>Ainsi fait et jug\u00e9 par la chambre du conseil de la Cour d&#039;appel du Grand-Duch\u00e9 de Luxembourg \u00e0 Luxembourg, Cit\u00e9 Judiciaire, Plateau du St. Esprit, o\u00f9 \u00e9taient pr\u00e9sents:<\/p>\n<p>MAGISTRAT1.), pr\u00e9sident de chambre, MAGISTRAT2.), conseiller, MAGISTRAT3.), conseiller,<\/p>\n<p>qui ont sign\u00e9 le pr\u00e9sent arr\u00eat avec le greffier assum\u00e9 GREFFIER1.).<\/p>\n<\/div>\n<hr class=\"kji-sep\" \/>\n<p class=\"kji-source-links\"><strong>Sources officielles :<\/strong> <a class=\"kji-source-link\" href=\"https:\/\/data.public.lu\/fr\/datasets\/cour-superieure-de-justice-chambre-du-conseil\/\" target=\"_blank\" rel=\"noopener noreferrer\">consulter la page source<\/a> &middot; <a class=\"kji-pdf-link\" href=\"https:\/\/download.data.public.lu\/resources\/cour-superieure-de-justice-chambre-du-conseil\/20240808-132313\/20200508-cachaco-479-anonymise-accessible.pdf\" target=\"_blank\" rel=\"noopener noreferrer\">PDF officiel<\/a><\/p>\n<p class=\"kji-license-note\"><em>Licence CC BY-ND 4.0 (Administration judiciaire, data.public.lu). Republication autorisee avec attribution, sans modification editoriale du texte integral.<\/em><\/p>\n<\/div>\n","protected":false},"excerpt":{"rendered":"<p>Arr\u00eat n\u00b0 479\/20 Ch.c.C. du 8 mai 2020. (Not.: 27432\/17\/CD) La chambre du conseil de la Cour d&#8217;appel du Grand-Duch\u00e9 de Luxembourg a rendu le huit mai deux mille vingt l&#8217;arr\u00eat qui suit: Vu les pi\u00e8ces de la proc\u00e9dure instruite \u00e0 charge de PERSONNE1.), n\u00e9e\u2026<\/p>\n","protected":false},"featured_media":0,"template":"","meta":{"_crdt_document":""},"kji_country":[8418],"kji_court":[12305],"kji_chamber":[23318],"kji_year":[41198],"kji_subject":[7724],"kji_keyword":[8683,9055,12307],"kji_language":[7733],"class_list":["post-748011","kji_decision","type-kji_decision","status-publish","hentry","kji_country-luxembourg","kji_court-cour-superieure-de-justice","kji_chamber-chambre-du-conseil","kji_year-41198","kji_subject-civil","kji_keyword-arret","kji_keyword-justice","kji_keyword-superieure","kji_language-francais"],"yoast_head":"<!-- This site is optimized with the Yoast SEO Premium plugin v27.5 (Yoast SEO v27.5) - https:\/\/yoast.com\/product\/yoast-seo-premium-wordpress\/ -->\n<title>Cour sup\u00e9rieure de justice, 8 mai 2020 - Ma\u00eetre Hassan Kohen, avocat en droit p\u00e9nal \u00e0 Paris<\/title>\n<meta name=\"robots\" content=\"index, follow, max-snippet:-1, max-image-preview:large, max-video-preview:-1\" \/>\n<link rel=\"canonical\" href=\"https:\/\/kohenavocats.com\/zh-hans\/jurisprudences\/cour-superieure-de-justice-8-mai-2020\/\" \/>\n<meta property=\"og:locale\" content=\"zh_CN\" \/>\n<meta property=\"og:type\" content=\"article\" \/>\n<meta property=\"og:title\" content=\"Cour sup\u00e9rieure de justice, 8 mai 2020\" \/>\n<meta property=\"og:description\" content=\"Arr\u00eat n\u00b0 479\/20 Ch.c.C. du 8 mai 2020. (Not.: 27432\/17\/CD) La chambre du conseil de la Cour d&#039;appel du Grand-Duch\u00e9 de Luxembourg a rendu le huit mai deux mille vingt l&#039;arr\u00eat qui suit: Vu les pi\u00e8ces de la proc\u00e9dure instruite \u00e0 charge de PERSONNE1.), n\u00e9e\u2026\" \/>\n<meta property=\"og:url\" content=\"https:\/\/kohenavocats.com\/zh-hans\/jurisprudences\/cour-superieure-de-justice-8-mai-2020\/\" \/>\n<meta property=\"og:site_name\" content=\"Ma\u00eetre Hassan Kohen, avocat en droit p\u00e9nal \u00e0 Paris\" \/>\n<meta property=\"article:modified_time\" content=\"2026-04-29T06:40:54+00:00\" \/>\n<meta name=\"twitter:card\" content=\"summary_large_image\" \/>\n<meta name=\"twitter:label1\" content=\"\u9884\u8ba1\u9605\u8bfb\u65f6\u95f4\" \/>\n\t<meta name=\"twitter:data1\" content=\"10 \u5206\" \/>\n<script type=\"application\/ld+json\" class=\"yoast-schema-graph\">{\"@context\":\"https:\\\/\\\/schema.org\",\"@graph\":[{\"@type\":\"WebPage\",\"@id\":\"https:\\\/\\\/kohenavocats.com\\\/zh-hans\\\/jurisprudences\\\/cour-superieure-de-justice-8-mai-2020\\\/\",\"url\":\"https:\\\/\\\/kohenavocats.com\\\/zh-hans\\\/jurisprudences\\\/cour-superieure-de-justice-8-mai-2020\\\/\",\"name\":\"Cour sup\u00e9rieure de justice, 8 mai 2020 - Ma\u00eetre Hassan Kohen, avocat en droit p\u00e9nal \u00e0 Paris\",\"isPartOf\":{\"@id\":\"https:\\\/\\\/kohenavocats.com\\\/zh-hans\\\/#website\"},\"datePublished\":\"2026-04-29T06:40:51+00:00\",\"dateModified\":\"2026-04-29T06:40:54+00:00\",\"breadcrumb\":{\"@id\":\"https:\\\/\\\/kohenavocats.com\\\/zh-hans\\\/jurisprudences\\\/cour-superieure-de-justice-8-mai-2020\\\/#breadcrumb\"},\"inLanguage\":\"zh-Hans\",\"potentialAction\":[{\"@type\":\"ReadAction\",\"target\":[\"https:\\\/\\\/kohenavocats.com\\\/zh-hans\\\/jurisprudences\\\/cour-superieure-de-justice-8-mai-2020\\\/\"]}]},{\"@type\":\"BreadcrumbList\",\"@id\":\"https:\\\/\\\/kohenavocats.com\\\/zh-hans\\\/jurisprudences\\\/cour-superieure-de-justice-8-mai-2020\\\/#breadcrumb\",\"itemListElement\":[{\"@type\":\"ListItem\",\"position\":1,\"name\":\"Home\",\"item\":\"https:\\\/\\\/kohenavocats.com\\\/zh-hans\\\/\"},{\"@type\":\"ListItem\",\"position\":2,\"name\":\"Jurisprudences\",\"item\":\"https:\\\/\\\/kohenavocats.com\\\/zh-hans\\\/jurisprudences\\\/\"},{\"@type\":\"ListItem\",\"position\":3,\"name\":\"Cour sup\u00e9rieure de justice, 8 mai 2020\"}]},{\"@type\":\"WebSite\",\"@id\":\"https:\\\/\\\/kohenavocats.com\\\/zh-hans\\\/#website\",\"url\":\"https:\\\/\\\/kohenavocats.com\\\/zh-hans\\\/\",\"name\":\"Kohen Avocats\",\"description\":\"Ma\u00eetre Hassan Kohen, avocat p\u00e9naliste \u00e0 Paris, intervient exclusivement en droit p\u00e9nal pour la d\u00e9fense des particuliers, notamment en mati\u00e8re d\u2019accusations de viol. Il assure un accompagnement rigoureux d\u00e8s la garde \u00e0 vue jusqu\u2019\u00e0 la Cour d\u2019assises, veillant au strict respect des garanties proc\u00e9durales.\",\"publisher\":{\"@id\":\"https:\\\/\\\/kohenavocats.com\\\/zh-hans\\\/#organization\"},\"potentialAction\":[{\"@type\":\"SearchAction\",\"target\":{\"@type\":\"EntryPoint\",\"urlTemplate\":\"https:\\\/\\\/kohenavocats.com\\\/zh-hans\\\/?s={search_term_string}\"},\"query-input\":{\"@type\":\"PropertyValueSpecification\",\"valueRequired\":true,\"valueName\":\"search_term_string\"}}],\"inLanguage\":\"zh-Hans\"},{\"@type\":\"Organization\",\"@id\":\"https:\\\/\\\/kohenavocats.com\\\/zh-hans\\\/#organization\",\"name\":\"Kohen Avocats\",\"url\":\"https:\\\/\\\/kohenavocats.com\\\/zh-hans\\\/\",\"logo\":{\"@type\":\"ImageObject\",\"inLanguage\":\"zh-Hans\",\"@id\":\"https:\\\/\\\/kohenavocats.com\\\/zh-hans\\\/#\\\/schema\\\/logo\\\/image\\\/\",\"url\":\"https:\\\/\\\/kohenavocats.com\\\/wp-content\\\/uploads\\\/2026\\\/01\\\/Logo-2-1.webp\",\"contentUrl\":\"https:\\\/\\\/kohenavocats.com\\\/wp-content\\\/uploads\\\/2026\\\/01\\\/Logo-2-1.webp\",\"width\":2114,\"height\":1253,\"caption\":\"Kohen Avocats\"},\"image\":{\"@id\":\"https:\\\/\\\/kohenavocats.com\\\/zh-hans\\\/#\\\/schema\\\/logo\\\/image\\\/\"}}]}<\/script>\n<!-- \/ Yoast SEO Premium plugin. -->","yoast_head_json":{"title":"Cour sup\u00e9rieure de justice, 8 mai 2020 - Ma\u00eetre Hassan Kohen, avocat en droit p\u00e9nal \u00e0 Paris","robots":{"index":"index","follow":"follow","max-snippet":"max-snippet:-1","max-image-preview":"max-image-preview:large","max-video-preview":"max-video-preview:-1"},"canonical":"https:\/\/kohenavocats.com\/zh-hans\/jurisprudences\/cour-superieure-de-justice-8-mai-2020\/","og_locale":"zh_CN","og_type":"article","og_title":"Cour sup\u00e9rieure de justice, 8 mai 2020","og_description":"Arr\u00eat n\u00b0 479\/20 Ch.c.C. du 8 mai 2020. (Not.: 27432\/17\/CD) La chambre du conseil de la Cour d'appel du Grand-Duch\u00e9 de Luxembourg a rendu le huit mai deux mille vingt l'arr\u00eat qui suit: Vu les pi\u00e8ces de la proc\u00e9dure instruite \u00e0 charge de PERSONNE1.), n\u00e9e\u2026","og_url":"https:\/\/kohenavocats.com\/zh-hans\/jurisprudences\/cour-superieure-de-justice-8-mai-2020\/","og_site_name":"Ma\u00eetre Hassan Kohen, avocat en droit p\u00e9nal \u00e0 Paris","article_modified_time":"2026-04-29T06:40:54+00:00","twitter_card":"summary_large_image","twitter_misc":{"\u9884\u8ba1\u9605\u8bfb\u65f6\u95f4":"10 \u5206"},"schema":{"@context":"https:\/\/schema.org","@graph":[{"@type":"WebPage","@id":"https:\/\/kohenavocats.com\/zh-hans\/jurisprudences\/cour-superieure-de-justice-8-mai-2020\/","url":"https:\/\/kohenavocats.com\/zh-hans\/jurisprudences\/cour-superieure-de-justice-8-mai-2020\/","name":"Cour sup\u00e9rieure de justice, 8 mai 2020 - Ma\u00eetre Hassan Kohen, avocat en droit p\u00e9nal \u00e0 Paris","isPartOf":{"@id":"https:\/\/kohenavocats.com\/zh-hans\/#website"},"datePublished":"2026-04-29T06:40:51+00:00","dateModified":"2026-04-29T06:40:54+00:00","breadcrumb":{"@id":"https:\/\/kohenavocats.com\/zh-hans\/jurisprudences\/cour-superieure-de-justice-8-mai-2020\/#breadcrumb"},"inLanguage":"zh-Hans","potentialAction":[{"@type":"ReadAction","target":["https:\/\/kohenavocats.com\/zh-hans\/jurisprudences\/cour-superieure-de-justice-8-mai-2020\/"]}]},{"@type":"BreadcrumbList","@id":"https:\/\/kohenavocats.com\/zh-hans\/jurisprudences\/cour-superieure-de-justice-8-mai-2020\/#breadcrumb","itemListElement":[{"@type":"ListItem","position":1,"name":"Home","item":"https:\/\/kohenavocats.com\/zh-hans\/"},{"@type":"ListItem","position":2,"name":"Jurisprudences","item":"https:\/\/kohenavocats.com\/zh-hans\/jurisprudences\/"},{"@type":"ListItem","position":3,"name":"Cour sup\u00e9rieure de justice, 8 mai 2020"}]},{"@type":"WebSite","@id":"https:\/\/kohenavocats.com\/zh-hans\/#website","url":"https:\/\/kohenavocats.com\/zh-hans\/","name":"Kohen Avocats","description":"Ma\u00eetre Hassan Kohen, avocat p\u00e9naliste \u00e0 Paris, intervient exclusivement en droit p\u00e9nal pour la d\u00e9fense des particuliers, notamment en mati\u00e8re d\u2019accusations de viol. Il assure un accompagnement rigoureux d\u00e8s la garde \u00e0 vue jusqu\u2019\u00e0 la Cour d\u2019assises, veillant au strict respect des garanties proc\u00e9durales.","publisher":{"@id":"https:\/\/kohenavocats.com\/zh-hans\/#organization"},"potentialAction":[{"@type":"SearchAction","target":{"@type":"EntryPoint","urlTemplate":"https:\/\/kohenavocats.com\/zh-hans\/?s={search_term_string}"},"query-input":{"@type":"PropertyValueSpecification","valueRequired":true,"valueName":"search_term_string"}}],"inLanguage":"zh-Hans"},{"@type":"Organization","@id":"https:\/\/kohenavocats.com\/zh-hans\/#organization","name":"Kohen Avocats","url":"https:\/\/kohenavocats.com\/zh-hans\/","logo":{"@type":"ImageObject","inLanguage":"zh-Hans","@id":"https:\/\/kohenavocats.com\/zh-hans\/#\/schema\/logo\/image\/","url":"https:\/\/kohenavocats.com\/wp-content\/uploads\/2026\/01\/Logo-2-1.webp","contentUrl":"https:\/\/kohenavocats.com\/wp-content\/uploads\/2026\/01\/Logo-2-1.webp","width":2114,"height":1253,"caption":"Kohen Avocats"},"image":{"@id":"https:\/\/kohenavocats.com\/zh-hans\/#\/schema\/logo\/image\/"}}]}},"jetpack_likes_enabled":false,"jetpack_sharing_enabled":true,"_links":{"self":[{"href":"https:\/\/kohenavocats.com\/zh-hans\/wp-json\/wp\/v2\/kji_decision\/748011","targetHints":{"allow":["GET"]}}],"collection":[{"href":"https:\/\/kohenavocats.com\/zh-hans\/wp-json\/wp\/v2\/kji_decision"}],"about":[{"href":"https:\/\/kohenavocats.com\/zh-hans\/wp-json\/wp\/v2\/types\/kji_decision"}],"wp:attachment":[{"href":"https:\/\/kohenavocats.com\/zh-hans\/wp-json\/wp\/v2\/media?parent=748011"}],"wp:term":[{"taxonomy":"kji_country","embeddable":true,"href":"https:\/\/kohenavocats.com\/zh-hans\/wp-json\/wp\/v2\/kji_country?post=748011"},{"taxonomy":"kji_court","embeddable":true,"href":"https:\/\/kohenavocats.com\/zh-hans\/wp-json\/wp\/v2\/kji_court?post=748011"},{"taxonomy":"kji_chamber","embeddable":true,"href":"https:\/\/kohenavocats.com\/zh-hans\/wp-json\/wp\/v2\/kji_chamber?post=748011"},{"taxonomy":"kji_year","embeddable":true,"href":"https:\/\/kohenavocats.com\/zh-hans\/wp-json\/wp\/v2\/kji_year?post=748011"},{"taxonomy":"kji_subject","embeddable":true,"href":"https:\/\/kohenavocats.com\/zh-hans\/wp-json\/wp\/v2\/kji_subject?post=748011"},{"taxonomy":"kji_keyword","embeddable":true,"href":"https:\/\/kohenavocats.com\/zh-hans\/wp-json\/wp\/v2\/kji_keyword?post=748011"},{"taxonomy":"kji_language","embeddable":true,"href":"https:\/\/kohenavocats.com\/zh-hans\/wp-json\/wp\/v2\/kji_language?post=748011"}],"curies":[{"name":"wp","href":"https:\/\/api.w.org\/{rel}","templated":true}]}}