{"id":751512,"date":"2026-04-29T12:03:37","date_gmt":"2026-04-29T10:03:37","guid":{"rendered":"https:\/\/kohenavocats.com\/jurisprudences\/cour-superieure-de-justice-19-fevrier-2020-n-2019-00674\/"},"modified":"2026-04-29T12:03:41","modified_gmt":"2026-04-29T10:03:41","slug":"cour-superieure-de-justice-19-fevrier-2020-n-2019-00674","status":"publish","type":"kji_decision","link":"https:\/\/kohenavocats.com\/zh-hans\/jurisprudences\/cour-superieure-de-justice-19-fevrier-2020-n-2019-00674\/","title":{"rendered":"Cour sup\u00e9rieure de justice, 19 f\u00e9vrier 2020, n\u00b0 2019-00674"},"content":{"rendered":"<div class=\"kji-decision\">\n<div class=\"kji-full-text\">\n<p>1<\/p>\n<p>Arr\u00eat N\u00b0 22\/ 20 IV-COM<\/p>\n<p>Audience publique du dix -neuf f\u00e9vrier deux mille vingt Num\u00e9ro CAL-2019-00674 du r\u00f4le<\/p>\n<p>Composition: Marie-Laure MEYER, pr\u00e9sident de chambre; Carole BESCH, conseiller; Nathalie HILGERT, conseiller; Eric VILVENS, greffier.<\/p>\n<p>E n t r e la soci\u00e9t\u00e9 \u00e0 responsabilit\u00e9 limit\u00e9e SOC1), \u00e9tablie et ayant son si\u00e8ge social \u00e0 L- (&#8230;), repr\u00e9sent\u00e9e par son g\u00e9rant en fonction, inscrite au Registre de Commerce et des Soci\u00e9t\u00e9s de Luxembourg sous le num\u00e9ro B (&#8230;), appelante aux termes d\u2019un acte de l&#039;huissier de justice Cath\u00e9rine Nilles de Luxembourg du 21 juin 2019, comparant par Ma\u00eetre C\u00e9dric Bellwald, avocat \u00e0 la Cour, demeurant \u00e0 Luxembourg,<\/p>\n<p>e t 1) l\u2019\u00e9tablissement public CENTRE COMMUN DE LA SECURITE SOCIALE, \u00e9tabli \u00e0 L- 1471 Luxembourg, 125, route d\u2019Esch, repr\u00e9sent\u00e9 par le Pr\u00e9sident de son comit\u00e9- directeur en fonction, immatricul\u00e9 au Registre de Commerce et des Soci\u00e9t\u00e9s de Luxembourg sous le num\u00e9ro J17, intim\u00e9 aux fins du pr\u00e9d it acte Nilles, comparant par Ma\u00eetre Ars\u00e8ne Kronshagen, avocat \u00e0 la Cour, demeurant \u00e0 Luxembourg,<\/p>\n<p>2) Ma\u00eetre Julien BOECKLER, avocat \u00e0 la Cour, demeurant \u00e0 L- 2557 Luxembourg, 18, rue Robert St\u00fcmper, pris en sa qualit\u00e9 de curateur de la faillite de la soci\u00e9t\u00e9 \u00e0 responsabilit\u00e9 limit\u00e9e SOC1), d\u00e9clar\u00e9e en \u00e9tat de faillite par jugement du tribunal d&#039;arrondissement de Luxembourg du 10 d\u00e9cembre 2018,<\/p>\n<p>intim\u00e9 aux fins du pr\u00e9d it acte Nilles,<\/p>\n<p>comparant par lui-m\u00eame.<\/p>\n<p>LA COUR D&#039;APPEL<\/p>\n<p>Par jugement rendu par d\u00e9faut en date du 10 d\u00e9cembre 2018, le tribunal d\u2019arrondissement de Luxembourg, si\u00e9geant en mati\u00e8re commerciale, a d\u00e9clar\u00e9 en \u00e9tat de faillite la soci\u00e9t\u00e9 \u00e0 responsabilit\u00e9 limit\u00e9e SOC1) s\u00e0rl (ci-apr\u00e8s \u00ab la soci\u00e9t\u00e9 SOC1) \u00bb) sur assignation du CENTRE COMMUN DE LA SECURITE SOCIALE (ci- apr\u00e8s \u00ab CCSS \u00bb).<\/p>\n<p>Par exploit d\u2019huissier de justice du 21 juin 2019, la soci\u00e9t\u00e9 SOC1) a interjet\u00e9 appel contre ce jugement, qui selon les d\u00e9clarations du curateur ne lui a pas \u00e9t\u00e9 signifi\u00e9. Elle demande \u00e0 voir mettre \u00e0 n\u00e9ant la d\u00e9claration de faillite, motif pris que les conditions de la cessation de paiement et d\u2019\u00e9branlement de son cr\u00e9dit n\u2019\u00e9taient pas remplies.<\/p>\n<p>L\u2019appelante conclut encore \u00e0 la condamnation du CCSS au paiement des frais et honoraires du curateur ainsi qu\u2019aux frais et d\u00e9pens des deux instances et elle sollicite une indemnit\u00e9 de proc\u00e9dure de 5.000 euros.<\/p>\n<p>Elle expose que la dette pour laquelle elle a \u00e9t\u00e9 d\u00e9clar\u00e9e en faillite ne se chiffrait qu\u2019\u00e0 la somme de 6.030,09 euros ; que la d\u00e9claration de cr\u00e9ance n\u00b0 1 de l\u2019administration des Douanes et Accises se chiffre \u00e0 146 euros ; que la d\u00e9claration de cr\u00e9ance n\u00b0 2 de l\u2019Administration des Contributions directes qui se chiffre \u00e0 12.439,09 euros n\u2019est que la cons\u00e9quence directe de la d\u00e9claration de faillite ; que la d\u00e9claration de cr\u00e9ance n\u00b0 3 , remplac\u00e9e par la d\u00e9claration n\u00b0 6, d\u2019un montant de 19.639,62 euros de l\u2019Administration de l\u2019Enregistrement et des Domaines n\u2019est que la cons\u00e9quence directe de la d\u00e9claration de faillite; que la d\u00e9claration de cr\u00e9ance n\u00b0 4 de SOC2) se chiffre \u00e0 291,66 euros et que la d\u00e9claration de cr\u00e9ance n\u00b0 5 de la soci\u00e9t\u00e9 SOC3) SA d\u2019un montant de 53.971,84 euros est formellement contest\u00e9e et d\u00e9rive \u00e9galement du prononc\u00e9 de faillite alors qu\u2019elle se base sur une r\u00e9siliation anticip\u00e9e (suite \u00e0 la faillite) du contrat de leasing du v\u00e9hicule utilis\u00e9 par SOC1) .<\/p>\n<p>Comme l\u2019actif en comptes bancaires de la soci\u00e9t\u00e9 SOC1) se chiffrait au montant d\u2019environ 85.000 euros au jour du prononc\u00e9 de la faillite, les conditions de la faillite n\u2019auraient pas \u00e9t\u00e9 remplies.<\/p>\n<p>L\u2019appelante affirme encore qu\u2019elle a toujours \u00e9t\u00e9 domicili\u00e9e aupr\u00e8s de la soci\u00e9t\u00e9 SOC4) \u00e0 L-(&#8230;).<\/p>\n<p>Le CCSS reconnait que les arri\u00e9r\u00e9s de cotisations sociales, pour le recouvrement desquels il a assign\u00e9 l\u2019appelante en faillite, ont \u00e9t\u00e9 pay\u00e9s en date du 31 d\u00e9cembre 2018.<\/p>\n<p>Il donne \u00e0 consid\u00e9rer que la soci\u00e9t\u00e9 SOC1), en faillite, est cr\u00e9ditrice d\u2019un montant de 3.625,48 euros aupr\u00e8s du CCSS et il se rapporte \u00e0 prudence de justice quant au rabattement de la faillite.<\/p>\n<p>Le CCSS s\u2019oppose \u00e0 voir accorder une indemnit\u00e9 de proc\u00e9dure \u00e0 l\u2019appelante.<\/p>\n<p>Le curateur de la faillite, Ma\u00eetre Julien BOECKLER, explique qu\u2019au jour de la faillite l\u2019appelante ne disposait que d\u2019un actif de 1.330,21 euros et que son passif certain, liquide et exigible se chiffrait \u00e0 15.610,10 euros ; que son cr\u00e9dit \u00e9tait \u00e9branl\u00e9 alors que le CCSS avait d\u00fb assigner en faillite la soci\u00e9t\u00e9 SOC1) dans le prolongement d\u2019une proc\u00e9dure de recouvrement infructueuse.<\/p>\n<p>En cours de proc\u00e9dure, le curateur a pr\u00e9cis\u00e9 que la d\u00e9claration de cr\u00e9ance initiale de la soci\u00e9t\u00e9 SOC3) a \u00e9t\u00e9 annul\u00e9e et remplac\u00e9e par la d\u00e9claration de cr\u00e9ance n\u00b0 8 d\u2019un montant de 10.031,02 euros.<\/p>\n<p>Dans ses derni\u00e8res conclusions, le curateur a d\u00e9clar\u00e9 que la faillie a re\u00e7u un montant de 81.774,34 euros, de sorte que l\u2019actif total se chiffre \u00e0 83.581,98 euros tandis que le passif inscrit, constitu\u00e9 de cr\u00e9ances certaines, liquides et exigibles, se chiffre \u00e0 44.137,93 euros ; que le cr\u00e9ancier SOC3) a renonc\u00e9 au surplus contest\u00e9 de 3.738 euros sur la cr\u00e9ance n\u00b0 8 et que les actifs r\u00e9cup\u00e9r\u00e9s couvrent l\u2019int\u00e9gralit\u00e9 du passif ainsi que les frais de justice et d\u2019administration de la faillite.<\/p>\n<p>Il indique que l\u2019appelante lui a donn\u00e9 mandat de couvrir le passif inscrit de (44.137,93 \u2013 3.738=) 40.399,93 euros ainsi que les frais de justice et d\u2019administration de la proc\u00e9dure de faillite.<\/p>\n<p>Au vu de ces d\u00e9veloppements, le curateur conclut \u00e0 ce qu\u2019il soit fait droit \u00e0 la demande de l\u2019appelante et que le jugement entrepris soit r\u00e9form\u00e9.<\/p>\n<p>Appr\u00e9ciation L\u2019appel interjet\u00e9 dans les forme et d\u00e9lai de la loi est recevable. Il r\u00e9sulte des \u00e9l\u00e9ments soumis \u00e0 la Cour que l\u2019appelante s\u2019est acquitt\u00e9e de la dette pour laquelle elle a \u00e9t\u00e9 assign\u00e9e en faillite ; que l\u2019actif pr\u00e9sent sur les comptes bancaires de SOC1) permet de couvrir tant le passif d\u00e9clar\u00e9 que les frais d\u2019administration de la faillite et que l\u2019appelante a donn\u00e9 mandat au curateur de couvrir le passif inscrit ainsi que les frais de justice et d\u2019administration de la faillite.<\/p>\n<p>Au vu de ces \u00e9l\u00e9ments, il y a d\u00e8s lors lieu de rabattre la faillite, les conditions de la mise en faillite de l\u2019appelante n\u2019\u00e9tant pas r\u00e9unies.<\/p>\n<p>Comme l\u2019appelante n\u2019\u00e9tablit pas dans son chef l\u2019iniquit\u00e9 requise par l\u2019article 240 du NCPC, elle est \u00e0 d\u00e9bouter de sa demande en octroi d\u2019une indemnit\u00e9 de proc\u00e9dure.<\/p>\n<p>Les frais et d\u00e9pens des deux instances, ainsi que les frais d\u2019administration de la faillite et les honoraires du curateur restent \u00e0 charge de l\u2019appelante, \u00e9tant donn\u00e9 que c\u2019est par sa n\u00e9gligence que la proc\u00e9dure de la faillite a \u00e9t\u00e9 d\u00e9clench\u00e9e.<\/p>\n<p>PAR CES MOTIFS<\/p>\n<p>la Cour d\u2019appel, quatri\u00e8me chambre, si\u00e9geant en mati\u00e8re commerciale, statuant contradictoirement, le magistrat de la mise en \u00e9tat entendu en son rapport,<\/p>\n<p>re\u00e7oit l\u2019appel en la forme,<\/p>\n<p>le d\u00e9clare fond\u00e9,<\/p>\n<p>r\u00e9formant,<\/p>\n<p>dit que la faillite de la soci\u00e9t\u00e9 \u00e0 responsabilit\u00e9 limit\u00e9e SOC1) s\u00e0rl, prononc\u00e9e le 10 d\u00e9cembre 2018, est rabattue,<\/p>\n<p>d\u00e9boute la soci\u00e9t\u00e9 \u00e0 responsabilit\u00e9 limit\u00e9e SOC1) s\u00e0rl de sa demande en octroi d\u2019une indemnit\u00e9 de proc\u00e9dure,<\/p>\n<p>condamne la soci\u00e9t\u00e9 \u00e0 responsabilit\u00e9 limit\u00e9e SOC1) s\u00e0rl aux frais et d\u00e9pens des deux instances , ainsi qu\u2019aux frais d\u2019administration de la faillite.<\/p>\n<\/div>\n<hr class=\"kji-sep\" \/>\n<p class=\"kji-source-links\"><strong>Sources officielles :<\/strong> <a class=\"kji-source-link\" href=\"https:\/\/data.public.lu\/fr\/datasets\/cour-superieure-de-justice-chambre-4\/\" target=\"_blank\" rel=\"noopener noreferrer\">consulter la page source<\/a> &middot; <a class=\"kji-pdf-link\" href=\"https:\/\/download.data.public.lu\/resources\/cour-superieure-de-justice-chambre-4\/20240827-172147\/20200219-ca4-cal-2019-00674a-accessible.pdf\" target=\"_blank\" rel=\"noopener noreferrer\">PDF officiel<\/a><\/p>\n<p class=\"kji-license-note\"><em>Licence CC BY-ND 4.0 (Administration judiciaire, data.public.lu). Republication autorisee avec attribution, sans modification editoriale du texte integral.<\/em><\/p>\n<\/div>\n","protected":false},"excerpt":{"rendered":"<p>1 Arr\u00eat N\u00b0 22\/ 20 IV-COM Audience publique du dix -neuf f\u00e9vrier deux mille vingt Num\u00e9ro CAL-2019-00674 du r\u00f4le Composition: Marie-Laure MEYER, pr\u00e9sident de chambre; Carole BESCH, conseiller; Nathalie HILGERT, conseiller; Eric VILVENS, greffier. E n t r e la soci\u00e9t\u00e9 \u00e0 responsabilit\u00e9 limit\u00e9e SOC1),\u2026<\/p>\n","protected":false},"featured_media":0,"template":"","meta":{"_crdt_document":""},"kji_country":[8418],"kji_court":[12305],"kji_chamber":[18433],"kji_year":[41198],"kji_subject":[7724],"kji_keyword":[8457,9055,12307],"kji_language":[7733],"class_list":["post-751512","kji_decision","type-kji_decision","status-publish","hentry","kji_country-luxembourg","kji_court-cour-superieure-de-justice","kji_chamber-chambre-4","kji_year-41198","kji_subject-civil","kji_keyword-fevrier","kji_keyword-justice","kji_keyword-superieure","kji_language-francais"],"yoast_head":"<!-- This site is optimized with the Yoast SEO Premium plugin v27.5 (Yoast SEO v27.5) - https:\/\/yoast.com\/product\/yoast-seo-premium-wordpress\/ -->\n<title>Cour sup\u00e9rieure de justice, 19 f\u00e9vrier 2020, n\u00b0 2019-00674 - Ma\u00eetre Hassan Kohen, avocat en droit p\u00e9nal \u00e0 Paris<\/title>\n<meta name=\"robots\" content=\"index, follow, max-snippet:-1, max-image-preview:large, max-video-preview:-1\" \/>\n<link rel=\"canonical\" href=\"https:\/\/kohenavocats.com\/zh-hans\/jurisprudences\/cour-superieure-de-justice-19-fevrier-2020-n-2019-00674\/\" \/>\n<meta property=\"og:locale\" content=\"zh_CN\" \/>\n<meta property=\"og:type\" content=\"article\" \/>\n<meta property=\"og:title\" content=\"Cour sup\u00e9rieure de justice, 19 f\u00e9vrier 2020, n\u00b0 2019-00674\" \/>\n<meta property=\"og:description\" content=\"1 Arr\u00eat N\u00b0 22\/ 20 IV-COM Audience publique du dix -neuf f\u00e9vrier deux mille vingt Num\u00e9ro CAL-2019-00674 du r\u00f4le Composition: Marie-Laure MEYER, pr\u00e9sident de chambre; Carole BESCH, conseiller; Nathalie HILGERT, conseiller; Eric VILVENS, greffier. E n t r e la soci\u00e9t\u00e9 \u00e0 responsabilit\u00e9 limit\u00e9e SOC1),\u2026\" \/>\n<meta property=\"og:url\" content=\"https:\/\/kohenavocats.com\/zh-hans\/jurisprudences\/cour-superieure-de-justice-19-fevrier-2020-n-2019-00674\/\" \/>\n<meta property=\"og:site_name\" content=\"Ma\u00eetre Hassan Kohen, avocat en droit p\u00e9nal \u00e0 Paris\" \/>\n<meta property=\"article:modified_time\" content=\"2026-04-29T10:03:41+00:00\" \/>\n<meta name=\"twitter:card\" content=\"summary_large_image\" \/>\n<meta name=\"twitter:label1\" content=\"\u9884\u8ba1\u9605\u8bfb\u65f6\u95f4\" \/>\n\t<meta name=\"twitter:data1\" content=\"7 \u5206\" \/>\n<script type=\"application\/ld+json\" class=\"yoast-schema-graph\">{\"@context\":\"https:\\\/\\\/schema.org\",\"@graph\":[{\"@type\":\"WebPage\",\"@id\":\"https:\\\/\\\/kohenavocats.com\\\/zh-hans\\\/jurisprudences\\\/cour-superieure-de-justice-19-fevrier-2020-n-2019-00674\\\/\",\"url\":\"https:\\\/\\\/kohenavocats.com\\\/zh-hans\\\/jurisprudences\\\/cour-superieure-de-justice-19-fevrier-2020-n-2019-00674\\\/\",\"name\":\"Cour sup\u00e9rieure de justice, 19 f\u00e9vrier 2020, n\u00b0 2019-00674 - Ma\u00eetre Hassan Kohen, avocat en droit p\u00e9nal \u00e0 Paris\",\"isPartOf\":{\"@id\":\"https:\\\/\\\/kohenavocats.com\\\/zh-hans\\\/#website\"},\"datePublished\":\"2026-04-29T10:03:37+00:00\",\"dateModified\":\"2026-04-29T10:03:41+00:00\",\"breadcrumb\":{\"@id\":\"https:\\\/\\\/kohenavocats.com\\\/zh-hans\\\/jurisprudences\\\/cour-superieure-de-justice-19-fevrier-2020-n-2019-00674\\\/#breadcrumb\"},\"inLanguage\":\"zh-Hans\",\"potentialAction\":[{\"@type\":\"ReadAction\",\"target\":[\"https:\\\/\\\/kohenavocats.com\\\/zh-hans\\\/jurisprudences\\\/cour-superieure-de-justice-19-fevrier-2020-n-2019-00674\\\/\"]}]},{\"@type\":\"BreadcrumbList\",\"@id\":\"https:\\\/\\\/kohenavocats.com\\\/zh-hans\\\/jurisprudences\\\/cour-superieure-de-justice-19-fevrier-2020-n-2019-00674\\\/#breadcrumb\",\"itemListElement\":[{\"@type\":\"ListItem\",\"position\":1,\"name\":\"Home\",\"item\":\"https:\\\/\\\/kohenavocats.com\\\/zh-hans\\\/\"},{\"@type\":\"ListItem\",\"position\":2,\"name\":\"Jurisprudences\",\"item\":\"https:\\\/\\\/kohenavocats.com\\\/zh-hans\\\/jurisprudences\\\/\"},{\"@type\":\"ListItem\",\"position\":3,\"name\":\"Cour sup\u00e9rieure de justice, 19 f\u00e9vrier 2020, n\u00b0 2019-00674\"}]},{\"@type\":\"WebSite\",\"@id\":\"https:\\\/\\\/kohenavocats.com\\\/zh-hans\\\/#website\",\"url\":\"https:\\\/\\\/kohenavocats.com\\\/zh-hans\\\/\",\"name\":\"Kohen Avocats\",\"description\":\"Ma\u00eetre Hassan Kohen, avocat p\u00e9naliste \u00e0 Paris, intervient exclusivement en droit p\u00e9nal pour la d\u00e9fense des particuliers, notamment en mati\u00e8re d\u2019accusations de viol. Il assure un accompagnement rigoureux d\u00e8s la garde \u00e0 vue jusqu\u2019\u00e0 la Cour d\u2019assises, veillant au strict respect des garanties proc\u00e9durales.\",\"publisher\":{\"@id\":\"https:\\\/\\\/kohenavocats.com\\\/zh-hans\\\/#organization\"},\"potentialAction\":[{\"@type\":\"SearchAction\",\"target\":{\"@type\":\"EntryPoint\",\"urlTemplate\":\"https:\\\/\\\/kohenavocats.com\\\/zh-hans\\\/?s={search_term_string}\"},\"query-input\":{\"@type\":\"PropertyValueSpecification\",\"valueRequired\":true,\"valueName\":\"search_term_string\"}}],\"inLanguage\":\"zh-Hans\"},{\"@type\":\"Organization\",\"@id\":\"https:\\\/\\\/kohenavocats.com\\\/zh-hans\\\/#organization\",\"name\":\"Kohen Avocats\",\"url\":\"https:\\\/\\\/kohenavocats.com\\\/zh-hans\\\/\",\"logo\":{\"@type\":\"ImageObject\",\"inLanguage\":\"zh-Hans\",\"@id\":\"https:\\\/\\\/kohenavocats.com\\\/zh-hans\\\/#\\\/schema\\\/logo\\\/image\\\/\",\"url\":\"https:\\\/\\\/kohenavocats.com\\\/wp-content\\\/uploads\\\/2026\\\/01\\\/Logo-2-1.webp\",\"contentUrl\":\"https:\\\/\\\/kohenavocats.com\\\/wp-content\\\/uploads\\\/2026\\\/01\\\/Logo-2-1.webp\",\"width\":2114,\"height\":1253,\"caption\":\"Kohen Avocats\"},\"image\":{\"@id\":\"https:\\\/\\\/kohenavocats.com\\\/zh-hans\\\/#\\\/schema\\\/logo\\\/image\\\/\"}}]}<\/script>\n<!-- \/ Yoast SEO Premium plugin. -->","yoast_head_json":{"title":"Cour sup\u00e9rieure de justice, 19 f\u00e9vrier 2020, n\u00b0 2019-00674 - Ma\u00eetre Hassan Kohen, avocat en droit p\u00e9nal \u00e0 Paris","robots":{"index":"index","follow":"follow","max-snippet":"max-snippet:-1","max-image-preview":"max-image-preview:large","max-video-preview":"max-video-preview:-1"},"canonical":"https:\/\/kohenavocats.com\/zh-hans\/jurisprudences\/cour-superieure-de-justice-19-fevrier-2020-n-2019-00674\/","og_locale":"zh_CN","og_type":"article","og_title":"Cour sup\u00e9rieure de justice, 19 f\u00e9vrier 2020, n\u00b0 2019-00674","og_description":"1 Arr\u00eat N\u00b0 22\/ 20 IV-COM Audience publique du dix -neuf f\u00e9vrier deux mille vingt Num\u00e9ro CAL-2019-00674 du r\u00f4le Composition: Marie-Laure MEYER, pr\u00e9sident de chambre; Carole BESCH, conseiller; Nathalie HILGERT, conseiller; Eric VILVENS, greffier. E n t r e la soci\u00e9t\u00e9 \u00e0 responsabilit\u00e9 limit\u00e9e SOC1),\u2026","og_url":"https:\/\/kohenavocats.com\/zh-hans\/jurisprudences\/cour-superieure-de-justice-19-fevrier-2020-n-2019-00674\/","og_site_name":"Ma\u00eetre Hassan Kohen, avocat en droit p\u00e9nal \u00e0 Paris","article_modified_time":"2026-04-29T10:03:41+00:00","twitter_card":"summary_large_image","twitter_misc":{"\u9884\u8ba1\u9605\u8bfb\u65f6\u95f4":"7 \u5206"},"schema":{"@context":"https:\/\/schema.org","@graph":[{"@type":"WebPage","@id":"https:\/\/kohenavocats.com\/zh-hans\/jurisprudences\/cour-superieure-de-justice-19-fevrier-2020-n-2019-00674\/","url":"https:\/\/kohenavocats.com\/zh-hans\/jurisprudences\/cour-superieure-de-justice-19-fevrier-2020-n-2019-00674\/","name":"Cour sup\u00e9rieure de justice, 19 f\u00e9vrier 2020, n\u00b0 2019-00674 - Ma\u00eetre Hassan Kohen, avocat en droit p\u00e9nal \u00e0 Paris","isPartOf":{"@id":"https:\/\/kohenavocats.com\/zh-hans\/#website"},"datePublished":"2026-04-29T10:03:37+00:00","dateModified":"2026-04-29T10:03:41+00:00","breadcrumb":{"@id":"https:\/\/kohenavocats.com\/zh-hans\/jurisprudences\/cour-superieure-de-justice-19-fevrier-2020-n-2019-00674\/#breadcrumb"},"inLanguage":"zh-Hans","potentialAction":[{"@type":"ReadAction","target":["https:\/\/kohenavocats.com\/zh-hans\/jurisprudences\/cour-superieure-de-justice-19-fevrier-2020-n-2019-00674\/"]}]},{"@type":"BreadcrumbList","@id":"https:\/\/kohenavocats.com\/zh-hans\/jurisprudences\/cour-superieure-de-justice-19-fevrier-2020-n-2019-00674\/#breadcrumb","itemListElement":[{"@type":"ListItem","position":1,"name":"Home","item":"https:\/\/kohenavocats.com\/zh-hans\/"},{"@type":"ListItem","position":2,"name":"Jurisprudences","item":"https:\/\/kohenavocats.com\/zh-hans\/jurisprudences\/"},{"@type":"ListItem","position":3,"name":"Cour sup\u00e9rieure de justice, 19 f\u00e9vrier 2020, n\u00b0 2019-00674"}]},{"@type":"WebSite","@id":"https:\/\/kohenavocats.com\/zh-hans\/#website","url":"https:\/\/kohenavocats.com\/zh-hans\/","name":"Kohen Avocats","description":"Ma\u00eetre Hassan Kohen, avocat p\u00e9naliste \u00e0 Paris, intervient exclusivement en droit p\u00e9nal pour la d\u00e9fense des particuliers, notamment en mati\u00e8re d\u2019accusations de viol. Il assure un accompagnement rigoureux d\u00e8s la garde \u00e0 vue jusqu\u2019\u00e0 la Cour d\u2019assises, veillant au strict respect des garanties proc\u00e9durales.","publisher":{"@id":"https:\/\/kohenavocats.com\/zh-hans\/#organization"},"potentialAction":[{"@type":"SearchAction","target":{"@type":"EntryPoint","urlTemplate":"https:\/\/kohenavocats.com\/zh-hans\/?s={search_term_string}"},"query-input":{"@type":"PropertyValueSpecification","valueRequired":true,"valueName":"search_term_string"}}],"inLanguage":"zh-Hans"},{"@type":"Organization","@id":"https:\/\/kohenavocats.com\/zh-hans\/#organization","name":"Kohen Avocats","url":"https:\/\/kohenavocats.com\/zh-hans\/","logo":{"@type":"ImageObject","inLanguage":"zh-Hans","@id":"https:\/\/kohenavocats.com\/zh-hans\/#\/schema\/logo\/image\/","url":"https:\/\/kohenavocats.com\/wp-content\/uploads\/2026\/01\/Logo-2-1.webp","contentUrl":"https:\/\/kohenavocats.com\/wp-content\/uploads\/2026\/01\/Logo-2-1.webp","width":2114,"height":1253,"caption":"Kohen Avocats"},"image":{"@id":"https:\/\/kohenavocats.com\/zh-hans\/#\/schema\/logo\/image\/"}}]}},"jetpack_likes_enabled":false,"jetpack_sharing_enabled":true,"_links":{"self":[{"href":"https:\/\/kohenavocats.com\/zh-hans\/wp-json\/wp\/v2\/kji_decision\/751512","targetHints":{"allow":["GET"]}}],"collection":[{"href":"https:\/\/kohenavocats.com\/zh-hans\/wp-json\/wp\/v2\/kji_decision"}],"about":[{"href":"https:\/\/kohenavocats.com\/zh-hans\/wp-json\/wp\/v2\/types\/kji_decision"}],"wp:attachment":[{"href":"https:\/\/kohenavocats.com\/zh-hans\/wp-json\/wp\/v2\/media?parent=751512"}],"wp:term":[{"taxonomy":"kji_country","embeddable":true,"href":"https:\/\/kohenavocats.com\/zh-hans\/wp-json\/wp\/v2\/kji_country?post=751512"},{"taxonomy":"kji_court","embeddable":true,"href":"https:\/\/kohenavocats.com\/zh-hans\/wp-json\/wp\/v2\/kji_court?post=751512"},{"taxonomy":"kji_chamber","embeddable":true,"href":"https:\/\/kohenavocats.com\/zh-hans\/wp-json\/wp\/v2\/kji_chamber?post=751512"},{"taxonomy":"kji_year","embeddable":true,"href":"https:\/\/kohenavocats.com\/zh-hans\/wp-json\/wp\/v2\/kji_year?post=751512"},{"taxonomy":"kji_subject","embeddable":true,"href":"https:\/\/kohenavocats.com\/zh-hans\/wp-json\/wp\/v2\/kji_subject?post=751512"},{"taxonomy":"kji_keyword","embeddable":true,"href":"https:\/\/kohenavocats.com\/zh-hans\/wp-json\/wp\/v2\/kji_keyword?post=751512"},{"taxonomy":"kji_language","embeddable":true,"href":"https:\/\/kohenavocats.com\/zh-hans\/wp-json\/wp\/v2\/kji_language?post=751512"}],"curies":[{"name":"wp","href":"https:\/\/api.w.org\/{rel}","templated":true}]}}