{"id":751814,"date":"2026-04-29T12:17:22","date_gmt":"2026-04-29T10:17:22","guid":{"rendered":"https:\/\/kohenavocats.com\/jurisprudences\/cour-superieure-de-justice-12-fevrier-2020-n-2019-01142\/"},"modified":"2026-04-29T12:17:25","modified_gmt":"2026-04-29T10:17:25","slug":"cour-superieure-de-justice-12-fevrier-2020-n-2019-01142","status":"publish","type":"kji_decision","link":"https:\/\/kohenavocats.com\/zh-hans\/jurisprudences\/cour-superieure-de-justice-12-fevrier-2020-n-2019-01142\/","title":{"rendered":"Cour sup\u00e9rieure de justice, 12 f\u00e9vrier 2020, n\u00b0 2019-01142"},"content":{"rendered":"<div class=\"kji-decision\">\n<div class=\"kji-full-text\">\n<p>1<\/p>\n<p>Arr\u00eat N\u00b0 18\/ 20 IV-COM<\/p>\n<p>Audience publique du douze f\u00e9vrier deux mille vingt Num\u00e9ro CAL-2019-01142 du r\u00f4le<\/p>\n<p>Composition: Marie-Laure MEYER, pr\u00e9sident de chambre; Carole BESCH, conseiller; Nathalie HILGERT, conseiller; Eric VILVENS, greffier.<\/p>\n<p>E n t r e la soci\u00e9t\u00e9 anonyme SOC1), \u00e9tablie et ayant son si\u00e8ge social \u00e0 L- (&#8230;), repr\u00e9sent\u00e9e par son conseil d\u2019administration en fonction, inscrite au Registre de Commerce et des Soci\u00e9t\u00e9s de Luxembourg sous le num\u00e9ro B (&#8230;), appelante aux termes d\u2019un acte de l&#039;huissier de justice Frank Schaal de Luxembourg du 3 d\u00e9cembre 2019,<\/p>\n<p>comparant par la soci\u00e9t\u00e9 \u00e0 responsabilit\u00e9 limit\u00e9e E2M, inscrite au barreau de Luxembourg, \u00e9tablie et ayant son si\u00e8ge social \u00e0 L- 2419 Luxembourg, 2, rue du Fort Rheinsheim, immatricul\u00e9e au Registre de Commerce et des Soci\u00e9t\u00e9s de Luxembourg sous le num\u00e9ro B 210821, repr\u00e9sent\u00e9e par Ma\u00eetre Max Mailliet, avocat \u00e0 la Cour, e t 1) Ma\u00eetre Marie-Christine GAUTIER, avocat \u00e0 la Cour, demeurant professionnellement \u00e0 L- 2128 Luxembourg, 22, rue Marie- Ad\u00e9la\u00efde, prise en sa qualit\u00e9 de curateur de la faillite de la soci\u00e9t\u00e9 anonyme SOC1) , d\u00e9clar\u00e9e en \u00e9tat de faillite par jugement du tribunal d&#039;arrondissement de Luxembourg du 4 novembre 2019, intim\u00e9e aux fins du pr\u00e9dit acte Schaal, comparant par elle-m\u00eame, 2) Monsieur le Receveur-Pr\u00e9pos\u00e9 du b ureau de Recette des Contributions de Luxembourg, ayant ses bureaux \u00e0 L- 2982 Luxembourg, 18, rue du Fort Wedell,<\/p>\n<p>intim\u00e9 aux fins du pr\u00e9d it acte Schaal,<\/p>\n<p>comparant par Ma\u00eetre Claude Schmartz, avocat \u00e0 la Cour, demeurant \u00e0 Bofferdange.<\/p>\n<p>LA COUR D&#039;APPEL<\/p>\n<p>Par jugement par d\u00e9faut du tribunal d\u2019arrondissement de Luxembourg du 4 novembre 2019, la soci\u00e9t\u00e9 anonyme SOC1) (ci- apr\u00e8s \u00ab SOC1) \u00bb) a \u00e9t\u00e9 d\u00e9clar\u00e9e en \u00e9tat de faillite sur assignation d e Monsieur le Receveur-Pr\u00e9pos\u00e9 du bureau de R ecette des Contributions de Luxembourg (ci-apr\u00e8s \u00ab Monsieur le Receveur \u00bb). A l\u2019appui de sa demande, Monsieur le Receveur faisait valoir une cr\u00e9ance de 43.069,09 euros.<\/p>\n<p>Par acte d\u2019huissier de justice du 3 d\u00e9cembre 2019, la soci\u00e9t\u00e9 SOC1) a relev\u00e9 appel de ce jugement non signifi\u00e9 et sollicite que la faillite soit rabattue et que Monsieur le Receveur, sinon subsidiairement l\u2019Etat du Grand- Duch\u00e9 de Luxembourg, soit condamn\u00e9 aux frais et d\u00e9pens des deux instances et au paiement d\u2019une indemnit\u00e9 de proc\u00e9dure de 2.500 euros. Il demande encore que l\u2019arr\u00eat \u00e0 intervenir soit d\u00e9clar\u00e9 commun \u00e0 Monsieur le Procureur d\u2019Etat pr\u00e8s le tribunal d\u2019arrondissement de Luxembourg.<\/p>\n<p>Elle expose que les conditions de la faillite n\u2019\u00e9taient pas r\u00e9unies au jour du prononc\u00e9 et pr\u00e9cise qu\u2019elle a consign\u00e9 la somme de 44.841 euros sur le compte- tiers de son mandataire qui s\u2019engage irr\u00e9vocablement \u00e0 proc\u00e9der au paiement de la dette \u00e0 l\u2019\u00e9gard de Monsieur le Receveur et \u00e0 prendre en charge les frais et honoraires du curateur dans l\u2019hypoth\u00e8se d\u2019un rabattement de faillite. L\u2019appelante pr\u00e9cise finalement que le curateur dispose d\u2019un actif bancaire de 5.659,39 euros, de sorte que le passif d\u00e9clar\u00e9 et les frais et honoraires du curateur seront couverts par l\u2019actif disponible se chiffrant \u00e0 un total de 50.500,39 euros.<\/p>\n<p>Au vu de ces pr\u00e9cisions, Monsieur le Receveur ne s\u2019oppose pas au rabattement de la faillite. Il sollicite cependant une indemnit\u00e9 de proc\u00e9dure de 750 euros et la condamnation de l\u2019appelante aux frais et d\u00e9pens des deux instances.<\/p>\n<p>Le curateur expose qu\u2019outre un ordinateur et un v\u00e9hicule de marque Skoda, il a r\u00e9cup\u00e9r\u00e9 l\u2019actif bancaire pr\u00e9mentionn\u00e9 et que cette somme, ensemble avec celle consign\u00e9e sur le compte- tiers du mandataire de l\u2019appelante, est suffisante pour prendre en charge la seule d\u00e9claration de cr\u00e9ance subsistante , celle de Monsieur le Receveur pour un montant de 42.978,27 euros, et ses frais et honoraires chiffr\u00e9s \u00e0 2.190,25 euros. Il ne s\u2019oppose partant pas au rabattement de la faillite.<\/p>\n<p>Appr\u00e9ciation<\/p>\n<p>L\u2019appel est recevable pour avoir \u00e9t\u00e9 introduit selon les forme et d\u00e9lai pr\u00e9vus par la loi.<\/p>\n<p>Suivant l\u2019article 437 du Code de commerce, tout commer\u00e7ant qui a cess\u00e9 ses paiements et dont le cr\u00e9dit se trouve \u00e9branl\u00e9 est en \u00e9tat de faillite.<\/p>\n<p>Il r\u00e9sulte des pi\u00e8ces vers\u00e9es ainsi que des conclusions \u00e9chang\u00e9es que l\u2019actif disponible est suffisant pour payer la cr\u00e9ance de Monsieur le Receveur se chiffrant suivant derni\u00e8re d\u00e9claration de cr\u00e9ance au montant de 42.978,27 euros et pour prendre en charge les frais et honoraires du curateur. Aucun autre cr\u00e9ancier n\u2019est inscrit au tableau des cr\u00e9anciers. Il s\u2019y ajoute que le mandataire de l\u2019appelante s\u2019est express\u00e9ment engag\u00e9 au r\u00e8glement de ces dettes d\u00e8s rabattement de la faillite.<\/p>\n<p>Au vu de ces \u00e9l\u00e9ments, il y a lieu de rabattre la faillite, les conditions de la mise en faillite de l\u2019appelante n\u2019\u00e9tant pas r\u00e9unies.<\/p>\n<p>Comme l\u2019appelante n\u2019\u00e9tablit pas dans son chef l\u2019iniquit\u00e9 requise par l\u2019article 240 du Nouveau Code de proc\u00e9dure civile, elle est \u00e0 d\u00e9bouter de sa demande en octroi d\u2019une indemnit\u00e9 de proc\u00e9dure. Monsieur le Receveur ayant d\u00fb exposer des frais non compris dans les d\u00e9pens afin d\u2019obtenir paiement d\u2019une dette reconnue, il y a lieu de faire droit \u00e0 sa demande en allocation d\u2019une indemnit\u00e9 de proc\u00e9dure \u00e0 concurrence de 500 euros. Les frais et d\u00e9pens des deux instances, ainsi que les frais d\u2019administration de la faillite et les honoraires du curateur restent \u00e0 charge de l\u2019appelante, \u00e9tant donn\u00e9 que c\u2019est par sa n\u00e9gligence que la proc\u00e9dure de la faillite a \u00e9t\u00e9 d\u00e9clench\u00e9e. Il n\u2019y a pas lieu de d\u00e9clarer le pr\u00e9sent arr\u00eat commun \u00e0 Monsieur le Procureur d\u2019Etat pr\u00e8s le tribunal d\u2019arrondissement de Luxembourg, qui n\u2019a pas \u00e9t\u00e9 assign\u00e9 \u00e0 cette fin et qui n\u2019\u00e9tait pas partie en premi\u00e8re instance.<\/p>\n<p>PAR CES MOTIFS<\/p>\n<p>la Cour d\u2019appel, quatri\u00e8me chambre, si\u00e9geant en mati\u00e8re commerciale, statuant contradictoirement, le magistrat de la mise en \u00e9tat entendu en son rapport,<\/p>\n<p>re\u00e7oit l\u2019appel,<\/p>\n<p>le d\u00e9clare fond\u00e9,<\/p>\n<p>r\u00e9formant,<\/p>\n<p>dit que la faillite de la soci\u00e9t\u00e9 anonyme SOC1) prononc\u00e9e le 4 novembre 2019 est rabattue,<\/p>\n<p>d\u00e9boute la soci\u00e9t\u00e9 anonyme SOC1) de sa demande en allocation d\u2019une indemnit\u00e9 de proc\u00e9dure,<\/p>\n<p>condamne la soci\u00e9t\u00e9 anonyme SOC1) \u00e0 payer \u00e0 Monsieur le Receveur-Pr\u00e9pos\u00e9 du b ureau de Recette des Contributions de Luxembourg une indemnit\u00e9 de proc\u00e9dure de 500 euros,<\/p>\n<p>la condamne encore aux frais et d\u00e9pens des deux instances ainsi qu\u2019aux frais d\u2019administration de la faillite et aux honoraires du curateur, et ordonne la distraction des frais et d\u00e9pens au profit de Ma\u00eet re Claude Schmartz, qui la demande, affirmant en avoir fait l\u2019avance.<\/p>\n<\/div>\n<hr class=\"kji-sep\" \/>\n<p class=\"kji-source-links\"><strong>Sources officielles :<\/strong> <a class=\"kji-source-link\" href=\"https:\/\/data.public.lu\/fr\/datasets\/cour-superieure-de-justice-chambre-4\/\" target=\"_blank\" rel=\"noopener noreferrer\">consulter la page source<\/a> &middot; <a class=\"kji-pdf-link\" href=\"https:\/\/download.data.public.lu\/resources\/cour-superieure-de-justice-chambre-4\/20240827-172143\/20200212-ca4-cal-2019-01142a-accessible.pdf\" target=\"_blank\" rel=\"noopener noreferrer\">PDF officiel<\/a><\/p>\n<p class=\"kji-license-note\"><em>Licence CC BY-ND 4.0 (Administration judiciaire, data.public.lu). Republication autorisee avec attribution, sans modification editoriale du texte integral.<\/em><\/p>\n<\/div>\n","protected":false},"excerpt":{"rendered":"<p>1 Arr\u00eat N\u00b0 18\/ 20 IV-COM Audience publique du douze f\u00e9vrier deux mille vingt Num\u00e9ro CAL-2019-01142 du r\u00f4le Composition: Marie-Laure MEYER, pr\u00e9sident de chambre; Carole BESCH, conseiller; Nathalie HILGERT, conseiller; Eric VILVENS, greffier. E n t r e la soci\u00e9t\u00e9 anonyme SOC1), \u00e9tablie et ayant\u2026<\/p>\n","protected":false},"featured_media":0,"template":"","meta":{"_crdt_document":""},"kji_country":[8418],"kji_court":[12305],"kji_chamber":[18433],"kji_year":[41198],"kji_subject":[7724],"kji_keyword":[8457,9055,12307],"kji_language":[7733],"class_list":["post-751814","kji_decision","type-kji_decision","status-publish","hentry","kji_country-luxembourg","kji_court-cour-superieure-de-justice","kji_chamber-chambre-4","kji_year-41198","kji_subject-civil","kji_keyword-fevrier","kji_keyword-justice","kji_keyword-superieure","kji_language-francais"],"yoast_head":"<!-- This site is optimized with the Yoast SEO Premium plugin v27.5 (Yoast SEO v27.5) - https:\/\/yoast.com\/product\/yoast-seo-premium-wordpress\/ -->\n<title>Cour sup\u00e9rieure de justice, 12 f\u00e9vrier 2020, n\u00b0 2019-01142 - Ma\u00eetre Hassan Kohen, avocat en droit p\u00e9nal \u00e0 Paris<\/title>\n<meta name=\"robots\" content=\"index, follow, max-snippet:-1, max-image-preview:large, max-video-preview:-1\" \/>\n<link rel=\"canonical\" href=\"https:\/\/kohenavocats.com\/zh-hans\/jurisprudences\/cour-superieure-de-justice-12-fevrier-2020-n-2019-01142\/\" \/>\n<meta property=\"og:locale\" content=\"zh_CN\" \/>\n<meta property=\"og:type\" content=\"article\" \/>\n<meta property=\"og:title\" content=\"Cour sup\u00e9rieure de justice, 12 f\u00e9vrier 2020, n\u00b0 2019-01142\" \/>\n<meta property=\"og:description\" content=\"1 Arr\u00eat N\u00b0 18\/ 20 IV-COM Audience publique du douze f\u00e9vrier deux mille vingt Num\u00e9ro CAL-2019-01142 du r\u00f4le Composition: Marie-Laure MEYER, pr\u00e9sident de chambre; Carole BESCH, conseiller; Nathalie HILGERT, conseiller; Eric VILVENS, greffier. E n t r e la soci\u00e9t\u00e9 anonyme SOC1), \u00e9tablie et ayant\u2026\" \/>\n<meta property=\"og:url\" content=\"https:\/\/kohenavocats.com\/zh-hans\/jurisprudences\/cour-superieure-de-justice-12-fevrier-2020-n-2019-01142\/\" \/>\n<meta property=\"og:site_name\" content=\"Ma\u00eetre Hassan Kohen, avocat en droit p\u00e9nal \u00e0 Paris\" \/>\n<meta property=\"article:modified_time\" content=\"2026-04-29T10:17:25+00:00\" \/>\n<meta name=\"twitter:card\" content=\"summary_large_image\" \/>\n<meta name=\"twitter:label1\" content=\"\u9884\u8ba1\u9605\u8bfb\u65f6\u95f4\" \/>\n\t<meta name=\"twitter:data1\" content=\"6 \u5206\" \/>\n<script type=\"application\/ld+json\" class=\"yoast-schema-graph\">{\"@context\":\"https:\\\/\\\/schema.org\",\"@graph\":[{\"@type\":\"WebPage\",\"@id\":\"https:\\\/\\\/kohenavocats.com\\\/zh-hans\\\/jurisprudences\\\/cour-superieure-de-justice-12-fevrier-2020-n-2019-01142\\\/\",\"url\":\"https:\\\/\\\/kohenavocats.com\\\/zh-hans\\\/jurisprudences\\\/cour-superieure-de-justice-12-fevrier-2020-n-2019-01142\\\/\",\"name\":\"Cour sup\u00e9rieure de justice, 12 f\u00e9vrier 2020, n\u00b0 2019-01142 - Ma\u00eetre Hassan Kohen, avocat en droit p\u00e9nal \u00e0 Paris\",\"isPartOf\":{\"@id\":\"https:\\\/\\\/kohenavocats.com\\\/zh-hans\\\/#website\"},\"datePublished\":\"2026-04-29T10:17:22+00:00\",\"dateModified\":\"2026-04-29T10:17:25+00:00\",\"breadcrumb\":{\"@id\":\"https:\\\/\\\/kohenavocats.com\\\/zh-hans\\\/jurisprudences\\\/cour-superieure-de-justice-12-fevrier-2020-n-2019-01142\\\/#breadcrumb\"},\"inLanguage\":\"zh-Hans\",\"potentialAction\":[{\"@type\":\"ReadAction\",\"target\":[\"https:\\\/\\\/kohenavocats.com\\\/zh-hans\\\/jurisprudences\\\/cour-superieure-de-justice-12-fevrier-2020-n-2019-01142\\\/\"]}]},{\"@type\":\"BreadcrumbList\",\"@id\":\"https:\\\/\\\/kohenavocats.com\\\/zh-hans\\\/jurisprudences\\\/cour-superieure-de-justice-12-fevrier-2020-n-2019-01142\\\/#breadcrumb\",\"itemListElement\":[{\"@type\":\"ListItem\",\"position\":1,\"name\":\"Home\",\"item\":\"https:\\\/\\\/kohenavocats.com\\\/zh-hans\\\/\"},{\"@type\":\"ListItem\",\"position\":2,\"name\":\"Jurisprudences\",\"item\":\"https:\\\/\\\/kohenavocats.com\\\/zh-hans\\\/jurisprudences\\\/\"},{\"@type\":\"ListItem\",\"position\":3,\"name\":\"Cour sup\u00e9rieure de justice, 12 f\u00e9vrier 2020, n\u00b0 2019-01142\"}]},{\"@type\":\"WebSite\",\"@id\":\"https:\\\/\\\/kohenavocats.com\\\/zh-hans\\\/#website\",\"url\":\"https:\\\/\\\/kohenavocats.com\\\/zh-hans\\\/\",\"name\":\"Kohen Avocats\",\"description\":\"Ma\u00eetre Hassan Kohen, avocat p\u00e9naliste \u00e0 Paris, intervient exclusivement en droit p\u00e9nal pour la d\u00e9fense des particuliers, notamment en mati\u00e8re d\u2019accusations de viol. Il assure un accompagnement rigoureux d\u00e8s la garde \u00e0 vue jusqu\u2019\u00e0 la Cour d\u2019assises, veillant au strict respect des garanties proc\u00e9durales.\",\"publisher\":{\"@id\":\"https:\\\/\\\/kohenavocats.com\\\/zh-hans\\\/#organization\"},\"potentialAction\":[{\"@type\":\"SearchAction\",\"target\":{\"@type\":\"EntryPoint\",\"urlTemplate\":\"https:\\\/\\\/kohenavocats.com\\\/zh-hans\\\/?s={search_term_string}\"},\"query-input\":{\"@type\":\"PropertyValueSpecification\",\"valueRequired\":true,\"valueName\":\"search_term_string\"}}],\"inLanguage\":\"zh-Hans\"},{\"@type\":\"Organization\",\"@id\":\"https:\\\/\\\/kohenavocats.com\\\/zh-hans\\\/#organization\",\"name\":\"Kohen Avocats\",\"url\":\"https:\\\/\\\/kohenavocats.com\\\/zh-hans\\\/\",\"logo\":{\"@type\":\"ImageObject\",\"inLanguage\":\"zh-Hans\",\"@id\":\"https:\\\/\\\/kohenavocats.com\\\/zh-hans\\\/#\\\/schema\\\/logo\\\/image\\\/\",\"url\":\"https:\\\/\\\/kohenavocats.com\\\/wp-content\\\/uploads\\\/2026\\\/01\\\/Logo-2-1.webp\",\"contentUrl\":\"https:\\\/\\\/kohenavocats.com\\\/wp-content\\\/uploads\\\/2026\\\/01\\\/Logo-2-1.webp\",\"width\":2114,\"height\":1253,\"caption\":\"Kohen Avocats\"},\"image\":{\"@id\":\"https:\\\/\\\/kohenavocats.com\\\/zh-hans\\\/#\\\/schema\\\/logo\\\/image\\\/\"}}]}<\/script>\n<!-- \/ Yoast SEO Premium plugin. -->","yoast_head_json":{"title":"Cour sup\u00e9rieure de justice, 12 f\u00e9vrier 2020, n\u00b0 2019-01142 - Ma\u00eetre Hassan Kohen, avocat en droit p\u00e9nal \u00e0 Paris","robots":{"index":"index","follow":"follow","max-snippet":"max-snippet:-1","max-image-preview":"max-image-preview:large","max-video-preview":"max-video-preview:-1"},"canonical":"https:\/\/kohenavocats.com\/zh-hans\/jurisprudences\/cour-superieure-de-justice-12-fevrier-2020-n-2019-01142\/","og_locale":"zh_CN","og_type":"article","og_title":"Cour sup\u00e9rieure de justice, 12 f\u00e9vrier 2020, n\u00b0 2019-01142","og_description":"1 Arr\u00eat N\u00b0 18\/ 20 IV-COM Audience publique du douze f\u00e9vrier deux mille vingt Num\u00e9ro CAL-2019-01142 du r\u00f4le Composition: Marie-Laure MEYER, pr\u00e9sident de chambre; Carole BESCH, conseiller; Nathalie HILGERT, conseiller; Eric VILVENS, greffier. E n t r e la soci\u00e9t\u00e9 anonyme SOC1), \u00e9tablie et ayant\u2026","og_url":"https:\/\/kohenavocats.com\/zh-hans\/jurisprudences\/cour-superieure-de-justice-12-fevrier-2020-n-2019-01142\/","og_site_name":"Ma\u00eetre Hassan Kohen, avocat en droit p\u00e9nal \u00e0 Paris","article_modified_time":"2026-04-29T10:17:25+00:00","twitter_card":"summary_large_image","twitter_misc":{"\u9884\u8ba1\u9605\u8bfb\u65f6\u95f4":"6 \u5206"},"schema":{"@context":"https:\/\/schema.org","@graph":[{"@type":"WebPage","@id":"https:\/\/kohenavocats.com\/zh-hans\/jurisprudences\/cour-superieure-de-justice-12-fevrier-2020-n-2019-01142\/","url":"https:\/\/kohenavocats.com\/zh-hans\/jurisprudences\/cour-superieure-de-justice-12-fevrier-2020-n-2019-01142\/","name":"Cour sup\u00e9rieure de justice, 12 f\u00e9vrier 2020, n\u00b0 2019-01142 - Ma\u00eetre Hassan Kohen, avocat en droit p\u00e9nal \u00e0 Paris","isPartOf":{"@id":"https:\/\/kohenavocats.com\/zh-hans\/#website"},"datePublished":"2026-04-29T10:17:22+00:00","dateModified":"2026-04-29T10:17:25+00:00","breadcrumb":{"@id":"https:\/\/kohenavocats.com\/zh-hans\/jurisprudences\/cour-superieure-de-justice-12-fevrier-2020-n-2019-01142\/#breadcrumb"},"inLanguage":"zh-Hans","potentialAction":[{"@type":"ReadAction","target":["https:\/\/kohenavocats.com\/zh-hans\/jurisprudences\/cour-superieure-de-justice-12-fevrier-2020-n-2019-01142\/"]}]},{"@type":"BreadcrumbList","@id":"https:\/\/kohenavocats.com\/zh-hans\/jurisprudences\/cour-superieure-de-justice-12-fevrier-2020-n-2019-01142\/#breadcrumb","itemListElement":[{"@type":"ListItem","position":1,"name":"Home","item":"https:\/\/kohenavocats.com\/zh-hans\/"},{"@type":"ListItem","position":2,"name":"Jurisprudences","item":"https:\/\/kohenavocats.com\/zh-hans\/jurisprudences\/"},{"@type":"ListItem","position":3,"name":"Cour sup\u00e9rieure de justice, 12 f\u00e9vrier 2020, n\u00b0 2019-01142"}]},{"@type":"WebSite","@id":"https:\/\/kohenavocats.com\/zh-hans\/#website","url":"https:\/\/kohenavocats.com\/zh-hans\/","name":"Kohen Avocats","description":"Ma\u00eetre Hassan Kohen, avocat p\u00e9naliste \u00e0 Paris, intervient exclusivement en droit p\u00e9nal pour la d\u00e9fense des particuliers, notamment en mati\u00e8re d\u2019accusations de viol. Il assure un accompagnement rigoureux d\u00e8s la garde \u00e0 vue jusqu\u2019\u00e0 la Cour d\u2019assises, veillant au strict respect des garanties proc\u00e9durales.","publisher":{"@id":"https:\/\/kohenavocats.com\/zh-hans\/#organization"},"potentialAction":[{"@type":"SearchAction","target":{"@type":"EntryPoint","urlTemplate":"https:\/\/kohenavocats.com\/zh-hans\/?s={search_term_string}"},"query-input":{"@type":"PropertyValueSpecification","valueRequired":true,"valueName":"search_term_string"}}],"inLanguage":"zh-Hans"},{"@type":"Organization","@id":"https:\/\/kohenavocats.com\/zh-hans\/#organization","name":"Kohen Avocats","url":"https:\/\/kohenavocats.com\/zh-hans\/","logo":{"@type":"ImageObject","inLanguage":"zh-Hans","@id":"https:\/\/kohenavocats.com\/zh-hans\/#\/schema\/logo\/image\/","url":"https:\/\/kohenavocats.com\/wp-content\/uploads\/2026\/01\/Logo-2-1.webp","contentUrl":"https:\/\/kohenavocats.com\/wp-content\/uploads\/2026\/01\/Logo-2-1.webp","width":2114,"height":1253,"caption":"Kohen Avocats"},"image":{"@id":"https:\/\/kohenavocats.com\/zh-hans\/#\/schema\/logo\/image\/"}}]}},"jetpack_likes_enabled":false,"jetpack_sharing_enabled":true,"_links":{"self":[{"href":"https:\/\/kohenavocats.com\/zh-hans\/wp-json\/wp\/v2\/kji_decision\/751814","targetHints":{"allow":["GET"]}}],"collection":[{"href":"https:\/\/kohenavocats.com\/zh-hans\/wp-json\/wp\/v2\/kji_decision"}],"about":[{"href":"https:\/\/kohenavocats.com\/zh-hans\/wp-json\/wp\/v2\/types\/kji_decision"}],"wp:attachment":[{"href":"https:\/\/kohenavocats.com\/zh-hans\/wp-json\/wp\/v2\/media?parent=751814"}],"wp:term":[{"taxonomy":"kji_country","embeddable":true,"href":"https:\/\/kohenavocats.com\/zh-hans\/wp-json\/wp\/v2\/kji_country?post=751814"},{"taxonomy":"kji_court","embeddable":true,"href":"https:\/\/kohenavocats.com\/zh-hans\/wp-json\/wp\/v2\/kji_court?post=751814"},{"taxonomy":"kji_chamber","embeddable":true,"href":"https:\/\/kohenavocats.com\/zh-hans\/wp-json\/wp\/v2\/kji_chamber?post=751814"},{"taxonomy":"kji_year","embeddable":true,"href":"https:\/\/kohenavocats.com\/zh-hans\/wp-json\/wp\/v2\/kji_year?post=751814"},{"taxonomy":"kji_subject","embeddable":true,"href":"https:\/\/kohenavocats.com\/zh-hans\/wp-json\/wp\/v2\/kji_subject?post=751814"},{"taxonomy":"kji_keyword","embeddable":true,"href":"https:\/\/kohenavocats.com\/zh-hans\/wp-json\/wp\/v2\/kji_keyword?post=751814"},{"taxonomy":"kji_language","embeddable":true,"href":"https:\/\/kohenavocats.com\/zh-hans\/wp-json\/wp\/v2\/kji_language?post=751814"}],"curies":[{"name":"wp","href":"https:\/\/api.w.org\/{rel}","templated":true}]}}