{"id":754963,"date":"2026-04-29T14:39:44","date_gmt":"2026-04-29T12:39:44","guid":{"rendered":"https:\/\/kohenavocats.com\/jurisprudences\/tribunal-darrondissement-13-decembre-2019-n-2019-10100\/"},"modified":"2026-04-29T14:39:47","modified_gmt":"2026-04-29T12:39:47","slug":"tribunal-darrondissement-13-decembre-2019-n-2019-10100","status":"publish","type":"kji_decision","link":"https:\/\/kohenavocats.com\/zh-hans\/jurisprudences\/tribunal-darrondissement-13-decembre-2019-n-2019-10100\/","title":{"rendered":"Tribunal d&#8217;arrondissement, 13 d\u00e9cembre 2019, n\u00b0 2019-10100"},"content":{"rendered":"<div class=\"kji-decision\">\n<div class=\"kji-full-text\">\n<p>1 Jugement commercial 2019TALCH02\/01889 Audience publique du vendredi, treize d\u00e9cembre deux mille dix-neuf. Num\u00e9ro du r\u00f4le: TAL-2019-10100 Faillite n\u00b01178\/2019 Composition: Anick WOLFF, 1 \u00e8re vice-pr\u00e9sidente; Steve KOENIG, 1 er juge; Marlene MULLER, juge; Paul BRACHMOND, greffier. LE TRIBUNAL: Attendu qu&#039;il r\u00e9sulte de l&#039;aveu fait au greffe du tribunal de commerce de Luxembourg, le jeudi 12 d\u00e9cembre 2019 \u00e0 9h00parMa\u00eetre Patrick RIES, avocat, demeurant \u00e0 Luxembourg, munid\u2019une procuration des administrateurs du 11 d\u00e9cembre 2019, agissant en sa qualit\u00e9 de mandataire de lasoci\u00e9t\u00e9 anonymeSOCIETE1.)SA,\u00e9tablie et ayant son si\u00e8ge social \u00e0 L-ADRESSE1.), repr\u00e9sent\u00e9e par son conseil d\u2019administration actuellement en fonctions et inscrite au Registre de Commerce et des Soci\u00e9t\u00e9s de Luxembourg sous le num\u00e9ro NUMERO1.),quelasoci\u00e9t\u00e9SOCIETE1.)SA acess\u00e9 ses paiements et que son cr\u00e9dit est \u00e9branl\u00e9; qu&#039;il y a donc lieu de la d\u00e9clarer en \u00e9tat de faillite conform\u00e9ment aux articles 440 et 442 du Code de commerce. Par ces motifs: le tribunal d&#039;arrondissement de et \u00e0 Luxembourg, deuxi\u00e8me chambre, si\u00e9geant en mati\u00e8re commerciale, re\u00e7oitla demande en la forme; laditfond\u00e9e; d\u00e9clare sur aveuen \u00e9tat de faillite lasoci\u00e9t\u00e9 anonymeSOCIETE1.)SA,\u00e9tablie et ayant son si\u00e8ge social \u00e0 L-ADRESSE1.); fixeprovisoirement l&#039;\u00e9poque de la cessation des paiements au 13 juin 2019; nommejuge-commissaire Madame Marlene MULLER, juge au tribunal d&#039;arrondissement de Luxembourg et d\u00e9signecomme curateurMa\u00eetre Yann BADEN, avocat \u00e0 la Cour, demeurant \u00e0Gonderange; ordonneaux cr\u00e9anciers de faire au greffe du tribunal de commerce de ce si\u00e8ge la d\u00e9claration du montant de leurs cr\u00e9ances avant le 27 d\u00e9cembre 2019; fixelieu, jour et heure pour la cl\u00f4ture du proc\u00e8s-verbal de v\u00e9rification des cr\u00e9ances au 10 janvier 2020 \u00e0 14.30 heures et pour les d\u00e9bats sur les contestations \u00e0 na\u00eetre de cette v\u00e9rification au 24 janvier 2020 \u00e0 9.00 heures chaque fois en l\u2019auditoire du tribunal d\u2019arrondissement de et \u00e0 Luxembourg, si\u00e9geant en mati\u00e8re commerciale, Cit\u00e9 Judiciaire, 7, rue du St. Esprit, 1 er \u00e9tage, salle CO.1.01; ordonneque les scell\u00e9s seront appos\u00e9s au si\u00e8ge social de lafaillieet partout ailleurs o\u00f9 besoin en sera, \u00e0 moins que l&#039;inventaire ne puisse \u00eatre termin\u00e9 en un seul jour, auquel cas il y sera proc\u00e9d\u00e9 sans apposition pr\u00e9alable;<\/p>\n<p>2 ordonneque le pr\u00e9sent jugement sera affich\u00e9 en l&#039;auditoire du tribunal de commerce de ce si\u00e8ge et ins\u00e9r\u00e9 par extrait dans les journaux &quot;Luxemburger Wort&quot; et &quot;Tageblatt&quot;, \u00e9dit\u00e9s respectivement \u00e0 Luxembourg et \u00e0 Esch-sur-Alzette; condamne la faillie aux frais qui seront pr\u00e9lev\u00e9s par privil\u00e8ge sur l&#039;actif de la faillite; ordonnel&#039;ex\u00e9cution provisoire du pr\u00e9sent jugement.<\/p>\n<\/div>\n<hr class=\"kji-sep\" \/>\n<p class=\"kji-source-links\"><strong>Sources officielles :<\/strong> <a class=\"kji-source-link\" href=\"https:\/\/data.public.lu\/fr\/datasets\/tribunal-darrondissement-luxembourg-commerce\/\" target=\"_blank\" rel=\"noopener noreferrer\">consulter la page source<\/a> &middot; <a class=\"kji-pdf-link\" href=\"https:\/\/download.data.public.lu\/resources\/tribunal-darrondissement-luxembourg-commerce\/20251208-000852\/20191213-talch02-tal-2019-10100-pseudonymise-accessible.pdf\" target=\"_blank\" rel=\"noopener noreferrer\">PDF officiel<\/a><\/p>\n<p class=\"kji-license-note\"><em>Licence CC BY-ND 4.0 (Administration judiciaire, data.public.lu). Republication autorisee avec attribution, sans modification editoriale du texte integral.<\/em><\/p>\n<\/div>\n","protected":false},"excerpt":{"rendered":"<p>1 Jugement commercial 2019TALCH02\/01889 Audience publique du vendredi, treize d\u00e9cembre deux mille dix-neuf. Num\u00e9ro du r\u00f4le: TAL-2019-10100 Faillite n\u00b01178\/2019 Composition: Anick WOLFF, 1 \u00e8re vice-pr\u00e9sidente; Steve KOENIG, 1 er juge; Marlene MULLER, juge; Paul BRACHMOND, greffier. LE TRIBUNAL: Attendu qu&#8217;il r\u00e9sulte de l&#8217;aveu fait au\u2026<\/p>\n","protected":false},"featured_media":0,"template":"","meta":{"_crdt_document":""},"kji_country":[8418],"kji_court":[23583],"kji_chamber":[24938],"kji_year":[45029],"kji_subject":[7625],"kji_keyword":[23584,8464,7636],"kji_language":[7733],"class_list":["post-754963","kji_decision","type-kji_decision","status-publish","hentry","kji_country-luxembourg","kji_court-tribunal-darrondissement","kji_chamber-commerce","kji_year-45029","kji_subject-commercial","kji_keyword-arrondissement","kji_keyword-decembre","kji_keyword-tribunal","kji_language-francais"],"yoast_head":"<!-- This site is optimized with the Yoast SEO Premium plugin v27.5 (Yoast SEO v27.5) - https:\/\/yoast.com\/product\/yoast-seo-premium-wordpress\/ -->\n<title>Tribunal d&#039;arrondissement, 13 d\u00e9cembre 2019, n\u00b0 2019-10100 - Ma\u00eetre Hassan Kohen, avocat en droit p\u00e9nal \u00e0 Paris<\/title>\n<meta name=\"robots\" content=\"index, follow, max-snippet:-1, max-image-preview:large, max-video-preview:-1\" \/>\n<link rel=\"canonical\" href=\"https:\/\/kohenavocats.com\/zh-hans\/jurisprudences\/tribunal-darrondissement-13-decembre-2019-n-2019-10100\/\" \/>\n<meta property=\"og:locale\" content=\"zh_CN\" \/>\n<meta property=\"og:type\" content=\"article\" \/>\n<meta property=\"og:title\" content=\"Tribunal d&#039;arrondissement, 13 d\u00e9cembre 2019, n\u00b0 2019-10100\" \/>\n<meta property=\"og:description\" content=\"1 Jugement commercial 2019TALCH02\/01889 Audience publique du vendredi, treize d\u00e9cembre deux mille dix-neuf. Num\u00e9ro du r\u00f4le: TAL-2019-10100 Faillite n\u00b01178\/2019 Composition: Anick WOLFF, 1 \u00e8re vice-pr\u00e9sidente; Steve KOENIG, 1 er juge; Marlene MULLER, juge; Paul BRACHMOND, greffier. LE TRIBUNAL: Attendu qu&#039;il r\u00e9sulte de l&#039;aveu fait au\u2026\" \/>\n<meta property=\"og:url\" content=\"https:\/\/kohenavocats.com\/zh-hans\/jurisprudences\/tribunal-darrondissement-13-decembre-2019-n-2019-10100\/\" \/>\n<meta property=\"og:site_name\" content=\"Ma\u00eetre Hassan Kohen, avocat en droit p\u00e9nal \u00e0 Paris\" \/>\n<meta property=\"article:modified_time\" content=\"2026-04-29T12:39:47+00:00\" \/>\n<meta name=\"twitter:card\" content=\"summary_large_image\" \/>\n<meta name=\"twitter:label1\" content=\"\u9884\u8ba1\u9605\u8bfb\u65f6\u95f4\" \/>\n\t<meta name=\"twitter:data1\" content=\"2 \u5206\" \/>\n<script type=\"application\/ld+json\" class=\"yoast-schema-graph\">{\"@context\":\"https:\\\/\\\/schema.org\",\"@graph\":[{\"@type\":\"WebPage\",\"@id\":\"https:\\\/\\\/kohenavocats.com\\\/zh-hans\\\/jurisprudences\\\/tribunal-darrondissement-13-decembre-2019-n-2019-10100\\\/\",\"url\":\"https:\\\/\\\/kohenavocats.com\\\/zh-hans\\\/jurisprudences\\\/tribunal-darrondissement-13-decembre-2019-n-2019-10100\\\/\",\"name\":\"Tribunal d'arrondissement, 13 d\u00e9cembre 2019, n\u00b0 2019-10100 - Ma\u00eetre Hassan Kohen, avocat en droit p\u00e9nal \u00e0 Paris\",\"isPartOf\":{\"@id\":\"https:\\\/\\\/kohenavocats.com\\\/zh-hans\\\/#website\"},\"datePublished\":\"2026-04-29T12:39:44+00:00\",\"dateModified\":\"2026-04-29T12:39:47+00:00\",\"breadcrumb\":{\"@id\":\"https:\\\/\\\/kohenavocats.com\\\/zh-hans\\\/jurisprudences\\\/tribunal-darrondissement-13-decembre-2019-n-2019-10100\\\/#breadcrumb\"},\"inLanguage\":\"zh-Hans\",\"potentialAction\":[{\"@type\":\"ReadAction\",\"target\":[\"https:\\\/\\\/kohenavocats.com\\\/zh-hans\\\/jurisprudences\\\/tribunal-darrondissement-13-decembre-2019-n-2019-10100\\\/\"]}]},{\"@type\":\"BreadcrumbList\",\"@id\":\"https:\\\/\\\/kohenavocats.com\\\/zh-hans\\\/jurisprudences\\\/tribunal-darrondissement-13-decembre-2019-n-2019-10100\\\/#breadcrumb\",\"itemListElement\":[{\"@type\":\"ListItem\",\"position\":1,\"name\":\"Home\",\"item\":\"https:\\\/\\\/kohenavocats.com\\\/zh-hans\\\/\"},{\"@type\":\"ListItem\",\"position\":2,\"name\":\"Jurisprudences\",\"item\":\"https:\\\/\\\/kohenavocats.com\\\/zh-hans\\\/jurisprudences\\\/\"},{\"@type\":\"ListItem\",\"position\":3,\"name\":\"Tribunal d&rsquo;arrondissement, 13 d\u00e9cembre 2019, n\u00b0 2019-10100\"}]},{\"@type\":\"WebSite\",\"@id\":\"https:\\\/\\\/kohenavocats.com\\\/zh-hans\\\/#website\",\"url\":\"https:\\\/\\\/kohenavocats.com\\\/zh-hans\\\/\",\"name\":\"Kohen Avocats\",\"description\":\"Ma\u00eetre Hassan Kohen, avocat p\u00e9naliste \u00e0 Paris, intervient exclusivement en droit p\u00e9nal pour la d\u00e9fense des particuliers, notamment en mati\u00e8re d\u2019accusations de viol. Il assure un accompagnement rigoureux d\u00e8s la garde \u00e0 vue jusqu\u2019\u00e0 la Cour d\u2019assises, veillant au strict respect des garanties proc\u00e9durales.\",\"publisher\":{\"@id\":\"https:\\\/\\\/kohenavocats.com\\\/zh-hans\\\/#organization\"},\"potentialAction\":[{\"@type\":\"SearchAction\",\"target\":{\"@type\":\"EntryPoint\",\"urlTemplate\":\"https:\\\/\\\/kohenavocats.com\\\/zh-hans\\\/?s={search_term_string}\"},\"query-input\":{\"@type\":\"PropertyValueSpecification\",\"valueRequired\":true,\"valueName\":\"search_term_string\"}}],\"inLanguage\":\"zh-Hans\"},{\"@type\":\"Organization\",\"@id\":\"https:\\\/\\\/kohenavocats.com\\\/zh-hans\\\/#organization\",\"name\":\"Kohen Avocats\",\"url\":\"https:\\\/\\\/kohenavocats.com\\\/zh-hans\\\/\",\"logo\":{\"@type\":\"ImageObject\",\"inLanguage\":\"zh-Hans\",\"@id\":\"https:\\\/\\\/kohenavocats.com\\\/zh-hans\\\/#\\\/schema\\\/logo\\\/image\\\/\",\"url\":\"https:\\\/\\\/kohenavocats.com\\\/wp-content\\\/uploads\\\/2026\\\/01\\\/Logo-2-1.webp\",\"contentUrl\":\"https:\\\/\\\/kohenavocats.com\\\/wp-content\\\/uploads\\\/2026\\\/01\\\/Logo-2-1.webp\",\"width\":2114,\"height\":1253,\"caption\":\"Kohen Avocats\"},\"image\":{\"@id\":\"https:\\\/\\\/kohenavocats.com\\\/zh-hans\\\/#\\\/schema\\\/logo\\\/image\\\/\"}}]}<\/script>\n<!-- \/ Yoast SEO Premium plugin. -->","yoast_head_json":{"title":"Tribunal d'arrondissement, 13 d\u00e9cembre 2019, n\u00b0 2019-10100 - Ma\u00eetre Hassan Kohen, avocat en droit p\u00e9nal \u00e0 Paris","robots":{"index":"index","follow":"follow","max-snippet":"max-snippet:-1","max-image-preview":"max-image-preview:large","max-video-preview":"max-video-preview:-1"},"canonical":"https:\/\/kohenavocats.com\/zh-hans\/jurisprudences\/tribunal-darrondissement-13-decembre-2019-n-2019-10100\/","og_locale":"zh_CN","og_type":"article","og_title":"Tribunal d'arrondissement, 13 d\u00e9cembre 2019, n\u00b0 2019-10100","og_description":"1 Jugement commercial 2019TALCH02\/01889 Audience publique du vendredi, treize d\u00e9cembre deux mille dix-neuf. Num\u00e9ro du r\u00f4le: TAL-2019-10100 Faillite n\u00b01178\/2019 Composition: Anick WOLFF, 1 \u00e8re vice-pr\u00e9sidente; Steve KOENIG, 1 er juge; Marlene MULLER, juge; Paul BRACHMOND, greffier. LE TRIBUNAL: Attendu qu'il r\u00e9sulte de l'aveu fait au\u2026","og_url":"https:\/\/kohenavocats.com\/zh-hans\/jurisprudences\/tribunal-darrondissement-13-decembre-2019-n-2019-10100\/","og_site_name":"Ma\u00eetre Hassan Kohen, avocat en droit p\u00e9nal \u00e0 Paris","article_modified_time":"2026-04-29T12:39:47+00:00","twitter_card":"summary_large_image","twitter_misc":{"\u9884\u8ba1\u9605\u8bfb\u65f6\u95f4":"2 \u5206"},"schema":{"@context":"https:\/\/schema.org","@graph":[{"@type":"WebPage","@id":"https:\/\/kohenavocats.com\/zh-hans\/jurisprudences\/tribunal-darrondissement-13-decembre-2019-n-2019-10100\/","url":"https:\/\/kohenavocats.com\/zh-hans\/jurisprudences\/tribunal-darrondissement-13-decembre-2019-n-2019-10100\/","name":"Tribunal d'arrondissement, 13 d\u00e9cembre 2019, n\u00b0 2019-10100 - Ma\u00eetre Hassan Kohen, avocat en droit p\u00e9nal \u00e0 Paris","isPartOf":{"@id":"https:\/\/kohenavocats.com\/zh-hans\/#website"},"datePublished":"2026-04-29T12:39:44+00:00","dateModified":"2026-04-29T12:39:47+00:00","breadcrumb":{"@id":"https:\/\/kohenavocats.com\/zh-hans\/jurisprudences\/tribunal-darrondissement-13-decembre-2019-n-2019-10100\/#breadcrumb"},"inLanguage":"zh-Hans","potentialAction":[{"@type":"ReadAction","target":["https:\/\/kohenavocats.com\/zh-hans\/jurisprudences\/tribunal-darrondissement-13-decembre-2019-n-2019-10100\/"]}]},{"@type":"BreadcrumbList","@id":"https:\/\/kohenavocats.com\/zh-hans\/jurisprudences\/tribunal-darrondissement-13-decembre-2019-n-2019-10100\/#breadcrumb","itemListElement":[{"@type":"ListItem","position":1,"name":"Home","item":"https:\/\/kohenavocats.com\/zh-hans\/"},{"@type":"ListItem","position":2,"name":"Jurisprudences","item":"https:\/\/kohenavocats.com\/zh-hans\/jurisprudences\/"},{"@type":"ListItem","position":3,"name":"Tribunal d&rsquo;arrondissement, 13 d\u00e9cembre 2019, n\u00b0 2019-10100"}]},{"@type":"WebSite","@id":"https:\/\/kohenavocats.com\/zh-hans\/#website","url":"https:\/\/kohenavocats.com\/zh-hans\/","name":"Kohen Avocats","description":"Ma\u00eetre Hassan Kohen, avocat p\u00e9naliste \u00e0 Paris, intervient exclusivement en droit p\u00e9nal pour la d\u00e9fense des particuliers, notamment en mati\u00e8re d\u2019accusations de viol. Il assure un accompagnement rigoureux d\u00e8s la garde \u00e0 vue jusqu\u2019\u00e0 la Cour d\u2019assises, veillant au strict respect des garanties proc\u00e9durales.","publisher":{"@id":"https:\/\/kohenavocats.com\/zh-hans\/#organization"},"potentialAction":[{"@type":"SearchAction","target":{"@type":"EntryPoint","urlTemplate":"https:\/\/kohenavocats.com\/zh-hans\/?s={search_term_string}"},"query-input":{"@type":"PropertyValueSpecification","valueRequired":true,"valueName":"search_term_string"}}],"inLanguage":"zh-Hans"},{"@type":"Organization","@id":"https:\/\/kohenavocats.com\/zh-hans\/#organization","name":"Kohen Avocats","url":"https:\/\/kohenavocats.com\/zh-hans\/","logo":{"@type":"ImageObject","inLanguage":"zh-Hans","@id":"https:\/\/kohenavocats.com\/zh-hans\/#\/schema\/logo\/image\/","url":"https:\/\/kohenavocats.com\/wp-content\/uploads\/2026\/01\/Logo-2-1.webp","contentUrl":"https:\/\/kohenavocats.com\/wp-content\/uploads\/2026\/01\/Logo-2-1.webp","width":2114,"height":1253,"caption":"Kohen Avocats"},"image":{"@id":"https:\/\/kohenavocats.com\/zh-hans\/#\/schema\/logo\/image\/"}}]}},"jetpack_likes_enabled":false,"jetpack_sharing_enabled":true,"_links":{"self":[{"href":"https:\/\/kohenavocats.com\/zh-hans\/wp-json\/wp\/v2\/kji_decision\/754963","targetHints":{"allow":["GET"]}}],"collection":[{"href":"https:\/\/kohenavocats.com\/zh-hans\/wp-json\/wp\/v2\/kji_decision"}],"about":[{"href":"https:\/\/kohenavocats.com\/zh-hans\/wp-json\/wp\/v2\/types\/kji_decision"}],"wp:attachment":[{"href":"https:\/\/kohenavocats.com\/zh-hans\/wp-json\/wp\/v2\/media?parent=754963"}],"wp:term":[{"taxonomy":"kji_country","embeddable":true,"href":"https:\/\/kohenavocats.com\/zh-hans\/wp-json\/wp\/v2\/kji_country?post=754963"},{"taxonomy":"kji_court","embeddable":true,"href":"https:\/\/kohenavocats.com\/zh-hans\/wp-json\/wp\/v2\/kji_court?post=754963"},{"taxonomy":"kji_chamber","embeddable":true,"href":"https:\/\/kohenavocats.com\/zh-hans\/wp-json\/wp\/v2\/kji_chamber?post=754963"},{"taxonomy":"kji_year","embeddable":true,"href":"https:\/\/kohenavocats.com\/zh-hans\/wp-json\/wp\/v2\/kji_year?post=754963"},{"taxonomy":"kji_subject","embeddable":true,"href":"https:\/\/kohenavocats.com\/zh-hans\/wp-json\/wp\/v2\/kji_subject?post=754963"},{"taxonomy":"kji_keyword","embeddable":true,"href":"https:\/\/kohenavocats.com\/zh-hans\/wp-json\/wp\/v2\/kji_keyword?post=754963"},{"taxonomy":"kji_language","embeddable":true,"href":"https:\/\/kohenavocats.com\/zh-hans\/wp-json\/wp\/v2\/kji_language?post=754963"}],"curies":[{"name":"wp","href":"https:\/\/api.w.org\/{rel}","templated":true}]}}