{"id":766229,"date":"2026-04-29T23:57:18","date_gmt":"2026-04-29T21:57:18","guid":{"rendered":"https:\/\/kohenavocats.com\/jurisprudences\/cour-de-cassation-6-juin-2019-n-2018-00060-3\/"},"modified":"2026-04-29T23:57:21","modified_gmt":"2026-04-29T21:57:21","slug":"cour-de-cassation-6-juin-2019-n-2018-00060-3","status":"publish","type":"kji_decision","link":"https:\/\/kohenavocats.com\/zh-hans\/jurisprudences\/cour-de-cassation-6-juin-2019-n-2018-00060-3\/","title":{"rendered":"Cour de cassation, 6 juin 2019, n\u00b0 2018-00060"},"content":{"rendered":"<div class=\"kji-decision\">\n<div class=\"kji-full-text\">\n<p>N\u00b0 95 \/ 2019 du 06.06.2019. Num\u00e9ro CAS -2018-00060 du registre.<\/p>\n<p>Audience publique de la Cour de cassation du Grand- Duch\u00e9 de Luxembourg du jeudi, six juin deux mille dix-neuf.<\/p>\n<p>Composition:<\/p>\n<p>Jean-Claude WIWINIUS, pr\u00e9sident de la Cour , Romain LUDOVICY, conseiller \u00e0 la Cour de cassation, Carlo HEYARD, conseiller \u00e0 la Cour de cassation, Eliane EICHER, conseiller \u00e0 la Cour de cassation, Michel REIFFERS, conseiller \u00e0 la Cour de cassation, Sandra KERSCH, avocat g\u00e9n\u00e9ral, Marcel SCHWARTZ, adjoint du greffi er en chef.<\/p>\n<p>Entre:<\/p>\n<p>l\u2019ETAT DU GRAND- DUCHE DE LUXEMBOURG, pris en sa qualit\u00e9 de gestionnaire du Fonds pour l\u2019emploi, repr\u00e9sent\u00e9 par le Ministre d\u2019Etat, ayant ses bureaux \u00e0 L -1352 Luxembourg, 4, rue de la Congr\u00e9gation,<\/p>\n<p>demandeur en cassation,<\/p>\n<p>comparant par Ma\u00eetre Georges PIERRET, avocat \u00e0 la Cour, en l\u2019\u00e9tude duquel domicile est \u00e9lu,<\/p>\n<p>et:<\/p>\n<p>1) A), demeurant \u00e0 (\u2026),<\/p>\n<p>d\u00e9fenderes se en cassation,<\/p>\n<p>comparant par Ma\u00eetre Guy THOMAS , avocat \u00e0 la Cour, en l\u2019\u00e9tude duquel domicile est \u00e9lu,<\/p>\n<p>2) la soci\u00e9t\u00e9 anonyme SOC1) , \u00e9tablie et ayant son si\u00e8ge social \u00e0 (\u2026), repr\u00e9sent\u00e9e par son conseil d\u2019administration, inscrite au registre de commerce et des soci\u00e9t\u00e9s sous le num\u00e9ro (\u2026),<\/p>\n<p>d\u00e9fenderesse en cassation,<\/p>\n<p>comparant par Ma\u00eetre Trixi LANNERS, avocat \u00e0 la Cour, en l\u2019\u00e9tude de laquelle domicile est \u00e9lu. LA COUR DE CASSATION :<\/p>\n<p>Vu l\u2019arr\u00eat attaqu\u00e9, num\u00e9ro 58\/18, rendu le 3 mai 2018 sous le num\u00e9ro 45024 du r\u00f4le par la Cour d\u2019appel du Grand- Duch\u00e9 de Luxembourg, huit i\u00e8me chambre, si\u00e9geant en mati\u00e8re de droit du travail ;<\/p>\n<p>Vu le m\u00e9moire en cassation signifi\u00e9 le 26 juillet 2018 par l\u2019ETAT DU GRAND- DUCHE DE LUXEMBOURG \u00e0 A) et \u00e0 la soci\u00e9t\u00e9 anonyme SOC1), d\u00e9pos\u00e9 le 1 er ao\u00fbt 2018 au greffe de la Cour ;<\/p>\n<p>Vu le m\u00e9moire en r\u00e9ponse signifi\u00e9 le 19 septembre 2018 par A) \u00e0 l\u2019ETAT DU GRAND- DUCHE DE LUXEMBOURG et \u00e0 la soci\u00e9t\u00e9 anonyme SOC1), d\u00e9pos\u00e9 le 21 septembre 2018 au greffe de la Cour ;<\/p>\n<p>Vu le m\u00e9moire en r\u00e9ponse signifi\u00e9 le 25 septembre 2018 par la soci\u00e9t\u00e9 anonyme SOC1) \u00e0 l\u2019ETAT DU GRAND- DUCHE DE LUXEMBOURG et \u00e0 A), d\u00e9pos\u00e9 le 26 septembre 2018 au greffe de la Cour ;<\/p>\n<p>Sur le rapport du conseiller Romain LUDOVICY et sur les conclusions de l\u2019avocat g\u00e9n\u00e9ral Isabelle JUNG ;<\/p>\n<p>Sur les faits :<\/p>\n<p>Attendu, selon l\u2019arr\u00eat attaqu\u00e9, que le tribunal du travail de Luxembourg, saisi, d\u2019une part, par A) d\u2019une demande tendant \u00e0 voir d\u00e9clarer son licenciement avec effet imm\u00e9diat pour faute grave abusif et \u00e0 voir condamner son employeur, la soci\u00e9t\u00e9 anonyme SOC1), \u00e0 lui payer une indemnit\u00e9 de pr\u00e9avis et des dommages-int\u00e9r\u00eats pour pr\u00e9judices mat\u00e9riel et moral et, d\u2019autre part, par l\u2019ETAT DU GRAND-DUCHE DE LUXEMBOURG, agissant en sa qualit\u00e9 de gestionnaire du Fonds pour l\u2019emploi, d\u2019une demande en remboursement des indemnit\u00e9s de ch\u00f4mage avanc\u00e9es par provision \u00e0 la salari\u00e9e licenci\u00e9e, avait d\u00e9clar\u00e9 le licenciement abusif, avait donn\u00e9 acte \u00e0 A) de ce qu\u2019elle renon\u00e7ait \u00e0 sa demande en indemnisation pour pr\u00e9judice mat\u00e9riel, avait condamn\u00e9 l\u2019employeur au paiement d\u2019une indemnit\u00e9 de pr\u00e9avis et de dommages-int\u00e9r\u00eats pour pr\u00e9judice moral et avait dit non fond\u00e9e la demande de l\u2019ETAT ; que la Cour d\u2019appel a dit l\u2019appel relev\u00e9 par l\u2019ETAT non fond\u00e9 et a confirm\u00e9 la d\u00e9cision de rejet de sa demande ;<\/p>\n<p>Sur l\u2019unique moyen de cassation :<\/p>\n<p>\u00ab tir\u00e9 de la contravention \u00e0 la loi in specie, de la violation, de la fausse interpr\u00e9tation et de la fausse application de l&#039;article L.124- 6 du Code du travail disposant que : &lt;&lt; La partie qui r\u00e9silie le contrat \u00e0 dur\u00e9e ind\u00e9termin\u00e9e sans y \u00eatre autoris\u00e9e par l&#039;article L.124- 10 ou sans respecter les d\u00e9lais de pr\u00e9avis vis\u00e9s aux articles L.124- 4 et L.124- 5 est tenue de payer \u00e0 l&#039;autre partie une indemnit\u00e9 compensatoire de pr\u00e9avis \u00e9gale au salaire correspondant \u00e0 la dur\u00e9e de pr\u00e9avis ou, le cas \u00e9ch\u00e9ant, \u00e0 la partie de ce d\u00e9lai restant \u00e0 courir. L&#039;indemnit\u00e9 pr\u00e9vue \u00e0 l&#039;alin\u00e9a qui pr\u00e9c\u00e8de ne se confond ni avec l&#039;indemnit\u00e9 de d\u00e9part vis\u00e9e \u00e0 l&#039;article L.124- 7 ni avec la r\u00e9paration vis\u00e9e \u00e0 l&#039;article L.124- 10.<\/p>\n<p>3 En ce que la Cour sup\u00e9rieure de justice a retenu que l&#039;indemnit\u00e9 de pr\u00e9avis pr\u00e9vue par l&#039;article L.124-6 correspond au salaire redu conform\u00e9ment au pr\u00e9avis pr\u00e9vu \u00e0 l&#039;article L.124- 3 (2), et que cette indemnit\u00e9 serait due par l&#039;employeur pour une p\u00e9riode d\u00e9termin\u00e9e qui couvre en l&#039;esp\u00e8ce la p\u00e9riode du 30 novembre 2013 au 29 janvier 2014,<\/p>\n<p>alors que l&#039;indemnit\u00e9 pr\u00e9vue \u00e0 l&#039;article L.124- 6 ne saurait \u00eatre identifi\u00e9e \u00e0 l&#039;indemnit\u00e9 de pr\u00e9avis pr\u00e9vue \u00e0 l&#039;article L.124- 3 (2), et constitue une indemnit\u00e9 compensatoire, sans aucune r\u00e9f\u00e9rence \u00e0 une date de travail fixe. \u00bb ;<\/p>\n<p>Attendu que la Cour d\u2019appel a retenu ce qui suit :<\/p>\n<p>\u00ab Aux termes de l\u2019article L.521- 4. (5), alin\u00e9a 1 er du Code du travail &lt;&lt; le jugement ou l\u2019arr\u00eat d\u00e9clarant abusif le licenciement du salari\u00e9 ou justifi\u00e9e la d\u00e9mission motiv\u00e9e par un acte de harc\u00e8lement sexuel condamne l\u2019employeur \u00e0 rembourser au Fonds pour l\u2019emploi les indemnit\u00e9s de ch\u00f4mage par lui vers\u00e9es au salari\u00e9 pour la ou les p\u00e9riodes couvertes par les salaires ou indemnit\u00e9s que l\u2019employeur est tenu de verser en application du jugement ou de l\u2019arr\u00eat. Il en est de m\u00eame du jugement ou de l\u2019arr\u00eat condamnant l\u2019employeur au versement des salaires, ou indemnit\u00e9s en cas d\u2019inobservation de la p\u00e9riode de pr\u00e9avis ou en cas de rupture anticip\u00e9e du contrat conclu \u00e0 dur\u00e9e d\u00e9termin\u00e9e. Le montant des indemnit\u00e9s de ch\u00f4mage que l\u2019employeur est condamn\u00e9 \u00e0 rembourser au Fonds pour l\u2019emploi est port\u00e9 en d\u00e9duction des salaires ou indemnit\u00e9s que l\u2019employeur est condamn\u00e9 \u00e0 verser au salari\u00e9 en application du jugement ou de l\u2019arr\u00eat &gt;&gt;. L\u2019article en question exige une d\u00e9cision judiciaire sur le caract\u00e8re abusif du licenciement, le paiement d\u2019indemnit\u00e9s de ch\u00f4mage par l\u2019\u00c9TAT et la condamnation judiciaire de l\u2019employeur au paiement de salaires, traitements, indemnit\u00e9s pendant une p\u00e9riode ou des p\u00e9riodes d\u00e9termin\u00e9es en relation avec le licenciement. L\u2019indemnit\u00e9 de ch\u00f4mage est par nature un salaire de remplacement qui se substitue au revenu qui a \u00e9t\u00e9 perdu suite au licenciement du b\u00e9n\u00e9ficiaire, qui remplit les conditions requises par la loi pour en b\u00e9n\u00e9ficier sous le contr\u00f4le du Fonds pour l\u2019emploi. Le but du remboursement pr\u00e9vu au paragraphe (5) de l\u2019article L.521- 4. du Code du travail est d\u2019\u00e9viter le cumul entre les indemnit\u00e9s de ch\u00f4mage constitutives d\u2019un salaire de remplacement et les indemnit\u00e9s que le salari\u00e9 per\u00e7oit de la part de son ancien employeur pendant la m\u00eame p\u00e9riode suite au jugement d\u00e9clarant le licenciement abusif, ce but \u00e9tant clairement vis\u00e9 par les termes de &lt;&lt; indemnit\u00e9s de ch\u00f4mage vers\u00e9es au salari\u00e9 pour la ou les p\u00e9riodes couvertes par les salaires ou indemnit\u00e9s que l\u2019employeur est tenu de verser en application du jugement ou de l\u2019arr\u00eat &gt;&gt;. (\u2026) Quant \u00e0 l\u2019indemnit\u00e9 compensatoire de pr\u00e9avis due en cas de licenciement imm\u00e9diat abusif en application de l\u2019article L.124- 6 du Code du travail, elle correspond au salaire red\u00fb pendant la dur\u00e9e du pr\u00e9avis que l\u2019employeur aurait d\u00fb respecter lors du licenciement conform\u00e9ment \u00e0 l\u2019article L.124- 3 (2). Il ne s\u2019agit ainsi pas d\u2019une \u00e9valuation fictive d\u2019une indemnit\u00e9, mais de la compensation des salaires qui auraient \u00e9t\u00e9 redus au cours des mois de pr\u00e9avis suivant la r\u00e9siliation du contrat de travail avec ou sans dispense de travail au cours des mois. En l\u2019esp\u00e8ce, le pr\u00e9avis de deux mois couvrait la p\u00e9riode du 30 novembre 2013 au 29 janvier 2014. Or, la salari\u00e9e a b\u00e9n\u00e9fici\u00e9 de l\u2019indemnit\u00e9 de ch\u00f4mage \u00e0 partir du mois de mars 2014, de sorte que les indemnit\u00e9s de ch\u00f4mage vers\u00e9es par l\u2019\u00c9TAT<\/p>\n<p>4 ne l\u2019ont pas \u00e9t\u00e9 pour la ou les p\u00e9riodes couvertes par les salaires ou indemnit\u00e9s que l\u2019employeur est tenu de verser en application du jugement et le jugement de premi\u00e8re instance n\u2019ayant pas prononc\u00e9 \u00e0 charge de l\u2019employeur une condamnation au paiement d\u2019une indemnit\u00e9 pour pr\u00e9judice mat\u00e9riel dans le chef du salari\u00e9, l\u2019\u00c9TAT n\u2019a pas non plus, \u00e0 d\u00e9faut d\u2019assiette, de recours de ce chef. Au vu de ce qui pr\u00e9c\u00e8de le jugement du 22 juin 2017 est \u00e0 confirmer. \u00bb ;<\/p>\n<p>Attendu qu\u2019en se d\u00e9terminant ainsi, les juges d\u2019appel ont fait l\u2019exacte application de la disposition vis\u00e9e au moyen ;<\/p>\n<p>Qu\u2019il en suit que le moyen n\u2019est pas fond\u00e9 ;<\/p>\n<p>Sur la demande en allocation d\u2019une indemnit\u00e9 de proc\u00e9dure :<\/p>\n<p>Attendu qu\u2019il serait in\u00e9quitable de laisser \u00e0 charge de la d\u00e9fenderesse en cassation A) l\u2019int\u00e9gralit\u00e9 des frais expos\u00e9s non compris dans les d\u00e9pens ; qu\u2019il convient de lui allouer l\u2019indemnit\u00e9 de proc\u00e9dure sollicit\u00e9e de 1.000 euros ;<\/p>\n<p>Par ces motifs,<\/p>\n<p>rejette le pourvoi ;<\/p>\n<p>condamne le demandeur en cassation \u00e0 payer \u00e0 la d\u00e9fenderesse en cassation A) une indemnit\u00e9 de proc\u00e9dure de 1.000 euros ;<\/p>\n<p>condamne le demandeur en cassation aux d\u00e9pens de l\u2019instance en cassation avec distraction au profit de Ma\u00eetres Trixi LANNERS et Guy THOMAS, sur leurs affirmations de droit.<\/p>\n<p>La lecture du pr\u00e9sent arr\u00eat a \u00e9t\u00e9 faite en la susdite audience publique par Monsieur le pr\u00e9sident Jean-Claude WIWINIUS, en pr\u00e9sence de Madame Sandra KERSCH, avocat g\u00e9n\u00e9ral, et de Monsieur Marcel SCHWARTZ, adjoint du greffier en chef.<\/p>\n<\/div>\n<hr class=\"kji-sep\" \/>\n<p class=\"kji-source-links\"><strong>Sources officielles :<\/strong> <a class=\"kji-source-link\" href=\"https:\/\/data.public.lu\/fr\/datasets\/cour-de-cassation\/\" target=\"_blank\" rel=\"noopener noreferrer\">consulter la page source<\/a> &middot; <a class=\"kji-pdf-link\" href=\"https:\/\/download.data.public.lu\/resources\/cour-de-cassation\/20240806-151309\/20190606-cas-2018-00060a-accessible.pdf\" target=\"_blank\" rel=\"noopener noreferrer\">PDF officiel<\/a><\/p>\n<p class=\"kji-license-note\"><em>Licence CC BY-ND 4.0 (Administration judiciaire, data.public.lu). Republication autorisee avec attribution, sans modification editoriale du texte integral.<\/em><\/p>\n<\/div>\n","protected":false},"excerpt":{"rendered":"<p>N\u00b0 95 \/ 2019 du 06.06.2019. Num\u00e9ro CAS -2018-00060 du registre. Audience publique de la Cour de cassation du Grand- Duch\u00e9 de Luxembourg du jeudi, six juin deux mille dix-neuf. Composition: Jean-Claude WIWINIUS, pr\u00e9sident de la Cour , Romain LUDOVICY, conseiller \u00e0 la Cour de\u2026<\/p>\n","protected":false},"featured_media":0,"template":"","meta":{"_crdt_document":""},"kji_country":[8418],"kji_court":[8423],"kji_chamber":[],"kji_year":[45029],"kji_subject":[7724],"kji_keyword":[8424],"kji_language":[7733],"class_list":["post-766229","kji_decision","type-kji_decision","status-publish","hentry","kji_country-luxembourg","kji_court-cour-de-cassation","kji_year-45029","kji_subject-civil","kji_keyword-cassation","kji_language-francais"],"yoast_head":"<!-- This site is optimized with the Yoast SEO Premium plugin v27.5 (Yoast SEO v27.5) - https:\/\/yoast.com\/product\/yoast-seo-premium-wordpress\/ -->\n<title>Cour de cassation, 6 juin 2019, n\u00b0 2018-00060 - Ma\u00eetre Hassan Kohen, avocat en droit p\u00e9nal \u00e0 Paris<\/title>\n<meta name=\"robots\" content=\"index, follow, max-snippet:-1, max-image-preview:large, max-video-preview:-1\" \/>\n<link rel=\"canonical\" href=\"https:\/\/kohenavocats.com\/zh-hans\/jurisprudences\/cour-de-cassation-6-juin-2019-n-2018-00060-3\/\" \/>\n<meta property=\"og:locale\" content=\"zh_CN\" \/>\n<meta property=\"og:type\" content=\"article\" \/>\n<meta property=\"og:title\" content=\"Cour de cassation, 6 juin 2019, n\u00b0 2018-00060\" \/>\n<meta property=\"og:description\" content=\"N\u00b0 95 \/ 2019 du 06.06.2019. Num\u00e9ro CAS -2018-00060 du registre. Audience publique de la Cour de cassation du Grand- Duch\u00e9 de Luxembourg du jeudi, six juin deux mille dix-neuf. Composition: Jean-Claude WIWINIUS, pr\u00e9sident de la Cour , Romain LUDOVICY, conseiller \u00e0 la Cour de\u2026\" \/>\n<meta property=\"og:url\" content=\"https:\/\/kohenavocats.com\/zh-hans\/jurisprudences\/cour-de-cassation-6-juin-2019-n-2018-00060-3\/\" \/>\n<meta property=\"og:site_name\" content=\"Ma\u00eetre Hassan Kohen, avocat en droit p\u00e9nal \u00e0 Paris\" \/>\n<meta property=\"article:modified_time\" content=\"2026-04-29T21:57:21+00:00\" \/>\n<meta name=\"twitter:card\" content=\"summary_large_image\" \/>\n<meta name=\"twitter:label1\" content=\"\u9884\u8ba1\u9605\u8bfb\u65f6\u95f4\" \/>\n\t<meta name=\"twitter:data1\" content=\"9 \u5206\" \/>\n<script type=\"application\/ld+json\" class=\"yoast-schema-graph\">{\"@context\":\"https:\\\/\\\/schema.org\",\"@graph\":[{\"@type\":\"WebPage\",\"@id\":\"https:\\\/\\\/kohenavocats.com\\\/zh-hans\\\/jurisprudences\\\/cour-de-cassation-6-juin-2019-n-2018-00060-3\\\/\",\"url\":\"https:\\\/\\\/kohenavocats.com\\\/zh-hans\\\/jurisprudences\\\/cour-de-cassation-6-juin-2019-n-2018-00060-3\\\/\",\"name\":\"Cour de cassation, 6 juin 2019, n\u00b0 2018-00060 - Ma\u00eetre Hassan Kohen, avocat en droit p\u00e9nal \u00e0 Paris\",\"isPartOf\":{\"@id\":\"https:\\\/\\\/kohenavocats.com\\\/zh-hans\\\/#website\"},\"datePublished\":\"2026-04-29T21:57:18+00:00\",\"dateModified\":\"2026-04-29T21:57:21+00:00\",\"breadcrumb\":{\"@id\":\"https:\\\/\\\/kohenavocats.com\\\/zh-hans\\\/jurisprudences\\\/cour-de-cassation-6-juin-2019-n-2018-00060-3\\\/#breadcrumb\"},\"inLanguage\":\"zh-Hans\",\"potentialAction\":[{\"@type\":\"ReadAction\",\"target\":[\"https:\\\/\\\/kohenavocats.com\\\/zh-hans\\\/jurisprudences\\\/cour-de-cassation-6-juin-2019-n-2018-00060-3\\\/\"]}]},{\"@type\":\"BreadcrumbList\",\"@id\":\"https:\\\/\\\/kohenavocats.com\\\/zh-hans\\\/jurisprudences\\\/cour-de-cassation-6-juin-2019-n-2018-00060-3\\\/#breadcrumb\",\"itemListElement\":[{\"@type\":\"ListItem\",\"position\":1,\"name\":\"Home\",\"item\":\"https:\\\/\\\/kohenavocats.com\\\/zh-hans\\\/\"},{\"@type\":\"ListItem\",\"position\":2,\"name\":\"Jurisprudences\",\"item\":\"https:\\\/\\\/kohenavocats.com\\\/zh-hans\\\/jurisprudences\\\/\"},{\"@type\":\"ListItem\",\"position\":3,\"name\":\"Cour de cassation, 6 juin 2019, n\u00b0 2018-00060\"}]},{\"@type\":\"WebSite\",\"@id\":\"https:\\\/\\\/kohenavocats.com\\\/zh-hans\\\/#website\",\"url\":\"https:\\\/\\\/kohenavocats.com\\\/zh-hans\\\/\",\"name\":\"Kohen Avocats\",\"description\":\"Ma\u00eetre Hassan Kohen, avocat p\u00e9naliste \u00e0 Paris, intervient exclusivement en droit p\u00e9nal pour la d\u00e9fense des particuliers, notamment en mati\u00e8re d\u2019accusations de viol. Il assure un accompagnement rigoureux d\u00e8s la garde \u00e0 vue jusqu\u2019\u00e0 la Cour d\u2019assises, veillant au strict respect des garanties proc\u00e9durales.\",\"publisher\":{\"@id\":\"https:\\\/\\\/kohenavocats.com\\\/zh-hans\\\/#organization\"},\"potentialAction\":[{\"@type\":\"SearchAction\",\"target\":{\"@type\":\"EntryPoint\",\"urlTemplate\":\"https:\\\/\\\/kohenavocats.com\\\/zh-hans\\\/?s={search_term_string}\"},\"query-input\":{\"@type\":\"PropertyValueSpecification\",\"valueRequired\":true,\"valueName\":\"search_term_string\"}}],\"inLanguage\":\"zh-Hans\"},{\"@type\":\"Organization\",\"@id\":\"https:\\\/\\\/kohenavocats.com\\\/zh-hans\\\/#organization\",\"name\":\"Kohen Avocats\",\"url\":\"https:\\\/\\\/kohenavocats.com\\\/zh-hans\\\/\",\"logo\":{\"@type\":\"ImageObject\",\"inLanguage\":\"zh-Hans\",\"@id\":\"https:\\\/\\\/kohenavocats.com\\\/zh-hans\\\/#\\\/schema\\\/logo\\\/image\\\/\",\"url\":\"https:\\\/\\\/kohenavocats.com\\\/wp-content\\\/uploads\\\/2026\\\/01\\\/Logo-2-1.webp\",\"contentUrl\":\"https:\\\/\\\/kohenavocats.com\\\/wp-content\\\/uploads\\\/2026\\\/01\\\/Logo-2-1.webp\",\"width\":2114,\"height\":1253,\"caption\":\"Kohen Avocats\"},\"image\":{\"@id\":\"https:\\\/\\\/kohenavocats.com\\\/zh-hans\\\/#\\\/schema\\\/logo\\\/image\\\/\"}}]}<\/script>\n<!-- \/ Yoast SEO Premium plugin. -->","yoast_head_json":{"title":"Cour de cassation, 6 juin 2019, n\u00b0 2018-00060 - Ma\u00eetre Hassan Kohen, avocat en droit p\u00e9nal \u00e0 Paris","robots":{"index":"index","follow":"follow","max-snippet":"max-snippet:-1","max-image-preview":"max-image-preview:large","max-video-preview":"max-video-preview:-1"},"canonical":"https:\/\/kohenavocats.com\/zh-hans\/jurisprudences\/cour-de-cassation-6-juin-2019-n-2018-00060-3\/","og_locale":"zh_CN","og_type":"article","og_title":"Cour de cassation, 6 juin 2019, n\u00b0 2018-00060","og_description":"N\u00b0 95 \/ 2019 du 06.06.2019. Num\u00e9ro CAS -2018-00060 du registre. Audience publique de la Cour de cassation du Grand- Duch\u00e9 de Luxembourg du jeudi, six juin deux mille dix-neuf. Composition: Jean-Claude WIWINIUS, pr\u00e9sident de la Cour , Romain LUDOVICY, conseiller \u00e0 la Cour de\u2026","og_url":"https:\/\/kohenavocats.com\/zh-hans\/jurisprudences\/cour-de-cassation-6-juin-2019-n-2018-00060-3\/","og_site_name":"Ma\u00eetre Hassan Kohen, avocat en droit p\u00e9nal \u00e0 Paris","article_modified_time":"2026-04-29T21:57:21+00:00","twitter_card":"summary_large_image","twitter_misc":{"\u9884\u8ba1\u9605\u8bfb\u65f6\u95f4":"9 \u5206"},"schema":{"@context":"https:\/\/schema.org","@graph":[{"@type":"WebPage","@id":"https:\/\/kohenavocats.com\/zh-hans\/jurisprudences\/cour-de-cassation-6-juin-2019-n-2018-00060-3\/","url":"https:\/\/kohenavocats.com\/zh-hans\/jurisprudences\/cour-de-cassation-6-juin-2019-n-2018-00060-3\/","name":"Cour de cassation, 6 juin 2019, n\u00b0 2018-00060 - Ma\u00eetre Hassan Kohen, avocat en droit p\u00e9nal \u00e0 Paris","isPartOf":{"@id":"https:\/\/kohenavocats.com\/zh-hans\/#website"},"datePublished":"2026-04-29T21:57:18+00:00","dateModified":"2026-04-29T21:57:21+00:00","breadcrumb":{"@id":"https:\/\/kohenavocats.com\/zh-hans\/jurisprudences\/cour-de-cassation-6-juin-2019-n-2018-00060-3\/#breadcrumb"},"inLanguage":"zh-Hans","potentialAction":[{"@type":"ReadAction","target":["https:\/\/kohenavocats.com\/zh-hans\/jurisprudences\/cour-de-cassation-6-juin-2019-n-2018-00060-3\/"]}]},{"@type":"BreadcrumbList","@id":"https:\/\/kohenavocats.com\/zh-hans\/jurisprudences\/cour-de-cassation-6-juin-2019-n-2018-00060-3\/#breadcrumb","itemListElement":[{"@type":"ListItem","position":1,"name":"Home","item":"https:\/\/kohenavocats.com\/zh-hans\/"},{"@type":"ListItem","position":2,"name":"Jurisprudences","item":"https:\/\/kohenavocats.com\/zh-hans\/jurisprudences\/"},{"@type":"ListItem","position":3,"name":"Cour de cassation, 6 juin 2019, n\u00b0 2018-00060"}]},{"@type":"WebSite","@id":"https:\/\/kohenavocats.com\/zh-hans\/#website","url":"https:\/\/kohenavocats.com\/zh-hans\/","name":"Kohen Avocats","description":"Ma\u00eetre Hassan Kohen, avocat p\u00e9naliste \u00e0 Paris, intervient exclusivement en droit p\u00e9nal pour la d\u00e9fense des particuliers, notamment en mati\u00e8re d\u2019accusations de viol. Il assure un accompagnement rigoureux d\u00e8s la garde \u00e0 vue jusqu\u2019\u00e0 la Cour d\u2019assises, veillant au strict respect des garanties proc\u00e9durales.","publisher":{"@id":"https:\/\/kohenavocats.com\/zh-hans\/#organization"},"potentialAction":[{"@type":"SearchAction","target":{"@type":"EntryPoint","urlTemplate":"https:\/\/kohenavocats.com\/zh-hans\/?s={search_term_string}"},"query-input":{"@type":"PropertyValueSpecification","valueRequired":true,"valueName":"search_term_string"}}],"inLanguage":"zh-Hans"},{"@type":"Organization","@id":"https:\/\/kohenavocats.com\/zh-hans\/#organization","name":"Kohen Avocats","url":"https:\/\/kohenavocats.com\/zh-hans\/","logo":{"@type":"ImageObject","inLanguage":"zh-Hans","@id":"https:\/\/kohenavocats.com\/zh-hans\/#\/schema\/logo\/image\/","url":"https:\/\/kohenavocats.com\/wp-content\/uploads\/2026\/01\/Logo-2-1.webp","contentUrl":"https:\/\/kohenavocats.com\/wp-content\/uploads\/2026\/01\/Logo-2-1.webp","width":2114,"height":1253,"caption":"Kohen Avocats"},"image":{"@id":"https:\/\/kohenavocats.com\/zh-hans\/#\/schema\/logo\/image\/"}}]}},"jetpack_likes_enabled":false,"jetpack_sharing_enabled":true,"_links":{"self":[{"href":"https:\/\/kohenavocats.com\/zh-hans\/wp-json\/wp\/v2\/kji_decision\/766229","targetHints":{"allow":["GET"]}}],"collection":[{"href":"https:\/\/kohenavocats.com\/zh-hans\/wp-json\/wp\/v2\/kji_decision"}],"about":[{"href":"https:\/\/kohenavocats.com\/zh-hans\/wp-json\/wp\/v2\/types\/kji_decision"}],"wp:attachment":[{"href":"https:\/\/kohenavocats.com\/zh-hans\/wp-json\/wp\/v2\/media?parent=766229"}],"wp:term":[{"taxonomy":"kji_country","embeddable":true,"href":"https:\/\/kohenavocats.com\/zh-hans\/wp-json\/wp\/v2\/kji_country?post=766229"},{"taxonomy":"kji_court","embeddable":true,"href":"https:\/\/kohenavocats.com\/zh-hans\/wp-json\/wp\/v2\/kji_court?post=766229"},{"taxonomy":"kji_chamber","embeddable":true,"href":"https:\/\/kohenavocats.com\/zh-hans\/wp-json\/wp\/v2\/kji_chamber?post=766229"},{"taxonomy":"kji_year","embeddable":true,"href":"https:\/\/kohenavocats.com\/zh-hans\/wp-json\/wp\/v2\/kji_year?post=766229"},{"taxonomy":"kji_subject","embeddable":true,"href":"https:\/\/kohenavocats.com\/zh-hans\/wp-json\/wp\/v2\/kji_subject?post=766229"},{"taxonomy":"kji_keyword","embeddable":true,"href":"https:\/\/kohenavocats.com\/zh-hans\/wp-json\/wp\/v2\/kji_keyword?post=766229"},{"taxonomy":"kji_language","embeddable":true,"href":"https:\/\/kohenavocats.com\/zh-hans\/wp-json\/wp\/v2\/kji_language?post=766229"}],"curies":[{"name":"wp","href":"https:\/\/api.w.org\/{rel}","templated":true}]}}