{"id":774708,"date":"2026-04-30T07:33:14","date_gmt":"2026-04-30T05:33:14","guid":{"rendered":"https:\/\/kohenavocats.com\/jurisprudences\/cour-superieure-de-justice-16-janvier-2019-n-2018-00630\/"},"modified":"2026-04-30T07:33:17","modified_gmt":"2026-04-30T05:33:17","slug":"cour-superieure-de-justice-16-janvier-2019-n-2018-00630","status":"publish","type":"kji_decision","link":"https:\/\/kohenavocats.com\/zh-hans\/jurisprudences\/cour-superieure-de-justice-16-janvier-2019-n-2018-00630\/","title":{"rendered":"Cour sup\u00e9rieure de justice, 16 janvier 2019, n\u00b0 2018-00630"},"content":{"rendered":"<div class=\"kji-decision\">\n<div class=\"kji-full-text\">\n<p>1<\/p>\n<p>Arr\u00eat N\u00b0 10\/1 9 IV-COM<\/p>\n<p>Audience publique du seize janvier deux mille dix-neuf Num\u00e9ro CAL-2018- 00630 du r\u00f4le<\/p>\n<p>Composition: Roger LINDEN, pr\u00e9sident de chambre; Marianne HARLES, premi\u00e8re conseill\u00e8re; Elisabeth WEYRICH, premi\u00e8re conseill\u00e8re; Eric VILVENS, greffier.<\/p>\n<p>E n t r e Monsieur le Procureur d\u2019Etat pr\u00e8s le tribunal d&#039;arrondissement de Luxembourg, \u00e9tabli \u00e0 L- 2080 Luxembourg, Plateau du Saint-Esprit, Cit\u00e9 Judiciaire, appelant aux termes d\u2019un acte de l&#039;huissier de justice Carlos Calvo de Luxembourg du 4 juillet 2018,<\/p>\n<p>e t<\/p>\n<p>la soci\u00e9t\u00e9 d\u2019investissement en capital \u00e0 risque sous forme d\u2019une soci\u00e9t\u00e9 en commandite par actions A, en liquidation volontaire, \u00e9tablie et ayant eu son si\u00e8ge social \u00e0, repr\u00e9sent\u00e9e par son liquidateur actuellement en fonctions, inscrite au Registre de Commerce et des Soci\u00e9t\u00e9s de Luxembourg sous le num\u00e9ro, intim\u00e9e aux fins du pr\u00e9dit acte Calvo, ne comparant pas.<\/p>\n<p>LA COUR D&#039;APPEL Par requ\u00eate du 5 f\u00e9vrier 2018, M onsieur le PROCUREUR D\u2019ETAT pr\u00e8s le tribunal d\u2019arrondissement de Luxembourg a demand\u00e9 \u00e0 voir prononcer la dissolution et \u00e0 voir ordonner la liquidation \u00ab du fonds d\u2019investissement sp\u00e9cialis\u00e9 de droit luxembourgeois \u00bb A, SCA- SICAR, en liquidation volontaire. La demande \u00e9tait bas\u00e9e sur les articles 203 et 203- 1 de la loi modifi\u00e9e du 10 ao\u00fbt 1915 concernant les soci\u00e9t\u00e9s commerciales. En date du 22 mars 2018, le tribunal a prononc\u00e9 la rupture du d\u00e9lib\u00e9r\u00e9 pour permettre au demandeur de prendre position quant \u00e0 l\u2019applicabilit\u00e9 de l\u2019article 203 de la loi modifi\u00e9e du 10 ao\u00fbt 1915 au regard de l\u2019existence de la loi modifi\u00e9e du 13 f\u00e9vrier 2007 relative aux fonds d\u2019investissement sp\u00e9cialis\u00e9s et de la loi modifi\u00e9e du 15 juin 2004 relative \u00e0 la soci\u00e9t\u00e9 d\u2019investissement en capital \u00e0 risque.<\/p>\n<p>Dans sa r\u00e9ponse, le demandeur a expos\u00e9 que les articles 3 et 19 de la loi modifi\u00e9e du 15 juin 2004 pr\u00e9voient que la liquidation judiciaire d\u2019une SICAR es t prononc\u00e9e lorsque son inscription sur la liste pr\u00e9vue \u00e0 l\u2019article 13, paragraphe (1) de cette m\u00eame loi lui a \u00e9t\u00e9 d\u00e9finitivement refus\u00e9e ou retir\u00e9e. Cette disposition s\u2019entendrait comme une cause suppl\u00e9mentaire de liquidation d\u2019une SICAR, s\u2019ajoutant aux causes de liquidation applicables \u00e0 toute soci\u00e9t\u00e9 commerciale. Cette cause ne serait aucunement exclusive des autres causes.<\/p>\n<p>La d\u00e9fenderesse A n\u2019aurait plus de si\u00e8ge, ni de domicile connus, de sorte qu\u2019elle contreviendrait gravement aux dispositions de l\u2019article 1300- 2 du texte coordonn\u00e9 de la loi modifi\u00e9e du 10 ao\u00fbt 1915. Ce manquement \u00e0 ses obligations l\u00e9gales serait de nature \u00e0 lui faire encourir la sanction de la dissolution ou de la fermeture judiciaire sur base des dispositions des articles 1200- 1 et 1200- 2 du texte coordonn\u00e9 de la loi modifi\u00e9e du 10 ao\u00fbt 1915.<\/p>\n<p>Par jugement rendu par d\u00e9faut \u00e0 l\u2019encontre de la soci\u00e9t\u00e9 A, le tribunal a dit la demande irrecevable. Pour statuer ainsi, il a rappel\u00e9 que l\u2019article 3 alin\u00e9a 1 er de la loi modifi\u00e9e du 15 juin 2004 relative \u00e0 la soci\u00e9t\u00e9 d\u2019investissement en capital \u00e0 risque pr\u00e9voit que \u00ab les SICAR sont soumises aux dispositions g\u00e9n\u00e9rales applicables aux soci\u00e9t\u00e9s commerciales, pour autant qu\u2019il n\u2019y est pas d\u00e9rog\u00e9 par la pr\u00e9sente loi \u00bb. Il a constat\u00e9 ensuite que la soci\u00e9t\u00e9 A, en tant que soci\u00e9t\u00e9 en capital \u00e0 risque, \u00e9tait une soci\u00e9t\u00e9 soumise au contr\u00f4le de la Commission de Surveillance du Secteur Financier (\u00ab la CSSF \u00bb), devant recevoir un agr\u00e9ment par cette derni\u00e8re pour exercer son activit\u00e9, conform\u00e9ment \u00e0 l\u2019article 12 alin\u00e9a 1 er de la loi.<\/p>\n<p>L\u2019article 19 alin\u00e9a 1 er de la loi pr\u00e9voirait que \u00ab le tribunal d\u2019arrondissement si\u00e9geant en mati\u00e8re commerciale prononce sur la demande du procureur d\u2019Etat, agissant d\u2019office ou \u00e0 la requ\u00eate de la CSSF, la dissolution et la liquidation des SICAR, dont l\u2019inscription \u00e0 la liste pr\u00e9vue \u00e0 l\u2019article 13, paragraphe (1) aura \u00e9t\u00e9 d\u00e9finitivement refus\u00e9e ou retir\u00e9e \u00bb. L\u2019article 21 de la loi ajouterait que \u00ab (1) En cas de liquidation non judiciaire d\u2019une SICAR, le ou les liquidateurs doivent \u00eatre agr\u00e9\u00e9s par la CSSF. Le ou les liquidateurs doivent pr\u00e9senter toutes les garanties d\u2019honorabilit\u00e9 et de qualification professionnelles. (2) Lorsque le liquidateur n\u2019accepte pas sa mission ou n\u2019est pas agr\u00e9\u00e9, le tribunal d\u2019arrondissement si\u00e9geant en mati\u00e8re commerciale d\u00e9signe le ou les liquidateurs, \u00e0 la requ\u00eate de toute partie int\u00e9ress\u00e9e ou de la CSSF. Le jugement d\u00e9signant le ou les liquidateurs est ex\u00e9cutoire par provision, sur minute et avant l\u2019enregistrement, nonobstant appel ou opposition \u00bb. Les articles 19 alin\u00e9a 1 er et 21 de la loi modifi\u00e9e du 15 juin 2004 d\u00e9rogeraient forc\u00e9ment et n\u00e9cessairement au droit commun de la loi modifi\u00e9e du 10 ao\u00fbt 1915, en pr\u00e9voyant pour les SICAR des cas d\u2019ouverture de liquidation sp\u00e9cifiques. Il en d\u00e9coulerait que l\u2019article 1200- 1 du texte coordonn\u00e9 de la loi modifi\u00e9e du 10 ao\u00fbt 1915 ne serait pas applicable \u00e0 ces soci\u00e9t\u00e9s, partant \u00e0 la d\u00e9fenderesse. Par acte d\u2019huissier de justice du 4 juillet 2018, Monsieur le PROCUREUR D\u2019ETAT pr\u00e8s le t ribunal d\u2019arrondissement de Luxembourg a relev\u00e9 appel de ce jugement qui n\u2019a pas fait l\u2019objet d\u2019une signification. A l\u2019appui de son recours, l\u2019appelant a soutenu que la loi du 15 juin 2004 relative \u00e0 la soci\u00e9t\u00e9 d\u2019investissement en capital \u00e0 risque retient le principe de l\u2019applicabilit\u00e9 \u00e0 cette soci\u00e9t\u00e9 des dispositions de la loi modifi\u00e9e du 10 ao\u00fbt 1915 sur les soci\u00e9t\u00e9s commerciales. L\u2019article 3 (1) de la loi de 2004 pr\u00e9ciserait que les \u00ab SICAR sont soumises aux dispositions g\u00e9n\u00e9rales applicables aux soci\u00e9t\u00e9s commerciales, pour autant qu\u2019il n\u2019est pas d\u00e9rog\u00e9 par la pr\u00e9sente loi \u00bb. Ce serait \u00e0 tort que le tribunal aurait exclu l\u2019application auxdites soci\u00e9t\u00e9s des dispositions de l\u2019article 1200-1 du texte coordonn\u00e9 de la loi modifi\u00e9e du 10 ao\u00fbt 1915, par renvoi implicite au principe \u00ab lex specialis derogat legi generali \u00bb. Il n\u2019existerait aucun conflit de lois entre les deux textes , puisque la loi du 15 juin 2004 ne ferait qu\u2019ajouter un cas suppl\u00e9mentaire de liquidation aux hypoth\u00e8ses pr\u00e9vues par la loi du 10 ao\u00fbt 1915 sur les soci\u00e9t\u00e9s commerciales. Il n\u2019existerait pas de motif d\u00e9duit du r\u00e9gime de surveillance ou de liquidation pr\u00e9vu par la loi du 15 juin 2004 qui exclurait le prononc\u00e9 de la liquidation d\u2019une SICAR sur base de l\u2019article 1200 &#8211; 1 du texte coordonn\u00e9 de la loi sur les soci\u00e9t\u00e9s commerciales. Selon l\u2019appelant, l\u2019interpr\u00e9tation des textes retenue par le tribunal conduirait \u00e0 faire \u00e9chapper les SICAR aux moyens d\u2019action des autorit\u00e9s puisque la loi du 15 juin 2004 ne<\/p>\n<p>confierait pas \u00e0 la CSSF la mission de surveiller le respect par ces soci\u00e9t\u00e9s de l\u2019ensemble des dispositions relatives aux soci\u00e9t\u00e9s commerciales. Tel que justement rappel\u00e9 par le tribunal, l\u2019article 3 de la loi du 15 juin 2004 relative aux soci\u00e9t\u00e9s d\u2019investissement en capital \u00e0 risque pr\u00e9voit que \u00ab les SICAR sont soumises aux dispositions g\u00e9n\u00e9rales applicables aux soci\u00e9t\u00e9s commerciales, pour autant qu&#039;il n&#039;y est pas d\u00e9rog\u00e9 par la pr\u00e9sente loi \u00bb. L\u2019article 11 de la loi de 2004 ajoute que \u00ab La CSSF veille au respect par les SICAR et par leurs dirigeants des dispositions l\u00e9gales et conventionnelles applicables \u00bb. Selon l\u2019article 12 (1) de cette m\u00eame loi, \u00ab Pour exercer leurs activit\u00e9s, les SICAR relevant de la pr\u00e9sente loi doivent \u00eatre agr\u00e9\u00e9es par la CSSF \u00bb. L\u2019article 13 (1) pr\u00e9cise que \u00ab Les SICAR agr\u00e9\u00e9es sont inscrites par la CSSF sur une liste \u00bb, l\u2019article 13 (2) ajoutant que \u00ab l\u2019inscription et le maintien sur la liste vis\u00e9e au paragraphe (1) sont soumis \u00e0 la condition que soient observ\u00e9es toutes les dispositions l\u00e9gislatives, r\u00e9glementaires ou conventionnelles qui concernent l\u2019organisation et le fonctionnement de la SICAR \u00bb. Il se d\u00e9duit de l\u2019ensemble de ces dispositions que la surveillance des SICAR rel\u00e8ve du pouvoir de la CSSF qui veille au respect par les SICAR de l\u2019ensemble des dispositions l\u00e9gislatives, r\u00e9glementaires ou conventionnelles qui leur sont applicables, dont celles \u00e9dict\u00e9es par la loi du 10 ao\u00fbt 1915 sur les soci\u00e9t\u00e9s commerciales auxquelles la loi du 15 juin 2004 n\u2019a pas d\u00e9rog\u00e9. Au cas o\u00f9 la CSSF estime qu\u2019il y a eu manquement \u00e0 l\u2019une quelconque des dispositions l\u00e9gales ou conventionnelles applicables, elle est en droit de retirer l\u2019agr\u00e9ment \u00e0 la SICAR concern\u00e9e, d\u00e9clenchant ainsi le m\u00e9canisme pr\u00e9vu \u00e0 l\u2019article 19 de la loi du 15 juin 2004 sur les soci\u00e9t\u00e9s d\u2019investissement en capital \u00e0 risque, r\u00e9glant la liquidation d\u2019une telle soci\u00e9t\u00e9 ( cf M. Limpach et Fr. Goergen : Les comp\u00e9tences, pouvoirs et moyens d\u2019intervention de la CSSF, dans : Droit bancaire et financier au Luxembourg, 2014, t.I, n\u00b0 53 et s.). Au vu des pouvoirs g\u00e9n\u00e9raux de surveillance des SICAR confi\u00e9s par la loi du 15 juin 2004 \u00e0 la CSSF et des dispositions de l\u2019article 19 permettant \u00e0 cette derni\u00e8re de sanctionner par le biais du retrait de l\u2019agr\u00e9ment et de la liquidation de la soci\u00e9t\u00e9 toute contravention par la SICAR aux obligations l\u00e9gales et conventionnell es qui lui sont applicables, il convient d\u2019en conclure que la loi du 15 juin 2004 a d\u00e9rog\u00e9 aux dispositions g\u00e9n\u00e9rales applicables aux soci\u00e9t\u00e9s commerciales en mati\u00e8re de liquidation judiciaire. L\u2019article 1200- 1 du texte coordonn\u00e9 de la loi du 10 ao\u00fbt 1915 sur les soci\u00e9t\u00e9s commerciales n\u2019a d\u00e8s lors pas vocation \u00e0 s\u2019appliquer aux SICAR.<\/p>\n<p>C\u2019est partant \u00e0 bon droit que les juges de premi\u00e8re instance ont d\u00e9clar\u00e9 la demande irrecevable. L\u2019appel n\u2019est d\u00e8s lors pas fond\u00e9. L\u2019intim\u00e9e A n\u2019ayant pas constitu\u00e9 avocat et l\u2019acte d\u2019appel ne lui ayant pas \u00e9t\u00e9 remis \u00e0 personne, l\u2019arr\u00eat est rendu par d\u00e9faut \u00e0 son encontre.<\/p>\n<p>PAR CES MOTIFS<\/p>\n<p>la Cour d\u2019appel, quatri\u00e8me chambre, si\u00e9geant en mati\u00e8re commerciale, statuant par d\u00e9faut \u00e0 l\u2019encontre de la soci\u00e9t\u00e9 d\u2019investissement en capital \u00e0 risque sous forme d\u2019une soci\u00e9t\u00e9 en commandite par actions A, SCA-SICAR, re\u00e7oit l\u2019appel, le dit non fond\u00e9, confirme le jugement du 17 mai 2018, laisse les frais \u00e0 charge de l\u2019Etat du Grand- Duch\u00e9 de Luxembourg.<\/p>\n<\/div>\n<hr class=\"kji-sep\" \/>\n<p class=\"kji-source-links\"><strong>Sources officielles :<\/strong> <a class=\"kji-source-link\" href=\"https:\/\/data.public.lu\/fr\/datasets\/cour-superieure-de-justice-chambre-4\/\" target=\"_blank\" rel=\"noopener noreferrer\">consulter la page source<\/a> &middot; <a class=\"kji-pdf-link\" href=\"https:\/\/download.data.public.lu\/resources\/cour-superieure-de-justice-chambre-4\/20240827-171709\/20190116-cal-2018-00630-a-accessible.pdf\" target=\"_blank\" rel=\"noopener noreferrer\">PDF officiel<\/a><\/p>\n<p class=\"kji-license-note\"><em>Licence CC BY-ND 4.0 (Administration judiciaire, data.public.lu). Republication autorisee avec attribution, sans modification editoriale du texte integral.<\/em><\/p>\n<\/div>\n","protected":false},"excerpt":{"rendered":"<p>1 Arr\u00eat N\u00b0 10\/1 9 IV-COM Audience publique du seize janvier deux mille dix-neuf Num\u00e9ro CAL-2018- 00630 du r\u00f4le Composition: Roger LINDEN, pr\u00e9sident de chambre; Marianne HARLES, premi\u00e8re conseill\u00e8re; Elisabeth WEYRICH, premi\u00e8re conseill\u00e8re; Eric VILVENS, greffier. E n t r e Monsieur le Procureur d\u2019Etat&hellip;<\/p>\n","protected":false},"featured_media":0,"template":"","meta":{"_crdt_document":""},"kji_country":[8418],"kji_court":[12305],"kji_chamber":[18433],"kji_year":[45029],"kji_subject":[7724],"kji_keyword":[8460,9055,12307],"kji_language":[7733],"class_list":["post-774708","kji_decision","type-kji_decision","status-publish","hentry","kji_country-luxembourg","kji_court-cour-superieure-de-justice","kji_chamber-chambre-4","kji_year-45029","kji_subject-civil","kji_keyword-janvier","kji_keyword-justice","kji_keyword-superieure","kji_language-francais"],"yoast_head":"<!-- This site is optimized with the Yoast SEO Premium plugin v27.5 (Yoast SEO v27.5) - https:\/\/yoast.com\/product\/yoast-seo-premium-wordpress\/ -->\n<title>Cour sup\u00e9rieure de justice, 16 janvier 2019, n\u00b0 2018-00630 - Ma\u00eetre Hassan Kohen, avocat en droit p\u00e9nal \u00e0 Paris<\/title>\n<meta name=\"robots\" content=\"index, follow, max-snippet:-1, max-image-preview:large, max-video-preview:-1\" \/>\n<link rel=\"canonical\" href=\"https:\/\/kohenavocats.com\/zh-hans\/jurisprudences\/cour-superieure-de-justice-16-janvier-2019-n-2018-00630\/\" \/>\n<meta property=\"og:locale\" content=\"zh_CN\" \/>\n<meta property=\"og:type\" content=\"article\" \/>\n<meta property=\"og:title\" content=\"Cour sup\u00e9rieure de justice, 16 janvier 2019, n\u00b0 2018-00630\" \/>\n<meta property=\"og:description\" content=\"1 Arr\u00eat N\u00b0 10\/1 9 IV-COM Audience publique du seize janvier deux mille dix-neuf Num\u00e9ro CAL-2018- 00630 du r\u00f4le Composition: Roger LINDEN, pr\u00e9sident de chambre; Marianne HARLES, premi\u00e8re conseill\u00e8re; Elisabeth WEYRICH, premi\u00e8re conseill\u00e8re; Eric VILVENS, greffier. E n t r e Monsieur le Procureur d\u2019Etat&hellip;\" \/>\n<meta property=\"og:url\" content=\"https:\/\/kohenavocats.com\/zh-hans\/jurisprudences\/cour-superieure-de-justice-16-janvier-2019-n-2018-00630\/\" \/>\n<meta property=\"og:site_name\" content=\"Ma\u00eetre Hassan Kohen, avocat en droit p\u00e9nal \u00e0 Paris\" \/>\n<meta property=\"article:modified_time\" content=\"2026-04-30T05:33:17+00:00\" \/>\n<meta name=\"twitter:card\" content=\"summary_large_image\" \/>\n<meta name=\"twitter:label1\" content=\"\u9884\u8ba1\u9605\u8bfb\u65f6\u95f4\" \/>\n\t<meta name=\"twitter:data1\" content=\"9 \u5206\" \/>\n<script type=\"application\/ld+json\" class=\"yoast-schema-graph\">{\"@context\":\"https:\\\/\\\/schema.org\",\"@graph\":[{\"@type\":\"WebPage\",\"@id\":\"https:\\\/\\\/kohenavocats.com\\\/zh-hans\\\/jurisprudences\\\/cour-superieure-de-justice-16-janvier-2019-n-2018-00630\\\/\",\"url\":\"https:\\\/\\\/kohenavocats.com\\\/zh-hans\\\/jurisprudences\\\/cour-superieure-de-justice-16-janvier-2019-n-2018-00630\\\/\",\"name\":\"Cour sup\u00e9rieure de justice, 16 janvier 2019, n\u00b0 2018-00630 - Ma\u00eetre Hassan Kohen, avocat en droit p\u00e9nal \u00e0 Paris\",\"isPartOf\":{\"@id\":\"https:\\\/\\\/kohenavocats.com\\\/zh-hans\\\/#website\"},\"datePublished\":\"2026-04-30T05:33:14+00:00\",\"dateModified\":\"2026-04-30T05:33:17+00:00\",\"breadcrumb\":{\"@id\":\"https:\\\/\\\/kohenavocats.com\\\/zh-hans\\\/jurisprudences\\\/cour-superieure-de-justice-16-janvier-2019-n-2018-00630\\\/#breadcrumb\"},\"inLanguage\":\"zh-Hans\",\"potentialAction\":[{\"@type\":\"ReadAction\",\"target\":[\"https:\\\/\\\/kohenavocats.com\\\/zh-hans\\\/jurisprudences\\\/cour-superieure-de-justice-16-janvier-2019-n-2018-00630\\\/\"]}]},{\"@type\":\"BreadcrumbList\",\"@id\":\"https:\\\/\\\/kohenavocats.com\\\/zh-hans\\\/jurisprudences\\\/cour-superieure-de-justice-16-janvier-2019-n-2018-00630\\\/#breadcrumb\",\"itemListElement\":[{\"@type\":\"ListItem\",\"position\":1,\"name\":\"Home\",\"item\":\"https:\\\/\\\/kohenavocats.com\\\/zh-hans\\\/\"},{\"@type\":\"ListItem\",\"position\":2,\"name\":\"Jurisprudences\",\"item\":\"https:\\\/\\\/kohenavocats.com\\\/zh-hans\\\/jurisprudences\\\/\"},{\"@type\":\"ListItem\",\"position\":3,\"name\":\"Cour sup\u00e9rieure de justice, 16 janvier 2019, n\u00b0 2018-00630\"}]},{\"@type\":\"WebSite\",\"@id\":\"https:\\\/\\\/kohenavocats.com\\\/zh-hans\\\/#website\",\"url\":\"https:\\\/\\\/kohenavocats.com\\\/zh-hans\\\/\",\"name\":\"Kohen Avocats\",\"description\":\"Ma\u00eetre Hassan Kohen, avocat p\u00e9naliste \u00e0 Paris, intervient exclusivement en droit p\u00e9nal pour la d\u00e9fense des particuliers, notamment en mati\u00e8re d\u2019accusations de viol. Il assure un accompagnement rigoureux d\u00e8s la garde \u00e0 vue jusqu\u2019\u00e0 la Cour d\u2019assises, veillant au strict respect des garanties proc\u00e9durales.\",\"publisher\":{\"@id\":\"https:\\\/\\\/kohenavocats.com\\\/zh-hans\\\/#organization\"},\"potentialAction\":[{\"@type\":\"SearchAction\",\"target\":{\"@type\":\"EntryPoint\",\"urlTemplate\":\"https:\\\/\\\/kohenavocats.com\\\/zh-hans\\\/?s={search_term_string}\"},\"query-input\":{\"@type\":\"PropertyValueSpecification\",\"valueRequired\":true,\"valueName\":\"search_term_string\"}}],\"inLanguage\":\"zh-Hans\"},{\"@type\":\"Organization\",\"@id\":\"https:\\\/\\\/kohenavocats.com\\\/zh-hans\\\/#organization\",\"name\":\"Kohen Avocats\",\"url\":\"https:\\\/\\\/kohenavocats.com\\\/zh-hans\\\/\",\"logo\":{\"@type\":\"ImageObject\",\"inLanguage\":\"zh-Hans\",\"@id\":\"https:\\\/\\\/kohenavocats.com\\\/zh-hans\\\/#\\\/schema\\\/logo\\\/image\\\/\",\"url\":\"https:\\\/\\\/kohenavocats.com\\\/wp-content\\\/uploads\\\/2026\\\/01\\\/Logo-2-1.webp\",\"contentUrl\":\"https:\\\/\\\/kohenavocats.com\\\/wp-content\\\/uploads\\\/2026\\\/01\\\/Logo-2-1.webp\",\"width\":2114,\"height\":1253,\"caption\":\"Kohen Avocats\"},\"image\":{\"@id\":\"https:\\\/\\\/kohenavocats.com\\\/zh-hans\\\/#\\\/schema\\\/logo\\\/image\\\/\"}}]}<\/script>\n<!-- \/ Yoast SEO Premium plugin. -->","yoast_head_json":{"title":"Cour sup\u00e9rieure de justice, 16 janvier 2019, n\u00b0 2018-00630 - Ma\u00eetre Hassan Kohen, avocat en droit p\u00e9nal \u00e0 Paris","robots":{"index":"index","follow":"follow","max-snippet":"max-snippet:-1","max-image-preview":"max-image-preview:large","max-video-preview":"max-video-preview:-1"},"canonical":"https:\/\/kohenavocats.com\/zh-hans\/jurisprudences\/cour-superieure-de-justice-16-janvier-2019-n-2018-00630\/","og_locale":"zh_CN","og_type":"article","og_title":"Cour sup\u00e9rieure de justice, 16 janvier 2019, n\u00b0 2018-00630","og_description":"1 Arr\u00eat N\u00b0 10\/1 9 IV-COM Audience publique du seize janvier deux mille dix-neuf Num\u00e9ro CAL-2018- 00630 du r\u00f4le Composition: Roger LINDEN, pr\u00e9sident de chambre; Marianne HARLES, premi\u00e8re conseill\u00e8re; Elisabeth WEYRICH, premi\u00e8re conseill\u00e8re; Eric VILVENS, greffier. E n t r e Monsieur le Procureur d\u2019Etat&hellip;","og_url":"https:\/\/kohenavocats.com\/zh-hans\/jurisprudences\/cour-superieure-de-justice-16-janvier-2019-n-2018-00630\/","og_site_name":"Ma\u00eetre Hassan Kohen, avocat en droit p\u00e9nal \u00e0 Paris","article_modified_time":"2026-04-30T05:33:17+00:00","twitter_card":"summary_large_image","twitter_misc":{"\u9884\u8ba1\u9605\u8bfb\u65f6\u95f4":"9 \u5206"},"schema":{"@context":"https:\/\/schema.org","@graph":[{"@type":"WebPage","@id":"https:\/\/kohenavocats.com\/zh-hans\/jurisprudences\/cour-superieure-de-justice-16-janvier-2019-n-2018-00630\/","url":"https:\/\/kohenavocats.com\/zh-hans\/jurisprudences\/cour-superieure-de-justice-16-janvier-2019-n-2018-00630\/","name":"Cour sup\u00e9rieure de justice, 16 janvier 2019, n\u00b0 2018-00630 - Ma\u00eetre Hassan Kohen, avocat en droit p\u00e9nal \u00e0 Paris","isPartOf":{"@id":"https:\/\/kohenavocats.com\/zh-hans\/#website"},"datePublished":"2026-04-30T05:33:14+00:00","dateModified":"2026-04-30T05:33:17+00:00","breadcrumb":{"@id":"https:\/\/kohenavocats.com\/zh-hans\/jurisprudences\/cour-superieure-de-justice-16-janvier-2019-n-2018-00630\/#breadcrumb"},"inLanguage":"zh-Hans","potentialAction":[{"@type":"ReadAction","target":["https:\/\/kohenavocats.com\/zh-hans\/jurisprudences\/cour-superieure-de-justice-16-janvier-2019-n-2018-00630\/"]}]},{"@type":"BreadcrumbList","@id":"https:\/\/kohenavocats.com\/zh-hans\/jurisprudences\/cour-superieure-de-justice-16-janvier-2019-n-2018-00630\/#breadcrumb","itemListElement":[{"@type":"ListItem","position":1,"name":"Home","item":"https:\/\/kohenavocats.com\/zh-hans\/"},{"@type":"ListItem","position":2,"name":"Jurisprudences","item":"https:\/\/kohenavocats.com\/zh-hans\/jurisprudences\/"},{"@type":"ListItem","position":3,"name":"Cour sup\u00e9rieure de justice, 16 janvier 2019, n\u00b0 2018-00630"}]},{"@type":"WebSite","@id":"https:\/\/kohenavocats.com\/zh-hans\/#website","url":"https:\/\/kohenavocats.com\/zh-hans\/","name":"Kohen Avocats","description":"Ma\u00eetre Hassan Kohen, avocat p\u00e9naliste \u00e0 Paris, intervient exclusivement en droit p\u00e9nal pour la d\u00e9fense des particuliers, notamment en mati\u00e8re d\u2019accusations de viol. Il assure un accompagnement rigoureux d\u00e8s la garde \u00e0 vue jusqu\u2019\u00e0 la Cour d\u2019assises, veillant au strict respect des garanties proc\u00e9durales.","publisher":{"@id":"https:\/\/kohenavocats.com\/zh-hans\/#organization"},"potentialAction":[{"@type":"SearchAction","target":{"@type":"EntryPoint","urlTemplate":"https:\/\/kohenavocats.com\/zh-hans\/?s={search_term_string}"},"query-input":{"@type":"PropertyValueSpecification","valueRequired":true,"valueName":"search_term_string"}}],"inLanguage":"zh-Hans"},{"@type":"Organization","@id":"https:\/\/kohenavocats.com\/zh-hans\/#organization","name":"Kohen Avocats","url":"https:\/\/kohenavocats.com\/zh-hans\/","logo":{"@type":"ImageObject","inLanguage":"zh-Hans","@id":"https:\/\/kohenavocats.com\/zh-hans\/#\/schema\/logo\/image\/","url":"https:\/\/kohenavocats.com\/wp-content\/uploads\/2026\/01\/Logo-2-1.webp","contentUrl":"https:\/\/kohenavocats.com\/wp-content\/uploads\/2026\/01\/Logo-2-1.webp","width":2114,"height":1253,"caption":"Kohen Avocats"},"image":{"@id":"https:\/\/kohenavocats.com\/zh-hans\/#\/schema\/logo\/image\/"}}]}},"jetpack_likes_enabled":false,"jetpack_sharing_enabled":true,"_links":{"self":[{"href":"https:\/\/kohenavocats.com\/zh-hans\/wp-json\/wp\/v2\/kji_decision\/774708","targetHints":{"allow":["GET"]}}],"collection":[{"href":"https:\/\/kohenavocats.com\/zh-hans\/wp-json\/wp\/v2\/kji_decision"}],"about":[{"href":"https:\/\/kohenavocats.com\/zh-hans\/wp-json\/wp\/v2\/types\/kji_decision"}],"wp:attachment":[{"href":"https:\/\/kohenavocats.com\/zh-hans\/wp-json\/wp\/v2\/media?parent=774708"}],"wp:term":[{"taxonomy":"kji_country","embeddable":true,"href":"https:\/\/kohenavocats.com\/zh-hans\/wp-json\/wp\/v2\/kji_country?post=774708"},{"taxonomy":"kji_court","embeddable":true,"href":"https:\/\/kohenavocats.com\/zh-hans\/wp-json\/wp\/v2\/kji_court?post=774708"},{"taxonomy":"kji_chamber","embeddable":true,"href":"https:\/\/kohenavocats.com\/zh-hans\/wp-json\/wp\/v2\/kji_chamber?post=774708"},{"taxonomy":"kji_year","embeddable":true,"href":"https:\/\/kohenavocats.com\/zh-hans\/wp-json\/wp\/v2\/kji_year?post=774708"},{"taxonomy":"kji_subject","embeddable":true,"href":"https:\/\/kohenavocats.com\/zh-hans\/wp-json\/wp\/v2\/kji_subject?post=774708"},{"taxonomy":"kji_keyword","embeddable":true,"href":"https:\/\/kohenavocats.com\/zh-hans\/wp-json\/wp\/v2\/kji_keyword?post=774708"},{"taxonomy":"kji_language","embeddable":true,"href":"https:\/\/kohenavocats.com\/zh-hans\/wp-json\/wp\/v2\/kji_language?post=774708"}],"curies":[{"name":"wp","href":"https:\/\/api.w.org\/{rel}","templated":true}]}}