{"id":785210,"date":"2026-04-30T17:57:49","date_gmt":"2026-04-30T15:57:49","guid":{"rendered":"https:\/\/kohenavocats.com\/jurisprudences\/cour-superieure-de-justice-12-juillet-2018-n-0712-40702\/"},"modified":"2026-04-30T17:57:53","modified_gmt":"2026-04-30T15:57:53","slug":"cour-superieure-de-justice-12-juillet-2018-n-0712-40702","status":"publish","type":"kji_decision","link":"https:\/\/kohenavocats.com\/zh-hans\/jurisprudences\/cour-superieure-de-justice-12-juillet-2018-n-0712-40702\/","title":{"rendered":"Cour sup\u00e9rieure de justice, 12 juillet 2018, n\u00b0 0712-40702"},"content":{"rendered":"<div class=\"kji-decision\">\n<div class=\"kji-full-text\">\n<p>Arr\u00eat N\u00b0 104\/18 &#8211; VIII &#8211; Travail<\/p>\n<p>Exempt \u2013 appel en mati\u00e8re de droit du travail<\/p>\n<p>Audience publique du douze juillet deux mille dix-huit<\/p>\n<p>Num\u00e9ro 40702 du r\u00f4le. Composition: Agn\u00e8s ZAGO, premier conseiller, pr\u00e9sident; Jeanne GUILLAUME, premier conseiller; Yola SCHMIT, conseiller; Alain BERNARD, greffier.<\/p>\n<p>Entre:<\/p>\n<p>A.), demeurant \u00e0 L- (\u2026), appelant aux termes d\u2019 un acte de l\u2019huissier de justice Jean-Claude STEFFEN d\u2019Esch-sur-Alzette du 3 d\u00e9cembre 2013 et demandeur en intervention aux termes d\u2019un acte de l\u2019huissier de justice Jean -Claude STEFFEN d\u2019Esch-sur- Alzette du 29 juillet 2015, comparant par Ma\u00eetre P atrice MBONYUMUTWA , avocat \u00e0 la Cour, demeurant \u00e0 Luxembourg ,<\/p>\n<p>et: 1) la soci\u00e9t\u00e9 \u00e0 responsabilit\u00e9 limit\u00e9e SOC1.) , \u00e9tablie et ayant son si\u00e8ge social \u00e0 L-(\u2026), repr\u00e9sent\u00e9e par son g\u00e9rant, intim\u00e9e aux fins du pr\u00e9dit acte STEFFEN du 3 d\u00e9cembre 2013, comparant par Ma\u00eetre Anne-Laure JABIN, avocat \u00e0 la Cour, demeurant \u00e0 Luxembourg,<\/p>\n<p>2 2) l\u2019\u00c9TAT DU GRAND- DUCHE DE LUXEMBOURG , pris en sa qualit \u00e9 de gestionnaire du F onds pour l\u2019emploi, repr\u00e9sent\u00e9 par le ministre d\u2019Etat, dont les bureaux sont \u00e9tablis \u00e0 L- 1352 Luxembourg, 4, rue de la Congr\u00e9gation, sinon par le ministre du travail et de l\u2019emploi, dont les bureaux sont \u00e9tablis \u00e0 L- 2763 Luxembourg, 26, rue Zithe,<\/p>\n<p>d\u00e9fendeur en intervention aux fins du pr\u00e9dit acte STEFFEN du 29 juillet 2015,<\/p>\n<p>comparant par Ma\u00eetre Georges PIERRET, avocat \u00e0 la Cour, demeurant \u00e0 Luxembourg.<\/p>\n<p>&#8212;&#8212;&#8212;&#8212;&#8212;&#8212;&#8212;&#8212;&#8212;&#8212;&#8212;&#8212;&#8212;&#8212;&#8212;&#8212;&#8212;&#8212;&#8211;<\/p>\n<p>LA COUR D\u2019APPEL:<\/p>\n<p>Par arr\u00eat du 13 juillet 2017, la Cour a dit que la demande de la soci\u00e9t\u00e9 SOC1.) en paiement du montant de 1.050,- EUR pour les mois de mars et avril 2009 constitue une demande nouvelle irrecevable, a dit que le licenciement de A.) du 11 juillet 2009 n\u2019est pas nul, a d\u00e9bout\u00e9 A.) de ses demandes en obtention d\u2019arri\u00e9r\u00e9s de salaire, de tanti\u00e8mes et de dommages et int\u00e9r\u00eats pour nullit\u00e9 du licenciement, a confirm\u00e9 le jugement du 22 octobre 2013 dans la mesure o\u00f9 A.) a \u00e9t\u00e9 d\u00e9bout\u00e9 de ses demandes en obtention d\u2019une indemnit\u00e9 compensatoire de pr\u00e9avis et d\u2019une indemnit\u00e9 de d\u00e9part, a dit que l\u2019indemnit\u00e9 pour perte d\u2019un avantage en nature redue par la soci\u00e9t\u00e9 SOC1.) ne s\u2019\u00e9l\u00e8ve qu\u2019\u00e0 787,50 EUR, partant a condamn\u00e9 A.) \u00e0 rembourser \u00e0 la soci\u00e9t\u00e9 SOC1 .) le montant de 262,50 EUR et a confirm\u00e9 les dispositions du jugement du 22 octobre 2013 ayant trait \u00e0 la pr\u00e9cision des motifs invoqu\u00e9s \u00e0 l\u2019appui du licenciement de A.) et \u00e0 l\u2019institution d\u2019une mesure d\u2019instruction.<\/p>\n<p>Quant \u00e0 la demande tendant au paiement d\u2019une indemnit\u00e9 de cong\u00e9 non pris, la Cour a invit\u00e9 les parties \u00e0 conclure sur base du paragraphe 4 (7) du contrat du 23 mai 2008, qui stipule :<\/p>\n<p>\u00ab Bei oder nach einer K\u00fcndigung dieses Vertrages, gleich durch welche Partei, ist die Gesellschaft jederzeit befugt, den Gesch\u00e4ftsf\u00fchrer unter Anrechnung auf etwaigen noch offenstehenden Urlaub von seiner Verpflichtung zur Arbeitsleistung f\u00fcr die Gesellschaft sofort freizustellen. Noch bestehende Urlaubsanspr\u00fcche werden auf die Dauer der Freistellung angerechnet \u00bb.<\/p>\n<p>A.) fait plaider que cette clause serait nulle, pour contrevenir aux dispositions d\u2019ordre public pr\u00e9vues par les articles L.233- 10 et L.124- 9 (1), alin\u00e9a 2 du Code du travail selon lesquelles, non seulement, le cong\u00e9 est fix\u00e9 \u00e0 la demande du salari\u00e9 selon son d\u00e9sir, mais en outre, jusqu\u2019\u00e0 l\u2019expiration du pr\u00e9avis, la dispense de prester le pr\u00e9avis ne doit entra\u00eener pour le salari\u00e9 aucune diminution des salaires, indemnit\u00e9s et autres avantages auxquels il aurait pu pr\u00e9tendre s\u2019il avait accompli son travail.<\/p>\n<p>3 A.) conteste avoir pos\u00e9 une demande de cong\u00e9 pour la p\u00e9riode aff\u00e9rente et donne \u00e0 consid\u00e9rer que l\u2019employeur n\u2019aurait vers\u00e9 ni la demande de cong\u00e9, ni le livre de cong\u00e9 tel qu\u2019exig\u00e9 par l\u2019article L.233-17 du Code du travail.<\/p>\n<p>Il se r\u00e9f\u00e8re \u00e0 une jurisprudence de la Cour aux termes de laquelle, si le salari\u00e9 peut pr\u00e9senter une demande officielle de cong\u00e9s pendant la p\u00e9riode de pr\u00e9avis, l\u2019employeur, quant \u00e0 lui, ne peut pas imputer automatiquement de son propre chef, le solde des cong\u00e9s sur le pr\u00e9avis, ni en affecter le salaire mensuel red\u00fb (Cour d\u2019appel, 8 novembre 2001, n\u00b0 25405 du r\u00f4le).<\/p>\n<p>A.) demande d\u00e8s lors la confirmation du jugement entrepris en ce qu\u2019il a condamn\u00e9 l\u2019intim\u00e9e \u00e0 lui payer le montant de 7.053,81 EUR au titre des cong\u00e9s non pris.<\/p>\n<p>La soci\u00e9t\u00e9 SOC1.), pour sa part, fait plaider que les cong\u00e9s n\u2019auraient pas \u00e9t\u00e9 imput\u00e9s sur la p\u00e9riode de pr\u00e9avis en application de la clause pr\u00e9cit\u00e9e, mais parce que A.) , m\u00eame apr\u00e8s avoir re\u00e7u sa lettre de licenciement, aurait d\u2019un commun accord avec l\u2019employeur pr\u00e9f\u00e9r\u00e9 prendre ses cong\u00e9s pendant le d\u00e9lai de pr\u00e9avis plut\u00f4t que d\u2019\u00eatre dispens\u00e9 de pr\u00e9avis. Il aurait en effet d\u00e9sir\u00e9 partir dans le sud de la France et \u00eatre tranquille.<\/p>\n<p>Elle conclut partant au d\u00e9bout\u00e9 de la demande au motif que A.) aurait maintenu sa demande de cong\u00e9, malgr\u00e9 la dispense de pr\u00e9avis. Il aurait confirm\u00e9 son souhait au g\u00e9rant, B.) , ce qui r\u00e9sulterait de l\u2019attestation de ce dernier.<\/p>\n<p>Ces faits seraient encore \u00e9tablis par les fiches de salaires qui renseignent que le cong\u00e9 a \u00e9t\u00e9 pris pendant la p\u00e9riode de pr\u00e9avis.<\/p>\n<p>Ce n\u2019est qu\u2019\u00e0 titre subsidiaire, qu\u2019elle conclut au d\u00e9bout\u00e9 de la demande sur base de la clause litigieuse, tout en se rapportant \u00e0 la sagesse de la Cour en ce qui concerne ladite validit\u00e9 de la clause.<\/p>\n<p>A.) demande que l\u2019attestation de B.) soit rejet\u00e9e pour ne pas \u00eatre conforme aux exigences des articles 399 et suivants du Nouveau code de proc\u00e9dure civile, B.) \u00e9tant le g\u00e9rant de la soci\u00e9t\u00e9 SOC1.) .<\/p>\n<p>En outre, elle demande son rejet pour d\u00e9faut de pr\u00e9cision et de pertinence.<\/p>\n<p>La soci\u00e9t\u00e9 SOC1.) r\u00e9plique que B.) aurait d\u00e9missionn\u00e9 de son poste de g\u00e9rant avec effet au 31 d\u00e9cembre 2017, de sorte qu\u2019une \u00e9ventuelle interdiction de t\u00e9moigner ne serait plus d\u2019actualit\u00e9.<\/p>\n<p>Elle offre d\u00e8s lors de prouver par l\u2019audition de B.) que \u00ab Monsieur A.) avait pos\u00e9, sans pr\u00e9judice quant \u00e0 la date exacte avant la date de son licenciement, ses cong\u00e9s pour la p\u00e9riode de juillet 2011 ; que suite \u00e0 la remise de la lettre de licenciement, celui-ci d\u00e9clara maintenir ses vacances et partit en vacances \u00bb.<\/p>\n<p>Dans ses conclusions notifi\u00e9es en date du 29 mars 2018, A.) conteste encore une fois avoir demand\u00e9 cong\u00e9 pour la p\u00e9riode litigieuse et verse diverses<\/p>\n<p>4 pi\u00e8ces aux fins d\u2019\u00e9tablir qu\u2019il \u00e9tait \u00e0 Luxembourg pendant cette p\u00e9riode et qu\u2019il n\u2019\u00e9tait donc pas parti en vacances.<\/p>\n<p>Par ailleurs, il demande le rejet de l\u2019offre de preuve pr\u00e9sent\u00e9e par l\u2019employeur pour \u00eatre impr\u00e9cise, mensong\u00e8re et non pertinente.<\/p>\n<p>Il ne r\u00e9sulte d\u2019aucun \u00e9l\u00e9ment du dossier que A.) aurait demand\u00e9 de partir en cong\u00e9 pendant la p\u00e9riode de pr\u00e9avis. La soci\u00e9t\u00e9 SOC1.) ne verse ni de demande de cong\u00e9 \u00e9crite et sign\u00e9e par A.), ni son livre de cong\u00e9 duquel il r\u00e9sulterait que A.) \u00e9tait en cong\u00e9 pendant la p\u00e9riode litigieuse.<\/p>\n<p>Eu \u00e9gard aux contestations de ce dernier, la simple inscription sur les fiches de salaire \u00e9tablies par l\u2019employeur n\u2019est pas de nature \u00e0 \u00e9tablir, \u00e0 elle seule, les affirmations de l\u2019intim\u00e9e.<\/p>\n<p>Dans son attestation, B.) relate qu\u2019en date du 30 juin 2009, A.) l\u2019aurait inform\u00e9 qu\u2019il ne prolongerait pas son cong\u00e9 de maladie au- del\u00e0 du 10 juillet 2009, parce qu\u2019il voulait partir en vacances avec sa famille dans le sud de la France, et qu\u2019il ne pourrait s\u2019y rendre s\u2019il \u00e9tait toujours en cong\u00e9 de maladie. En date du 13 juillet 2009, apr\u00e8s qu\u2019il lui aurait remis sa lettre de licenciement, A.) aurait rang\u00e9 son bureau et ne serait plus revenu. Il serait ensuite parti en vacances.<\/p>\n<p>Cette attestation n\u2019est pas non plus de nature \u00e0 \u00e9tablir que A.) aurait demand\u00e9 cong\u00e9 en date du 30 juin 2009 et qu\u2019il aurait r\u00e9it\u00e9r\u00e9 sa demande apr\u00e8s avoir re\u00e7u sa lettre de licenciement. Puisque A.) \u00e9tait dispens\u00e9 de pr\u00e9avis, il n\u2019avait d\u2019ailleurs aucune raison de demander cong\u00e9 pour cette p\u00e9riode.<\/p>\n<p>L\u2019offre de preuve par audition dudit t\u00e9moin doit quant \u00e0 elle \u00eatre rejet\u00e9e pour d\u00e9faut de pr\u00e9cision et de pertinence, puisque le fait que A.) d\u00e9clare maintenir ses vacances, n\u2019implique pas qu\u2019il ait confirm\u00e9 le cong\u00e9. En effet, vu qu\u2019il \u00e9tait dispens\u00e9 de prester son pr\u00e9avis, il \u00e9tait libre de toute fa\u00e7on de partir en vacances.<\/p>\n<p>Il suit de ce qui pr\u00e9c\u00e8de qu\u2019il n\u2019est pas \u00e9tabli que A.) se trouvait en cong\u00e9 de r\u00e9cr\u00e9ation pendant sa p\u00e9riode de pr\u00e9avis.<\/p>\n<p>Concernant la clause litigieuse, il y a lieu de dire qu\u2019elle est nulle pour contrevenir aux dispositions d\u2019ordre public pr\u00e9vues par l\u2019article L.124-9 du Code du travail, selon lequel jusqu\u2019\u00e0 l\u2019expiration du d\u00e9lai de pr\u00e9avis, la dispense de travail accord\u00e9 au salari\u00e9 ne doit entra\u00eener pour le salari\u00e9 aucune diminution des salaires, indemnit\u00e9s et autres avantages auxquels il aurait pu pr\u00e9tendre s\u2019il avait accompli son travail.<\/p>\n<p>Il s\u2019ensuit que la demande en paiement de l\u2019indemnit\u00e9 de cong\u00e9, non autrement contest\u00e9e quant \u00e0 son montant, est \u00e0 d\u00e9clarer fond\u00e9e \u00e0 concurrence du montant r\u00e9clam\u00e9 de 7.053,81 EUR.<\/p>\n<p>A.) demande encore l\u2019allocation d\u2019une indemnit\u00e9 de proc\u00e9dure de 3.000,- EUR sur base de l\u2019article 240 du Nouveau code de proc\u00e9dure civile, et la SOC1.) demande sur la m\u00eame base le montant de 2.500,- EUR.<\/p>\n<p>5 Les parties n\u2019ayant pas \u00e9tabli en quoi il serait in\u00e9quitable de laisser \u00e0 leur charge l\u2019int\u00e9gralit\u00e9 des frais expos\u00e9 et non compris dans les d\u00e9pens, leurs demandes respectives bas\u00e9es sur l\u2019article 240 du Nouveau code de proc\u00e9dure civile sont \u00e0 abjuger.<\/p>\n<p>PAR CES MOTIFS:<\/p>\n<p>la Cour d\u2019appel, huiti\u00e8me chambre, si\u00e9geant en mati\u00e8re de droit du travail, statuant contradictoirement, sur le rapport du magistrat de la mise en \u00e9tat, vu l\u2019article 227 du Nouveau code de proc\u00e9dure civile,<\/p>\n<p>statuant en continuation de l\u2019arr\u00eat du 13 juillet 2017,<\/p>\n<p>dit l\u2019appel incident non fond\u00e9 en ce qu\u2019il vise la condamnation au paiement du montant de 7.053,81 EUR,<\/p>\n<p>partant confirme le jugement entrepris en ce qu\u2019il a condamn\u00e9 la soci\u00e9t\u00e9 \u00e0 responsabilit\u00e9 limit\u00e9e SOC1.) \u00e0 payer \u00e0 A.) le montant de 7.053,81 EUR avec les int\u00e9r\u00eats l\u00e9gaux \u00e0 partir du 2 novembre 2010, date du d\u00e9p\u00f4t de la requ\u00eate jusqu\u2019\u00e0 solde,<\/p>\n<p>d\u00e9boute les parties de leurs demandes bas\u00e9es sur l\u2019article 240 du Nouveau code de proc\u00e9dure civile,<\/p>\n<p>d\u00e9clare le pr\u00e9sent arr\u00eat commun \u00e0 l\u2019Etat du G rand-Duch\u00e9 de Luxembourg,<\/p>\n<p>condamne la soci\u00e9t\u00e9 \u00e0 responsabilit\u00e9 limit\u00e9e SOC1.) aux frais et d\u00e9pens de l\u2019instance.<\/p>\n<p>La lecture de cet arr\u00eat a \u00e9t\u00e9 faite \u00e0 l\u2019audience publique indiqu\u00e9e ci-dessus par Agn\u00e8s ZAGO, premier conseiller, pr\u00e9sident, en pr\u00e9sence du greffier Alain BERNARD.<\/p>\n<\/div>\n<hr class=\"kji-sep\" \/>\n<p class=\"kji-source-links\"><strong>Sources officielles :<\/strong> <a class=\"kji-source-link\" href=\"https:\/\/data.public.lu\/fr\/datasets\/cour-superieure-de-justice-chambre-8\/\" target=\"_blank\" rel=\"noopener noreferrer\">consulter la page source<\/a> &middot; <a class=\"kji-pdf-link\" href=\"https:\/\/download.data.public.lu\/resources\/cour-superieure-de-justice-chambre-8\/20240827-204848\/20180712-40702a-accessible.pdf\" target=\"_blank\" rel=\"noopener noreferrer\">PDF officiel<\/a><\/p>\n<p class=\"kji-license-note\"><em>Licence CC BY-ND 4.0 (Administration judiciaire, data.public.lu). Republication autorisee avec attribution, sans modification editoriale du texte integral.<\/em><\/p>\n<\/div>\n","protected":false},"excerpt":{"rendered":"<p>Arr\u00eat N\u00b0 104\/18 &#8211; VIII &#8211; Travail Exempt \u2013 appel en mati\u00e8re de droit du travail Audience publique du douze juillet deux mille dix-huit Num\u00e9ro 40702 du r\u00f4le. Composition: Agn\u00e8s ZAGO, premier conseiller, pr\u00e9sident; Jeanne GUILLAUME, premier conseiller; Yola SCHMIT, conseiller; Alain BERNARD, greffier. Entre:\u2026<\/p>\n","protected":false},"featured_media":0,"template":"","meta":{"_crdt_document":""},"kji_country":[8418],"kji_court":[12305],"kji_chamber":[21144],"kji_year":[47917],"kji_subject":[7724],"kji_keyword":[8683,8600,9055,12307,9688],"kji_language":[7733],"class_list":["post-785210","kji_decision","type-kji_decision","status-publish","hentry","kji_country-luxembourg","kji_court-cour-superieure-de-justice","kji_chamber-chambre-8","kji_year-47917","kji_subject-civil","kji_keyword-arret","kji_keyword-juillet","kji_keyword-justice","kji_keyword-superieure","kji_keyword-travail","kji_language-francais"],"yoast_head":"<!-- This site is optimized with the Yoast SEO Premium plugin v27.5 (Yoast SEO v27.5) - https:\/\/yoast.com\/product\/yoast-seo-premium-wordpress\/ -->\n<title>Cour sup\u00e9rieure de justice, 12 juillet 2018, n\u00b0 0712-40702 - Ma\u00eetre Hassan Kohen, avocat en droit p\u00e9nal \u00e0 Paris<\/title>\n<meta name=\"robots\" content=\"index, follow, max-snippet:-1, max-image-preview:large, max-video-preview:-1\" \/>\n<link rel=\"canonical\" href=\"https:\/\/kohenavocats.com\/zh-hans\/jurisprudences\/cour-superieure-de-justice-12-juillet-2018-n-0712-40702\/\" \/>\n<meta property=\"og:locale\" content=\"zh_CN\" \/>\n<meta property=\"og:type\" content=\"article\" \/>\n<meta property=\"og:title\" content=\"Cour sup\u00e9rieure de justice, 12 juillet 2018, n\u00b0 0712-40702\" \/>\n<meta property=\"og:description\" content=\"Arr\u00eat N\u00b0 104\/18 - VIII - Travail Exempt \u2013 appel en mati\u00e8re de droit du travail Audience publique du douze juillet deux mille dix-huit Num\u00e9ro 40702 du r\u00f4le. Composition: Agn\u00e8s ZAGO, premier conseiller, pr\u00e9sident; Jeanne GUILLAUME, premier conseiller; Yola SCHMIT, conseiller; Alain BERNARD, greffier. Entre:\u2026\" \/>\n<meta property=\"og:url\" content=\"https:\/\/kohenavocats.com\/zh-hans\/jurisprudences\/cour-superieure-de-justice-12-juillet-2018-n-0712-40702\/\" \/>\n<meta property=\"og:site_name\" content=\"Ma\u00eetre Hassan Kohen, avocat en droit p\u00e9nal \u00e0 Paris\" \/>\n<meta property=\"article:modified_time\" content=\"2026-04-30T15:57:53+00:00\" \/>\n<meta name=\"twitter:card\" content=\"summary_large_image\" \/>\n<meta name=\"twitter:label1\" content=\"\u9884\u8ba1\u9605\u8bfb\u65f6\u95f4\" \/>\n\t<meta name=\"twitter:data1\" content=\"10 \u5206\" \/>\n<script type=\"application\/ld+json\" class=\"yoast-schema-graph\">{\"@context\":\"https:\\\/\\\/schema.org\",\"@graph\":[{\"@type\":\"WebPage\",\"@id\":\"https:\\\/\\\/kohenavocats.com\\\/zh-hans\\\/jurisprudences\\\/cour-superieure-de-justice-12-juillet-2018-n-0712-40702\\\/\",\"url\":\"https:\\\/\\\/kohenavocats.com\\\/zh-hans\\\/jurisprudences\\\/cour-superieure-de-justice-12-juillet-2018-n-0712-40702\\\/\",\"name\":\"Cour sup\u00e9rieure de justice, 12 juillet 2018, n\u00b0 0712-40702 - Ma\u00eetre Hassan Kohen, avocat en droit p\u00e9nal \u00e0 Paris\",\"isPartOf\":{\"@id\":\"https:\\\/\\\/kohenavocats.com\\\/zh-hans\\\/#website\"},\"datePublished\":\"2026-04-30T15:57:49+00:00\",\"dateModified\":\"2026-04-30T15:57:53+00:00\",\"breadcrumb\":{\"@id\":\"https:\\\/\\\/kohenavocats.com\\\/zh-hans\\\/jurisprudences\\\/cour-superieure-de-justice-12-juillet-2018-n-0712-40702\\\/#breadcrumb\"},\"inLanguage\":\"zh-Hans\",\"potentialAction\":[{\"@type\":\"ReadAction\",\"target\":[\"https:\\\/\\\/kohenavocats.com\\\/zh-hans\\\/jurisprudences\\\/cour-superieure-de-justice-12-juillet-2018-n-0712-40702\\\/\"]}]},{\"@type\":\"BreadcrumbList\",\"@id\":\"https:\\\/\\\/kohenavocats.com\\\/zh-hans\\\/jurisprudences\\\/cour-superieure-de-justice-12-juillet-2018-n-0712-40702\\\/#breadcrumb\",\"itemListElement\":[{\"@type\":\"ListItem\",\"position\":1,\"name\":\"Home\",\"item\":\"https:\\\/\\\/kohenavocats.com\\\/zh-hans\\\/\"},{\"@type\":\"ListItem\",\"position\":2,\"name\":\"Jurisprudences\",\"item\":\"https:\\\/\\\/kohenavocats.com\\\/zh-hans\\\/jurisprudences\\\/\"},{\"@type\":\"ListItem\",\"position\":3,\"name\":\"Cour sup\u00e9rieure de justice, 12 juillet 2018, n\u00b0 0712-40702\"}]},{\"@type\":\"WebSite\",\"@id\":\"https:\\\/\\\/kohenavocats.com\\\/zh-hans\\\/#website\",\"url\":\"https:\\\/\\\/kohenavocats.com\\\/zh-hans\\\/\",\"name\":\"Kohen Avocats\",\"description\":\"Ma\u00eetre Hassan Kohen, avocat p\u00e9naliste \u00e0 Paris, intervient exclusivement en droit p\u00e9nal pour la d\u00e9fense des particuliers, notamment en mati\u00e8re d\u2019accusations de viol. Il assure un accompagnement rigoureux d\u00e8s la garde \u00e0 vue jusqu\u2019\u00e0 la Cour d\u2019assises, veillant au strict respect des garanties proc\u00e9durales.\",\"publisher\":{\"@id\":\"https:\\\/\\\/kohenavocats.com\\\/zh-hans\\\/#organization\"},\"potentialAction\":[{\"@type\":\"SearchAction\",\"target\":{\"@type\":\"EntryPoint\",\"urlTemplate\":\"https:\\\/\\\/kohenavocats.com\\\/zh-hans\\\/?s={search_term_string}\"},\"query-input\":{\"@type\":\"PropertyValueSpecification\",\"valueRequired\":true,\"valueName\":\"search_term_string\"}}],\"inLanguage\":\"zh-Hans\"},{\"@type\":\"Organization\",\"@id\":\"https:\\\/\\\/kohenavocats.com\\\/zh-hans\\\/#organization\",\"name\":\"Kohen Avocats\",\"url\":\"https:\\\/\\\/kohenavocats.com\\\/zh-hans\\\/\",\"logo\":{\"@type\":\"ImageObject\",\"inLanguage\":\"zh-Hans\",\"@id\":\"https:\\\/\\\/kohenavocats.com\\\/zh-hans\\\/#\\\/schema\\\/logo\\\/image\\\/\",\"url\":\"https:\\\/\\\/kohenavocats.com\\\/wp-content\\\/uploads\\\/2026\\\/01\\\/Logo-2-1.webp\",\"contentUrl\":\"https:\\\/\\\/kohenavocats.com\\\/wp-content\\\/uploads\\\/2026\\\/01\\\/Logo-2-1.webp\",\"width\":2114,\"height\":1253,\"caption\":\"Kohen Avocats\"},\"image\":{\"@id\":\"https:\\\/\\\/kohenavocats.com\\\/zh-hans\\\/#\\\/schema\\\/logo\\\/image\\\/\"}}]}<\/script>\n<!-- \/ Yoast SEO Premium plugin. -->","yoast_head_json":{"title":"Cour sup\u00e9rieure de justice, 12 juillet 2018, n\u00b0 0712-40702 - Ma\u00eetre Hassan Kohen, avocat en droit p\u00e9nal \u00e0 Paris","robots":{"index":"index","follow":"follow","max-snippet":"max-snippet:-1","max-image-preview":"max-image-preview:large","max-video-preview":"max-video-preview:-1"},"canonical":"https:\/\/kohenavocats.com\/zh-hans\/jurisprudences\/cour-superieure-de-justice-12-juillet-2018-n-0712-40702\/","og_locale":"zh_CN","og_type":"article","og_title":"Cour sup\u00e9rieure de justice, 12 juillet 2018, n\u00b0 0712-40702","og_description":"Arr\u00eat N\u00b0 104\/18 - VIII - Travail Exempt \u2013 appel en mati\u00e8re de droit du travail Audience publique du douze juillet deux mille dix-huit Num\u00e9ro 40702 du r\u00f4le. Composition: Agn\u00e8s ZAGO, premier conseiller, pr\u00e9sident; Jeanne GUILLAUME, premier conseiller; Yola SCHMIT, conseiller; Alain BERNARD, greffier. Entre:\u2026","og_url":"https:\/\/kohenavocats.com\/zh-hans\/jurisprudences\/cour-superieure-de-justice-12-juillet-2018-n-0712-40702\/","og_site_name":"Ma\u00eetre Hassan Kohen, avocat en droit p\u00e9nal \u00e0 Paris","article_modified_time":"2026-04-30T15:57:53+00:00","twitter_card":"summary_large_image","twitter_misc":{"\u9884\u8ba1\u9605\u8bfb\u65f6\u95f4":"10 \u5206"},"schema":{"@context":"https:\/\/schema.org","@graph":[{"@type":"WebPage","@id":"https:\/\/kohenavocats.com\/zh-hans\/jurisprudences\/cour-superieure-de-justice-12-juillet-2018-n-0712-40702\/","url":"https:\/\/kohenavocats.com\/zh-hans\/jurisprudences\/cour-superieure-de-justice-12-juillet-2018-n-0712-40702\/","name":"Cour sup\u00e9rieure de justice, 12 juillet 2018, n\u00b0 0712-40702 - Ma\u00eetre Hassan Kohen, avocat en droit p\u00e9nal \u00e0 Paris","isPartOf":{"@id":"https:\/\/kohenavocats.com\/zh-hans\/#website"},"datePublished":"2026-04-30T15:57:49+00:00","dateModified":"2026-04-30T15:57:53+00:00","breadcrumb":{"@id":"https:\/\/kohenavocats.com\/zh-hans\/jurisprudences\/cour-superieure-de-justice-12-juillet-2018-n-0712-40702\/#breadcrumb"},"inLanguage":"zh-Hans","potentialAction":[{"@type":"ReadAction","target":["https:\/\/kohenavocats.com\/zh-hans\/jurisprudences\/cour-superieure-de-justice-12-juillet-2018-n-0712-40702\/"]}]},{"@type":"BreadcrumbList","@id":"https:\/\/kohenavocats.com\/zh-hans\/jurisprudences\/cour-superieure-de-justice-12-juillet-2018-n-0712-40702\/#breadcrumb","itemListElement":[{"@type":"ListItem","position":1,"name":"Home","item":"https:\/\/kohenavocats.com\/zh-hans\/"},{"@type":"ListItem","position":2,"name":"Jurisprudences","item":"https:\/\/kohenavocats.com\/zh-hans\/jurisprudences\/"},{"@type":"ListItem","position":3,"name":"Cour sup\u00e9rieure de justice, 12 juillet 2018, n\u00b0 0712-40702"}]},{"@type":"WebSite","@id":"https:\/\/kohenavocats.com\/zh-hans\/#website","url":"https:\/\/kohenavocats.com\/zh-hans\/","name":"Kohen Avocats","description":"Ma\u00eetre Hassan Kohen, avocat p\u00e9naliste \u00e0 Paris, intervient exclusivement en droit p\u00e9nal pour la d\u00e9fense des particuliers, notamment en mati\u00e8re d\u2019accusations de viol. Il assure un accompagnement rigoureux d\u00e8s la garde \u00e0 vue jusqu\u2019\u00e0 la Cour d\u2019assises, veillant au strict respect des garanties proc\u00e9durales.","publisher":{"@id":"https:\/\/kohenavocats.com\/zh-hans\/#organization"},"potentialAction":[{"@type":"SearchAction","target":{"@type":"EntryPoint","urlTemplate":"https:\/\/kohenavocats.com\/zh-hans\/?s={search_term_string}"},"query-input":{"@type":"PropertyValueSpecification","valueRequired":true,"valueName":"search_term_string"}}],"inLanguage":"zh-Hans"},{"@type":"Organization","@id":"https:\/\/kohenavocats.com\/zh-hans\/#organization","name":"Kohen Avocats","url":"https:\/\/kohenavocats.com\/zh-hans\/","logo":{"@type":"ImageObject","inLanguage":"zh-Hans","@id":"https:\/\/kohenavocats.com\/zh-hans\/#\/schema\/logo\/image\/","url":"https:\/\/kohenavocats.com\/wp-content\/uploads\/2026\/01\/Logo-2-1.webp","contentUrl":"https:\/\/kohenavocats.com\/wp-content\/uploads\/2026\/01\/Logo-2-1.webp","width":2114,"height":1253,"caption":"Kohen Avocats"},"image":{"@id":"https:\/\/kohenavocats.com\/zh-hans\/#\/schema\/logo\/image\/"}}]}},"jetpack_likes_enabled":false,"jetpack_sharing_enabled":true,"_links":{"self":[{"href":"https:\/\/kohenavocats.com\/zh-hans\/wp-json\/wp\/v2\/kji_decision\/785210","targetHints":{"allow":["GET"]}}],"collection":[{"href":"https:\/\/kohenavocats.com\/zh-hans\/wp-json\/wp\/v2\/kji_decision"}],"about":[{"href":"https:\/\/kohenavocats.com\/zh-hans\/wp-json\/wp\/v2\/types\/kji_decision"}],"wp:attachment":[{"href":"https:\/\/kohenavocats.com\/zh-hans\/wp-json\/wp\/v2\/media?parent=785210"}],"wp:term":[{"taxonomy":"kji_country","embeddable":true,"href":"https:\/\/kohenavocats.com\/zh-hans\/wp-json\/wp\/v2\/kji_country?post=785210"},{"taxonomy":"kji_court","embeddable":true,"href":"https:\/\/kohenavocats.com\/zh-hans\/wp-json\/wp\/v2\/kji_court?post=785210"},{"taxonomy":"kji_chamber","embeddable":true,"href":"https:\/\/kohenavocats.com\/zh-hans\/wp-json\/wp\/v2\/kji_chamber?post=785210"},{"taxonomy":"kji_year","embeddable":true,"href":"https:\/\/kohenavocats.com\/zh-hans\/wp-json\/wp\/v2\/kji_year?post=785210"},{"taxonomy":"kji_subject","embeddable":true,"href":"https:\/\/kohenavocats.com\/zh-hans\/wp-json\/wp\/v2\/kji_subject?post=785210"},{"taxonomy":"kji_keyword","embeddable":true,"href":"https:\/\/kohenavocats.com\/zh-hans\/wp-json\/wp\/v2\/kji_keyword?post=785210"},{"taxonomy":"kji_language","embeddable":true,"href":"https:\/\/kohenavocats.com\/zh-hans\/wp-json\/wp\/v2\/kji_language?post=785210"}],"curies":[{"name":"wp","href":"https:\/\/api.w.org\/{rel}","templated":true}]}}